{"id":4703,"date":"2026-03-02T20:07:59","date_gmt":"2026-03-02T23:07:59","guid":{"rendered":"https:\/\/bibliotecajuridicavirtual.cl\/?page_id=4703"},"modified":"2026-03-03T11:12:43","modified_gmt":"2026-03-03T14:12:43","slug":"filosofia-y-formacion-juridica","status":"publish","type":"page","link":"https:\/\/bibliotecajuridicavirtual.cl\/index.php\/filosofia-y-formacion-juridica\/","title":{"rendered":"Filosof\u00eda y Formaci\u00f3n Jur\u00eddica"},"content":{"rendered":"\t\t<div data-elementor-type=\"wp-page\" data-elementor-id=\"4703\" class=\"elementor elementor-4703\" data-elementor-post-type=\"page\">\n\t\t\t\t<div class=\"elementor-element elementor-element-1908069 e-flex e-con-boxed wpr-particle-no wpr-jarallax-no wpr-parallax-no wpr-sticky-section-no wpr-equal-height-no e-con e-parent\" data-id=\"1908069\" data-element_type=\"container\" data-e-type=\"container\" data-settings=\"{&quot;background_background&quot;:&quot;classic&quot;}\">\n\t\t\t\t\t<div class=\"e-con-inner\">\n\t\t<div class=\"elementor-element elementor-element-a294629 e-con-full e-flex wpr-particle-no wpr-jarallax-no wpr-parallax-no wpr-sticky-section-no wpr-equal-height-no e-con e-child\" data-id=\"a294629\" data-element_type=\"container\" data-e-type=\"container\">\n\t\t\t\t<div class=\"elementor-element elementor-element-f6394a9 elementor-widget elementor-widget-heading\" data-id=\"f6394a9\" data-element_type=\"widget\" data-e-type=\"widget\" data-widget_type=\"heading.default\">\n\t\t\t\t<div class=\"elementor-widget-container\">\n\t\t\t\t\t<h1 class=\"elementor-heading-title elementor-size-default\">Filosof\u00eda y Formaci\u00f3n Jur\u00eddica<\/h1>\t\t\t\t<\/div>\n\t\t\t\t<\/div>\n\t\t\t\t<\/div>\n\t\t\t\t\t<\/div>\n\t\t\t\t<\/div>\n\t\t<div class=\"elementor-element elementor-element-2320a67 e-flex e-con-boxed wpr-particle-no wpr-jarallax-no wpr-parallax-no wpr-sticky-section-no wpr-equal-height-no e-con e-parent\" data-id=\"2320a67\" data-element_type=\"container\" data-e-type=\"container\">\n\t\t\t\t\t<div class=\"e-con-inner\">\n\t\t\t\t<div class=\"elementor-element elementor-element-80f9bc6 elementor-product-loop-item--align-center elementor-grid-4 elementor-grid-tablet-3 elementor-grid-mobile-2 elementor-products-grid elementor-wc-products elementor-show-pagination-border-yes elementor-widget elementor-widget-woocommerce-products\" data-id=\"80f9bc6\" data-element_type=\"widget\" data-e-type=\"widget\" data-widget_type=\"woocommerce-products.default\">\n\t\t\t\t<div class=\"elementor-widget-container\">\n\t\t\t\t\t<div class=\"woocommerce columns-4 \"><div class=\"woocommerce-notices-wrapper\"><\/div><ul class=\"products elementor-grid columns-4\">\n<li class=\"product type-product post-4483 status-publish first instock product_cat-filosofia-del-derecho-y-introduccion has-post-thumbnail shipping-taxable purchasable product-type-simple\">\n\t<a href=\"https:\/\/bibliotecajuridicavirtual.cl\/index.php\/product\/historia-conceptual-y-politizacion-de-una-teoria-ano-2022-456-pag-autor-gonzalo-bustamante-k-y-carolina-bruna-castro\/\" class=\"woocommerce-LoopProduct-link woocommerce-loop-product__link\"><img fetchpriority=\"high\" decoding=\"async\" width=\"300\" height=\"427\" src=\"https:\/\/bibliotecajuridicavirtual.cl\/wp-content\/uploads\/2026\/02\/HISTORIAS-CONCEPTUAL-Y-POLITIZACION-DE-UNA-TEORIA-300x427.png\" class=\"attachment-woocommerce_thumbnail size-woocommerce_thumbnail\" alt=\"Historia Conceptual y Politizaci\u00f3n de una teor\u00eda. A\u00f1o 2022\/456 P\u00e1g. Autor Gonzalo Bustamante K. y Carolina Bruna Castro\" srcset=\"https:\/\/bibliotecajuridicavirtual.cl\/wp-content\/uploads\/2026\/02\/HISTORIAS-CONCEPTUAL-Y-POLITIZACION-DE-UNA-TEORIA-300x427.png 300w, https:\/\/bibliotecajuridicavirtual.cl\/wp-content\/uploads\/2026\/02\/HISTORIAS-CONCEPTUAL-Y-POLITIZACION-DE-UNA-TEORIA-64x91.png 64w, https:\/\/bibliotecajuridicavirtual.cl\/wp-content\/uploads\/2026\/02\/HISTORIAS-CONCEPTUAL-Y-POLITIZACION-DE-UNA-TEORIA-211x300.png 211w, https:\/\/bibliotecajuridicavirtual.cl\/wp-content\/uploads\/2026\/02\/HISTORIAS-CONCEPTUAL-Y-POLITIZACION-DE-UNA-TEORIA.png 471w\" sizes=\"(max-width: 300px) 100vw, 300px\" \/><h2 class=\"woocommerce-loop-product__title\">Historia Conceptual y Politizaci\u00f3n de una teor\u00eda. A\u00f1o 2022\/456 P\u00e1g. Autor Gonzalo Bustamante K. y Carolina Bruna Castro<\/h2>\n\t<span class=\"price\"><span class=\"woocommerce-Price-amount amount\"><bdi><span class=\"woocommerce-Price-currencySymbol\">&#36;<\/span>47.990<\/bdi><\/span><\/span>\n<\/a><a href=\"\/index.php\/wp-json\/wp\/v2\/pages\/4703?add-to-cart=4483\" aria-describedby=\"woocommerce_loop_add_to_cart_link_describedby_4483\" data-quantity=\"1\" class=\"button product_type_simple add_to_cart_button ajax_add_to_cart\" data-product_id=\"4483\" data-product_sku=\"9788418614569\" aria-label=\"Agregar al carrito: &ldquo;Historia Conceptual y Politizaci\u00f3n de una teor\u00eda. A\u00f1o 2022\/456 P\u00e1g. Autor Gonzalo Bustamante K. y Carolina Bruna Castro&rdquo;\" rel=\"nofollow\" data-success_message=\"&ldquo;Historia Conceptual y Politizaci\u00f3n de una teor\u00eda. A\u00f1o 2022\/456 P\u00e1g. Autor Gonzalo Bustamante K. y Carolina Bruna Castro&rdquo; se ha a\u00f1adido a tu carro\" role=\"button\">Agregar al carrito<\/a>\t<span id=\"woocommerce_loop_add_to_cart_link_describedby_4483\" class=\"screen-reader-text\">\n\t\t\t<\/span>\n<\/li>\n<li class=\"product type-product post-4429 status-publish instock product_cat-filosofia-del-derecho-y-introduccion has-post-thumbnail shipping-taxable purchasable product-type-simple\">\n\t<a href=\"https:\/\/bibliotecajuridicavirtual.cl\/index.php\/product\/la-no-ciudadania-sobre-la-exclusion-legal-y-real-de-las-personas-en-el-sistema-carcelario-ano-2023-288-pag-autor-jorg-alfred-stippel-y-paula-medina-gonzalez\/\" class=\"woocommerce-LoopProduct-link woocommerce-loop-product__link\"><img decoding=\"async\" width=\"300\" height=\"429\" src=\"https:\/\/bibliotecajuridicavirtual.cl\/wp-content\/uploads\/2026\/02\/LA-NO-CIUDADANIA-SOBRE-LA-EXCLUSION-V-300x429.png\" class=\"attachment-woocommerce_thumbnail size-woocommerce_thumbnail\" alt=\"La No Ciudadan\u00eda. Sobre la Exclusi\u00f3n Legal y Real de las Personas en el Sistema Carcelario. A\u00f1o 2023\/ 288 P\u00e1g. Autor  J\u00f6rg Alfred Stippel y Paula Medina Gonz\u00e1lez.\" srcset=\"https:\/\/bibliotecajuridicavirtual.cl\/wp-content\/uploads\/2026\/02\/LA-NO-CIUDADANIA-SOBRE-LA-EXCLUSION-V-300x429.png 300w, https:\/\/bibliotecajuridicavirtual.cl\/wp-content\/uploads\/2026\/02\/LA-NO-CIUDADANIA-SOBRE-LA-EXCLUSION-V-64x92.png 64w, https:\/\/bibliotecajuridicavirtual.cl\/wp-content\/uploads\/2026\/02\/LA-NO-CIUDADANIA-SOBRE-LA-EXCLUSION-V-210x300.png 210w, https:\/\/bibliotecajuridicavirtual.cl\/wp-content\/uploads\/2026\/02\/LA-NO-CIUDADANIA-SOBRE-LA-EXCLUSION-V.png 469w\" sizes=\"(max-width: 300px) 100vw, 300px\" \/><h2 class=\"woocommerce-loop-product__title\">La No Ciudadan\u00eda. Sobre la Exclusi\u00f3n Legal y Real de las Personas en el Sistema Carcelario. A\u00f1o 2023\/ 288 P\u00e1g. Autor  J\u00f6rg Alfred Stippel y Paula Medina Gonz\u00e1lez.<\/h2>\n\t<span class=\"price\"><span class=\"woocommerce-Price-amount amount\"><bdi><span class=\"woocommerce-Price-currencySymbol\">&#36;<\/span>30.990<\/bdi><\/span><\/span>\n<\/a><a href=\"\/index.php\/wp-json\/wp\/v2\/pages\/4703?add-to-cart=4429\" aria-describedby=\"woocommerce_loop_add_to_cart_link_describedby_4429\" data-quantity=\"1\" class=\"button product_type_simple add_to_cart_button ajax_add_to_cart\" data-product_id=\"4429\" data-product_sku=\"9788419588661\" aria-label=\"Agregar al carrito: &ldquo;La No Ciudadan\u00eda. Sobre la Exclusi\u00f3n Legal y Real de las Personas en el Sistema Carcelario. A\u00f1o 2023\/ 288 P\u00e1g. Autor  J\u00f6rg Alfred Stippel y Paula Medina Gonz\u00e1lez.&rdquo;\" rel=\"nofollow\" data-success_message=\"&ldquo;La No Ciudadan\u00eda. Sobre la Exclusi\u00f3n Legal y Real de las Personas en el Sistema Carcelario. A\u00f1o 2023\/ 288 P\u00e1g. Autor  J\u00f6rg Alfred Stippel y Paula Medina Gonz\u00e1lez.&rdquo; se ha a\u00f1adido a tu carro\" role=\"button\">Agregar al carrito<\/a>\t<span id=\"woocommerce_loop_add_to_cart_link_describedby_4429\" class=\"screen-reader-text\">\n\t\t\t<\/span>\n<\/li>\n<li class=\"product type-product post-4421 status-publish instock product_cat-filosofia-del-derecho-y-introduccion has-post-thumbnail shipping-taxable purchasable product-type-simple\">\n\t<a href=\"https:\/\/bibliotecajuridicavirtual.cl\/index.php\/product\/verdad-practica-en-defensa-de-la-etica-clasica-ano-2023-422-pag-autor-carlos-a-casanova\/\" class=\"woocommerce-LoopProduct-link woocommerce-loop-product__link\"><img decoding=\"async\" width=\"300\" height=\"429\" src=\"https:\/\/bibliotecajuridicavirtual.cl\/wp-content\/uploads\/2026\/02\/VERDAD-PRACTICA-EN-DEFENSA-DE-LA-ETICA-CLASICA-300x429.png\" class=\"attachment-woocommerce_thumbnail size-woocommerce_thumbnail\" alt=\"Verdad Pr\u00e1ctica- En Defensa de la \u00c9tica Cl\u00e1sica. A\u00f1o 2023\/ 422 P\u00e1g. Autor Carlos A. Casanova\" srcset=\"https:\/\/bibliotecajuridicavirtual.cl\/wp-content\/uploads\/2026\/02\/VERDAD-PRACTICA-EN-DEFENSA-DE-LA-ETICA-CLASICA-300x429.png 300w, https:\/\/bibliotecajuridicavirtual.cl\/wp-content\/uploads\/2026\/02\/VERDAD-PRACTICA-EN-DEFENSA-DE-LA-ETICA-CLASICA-64x92.png 64w, https:\/\/bibliotecajuridicavirtual.cl\/wp-content\/uploads\/2026\/02\/VERDAD-PRACTICA-EN-DEFENSA-DE-LA-ETICA-CLASICA-210x300.png 210w, https:\/\/bibliotecajuridicavirtual.cl\/wp-content\/uploads\/2026\/02\/VERDAD-PRACTICA-EN-DEFENSA-DE-LA-ETICA-CLASICA.png 307w\" sizes=\"(max-width: 300px) 100vw, 300px\" \/><h2 class=\"woocommerce-loop-product__title\">Verdad Pr\u00e1ctica- En Defensa de la \u00c9tica Cl\u00e1sica. A\u00f1o 2023\/ 422 P\u00e1g. Autor Carlos A. Casanova<\/h2>\n\t<span class=\"price\"><span class=\"woocommerce-Price-amount amount\"><bdi><span class=\"woocommerce-Price-currencySymbol\">&#36;<\/span>29.700<\/bdi><\/span><\/span>\n<\/a><a href=\"\/index.php\/wp-json\/wp\/v2\/pages\/4703?add-to-cart=4421\" aria-describedby=\"woocommerce_loop_add_to_cart_link_describedby_4421\" data-quantity=\"1\" class=\"button product_type_simple add_to_cart_button ajax_add_to_cart\" data-product_id=\"4421\" data-product_sku=\"978 9561430785\" aria-label=\"Agregar al carrito: &ldquo;Verdad Pr\u00e1ctica- En Defensa de la \u00c9tica Cl\u00e1sica. A\u00f1o 2023\/ 422 P\u00e1g. Autor Carlos A. Casanova&rdquo;\" rel=\"nofollow\" data-success_message=\"&ldquo;Verdad Pr\u00e1ctica- En Defensa de la \u00c9tica Cl\u00e1sica. A\u00f1o 2023\/ 422 P\u00e1g. Autor Carlos A. Casanova&rdquo; se ha a\u00f1adido a tu carro\" role=\"button\">Agregar al carrito<\/a>\t<span id=\"woocommerce_loop_add_to_cart_link_describedby_4421\" class=\"screen-reader-text\">\n\t\t\t<\/span>\n<\/li>\n<li class=\"product type-product post-4415 status-publish last instock product_cat-ediciones-juridica-de-santiago product_cat-filosofia-del-derecho-y-introduccion has-post-thumbnail shipping-taxable purchasable product-type-simple\">\n\t<a href=\"https:\/\/bibliotecajuridicavirtual.cl\/index.php\/product\/etica-profesional-del-abogado-fundamentos-y-normas-ano-2023-240-pag-autor-jaime-williams-benavente\/\" class=\"woocommerce-LoopProduct-link woocommerce-loop-product__link\"><img loading=\"lazy\" decoding=\"async\" width=\"300\" height=\"446\" src=\"https:\/\/bibliotecajuridicavirtual.cl\/wp-content\/uploads\/2026\/02\/ETICA-PROFESIONAL-DEL-ABOGADO-FUNDAMENTOS-Y-NORMAS-300x446.png\" class=\"attachment-woocommerce_thumbnail size-woocommerce_thumbnail\" alt=\"\u00c9tica Profesional del Abogado - Fundamentos y Normas. A\u00f1o 2023\/ 240 P\u00e1g. Autor  Jaime Williams Benavente\" srcset=\"https:\/\/bibliotecajuridicavirtual.cl\/wp-content\/uploads\/2026\/02\/ETICA-PROFESIONAL-DEL-ABOGADO-FUNDAMENTOS-Y-NORMAS-300x446.png 300w, https:\/\/bibliotecajuridicavirtual.cl\/wp-content\/uploads\/2026\/02\/ETICA-PROFESIONAL-DEL-ABOGADO-FUNDAMENTOS-Y-NORMAS-64x95.png 64w, https:\/\/bibliotecajuridicavirtual.cl\/wp-content\/uploads\/2026\/02\/ETICA-PROFESIONAL-DEL-ABOGADO-FUNDAMENTOS-Y-NORMAS-202x300.png 202w, https:\/\/bibliotecajuridicavirtual.cl\/wp-content\/uploads\/2026\/02\/ETICA-PROFESIONAL-DEL-ABOGADO-FUNDAMENTOS-Y-NORMAS.png 373w\" sizes=\"(max-width: 300px) 100vw, 300px\" \/><h2 class=\"woocommerce-loop-product__title\">\u00c9tica Profesional del Abogado &#8211; Fundamentos y Normas. A\u00f1o 2023\/ 240 P\u00e1g. Autor  Jaime Williams Benavente<\/h2>\n\t<span class=\"price\"><span class=\"woocommerce-Price-amount amount\"><bdi><span class=\"woocommerce-Price-currencySymbol\">&#36;<\/span>29.700<\/bdi><\/span><\/span>\n<\/a><a href=\"\/index.php\/wp-json\/wp\/v2\/pages\/4703?add-to-cart=4415\" aria-describedby=\"woocommerce_loop_add_to_cart_link_describedby_4415\" data-quantity=\"1\" class=\"button product_type_simple add_to_cart_button ajax_add_to_cart\" data-product_id=\"4415\" data-product_sku=\"9789566178576\" aria-label=\"Agregar al carrito: &ldquo;\u00c9tica Profesional del Abogado - Fundamentos y Normas. A\u00f1o 2023\/ 240 P\u00e1g. Autor  Jaime Williams Benavente&rdquo;\" rel=\"nofollow\" data-success_message=\"&ldquo;\u00c9tica Profesional del Abogado - Fundamentos y Normas. A\u00f1o 2023\/ 240 P\u00e1g. Autor  Jaime Williams Benavente&rdquo; se ha a\u00f1adido a tu carro\" role=\"button\">Agregar al carrito<\/a>\t<span id=\"woocommerce_loop_add_to_cart_link_describedby_4415\" class=\"screen-reader-text\">\n\t\t\t<\/span>\n<\/li>\n<li class=\"product type-product post-4368 status-publish first instock product_cat-filosofia-del-derecho-y-introduccion product_cat-penal has-post-thumbnail shipping-taxable purchasable product-type-simple\">\n\t<a href=\"https:\/\/bibliotecajuridicavirtual.cl\/index.php\/product\/de-la-guerra-a-los-tribunales-de-drogas-politica-criminal-e-imposicion-de-regimenes-hegemonicos-ano-2023-144-pag-autor-silvio-cuneo-nash-maria-jose-fernandez-paula-medina-y-nicolas-oxman\/\" class=\"woocommerce-LoopProduct-link woocommerce-loop-product__link\"><img loading=\"lazy\" decoding=\"async\" width=\"300\" height=\"431\" src=\"https:\/\/bibliotecajuridicavirtual.cl\/wp-content\/uploads\/2026\/02\/DE-LA-GUERRA-A-LOS-TRIBUNALES-DE-DROGAS-1-300x431.png\" class=\"attachment-woocommerce_thumbnail size-woocommerce_thumbnail\" alt=\"De la Guerra a los Tribunales de Drogas: Pol\u00edtica Criminal e Imposici\u00f3n de Reg\u00edmenes Hegem\u00f3nicos. A\u00f1o 2023\/144 P\u00e1g. Autor  Silvio Cuneo Nash, Mar\u00eda Jos\u00e9 Fern\u00e1ndez, Paula Medina y Nicol\u00e1s Oxman.\" srcset=\"https:\/\/bibliotecajuridicavirtual.cl\/wp-content\/uploads\/2026\/02\/DE-LA-GUERRA-A-LOS-TRIBUNALES-DE-DROGAS-1-300x431.png 300w, https:\/\/bibliotecajuridicavirtual.cl\/wp-content\/uploads\/2026\/02\/DE-LA-GUERRA-A-LOS-TRIBUNALES-DE-DROGAS-1-64x92.png 64w, https:\/\/bibliotecajuridicavirtual.cl\/wp-content\/uploads\/2026\/02\/DE-LA-GUERRA-A-LOS-TRIBUNALES-DE-DROGAS-1-209x300.png 209w, https:\/\/bibliotecajuridicavirtual.cl\/wp-content\/uploads\/2026\/02\/DE-LA-GUERRA-A-LOS-TRIBUNALES-DE-DROGAS-1.png 460w\" sizes=\"(max-width: 300px) 100vw, 300px\" \/><h2 class=\"woocommerce-loop-product__title\">De la Guerra a los Tribunales de Drogas: Pol\u00edtica Criminal e Imposici\u00f3n de Reg\u00edmenes Hegem\u00f3nicos. A\u00f1o 2023\/144 P\u00e1g. Autor  Silvio Cuneo Nash, Mar\u00eda Jos\u00e9 Fern\u00e1ndez, Paula Medina y Nicol\u00e1s Oxman.<\/h2>\n\t<span class=\"price\"><span class=\"woocommerce-Price-amount amount\"><bdi><span class=\"woocommerce-Price-currencySymbol\">&#36;<\/span>22.990<\/bdi><\/span><\/span>\n<\/a><a href=\"\/index.php\/wp-json\/wp\/v2\/pages\/4703?add-to-cart=4368\" aria-describedby=\"woocommerce_loop_add_to_cart_link_describedby_4368\" data-quantity=\"1\" class=\"button product_type_simple add_to_cart_button ajax_add_to_cart\" data-product_id=\"4368\" data-product_sku=\"9788419376961\" aria-label=\"Agregar al carrito: &ldquo;De la Guerra a los Tribunales de Drogas: Pol\u00edtica Criminal e Imposici\u00f3n de Reg\u00edmenes Hegem\u00f3nicos. A\u00f1o 2023\/144 P\u00e1g. Autor  Silvio Cuneo Nash, Mar\u00eda Jos\u00e9 Fern\u00e1ndez, Paula Medina y Nicol\u00e1s Oxman.&rdquo;\" rel=\"nofollow\" data-success_message=\"&ldquo;De la Guerra a los Tribunales de Drogas: Pol\u00edtica Criminal e Imposici\u00f3n de Reg\u00edmenes Hegem\u00f3nicos. A\u00f1o 2023\/144 P\u00e1g. Autor  Silvio Cuneo Nash, Mar\u00eda Jos\u00e9 Fern\u00e1ndez, Paula Medina y Nicol\u00e1s Oxman.&rdquo; se ha a\u00f1adido a tu carro\" role=\"button\">Agregar al carrito<\/a>\t<span id=\"woocommerce_loop_add_to_cart_link_describedby_4368\" class=\"screen-reader-text\">\n\t\t\t<\/span>\n<\/li>\n<li class=\"product type-product post-4360 status-publish instock product_cat-civil product_cat-filosofia-del-derecho-y-introduccion has-post-thumbnail purchasable product-type-simple\">\n\t<a href=\"https:\/\/bibliotecajuridicavirtual.cl\/index.php\/product\/estudios-sobre-ensenanza-clinica-del-derecho-actas-primeras-jornadas-nacionales-de-ensenanza-clinica-del-derecho-ano-2022-456-pag-autor-cristian-lepin-molina\/\" class=\"woocommerce-LoopProduct-link woocommerce-loop-product__link\"><img loading=\"lazy\" decoding=\"async\" width=\"300\" height=\"412\" src=\"https:\/\/bibliotecajuridicavirtual.cl\/wp-content\/uploads\/2026\/02\/ESTUDIOS-SOBRE-ENSENANZA-CLINICA-300x412.png\" class=\"attachment-woocommerce_thumbnail size-woocommerce_thumbnail\" alt=\"Estudios Sobre Ense\u00f1anza Cl\u00ednica del Derecho. Actas Primeras Jornadas Nacionales de Ense\u00f1anza Cl\u00ednica del Derecho. A\u00f1o 2022\/456 P\u00e1g. Autor  Cristi\u00e1n Lepin Molina\" srcset=\"https:\/\/bibliotecajuridicavirtual.cl\/wp-content\/uploads\/2026\/02\/ESTUDIOS-SOBRE-ENSENANZA-CLINICA-300x412.png 300w, https:\/\/bibliotecajuridicavirtual.cl\/wp-content\/uploads\/2026\/02\/ESTUDIOS-SOBRE-ENSENANZA-CLINICA-64x88.png 64w, https:\/\/bibliotecajuridicavirtual.cl\/wp-content\/uploads\/2026\/02\/ESTUDIOS-SOBRE-ENSENANZA-CLINICA-218x300.png 218w, https:\/\/bibliotecajuridicavirtual.cl\/wp-content\/uploads\/2026\/02\/ESTUDIOS-SOBRE-ENSENANZA-CLINICA.png 487w\" sizes=\"(max-width: 300px) 100vw, 300px\" \/><h2 class=\"woocommerce-loop-product__title\">Estudios Sobre Ense\u00f1anza Cl\u00ednica del Derecho. Actas Primeras Jornadas Nacionales de Ense\u00f1anza Cl\u00ednica del Derecho. A\u00f1o 2022\/456 P\u00e1g. Autor  Cristi\u00e1n Lepin Molina<\/h2>\n\t<span class=\"price\"><span class=\"woocommerce-Price-amount amount\"><bdi><span class=\"woocommerce-Price-currencySymbol\">&#36;<\/span>45.990<\/bdi><\/span><\/span>\n<\/a><a href=\"\/index.php\/wp-json\/wp\/v2\/pages\/4703?add-to-cart=4360\" aria-describedby=\"woocommerce_loop_add_to_cart_link_describedby_4360\" data-quantity=\"1\" class=\"button product_type_simple add_to_cart_button ajax_add_to_cart\" data-product_id=\"4360\" data-product_sku=\"9788411135429\" aria-label=\"Agregar al carrito: &ldquo;Estudios Sobre Ense\u00f1anza Cl\u00ednica del Derecho. Actas Primeras Jornadas Nacionales de Ense\u00f1anza Cl\u00ednica del Derecho. A\u00f1o 2022\/456 P\u00e1g. Autor  Cristi\u00e1n Lepin Molina&rdquo;\" rel=\"nofollow\" data-success_message=\"&ldquo;Estudios Sobre Ense\u00f1anza Cl\u00ednica del Derecho. Actas Primeras Jornadas Nacionales de Ense\u00f1anza Cl\u00ednica del Derecho. A\u00f1o 2022\/456 P\u00e1g. Autor  Cristi\u00e1n Lepin Molina&rdquo; se ha a\u00f1adido a tu carro\" role=\"button\">Agregar al carrito<\/a>\t<span id=\"woocommerce_loop_add_to_cart_link_describedby_4360\" class=\"screen-reader-text\">\n\t\t\t<\/span>\n<\/li>\n<li class=\"product type-product post-4284 status-publish instock product_cat-filosofia-del-derecho-y-introduccion has-post-thumbnail shipping-taxable purchasable product-type-simple\">\n\t<a href=\"https:\/\/bibliotecajuridicavirtual.cl\/index.php\/product\/a-cincuenta-anos-de-una-teoria-de-la-justicia-estudios-en-homenaje-a-john-rawls-ano-2023-232-pag-autor-pablo-aguayo-y-luis-villavicencio\/\" class=\"woocommerce-LoopProduct-link woocommerce-loop-product__link\"><img loading=\"lazy\" decoding=\"async\" width=\"300\" height=\"427\" src=\"https:\/\/bibliotecajuridicavirtual.cl\/wp-content\/uploads\/2026\/02\/A-CINCUENTA-ANOS-DE-UNA-TEORIA-300x427.png\" class=\"attachment-woocommerce_thumbnail size-woocommerce_thumbnail\" alt=\"A cincuenta a\u00f1os de Una Teor\u00eda de la Justicia. Estudios en homenaje a John Rawls. A\u00f1o 2023\/232 P\u00e1g. Autor Pablo Aguayo y Luis Villavicencio\" srcset=\"https:\/\/bibliotecajuridicavirtual.cl\/wp-content\/uploads\/2026\/02\/A-CINCUENTA-ANOS-DE-UNA-TEORIA-300x427.png 300w, https:\/\/bibliotecajuridicavirtual.cl\/wp-content\/uploads\/2026\/02\/A-CINCUENTA-ANOS-DE-UNA-TEORIA-64x91.png 64w, https:\/\/bibliotecajuridicavirtual.cl\/wp-content\/uploads\/2026\/02\/A-CINCUENTA-ANOS-DE-UNA-TEORIA-211x300.png 211w, https:\/\/bibliotecajuridicavirtual.cl\/wp-content\/uploads\/2026\/02\/A-CINCUENTA-ANOS-DE-UNA-TEORIA.png 469w\" sizes=\"(max-width: 300px) 100vw, 300px\" \/><h2 class=\"woocommerce-loop-product__title\">A cincuenta a\u00f1os de Una Teor\u00eda de la Justicia. Estudios en homenaje a John Rawls. A\u00f1o 2023\/232 P\u00e1g. Autor Pablo Aguayo y Luis Villavicencio<\/h2>\n\t<span class=\"price\"><span class=\"woocommerce-Price-amount amount\"><bdi><span class=\"woocommerce-Price-currencySymbol\">&#36;<\/span>25.990<\/bdi><\/span><\/span>\n<\/a><a href=\"\/index.php\/wp-json\/wp\/v2\/pages\/4703?add-to-cart=4284\" aria-describedby=\"woocommerce_loop_add_to_cart_link_describedby_4284\" data-quantity=\"1\" class=\"button product_type_simple add_to_cart_button ajax_add_to_cart\" data-product_id=\"4284\" data-product_sku=\"9788411690386\" aria-label=\"Agregar al carrito: &ldquo;A cincuenta a\u00f1os de Una Teor\u00eda de la Justicia. Estudios en homenaje a John Rawls. A\u00f1o 2023\/232 P\u00e1g. Autor Pablo Aguayo y Luis Villavicencio&rdquo;\" rel=\"nofollow\" data-success_message=\"&ldquo;A cincuenta a\u00f1os de Una Teor\u00eda de la Justicia. Estudios en homenaje a John Rawls. A\u00f1o 2023\/232 P\u00e1g. Autor Pablo Aguayo y Luis Villavicencio&rdquo; se ha a\u00f1adido a tu carro\" role=\"button\">Agregar al carrito<\/a>\t<span id=\"woocommerce_loop_add_to_cart_link_describedby_4284\" class=\"screen-reader-text\">\n\t\t\t<\/span>\n<\/li>\n<li class=\"product type-product post-4274 status-publish last instock product_cat-editorial-rubicon product_cat-filosofia-del-derecho-y-introduccion has-post-thumbnail shipping-taxable purchasable product-type-simple\">\n\t<a href=\"https:\/\/bibliotecajuridicavirtual.cl\/index.php\/product\/del-caos-al-imperio-del-derecho-ano-2018-276-pag-autor-emilia-jocelyn-holt\/\" class=\"woocommerce-LoopProduct-link woocommerce-loop-product__link\"><img loading=\"lazy\" decoding=\"async\" width=\"300\" height=\"142\" src=\"https:\/\/bibliotecajuridicavirtual.cl\/wp-content\/uploads\/2026\/02\/DEL-CAOS-AL-IMPERIO-DEL-CAOS-300x142.png\" class=\"attachment-woocommerce_thumbnail size-woocommerce_thumbnail\" alt=\"Del Caos al Imperio del Derecho. A\u00f1o 2018\/276 P\u00e1g. Autor Emilia Jocelyn-Holt\" srcset=\"https:\/\/bibliotecajuridicavirtual.cl\/wp-content\/uploads\/2026\/02\/DEL-CAOS-AL-IMPERIO-DEL-CAOS-300x142.png 300w, https:\/\/bibliotecajuridicavirtual.cl\/wp-content\/uploads\/2026\/02\/DEL-CAOS-AL-IMPERIO-DEL-CAOS-600x283.png 600w, https:\/\/bibliotecajuridicavirtual.cl\/wp-content\/uploads\/2026\/02\/DEL-CAOS-AL-IMPERIO-DEL-CAOS-64x30.png 64w, https:\/\/bibliotecajuridicavirtual.cl\/wp-content\/uploads\/2026\/02\/DEL-CAOS-AL-IMPERIO-DEL-CAOS-768x363.png 768w, https:\/\/bibliotecajuridicavirtual.cl\/wp-content\/uploads\/2026\/02\/DEL-CAOS-AL-IMPERIO-DEL-CAOS.png 779w\" sizes=\"(max-width: 300px) 100vw, 300px\" \/><h2 class=\"woocommerce-loop-product__title\">Del Caos al Imperio del Derecho. A\u00f1o 2018\/276 P\u00e1g. Autor Emilia Jocelyn-Holt<\/h2>\n\t<span class=\"price\"><span class=\"woocommerce-Price-amount amount\"><bdi><span class=\"woocommerce-Price-currencySymbol\">&#36;<\/span>25.000<\/bdi><\/span><\/span>\n<\/a><a href=\"\/index.php\/wp-json\/wp\/v2\/pages\/4703?add-to-cart=4274\" aria-describedby=\"woocommerce_loop_add_to_cart_link_describedby_4274\" data-quantity=\"1\" class=\"button product_type_simple add_to_cart_button ajax_add_to_cart\" data-product_id=\"4274\" data-product_sku=\"9789569947094\" aria-label=\"Agregar al carrito: &ldquo;Del Caos al Imperio del Derecho. A\u00f1o 2018\/276 P\u00e1g. Autor Emilia Jocelyn-Holt&rdquo;\" rel=\"nofollow\" data-success_message=\"&ldquo;Del Caos al Imperio del Derecho. A\u00f1o 2018\/276 P\u00e1g. Autor Emilia Jocelyn-Holt&rdquo; se ha a\u00f1adido a tu carro\" role=\"button\">Agregar al carrito<\/a>\t<span id=\"woocommerce_loop_add_to_cart_link_describedby_4274\" class=\"screen-reader-text\">\n\t\t\t<\/span>\n<\/li>\n<li class=\"product type-product post-4221 status-publish first instock product_cat-ediciones-juridica-de-santiago product_cat-filosofia-del-derecho-y-introduccion has-post-thumbnail shipping-taxable purchasable product-type-simple\">\n\t<a href=\"https:\/\/bibliotecajuridicavirtual.cl\/index.php\/product\/teoria-del-derecho-6ta-edicion-actualizada-ano-2021-861-pag-autor-maximo-pacheco-gomez-y-alvaro-fuentealba-hernandez\/\" class=\"woocommerce-LoopProduct-link woocommerce-loop-product__link\"><img loading=\"lazy\" decoding=\"async\" width=\"300\" height=\"431\" src=\"https:\/\/bibliotecajuridicavirtual.cl\/wp-content\/uploads\/2026\/02\/TEORIA-DEL-DERECHO-300x431.png\" class=\"attachment-woocommerce_thumbnail size-woocommerce_thumbnail\" alt=\"Teor\u00eda del Derecho - 6ta Edici\u00f3n Actualizada. A\u00f1o 2021\/ 861 P\u00e1g. Autor M\u00e1ximo Pacheco G\u00f3mez y \u00c1lvaro Fuentealba Hern\u00e1ndez\" srcset=\"https:\/\/bibliotecajuridicavirtual.cl\/wp-content\/uploads\/2026\/02\/TEORIA-DEL-DERECHO-300x431.png 300w, https:\/\/bibliotecajuridicavirtual.cl\/wp-content\/uploads\/2026\/02\/TEORIA-DEL-DERECHO-64x92.png 64w, https:\/\/bibliotecajuridicavirtual.cl\/wp-content\/uploads\/2026\/02\/TEORIA-DEL-DERECHO-209x300.png 209w, https:\/\/bibliotecajuridicavirtual.cl\/wp-content\/uploads\/2026\/02\/TEORIA-DEL-DERECHO.png 343w\" sizes=\"(max-width: 300px) 100vw, 300px\" \/><h2 class=\"woocommerce-loop-product__title\">Teor\u00eda del Derecho &#8211; 6ta Edici\u00f3n Actualizada. A\u00f1o 2021\/ 861 P\u00e1g. Autor M\u00e1ximo Pacheco G\u00f3mez y \u00c1lvaro Fuentealba Hern\u00e1ndez<\/h2>\n\t<span class=\"price\"><span class=\"woocommerce-Price-amount amount\"><bdi><span class=\"woocommerce-Price-currencySymbol\">&#36;<\/span>95.200<\/bdi><\/span><\/span>\n<\/a><a href=\"\/index.php\/wp-json\/wp\/v2\/pages\/4703?add-to-cart=4221\" aria-describedby=\"woocommerce_loop_add_to_cart_link_describedby_4221\" data-quantity=\"1\" class=\"button product_type_simple add_to_cart_button ajax_add_to_cart\" data-product_id=\"4221\" data-product_sku=\"9789566053750\" aria-label=\"Agregar al carrito: &ldquo;Teor\u00eda del Derecho - 6ta Edici\u00f3n Actualizada. A\u00f1o 2021\/ 861 P\u00e1g. Autor M\u00e1ximo Pacheco G\u00f3mez y \u00c1lvaro Fuentealba Hern\u00e1ndez&rdquo;\" rel=\"nofollow\" data-success_message=\"&ldquo;Teor\u00eda del Derecho - 6ta Edici\u00f3n Actualizada. A\u00f1o 2021\/ 861 P\u00e1g. Autor M\u00e1ximo Pacheco G\u00f3mez y \u00c1lvaro Fuentealba Hern\u00e1ndez&rdquo; se ha a\u00f1adido a tu carro\" role=\"button\">Agregar al carrito<\/a>\t<span id=\"woocommerce_loop_add_to_cart_link_describedby_4221\" class=\"screen-reader-text\">\n\t\t\t<\/span>\n<\/li>\n<li class=\"product type-product post-4179 status-publish instock product_cat-filosofia-del-derecho-y-introduccion has-post-thumbnail shipping-taxable purchasable product-type-simple\">\n\t<a href=\"https:\/\/bibliotecajuridicavirtual.cl\/index.php\/product\/pensar-la-libertad-ano-2019-748-pag-autor-tomas-salvador-vives-anton-y-maria-luisa-cuerda-arnau\/\" class=\"woocommerce-LoopProduct-link woocommerce-loop-product__link\"><img loading=\"lazy\" decoding=\"async\" width=\"300\" height=\"428\" src=\"https:\/\/bibliotecajuridicavirtual.cl\/wp-content\/uploads\/2026\/02\/PENSAR-LA-LIBERTAD-ULTIMAS-REFLEXIONES-300x428.png\" class=\"attachment-woocommerce_thumbnail size-woocommerce_thumbnail\" alt=\"Pensar la Libertad. A\u00f1o 2019\/ 748 P\u00e1g. Autor Tom\u00e1s Salvador Vives Ant\u00f3n y Mar\u00eda Luisa Cuerda Arnau\" srcset=\"https:\/\/bibliotecajuridicavirtual.cl\/wp-content\/uploads\/2026\/02\/PENSAR-LA-LIBERTAD-ULTIMAS-REFLEXIONES-300x428.png 300w, https:\/\/bibliotecajuridicavirtual.cl\/wp-content\/uploads\/2026\/02\/PENSAR-LA-LIBERTAD-ULTIMAS-REFLEXIONES-64x91.png 64w, https:\/\/bibliotecajuridicavirtual.cl\/wp-content\/uploads\/2026\/02\/PENSAR-LA-LIBERTAD-ULTIMAS-REFLEXIONES-210x300.png 210w, https:\/\/bibliotecajuridicavirtual.cl\/wp-content\/uploads\/2026\/02\/PENSAR-LA-LIBERTAD-ULTIMAS-REFLEXIONES.png 473w\" sizes=\"(max-width: 300px) 100vw, 300px\" \/><h2 class=\"woocommerce-loop-product__title\">Pensar la Libertad. A\u00f1o 2019\/ 748 P\u00e1g. Autor Tom\u00e1s Salvador Vives Ant\u00f3n y Mar\u00eda Luisa Cuerda Arnau<\/h2>\n\t<span class=\"price\"><span class=\"woocommerce-Price-amount amount\"><bdi><span class=\"woocommerce-Price-currencySymbol\">&#36;<\/span>89.990<\/bdi><\/span><\/span>\n<\/a><a href=\"\/index.php\/wp-json\/wp\/v2\/pages\/4703?add-to-cart=4179\" aria-describedby=\"woocommerce_loop_add_to_cart_link_describedby_4179\" data-quantity=\"1\" class=\"button product_type_simple add_to_cart_button ajax_add_to_cart\" data-product_id=\"4179\" data-product_sku=\"9788413360843\" aria-label=\"Agregar al carrito: &ldquo;Pensar la Libertad. A\u00f1o 2019\/ 748 P\u00e1g. Autor Tom\u00e1s Salvador Vives Ant\u00f3n y Mar\u00eda Luisa Cuerda Arnau&rdquo;\" rel=\"nofollow\" data-success_message=\"&ldquo;Pensar la Libertad. A\u00f1o 2019\/ 748 P\u00e1g. Autor Tom\u00e1s Salvador Vives Ant\u00f3n y Mar\u00eda Luisa Cuerda Arnau&rdquo; se ha a\u00f1adido a tu carro\" role=\"button\">Agregar al carrito<\/a>\t<span id=\"woocommerce_loop_add_to_cart_link_describedby_4179\" class=\"screen-reader-text\">\n\t\t\t<\/span>\n<\/li>\n<li class=\"product type-product post-4138 status-publish instock product_cat-filosofia-del-derecho-y-introduccion has-post-thumbnail shipping-taxable purchasable product-type-simple\">\n\t<a href=\"https:\/\/bibliotecajuridicavirtual.cl\/index.php\/product\/guia-practica-para-la-ensenanza-del-derecho-a-traves-de-las-clinicas-juridicas-ano-2018-150-pag-autor-ruth-mestre-i-mestre\/\" class=\"woocommerce-LoopProduct-link woocommerce-loop-product__link\"><img loading=\"lazy\" decoding=\"async\" width=\"300\" height=\"427\" src=\"https:\/\/bibliotecajuridicavirtual.cl\/wp-content\/uploads\/2026\/02\/GUIA-PRACTICA-PARA-LA-ENSENANZA-DEL-DERECHO-A-TRAVES-DE-LA-CLINICA-JURIDICA-300x427.png\" class=\"attachment-woocommerce_thumbnail size-woocommerce_thumbnail\" alt=\"Gu\u00eda Pr\u00e1ctica Para la Ense\u00f1anza del Derecho a Trav\u00e9s de las Cl\u00ednicas Jur\u00eddicas. A\u00f1o 2018\/ 150 P\u00e1g. Autor Ruth Mestre i Mestre\" srcset=\"https:\/\/bibliotecajuridicavirtual.cl\/wp-content\/uploads\/2026\/02\/GUIA-PRACTICA-PARA-LA-ENSENANZA-DEL-DERECHO-A-TRAVES-DE-LA-CLINICA-JURIDICA-300x427.png 300w, https:\/\/bibliotecajuridicavirtual.cl\/wp-content\/uploads\/2026\/02\/GUIA-PRACTICA-PARA-LA-ENSENANZA-DEL-DERECHO-A-TRAVES-DE-LA-CLINICA-JURIDICA-64x91.png 64w, https:\/\/bibliotecajuridicavirtual.cl\/wp-content\/uploads\/2026\/02\/GUIA-PRACTICA-PARA-LA-ENSENANZA-DEL-DERECHO-A-TRAVES-DE-LA-CLINICA-JURIDICA-211x300.png 211w, https:\/\/bibliotecajuridicavirtual.cl\/wp-content\/uploads\/2026\/02\/GUIA-PRACTICA-PARA-LA-ENSENANZA-DEL-DERECHO-A-TRAVES-DE-LA-CLINICA-JURIDICA.png 471w\" sizes=\"(max-width: 300px) 100vw, 300px\" \/><h2 class=\"woocommerce-loop-product__title\">Gu\u00eda Pr\u00e1ctica Para la Ense\u00f1anza del Derecho a Trav\u00e9s de las Cl\u00ednicas Jur\u00eddicas. A\u00f1o 2018\/ 150 P\u00e1g. Autor Ruth Mestre i Mestre<\/h2>\n\t<span class=\"price\"><span class=\"woocommerce-Price-amount amount\"><bdi><span class=\"woocommerce-Price-currencySymbol\">&#36;<\/span>24.200<\/bdi><\/span><\/span>\n<\/a><a href=\"\/index.php\/wp-json\/wp\/v2\/pages\/4703?add-to-cart=4138\" aria-describedby=\"woocommerce_loop_add_to_cart_link_describedby_4138\" data-quantity=\"1\" class=\"button product_type_simple add_to_cart_button ajax_add_to_cart\" data-product_id=\"4138\" data-product_sku=\"9788491695981\" aria-label=\"Agregar al carrito: &ldquo;Gu\u00eda Pr\u00e1ctica Para la Ense\u00f1anza del Derecho a Trav\u00e9s de las Cl\u00ednicas Jur\u00eddicas. A\u00f1o 2018\/ 150 P\u00e1g. Autor Ruth Mestre i Mestre&rdquo;\" rel=\"nofollow\" data-success_message=\"&ldquo;Gu\u00eda Pr\u00e1ctica Para la Ense\u00f1anza del Derecho a Trav\u00e9s de las Cl\u00ednicas Jur\u00eddicas. A\u00f1o 2018\/ 150 P\u00e1g. Autor Ruth Mestre i Mestre&rdquo; se ha a\u00f1adido a tu carro\" role=\"button\">Agregar al carrito<\/a>\t<span id=\"woocommerce_loop_add_to_cart_link_describedby_4138\" class=\"screen-reader-text\">\n\t\t\t<\/span>\n<\/li>\n<li class=\"product type-product post-4131 status-publish last instock product_cat-filosofia-del-derecho-y-introduccion has-post-thumbnail shipping-taxable purchasable product-type-simple\">\n\t<a href=\"https:\/\/bibliotecajuridicavirtual.cl\/index.php\/product\/innovacion-docente-y-nuevas-tecnologias-ano-2017-247-pag-actor-josefa-dolores-ruiz-resa\/\" class=\"woocommerce-LoopProduct-link woocommerce-loop-product__link\"><img loading=\"lazy\" decoding=\"async\" width=\"300\" height=\"426\" src=\"https:\/\/bibliotecajuridicavirtual.cl\/wp-content\/uploads\/2026\/02\/INNOVACION-DOCENTE-Y-NUEVAS-TECNOLOGIA-LIBRO-ESPANOL-300x426.png\" class=\"attachment-woocommerce_thumbnail size-woocommerce_thumbnail\" alt=\"Innovaci\u00f3n docente y nuevas tecnolog\u00edas. A\u00f1o 2017\/ 247 P\u00e1g. Actor Josefa Dolores Ruiz Resa\" srcset=\"https:\/\/bibliotecajuridicavirtual.cl\/wp-content\/uploads\/2026\/02\/INNOVACION-DOCENTE-Y-NUEVAS-TECNOLOGIA-LIBRO-ESPANOL-300x426.png 300w, https:\/\/bibliotecajuridicavirtual.cl\/wp-content\/uploads\/2026\/02\/INNOVACION-DOCENTE-Y-NUEVAS-TECNOLOGIA-LIBRO-ESPANOL-64x91.png 64w, https:\/\/bibliotecajuridicavirtual.cl\/wp-content\/uploads\/2026\/02\/INNOVACION-DOCENTE-Y-NUEVAS-TECNOLOGIA-LIBRO-ESPANOL-211x300.png 211w, https:\/\/bibliotecajuridicavirtual.cl\/wp-content\/uploads\/2026\/02\/INNOVACION-DOCENTE-Y-NUEVAS-TECNOLOGIA-LIBRO-ESPANOL.png 477w\" sizes=\"(max-width: 300px) 100vw, 300px\" \/><h2 class=\"woocommerce-loop-product__title\">Innovaci\u00f3n docente y nuevas tecnolog\u00edas. A\u00f1o 2017\/ 247 P\u00e1g. Actor Josefa Dolores Ruiz Resa<\/h2>\n\t<span class=\"price\"><span class=\"woocommerce-Price-amount amount\"><bdi><span class=\"woocommerce-Price-currencySymbol\">&#36;<\/span>39.108<\/bdi><\/span><\/span>\n<\/a><a href=\"\/index.php\/wp-json\/wp\/v2\/pages\/4703?add-to-cart=4131\" aria-describedby=\"woocommerce_loop_add_to_cart_link_describedby_4131\" data-quantity=\"1\" class=\"button product_type_simple add_to_cart_button ajax_add_to_cart\" data-product_id=\"4131\" data-product_sku=\"9788491199991\" aria-label=\"Agregar al carrito: &ldquo;Innovaci\u00f3n docente y nuevas tecnolog\u00edas. A\u00f1o 2017\/ 247 P\u00e1g. Actor Josefa Dolores Ruiz Resa&rdquo;\" rel=\"nofollow\" data-success_message=\"&ldquo;Innovaci\u00f3n docente y nuevas tecnolog\u00edas. A\u00f1o 2017\/ 247 P\u00e1g. Actor Josefa Dolores Ruiz Resa&rdquo; se ha a\u00f1adido a tu carro\" role=\"button\">Agregar al carrito<\/a>\t<span id=\"woocommerce_loop_add_to_cart_link_describedby_4131\" class=\"screen-reader-text\">\n\t\t\t<\/span>\n<\/li>\n<li class=\"product type-product post-4126 status-publish first instock product_cat-filosofia-del-derecho-y-introduccion has-post-thumbnail shipping-taxable purchasable product-type-simple\">\n\t<a href=\"https:\/\/bibliotecajuridicavirtual.cl\/index.php\/product\/teoria-y-fuentes-del-derecho-boni-et-aequi-ano-2016-140-pag-autor-carlos-amunategui-perello\/\" class=\"woocommerce-LoopProduct-link woocommerce-loop-product__link\"><img loading=\"lazy\" decoding=\"async\" width=\"300\" height=\"392\" src=\"https:\/\/bibliotecajuridicavirtual.cl\/wp-content\/uploads\/2026\/02\/TEORIA-Y-FUENTES-DEL-DERECHO-300x392.png\" class=\"attachment-woocommerce_thumbnail size-woocommerce_thumbnail\" alt=\"Teor\u00eda y Fuentes Del Derecho. Boni et aequi. A\u00f1o 2016\/ 140 P\u00e1g. Autor Carlos Amun\u00e1tegui Perell\u00f3\" srcset=\"https:\/\/bibliotecajuridicavirtual.cl\/wp-content\/uploads\/2026\/02\/TEORIA-Y-FUENTES-DEL-DERECHO-300x392.png 300w, https:\/\/bibliotecajuridicavirtual.cl\/wp-content\/uploads\/2026\/02\/TEORIA-Y-FUENTES-DEL-DERECHO-64x84.png 64w, https:\/\/bibliotecajuridicavirtual.cl\/wp-content\/uploads\/2026\/02\/TEORIA-Y-FUENTES-DEL-DERECHO-229x300.png 229w, https:\/\/bibliotecajuridicavirtual.cl\/wp-content\/uploads\/2026\/02\/TEORIA-Y-FUENTES-DEL-DERECHO.png 449w\" sizes=\"(max-width: 300px) 100vw, 300px\" \/><h2 class=\"woocommerce-loop-product__title\">Teor\u00eda y Fuentes Del Derecho. Boni et aequi. A\u00f1o 2016\/ 140 P\u00e1g. Autor Carlos Amun\u00e1tegui Perell\u00f3<\/h2>\n\t<span class=\"price\"><span class=\"woocommerce-Price-amount amount\"><bdi><span class=\"woocommerce-Price-currencySymbol\">&#36;<\/span>14.400<\/bdi><\/span><\/span>\n<\/a><a href=\"\/index.php\/wp-json\/wp\/v2\/pages\/4703?add-to-cart=4126\" aria-describedby=\"woocommerce_loop_add_to_cart_link_describedby_4126\" data-quantity=\"1\" class=\"button product_type_simple add_to_cart_button ajax_add_to_cart\" data-product_id=\"4126\" data-product_sku=\"9789561419506\" aria-label=\"Agregar al carrito: &ldquo;Teor\u00eda y Fuentes Del Derecho. Boni et aequi. A\u00f1o 2016\/ 140 P\u00e1g. Autor Carlos Amun\u00e1tegui Perell\u00f3&rdquo;\" rel=\"nofollow\" data-success_message=\"&ldquo;Teor\u00eda y Fuentes Del Derecho. Boni et aequi. A\u00f1o 2016\/ 140 P\u00e1g. Autor Carlos Amun\u00e1tegui Perell\u00f3&rdquo; se ha a\u00f1adido a tu carro\" role=\"button\">Agregar al carrito<\/a>\t<span id=\"woocommerce_loop_add_to_cart_link_describedby_4126\" class=\"screen-reader-text\">\n\t\t\t<\/span>\n<\/li>\n<li class=\"product type-product post-4089 status-publish instock product_cat-filosofia-del-derecho-y-introduccion has-post-thumbnail shipping-taxable purchasable product-type-simple\">\n\t<a href=\"https:\/\/bibliotecajuridicavirtual.cl\/index.php\/product\/teoria-de-la-interpretacion-juridica-compilacion-traduccion-y-estudio-preliminar-ano-2019-384-pag-autor-alejandro-vergara-y-emilio-betti\/\" class=\"woocommerce-LoopProduct-link woocommerce-loop-product__link\"><img loading=\"lazy\" decoding=\"async\" width=\"289\" height=\"451\" src=\"https:\/\/bibliotecajuridicavirtual.cl\/wp-content\/uploads\/2026\/02\/TEORIA-DE-LA-iNTERPRETACION-JURIDICA.png\" class=\"attachment-woocommerce_thumbnail size-woocommerce_thumbnail\" alt=\"Teor\u00eda de la  Interpretaci\u00f3n Jur\u00eddica. Compilaci\u00f3n, Traducci\u00f3n y Estudio preliminar. A\u00f1o 2019\/ 384 P\u00e1g. Autor Alejandro Vergara y Emilio Betti\" srcset=\"https:\/\/bibliotecajuridicavirtual.cl\/wp-content\/uploads\/2026\/02\/TEORIA-DE-LA-iNTERPRETACION-JURIDICA.png 289w, https:\/\/bibliotecajuridicavirtual.cl\/wp-content\/uploads\/2026\/02\/TEORIA-DE-LA-iNTERPRETACION-JURIDICA-64x100.png 64w, https:\/\/bibliotecajuridicavirtual.cl\/wp-content\/uploads\/2026\/02\/TEORIA-DE-LA-iNTERPRETACION-JURIDICA-192x300.png 192w\" sizes=\"(max-width: 289px) 100vw, 289px\" \/><h2 class=\"woocommerce-loop-product__title\">Teor\u00eda de la  Interpretaci\u00f3n Jur\u00eddica. Compilaci\u00f3n, Traducci\u00f3n y Estudio preliminar. A\u00f1o 2019\/ 384 P\u00e1g. Autor Alejandro Vergara y Emilio Betti<\/h2>\n\t<span class=\"price\"><span class=\"woocommerce-Price-amount amount\"><bdi><span class=\"woocommerce-Price-currencySymbol\">&#36;<\/span>20.400<\/bdi><\/span><\/span>\n<\/a><a href=\"\/index.php\/wp-json\/wp\/v2\/pages\/4703?add-to-cart=4089\" aria-describedby=\"woocommerce_loop_add_to_cart_link_describedby_4089\" data-quantity=\"1\" class=\"button product_type_simple add_to_cart_button ajax_add_to_cart\" data-product_id=\"4089\" data-product_sku=\"9789561424753\" aria-label=\"Agregar al carrito: &ldquo;Teor\u00eda de la  Interpretaci\u00f3n Jur\u00eddica. Compilaci\u00f3n, Traducci\u00f3n y Estudio preliminar. A\u00f1o 2019\/ 384 P\u00e1g. Autor Alejandro Vergara y Emilio Betti&rdquo;\" rel=\"nofollow\" data-success_message=\"&ldquo;Teor\u00eda de la  Interpretaci\u00f3n Jur\u00eddica. Compilaci\u00f3n, Traducci\u00f3n y Estudio preliminar. A\u00f1o 2019\/ 384 P\u00e1g. Autor Alejandro Vergara y Emilio Betti&rdquo; se ha a\u00f1adido a tu carro\" role=\"button\">Agregar al carrito<\/a>\t<span id=\"woocommerce_loop_add_to_cart_link_describedby_4089\" class=\"screen-reader-text\">\n\t\t\t<\/span>\n<\/li>\n<li class=\"product type-product post-4087 status-publish instock product_cat-filosofia-del-derecho-y-introduccion has-post-thumbnail shipping-taxable purchasable product-type-simple\">\n\t<a href=\"https:\/\/bibliotecajuridicavirtual.cl\/index.php\/product\/hacia-una-laicidad-compartida-el-pensamiento-pontificio-sobre-laicidad-y-laicismos-de-gregorio-xvi-al-papa-francisco-ano-2017-325-pag-autor-jorge-precht\/\" class=\"woocommerce-LoopProduct-link woocommerce-loop-product__link\"><img loading=\"lazy\" decoding=\"async\" width=\"300\" height=\"423\" src=\"https:\/\/bibliotecajuridicavirtual.cl\/wp-content\/uploads\/2026\/02\/HACIA-UNA-LAICIDAD-COMPARTIDA-300x423.png\" class=\"attachment-woocommerce_thumbnail size-woocommerce_thumbnail\" alt=\"Hacia una Laicidad Compartida. El Pensamiento Pontificio sobre Laicidad y Laicismos de Gregorio XVI al Papa Francisco A\u00f1o 2017\/ 325 P\u00e1g. Autor Jorge Precht\" srcset=\"https:\/\/bibliotecajuridicavirtual.cl\/wp-content\/uploads\/2026\/02\/HACIA-UNA-LAICIDAD-COMPARTIDA-300x423.png 300w, https:\/\/bibliotecajuridicavirtual.cl\/wp-content\/uploads\/2026\/02\/HACIA-UNA-LAICIDAD-COMPARTIDA-64x90.png 64w, https:\/\/bibliotecajuridicavirtual.cl\/wp-content\/uploads\/2026\/02\/HACIA-UNA-LAICIDAD-COMPARTIDA-213x300.png 213w, https:\/\/bibliotecajuridicavirtual.cl\/wp-content\/uploads\/2026\/02\/HACIA-UNA-LAICIDAD-COMPARTIDA.png 327w\" sizes=\"(max-width: 300px) 100vw, 300px\" \/><h2 class=\"woocommerce-loop-product__title\">Hacia una Laicidad Compartida. El Pensamiento Pontificio sobre Laicidad y Laicismos de Gregorio XVI al Papa Francisco A\u00f1o 2017\/ 325 P\u00e1g. Autor Jorge Precht<\/h2>\n\t<span class=\"price\"><span class=\"woocommerce-Price-amount amount\"><bdi><span class=\"woocommerce-Price-currencySymbol\">&#36;<\/span>19.200<\/bdi><\/span><\/span>\n<\/a><a href=\"\/index.php\/wp-json\/wp\/v2\/pages\/4703?add-to-cart=4087\" aria-describedby=\"woocommerce_loop_add_to_cart_link_describedby_4087\" data-quantity=\"1\" class=\"button product_type_simple add_to_cart_button ajax_add_to_cart\" data-product_id=\"4087\" data-product_sku=\"9789561421325\" aria-label=\"Agregar al carrito: &ldquo;Hacia una Laicidad Compartida. El Pensamiento Pontificio sobre Laicidad y Laicismos de Gregorio XVI al Papa Francisco A\u00f1o 2017\/ 325 P\u00e1g. Autor Jorge Precht&rdquo;\" rel=\"nofollow\" data-success_message=\"&ldquo;Hacia una Laicidad Compartida. El Pensamiento Pontificio sobre Laicidad y Laicismos de Gregorio XVI al Papa Francisco A\u00f1o 2017\/ 325 P\u00e1g. Autor Jorge Precht&rdquo; se ha a\u00f1adido a tu carro\" role=\"button\">Agregar al carrito<\/a>\t<span id=\"woocommerce_loop_add_to_cart_link_describedby_4087\" class=\"screen-reader-text\">\n\t\t\t<\/span>\n<\/li>\n<li class=\"product type-product post-3954 status-publish last instock product_cat-filosofia-del-derecho-y-introduccion has-post-thumbnail shipping-taxable purchasable product-type-simple\">\n\t<a href=\"https:\/\/bibliotecajuridicavirtual.cl\/index.php\/product\/justicia-restaurativa-herramientas-para-el-cambio-desde-la-gestion-del-conflicto-ano-2017-236-pag-autor-isabel-ximena-gonzalez-ramirez-y-maria-soledad-fuentealba-martinez\/\" class=\"woocommerce-LoopProduct-link woocommerce-loop-product__link\"><img loading=\"lazy\" decoding=\"async\" width=\"300\" height=\"403\" src=\"https:\/\/bibliotecajuridicavirtual.cl\/wp-content\/uploads\/2026\/02\/JUSTICIA-RESTAURATIVA-HERRAMIENTAS-300x403.png\" class=\"attachment-woocommerce_thumbnail size-woocommerce_thumbnail\" alt=\"Justicia Restaurativa: Herramientas Para el Cambio Desde la Gesti\u00f3n del Conflicto. A\u00f1o 2017\/236 P\u00e1g. Autor Isabel Ximena Gonz\u00e1lez Ram\u00edrez y Mar\u00eda Soledad Fuentealba Mart\u00ednez\" srcset=\"https:\/\/bibliotecajuridicavirtual.cl\/wp-content\/uploads\/2026\/02\/JUSTICIA-RESTAURATIVA-HERRAMIENTAS-300x403.png 300w, https:\/\/bibliotecajuridicavirtual.cl\/wp-content\/uploads\/2026\/02\/JUSTICIA-RESTAURATIVA-HERRAMIENTAS-64x86.png 64w, https:\/\/bibliotecajuridicavirtual.cl\/wp-content\/uploads\/2026\/02\/JUSTICIA-RESTAURATIVA-HERRAMIENTAS-224x300.png 224w, https:\/\/bibliotecajuridicavirtual.cl\/wp-content\/uploads\/2026\/02\/JUSTICIA-RESTAURATIVA-HERRAMIENTAS.png 497w\" sizes=\"(max-width: 300px) 100vw, 300px\" \/><h2 class=\"woocommerce-loop-product__title\">Justicia Restaurativa: Herramientas Para el Cambio Desde la Gesti\u00f3n del Conflicto. A\u00f1o 2017\/236 P\u00e1g. Autor Isabel Ximena Gonz\u00e1lez Ram\u00edrez y Mar\u00eda Soledad Fuentealba Mart\u00ednez<\/h2>\n\t<span class=\"price\"><span class=\"woocommerce-Price-amount amount\"><bdi><span class=\"woocommerce-Price-currencySymbol\">&#36;<\/span>19.500<\/bdi><\/span><\/span>\n<\/a><a href=\"\/index.php\/wp-json\/wp\/v2\/pages\/4703?add-to-cart=3954\" aria-describedby=\"woocommerce_loop_add_to_cart_link_describedby_3954\" data-quantity=\"1\" class=\"button product_type_simple add_to_cart_button ajax_add_to_cart\" data-product_id=\"3954\" data-product_sku=\"9788491695509\" aria-label=\"Agregar al carrito: &ldquo;Justicia Restaurativa: Herramientas Para el Cambio Desde la Gesti\u00f3n del Conflicto. A\u00f1o 2017\/236 P\u00e1g. Autor Isabel Ximena Gonz\u00e1lez Ram\u00edrez y Mar\u00eda Soledad Fuentealba Mart\u00ednez&rdquo;\" rel=\"nofollow\" data-success_message=\"&ldquo;Justicia Restaurativa: Herramientas Para el Cambio Desde la Gesti\u00f3n del Conflicto. A\u00f1o 2017\/236 P\u00e1g. Autor Isabel Ximena Gonz\u00e1lez Ram\u00edrez y Mar\u00eda Soledad Fuentealba Mart\u00ednez&rdquo; se ha a\u00f1adido a tu carro\" role=\"button\">Agregar al carrito<\/a>\t<span id=\"woocommerce_loop_add_to_cart_link_describedby_3954\" class=\"screen-reader-text\">\n\t\t\t<\/span>\n<\/li>\n<li class=\"product type-product post-3953 status-publish first instock product_cat-filosofia-del-derecho-y-introduccion has-post-thumbnail shipping-taxable purchasable product-type-simple\">\n\t<a href=\"https:\/\/bibliotecajuridicavirtual.cl\/index.php\/product\/el-estado-de-derecho-rule-of-law-ano-2018-303-pag-autor-tom-bingham\/\" class=\"woocommerce-LoopProduct-link woocommerce-loop-product__link\"><img loading=\"lazy\" decoding=\"async\" width=\"300\" height=\"429\" src=\"https:\/\/bibliotecajuridicavirtual.cl\/wp-content\/uploads\/2026\/02\/EL-ESTADO-DE-DERECHO-300x429.png\" class=\"attachment-woocommerce_thumbnail size-woocommerce_thumbnail\" alt=\"El Estado de Derecho. Rule of Law. A\u00f1o 2018\/ 303 P\u00e1g. Autor Tom Bingham\" srcset=\"https:\/\/bibliotecajuridicavirtual.cl\/wp-content\/uploads\/2026\/02\/EL-ESTADO-DE-DERECHO-300x429.png 300w, https:\/\/bibliotecajuridicavirtual.cl\/wp-content\/uploads\/2026\/02\/EL-ESTADO-DE-DERECHO-64x92.png 64w, https:\/\/bibliotecajuridicavirtual.cl\/wp-content\/uploads\/2026\/02\/EL-ESTADO-DE-DERECHO-210x300.png 210w, https:\/\/bibliotecajuridicavirtual.cl\/wp-content\/uploads\/2026\/02\/EL-ESTADO-DE-DERECHO.png 469w\" sizes=\"(max-width: 300px) 100vw, 300px\" \/><h2 class=\"woocommerce-loop-product__title\">El Estado de Derecho. Rule of Law. A\u00f1o 2018\/ 303 P\u00e1g. Autor Tom Bingham<\/h2>\n\t<span class=\"price\"><span class=\"woocommerce-Price-amount amount\"><bdi><span class=\"woocommerce-Price-currencySymbol\">&#36;<\/span>26.500<\/bdi><\/span><\/span>\n<\/a><a href=\"\/index.php\/wp-json\/wp\/v2\/pages\/4703?add-to-cart=3953\" aria-describedby=\"woocommerce_loop_add_to_cart_link_describedby_3953\" data-quantity=\"1\" class=\"button product_type_simple add_to_cart_button ajax_add_to_cart\" data-product_id=\"3953\" data-product_sku=\"9788491902782\" aria-label=\"Agregar al carrito: &ldquo;El Estado de Derecho. Rule of Law. A\u00f1o 2018\/ 303 P\u00e1g. Autor Tom Bingham&rdquo;\" rel=\"nofollow\" data-success_message=\"&ldquo;El Estado de Derecho. Rule of Law. A\u00f1o 2018\/ 303 P\u00e1g. Autor Tom Bingham&rdquo; se ha a\u00f1adido a tu carro\" role=\"button\">Agregar al carrito<\/a>\t<span id=\"woocommerce_loop_add_to_cart_link_describedby_3953\" class=\"screen-reader-text\">\n\t\t\t<\/span>\n<\/li>\n<li class=\"product type-product post-3947 status-publish instock product_cat-filosofia-del-derecho-y-introduccion has-post-thumbnail shipping-taxable purchasable product-type-simple\">\n\t<a href=\"https:\/\/bibliotecajuridicavirtual.cl\/index.php\/product\/lecciones-de-teoria-general-del-derecho-ano-2019-465-pag-autor-n-m-korkunov\/\" class=\"woocommerce-LoopProduct-link woocommerce-loop-product__link\"><img loading=\"lazy\" decoding=\"async\" width=\"300\" height=\"423\" src=\"https:\/\/bibliotecajuridicavirtual.cl\/wp-content\/uploads\/2026\/02\/LECCIONES-DE-TEORIA-GENERAL-DEL-DERECHO-300x423.png\" class=\"attachment-woocommerce_thumbnail size-woocommerce_thumbnail\" alt=\"Lecciones de Teor\u00eda General del Derecho. A\u00f1o 2019\/ 465 P\u00e1g. Autor N. M. Korkunov\" srcset=\"https:\/\/bibliotecajuridicavirtual.cl\/wp-content\/uploads\/2026\/02\/LECCIONES-DE-TEORIA-GENERAL-DEL-DERECHO-300x423.png 300w, https:\/\/bibliotecajuridicavirtual.cl\/wp-content\/uploads\/2026\/02\/LECCIONES-DE-TEORIA-GENERAL-DEL-DERECHO-64x90.png 64w, https:\/\/bibliotecajuridicavirtual.cl\/wp-content\/uploads\/2026\/02\/LECCIONES-DE-TEORIA-GENERAL-DEL-DERECHO-213x300.png 213w, https:\/\/bibliotecajuridicavirtual.cl\/wp-content\/uploads\/2026\/02\/LECCIONES-DE-TEORIA-GENERAL-DEL-DERECHO.png 467w\" sizes=\"(max-width: 300px) 100vw, 300px\" \/><h2 class=\"woocommerce-loop-product__title\">Lecciones de Teor\u00eda General del Derecho. A\u00f1o 2019\/ 465 P\u00e1g. Autor N. M. Korkunov<\/h2>\n\t<span class=\"price\"><span class=\"woocommerce-Price-amount amount\"><bdi><span class=\"woocommerce-Price-currencySymbol\">&#36;<\/span>36.000<\/bdi><\/span><\/span>\n<\/a><a href=\"\/index.php\/wp-json\/wp\/v2\/pages\/4703?add-to-cart=3947\" aria-describedby=\"woocommerce_loop_add_to_cart_link_describedby_3947\" data-quantity=\"1\" class=\"button product_type_simple add_to_cart_button ajax_add_to_cart\" data-product_id=\"3947\" data-product_sku=\"9788413131009\" aria-label=\"Agregar al carrito: &ldquo;Lecciones de Teor\u00eda General del Derecho. A\u00f1o 2019\/ 465 P\u00e1g. Autor N. M. Korkunov&rdquo;\" rel=\"nofollow\" data-success_message=\"&ldquo;Lecciones de Teor\u00eda General del Derecho. A\u00f1o 2019\/ 465 P\u00e1g. Autor N. M. Korkunov&rdquo; se ha a\u00f1adido a tu carro\" role=\"button\">Agregar al carrito<\/a>\t<span id=\"woocommerce_loop_add_to_cart_link_describedby_3947\" class=\"screen-reader-text\">\n\t\t\t<\/span>\n<\/li>\n<li class=\"product type-product post-3946 status-publish instock product_cat-filosofia-del-derecho-y-introduccion has-post-thumbnail shipping-taxable purchasable product-type-simple\">\n\t<a href=\"https:\/\/bibliotecajuridicavirtual.cl\/index.php\/product\/argumentacion-juridica-ano-2014-518-pag-autor-marina-gascon-abellan\/\" class=\"woocommerce-LoopProduct-link woocommerce-loop-product__link\"><img loading=\"lazy\" decoding=\"async\" width=\"300\" height=\"427\" src=\"https:\/\/bibliotecajuridicavirtual.cl\/wp-content\/uploads\/2026\/02\/ARGUMENTACION-JURIDICA-300x427.png\" class=\"attachment-woocommerce_thumbnail size-woocommerce_thumbnail\" alt=\"Argumentaci\u00f3n Jur\u00eddica. A\u00f1o 2014\/518 P\u00e1g. Autor Marina Gasc\u00f3n Abell\u00e1n\" srcset=\"https:\/\/bibliotecajuridicavirtual.cl\/wp-content\/uploads\/2026\/02\/ARGUMENTACION-JURIDICA-300x427.png 300w, https:\/\/bibliotecajuridicavirtual.cl\/wp-content\/uploads\/2026\/02\/ARGUMENTACION-JURIDICA-64x91.png 64w, https:\/\/bibliotecajuridicavirtual.cl\/wp-content\/uploads\/2026\/02\/ARGUMENTACION-JURIDICA-211x300.png 211w, https:\/\/bibliotecajuridicavirtual.cl\/wp-content\/uploads\/2026\/02\/ARGUMENTACION-JURIDICA.png 467w\" sizes=\"(max-width: 300px) 100vw, 300px\" \/><h2 class=\"woocommerce-loop-product__title\">Argumentaci\u00f3n Jur\u00eddica. A\u00f1o 2014\/518 P\u00e1g. Autor Marina Gasc\u00f3n Abell\u00e1n<\/h2>\n\t<span class=\"price\"><span class=\"woocommerce-Price-amount amount\"><bdi><span class=\"woocommerce-Price-currencySymbol\">&#36;<\/span>45.000<\/bdi><\/span><\/span>\n<\/a><a href=\"\/index.php\/wp-json\/wp\/v2\/pages\/4703?add-to-cart=3946\" aria-describedby=\"woocommerce_loop_add_to_cart_link_describedby_3946\" data-quantity=\"1\" class=\"button product_type_simple add_to_cart_button ajax_add_to_cart\" data-product_id=\"3946\" data-product_sku=\"9788490860069\" aria-label=\"Agregar al carrito: &ldquo;Argumentaci\u00f3n Jur\u00eddica. A\u00f1o 2014\/518 P\u00e1g. Autor Marina Gasc\u00f3n Abell\u00e1n&rdquo;\" rel=\"nofollow\" data-success_message=\"&ldquo;Argumentaci\u00f3n Jur\u00eddica. A\u00f1o 2014\/518 P\u00e1g. Autor Marina Gasc\u00f3n Abell\u00e1n&rdquo; se ha a\u00f1adido a tu carro\" role=\"button\">Agregar al carrito<\/a>\t<span id=\"woocommerce_loop_add_to_cart_link_describedby_3946\" class=\"screen-reader-text\">\n\t\t\t<\/span>\n<\/li>\n<li class=\"product type-product post-3944 status-publish last instock product_cat-filosofia-del-derecho-y-introduccion has-post-thumbnail shipping-taxable purchasable product-type-simple\">\n\t<a href=\"https:\/\/bibliotecajuridicavirtual.cl\/index.php\/product\/derecho-y-ciencia-ano-2015-239-pag-autor-jose-ramon-cossio\/\" class=\"woocommerce-LoopProduct-link woocommerce-loop-product__link\"><img loading=\"lazy\" decoding=\"async\" width=\"300\" height=\"429\" src=\"https:\/\/bibliotecajuridicavirtual.cl\/wp-content\/uploads\/2026\/02\/DERECHO-Y-CIENCIA-300x429.png\" class=\"attachment-woocommerce_thumbnail size-woocommerce_thumbnail\" alt=\"Derecho y ciencia. A\u00f1o 2015 \/ 239 P\u00e1g. Autor Jos\u00e9 Ram\u00f3n Coss\u00edo\" srcset=\"https:\/\/bibliotecajuridicavirtual.cl\/wp-content\/uploads\/2026\/02\/DERECHO-Y-CIENCIA-300x429.png 300w, https:\/\/bibliotecajuridicavirtual.cl\/wp-content\/uploads\/2026\/02\/DERECHO-Y-CIENCIA-64x92.png 64w, https:\/\/bibliotecajuridicavirtual.cl\/wp-content\/uploads\/2026\/02\/DERECHO-Y-CIENCIA-210x300.png 210w, https:\/\/bibliotecajuridicavirtual.cl\/wp-content\/uploads\/2026\/02\/DERECHO-Y-CIENCIA.png 469w\" sizes=\"(max-width: 300px) 100vw, 300px\" \/><h2 class=\"woocommerce-loop-product__title\">Derecho y ciencia. A\u00f1o 2015 \/ 239 P\u00e1g. Autor Jos\u00e9 Ram\u00f3n Coss\u00edo<\/h2>\n\t<span class=\"price\"><span class=\"woocommerce-Price-amount amount\"><bdi><span class=\"woocommerce-Price-currencySymbol\">&#36;<\/span>24.900<\/bdi><\/span><\/span>\n<\/a><a href=\"\/index.php\/wp-json\/wp\/v2\/pages\/4703?add-to-cart=3944\" aria-describedby=\"woocommerce_loop_add_to_cart_link_describedby_3944\" data-quantity=\"1\" class=\"button product_type_simple add_to_cart_button ajax_add_to_cart\" data-product_id=\"3944\" data-product_sku=\"9788490863787\" aria-label=\"Agregar al carrito: &ldquo;Derecho y ciencia. A\u00f1o 2015 \/ 239 P\u00e1g. Autor Jos\u00e9 Ram\u00f3n Coss\u00edo&rdquo;\" rel=\"nofollow\" data-success_message=\"&ldquo;Derecho y ciencia. A\u00f1o 2015 \/ 239 P\u00e1g. Autor Jos\u00e9 Ram\u00f3n Coss\u00edo&rdquo; se ha a\u00f1adido a tu carro\" role=\"button\">Agregar al carrito<\/a>\t<span id=\"woocommerce_loop_add_to_cart_link_describedby_3944\" class=\"screen-reader-text\">\n\t\t\t<\/span>\n<\/li>\n<li class=\"product type-product post-3941 status-publish first instock product_cat-filosofia-del-derecho-y-introduccion has-post-thumbnail shipping-taxable purchasable product-type-simple\">\n\t<a href=\"https:\/\/bibliotecajuridicavirtual.cl\/index.php\/product\/el-fascismo-como-regimen-de-la-mentira-ano-2018-180-pag-autor-piero-calamandrei-jacobo-barja-de-quiroga-lopez-y-rachele-facchi\/\" class=\"woocommerce-LoopProduct-link woocommerce-loop-product__link\"><img loading=\"lazy\" decoding=\"async\" width=\"300\" height=\"449\" src=\"https:\/\/bibliotecajuridicavirtual.cl\/wp-content\/uploads\/2026\/02\/EL-FASCISMO-COMO-REGIMEN-DE-LA-MENTIRA-300x449.png\" class=\"attachment-woocommerce_thumbnail size-woocommerce_thumbnail\" alt=\"El Fascismo como r\u00e9gimen de la mentira. A\u00f1o 2018 \/ 180 P\u00e1g. Autor Piero Calamandrei, Jacobo Barja de Quiroga L\u00f3pez y Rachele Facchi\" srcset=\"https:\/\/bibliotecajuridicavirtual.cl\/wp-content\/uploads\/2026\/02\/EL-FASCISMO-COMO-REGIMEN-DE-LA-MENTIRA-300x449.png 300w, https:\/\/bibliotecajuridicavirtual.cl\/wp-content\/uploads\/2026\/02\/EL-FASCISMO-COMO-REGIMEN-DE-LA-MENTIRA-64x96.png 64w, https:\/\/bibliotecajuridicavirtual.cl\/wp-content\/uploads\/2026\/02\/EL-FASCISMO-COMO-REGIMEN-DE-LA-MENTIRA-200x300.png 200w, https:\/\/bibliotecajuridicavirtual.cl\/wp-content\/uploads\/2026\/02\/EL-FASCISMO-COMO-REGIMEN-DE-LA-MENTIRA.png 451w\" sizes=\"(max-width: 300px) 100vw, 300px\" \/><h2 class=\"woocommerce-loop-product__title\">El Fascismo como r\u00e9gimen de la mentira. A\u00f1o 2018 \/ 180 P\u00e1g. Autor Piero Calamandrei, Jacobo Barja de Quiroga L\u00f3pez y Rachele Facchi<\/h2>\n\t<span class=\"price\"><span class=\"woocommerce-Price-amount amount\"><bdi><span class=\"woocommerce-Price-currencySymbol\">&#36;<\/span>22.000<\/bdi><\/span><\/span>\n<\/a><a href=\"\/index.php\/wp-json\/wp\/v2\/pages\/4703?add-to-cart=3941\" aria-describedby=\"woocommerce_loop_add_to_cart_link_describedby_3941\" data-quantity=\"1\" class=\"button product_type_simple add_to_cart_button ajax_add_to_cart\" data-product_id=\"3941\" data-product_sku=\"9788417508746\" aria-label=\"Agregar al carrito: &ldquo;El Fascismo como r\u00e9gimen de la mentira. A\u00f1o 2018 \/ 180 P\u00e1g. Autor Piero Calamandrei, Jacobo Barja de Quiroga L\u00f3pez y Rachele Facchi&rdquo;\" rel=\"nofollow\" data-success_message=\"&ldquo;El Fascismo como r\u00e9gimen de la mentira. A\u00f1o 2018 \/ 180 P\u00e1g. Autor Piero Calamandrei, Jacobo Barja de Quiroga L\u00f3pez y Rachele Facchi&rdquo; se ha a\u00f1adido a tu carro\" role=\"button\">Agregar al carrito<\/a>\t<span id=\"woocommerce_loop_add_to_cart_link_describedby_3941\" class=\"screen-reader-text\">\n\t\t\t<\/span>\n<\/li>\n<li class=\"product type-product post-3937 status-publish instock product_cat-filosofia-del-derecho-y-introduccion has-post-thumbnail shipping-taxable purchasable product-type-simple\">\n\t<a href=\"https:\/\/bibliotecajuridicavirtual.cl\/index.php\/product\/la-critica-al-discurso-de-los-derechos-humanos-el-origen-ano-2018-420-pag-autor-julio-alvear-tellez\/\" class=\"woocommerce-LoopProduct-link woocommerce-loop-product__link\"><img loading=\"lazy\" decoding=\"async\" width=\"300\" height=\"422\" src=\"https:\/\/bibliotecajuridicavirtual.cl\/wp-content\/uploads\/2026\/02\/LA-CRITICA-AL-DISCURSO-DE-LOS-DERECHOS-HUMANOS-300x422.png\" class=\"attachment-woocommerce_thumbnail size-woocommerce_thumbnail\" alt=\"La cr\u00edtica al discurso de los Derechos Humanos El origen. A\u00f1o 2018 \/ 420 P\u00e1g. Autor  Julio Alvear T\u00e9llez\" srcset=\"https:\/\/bibliotecajuridicavirtual.cl\/wp-content\/uploads\/2026\/02\/LA-CRITICA-AL-DISCURSO-DE-LOS-DERECHOS-HUMANOS-300x422.png 300w, https:\/\/bibliotecajuridicavirtual.cl\/wp-content\/uploads\/2026\/02\/LA-CRITICA-AL-DISCURSO-DE-LOS-DERECHOS-HUMANOS-64x90.png 64w, https:\/\/bibliotecajuridicavirtual.cl\/wp-content\/uploads\/2026\/02\/LA-CRITICA-AL-DISCURSO-DE-LOS-DERECHOS-HUMANOS-214x300.png 214w, https:\/\/bibliotecajuridicavirtual.cl\/wp-content\/uploads\/2026\/02\/LA-CRITICA-AL-DISCURSO-DE-LOS-DERECHOS-HUMANOS.png 469w\" sizes=\"(max-width: 300px) 100vw, 300px\" \/><h2 class=\"woocommerce-loop-product__title\">La cr\u00edtica al discurso de los Derechos Humanos El origen. A\u00f1o 2018 \/ 420 P\u00e1g. Autor  Julio Alvear T\u00e9llez<\/h2>\n\t<span class=\"price\"><span class=\"woocommerce-Price-amount amount\"><bdi><span class=\"woocommerce-Price-currencySymbol\">&#36;<\/span>36.000<\/bdi><\/span><\/span>\n<\/a><a href=\"\/index.php\/wp-json\/wp\/v2\/pages\/4703?add-to-cart=3937\" aria-describedby=\"woocommerce_loop_add_to_cart_link_describedby_3937\" data-quantity=\"1\" class=\"button product_type_simple add_to_cart_button ajax_add_to_cart\" data-product_id=\"3937\" data-product_sku=\"9788491698951\" aria-label=\"Agregar al carrito: &ldquo;La cr\u00edtica al discurso de los Derechos Humanos El origen. A\u00f1o 2018 \/ 420 P\u00e1g. Autor  Julio Alvear T\u00e9llez&rdquo;\" rel=\"nofollow\" data-success_message=\"&ldquo;La cr\u00edtica al discurso de los Derechos Humanos El origen. A\u00f1o 2018 \/ 420 P\u00e1g. Autor  Julio Alvear T\u00e9llez&rdquo; se ha a\u00f1adido a tu carro\" role=\"button\">Agregar al carrito<\/a>\t<span id=\"woocommerce_loop_add_to_cart_link_describedby_3937\" class=\"screen-reader-text\">\n\t\t\t<\/span>\n<\/li>\n<li class=\"product type-product post-3911 status-publish instock product_cat-filosofia-del-derecho-y-introduccion has-post-thumbnail shipping-taxable purchasable product-type-simple\">\n\t<a href=\"https:\/\/bibliotecajuridicavirtual.cl\/index.php\/product\/la-gracia-de-los-jueces-ano-2017-544-pag-autor-robert-jacob\/\" class=\"woocommerce-LoopProduct-link woocommerce-loop-product__link\"><img loading=\"lazy\" decoding=\"async\" width=\"300\" height=\"424\" src=\"https:\/\/bibliotecajuridicavirtual.cl\/wp-content\/uploads\/2026\/02\/LA-GRACIA-DE-LOS-JUECES-300x424.png\" class=\"attachment-woocommerce_thumbnail size-woocommerce_thumbnail\" alt=\"La Gracia de los Jueces. A\u00f1o 2017\/ 544 P\u00e1g. Autor Robert Jacob\" srcset=\"https:\/\/bibliotecajuridicavirtual.cl\/wp-content\/uploads\/2026\/02\/LA-GRACIA-DE-LOS-JUECES-300x424.png 300w, https:\/\/bibliotecajuridicavirtual.cl\/wp-content\/uploads\/2026\/02\/LA-GRACIA-DE-LOS-JUECES-64x91.png 64w, https:\/\/bibliotecajuridicavirtual.cl\/wp-content\/uploads\/2026\/02\/LA-GRACIA-DE-LOS-JUECES-212x300.png 212w, https:\/\/bibliotecajuridicavirtual.cl\/wp-content\/uploads\/2026\/02\/LA-GRACIA-DE-LOS-JUECES.png 473w\" sizes=\"(max-width: 300px) 100vw, 300px\" \/><h2 class=\"woocommerce-loop-product__title\">La Gracia de los Jueces. A\u00f1o 2017\/ 544 P\u00e1g. Autor Robert Jacob<\/h2>\n\t<span class=\"price\"><span class=\"woocommerce-Price-amount amount\"><bdi><span class=\"woocommerce-Price-currencySymbol\">&#36;<\/span>38.500<\/bdi><\/span><\/span>\n<\/a><a href=\"\/index.php\/wp-json\/wp\/v2\/pages\/4703?add-to-cart=3911\" aria-describedby=\"woocommerce_loop_add_to_cart_link_describedby_3911\" data-quantity=\"1\" class=\"button product_type_simple add_to_cart_button ajax_add_to_cart\" data-product_id=\"3911\" data-product_sku=\"9788491197744\" aria-label=\"Agregar al carrito: &ldquo;La Gracia de los Jueces. A\u00f1o 2017\/ 544 P\u00e1g. Autor Robert Jacob&rdquo;\" rel=\"nofollow\" data-success_message=\"&ldquo;La Gracia de los Jueces. A\u00f1o 2017\/ 544 P\u00e1g. Autor Robert Jacob&rdquo; se ha a\u00f1adido a tu carro\" role=\"button\">Agregar al carrito<\/a>\t<span id=\"woocommerce_loop_add_to_cart_link_describedby_3911\" class=\"screen-reader-text\">\n\t\t\t<\/span>\n<\/li>\n<li class=\"product type-product post-3910 status-publish last instock product_cat-filosofia-del-derecho-y-introduccion has-post-thumbnail shipping-taxable purchasable product-type-simple\">\n\t<a href=\"https:\/\/bibliotecajuridicavirtual.cl\/index.php\/product\/corrupcion-estado-de-derecho-y-derechos-humanos-ano-2020-319-pag-autor-marie-christine-fuchs-y-claudio-nash-rojas\/\" class=\"woocommerce-LoopProduct-link woocommerce-loop-product__link\"><img loading=\"lazy\" decoding=\"async\" width=\"300\" height=\"423\" src=\"https:\/\/bibliotecajuridicavirtual.cl\/wp-content\/uploads\/2026\/02\/CORRUPCION-ESTADO-DE-DERECHO-Y-DERECHOS-300x423.jpg\" class=\"attachment-woocommerce_thumbnail size-woocommerce_thumbnail\" alt=\"Corrupci\u00f3n, Estado de derecho y derechos humanos. A\u00f1o 2020\/ 319 P\u00e1g. Autor Marie Christine Fuchs y  Claudio Nash Rojas\" srcset=\"https:\/\/bibliotecajuridicavirtual.cl\/wp-content\/uploads\/2026\/02\/CORRUPCION-ESTADO-DE-DERECHO-Y-DERECHOS-300x423.jpg 300w, https:\/\/bibliotecajuridicavirtual.cl\/wp-content\/uploads\/2026\/02\/CORRUPCION-ESTADO-DE-DERECHO-Y-DERECHOS-64x90.jpg 64w, https:\/\/bibliotecajuridicavirtual.cl\/wp-content\/uploads\/2026\/02\/CORRUPCION-ESTADO-DE-DERECHO-Y-DERECHOS-213x300.jpg 213w, https:\/\/bibliotecajuridicavirtual.cl\/wp-content\/uploads\/2026\/02\/CORRUPCION-ESTADO-DE-DERECHO-Y-DERECHOS.jpg 360w\" sizes=\"(max-width: 300px) 100vw, 300px\" \/><h2 class=\"woocommerce-loop-product__title\">Corrupci\u00f3n, Estado de derecho y derechos humanos. A\u00f1o 2020\/ 319 P\u00e1g. Autor Marie Christine Fuchs y  Claudio Nash Rojas<\/h2>\n\t<span class=\"price\"><span class=\"woocommerce-Price-amount amount\"><bdi><span class=\"woocommerce-Price-currencySymbol\">&#36;<\/span>59.990<\/bdi><\/span><\/span>\n<\/a><a href=\"\/index.php\/wp-json\/wp\/v2\/pages\/4703?add-to-cart=3910\" aria-describedby=\"woocommerce_loop_add_to_cart_link_describedby_3910\" data-quantity=\"1\" class=\"button product_type_simple add_to_cart_button ajax_add_to_cart\" data-product_id=\"3910\" data-product_sku=\"9788413781228\" aria-label=\"Agregar al carrito: &ldquo;Corrupci\u00f3n, Estado de derecho y derechos humanos. A\u00f1o 2020\/ 319 P\u00e1g. Autor Marie Christine Fuchs y  Claudio Nash Rojas&rdquo;\" rel=\"nofollow\" data-success_message=\"&ldquo;Corrupci\u00f3n, Estado de derecho y derechos humanos. A\u00f1o 2020\/ 319 P\u00e1g. Autor Marie Christine Fuchs y  Claudio Nash Rojas&rdquo; se ha a\u00f1adido a tu carro\" role=\"button\">Agregar al carrito<\/a>\t<span id=\"woocommerce_loop_add_to_cart_link_describedby_3910\" class=\"screen-reader-text\">\n\t\t\t<\/span>\n<\/li>\n<li class=\"product type-product post-3849 status-publish first instock product_cat-filosofia-del-derecho-y-introduccion has-post-thumbnail shipping-taxable purchasable product-type-simple\">\n\t<a href=\"https:\/\/bibliotecajuridicavirtual.cl\/index.php\/product\/derechos-humanos-y-justicia-transicional-en-chile-ano-2022-268-pag-autor-hugo-rojas-y-miriam-shaftoe\/\" class=\"woocommerce-LoopProduct-link woocommerce-loop-product__link\"><img loading=\"lazy\" decoding=\"async\" width=\"300\" height=\"430\" src=\"https:\/\/bibliotecajuridicavirtual.cl\/wp-content\/uploads\/2026\/02\/DERECHO-HUMANOS-Y-JUSTICIA-TRANSICIONAL-EN-CHILE-300x430.png\" class=\"attachment-woocommerce_thumbnail size-woocommerce_thumbnail\" alt=\"Derechos Humanos y Justicia Transicional en Chile. A\u00f1o 2022\/ 268 P\u00e1g. Autor Hugo Rojas y Miriam Shaftoe\" srcset=\"https:\/\/bibliotecajuridicavirtual.cl\/wp-content\/uploads\/2026\/02\/DERECHO-HUMANOS-Y-JUSTICIA-TRANSICIONAL-EN-CHILE-300x430.png 300w, https:\/\/bibliotecajuridicavirtual.cl\/wp-content\/uploads\/2026\/02\/DERECHO-HUMANOS-Y-JUSTICIA-TRANSICIONAL-EN-CHILE-64x92.png 64w, https:\/\/bibliotecajuridicavirtual.cl\/wp-content\/uploads\/2026\/02\/DERECHO-HUMANOS-Y-JUSTICIA-TRANSICIONAL-EN-CHILE-209x300.png 209w, https:\/\/bibliotecajuridicavirtual.cl\/wp-content\/uploads\/2026\/02\/DERECHO-HUMANOS-Y-JUSTICIA-TRANSICIONAL-EN-CHILE.png 475w\" sizes=\"(max-width: 300px) 100vw, 300px\" \/><h2 class=\"woocommerce-loop-product__title\">Derechos Humanos y Justicia Transicional en Chile. A\u00f1o 2022\/ 268 P\u00e1g. Autor Hugo Rojas y Miriam Shaftoe<\/h2>\n\t<span class=\"price\"><span class=\"woocommerce-Price-amount amount\"><bdi><span class=\"woocommerce-Price-currencySymbol\">&#36;<\/span>39.990<\/bdi><\/span><\/span>\n<\/a><a href=\"\/index.php\/wp-json\/wp\/v2\/pages\/4703?add-to-cart=3849\" aria-describedby=\"woocommerce_loop_add_to_cart_link_describedby_3849\" data-quantity=\"1\" class=\"button product_type_simple add_to_cart_button ajax_add_to_cart\" data-product_id=\"3849\" data-product_sku=\"9788419286543\" aria-label=\"Agregar al carrito: &ldquo;Derechos Humanos y Justicia Transicional en Chile. A\u00f1o 2022\/ 268 P\u00e1g. Autor Hugo Rojas y Miriam Shaftoe&rdquo;\" rel=\"nofollow\" data-success_message=\"&ldquo;Derechos Humanos y Justicia Transicional en Chile. A\u00f1o 2022\/ 268 P\u00e1g. Autor Hugo Rojas y Miriam Shaftoe&rdquo; se ha a\u00f1adido a tu carro\" role=\"button\">Agregar al carrito<\/a>\t<span id=\"woocommerce_loop_add_to_cart_link_describedby_3849\" class=\"screen-reader-text\">\n\t\t\t<\/span>\n<\/li>\n<li class=\"product type-product post-3845 status-publish instock product_cat-filosofia-del-derecho-y-introduccion has-post-thumbnail shipping-taxable purchasable product-type-simple\">\n\t<a href=\"https:\/\/bibliotecajuridicavirtual.cl\/index.php\/product\/el-origen-de-los-delitos-ano-2015-382-pag-autor-santiago-redondo-illescas\/\" class=\"woocommerce-LoopProduct-link woocommerce-loop-product__link\"><img loading=\"lazy\" decoding=\"async\" width=\"300\" height=\"432\" src=\"https:\/\/bibliotecajuridicavirtual.cl\/wp-content\/uploads\/2026\/02\/EL-ORIGEN-DE-LOS-DELITOS-300x432.png\" class=\"attachment-woocommerce_thumbnail size-woocommerce_thumbnail\" alt=\"El Origen de los Delitos. A\u00f1o 2015 \/ 382 P\u00e1g. Autor Santiago Redondo Illescas\" srcset=\"https:\/\/bibliotecajuridicavirtual.cl\/wp-content\/uploads\/2026\/02\/EL-ORIGEN-DE-LOS-DELITOS-300x432.png 300w, https:\/\/bibliotecajuridicavirtual.cl\/wp-content\/uploads\/2026\/02\/EL-ORIGEN-DE-LOS-DELITOS-64x92.png 64w, https:\/\/bibliotecajuridicavirtual.cl\/wp-content\/uploads\/2026\/02\/EL-ORIGEN-DE-LOS-DELITOS-208x300.png 208w, https:\/\/bibliotecajuridicavirtual.cl\/wp-content\/uploads\/2026\/02\/EL-ORIGEN-DE-LOS-DELITOS.png 473w\" sizes=\"(max-width: 300px) 100vw, 300px\" \/><h2 class=\"woocommerce-loop-product__title\">El Origen de los Delitos. A\u00f1o 2015 \/ 382 P\u00e1g. Autor Santiago Redondo Illescas<\/h2>\n\t<span class=\"price\"><span class=\"woocommerce-Price-amount amount\"><bdi><span class=\"woocommerce-Price-currencySymbol\">&#36;<\/span>32.990<\/bdi><\/span><\/span>\n<\/a><a href=\"\/index.php\/wp-json\/wp\/v2\/pages\/4703?add-to-cart=3845\" aria-describedby=\"woocommerce_loop_add_to_cart_link_describedby_3845\" data-quantity=\"1\" class=\"button product_type_simple add_to_cart_button ajax_add_to_cart\" data-product_id=\"3845\" data-product_sku=\"9788416062898\" aria-label=\"Agregar al carrito: &ldquo;El Origen de los Delitos. A\u00f1o 2015 \/ 382 P\u00e1g. Autor Santiago Redondo Illescas&rdquo;\" rel=\"nofollow\" data-success_message=\"&ldquo;El Origen de los Delitos. A\u00f1o 2015 \/ 382 P\u00e1g. Autor Santiago Redondo Illescas&rdquo; se ha a\u00f1adido a tu carro\" role=\"button\">Agregar al carrito<\/a>\t<span id=\"woocommerce_loop_add_to_cart_link_describedby_3845\" class=\"screen-reader-text\">\n\t\t\t<\/span>\n<\/li>\n<li class=\"product type-product post-3808 status-publish instock product_cat-filosofia-del-derecho-y-introduccion has-post-thumbnail shipping-taxable purchasable product-type-simple\">\n\t<a href=\"https:\/\/bibliotecajuridicavirtual.cl\/index.php\/product\/manual-de-derecho-politico-las-fuerzas-politicas-y-los-regimenes-politicos-tomo-ii-ano-2019-332-pag-autor-mario-verdugo-marinkovic-y-ana-maria-garcia-barcelatto\/\" class=\"woocommerce-LoopProduct-link woocommerce-loop-product__link\"><img loading=\"lazy\" decoding=\"async\" width=\"300\" height=\"428\" src=\"https:\/\/bibliotecajuridicavirtual.cl\/wp-content\/uploads\/2026\/02\/MANUAL-DE-DERECHO-POLITICO-TOMO-II-300x428.png\" class=\"attachment-woocommerce_thumbnail size-woocommerce_thumbnail\" alt=\"Manual De Derecho Pol\u00edtico Las Fuerzas Pol\u00edticas Y Los Reg\u00edmenes Pol\u00edticos Tomo II. A\u00f1o 2019 \/ 332 P\u00e1g. Autor Mario Verdugo Marinkovic y Ana Mar\u00eda Garc\u00eda  Barcelatto\" srcset=\"https:\/\/bibliotecajuridicavirtual.cl\/wp-content\/uploads\/2026\/02\/MANUAL-DE-DERECHO-POLITICO-TOMO-II-300x428.png 300w, https:\/\/bibliotecajuridicavirtual.cl\/wp-content\/uploads\/2026\/02\/MANUAL-DE-DERECHO-POLITICO-TOMO-II-64x91.png 64w, https:\/\/bibliotecajuridicavirtual.cl\/wp-content\/uploads\/2026\/02\/MANUAL-DE-DERECHO-POLITICO-TOMO-II-210x300.png 210w, https:\/\/bibliotecajuridicavirtual.cl\/wp-content\/uploads\/2026\/02\/MANUAL-DE-DERECHO-POLITICO-TOMO-II.png 479w\" sizes=\"(max-width: 300px) 100vw, 300px\" \/><h2 class=\"woocommerce-loop-product__title\">Manual De Derecho Pol\u00edtico Las Fuerzas Pol\u00edticas Y Los Reg\u00edmenes Pol\u00edticos Tomo II. A\u00f1o 2019 \/ 332 P\u00e1g. Autor Mario Verdugo Marinkovic y Ana Mar\u00eda Garc\u00eda  Barcelatto<\/h2>\n\t<span class=\"price\"><span class=\"woocommerce-Price-amount amount\"><bdi><span class=\"woocommerce-Price-currencySymbol\">&#36;<\/span>39.990<\/bdi><\/span><\/span>\n<\/a><a href=\"\/index.php\/wp-json\/wp\/v2\/pages\/4703?add-to-cart=3808\" aria-describedby=\"woocommerce_loop_add_to_cart_link_describedby_3808\" data-quantity=\"1\" class=\"button product_type_simple add_to_cart_button ajax_add_to_cart\" data-product_id=\"3808\" data-product_sku=\"\" aria-label=\"Agregar al carrito: &ldquo;Manual De Derecho Pol\u00edtico Las Fuerzas Pol\u00edticas Y Los Reg\u00edmenes Pol\u00edticos Tomo II. A\u00f1o 2019 \/ 332 P\u00e1g. Autor Mario Verdugo Marinkovic y Ana Mar\u00eda Garc\u00eda  Barcelatto&rdquo;\" rel=\"nofollow\" data-success_message=\"&ldquo;Manual De Derecho Pol\u00edtico Las Fuerzas Pol\u00edticas Y Los Reg\u00edmenes Pol\u00edticos Tomo II. A\u00f1o 2019 \/ 332 P\u00e1g. Autor Mario Verdugo Marinkovic y Ana Mar\u00eda Garc\u00eda  Barcelatto&rdquo; se ha a\u00f1adido a tu carro\" role=\"button\">Agregar al carrito<\/a>\t<span id=\"woocommerce_loop_add_to_cart_link_describedby_3808\" class=\"screen-reader-text\">\n\t\t\t<\/span>\n<\/li>\n<li class=\"product type-product post-3806 status-publish last instock product_cat-filosofia-del-derecho-y-introduccion has-post-thumbnail shipping-taxable purchasable product-type-simple\">\n\t<a href=\"https:\/\/bibliotecajuridicavirtual.cl\/index.php\/product\/estudios-interdisciplinarios-para-investigar-las-violaciones-a-los-derechos-humanos-por-armas-menos-letales-ano-2022-344-pag-autor-rocio-sanchez-perez-javier-velasquez-pietro-aferrazza-taibi-y\/\" class=\"woocommerce-LoopProduct-link woocommerce-loop-product__link\"><img loading=\"lazy\" decoding=\"async\" width=\"300\" height=\"426\" src=\"https:\/\/bibliotecajuridicavirtual.cl\/wp-content\/uploads\/2026\/02\/ESTUDIOS-INTERDISCIPLINARIOS-PARA-INVESTIGAR-LAS-VIOLACIONES-DE-LOS-DERECHOS-HUMANOS-300x426.png\" class=\"attachment-woocommerce_thumbnail size-woocommerce_thumbnail\" alt=\"Estudios interdisciplinarios para investigar las violaciones a los derechos humanos por armas menos letales. A\u00f1o 2022\/ 344 P\u00e1g. Autor  Roc\u00edo S\u00e1nchez P\u00e9rez, Javier Vel\u00e1squez , Pietro aferrazza Taibi y Isabel Severin Fuster.\" srcset=\"https:\/\/bibliotecajuridicavirtual.cl\/wp-content\/uploads\/2026\/02\/ESTUDIOS-INTERDISCIPLINARIOS-PARA-INVESTIGAR-LAS-VIOLACIONES-DE-LOS-DERECHOS-HUMANOS-300x426.png 300w, https:\/\/bibliotecajuridicavirtual.cl\/wp-content\/uploads\/2026\/02\/ESTUDIOS-INTERDISCIPLINARIOS-PARA-INVESTIGAR-LAS-VIOLACIONES-DE-LOS-DERECHOS-HUMANOS-64x91.png 64w, https:\/\/bibliotecajuridicavirtual.cl\/wp-content\/uploads\/2026\/02\/ESTUDIOS-INTERDISCIPLINARIOS-PARA-INVESTIGAR-LAS-VIOLACIONES-DE-LOS-DERECHOS-HUMANOS-211x300.png 211w, https:\/\/bibliotecajuridicavirtual.cl\/wp-content\/uploads\/2026\/02\/ESTUDIOS-INTERDISCIPLINARIOS-PARA-INVESTIGAR-LAS-VIOLACIONES-DE-LOS-DERECHOS-HUMANOS.png 477w\" sizes=\"(max-width: 300px) 100vw, 300px\" \/><h2 class=\"woocommerce-loop-product__title\">Estudios interdisciplinarios para investigar las violaciones a los derechos humanos por armas menos letales. A\u00f1o 2022\/ 344 P\u00e1g. Autor  Roc\u00edo S\u00e1nchez P\u00e9rez, Javier Vel\u00e1squez , Pietro aferrazza Taibi y Isabel Severin Fuster.<\/h2>\n\t<span class=\"price\"><span class=\"woocommerce-Price-amount amount\"><bdi><span class=\"woocommerce-Price-currencySymbol\">&#36;<\/span>36.000<\/bdi><\/span><\/span>\n<\/a><a href=\"\/index.php\/wp-json\/wp\/v2\/pages\/4703?add-to-cart=3806\" aria-describedby=\"woocommerce_loop_add_to_cart_link_describedby_3806\" data-quantity=\"1\" class=\"button product_type_simple add_to_cart_button ajax_add_to_cart\" data-product_id=\"3806\" data-product_sku=\"9788419226655\" aria-label=\"Agregar al carrito: &ldquo;Estudios interdisciplinarios para investigar las violaciones a los derechos humanos por armas menos letales. A\u00f1o 2022\/ 344 P\u00e1g. Autor  Roc\u00edo S\u00e1nchez P\u00e9rez, Javier Vel\u00e1squez , Pietro aferrazza Taibi y Isabel Severin Fuster.&rdquo;\" rel=\"nofollow\" data-success_message=\"&ldquo;Estudios interdisciplinarios para investigar las violaciones a los derechos humanos por armas menos letales. A\u00f1o 2022\/ 344 P\u00e1g. Autor  Roc\u00edo S\u00e1nchez P\u00e9rez, Javier Vel\u00e1squez , Pietro aferrazza Taibi y Isabel Severin Fuster.&rdquo; se ha a\u00f1adido a tu carro\" role=\"button\">Agregar al carrito<\/a>\t<span id=\"woocommerce_loop_add_to_cart_link_describedby_3806\" class=\"screen-reader-text\">\n\t\t\t<\/span>\n<\/li>\n<li class=\"product type-product post-3789 status-publish first instock product_cat-filosofia-del-derecho-y-introduccion has-post-thumbnail shipping-taxable purchasable product-type-simple\">\n\t<a href=\"https:\/\/bibliotecajuridicavirtual.cl\/index.php\/product\/de-la-ilegitimidad-democratica-de-las-garantias-de-no-repeticion-decretadas-por-la-corte-interamericana-de-derechos-humanos-ano-2022-288-pag-autor-marcelo-andres-acuna-silva\/\" class=\"woocommerce-LoopProduct-link woocommerce-loop-product__link\"><img loading=\"lazy\" decoding=\"async\" width=\"300\" height=\"429\" src=\"https:\/\/bibliotecajuridicavirtual.cl\/wp-content\/uploads\/2026\/02\/DE-LA-ILEGITIMIDAD-DEMOCRATICA-DEMOCRATIVO-DE-LAS-GARANTIAS-DE-NO-REPETICION-300x429.png\" class=\"attachment-woocommerce_thumbnail size-woocommerce_thumbnail\" alt=\"De la (I)legitimidad democr\u00e1tica de las garant\u00edas de no repetici\u00f3n decretadas por la corte interamericana de Derechos Humanos. A\u00f1o  2022\/ 288 P\u00e1g. Autor Marcelo Andr\u00e9s Acu\u00f1a Silva\" srcset=\"https:\/\/bibliotecajuridicavirtual.cl\/wp-content\/uploads\/2026\/02\/DE-LA-ILEGITIMIDAD-DEMOCRATICA-DEMOCRATIVO-DE-LAS-GARANTIAS-DE-NO-REPETICION-300x429.png 300w, https:\/\/bibliotecajuridicavirtual.cl\/wp-content\/uploads\/2026\/02\/DE-LA-ILEGITIMIDAD-DEMOCRATICA-DEMOCRATIVO-DE-LAS-GARANTIAS-DE-NO-REPETICION-64x91.png 64w, https:\/\/bibliotecajuridicavirtual.cl\/wp-content\/uploads\/2026\/02\/DE-LA-ILEGITIMIDAD-DEMOCRATICA-DEMOCRATIVO-DE-LAS-GARANTIAS-DE-NO-REPETICION-210x300.png 210w, https:\/\/bibliotecajuridicavirtual.cl\/wp-content\/uploads\/2026\/02\/DE-LA-ILEGITIMIDAD-DEMOCRATICA-DEMOCRATIVO-DE-LAS-GARANTIAS-DE-NO-REPETICION.png 475w\" sizes=\"(max-width: 300px) 100vw, 300px\" \/><h2 class=\"woocommerce-loop-product__title\">De la (I)legitimidad democr\u00e1tica de las garant\u00edas de no repetici\u00f3n decretadas por la corte interamericana de Derechos Humanos. A\u00f1o  2022\/ 288 P\u00e1g. Autor Marcelo Andr\u00e9s Acu\u00f1a Silva<\/h2>\n\t<span class=\"price\"><span class=\"woocommerce-Price-amount amount\"><bdi><span class=\"woocommerce-Price-currencySymbol\">&#36;<\/span>39.990<\/bdi><\/span><\/span>\n<\/a><a href=\"\/index.php\/wp-json\/wp\/v2\/pages\/4703?add-to-cart=3789\" aria-describedby=\"woocommerce_loop_add_to_cart_link_describedby_3789\" data-quantity=\"1\" class=\"button product_type_simple add_to_cart_button ajax_add_to_cart\" data-product_id=\"3789\" data-product_sku=\"9788411300445\" aria-label=\"Agregar al carrito: &ldquo;De la (I)legitimidad democr\u00e1tica de las garant\u00edas de no repetici\u00f3n decretadas por la corte interamericana de Derechos Humanos. A\u00f1o  2022\/ 288 P\u00e1g. Autor Marcelo Andr\u00e9s Acu\u00f1a Silva&rdquo;\" rel=\"nofollow\" data-success_message=\"&ldquo;De la (I)legitimidad democr\u00e1tica de las garant\u00edas de no repetici\u00f3n decretadas por la corte interamericana de Derechos Humanos. A\u00f1o  2022\/ 288 P\u00e1g. Autor Marcelo Andr\u00e9s Acu\u00f1a Silva&rdquo; se ha a\u00f1adido a tu carro\" role=\"button\">Agregar al carrito<\/a>\t<span id=\"woocommerce_loop_add_to_cart_link_describedby_3789\" class=\"screen-reader-text\">\n\t\t\t<\/span>\n<\/li>\n<li class=\"product type-product post-3738 status-publish instock product_cat-filosofia-del-derecho-y-introduccion has-post-thumbnail shipping-taxable purchasable product-type-simple\">\n\t<a href=\"https:\/\/bibliotecajuridicavirtual.cl\/index.php\/product\/fundamentos-filosoficos-del-derecho-procesal-ano-2021-328-pag-autor-flavia-carbonell-bellolio-y-jonatan-valenzuela-saldias\/\" class=\"woocommerce-LoopProduct-link woocommerce-loop-product__link\"><img loading=\"lazy\" decoding=\"async\" width=\"300\" height=\"429\" src=\"https:\/\/bibliotecajuridicavirtual.cl\/wp-content\/uploads\/2026\/02\/FUNDAMENTOS-FILOSOFICOS-300x429.png\" class=\"attachment-woocommerce_thumbnail size-woocommerce_thumbnail\" alt=\"Fundamentos filos\u00f3ficos del Derecho Procesal. A\u00f1o 2021\/ 328 P\u00e1g. Autor Flavia Carbonell Bellolio y jonatan  Valenzuela Sald\u00edas\" srcset=\"https:\/\/bibliotecajuridicavirtual.cl\/wp-content\/uploads\/2026\/02\/FUNDAMENTOS-FILOSOFICOS-300x429.png 300w, https:\/\/bibliotecajuridicavirtual.cl\/wp-content\/uploads\/2026\/02\/FUNDAMENTOS-FILOSOFICOS-64x91.png 64w, https:\/\/bibliotecajuridicavirtual.cl\/wp-content\/uploads\/2026\/02\/FUNDAMENTOS-FILOSOFICOS-210x300.png 210w, https:\/\/bibliotecajuridicavirtual.cl\/wp-content\/uploads\/2026\/02\/FUNDAMENTOS-FILOSOFICOS.png 475w\" sizes=\"(max-width: 300px) 100vw, 300px\" \/><h2 class=\"woocommerce-loop-product__title\">Fundamentos filos\u00f3ficos del Derecho Procesal. A\u00f1o 2021\/ 328 P\u00e1g. Autor Flavia Carbonell Bellolio y jonatan  Valenzuela Sald\u00edas<\/h2>\n\t<span class=\"price\"><span class=\"woocommerce-Price-amount amount\"><bdi><span class=\"woocommerce-Price-currencySymbol\">&#36;<\/span>36.990<\/bdi><\/span><\/span>\n<\/a><a href=\"\/index.php\/wp-json\/wp\/v2\/pages\/4703?add-to-cart=3738\" aria-describedby=\"woocommerce_loop_add_to_cart_link_describedby_3738\" data-quantity=\"1\" class=\"button product_type_simple add_to_cart_button ajax_add_to_cart\" data-product_id=\"3738\" data-product_sku=\"9788413973753\" aria-label=\"Agregar al carrito: &ldquo;Fundamentos filos\u00f3ficos del Derecho Procesal. A\u00f1o 2021\/ 328 P\u00e1g. Autor Flavia Carbonell Bellolio y jonatan  Valenzuela Sald\u00edas&rdquo;\" rel=\"nofollow\" data-success_message=\"&ldquo;Fundamentos filos\u00f3ficos del Derecho Procesal. A\u00f1o 2021\/ 328 P\u00e1g. Autor Flavia Carbonell Bellolio y jonatan  Valenzuela Sald\u00edas&rdquo; se ha a\u00f1adido a tu carro\" role=\"button\">Agregar al carrito<\/a>\t<span id=\"woocommerce_loop_add_to_cart_link_describedby_3738\" class=\"screen-reader-text\">\n\t\t\t<\/span>\n<\/li>\n<li class=\"product type-product post-3703 status-publish instock product_cat-filosofia-del-derecho-y-introduccion has-post-thumbnail shipping-taxable purchasable product-type-simple\">\n\t<a href=\"https:\/\/bibliotecajuridicavirtual.cl\/index.php\/product\/esquemas-de-teoria-del-derecho-en-chile-ano-2022-280-pag-autor-maria-cecilia-martinez-sanchez-y-lorena-ruiz-guridi\/\" class=\"woocommerce-LoopProduct-link woocommerce-loop-product__link\"><img loading=\"lazy\" decoding=\"async\" width=\"300\" height=\"220\" src=\"https:\/\/bibliotecajuridicavirtual.cl\/wp-content\/uploads\/2026\/02\/ESQUEMAS-DE-TEORIA-DEL-DERECHO-EN-CHILE-1-300x220.png\" class=\"attachment-woocommerce_thumbnail size-woocommerce_thumbnail\" alt=\"Esquemas de Teor\u00eda del Derecho en Chile. A\u00f1o 2022\/ 280 P\u00e1g. Autor Mar\u00eda Cecilia Mart\u00ednez S\u00e1nchez y  Lorena Ruiz  Guridi\" srcset=\"https:\/\/bibliotecajuridicavirtual.cl\/wp-content\/uploads\/2026\/02\/ESQUEMAS-DE-TEORIA-DEL-DERECHO-EN-CHILE-1-300x220.png 300w, https:\/\/bibliotecajuridicavirtual.cl\/wp-content\/uploads\/2026\/02\/ESQUEMAS-DE-TEORIA-DEL-DERECHO-EN-CHILE-1-600x441.png 600w, https:\/\/bibliotecajuridicavirtual.cl\/wp-content\/uploads\/2026\/02\/ESQUEMAS-DE-TEORIA-DEL-DERECHO-EN-CHILE-1-64x47.png 64w, https:\/\/bibliotecajuridicavirtual.cl\/wp-content\/uploads\/2026\/02\/ESQUEMAS-DE-TEORIA-DEL-DERECHO-EN-CHILE-1-768x564.png 768w, https:\/\/bibliotecajuridicavirtual.cl\/wp-content\/uploads\/2026\/02\/ESQUEMAS-DE-TEORIA-DEL-DERECHO-EN-CHILE-1.png 957w\" sizes=\"(max-width: 300px) 100vw, 300px\" \/><h2 class=\"woocommerce-loop-product__title\">Esquemas de Teor\u00eda del Derecho en Chile. A\u00f1o 2022\/ 280 P\u00e1g. Autor Mar\u00eda Cecilia Mart\u00ednez S\u00e1nchez y  Lorena Ruiz  Guridi<\/h2>\n\t<span class=\"price\"><span class=\"woocommerce-Price-amount amount\"><bdi><span class=\"woocommerce-Price-currencySymbol\">&#36;<\/span>28.990<\/bdi><\/span><\/span>\n<\/a><a href=\"\/index.php\/wp-json\/wp\/v2\/pages\/4703?add-to-cart=3703\" aria-describedby=\"woocommerce_loop_add_to_cart_link_describedby_3703\" data-quantity=\"1\" class=\"button product_type_simple add_to_cart_button ajax_add_to_cart\" data-product_id=\"3703\" data-product_sku=\"9788411301572\" aria-label=\"Agregar al carrito: &ldquo;Esquemas de Teor\u00eda del Derecho en Chile. A\u00f1o 2022\/ 280 P\u00e1g. Autor Mar\u00eda Cecilia Mart\u00ednez S\u00e1nchez y  Lorena Ruiz  Guridi&rdquo;\" rel=\"nofollow\" data-success_message=\"&ldquo;Esquemas de Teor\u00eda del Derecho en Chile. A\u00f1o 2022\/ 280 P\u00e1g. Autor Mar\u00eda Cecilia Mart\u00ednez S\u00e1nchez y  Lorena Ruiz  Guridi&rdquo; se ha a\u00f1adido a tu carro\" role=\"button\">Agregar al carrito<\/a>\t<span id=\"woocommerce_loop_add_to_cart_link_describedby_3703\" class=\"screen-reader-text\">\n\t\t\t<\/span>\n<\/li>\n<li class=\"product type-product post-3554 status-publish last instock product_cat-civil product_cat-derecho product_cat-filosofia-del-derecho-y-introduccion has-post-thumbnail shipping-taxable purchasable product-type-simple\">\n\t<a href=\"https:\/\/bibliotecajuridicavirtual.cl\/index.php\/product\/la-casacion-hoy-cien-anos-despues-de-calamandrei-ano-20218-220-pag-autor-jordi-nieva-fenoll-renzo-cavani\/\" class=\"woocommerce-LoopProduct-link woocommerce-loop-product__link\"><img loading=\"lazy\" decoding=\"async\" width=\"300\" height=\"423\" src=\"https:\/\/bibliotecajuridicavirtual.cl\/wp-content\/uploads\/2026\/02\/LA-CASASION-HOY-CIEN-ANOS-DESPUES-300x423.png\" class=\"attachment-woocommerce_thumbnail size-woocommerce_thumbnail\" alt=\"La Casaci\u00f3n hoy, cien a\u00f1os despu\u00e9s de calamandrei. A\u00f1o 20218\/220 P\u00e1g. Autor Jordi Nieva Fenoll, Renzo Cavani\" srcset=\"https:\/\/bibliotecajuridicavirtual.cl\/wp-content\/uploads\/2026\/02\/LA-CASASION-HOY-CIEN-ANOS-DESPUES-300x423.png 300w, https:\/\/bibliotecajuridicavirtual.cl\/wp-content\/uploads\/2026\/02\/LA-CASASION-HOY-CIEN-ANOS-DESPUES-64x90.png 64w, https:\/\/bibliotecajuridicavirtual.cl\/wp-content\/uploads\/2026\/02\/LA-CASASION-HOY-CIEN-ANOS-DESPUES-213x300.png 213w, https:\/\/bibliotecajuridicavirtual.cl\/wp-content\/uploads\/2026\/02\/LA-CASASION-HOY-CIEN-ANOS-DESPUES.png 320w\" sizes=\"(max-width: 300px) 100vw, 300px\" \/><h2 class=\"woocommerce-loop-product__title\">La Casaci\u00f3n hoy, cien a\u00f1os despu\u00e9s de calamandrei. A\u00f1o 20218\/220 P\u00e1g. Autor Jordi Nieva Fenoll, Renzo Cavani<\/h2>\n\t<span class=\"price\"><span class=\"woocommerce-Price-amount amount\"><bdi><span class=\"woocommerce-Price-currencySymbol\">&#36;<\/span>33.000<\/bdi><\/span><\/span>\n<\/a><a href=\"\/index.php\/wp-json\/wp\/v2\/pages\/4703?add-to-cart=3554\" aria-describedby=\"woocommerce_loop_add_to_cart_link_describedby_3554\" data-quantity=\"1\" class=\"button product_type_simple add_to_cart_button ajax_add_to_cart\" data-product_id=\"3554\" data-product_sku=\"9788413812274\" aria-label=\"Agregar al carrito: &ldquo;La Casaci\u00f3n hoy, cien a\u00f1os despu\u00e9s de calamandrei. A\u00f1o 20218\/220 P\u00e1g. Autor Jordi Nieva Fenoll, Renzo Cavani&rdquo;\" rel=\"nofollow\" data-success_message=\"&ldquo;La Casaci\u00f3n hoy, cien a\u00f1os despu\u00e9s de calamandrei. A\u00f1o 20218\/220 P\u00e1g. Autor Jordi Nieva Fenoll, Renzo Cavani&rdquo; se ha a\u00f1adido a tu carro\" role=\"button\">Agregar al carrito<\/a>\t<span id=\"woocommerce_loop_add_to_cart_link_describedby_3554\" class=\"screen-reader-text\">\n\t\t\t<\/span>\n<\/li>\n<li class=\"product type-product post-3517 status-publish first instock product_cat-ediciones-juridica-de-santiago product_cat-filosofia-del-derecho-y-introduccion has-post-thumbnail shipping-taxable purchasable product-type-simple\">\n\t<a href=\"https:\/\/bibliotecajuridicavirtual.cl\/index.php\/product\/los-williams-alemanes-en-chile-y-su-descendencia-ano-2024-160-pag-autor-jaime-williams-benavente\/\" class=\"woocommerce-LoopProduct-link woocommerce-loop-product__link\"><img loading=\"lazy\" decoding=\"async\" width=\"300\" height=\"424\" src=\"https:\/\/bibliotecajuridicavirtual.cl\/wp-content\/uploads\/2026\/02\/los-willims-alemanes-en-chile-300x424.png\" class=\"attachment-woocommerce_thumbnail size-woocommerce_thumbnail\" alt=\"Los Williams Alemanes en Chile y su Descendencia. A\u00f1o  2024\/ 160 P\u00e1g. Autor Jaime Williams Benavente\" srcset=\"https:\/\/bibliotecajuridicavirtual.cl\/wp-content\/uploads\/2026\/02\/los-willims-alemanes-en-chile-300x424.png 300w, https:\/\/bibliotecajuridicavirtual.cl\/wp-content\/uploads\/2026\/02\/los-willims-alemanes-en-chile-64x91.png 64w, https:\/\/bibliotecajuridicavirtual.cl\/wp-content\/uploads\/2026\/02\/los-willims-alemanes-en-chile-212x300.png 212w, https:\/\/bibliotecajuridicavirtual.cl\/wp-content\/uploads\/2026\/02\/los-willims-alemanes-en-chile.png 531w\" sizes=\"(max-width: 300px) 100vw, 300px\" \/><h2 class=\"woocommerce-loop-product__title\">Los Williams Alemanes en Chile y su Descendencia. A\u00f1o  2024\/ 160 P\u00e1g. Autor Jaime Williams Benavente<\/h2>\n\t<span class=\"price\"><span class=\"woocommerce-Price-amount amount\"><bdi><span class=\"woocommerce-Price-currencySymbol\">&#36;<\/span>24.000<\/bdi><\/span><\/span>\n<\/a><a href=\"\/index.php\/wp-json\/wp\/v2\/pages\/4703?add-to-cart=3517\" aria-describedby=\"woocommerce_loop_add_to_cart_link_describedby_3517\" data-quantity=\"1\" class=\"button product_type_simple add_to_cart_button ajax_add_to_cart\" data-product_id=\"3517\" data-product_sku=\"\" aria-label=\"Agregar al carrito: &ldquo;Los Williams Alemanes en Chile y su Descendencia. A\u00f1o  2024\/ 160 P\u00e1g. Autor Jaime Williams Benavente&rdquo;\" rel=\"nofollow\" data-success_message=\"&ldquo;Los Williams Alemanes en Chile y su Descendencia. A\u00f1o  2024\/ 160 P\u00e1g. Autor Jaime Williams Benavente&rdquo; se ha a\u00f1adido a tu carro\" role=\"button\">Agregar al carrito<\/a>\t<span id=\"woocommerce_loop_add_to_cart_link_describedby_3517\" class=\"screen-reader-text\">\n\t\t\t<\/span>\n<\/li>\n<li class=\"product type-product post-3476 status-publish instock product_cat-filosofia-del-derecho-y-introduccion product_cat-thomson-reuters has-post-thumbnail sale shipping-taxable purchasable product-type-simple\">\n\t<a href=\"https:\/\/bibliotecajuridicavirtual.cl\/index.php\/product\/introduccion-al-derecho-agustin-squella-narducci-7ma-edicion-revisada-ano-julio-2022-764-pag\/\" class=\"woocommerce-LoopProduct-link woocommerce-loop-product__link\">\n\t<span class=\"onsale\">\u00a1Oferta!<\/span>\n\t<img loading=\"lazy\" decoding=\"async\" width=\"300\" height=\"447\" src=\"https:\/\/bibliotecajuridicavirtual.cl\/wp-content\/uploads\/2026\/02\/INTRODUCCION-AL-DERECHO-THOMSON-300x447.png\" class=\"attachment-woocommerce_thumbnail size-woocommerce_thumbnail\" alt=\"Introducci\u00f3n al Derecho * Agust\u00edn Squella Narducci - 7ma. edici\u00f3n revisada, A\u00f1o Julio 2022 * 764 P\u00e1g.\" srcset=\"https:\/\/bibliotecajuridicavirtual.cl\/wp-content\/uploads\/2026\/02\/INTRODUCCION-AL-DERECHO-THOMSON-300x447.png 300w, https:\/\/bibliotecajuridicavirtual.cl\/wp-content\/uploads\/2026\/02\/INTRODUCCION-AL-DERECHO-THOMSON-600x893.png 600w, https:\/\/bibliotecajuridicavirtual.cl\/wp-content\/uploads\/2026\/02\/INTRODUCCION-AL-DERECHO-THOMSON-64x95.png 64w, https:\/\/bibliotecajuridicavirtual.cl\/wp-content\/uploads\/2026\/02\/INTRODUCCION-AL-DERECHO-THOMSON-202x300.png 202w, https:\/\/bibliotecajuridicavirtual.cl\/wp-content\/uploads\/2026\/02\/INTRODUCCION-AL-DERECHO-THOMSON-688x1024.png 688w, https:\/\/bibliotecajuridicavirtual.cl\/wp-content\/uploads\/2026\/02\/INTRODUCCION-AL-DERECHO-THOMSON-768x1143.png 768w, https:\/\/bibliotecajuridicavirtual.cl\/wp-content\/uploads\/2026\/02\/INTRODUCCION-AL-DERECHO-THOMSON.png 933w\" sizes=\"(max-width: 300px) 100vw, 300px\" \/><h2 class=\"woocommerce-loop-product__title\">Introducci\u00f3n al Derecho * Agust\u00edn Squella Narducci &#8211; 7ma. edici\u00f3n revisada, A\u00f1o Julio 2022 * 764 P\u00e1g.<\/h2>\n\t<span class=\"price\"><del aria-hidden=\"true\"><span class=\"woocommerce-Price-amount amount\"><bdi><span class=\"woocommerce-Price-currencySymbol\">&#36;<\/span>103.600<\/bdi><\/span><\/del> <span class=\"screen-reader-text\">El precio original era: &#036;103.600.<\/span><ins aria-hidden=\"true\"><span class=\"woocommerce-Price-amount amount\"><bdi><span class=\"woocommerce-Price-currencySymbol\">&#36;<\/span>72.000<\/bdi><\/span><\/ins><span class=\"screen-reader-text\">El precio actual es: &#036;72.000.<\/span><\/span>\n<\/a><a href=\"\/index.php\/wp-json\/wp\/v2\/pages\/4703?add-to-cart=3476\" aria-describedby=\"woocommerce_loop_add_to_cart_link_describedby_3476\" data-quantity=\"1\" class=\"button product_type_simple add_to_cart_button ajax_add_to_cart\" data-product_id=\"3476\" data-product_sku=\"9789564002866\" aria-label=\"Agregar al carrito: &ldquo;Introducci\u00f3n al Derecho * Agust\u00edn Squella Narducci - 7ma. edici\u00f3n revisada, A\u00f1o Julio 2022 * 764 P\u00e1g.&rdquo;\" rel=\"nofollow\" data-success_message=\"&ldquo;Introducci\u00f3n al Derecho * Agust\u00edn Squella Narducci - 7ma. edici\u00f3n revisada, A\u00f1o Julio 2022 * 764 P\u00e1g.&rdquo; se ha a\u00f1adido a tu carro\" role=\"button\">Agregar al carrito<\/a>\t<span id=\"woocommerce_loop_add_to_cart_link_describedby_3476\" class=\"screen-reader-text\">\n\t\t\t<\/span>\n<\/li>\n<li class=\"product type-product post-3475 status-publish instock product_cat-filosofia-del-derecho-y-introduccion has-post-thumbnail shipping-taxable purchasable product-type-simple\">\n\t<a href=\"https:\/\/bibliotecajuridicavirtual.cl\/index.php\/product\/introduccion-a-la-historia-del-derecho-chileno-constitucion-legalidad-y-cultura-juridica-siglos-xvi-a-xx-ano-agosto-2021-180-pag-autor-fernando-munoz-leon\/\" class=\"woocommerce-LoopProduct-link woocommerce-loop-product__link\"><img loading=\"lazy\" decoding=\"async\" width=\"300\" height=\"466\" src=\"https:\/\/bibliotecajuridicavirtual.cl\/wp-content\/uploads\/2026\/02\/INTRODUCCION-A-LA-HISTORIA-300x466.png\" class=\"attachment-woocommerce_thumbnail size-woocommerce_thumbnail\" alt=\"Introducci\u00f3n a la Historia del Derecho Chileno - Constituci\u00f3n, Legalidad y Cultura Jur\u00eddica. Siglos XVI a XX. A\u00f1o Agosto 2021\/ 180 P\u00e1g. Autor Fernando Mu\u00f1oz Le\u00f3n\" srcset=\"https:\/\/bibliotecajuridicavirtual.cl\/wp-content\/uploads\/2026\/02\/INTRODUCCION-A-LA-HISTORIA-300x466.png 300w, https:\/\/bibliotecajuridicavirtual.cl\/wp-content\/uploads\/2026\/02\/INTRODUCCION-A-LA-HISTORIA-600x932.png 600w, https:\/\/bibliotecajuridicavirtual.cl\/wp-content\/uploads\/2026\/02\/INTRODUCCION-A-LA-HISTORIA-64x99.png 64w, https:\/\/bibliotecajuridicavirtual.cl\/wp-content\/uploads\/2026\/02\/INTRODUCCION-A-LA-HISTORIA-193x300.png 193w, https:\/\/bibliotecajuridicavirtual.cl\/wp-content\/uploads\/2026\/02\/INTRODUCCION-A-LA-HISTORIA-659x1024.png 659w, https:\/\/bibliotecajuridicavirtual.cl\/wp-content\/uploads\/2026\/02\/INTRODUCCION-A-LA-HISTORIA-768x1193.png 768w, https:\/\/bibliotecajuridicavirtual.cl\/wp-content\/uploads\/2026\/02\/INTRODUCCION-A-LA-HISTORIA.png 889w\" sizes=\"(max-width: 300px) 100vw, 300px\" \/><h2 class=\"woocommerce-loop-product__title\">Introducci\u00f3n a la Historia del Derecho Chileno &#8211; Constituci\u00f3n, Legalidad y Cultura Jur\u00eddica. Siglos XVI a XX. A\u00f1o Agosto 2021\/ 180 P\u00e1g. Autor Fernando Mu\u00f1oz Le\u00f3n<\/h2>\n\t<span class=\"price\"><span class=\"woocommerce-Price-amount amount\"><bdi><span class=\"woocommerce-Price-currencySymbol\">&#36;<\/span>18.000<\/bdi><\/span><\/span>\n<\/a><a href=\"\/index.php\/wp-json\/wp\/v2\/pages\/4703?add-to-cart=3475\" aria-describedby=\"woocommerce_loop_add_to_cart_link_describedby_3475\" data-quantity=\"1\" class=\"button product_type_simple add_to_cart_button ajax_add_to_cart\" data-product_id=\"3475\" data-product_sku=\"9789564050188\" aria-label=\"Agregar al carrito: &ldquo;Introducci\u00f3n a la Historia del Derecho Chileno - Constituci\u00f3n, Legalidad y Cultura Jur\u00eddica. Siglos XVI a XX. A\u00f1o Agosto 2021\/ 180 P\u00e1g. Autor Fernando Mu\u00f1oz Le\u00f3n&rdquo;\" rel=\"nofollow\" data-success_message=\"&ldquo;Introducci\u00f3n a la Historia del Derecho Chileno - Constituci\u00f3n, Legalidad y Cultura Jur\u00eddica. Siglos XVI a XX. A\u00f1o Agosto 2021\/ 180 P\u00e1g. Autor Fernando Mu\u00f1oz Le\u00f3n&rdquo; se ha a\u00f1adido a tu carro\" role=\"button\">Agregar al carrito<\/a>\t<span id=\"woocommerce_loop_add_to_cart_link_describedby_3475\" class=\"screen-reader-text\">\n\t\t\t<\/span>\n<\/li>\n<li class=\"product type-product post-3471 status-publish last instock product_cat-ediciones-juridica-de-santiago product_cat-filosofia-del-derecho-y-introduccion has-post-thumbnail shipping-taxable purchasable product-type-simple\">\n\t<a href=\"https:\/\/bibliotecajuridicavirtual.cl\/index.php\/product\/introduccion-al-derecho-7ma-edicion-ano-2018-372-pag-autor-jorge-ivan-hubner-gallo\/\" class=\"woocommerce-LoopProduct-link woocommerce-loop-product__link\"><img loading=\"lazy\" decoding=\"async\" width=\"300\" height=\"428\" src=\"https:\/\/bibliotecajuridicavirtual.cl\/wp-content\/uploads\/2026\/02\/INTRODUCCION-AL-DERECHO-300x428.png\" class=\"attachment-woocommerce_thumbnail size-woocommerce_thumbnail\" alt=\"Introducci\u00f3n al Derecho- 7ma Edici\u00f3n . A\u00f1o 2018 \/372 P\u00e1g. Autor Jorge Ivan H\u00fcbner Gallo\" srcset=\"https:\/\/bibliotecajuridicavirtual.cl\/wp-content\/uploads\/2026\/02\/INTRODUCCION-AL-DERECHO-300x428.png 300w, https:\/\/bibliotecajuridicavirtual.cl\/wp-content\/uploads\/2026\/02\/INTRODUCCION-AL-DERECHO-600x855.png 600w, https:\/\/bibliotecajuridicavirtual.cl\/wp-content\/uploads\/2026\/02\/INTRODUCCION-AL-DERECHO-64x91.png 64w, https:\/\/bibliotecajuridicavirtual.cl\/wp-content\/uploads\/2026\/02\/INTRODUCCION-AL-DERECHO-210x300.png 210w, https:\/\/bibliotecajuridicavirtual.cl\/wp-content\/uploads\/2026\/02\/INTRODUCCION-AL-DERECHO-719x1024.png 719w, https:\/\/bibliotecajuridicavirtual.cl\/wp-content\/uploads\/2026\/02\/INTRODUCCION-AL-DERECHO-768x1095.png 768w, https:\/\/bibliotecajuridicavirtual.cl\/wp-content\/uploads\/2026\/02\/INTRODUCCION-AL-DERECHO.png 969w\" sizes=\"(max-width: 300px) 100vw, 300px\" \/><h2 class=\"woocommerce-loop-product__title\">Introducci\u00f3n al Derecho- 7ma Edici\u00f3n . A\u00f1o 2018 \/372 P\u00e1g. Autor Jorge Ivan H\u00fcbner Gallo<\/h2>\n\t<span class=\"price\"><span class=\"woocommerce-Price-amount amount\"><bdi><span class=\"woocommerce-Price-currencySymbol\">&#36;<\/span>29.500<\/bdi><\/span><\/span>\n<\/a><a href=\"\/index.php\/wp-json\/wp\/v2\/pages\/4703?add-to-cart=3471\" aria-describedby=\"woocommerce_loop_add_to_cart_link_describedby_3471\" data-quantity=\"1\" class=\"button product_type_simple add_to_cart_button ajax_add_to_cart\" data-product_id=\"3471\" data-product_sku=\"9789561009745\" aria-label=\"Agregar al carrito: &ldquo;Introducci\u00f3n al Derecho- 7ma Edici\u00f3n . A\u00f1o 2018 \/372 P\u00e1g. Autor Jorge Ivan H\u00fcbner Gallo&rdquo;\" rel=\"nofollow\" data-success_message=\"&ldquo;Introducci\u00f3n al Derecho- 7ma Edici\u00f3n . A\u00f1o 2018 \/372 P\u00e1g. Autor Jorge Ivan H\u00fcbner Gallo&rdquo; se ha a\u00f1adido a tu carro\" role=\"button\">Agregar al carrito<\/a>\t<span id=\"woocommerce_loop_add_to_cart_link_describedby_3471\" class=\"screen-reader-text\">\n\t\t\t<\/span>\n<\/li>\n<li class=\"product type-product post-3470 status-publish first instock product_cat-ediciones-juridica-de-santiago product_cat-filosofia-del-derecho-y-introduccion has-post-thumbnail shipping-taxable purchasable product-type-simple\">\n\t<a href=\"https:\/\/bibliotecajuridicavirtual.cl\/index.php\/product\/lecciones-de-introduccion-al-derecho-13ra-edicion-ano-agosto-2022-445-pag-autor-jaime-williams-benavente\/\" class=\"woocommerce-LoopProduct-link woocommerce-loop-product__link\"><img loading=\"lazy\" decoding=\"async\" width=\"300\" height=\"431\" src=\"https:\/\/bibliotecajuridicavirtual.cl\/wp-content\/uploads\/2026\/02\/LECCIONES-DE-INTRODUCCION-AL-DERECHO-DECIMOTERCERA-300x431.png\" class=\"attachment-woocommerce_thumbnail size-woocommerce_thumbnail\" alt=\"Lecciones de Introducci\u00f3n al Derecho - 13ra Edici\u00f3n. A\u00f1o Agosto 2022\/ 445 P\u00e1g. Autor Jaime Williams Benavente\" srcset=\"https:\/\/bibliotecajuridicavirtual.cl\/wp-content\/uploads\/2026\/02\/LECCIONES-DE-INTRODUCCION-AL-DERECHO-DECIMOTERCERA-300x431.png 300w, https:\/\/bibliotecajuridicavirtual.cl\/wp-content\/uploads\/2026\/02\/LECCIONES-DE-INTRODUCCION-AL-DERECHO-DECIMOTERCERA-600x861.png 600w, https:\/\/bibliotecajuridicavirtual.cl\/wp-content\/uploads\/2026\/02\/LECCIONES-DE-INTRODUCCION-AL-DERECHO-DECIMOTERCERA-64x92.png 64w, https:\/\/bibliotecajuridicavirtual.cl\/wp-content\/uploads\/2026\/02\/LECCIONES-DE-INTRODUCCION-AL-DERECHO-DECIMOTERCERA-209x300.png 209w, https:\/\/bibliotecajuridicavirtual.cl\/wp-content\/uploads\/2026\/02\/LECCIONES-DE-INTRODUCCION-AL-DERECHO-DECIMOTERCERA.png 661w\" sizes=\"(max-width: 300px) 100vw, 300px\" \/><h2 class=\"woocommerce-loop-product__title\">Lecciones de Introducci\u00f3n al Derecho &#8211; 13ra Edici\u00f3n. A\u00f1o Agosto 2022\/ 445 P\u00e1g. Autor Jaime Williams Benavente<\/h2>\n\t<span class=\"price\"><span class=\"woocommerce-Price-amount amount\"><bdi><span class=\"woocommerce-Price-currencySymbol\">&#36;<\/span>41.650<\/bdi><\/span><\/span>\n<\/a><a href=\"\/index.php\/wp-json\/wp\/v2\/pages\/4703?add-to-cart=3470\" aria-describedby=\"woocommerce_loop_add_to_cart_link_describedby_3470\" data-quantity=\"1\" class=\"button product_type_simple add_to_cart_button ajax_add_to_cart\" data-product_id=\"3470\" data-product_sku=\"9789566178262\" aria-label=\"Agregar al carrito: &ldquo;Lecciones de Introducci\u00f3n al Derecho - 13ra Edici\u00f3n. A\u00f1o Agosto 2022\/ 445 P\u00e1g. Autor Jaime Williams Benavente&rdquo;\" rel=\"nofollow\" data-success_message=\"&ldquo;Lecciones de Introducci\u00f3n al Derecho - 13ra Edici\u00f3n. A\u00f1o Agosto 2022\/ 445 P\u00e1g. Autor Jaime Williams Benavente&rdquo; se ha a\u00f1adido a tu carro\" role=\"button\">Agregar al carrito<\/a>\t<span id=\"woocommerce_loop_add_to_cart_link_describedby_3470\" class=\"screen-reader-text\">\n\t\t\t<\/span>\n<\/li>\n<li class=\"product type-product post-3446 status-publish instock product_cat-filosofia-del-derecho-y-introduccion has-post-thumbnail shipping-taxable purchasable product-type-simple\">\n\t<a href=\"https:\/\/bibliotecajuridicavirtual.cl\/index.php\/product\/lecciones-de-derecho-romano-2da-edicion-ano-2024-240-pag-autor-angela-cattan-atala\/\" class=\"woocommerce-LoopProduct-link woocommerce-loop-product__link\"><img loading=\"lazy\" decoding=\"async\" width=\"300\" height=\"417\" src=\"https:\/\/bibliotecajuridicavirtual.cl\/wp-content\/uploads\/2026\/02\/Lecciones-de-derecho-romano-300x417.png\" class=\"attachment-woocommerce_thumbnail size-woocommerce_thumbnail\" alt=\"Lecciones de Derecho Romano, 2da Edici\u00f3n. A\u00f1o 2024 \/ 240 P\u00e1g. Autor \u00c1ngela Cattan Atala\" srcset=\"https:\/\/bibliotecajuridicavirtual.cl\/wp-content\/uploads\/2026\/02\/Lecciones-de-derecho-romano-300x417.png 300w, https:\/\/bibliotecajuridicavirtual.cl\/wp-content\/uploads\/2026\/02\/Lecciones-de-derecho-romano-600x835.png 600w, https:\/\/bibliotecajuridicavirtual.cl\/wp-content\/uploads\/2026\/02\/Lecciones-de-derecho-romano-64x89.png 64w, https:\/\/bibliotecajuridicavirtual.cl\/wp-content\/uploads\/2026\/02\/Lecciones-de-derecho-romano-216x300.png 216w, https:\/\/bibliotecajuridicavirtual.cl\/wp-content\/uploads\/2026\/02\/Lecciones-de-derecho-romano-736x1024.png 736w, https:\/\/bibliotecajuridicavirtual.cl\/wp-content\/uploads\/2026\/02\/Lecciones-de-derecho-romano-768x1069.png 768w, https:\/\/bibliotecajuridicavirtual.cl\/wp-content\/uploads\/2026\/02\/Lecciones-de-derecho-romano.png 950w\" sizes=\"(max-width: 300px) 100vw, 300px\" \/><h2 class=\"woocommerce-loop-product__title\">Lecciones de Derecho Romano, 2da Edici\u00f3n. A\u00f1o 2024 \/ 240 P\u00e1g. Autor \u00c1ngela Cattan Atala<\/h2>\n\t<span class=\"price\"><span class=\"woocommerce-Price-amount amount\"><bdi><span class=\"woocommerce-Price-currencySymbol\">&#36;<\/span>25.000<\/bdi><\/span><\/span>\n<\/a><a href=\"\/index.php\/wp-json\/wp\/v2\/pages\/4703?add-to-cart=3446\" aria-describedby=\"woocommerce_loop_add_to_cart_link_describedby_3446\" data-quantity=\"1\" class=\"button product_type_simple add_to_cart_button ajax_add_to_cart\" data-product_id=\"3446\" data-product_sku=\"9789562863377\" aria-label=\"Agregar al carrito: &ldquo;Lecciones de Derecho Romano, 2da Edici\u00f3n. A\u00f1o 2024 \/ 240 P\u00e1g. Autor \u00c1ngela Cattan Atala&rdquo;\" rel=\"nofollow\" data-success_message=\"&ldquo;Lecciones de Derecho Romano, 2da Edici\u00f3n. A\u00f1o 2024 \/ 240 P\u00e1g. Autor \u00c1ngela Cattan Atala&rdquo; se ha a\u00f1adido a tu carro\" role=\"button\">Agregar al carrito<\/a>\t<span id=\"woocommerce_loop_add_to_cart_link_describedby_3446\" class=\"screen-reader-text\">\n\t\t\t<\/span>\n<\/li>\n<li class=\"product type-product post-3398 status-publish instock product_cat-filosofia-del-derecho-y-introduccion has-post-thumbnail shipping-taxable purchasable product-type-simple\">\n\t<a href=\"https:\/\/bibliotecajuridicavirtual.cl\/index.php\/product\/lecciones-de-historia-herramientas-para-la-historia-del-derecho-ano-abril-2024-364-pag-autor-loris-de-nardi-y-mar-del-rosario-guridi-rivano\/\" class=\"woocommerce-LoopProduct-link woocommerce-loop-product__link\"><img loading=\"lazy\" decoding=\"async\" width=\"300\" height=\"431\" src=\"https:\/\/bibliotecajuridicavirtual.cl\/wp-content\/uploads\/2026\/02\/LECCIONES-DE-HISTORIA-300x431.png\" class=\"attachment-woocommerce_thumbnail size-woocommerce_thumbnail\" alt=\"Lecciones de Historia. Herramientas para la historia del derecho. A\u00f1o Abril 2024\/ 364 P\u00e1g. Autor Loris De Nardi y  Mar del Rosario Guridi Rivano\" srcset=\"https:\/\/bibliotecajuridicavirtual.cl\/wp-content\/uploads\/2026\/02\/LECCIONES-DE-HISTORIA-300x431.png 300w, https:\/\/bibliotecajuridicavirtual.cl\/wp-content\/uploads\/2026\/02\/LECCIONES-DE-HISTORIA-64x92.png 64w, https:\/\/bibliotecajuridicavirtual.cl\/wp-content\/uploads\/2026\/02\/LECCIONES-DE-HISTORIA-209x300.png 209w, https:\/\/bibliotecajuridicavirtual.cl\/wp-content\/uploads\/2026\/02\/LECCIONES-DE-HISTORIA.png 459w\" sizes=\"(max-width: 300px) 100vw, 300px\" \/><h2 class=\"woocommerce-loop-product__title\">Lecciones de Historia. Herramientas para la historia del derecho. A\u00f1o Abril 2024\/ 364 P\u00e1g. Autor Loris De Nardi y  Mar del Rosario Guridi Rivano<\/h2>\n\t<span class=\"price\"><span class=\"woocommerce-Price-amount amount\"><bdi><span class=\"woocommerce-Price-currencySymbol\">&#36;<\/span>35.990<\/bdi><\/span><\/span>\n<\/a><a href=\"\/index.php\/wp-json\/wp\/v2\/pages\/4703?add-to-cart=3398\" aria-describedby=\"woocommerce_loop_add_to_cart_link_describedby_3398\" data-quantity=\"1\" class=\"button product_type_simple add_to_cart_button ajax_add_to_cart\" data-product_id=\"3398\" data-product_sku=\"9788410567009\" aria-label=\"Agregar al carrito: &ldquo;Lecciones de Historia. Herramientas para la historia del derecho. A\u00f1o Abril 2024\/ 364 P\u00e1g. Autor Loris De Nardi y  Mar del Rosario Guridi Rivano&rdquo;\" rel=\"nofollow\" data-success_message=\"&ldquo;Lecciones de Historia. Herramientas para la historia del derecho. A\u00f1o Abril 2024\/ 364 P\u00e1g. Autor Loris De Nardi y  Mar del Rosario Guridi Rivano&rdquo; se ha a\u00f1adido a tu carro\" role=\"button\">Agregar al carrito<\/a>\t<span id=\"woocommerce_loop_add_to_cart_link_describedby_3398\" class=\"screen-reader-text\">\n\t\t\t<\/span>\n<\/li>\n<li class=\"product type-product post-3373 status-publish last instock product_cat-filosofia-del-derecho-y-introduccion has-post-thumbnail shipping-taxable purchasable product-type-simple\">\n\t<a href=\"https:\/\/bibliotecajuridicavirtual.cl\/index.php\/product\/grandes-juristas-su-aporte-a-la-construccion-del-derecho-ano-enero-2024-882-pag-autor-alejandro-vergara-blanco\/\" class=\"woocommerce-LoopProduct-link woocommerce-loop-product__link\"><img loading=\"lazy\" decoding=\"async\" width=\"300\" height=\"416\" src=\"https:\/\/bibliotecajuridicavirtual.cl\/wp-content\/uploads\/2026\/02\/GRANDES-JURISTAS-300x416.png\" class=\"attachment-woocommerce_thumbnail size-woocommerce_thumbnail\" alt=\"Grandes Juristas - Su Aporte a la Construcci\u00f3n del Derecho. A\u00f1o Enero 2024\/ 882 P\u00e1g. Autor  Alejandro Vergara Blanco\" srcset=\"https:\/\/bibliotecajuridicavirtual.cl\/wp-content\/uploads\/2026\/02\/GRANDES-JURISTAS-300x416.png 300w, https:\/\/bibliotecajuridicavirtual.cl\/wp-content\/uploads\/2026\/02\/GRANDES-JURISTAS-600x831.png 600w, https:\/\/bibliotecajuridicavirtual.cl\/wp-content\/uploads\/2026\/02\/GRANDES-JURISTAS-64x89.png 64w, https:\/\/bibliotecajuridicavirtual.cl\/wp-content\/uploads\/2026\/02\/GRANDES-JURISTAS-216x300.png 216w, https:\/\/bibliotecajuridicavirtual.cl\/wp-content\/uploads\/2026\/02\/GRANDES-JURISTAS-739x1024.png 739w, https:\/\/bibliotecajuridicavirtual.cl\/wp-content\/uploads\/2026\/02\/GRANDES-JURISTAS.png 757w\" sizes=\"(max-width: 300px) 100vw, 300px\" \/><h2 class=\"woocommerce-loop-product__title\">Grandes Juristas &#8211; Su Aporte a la Construcci\u00f3n del Derecho. A\u00f1o Enero 2024\/ 882 P\u00e1g. Autor  Alejandro Vergara Blanco<\/h2>\n\t<span class=\"price\"><span class=\"woocommerce-Price-amount amount\"><bdi><span class=\"woocommerce-Price-currencySymbol\">&#36;<\/span>55.000<\/bdi><\/span><\/span>\n<\/a><a href=\"\/index.php\/wp-json\/wp\/v2\/pages\/4703?add-to-cart=3373\" aria-describedby=\"woocommerce_loop_add_to_cart_link_describedby_3373\" data-quantity=\"1\" class=\"button product_type_simple add_to_cart_button ajax_add_to_cart\" data-product_id=\"3373\" data-product_sku=\"9789561432321\" aria-label=\"Agregar al carrito: &ldquo;Grandes Juristas - Su Aporte a la Construcci\u00f3n del Derecho. A\u00f1o Enero 2024\/ 882 P\u00e1g. Autor  Alejandro Vergara Blanco&rdquo;\" rel=\"nofollow\" data-success_message=\"&ldquo;Grandes Juristas - Su Aporte a la Construcci\u00f3n del Derecho. A\u00f1o Enero 2024\/ 882 P\u00e1g. Autor  Alejandro Vergara Blanco&rdquo; se ha a\u00f1adido a tu carro\" role=\"button\">Agregar al carrito<\/a>\t<span id=\"woocommerce_loop_add_to_cart_link_describedby_3373\" class=\"screen-reader-text\">\n\t\t\t<\/span>\n<\/li>\n<\/ul>\n<nav class=\"woocommerce-pagination\" aria-label=\"Paginaci\u00f3n de producto\">\n\t<ul class='page-numbers'>\n\t<li><span aria-label=\"P\u00e1gina 1\" aria-current=\"page\" class=\"page-numbers current\">1<\/span><\/li>\n\t<li><a aria-label=\"P\u00e1gina 2\" class=\"page-numbers\" href=\"\/index.php\/wp-json\/wp\/v2\/pages\/4703?product-page=2\">2<\/a><\/li>\n\t<li><a class=\"next page-numbers\" href=\"\/index.php\/wp-json\/wp\/v2\/pages\/4703?product-page=2\">&rarr;<\/a><\/li>\n<\/ul>\n<\/nav>\n<\/div>\t\t\t\t<\/div>\n\t\t\t\t<\/div>\n\t\t\t\t\t<\/div>\n\t\t\t\t<\/div>\n\t\t\t\t<\/div>\n\t\t","protected":false},"excerpt":{"rendered":"<p>Filosof\u00eda y Formaci\u00f3n Jur\u00eddica<\/p>\n","protected":false},"author":2,"featured_media":0,"parent":0,"menu_order":0,"comment_status":"closed","ping_status":"closed","template":"elementor_header_footer","meta":{"inline_featured_image":false,"_joinchat":[],"footnotes":""},"class_list":["post-4703","page","type-page","status-publish","hentry"],"_links":{"self":[{"href":"https:\/\/bibliotecajuridicavirtual.cl\/index.php\/wp-json\/wp\/v2\/pages\/4703","targetHints":{"allow":["GET"]}}],"collection":[{"href":"https:\/\/bibliotecajuridicavirtual.cl\/index.php\/wp-json\/wp\/v2\/pages"}],"about":[{"href":"https:\/\/bibliotecajuridicavirtual.cl\/index.php\/wp-json\/wp\/v2\/types\/page"}],"author":[{"embeddable":true,"href":"https:\/\/bibliotecajuridicavirtual.cl\/index.php\/wp-json\/wp\/v2\/users\/2"}],"replies":[{"embeddable":true,"href":"https:\/\/bibliotecajuridicavirtual.cl\/index.php\/wp-json\/wp\/v2\/comments?post=4703"}],"version-history":[{"count":7,"href":"https:\/\/bibliotecajuridicavirtual.cl\/index.php\/wp-json\/wp\/v2\/pages\/4703\/revisions"}],"predecessor-version":[{"id":4895,"href":"https:\/\/bibliotecajuridicavirtual.cl\/index.php\/wp-json\/wp\/v2\/pages\/4703\/revisions\/4895"}],"wp:attachment":[{"href":"https:\/\/bibliotecajuridicavirtual.cl\/index.php\/wp-json\/wp\/v2\/media?parent=4703"}],"curies":[{"name":"wp","href":"https:\/\/api.w.org\/{rel}","templated":true}]}}