{"id":4783,"date":"2026-03-03T10:34:08","date_gmt":"2026-03-03T13:34:08","guid":{"rendered":"https:\/\/bibliotecajuridicavirtual.cl\/?page_id=4783"},"modified":"2026-03-03T10:35:43","modified_gmt":"2026-03-03T13:35:43","slug":"codigos-2025","status":"publish","type":"page","link":"https:\/\/bibliotecajuridicavirtual.cl\/index.php\/codigos-2025\/","title":{"rendered":"C\u00f3digos 2025"},"content":{"rendered":"\t\t<div data-elementor-type=\"wp-page\" data-elementor-id=\"4783\" class=\"elementor elementor-4783\" data-elementor-post-type=\"page\">\n\t\t\t\t<div class=\"elementor-element elementor-element-9c9d28b e-flex e-con-boxed wpr-particle-no wpr-jarallax-no wpr-parallax-no wpr-sticky-section-no wpr-equal-height-no e-con e-parent\" data-id=\"9c9d28b\" data-element_type=\"container\" data-e-type=\"container\" data-settings=\"{&quot;background_background&quot;:&quot;classic&quot;}\">\n\t\t\t\t\t<div class=\"e-con-inner\">\n\t\t<div class=\"elementor-element elementor-element-be2bb4d e-con-full e-flex wpr-particle-no wpr-jarallax-no wpr-parallax-no wpr-sticky-section-no wpr-equal-height-no e-con e-child\" data-id=\"be2bb4d\" data-element_type=\"container\" data-e-type=\"container\">\n\t\t\t\t<div class=\"elementor-element elementor-element-5da4f87 elementor-widget elementor-widget-heading\" data-id=\"5da4f87\" data-element_type=\"widget\" data-e-type=\"widget\" data-widget_type=\"heading.default\">\n\t\t\t\t<div class=\"elementor-widget-container\">\n\t\t\t\t\t<h1 class=\"elementor-heading-title elementor-size-default\">C\u00f3digos de la Rep\u00fablica \/ 2025<\/h1>\t\t\t\t<\/div>\n\t\t\t\t<\/div>\n\t\t\t\t<\/div>\n\t\t\t\t\t<\/div>\n\t\t\t\t<\/div>\n\t\t<div class=\"elementor-element elementor-element-f536256 e-flex e-con-boxed wpr-particle-no wpr-jarallax-no wpr-parallax-no wpr-sticky-section-no wpr-equal-height-no e-con e-parent\" data-id=\"f536256\" data-element_type=\"container\" data-e-type=\"container\">\n\t\t\t\t\t<div class=\"e-con-inner\">\n\t\t\t\t<div class=\"elementor-element elementor-element-d08b61d elementor-product-loop-item--align-center elementor-grid-4 elementor-grid-tablet-3 elementor-grid-mobile-2 elementor-products-grid elementor-wc-products elementor-show-pagination-border-yes elementor-widget elementor-widget-woocommerce-products\" data-id=\"d08b61d\" data-element_type=\"widget\" data-e-type=\"widget\" data-widget_type=\"woocommerce-products.default\">\n\t\t\t\t<div class=\"elementor-widget-container\">\n\t\t\t\t\t<div class=\"woocommerce columns-4 \"><div class=\"woocommerce-notices-wrapper\"><\/div><ul class=\"products elementor-grid columns-4\">\n<li class=\"product type-product post-3393 status-publish first instock product_cat-codigos-de-la-republica-de-chile-ano-2025 product_cat-tributario has-post-thumbnail shipping-taxable purchasable product-type-simple\">\n\t<a href=\"https:\/\/bibliotecajuridicavirtual.cl\/index.php\/product\/codigo-tributario-de-chile-2025-alvaro-magasich-airola-anillado-edicion-con-apendice-legislativo-indice-analitico-538-pag\/\" class=\"woocommerce-LoopProduct-link woocommerce-loop-product__link\"><img decoding=\"async\" width=\"180\" height=\"215\" src=\"https:\/\/bibliotecajuridicavirtual.cl\/wp-content\/uploads\/2026\/02\/CODIGO-TRIBUTARIO-ANO-2025-ANILLO-TIRANT.webp\" class=\"attachment-woocommerce_thumbnail size-woocommerce_thumbnail\" alt=\"C\u00f3digo Tributario de Chile 2025 * \u00c1lvaro Magasich Airola - Anillado, edici\u00f3n con ap\u00e9ndice legislativo. \u00cdndice anal\u00edtico - 538 P\u00e1g.\" srcset=\"https:\/\/bibliotecajuridicavirtual.cl\/wp-content\/uploads\/2026\/02\/CODIGO-TRIBUTARIO-ANO-2025-ANILLO-TIRANT.webp 180w, https:\/\/bibliotecajuridicavirtual.cl\/wp-content\/uploads\/2026\/02\/CODIGO-TRIBUTARIO-ANO-2025-ANILLO-TIRANT-64x76.webp 64w\" sizes=\"(max-width: 180px) 100vw, 180px\" \/><h2 class=\"woocommerce-loop-product__title\">C\u00f3digo Tributario de Chile 2025 * \u00c1lvaro Magasich Airola &#8211; Anillado, edici\u00f3n con ap\u00e9ndice legislativo. \u00cdndice anal\u00edtico &#8211; 538 P\u00e1g.<\/h2>\n\t<span class=\"price\"><span class=\"woocommerce-Price-amount amount\"><bdi><span class=\"woocommerce-Price-currencySymbol\">&#36;<\/span>29.000<\/bdi><\/span><\/span>\n<\/a><a href=\"\/index.php\/wp-json\/wp\/v2\/pages\/4783?add-to-cart=3393\" aria-describedby=\"woocommerce_loop_add_to_cart_link_describedby_3393\" data-quantity=\"1\" class=\"button product_type_simple add_to_cart_button ajax_add_to_cart\" data-product_id=\"3393\" data-product_sku=\"9788410566484\" aria-label=\"Agregar al carrito: &ldquo;C\u00f3digo Tributario de Chile 2025 * \u00c1lvaro Magasich Airola - Anillado, edici\u00f3n con ap\u00e9ndice legislativo. \u00cdndice anal\u00edtico - 538 P\u00e1g.&rdquo;\" rel=\"nofollow\" data-success_message=\"&ldquo;C\u00f3digo Tributario de Chile 2025 * \u00c1lvaro Magasich Airola - Anillado, edici\u00f3n con ap\u00e9ndice legislativo. \u00cdndice anal\u00edtico - 538 P\u00e1g.&rdquo; se ha a\u00f1adido a tu carro\" role=\"button\">Agregar al carrito<\/a>\t<span id=\"woocommerce_loop_add_to_cart_link_describedby_3393\" class=\"screen-reader-text\">\n\t\t\t<\/span>\n<\/li>\n<li class=\"product type-product post-3272 status-publish instock product_cat-codigos-de-la-republica-de-chile-ano-2025 product_cat-comercial has-post-thumbnail shipping-taxable purchasable product-type-simple\">\n\t<a href=\"https:\/\/bibliotecajuridicavirtual.cl\/index.php\/product\/codigo-de-comercio-de-chile-4ta-edicion-con-apendice-legislativo-indices-tematico-y-analitico-ano-2025-924-pag-autor-manuel-bernet-paez\/\" class=\"woocommerce-LoopProduct-link woocommerce-loop-product__link\"><img fetchpriority=\"high\" decoding=\"async\" width=\"300\" height=\"357\" src=\"https:\/\/bibliotecajuridicavirtual.cl\/wp-content\/uploads\/2026\/02\/Mesa-de-trabajo-1-copia-2-300x357.webp\" class=\"attachment-woocommerce_thumbnail size-woocommerce_thumbnail\" alt=\"C\u00f3digo de Comercio de Chile 4ta. Edici\u00f3n con Ap\u00e9ndice Legislativo - \u00cdndices Tem\u00e1tico y Anal\u00edtico. A\u00f1o 2025\/ 924 P\u00e1g. Autor  Manuel Bernet P\u00e1ez\" srcset=\"https:\/\/bibliotecajuridicavirtual.cl\/wp-content\/uploads\/2026\/02\/Mesa-de-trabajo-1-copia-2-300x357.webp 300w, https:\/\/bibliotecajuridicavirtual.cl\/wp-content\/uploads\/2026\/02\/Mesa-de-trabajo-1-copia-2-252x300.webp 252w, https:\/\/bibliotecajuridicavirtual.cl\/wp-content\/uploads\/2026\/02\/Mesa-de-trabajo-1-copia-2-768x913.webp 768w, https:\/\/bibliotecajuridicavirtual.cl\/wp-content\/uploads\/2026\/02\/Mesa-de-trabajo-1-copia-2-600x713.webp 600w, https:\/\/bibliotecajuridicavirtual.cl\/wp-content\/uploads\/2026\/02\/Mesa-de-trabajo-1-copia-2-64x76.webp 64w, https:\/\/bibliotecajuridicavirtual.cl\/wp-content\/uploads\/2026\/02\/Mesa-de-trabajo-1-copia-2.webp 841w\" sizes=\"(max-width: 300px) 100vw, 300px\" \/><h2 class=\"woocommerce-loop-product__title\">C\u00f3digo de Comercio de Chile 4ta. Edici\u00f3n con Ap\u00e9ndice Legislativo &#8211; \u00cdndices Tem\u00e1tico y Anal\u00edtico. A\u00f1o 2025\/ 924 P\u00e1g. Autor  Manuel Bernet P\u00e1ez<\/h2>\n\t<span class=\"price\"><span class=\"woocommerce-Price-amount amount\"><bdi><span class=\"woocommerce-Price-currencySymbol\">&#36;<\/span>29.990<\/bdi><\/span><\/span>\n<\/a><a href=\"\/index.php\/wp-json\/wp\/v2\/pages\/4783?add-to-cart=3272\" aria-describedby=\"woocommerce_loop_add_to_cart_link_describedby_3272\" data-quantity=\"1\" class=\"button product_type_simple add_to_cart_button ajax_add_to_cart\" data-product_id=\"3272\" data-product_sku=\"9788410955967\" aria-label=\"Agregar al carrito: &ldquo;C\u00f3digo de Comercio de Chile 4ta. Edici\u00f3n con Ap\u00e9ndice Legislativo - \u00cdndices Tem\u00e1tico y Anal\u00edtico. A\u00f1o 2025\/ 924 P\u00e1g. Autor  Manuel Bernet P\u00e1ez&rdquo;\" rel=\"nofollow\" data-success_message=\"&ldquo;C\u00f3digo de Comercio de Chile 4ta. Edici\u00f3n con Ap\u00e9ndice Legislativo - \u00cdndices Tem\u00e1tico y Anal\u00edtico. A\u00f1o 2025\/ 924 P\u00e1g. Autor  Manuel Bernet P\u00e1ez&rdquo; se ha a\u00f1adido a tu carro\" role=\"button\">Agregar al carrito<\/a>\t<span id=\"woocommerce_loop_add_to_cart_link_describedby_3272\" class=\"screen-reader-text\">\n\t\t\t<\/span>\n<\/li>\n<li class=\"product type-product post-2084 status-publish instock product_cat-codigos-de-la-republica-de-chile-ano-2025 has-post-thumbnail sale shipping-taxable purchasable product-type-simple\">\n\t<a href=\"https:\/\/bibliotecajuridicavirtual.cl\/index.php\/product\/codigo-de-comercio-jose-ignacio-diaz-villalobos-edicion-actualizada-ano-2025-1-380-pag\/\" class=\"woocommerce-LoopProduct-link woocommerce-loop-product__link\">\n\t<span class=\"onsale\">\u00a1Oferta!<\/span>\n\t<img decoding=\"async\" width=\"300\" height=\"300\" src=\"https:\/\/bibliotecajuridicavirtual.cl\/wp-content\/uploads\/2026\/02\/CODIGO-DE-COMERCIO-2025-THOMSON-OFICIAL-300x300.png\" class=\"attachment-woocommerce_thumbnail size-woocommerce_thumbnail\" alt=\"C\u00f3digo de Comercio  - Jos\u00e9 Ignacio Diaz Villalobos - edici\u00f3n actualizada a\u00f1o 2025, 1.380 P\u00e1g.\" srcset=\"https:\/\/bibliotecajuridicavirtual.cl\/wp-content\/uploads\/2026\/02\/CODIGO-DE-COMERCIO-2025-THOMSON-OFICIAL-300x300.png 300w, https:\/\/bibliotecajuridicavirtual.cl\/wp-content\/uploads\/2026\/02\/CODIGO-DE-COMERCIO-2025-THOMSON-OFICIAL-100x100.png 100w, https:\/\/bibliotecajuridicavirtual.cl\/wp-content\/uploads\/2026\/02\/CODIGO-DE-COMERCIO-2025-THOMSON-OFICIAL-600x600.png 600w, https:\/\/bibliotecajuridicavirtual.cl\/wp-content\/uploads\/2026\/02\/CODIGO-DE-COMERCIO-2025-THOMSON-OFICIAL-64x64.png 64w, https:\/\/bibliotecajuridicavirtual.cl\/wp-content\/uploads\/2026\/02\/CODIGO-DE-COMERCIO-2025-THOMSON-OFICIAL-150x150.png 150w, https:\/\/bibliotecajuridicavirtual.cl\/wp-content\/uploads\/2026\/02\/CODIGO-DE-COMERCIO-2025-THOMSON-OFICIAL-768x768.png 768w, https:\/\/bibliotecajuridicavirtual.cl\/wp-content\/uploads\/2026\/02\/CODIGO-DE-COMERCIO-2025-THOMSON-OFICIAL.png 800w\" sizes=\"(max-width: 300px) 100vw, 300px\" \/><h2 class=\"woocommerce-loop-product__title\">C\u00f3digo de Comercio  &#8211; Jos\u00e9 Ignacio Diaz Villalobos &#8211; edici\u00f3n actualizada a\u00f1o 2025, 1.380 P\u00e1g.<\/h2>\n\t<span class=\"price\"><del aria-hidden=\"true\"><span class=\"woocommerce-Price-amount amount\"><bdi><span class=\"woocommerce-Price-currencySymbol\">&#36;<\/span>53.000<\/bdi><\/span><\/del> <span class=\"screen-reader-text\">El precio original era: &#036;53.000.<\/span><ins aria-hidden=\"true\"><span class=\"woocommerce-Price-amount amount\"><bdi><span class=\"woocommerce-Price-currencySymbol\">&#36;<\/span>45.050<\/bdi><\/span><\/ins><span class=\"screen-reader-text\">El precio actual es: &#036;45.050.<\/span><\/span>\n<\/a><a href=\"\/index.php\/wp-json\/wp\/v2\/pages\/4783?add-to-cart=2084\" aria-describedby=\"woocommerce_loop_add_to_cart_link_describedby_2084\" data-quantity=\"1\" class=\"button product_type_simple add_to_cart_button ajax_add_to_cart\" data-product_id=\"2084\" data-product_sku=\"9789564006185\" aria-label=\"Agregar al carrito: &ldquo;C\u00f3digo de Comercio  - Jos\u00e9 Ignacio Diaz Villalobos - edici\u00f3n actualizada a\u00f1o 2025, 1.380 P\u00e1g.&rdquo;\" rel=\"nofollow\" data-success_message=\"&ldquo;C\u00f3digo de Comercio  - Jos\u00e9 Ignacio Diaz Villalobos - edici\u00f3n actualizada a\u00f1o 2025, 1.380 P\u00e1g.&rdquo; se ha a\u00f1adido a tu carro\" role=\"button\">Agregar al carrito<\/a>\t<span id=\"woocommerce_loop_add_to_cart_link_describedby_2084\" class=\"screen-reader-text\">\n\t\t\t<\/span>\n<\/li>\n<li class=\"product type-product post-2070 status-publish last instock product_cat-codigos-de-la-republica-de-chile-ano-2025 has-post-thumbnail shipping-taxable purchasable product-type-simple\">\n\t<a href=\"https:\/\/bibliotecajuridicavirtual.cl\/index.php\/product\/codigo-de-aguas-gonzalo-arevalo-cunich-dino-ramirez-huanca-edicion-actualizada-ano-2025-1-172-pag\/\" class=\"woocommerce-LoopProduct-link woocommerce-loop-product__link\"><img loading=\"lazy\" decoding=\"async\" width=\"300\" height=\"300\" src=\"https:\/\/bibliotecajuridicavirtual.cl\/wp-content\/uploads\/2026\/02\/CODIGO-DE-AGUAS-2025-THOMSON-OFICIAL-300x300.png\" class=\"attachment-woocommerce_thumbnail size-woocommerce_thumbnail\" alt=\"C\u00f3digo de Aguas - Gonzalo Arevalo Cunich, Dino Ramirez Huanca - edici\u00f3n actualizada a\u00f1o 2025, 1.172 P\u00e1g.\" srcset=\"https:\/\/bibliotecajuridicavirtual.cl\/wp-content\/uploads\/2026\/02\/CODIGO-DE-AGUAS-2025-THOMSON-OFICIAL-300x300.png 300w, https:\/\/bibliotecajuridicavirtual.cl\/wp-content\/uploads\/2026\/02\/CODIGO-DE-AGUAS-2025-THOMSON-OFICIAL-100x100.png 100w, https:\/\/bibliotecajuridicavirtual.cl\/wp-content\/uploads\/2026\/02\/CODIGO-DE-AGUAS-2025-THOMSON-OFICIAL-600x600.png 600w, https:\/\/bibliotecajuridicavirtual.cl\/wp-content\/uploads\/2026\/02\/CODIGO-DE-AGUAS-2025-THOMSON-OFICIAL-64x64.png 64w, https:\/\/bibliotecajuridicavirtual.cl\/wp-content\/uploads\/2026\/02\/CODIGO-DE-AGUAS-2025-THOMSON-OFICIAL-1024x1024.png 1024w, https:\/\/bibliotecajuridicavirtual.cl\/wp-content\/uploads\/2026\/02\/CODIGO-DE-AGUAS-2025-THOMSON-OFICIAL-150x150.png 150w, https:\/\/bibliotecajuridicavirtual.cl\/wp-content\/uploads\/2026\/02\/CODIGO-DE-AGUAS-2025-THOMSON-OFICIAL-768x768.png 768w, https:\/\/bibliotecajuridicavirtual.cl\/wp-content\/uploads\/2026\/02\/CODIGO-DE-AGUAS-2025-THOMSON-OFICIAL.png 1200w\" sizes=\"(max-width: 300px) 100vw, 300px\" \/><h2 class=\"woocommerce-loop-product__title\">C\u00f3digo de Aguas &#8211; Gonzalo Arevalo Cunich, Dino Ramirez Huanca &#8211; edici\u00f3n actualizada a\u00f1o 2025, 1.172 P\u00e1g.<\/h2>\n\t<span class=\"price\"><span class=\"woocommerce-Price-amount amount\"><bdi><span class=\"woocommerce-Price-currencySymbol\">&#36;<\/span>50.000<\/bdi><\/span><\/span>\n<\/a><a href=\"\/index.php\/wp-json\/wp\/v2\/pages\/4783?add-to-cart=2070\" aria-describedby=\"woocommerce_loop_add_to_cart_link_describedby_2070\" data-quantity=\"1\" class=\"button product_type_simple add_to_cart_button ajax_add_to_cart\" data-product_id=\"2070\" data-product_sku=\"9789564006192\" aria-label=\"Agregar al carrito: &ldquo;C\u00f3digo de Aguas - Gonzalo Arevalo Cunich, Dino Ramirez Huanca - edici\u00f3n actualizada a\u00f1o 2025, 1.172 P\u00e1g.&rdquo;\" rel=\"nofollow\" data-success_message=\"&ldquo;C\u00f3digo de Aguas - Gonzalo Arevalo Cunich, Dino Ramirez Huanca - edici\u00f3n actualizada a\u00f1o 2025, 1.172 P\u00e1g.&rdquo; se ha a\u00f1adido a tu carro\" role=\"button\">Agregar al carrito<\/a>\t<span id=\"woocommerce_loop_add_to_cart_link_describedby_2070\" class=\"screen-reader-text\">\n\t\t\t<\/span>\n<\/li>\n<li class=\"product type-product post-2032 status-publish first instock product_cat-codigos-de-la-republica-de-chile-ano-2025 product_cat-constitucional has-post-thumbnail shipping-taxable purchasable product-type-simple\">\n\t<a href=\"https:\/\/bibliotecajuridicavirtual.cl\/index.php\/product\/constitucion-politica-de-la-republica-de-chile-2025-vigesima-quinta-edicion-alan-julio-bronfman-vargas-jose-ignacio-martinez-directores-450-pag\/\" class=\"woocommerce-LoopProduct-link woocommerce-loop-product__link\"><img loading=\"lazy\" decoding=\"async\" width=\"300\" height=\"300\" src=\"https:\/\/bibliotecajuridicavirtual.cl\/wp-content\/uploads\/2026\/02\/CONSTITUCION-POLITICA-DE-CHILE-2025-OFICIAL-2025-300x300.png\" class=\"attachment-woocommerce_thumbnail size-woocommerce_thumbnail\" alt=\"Constituci\u00f3n Pol\u00edtica de La Rep\u00fablica de Chile 2025. Vig\u00e9sima Quinta edici\u00f3n - Alan Julio Bronfman Vargas \/ Jos\u00e9 Ignacio Mart\u00ednez (Directores) 450 P\u00e1g.)\" srcset=\"https:\/\/bibliotecajuridicavirtual.cl\/wp-content\/uploads\/2026\/02\/CONSTITUCION-POLITICA-DE-CHILE-2025-OFICIAL-2025-300x300.png 300w, https:\/\/bibliotecajuridicavirtual.cl\/wp-content\/uploads\/2026\/02\/CONSTITUCION-POLITICA-DE-CHILE-2025-OFICIAL-2025-100x100.png 100w, https:\/\/bibliotecajuridicavirtual.cl\/wp-content\/uploads\/2026\/02\/CONSTITUCION-POLITICA-DE-CHILE-2025-OFICIAL-2025-600x600.png 600w, https:\/\/bibliotecajuridicavirtual.cl\/wp-content\/uploads\/2026\/02\/CONSTITUCION-POLITICA-DE-CHILE-2025-OFICIAL-2025-64x64.png 64w, https:\/\/bibliotecajuridicavirtual.cl\/wp-content\/uploads\/2026\/02\/CONSTITUCION-POLITICA-DE-CHILE-2025-OFICIAL-2025-1024x1024.png 1024w, https:\/\/bibliotecajuridicavirtual.cl\/wp-content\/uploads\/2026\/02\/CONSTITUCION-POLITICA-DE-CHILE-2025-OFICIAL-2025-150x150.png 150w, https:\/\/bibliotecajuridicavirtual.cl\/wp-content\/uploads\/2026\/02\/CONSTITUCION-POLITICA-DE-CHILE-2025-OFICIAL-2025-768x768.png 768w, https:\/\/bibliotecajuridicavirtual.cl\/wp-content\/uploads\/2026\/02\/CONSTITUCION-POLITICA-DE-CHILE-2025-OFICIAL-2025.png 1200w\" sizes=\"(max-width: 300px) 100vw, 300px\" \/><h2 class=\"woocommerce-loop-product__title\">Constituci\u00f3n Pol\u00edtica de La Rep\u00fablica de Chile 2025. Vig\u00e9sima Quinta edici\u00f3n &#8211; Alan Julio Bronfman Vargas \/ Jos\u00e9 Ignacio Mart\u00ednez (Directores) 450 P\u00e1g.)<\/h2>\n\t<span class=\"price\"><span class=\"woocommerce-Price-amount amount\"><bdi><span class=\"woocommerce-Price-currencySymbol\">&#36;<\/span>42.750<\/bdi><\/span><\/span>\n<\/a><a href=\"\/index.php\/wp-json\/wp\/v2\/pages\/4783?add-to-cart=2032\" aria-describedby=\"woocommerce_loop_add_to_cart_link_describedby_2032\" data-quantity=\"1\" class=\"button product_type_simple add_to_cart_button ajax_add_to_cart\" data-product_id=\"2032\" data-product_sku=\"9789564006079\" aria-label=\"Agregar al carrito: &ldquo;Constituci\u00f3n Pol\u00edtica de La Rep\u00fablica de Chile 2025. Vig\u00e9sima Quinta edici\u00f3n - Alan Julio Bronfman Vargas \/ Jos\u00e9 Ignacio Mart\u00ednez (Directores) 450 P\u00e1g.)&rdquo;\" rel=\"nofollow\" data-success_message=\"&ldquo;Constituci\u00f3n Pol\u00edtica de La Rep\u00fablica de Chile 2025. Vig\u00e9sima Quinta edici\u00f3n - Alan Julio Bronfman Vargas \/ Jos\u00e9 Ignacio Mart\u00ednez (Directores) 450 P\u00e1g.)&rdquo; se ha a\u00f1adido a tu carro\" role=\"button\">Agregar al carrito<\/a>\t<span id=\"woocommerce_loop_add_to_cart_link_describedby_2032\" class=\"screen-reader-text\">\n\t\t\t<\/span>\n<\/li>\n<li class=\"product type-product post-2031 status-publish instock product_cat-codigos-de-la-republica-de-chile-ano-2025 product_cat-derecho product_cat-penal has-post-thumbnail sale shipping-taxable purchasable product-type-simple\">\n\t<a href=\"https:\/\/bibliotecajuridicavirtual.cl\/index.php\/product\/codigo-penal-2025-vigesima-quinta-edicion-tatiana-vargas-pinto-directora\/\" class=\"woocommerce-LoopProduct-link woocommerce-loop-product__link\">\n\t<span class=\"onsale\">\u00a1Oferta!<\/span>\n\t<img loading=\"lazy\" decoding=\"async\" width=\"300\" height=\"300\" src=\"https:\/\/bibliotecajuridicavirtual.cl\/wp-content\/uploads\/2026\/02\/CODIGO-PROCESAL-PENAL-THOMSON-2025-OFICIAL-1-300x300.png\" class=\"attachment-woocommerce_thumbnail size-woocommerce_thumbnail\" alt=\"C\u00f3digo Penal 2025. Vig\u00e9sima Quinta edici\u00f3n - Tatiana Vargas Pinto (Directora) -\" srcset=\"https:\/\/bibliotecajuridicavirtual.cl\/wp-content\/uploads\/2026\/02\/CODIGO-PROCESAL-PENAL-THOMSON-2025-OFICIAL-1-300x300.png 300w, https:\/\/bibliotecajuridicavirtual.cl\/wp-content\/uploads\/2026\/02\/CODIGO-PROCESAL-PENAL-THOMSON-2025-OFICIAL-1-100x100.png 100w, https:\/\/bibliotecajuridicavirtual.cl\/wp-content\/uploads\/2026\/02\/CODIGO-PROCESAL-PENAL-THOMSON-2025-OFICIAL-1-600x600.png 600w, https:\/\/bibliotecajuridicavirtual.cl\/wp-content\/uploads\/2026\/02\/CODIGO-PROCESAL-PENAL-THOMSON-2025-OFICIAL-1-64x64.png 64w, https:\/\/bibliotecajuridicavirtual.cl\/wp-content\/uploads\/2026\/02\/CODIGO-PROCESAL-PENAL-THOMSON-2025-OFICIAL-1-1024x1024.png 1024w, https:\/\/bibliotecajuridicavirtual.cl\/wp-content\/uploads\/2026\/02\/CODIGO-PROCESAL-PENAL-THOMSON-2025-OFICIAL-1-150x150.png 150w, https:\/\/bibliotecajuridicavirtual.cl\/wp-content\/uploads\/2026\/02\/CODIGO-PROCESAL-PENAL-THOMSON-2025-OFICIAL-1-768x768.png 768w, https:\/\/bibliotecajuridicavirtual.cl\/wp-content\/uploads\/2026\/02\/CODIGO-PROCESAL-PENAL-THOMSON-2025-OFICIAL-1.png 1200w\" sizes=\"(max-width: 300px) 100vw, 300px\" \/><h2 class=\"woocommerce-loop-product__title\">C\u00f3digo Penal 2025. Vig\u00e9sima Quinta edici\u00f3n &#8211; Tatiana Vargas Pinto (Directora) &#8211;<\/h2>\n\t<span class=\"price\"><del aria-hidden=\"true\"><span class=\"woocommerce-Price-amount amount\"><bdi><span class=\"woocommerce-Price-currencySymbol\">&#36;<\/span>43.586<\/bdi><\/span><\/del> <span class=\"screen-reader-text\">El precio original era: &#036;43.586.<\/span><ins aria-hidden=\"true\"><span class=\"woocommerce-Price-amount amount\"><bdi><span class=\"woocommerce-Price-currencySymbol\">&#36;<\/span>37.049<\/bdi><\/span><\/ins><span class=\"screen-reader-text\">El precio actual es: &#036;37.049.<\/span><\/span>\n<\/a><a href=\"\/index.php\/wp-json\/wp\/v2\/pages\/4783?add-to-cart=2031\" aria-describedby=\"woocommerce_loop_add_to_cart_link_describedby_2031\" data-quantity=\"1\" class=\"button product_type_simple add_to_cart_button ajax_add_to_cart\" data-product_id=\"2031\" data-product_sku=\"9789564006116\" aria-label=\"Agregar al carrito: &ldquo;C\u00f3digo Penal 2025. Vig\u00e9sima Quinta edici\u00f3n - Tatiana Vargas Pinto (Directora) -&rdquo;\" rel=\"nofollow\" data-success_message=\"&ldquo;C\u00f3digo Penal 2025. Vig\u00e9sima Quinta edici\u00f3n - Tatiana Vargas Pinto (Directora) -&rdquo; se ha a\u00f1adido a tu carro\" role=\"button\">Agregar al carrito<\/a>\t<span id=\"woocommerce_loop_add_to_cart_link_describedby_2031\" class=\"screen-reader-text\">\n\t\t\t<\/span>\n<\/li>\n<li class=\"product type-product post-2030 status-publish instock product_cat-codigos-de-la-republica-de-chile-ano-2025 product_cat-laboral has-post-thumbnail sale shipping-taxable purchasable product-type-simple\">\n\t<a href=\"https:\/\/bibliotecajuridicavirtual.cl\/index.php\/product\/codigo-del-trabajo-2025-vigesima-quinta-edicion-eduardo-andres-caamano-rojo-director\/\" class=\"woocommerce-LoopProduct-link woocommerce-loop-product__link\">\n\t<span class=\"onsale\">\u00a1Oferta!<\/span>\n\t<img loading=\"lazy\" decoding=\"async\" width=\"300\" height=\"300\" src=\"https:\/\/bibliotecajuridicavirtual.cl\/wp-content\/uploads\/2026\/02\/CODIGO-DEL-TRABAJO-THOMSON-OFICIAL-2025-300x300.png\" class=\"attachment-woocommerce_thumbnail size-woocommerce_thumbnail\" alt=\"C\u00f3digo del Trabajo 2025. Vig\u00e9sima Quinta edici\u00f3n - Eduardo Andr\u00e9s Caama\u00f1o Rojo (Director)\" srcset=\"https:\/\/bibliotecajuridicavirtual.cl\/wp-content\/uploads\/2026\/02\/CODIGO-DEL-TRABAJO-THOMSON-OFICIAL-2025-300x300.png 300w, https:\/\/bibliotecajuridicavirtual.cl\/wp-content\/uploads\/2026\/02\/CODIGO-DEL-TRABAJO-THOMSON-OFICIAL-2025-100x100.png 100w, https:\/\/bibliotecajuridicavirtual.cl\/wp-content\/uploads\/2026\/02\/CODIGO-DEL-TRABAJO-THOMSON-OFICIAL-2025-600x600.png 600w, https:\/\/bibliotecajuridicavirtual.cl\/wp-content\/uploads\/2026\/02\/CODIGO-DEL-TRABAJO-THOMSON-OFICIAL-2025-64x64.png 64w, https:\/\/bibliotecajuridicavirtual.cl\/wp-content\/uploads\/2026\/02\/CODIGO-DEL-TRABAJO-THOMSON-OFICIAL-2025-1024x1024.png 1024w, https:\/\/bibliotecajuridicavirtual.cl\/wp-content\/uploads\/2026\/02\/CODIGO-DEL-TRABAJO-THOMSON-OFICIAL-2025-150x150.png 150w, https:\/\/bibliotecajuridicavirtual.cl\/wp-content\/uploads\/2026\/02\/CODIGO-DEL-TRABAJO-THOMSON-OFICIAL-2025-768x768.png 768w, https:\/\/bibliotecajuridicavirtual.cl\/wp-content\/uploads\/2026\/02\/CODIGO-DEL-TRABAJO-THOMSON-OFICIAL-2025.png 1200w\" sizes=\"(max-width: 300px) 100vw, 300px\" \/><h2 class=\"woocommerce-loop-product__title\">C\u00f3digo del Trabajo 2025. Vig\u00e9sima Quinta edici\u00f3n &#8211; Eduardo Andr\u00e9s Caama\u00f1o Rojo (Director)<\/h2>\n\t<span class=\"price\"><del aria-hidden=\"true\"><span class=\"woocommerce-Price-amount amount\"><bdi><span class=\"woocommerce-Price-currencySymbol\">&#36;<\/span>48.619<\/bdi><\/span><\/del> <span class=\"screen-reader-text\">El precio original era: &#036;48.619.<\/span><ins aria-hidden=\"true\"><span class=\"woocommerce-Price-amount amount\"><bdi><span class=\"woocommerce-Price-currencySymbol\">&#36;<\/span>43.758<\/bdi><\/span><\/ins><span class=\"screen-reader-text\">El precio actual es: &#036;43.758.<\/span><\/span>\n<\/a><a href=\"\/index.php\/wp-json\/wp\/v2\/pages\/4783?add-to-cart=2030\" aria-describedby=\"woocommerce_loop_add_to_cart_link_describedby_2030\" data-quantity=\"1\" class=\"button product_type_simple add_to_cart_button ajax_add_to_cart\" data-product_id=\"2030\" data-product_sku=\"9789564006130\" aria-label=\"Agregar al carrito: &ldquo;C\u00f3digo del Trabajo 2025. Vig\u00e9sima Quinta edici\u00f3n - Eduardo Andr\u00e9s Caama\u00f1o Rojo (Director)&rdquo;\" rel=\"nofollow\" data-success_message=\"&ldquo;C\u00f3digo del Trabajo 2025. Vig\u00e9sima Quinta edici\u00f3n - Eduardo Andr\u00e9s Caama\u00f1o Rojo (Director)&rdquo; se ha a\u00f1adido a tu carro\" role=\"button\">Agregar al carrito<\/a>\t<span id=\"woocommerce_loop_add_to_cart_link_describedby_2030\" class=\"screen-reader-text\">\n\t\t\t<\/span>\n<\/li>\n<li class=\"product type-product post-2029 status-publish last instock product_cat-codigos-de-la-republica-de-chile-ano-2025 product_cat-tributario has-post-thumbnail shipping-taxable purchasable product-type-simple\">\n\t<a href=\"https:\/\/bibliotecajuridicavirtual.cl\/index.php\/product\/codigo-tributario-2025-vigesima-quinta-edicion-christian-nicolas-aste-mejias-director-1-340-pag\/\" class=\"woocommerce-LoopProduct-link woocommerce-loop-product__link\"><img loading=\"lazy\" decoding=\"async\" width=\"300\" height=\"300\" src=\"https:\/\/bibliotecajuridicavirtual.cl\/wp-content\/uploads\/2026\/02\/CODIGO-TRIBUTARIO-THOMSON-2025-OFICIAL-300x300.png\" class=\"attachment-woocommerce_thumbnail size-woocommerce_thumbnail\" alt=\"C\u00f3digo Tributario 2025. Vig\u00e9sima Quinta edici\u00f3n - Christian Nicolas Aste Mej\u00edas (Director) 1.340 P\u00e1g.\" srcset=\"https:\/\/bibliotecajuridicavirtual.cl\/wp-content\/uploads\/2026\/02\/CODIGO-TRIBUTARIO-THOMSON-2025-OFICIAL-300x300.png 300w, https:\/\/bibliotecajuridicavirtual.cl\/wp-content\/uploads\/2026\/02\/CODIGO-TRIBUTARIO-THOMSON-2025-OFICIAL-100x100.png 100w, https:\/\/bibliotecajuridicavirtual.cl\/wp-content\/uploads\/2026\/02\/CODIGO-TRIBUTARIO-THOMSON-2025-OFICIAL-600x600.png 600w, https:\/\/bibliotecajuridicavirtual.cl\/wp-content\/uploads\/2026\/02\/CODIGO-TRIBUTARIO-THOMSON-2025-OFICIAL-64x64.png 64w, https:\/\/bibliotecajuridicavirtual.cl\/wp-content\/uploads\/2026\/02\/CODIGO-TRIBUTARIO-THOMSON-2025-OFICIAL-1024x1024.png 1024w, https:\/\/bibliotecajuridicavirtual.cl\/wp-content\/uploads\/2026\/02\/CODIGO-TRIBUTARIO-THOMSON-2025-OFICIAL-150x150.png 150w, https:\/\/bibliotecajuridicavirtual.cl\/wp-content\/uploads\/2026\/02\/CODIGO-TRIBUTARIO-THOMSON-2025-OFICIAL-768x768.png 768w, https:\/\/bibliotecajuridicavirtual.cl\/wp-content\/uploads\/2026\/02\/CODIGO-TRIBUTARIO-THOMSON-2025-OFICIAL.png 1200w\" sizes=\"(max-width: 300px) 100vw, 300px\" \/><h2 class=\"woocommerce-loop-product__title\">C\u00f3digo Tributario 2025. Vig\u00e9sima Quinta edici\u00f3n &#8211; Christian Nicolas Aste Mej\u00edas (Director) 1.340 P\u00e1g.<\/h2>\n\t<span class=\"price\"><span class=\"woocommerce-Price-amount amount\"><bdi><span class=\"woocommerce-Price-currencySymbol\">&#36;<\/span>43.586<\/bdi><\/span><\/span>\n<\/a><a href=\"\/index.php\/wp-json\/wp\/v2\/pages\/4783?add-to-cart=2029\" aria-describedby=\"woocommerce_loop_add_to_cart_link_describedby_2029\" data-quantity=\"1\" class=\"button product_type_simple add_to_cart_button ajax_add_to_cart\" data-product_id=\"2029\" data-product_sku=\"9789564006086\" aria-label=\"Agregar al carrito: &ldquo;C\u00f3digo Tributario 2025. Vig\u00e9sima Quinta edici\u00f3n - Christian Nicolas Aste Mej\u00edas (Director) 1.340 P\u00e1g.&rdquo;\" rel=\"nofollow\" data-success_message=\"&ldquo;C\u00f3digo Tributario 2025. Vig\u00e9sima Quinta edici\u00f3n - Christian Nicolas Aste Mej\u00edas (Director) 1.340 P\u00e1g.&rdquo; se ha a\u00f1adido a tu carro\" role=\"button\">Agregar al carrito<\/a>\t<span id=\"woocommerce_loop_add_to_cart_link_describedby_2029\" class=\"screen-reader-text\">\n\t\t\t<\/span>\n<\/li>\n<li class=\"product type-product post-2028 status-publish first instock product_cat-codigos-de-la-republica-de-chile-ano-2025 product_cat-procesal-penal has-post-thumbnail sale shipping-taxable purchasable product-type-simple\">\n\t<a href=\"https:\/\/bibliotecajuridicavirtual.cl\/index.php\/product\/codigo-procesal-penal-2025-vigesima-quinta-edicion-raul-eduardo-nunez-ojeda-director-560-pag\/\" class=\"woocommerce-LoopProduct-link woocommerce-loop-product__link\">\n\t<span class=\"onsale\">\u00a1Oferta!<\/span>\n\t<img loading=\"lazy\" decoding=\"async\" width=\"300\" height=\"300\" src=\"https:\/\/bibliotecajuridicavirtual.cl\/wp-content\/uploads\/2026\/02\/CODIGO-PROCESAL-PENAL-THOMSON-2025-OFICIAL-300x300.png\" class=\"attachment-woocommerce_thumbnail size-woocommerce_thumbnail\" alt=\"C\u00f3digo Procesal Penal 2025. Vig\u00e9sima Quinta Edici\u00f3n -  Ra\u00fal Eduardo N\u00fa\u00f1ez Ojeda (Director) - 560 P\u00e1g.\" srcset=\"https:\/\/bibliotecajuridicavirtual.cl\/wp-content\/uploads\/2026\/02\/CODIGO-PROCESAL-PENAL-THOMSON-2025-OFICIAL-300x300.png 300w, https:\/\/bibliotecajuridicavirtual.cl\/wp-content\/uploads\/2026\/02\/CODIGO-PROCESAL-PENAL-THOMSON-2025-OFICIAL-100x100.png 100w, https:\/\/bibliotecajuridicavirtual.cl\/wp-content\/uploads\/2026\/02\/CODIGO-PROCESAL-PENAL-THOMSON-2025-OFICIAL-600x600.png 600w, https:\/\/bibliotecajuridicavirtual.cl\/wp-content\/uploads\/2026\/02\/CODIGO-PROCESAL-PENAL-THOMSON-2025-OFICIAL-64x64.png 64w, https:\/\/bibliotecajuridicavirtual.cl\/wp-content\/uploads\/2026\/02\/CODIGO-PROCESAL-PENAL-THOMSON-2025-OFICIAL-1024x1024.png 1024w, https:\/\/bibliotecajuridicavirtual.cl\/wp-content\/uploads\/2026\/02\/CODIGO-PROCESAL-PENAL-THOMSON-2025-OFICIAL-150x150.png 150w, https:\/\/bibliotecajuridicavirtual.cl\/wp-content\/uploads\/2026\/02\/CODIGO-PROCESAL-PENAL-THOMSON-2025-OFICIAL-768x768.png 768w, https:\/\/bibliotecajuridicavirtual.cl\/wp-content\/uploads\/2026\/02\/CODIGO-PROCESAL-PENAL-THOMSON-2025-OFICIAL.png 1200w\" sizes=\"(max-width: 300px) 100vw, 300px\" \/><h2 class=\"woocommerce-loop-product__title\">C\u00f3digo Procesal Penal 2025. Vig\u00e9sima Quinta Edici\u00f3n &#8211;  Ra\u00fal Eduardo N\u00fa\u00f1ez Ojeda (Director) &#8211; 560 P\u00e1g.<\/h2>\n\t<span class=\"price\"><del aria-hidden=\"true\"><span class=\"woocommerce-Price-amount amount\"><bdi><span class=\"woocommerce-Price-currencySymbol\">&#36;<\/span>43.586<\/bdi><\/span><\/del> <span class=\"screen-reader-text\">El precio original era: &#036;43.586.<\/span><ins aria-hidden=\"true\"><span class=\"woocommerce-Price-amount amount\"><bdi><span class=\"woocommerce-Price-currencySymbol\">&#36;<\/span>37.049<\/bdi><\/span><\/ins><span class=\"screen-reader-text\">El precio actual es: &#036;37.049.<\/span><\/span>\n<\/a><a href=\"\/index.php\/wp-json\/wp\/v2\/pages\/4783?add-to-cart=2028\" aria-describedby=\"woocommerce_loop_add_to_cart_link_describedby_2028\" data-quantity=\"1\" class=\"button product_type_simple add_to_cart_button ajax_add_to_cart\" data-product_id=\"2028\" data-product_sku=\"9789564006109\" aria-label=\"Agregar al carrito: &ldquo;C\u00f3digo Procesal Penal 2025. Vig\u00e9sima Quinta Edici\u00f3n -  Ra\u00fal Eduardo N\u00fa\u00f1ez Ojeda (Director) - 560 P\u00e1g.&rdquo;\" rel=\"nofollow\" data-success_message=\"&ldquo;C\u00f3digo Procesal Penal 2025. Vig\u00e9sima Quinta Edici\u00f3n -  Ra\u00fal Eduardo N\u00fa\u00f1ez Ojeda (Director) - 560 P\u00e1g.&rdquo; se ha a\u00f1adido a tu carro\" role=\"button\">Agregar al carrito<\/a>\t<span id=\"woocommerce_loop_add_to_cart_link_describedby_2028\" class=\"screen-reader-text\">\n\t\t\t<\/span>\n<\/li>\n<li class=\"product type-product post-2026 status-publish instock product_cat-codigos-de-la-republica-de-chile-ano-2025 product_cat-derecho-minero has-post-thumbnail shipping-taxable purchasable product-type-simple\">\n\t<a href=\"https:\/\/bibliotecajuridicavirtual.cl\/index.php\/product\/codigo-de-mineria-vigesima-quinta-edicion-ano-2025-maria-luisa-baltra-vergara-directora\/\" class=\"woocommerce-LoopProduct-link woocommerce-loop-product__link\"><img loading=\"lazy\" decoding=\"async\" width=\"300\" height=\"374\" src=\"https:\/\/bibliotecajuridicavirtual.cl\/wp-content\/uploads\/2026\/02\/CODIGO-DE-MINERIA-2025-THOMSON-REUTER-300x374.jpg\" class=\"attachment-woocommerce_thumbnail size-woocommerce_thumbnail\" alt=\"C\u00f3digo de Miner\u00eda  Vig\u00e9sima quinta edici\u00f3n a\u00f1o 2025 -  Mar\u00eda Luisa Baltra Vergara (Directora)\" srcset=\"https:\/\/bibliotecajuridicavirtual.cl\/wp-content\/uploads\/2026\/02\/CODIGO-DE-MINERIA-2025-THOMSON-REUTER-300x374.jpg 300w, https:\/\/bibliotecajuridicavirtual.cl\/wp-content\/uploads\/2026\/02\/CODIGO-DE-MINERIA-2025-THOMSON-REUTER-600x747.jpg 600w, https:\/\/bibliotecajuridicavirtual.cl\/wp-content\/uploads\/2026\/02\/CODIGO-DE-MINERIA-2025-THOMSON-REUTER-64x80.jpg 64w, https:\/\/bibliotecajuridicavirtual.cl\/wp-content\/uploads\/2026\/02\/CODIGO-DE-MINERIA-2025-THOMSON-REUTER-241x300.jpg 241w, https:\/\/bibliotecajuridicavirtual.cl\/wp-content\/uploads\/2026\/02\/CODIGO-DE-MINERIA-2025-THOMSON-REUTER-768x956.jpg 768w, https:\/\/bibliotecajuridicavirtual.cl\/wp-content\/uploads\/2026\/02\/CODIGO-DE-MINERIA-2025-THOMSON-REUTER.jpg 800w\" sizes=\"(max-width: 300px) 100vw, 300px\" \/><h2 class=\"woocommerce-loop-product__title\">C\u00f3digo de Miner\u00eda  Vig\u00e9sima quinta edici\u00f3n a\u00f1o 2025 &#8211;  Mar\u00eda Luisa Baltra Vergara (Directora)<\/h2>\n\t<span class=\"price\"><span class=\"woocommerce-Price-amount amount\"><bdi><span class=\"woocommerce-Price-currencySymbol\">&#36;<\/span>46.000<\/bdi><\/span><\/span>\n<\/a><a href=\"\/index.php\/wp-json\/wp\/v2\/pages\/4783?add-to-cart=2026\" aria-describedby=\"woocommerce_loop_add_to_cart_link_describedby_2026\" data-quantity=\"1\" class=\"button product_type_simple add_to_cart_button ajax_add_to_cart\" data-product_id=\"2026\" data-product_sku=\"9789564006154\" aria-label=\"Agregar al carrito: &ldquo;C\u00f3digo de Miner\u00eda  Vig\u00e9sima quinta edici\u00f3n a\u00f1o 2025 -  Mar\u00eda Luisa Baltra Vergara (Directora)&rdquo;\" rel=\"nofollow\" data-success_message=\"&ldquo;C\u00f3digo de Miner\u00eda  Vig\u00e9sima quinta edici\u00f3n a\u00f1o 2025 -  Mar\u00eda Luisa Baltra Vergara (Directora)&rdquo; se ha a\u00f1adido a tu carro\" role=\"button\">Agregar al carrito<\/a>\t<span id=\"woocommerce_loop_add_to_cart_link_describedby_2026\" class=\"screen-reader-text\">\n\t\t\t<\/span>\n<\/li>\n<\/ul>\n<\/div>\t\t\t\t<\/div>\n\t\t\t\t<\/div>\n\t\t\t\t\t<\/div>\n\t\t\t\t<\/div>\n\t\t\t\t<\/div>\n\t\t","protected":false},"excerpt":{"rendered":"<p>C\u00f3digos de la Rep\u00fablica \/ 2025<\/p>\n","protected":false},"author":2,"featured_media":0,"parent":0,"menu_order":0,"comment_status":"closed","ping_status":"closed","template":"elementor_header_footer","meta":{"inline_featured_image":false,"_joinchat":[],"footnotes":""},"class_list":["post-4783","page","type-page","status-publish","hentry"],"_links":{"self":[{"href":"https:\/\/bibliotecajuridicavirtual.cl\/index.php\/wp-json\/wp\/v2\/pages\/4783","targetHints":{"allow":["GET"]}}],"collection":[{"href":"https:\/\/bibliotecajuridicavirtual.cl\/index.php\/wp-json\/wp\/v2\/pages"}],"about":[{"href":"https:\/\/bibliotecajuridicavirtual.cl\/index.php\/wp-json\/wp\/v2\/types\/page"}],"author":[{"embeddable":true,"href":"https:\/\/bibliotecajuridicavirtual.cl\/index.php\/wp-json\/wp\/v2\/users\/2"}],"replies":[{"embeddable":true,"href":"https:\/\/bibliotecajuridicavirtual.cl\/index.php\/wp-json\/wp\/v2\/comments?post=4783"}],"version-history":[{"count":4,"href":"https:\/\/bibliotecajuridicavirtual.cl\/index.php\/wp-json\/wp\/v2\/pages\/4783\/revisions"}],"predecessor-version":[{"id":4788,"href":"https:\/\/bibliotecajuridicavirtual.cl\/index.php\/wp-json\/wp\/v2\/pages\/4783\/revisions\/4788"}],"wp:attachment":[{"href":"https:\/\/bibliotecajuridicavirtual.cl\/index.php\/wp-json\/wp\/v2\/media?parent=4783"}],"curies":[{"name":"wp","href":"https:\/\/api.w.org\/{rel}","templated":true}]}}