{"id":4809,"date":"2026-03-03T10:43:24","date_gmt":"2026-03-03T13:43:24","guid":{"rendered":"https:\/\/bibliotecajuridicavirtual.cl\/?page_id=4809"},"modified":"2026-03-03T10:44:08","modified_gmt":"2026-03-03T13:44:08","slug":"derecho-comercial","status":"publish","type":"page","link":"https:\/\/bibliotecajuridicavirtual.cl\/index.php\/derecho-comercial\/","title":{"rendered":"Derecho Comercial"},"content":{"rendered":"\t\t<div data-elementor-type=\"wp-page\" data-elementor-id=\"4809\" class=\"elementor elementor-4809\" data-elementor-post-type=\"page\">\n\t\t\t\t<div class=\"elementor-element elementor-element-9c9d28b e-flex e-con-boxed wpr-particle-no wpr-jarallax-no wpr-parallax-no wpr-sticky-section-no wpr-equal-height-no e-con e-parent\" data-id=\"9c9d28b\" data-element_type=\"container\" data-e-type=\"container\" data-settings=\"{&quot;background_background&quot;:&quot;classic&quot;}\">\n\t\t\t\t\t<div class=\"e-con-inner\">\n\t\t<div class=\"elementor-element elementor-element-be2bb4d e-con-full e-flex wpr-particle-no wpr-jarallax-no wpr-parallax-no wpr-sticky-section-no wpr-equal-height-no e-con e-child\" data-id=\"be2bb4d\" data-element_type=\"container\" data-e-type=\"container\">\n\t\t\t\t<div class=\"elementor-element elementor-element-5da4f87 elementor-widget elementor-widget-heading\" data-id=\"5da4f87\" data-element_type=\"widget\" data-e-type=\"widget\" data-widget_type=\"heading.default\">\n\t\t\t\t<div class=\"elementor-widget-container\">\n\t\t\t\t\t<h1 class=\"elementor-heading-title elementor-size-default\">Derecho \/ Comercial<\/h1>\t\t\t\t<\/div>\n\t\t\t\t<\/div>\n\t\t\t\t<\/div>\n\t\t\t\t\t<\/div>\n\t\t\t\t<\/div>\n\t\t<div class=\"elementor-element elementor-element-f536256 e-flex e-con-boxed wpr-particle-no wpr-jarallax-no wpr-parallax-no wpr-sticky-section-no wpr-equal-height-no e-con e-parent\" data-id=\"f536256\" data-element_type=\"container\" data-e-type=\"container\">\n\t\t\t\t\t<div class=\"e-con-inner\">\n\t\t\t\t<div class=\"elementor-element elementor-element-d08b61d elementor-product-loop-item--align-center elementor-grid-4 elementor-grid-tablet-3 elementor-grid-mobile-2 elementor-products-grid elementor-wc-products elementor-show-pagination-border-yes elementor-widget elementor-widget-woocommerce-products\" data-id=\"d08b61d\" data-element_type=\"widget\" data-e-type=\"widget\" data-widget_type=\"woocommerce-products.default\">\n\t\t\t\t<div class=\"elementor-widget-container\">\n\t\t\t\t\t<div class=\"woocommerce columns-4 \"><div class=\"woocommerce-notices-wrapper\"><\/div><ul class=\"products elementor-grid columns-4\">\n<li class=\"product type-product post-5437 status-publish first instock product_cat-administrativo product_cat-comercial product_cat-derecho product_cat-uncategorized has-post-thumbnail shipping-taxable purchasable product-type-simple\">\n\t<a href=\"https:\/\/bibliotecajuridicavirtual.cl\/index.php\/product\/las-acciones-revocatorias-concursales-autor-juan-luis-goldenberg-serrano-1-edicion-abril-ano-2026-316-pag\/\" class=\"woocommerce-LoopProduct-link woocommerce-loop-product__link\"><img fetchpriority=\"high\" decoding=\"async\" width=\"300\" height=\"416\" src=\"https:\/\/bibliotecajuridicavirtual.cl\/wp-content\/uploads\/2026\/04\/LAS-ACCIONES-REVOCATORIAS-TIRANT-2026-300x416.webp\" class=\"attachment-woocommerce_thumbnail size-woocommerce_thumbnail\" alt=\"Las Acciones Revocatorias Concursales * Autor: Juan Luis Goldenberg Serrano * 1\u00b0 edici\u00f3n Abril a\u00f1o 2026 - 316 P\u00e1g.\" srcset=\"https:\/\/bibliotecajuridicavirtual.cl\/wp-content\/uploads\/2026\/04\/LAS-ACCIONES-REVOCATORIAS-TIRANT-2026-300x416.webp 300w, https:\/\/bibliotecajuridicavirtual.cl\/wp-content\/uploads\/2026\/04\/LAS-ACCIONES-REVOCATORIAS-TIRANT-2026-216x300.webp 216w, https:\/\/bibliotecajuridicavirtual.cl\/wp-content\/uploads\/2026\/04\/LAS-ACCIONES-REVOCATORIAS-TIRANT-2026-64x89.webp 64w, https:\/\/bibliotecajuridicavirtual.cl\/wp-content\/uploads\/2026\/04\/LAS-ACCIONES-REVOCATORIAS-TIRANT-2026.webp 360w\" sizes=\"(max-width: 300px) 100vw, 300px\" \/><h2 class=\"woocommerce-loop-product__title\">Las Acciones Revocatorias Concursales * Autor: Juan Luis Goldenberg Serrano * 1\u00b0 edici\u00f3n Abril a\u00f1o 2026 &#8211; 316 P\u00e1g.<\/h2>\n\t<span class=\"price\"><span class=\"woocommerce-Price-amount amount\"><bdi><span class=\"woocommerce-Price-currencySymbol\">&#36;<\/span>53.600<\/bdi><\/span><\/span>\n<\/a><a href=\"\/index.php\/wp-json\/wp\/v2\/pages\/4809?add-to-cart=5437\" aria-describedby=\"woocommerce_loop_add_to_cart_link_describedby_5437\" data-quantity=\"1\" class=\"button product_type_simple add_to_cart_button ajax_add_to_cart\" data-product_id=\"5437\" data-product_sku=\"9791370219017\" aria-label=\"Agregar al carrito: &ldquo;Las Acciones Revocatorias Concursales * Autor: Juan Luis Goldenberg Serrano * 1\u00b0 edici\u00f3n Abril a\u00f1o 2026 - 316 P\u00e1g.&rdquo;\" rel=\"nofollow\" data-success_message=\"&ldquo;Las Acciones Revocatorias Concursales * Autor: Juan Luis Goldenberg Serrano * 1\u00b0 edici\u00f3n Abril a\u00f1o 2026 - 316 P\u00e1g.&rdquo; se ha a\u00f1adido a tu carro\" role=\"button\">Agregar al carrito<\/a>\t<span id=\"woocommerce_loop_add_to_cart_link_describedby_5437\" class=\"screen-reader-text\">\n\t\t\t<\/span>\n<\/li>\n<li class=\"product type-product post-5264 status-publish instock product_cat-comercial has-post-thumbnail shipping-taxable purchasable product-type-simple\">\n\t<a href=\"https:\/\/bibliotecajuridicavirtual.cl\/index.php\/product\/derecho-de-seguros-vicente-rios-urzua-y-osvaldo-contreras-buzeta-ed-2026-471-pagina\/\" class=\"woocommerce-LoopProduct-link woocommerce-loop-product__link\"><img decoding=\"async\" width=\"300\" height=\"400\" src=\"https:\/\/bibliotecajuridicavirtual.cl\/wp-content\/uploads\/2026\/03\/04-1-300x400.webp\" class=\"attachment-woocommerce_thumbnail size-woocommerce_thumbnail\" alt=\"Derecho de Seguros * Vicente R\u00edos Urz\u00faa y Osvaldo Contreras Buzeta * Ed. 2026 - 471 P\u00e1ginas\" srcset=\"https:\/\/bibliotecajuridicavirtual.cl\/wp-content\/uploads\/2026\/03\/04-1-300x400.webp 300w, https:\/\/bibliotecajuridicavirtual.cl\/wp-content\/uploads\/2026\/03\/04-1-225x300.webp 225w, https:\/\/bibliotecajuridicavirtual.cl\/wp-content\/uploads\/2026\/03\/04-1-600x801.webp 600w, https:\/\/bibliotecajuridicavirtual.cl\/wp-content\/uploads\/2026\/03\/04-1-64x85.webp 64w, https:\/\/bibliotecajuridicavirtual.cl\/wp-content\/uploads\/2026\/03\/04-1.webp 750w\" sizes=\"(max-width: 300px) 100vw, 300px\" \/><h2 class=\"woocommerce-loop-product__title\">Derecho de Seguros * Vicente R\u00edos Urz\u00faa y Osvaldo Contreras Buzeta * Ed. 2026 &#8211; 471 P\u00e1ginas<\/h2>\n\t<span class=\"price\"><span class=\"woocommerce-Price-amount amount\"><bdi><span class=\"woocommerce-Price-currencySymbol\">&#36;<\/span>55.000<\/bdi><\/span><\/span>\n<\/a><a href=\"\/index.php\/wp-json\/wp\/v2\/pages\/4809?add-to-cart=5264\" aria-describedby=\"woocommerce_loop_add_to_cart_link_describedby_5264\" data-quantity=\"1\" class=\"button product_type_simple add_to_cart_button ajax_add_to_cart\" data-product_id=\"5264\" data-product_sku=\"9789566466154\" aria-label=\"Agregar al carrito: &ldquo;Derecho de Seguros * Vicente R\u00edos Urz\u00faa y Osvaldo Contreras Buzeta * Ed. 2026 - 471 P\u00e1ginas&rdquo;\" rel=\"nofollow\" data-success_message=\"&ldquo;Derecho de Seguros * Vicente R\u00edos Urz\u00faa y Osvaldo Contreras Buzeta * Ed. 2026 - 471 P\u00e1ginas&rdquo; se ha a\u00f1adido a tu carro\" role=\"button\">Agregar al carrito<\/a>\t<span id=\"woocommerce_loop_add_to_cart_link_describedby_5264\" class=\"screen-reader-text\">\n\t\t\t<\/span>\n<\/li>\n<li class=\"product type-product post-5191 status-publish instock product_cat-comercial product_cat-derecho has-post-thumbnail shipping-taxable purchasable product-type-simple\">\n\t<a href=\"https:\/\/bibliotecajuridicavirtual.cl\/index.php\/product\/modificasiones-estructurales-de-sociedades-en-el-ordenamiento-juridico-chileno-fusiones-divisiones-y-transformaciones\/\" class=\"woocommerce-LoopProduct-link woocommerce-loop-product__link\"><img decoding=\"async\" width=\"300\" height=\"418\" src=\"https:\/\/bibliotecajuridicavirtual.cl\/wp-content\/uploads\/2026\/03\/MODIFICACIONES-ESTRUCTURALES-DE-SOCIEDADES-2026-TIRANT-300x418.png\" class=\"attachment-woocommerce_thumbnail size-woocommerce_thumbnail\" alt=\"Modificaciones Estructurales de Sociedades en el Ordenamiento Jur\u00eddico Chileno \u2013 Fusiones, Divisiones y Transformaciones *\" srcset=\"https:\/\/bibliotecajuridicavirtual.cl\/wp-content\/uploads\/2026\/03\/MODIFICACIONES-ESTRUCTURALES-DE-SOCIEDADES-2026-TIRANT-300x418.png 300w, https:\/\/bibliotecajuridicavirtual.cl\/wp-content\/uploads\/2026\/03\/MODIFICACIONES-ESTRUCTURALES-DE-SOCIEDADES-2026-TIRANT-64x89.png 64w, https:\/\/bibliotecajuridicavirtual.cl\/wp-content\/uploads\/2026\/03\/MODIFICACIONES-ESTRUCTURALES-DE-SOCIEDADES-2026-TIRANT.png 365w\" sizes=\"(max-width: 300px) 100vw, 300px\" \/><h2 class=\"woocommerce-loop-product__title\">Modificaciones Estructurales de Sociedades en el Ordenamiento Jur\u00eddico Chileno \u2013 Fusiones, Divisiones y Transformaciones *<\/h2>\n\t<span class=\"price\"><span class=\"woocommerce-Price-amount amount\"><bdi><span class=\"woocommerce-Price-currencySymbol\">&#36;<\/span>59.000<\/bdi><\/span><\/span>\n<\/a><a href=\"\/index.php\/wp-json\/wp\/v2\/pages\/4809?add-to-cart=5191\" aria-describedby=\"woocommerce_loop_add_to_cart_link_describedby_5191\" data-quantity=\"1\" class=\"button product_type_simple add_to_cart_button ajax_add_to_cart\" data-product_id=\"5191\" data-product_sku=\"9791370215934\" aria-label=\"Agregar al carrito: &ldquo;Modificaciones Estructurales de Sociedades en el Ordenamiento Jur\u00eddico Chileno \u2013 Fusiones, Divisiones y Transformaciones *&rdquo;\" rel=\"nofollow\" data-success_message=\"&ldquo;Modificaciones Estructurales de Sociedades en el Ordenamiento Jur\u00eddico Chileno \u2013 Fusiones, Divisiones y Transformaciones *&rdquo; se ha a\u00f1adido a tu carro\" role=\"button\">Agregar al carrito<\/a>\t<span id=\"woocommerce_loop_add_to_cart_link_describedby_5191\" class=\"screen-reader-text\">\n\t\t\t<\/span>\n<\/li>\n<li class=\"product type-product post-4638 status-publish last instock product_cat-civil product_cat-comercial has-post-thumbnail sale shipping-taxable purchasable product-type-simple\">\n\t<a href=\"https:\/\/bibliotecajuridicavirtual.cl\/index.php\/product\/gps-seguros-guia-profesional-ano-2022-820-pag-autor-rodrigo-sapag-emilio-sahurie\/\" class=\"woocommerce-LoopProduct-link woocommerce-loop-product__link\">\n\t<span class=\"onsale\">\u00a1Oferta!<\/span>\n\t<img loading=\"lazy\" decoding=\"async\" width=\"300\" height=\"425\" src=\"https:\/\/bibliotecajuridicavirtual.cl\/wp-content\/uploads\/2026\/02\/GPS-DE-SEGURO-300x425.png\" class=\"attachment-woocommerce_thumbnail size-woocommerce_thumbnail\" alt=\"GPS SEGUROS - Gu\u00eda Profesional, A\u00f1o 2022 \/820 P\u00e1g. Autor Rodrigo Sapag - Emilio Sahurie\" srcset=\"https:\/\/bibliotecajuridicavirtual.cl\/wp-content\/uploads\/2026\/02\/GPS-DE-SEGURO-300x425.png 300w, https:\/\/bibliotecajuridicavirtual.cl\/wp-content\/uploads\/2026\/02\/GPS-DE-SEGURO-64x91.png 64w, https:\/\/bibliotecajuridicavirtual.cl\/wp-content\/uploads\/2026\/02\/GPS-DE-SEGURO-212x300.png 212w, https:\/\/bibliotecajuridicavirtual.cl\/wp-content\/uploads\/2026\/02\/GPS-DE-SEGURO.png 475w\" sizes=\"(max-width: 300px) 100vw, 300px\" \/><h2 class=\"woocommerce-loop-product__title\">GPS SEGUROS &#8211; Gu\u00eda Profesional, A\u00f1o 2022 \/820 P\u00e1g. Autor Rodrigo Sapag &#8211; Emilio Sahurie<\/h2>\n\t<span class=\"price\"><del aria-hidden=\"true\"><span class=\"woocommerce-Price-amount amount\"><bdi><span class=\"woocommerce-Price-currencySymbol\">&#36;<\/span>99.990<\/bdi><\/span><\/del> <span class=\"screen-reader-text\">El precio original era: &#036;99.990.<\/span><ins aria-hidden=\"true\"><span class=\"woocommerce-Price-amount amount\"><bdi><span class=\"woocommerce-Price-currencySymbol\">&#36;<\/span>90.000<\/bdi><\/span><\/ins><span class=\"screen-reader-text\">El precio actual es: &#036;90.000.<\/span><\/span>\n<\/a><a href=\"\/index.php\/wp-json\/wp\/v2\/pages\/4809?add-to-cart=4638\" aria-describedby=\"woocommerce_loop_add_to_cart_link_describedby_4638\" data-quantity=\"1\" class=\"button product_type_simple add_to_cart_button ajax_add_to_cart\" data-product_id=\"4638\" data-product_sku=\"9788411302791\" aria-label=\"Agregar al carrito: &ldquo;GPS SEGUROS - Gu\u00eda Profesional, A\u00f1o 2022 \/820 P\u00e1g. Autor Rodrigo Sapag - Emilio Sahurie&rdquo;\" rel=\"nofollow\" data-success_message=\"&ldquo;GPS SEGUROS - Gu\u00eda Profesional, A\u00f1o 2022 \/820 P\u00e1g. Autor Rodrigo Sapag - Emilio Sahurie&rdquo; se ha a\u00f1adido a tu carro\" role=\"button\">Agregar al carrito<\/a>\t<span id=\"woocommerce_loop_add_to_cart_link_describedby_4638\" class=\"screen-reader-text\">\n\t\t\t<\/span>\n<\/li>\n<li class=\"product type-product post-4634 status-publish first instock product_cat-comercial has-post-thumbnail shipping-taxable purchasable product-type-simple\">\n\t<a href=\"https:\/\/bibliotecajuridicavirtual.cl\/index.php\/product\/derecho-bancario-y-financiero-de-chile-jaime-gallegos-zuniga-2022-408-paginas\/\" class=\"woocommerce-LoopProduct-link woocommerce-loop-product__link\"><img loading=\"lazy\" decoding=\"async\" width=\"180\" height=\"254\" src=\"https:\/\/bibliotecajuridicavirtual.cl\/wp-content\/uploads\/2026\/02\/9788411306393.jpg\" class=\"attachment-woocommerce_thumbnail size-woocommerce_thumbnail\" alt=\"Derecho Bancario y Financiero de Chile, Jaime Gallegos Z\u00fa\u00f1iga, 2022 - 408 P\u00e1ginas\" srcset=\"https:\/\/bibliotecajuridicavirtual.cl\/wp-content\/uploads\/2026\/02\/9788411306393.jpg 180w, https:\/\/bibliotecajuridicavirtual.cl\/wp-content\/uploads\/2026\/02\/9788411306393-64x90.jpg 64w\" sizes=\"(max-width: 180px) 100vw, 180px\" \/><h2 class=\"woocommerce-loop-product__title\">Derecho Bancario y Financiero de Chile, Jaime Gallegos Z\u00fa\u00f1iga, 2022 &#8211; 408 P\u00e1ginas<\/h2>\n\t<span class=\"price\"><span class=\"woocommerce-Price-amount amount\"><bdi><span class=\"woocommerce-Price-currencySymbol\">&#36;<\/span>52.990<\/bdi><\/span><\/span>\n<\/a><a href=\"\/index.php\/wp-json\/wp\/v2\/pages\/4809?add-to-cart=4634\" aria-describedby=\"woocommerce_loop_add_to_cart_link_describedby_4634\" data-quantity=\"1\" class=\"button product_type_simple add_to_cart_button ajax_add_to_cart\" data-product_id=\"4634\" data-product_sku=\"9788411306393\" aria-label=\"Agregar al carrito: &ldquo;Derecho Bancario y Financiero de Chile, Jaime Gallegos Z\u00fa\u00f1iga, 2022 - 408 P\u00e1ginas&rdquo;\" rel=\"nofollow\" data-success_message=\"&ldquo;Derecho Bancario y Financiero de Chile, Jaime Gallegos Z\u00fa\u00f1iga, 2022 - 408 P\u00e1ginas&rdquo; se ha a\u00f1adido a tu carro\" role=\"button\">Agregar al carrito<\/a>\t<span id=\"woocommerce_loop_add_to_cart_link_describedby_4634\" class=\"screen-reader-text\">\n\t\t\t<\/span>\n<\/li>\n<li class=\"product type-product post-4631 status-publish instock product_cat-comercial has-post-thumbnail sale shipping-taxable purchasable product-type-simple\">\n\t<a href=\"https:\/\/bibliotecajuridicavirtual.cl\/index.php\/product\/gps-contratos-mercantiles-guia-profesional-ano-2022-866-pag-autor-maria-fernanda-vasquez-palma\/\" class=\"woocommerce-LoopProduct-link woocommerce-loop-product__link\">\n\t<span class=\"onsale\">\u00a1Oferta!<\/span>\n\t<img loading=\"lazy\" decoding=\"async\" width=\"300\" height=\"423\" src=\"https:\/\/bibliotecajuridicavirtual.cl\/wp-content\/uploads\/2026\/02\/GPS-DE-CONTRATO-MERCANTILES-300x423.png\" class=\"attachment-woocommerce_thumbnail size-woocommerce_thumbnail\" alt=\"GPS Contratos Mercantiles Gu\u00eda Profesional. A\u00f1o 2022 \/ 866 P\u00e1g. Autor Mar\u00eda Fernanda V\u00e1squez Palma\" srcset=\"https:\/\/bibliotecajuridicavirtual.cl\/wp-content\/uploads\/2026\/02\/GPS-DE-CONTRATO-MERCANTILES-300x423.png 300w, https:\/\/bibliotecajuridicavirtual.cl\/wp-content\/uploads\/2026\/02\/GPS-DE-CONTRATO-MERCANTILES-64x90.png 64w, https:\/\/bibliotecajuridicavirtual.cl\/wp-content\/uploads\/2026\/02\/GPS-DE-CONTRATO-MERCANTILES-213x300.png 213w, https:\/\/bibliotecajuridicavirtual.cl\/wp-content\/uploads\/2026\/02\/GPS-DE-CONTRATO-MERCANTILES.png 477w\" sizes=\"(max-width: 300px) 100vw, 300px\" \/><h2 class=\"woocommerce-loop-product__title\">GPS Contratos Mercantiles Gu\u00eda Profesional. A\u00f1o 2022 \/ 866 P\u00e1g. Autor Mar\u00eda Fernanda V\u00e1squez Palma<\/h2>\n\t<span class=\"price\"><del aria-hidden=\"true\"><span class=\"woocommerce-Price-amount amount\"><bdi><span class=\"woocommerce-Price-currencySymbol\">&#36;<\/span>99.990<\/bdi><\/span><\/del> <span class=\"screen-reader-text\">El precio original era: &#036;99.990.<\/span><ins aria-hidden=\"true\"><span class=\"woocommerce-Price-amount amount\"><bdi><span class=\"woocommerce-Price-currencySymbol\">&#36;<\/span>90.000<\/bdi><\/span><\/ins><span class=\"screen-reader-text\">El precio actual es: &#036;90.000.<\/span><\/span>\n<\/a><a href=\"\/index.php\/wp-json\/wp\/v2\/pages\/4809?add-to-cart=4631\" aria-describedby=\"woocommerce_loop_add_to_cart_link_describedby_4631\" data-quantity=\"1\" class=\"button product_type_simple add_to_cart_button ajax_add_to_cart\" data-product_id=\"4631\" data-product_sku=\"9788413973630\" aria-label=\"Agregar al carrito: &ldquo;GPS Contratos Mercantiles Gu\u00eda Profesional. A\u00f1o 2022 \/ 866 P\u00e1g. Autor Mar\u00eda Fernanda V\u00e1squez Palma&rdquo;\" rel=\"nofollow\" data-success_message=\"&ldquo;GPS Contratos Mercantiles Gu\u00eda Profesional. A\u00f1o 2022 \/ 866 P\u00e1g. Autor Mar\u00eda Fernanda V\u00e1squez Palma&rdquo; se ha a\u00f1adido a tu carro\" role=\"button\">Agregar al carrito<\/a>\t<span id=\"woocommerce_loop_add_to_cart_link_describedby_4631\" class=\"screen-reader-text\">\n\t\t\t<\/span>\n<\/li>\n<li class=\"product type-product post-4608 status-publish instock product_cat-comercial product_cat-thomson-reuters has-post-thumbnail shipping-taxable purchasable product-type-simple\">\n\t<a href=\"https:\/\/bibliotecajuridicavirtual.cl\/index.php\/product\/los-pactos-de-accionistas-ano-junio-2023-250-pag-autor-osvaldo-lagos-villarreal\/\" class=\"woocommerce-LoopProduct-link woocommerce-loop-product__link\"><img loading=\"lazy\" decoding=\"async\" width=\"300\" height=\"424\" src=\"https:\/\/bibliotecajuridicavirtual.cl\/wp-content\/uploads\/2026\/02\/LOS-PACTOS-DE-ACCIONISTAS-300x424.png\" class=\"attachment-woocommerce_thumbnail size-woocommerce_thumbnail\" alt=\"Los Pactos de Accionistas. A\u00f1o Junio 2023\/ 250 P\u00e1g. Autor Osvaldo Lagos Villarreal\" srcset=\"https:\/\/bibliotecajuridicavirtual.cl\/wp-content\/uploads\/2026\/02\/LOS-PACTOS-DE-ACCIONISTAS-300x424.png 300w, https:\/\/bibliotecajuridicavirtual.cl\/wp-content\/uploads\/2026\/02\/LOS-PACTOS-DE-ACCIONISTAS-64x90.png 64w, https:\/\/bibliotecajuridicavirtual.cl\/wp-content\/uploads\/2026\/02\/LOS-PACTOS-DE-ACCIONISTAS-212x300.png 212w, https:\/\/bibliotecajuridicavirtual.cl\/wp-content\/uploads\/2026\/02\/LOS-PACTOS-DE-ACCIONISTAS.png 315w\" sizes=\"(max-width: 300px) 100vw, 300px\" \/><h2 class=\"woocommerce-loop-product__title\">Los Pactos de Accionistas. A\u00f1o Junio 2023\/ 250 P\u00e1g. Autor Osvaldo Lagos Villarreal<\/h2>\n\t<span class=\"price\"><span class=\"woocommerce-Price-amount amount\"><bdi><span class=\"woocommerce-Price-currencySymbol\">&#36;<\/span>34.200<\/bdi><\/span><\/span>\n<\/a><a href=\"\/index.php\/wp-json\/wp\/v2\/pages\/4809?add-to-cart=4608\" aria-describedby=\"woocommerce_loop_add_to_cart_link_describedby_4608\" data-quantity=\"1\" class=\"button product_type_simple add_to_cart_button ajax_add_to_cart\" data-product_id=\"4608\" data-product_sku=\"9789564003610\" aria-label=\"Agregar al carrito: &ldquo;Los Pactos de Accionistas. A\u00f1o Junio 2023\/ 250 P\u00e1g. Autor Osvaldo Lagos Villarreal&rdquo;\" rel=\"nofollow\" data-success_message=\"&ldquo;Los Pactos de Accionistas. A\u00f1o Junio 2023\/ 250 P\u00e1g. Autor Osvaldo Lagos Villarreal&rdquo; se ha a\u00f1adido a tu carro\" role=\"button\">Agregar al carrito<\/a>\t<span id=\"woocommerce_loop_add_to_cart_link_describedby_4608\" class=\"screen-reader-text\">\n\t\t\t<\/span>\n<\/li>\n<li class=\"product type-product post-4521 status-publish last instock product_cat-comercial product_cat-editorial-der-ediciones has-post-thumbnail shipping-taxable purchasable product-type-simple\">\n\t<a href=\"https:\/\/bibliotecajuridicavirtual.cl\/index.php\/product\/estudios-de-derecho-comercial-x-jornadas-chilenas-de-derecho-comercial-ano-2021-400-pag-autor-maria-fernanda-vasquez-palma\/\" class=\"woocommerce-LoopProduct-link woocommerce-loop-product__link\"><img loading=\"lazy\" decoding=\"async\" width=\"300\" height=\"425\" src=\"https:\/\/bibliotecajuridicavirtual.cl\/wp-content\/uploads\/2026\/02\/ESTUDIOS-DE-DERECHO-COMERCIAL-X-300x425.png\" class=\"attachment-woocommerce_thumbnail size-woocommerce_thumbnail\" alt=\"Estudios de Derecho comercial. X jornadas chilenas de Derecho comercial. A\u00f1o 2021\/400 P\u00e1g. Autor  Mar\u00eda Fernanda V\u00e1squez Palma\" srcset=\"https:\/\/bibliotecajuridicavirtual.cl\/wp-content\/uploads\/2026\/02\/ESTUDIOS-DE-DERECHO-COMERCIAL-X-300x425.png 300w, https:\/\/bibliotecajuridicavirtual.cl\/wp-content\/uploads\/2026\/02\/ESTUDIOS-DE-DERECHO-COMERCIAL-X-64x91.png 64w, https:\/\/bibliotecajuridicavirtual.cl\/wp-content\/uploads\/2026\/02\/ESTUDIOS-DE-DERECHO-COMERCIAL-X-212x300.png 212w, https:\/\/bibliotecajuridicavirtual.cl\/wp-content\/uploads\/2026\/02\/ESTUDIOS-DE-DERECHO-COMERCIAL-X.png 469w\" sizes=\"(max-width: 300px) 100vw, 300px\" \/><h2 class=\"woocommerce-loop-product__title\">Estudios de Derecho comercial. X jornadas chilenas de Derecho comercial. A\u00f1o 2021\/400 P\u00e1g. Autor  Mar\u00eda Fernanda V\u00e1squez Palma<\/h2>\n\t<span class=\"price\"><span class=\"woocommerce-Price-amount amount\"><bdi><span class=\"woocommerce-Price-currencySymbol\">&#36;<\/span>45.990<\/bdi><\/span><\/span>\n<\/a><a href=\"\/index.php\/wp-json\/wp\/v2\/pages\/4809?add-to-cart=4521\" aria-describedby=\"woocommerce_loop_add_to_cart_link_describedby_4521\" data-quantity=\"1\" class=\"button product_type_simple add_to_cart_button ajax_add_to_cart\" data-product_id=\"4521\" data-product_sku=\"9788413782607\" aria-label=\"Agregar al carrito: &ldquo;Estudios de Derecho comercial. X jornadas chilenas de Derecho comercial. A\u00f1o 2021\/400 P\u00e1g. Autor  Mar\u00eda Fernanda V\u00e1squez Palma&rdquo;\" rel=\"nofollow\" data-success_message=\"&ldquo;Estudios de Derecho comercial. X jornadas chilenas de Derecho comercial. A\u00f1o 2021\/400 P\u00e1g. Autor  Mar\u00eda Fernanda V\u00e1squez Palma&rdquo; se ha a\u00f1adido a tu carro\" role=\"button\">Agregar al carrito<\/a>\t<span id=\"woocommerce_loop_add_to_cart_link_describedby_4521\" class=\"screen-reader-text\">\n\t\t\t<\/span>\n<\/li>\n<li class=\"product type-product post-4471 status-publish first instock product_cat-comercial product_cat-editorial-der-ediciones has-post-thumbnail shipping-taxable purchasable product-type-simple\">\n\t<a href=\"https:\/\/bibliotecajuridicavirtual.cl\/index.php\/product\/el-tribunal-de-defensa-de-la-libre-competencia-como-un-contecioso-administrativo-ano-2022-600-pag-autor-francisco-aguero-vargas\/\" class=\"woocommerce-LoopProduct-link woocommerce-loop-product__link\"><img loading=\"lazy\" decoding=\"async\" width=\"300\" height=\"375\" src=\"https:\/\/bibliotecajuridicavirtual.cl\/wp-content\/uploads\/2026\/02\/EL-TRIBUNAL-DE-DEFENSA-DE-LA-LIBRE-COMPETENCIA-1-300x375.png\" class=\"attachment-woocommerce_thumbnail size-woocommerce_thumbnail\" alt=\"El Tribunal de Defensa de la Libre Competencia como un contecioso-Administrativo. A\u00f1o 2022\/600 P\u00e1g. Autor Francisco Ag\u00fcero Vargas\" srcset=\"https:\/\/bibliotecajuridicavirtual.cl\/wp-content\/uploads\/2026\/02\/EL-TRIBUNAL-DE-DEFENSA-DE-LA-LIBRE-COMPETENCIA-1-300x375.png 300w, https:\/\/bibliotecajuridicavirtual.cl\/wp-content\/uploads\/2026\/02\/EL-TRIBUNAL-DE-DEFENSA-DE-LA-LIBRE-COMPETENCIA-1-64x80.png 64w, https:\/\/bibliotecajuridicavirtual.cl\/wp-content\/uploads\/2026\/02\/EL-TRIBUNAL-DE-DEFENSA-DE-LA-LIBRE-COMPETENCIA-1-240x300.png 240w, https:\/\/bibliotecajuridicavirtual.cl\/wp-content\/uploads\/2026\/02\/EL-TRIBUNAL-DE-DEFENSA-DE-LA-LIBRE-COMPETENCIA-1.png 329w\" sizes=\"(max-width: 300px) 100vw, 300px\" \/><h2 class=\"woocommerce-loop-product__title\">El Tribunal de Defensa de la Libre Competencia como un contecioso-Administrativo. A\u00f1o 2022\/600 P\u00e1g. Autor Francisco Ag\u00fcero Vargas<\/h2>\n\t<span class=\"price\"><span class=\"woocommerce-Price-amount amount\"><bdi><span class=\"woocommerce-Price-currencySymbol\">&#36;<\/span>45.000<\/bdi><\/span><\/span>\n<\/a><a href=\"\/index.php\/wp-json\/wp\/v2\/pages\/4809?add-to-cart=4471\" aria-describedby=\"woocommerce_loop_add_to_cart_link_describedby_4471\" data-quantity=\"1\" class=\"button product_type_simple add_to_cart_button ajax_add_to_cart\" data-product_id=\"4471\" data-product_sku=\"9789564050355\" aria-label=\"Agregar al carrito: &ldquo;El Tribunal de Defensa de la Libre Competencia como un contecioso-Administrativo. A\u00f1o 2022\/600 P\u00e1g. Autor Francisco Ag\u00fcero Vargas&rdquo;\" rel=\"nofollow\" data-success_message=\"&ldquo;El Tribunal de Defensa de la Libre Competencia como un contecioso-Administrativo. A\u00f1o 2022\/600 P\u00e1g. Autor Francisco Ag\u00fcero Vargas&rdquo; se ha a\u00f1adido a tu carro\" role=\"button\">Agregar al carrito<\/a>\t<span id=\"woocommerce_loop_add_to_cart_link_describedby_4471\" class=\"screen-reader-text\">\n\t\t\t<\/span>\n<\/li>\n<li class=\"product type-product post-4423 status-publish instock product_cat-comercial has-post-thumbnail shipping-taxable purchasable product-type-simple\">\n\t<a href=\"https:\/\/bibliotecajuridicavirtual.cl\/index.php\/product\/lavado-de-activos-y-financiamiento-del-terrorismo-ano-2023-496-pag-autor-angela-toso-milos\/\" class=\"woocommerce-LoopProduct-link woocommerce-loop-product__link\"><img loading=\"lazy\" decoding=\"async\" width=\"223\" height=\"333\" src=\"https:\/\/bibliotecajuridicavirtual.cl\/wp-content\/uploads\/2026\/02\/LAVADO-DE-ACTIVOS-FINANCIERO.png\" class=\"attachment-woocommerce_thumbnail size-woocommerce_thumbnail\" alt=\"Lavado de Activos y Financiamiento del Terrorismo. A\u00f1o 2023\/496 P\u00e1g. Autor \u00c1ngela Toso Milos\" srcset=\"https:\/\/bibliotecajuridicavirtual.cl\/wp-content\/uploads\/2026\/02\/LAVADO-DE-ACTIVOS-FINANCIERO.png 223w, https:\/\/bibliotecajuridicavirtual.cl\/wp-content\/uploads\/2026\/02\/LAVADO-DE-ACTIVOS-FINANCIERO-64x96.png 64w, https:\/\/bibliotecajuridicavirtual.cl\/wp-content\/uploads\/2026\/02\/LAVADO-DE-ACTIVOS-FINANCIERO-201x300.png 201w\" sizes=\"(max-width: 223px) 100vw, 223px\" \/><h2 class=\"woocommerce-loop-product__title\">Lavado de Activos y Financiamiento del Terrorismo. A\u00f1o 2023\/496 P\u00e1g. Autor \u00c1ngela Toso Milos<\/h2>\n\t<span class=\"price\"><span class=\"woocommerce-Price-amount amount\"><bdi><span class=\"woocommerce-Price-currencySymbol\">&#36;<\/span>49.900<\/bdi><\/span><\/span>\n<\/a><a href=\"\/index.php\/wp-json\/wp\/v2\/pages\/4809?add-to-cart=4423\" aria-describedby=\"woocommerce_loop_add_to_cart_link_describedby_4423\" data-quantity=\"1\" class=\"button product_type_simple add_to_cart_button ajax_add_to_cart\" data-product_id=\"4423\" data-product_sku=\"9788411309554\" aria-label=\"Agregar al carrito: &ldquo;Lavado de Activos y Financiamiento del Terrorismo. A\u00f1o 2023\/496 P\u00e1g. Autor \u00c1ngela Toso Milos&rdquo;\" rel=\"nofollow\" data-success_message=\"&ldquo;Lavado de Activos y Financiamiento del Terrorismo. A\u00f1o 2023\/496 P\u00e1g. Autor \u00c1ngela Toso Milos&rdquo; se ha a\u00f1adido a tu carro\" role=\"button\">Agregar al carrito<\/a>\t<span id=\"woocommerce_loop_add_to_cart_link_describedby_4423\" class=\"screen-reader-text\">\n\t\t\t<\/span>\n<\/li>\n<li class=\"product type-product post-4373 status-publish instock product_cat-comercial product_cat-thomson-reuters has-post-thumbnail shipping-taxable purchasable product-type-simple\">\n\t<a href=\"https:\/\/bibliotecajuridicavirtual.cl\/index.php\/product\/el-contrato-de-construccion-privado-alcances-obligaciones-y-responsabilidad-ano-2023-500-pag-autor-ricardo-padilla-parot\/\" class=\"woocommerce-LoopProduct-link woocommerce-loop-product__link\"><img loading=\"lazy\" decoding=\"async\" width=\"300\" height=\"422\" src=\"https:\/\/bibliotecajuridicavirtual.cl\/wp-content\/uploads\/2026\/02\/EL-CONTRATO-DE-CONSTRUCCION-PRIVADO-300x422.png\" class=\"attachment-woocommerce_thumbnail size-woocommerce_thumbnail\" alt=\"El Contrato De Construcci\u00f3n Privado - Alcances, Obligaciones y Responsabilidad. A\u00f1o 2023\/ 500 P\u00e1g. Autor Ricardo Padilla Parot\" srcset=\"https:\/\/bibliotecajuridicavirtual.cl\/wp-content\/uploads\/2026\/02\/EL-CONTRATO-DE-CONSTRUCCION-PRIVADO-300x422.png 300w, https:\/\/bibliotecajuridicavirtual.cl\/wp-content\/uploads\/2026\/02\/EL-CONTRATO-DE-CONSTRUCCION-PRIVADO-64x90.png 64w, https:\/\/bibliotecajuridicavirtual.cl\/wp-content\/uploads\/2026\/02\/EL-CONTRATO-DE-CONSTRUCCION-PRIVADO-213x300.png 213w, https:\/\/bibliotecajuridicavirtual.cl\/wp-content\/uploads\/2026\/02\/EL-CONTRATO-DE-CONSTRUCCION-PRIVADO.png 339w\" sizes=\"(max-width: 300px) 100vw, 300px\" \/><h2 class=\"woocommerce-loop-product__title\">El Contrato De Construcci\u00f3n Privado &#8211; Alcances, Obligaciones y Responsabilidad. A\u00f1o 2023\/ 500 P\u00e1g. Autor Ricardo Padilla Parot<\/h2>\n\t<span class=\"price\"><span class=\"woocommerce-Price-amount amount\"><bdi><span class=\"woocommerce-Price-currencySymbol\">&#36;<\/span>63.700<\/bdi><\/span><\/span>\n<\/a><a href=\"\/index.php\/wp-json\/wp\/v2\/pages\/4809?add-to-cart=4373\" aria-describedby=\"woocommerce_loop_add_to_cart_link_describedby_4373\" data-quantity=\"1\" class=\"button product_type_simple add_to_cart_button ajax_add_to_cart\" data-product_id=\"4373\" data-product_sku=\"9789564003405\" aria-label=\"Agregar al carrito: &ldquo;El Contrato De Construcci\u00f3n Privado - Alcances, Obligaciones y Responsabilidad. A\u00f1o 2023\/ 500 P\u00e1g. Autor Ricardo Padilla Parot&rdquo;\" rel=\"nofollow\" data-success_message=\"&ldquo;El Contrato De Construcci\u00f3n Privado - Alcances, Obligaciones y Responsabilidad. A\u00f1o 2023\/ 500 P\u00e1g. Autor Ricardo Padilla Parot&rdquo; se ha a\u00f1adido a tu carro\" role=\"button\">Agregar al carrito<\/a>\t<span id=\"woocommerce_loop_add_to_cart_link_describedby_4373\" class=\"screen-reader-text\">\n\t\t\t<\/span>\n<\/li>\n<li class=\"product type-product post-4330 status-publish last instock product_cat-comercial product_cat-editorial-juridica-de-chile has-post-thumbnail shipping-taxable purchasable product-type-simple\">\n\t<a href=\"https:\/\/bibliotecajuridicavirtual.cl\/index.php\/product\/derecho-comercial-tomo-xv-derecho-de-sociedades-sociedades-de-personas-y-sociedades-de-capital-ano-2023-473-pag-autor-ricardo-sandoval-lopez\/\" class=\"woocommerce-LoopProduct-link woocommerce-loop-product__link\"><img loading=\"lazy\" decoding=\"async\" width=\"287\" height=\"451\" src=\"https:\/\/bibliotecajuridicavirtual.cl\/wp-content\/uploads\/2026\/02\/DERECHO-COMERCIAL-TOMO-XV.png\" class=\"attachment-woocommerce_thumbnail size-woocommerce_thumbnail\" alt=\"Derecho Comercial- Tomo XV- Derecho de Sociedades, Sociedades de Personas y Sociedades de Capital. A\u00f1o 2023\/473 P\u00e1g. Autor Ricardo Sandoval L\u00f3pez\" srcset=\"https:\/\/bibliotecajuridicavirtual.cl\/wp-content\/uploads\/2026\/02\/DERECHO-COMERCIAL-TOMO-XV.png 287w, https:\/\/bibliotecajuridicavirtual.cl\/wp-content\/uploads\/2026\/02\/DERECHO-COMERCIAL-TOMO-XV-64x101.png 64w, https:\/\/bibliotecajuridicavirtual.cl\/wp-content\/uploads\/2026\/02\/DERECHO-COMERCIAL-TOMO-XV-191x300.png 191w\" sizes=\"(max-width: 287px) 100vw, 287px\" \/><h2 class=\"woocommerce-loop-product__title\">Derecho Comercial- Tomo XV- Derecho de Sociedades, Sociedades de Personas y Sociedades de Capital. A\u00f1o 2023\/473 P\u00e1g. Autor Ricardo Sandoval L\u00f3pez<\/h2>\n\t<span class=\"price\"><span class=\"woocommerce-Price-amount amount\"><bdi><span class=\"woocommerce-Price-currencySymbol\">&#36;<\/span>45.000<\/bdi><\/span><\/span>\n<\/a><a href=\"\/index.php\/wp-json\/wp\/v2\/pages\/4809?add-to-cart=4330\" aria-describedby=\"woocommerce_loop_add_to_cart_link_describedby_4330\" data-quantity=\"1\" class=\"button product_type_simple add_to_cart_button ajax_add_to_cart\" data-product_id=\"4330\" data-product_sku=\"9789561026872\" aria-label=\"Agregar al carrito: &ldquo;Derecho Comercial- Tomo XV- Derecho de Sociedades, Sociedades de Personas y Sociedades de Capital. A\u00f1o 2023\/473 P\u00e1g. Autor Ricardo Sandoval L\u00f3pez&rdquo;\" rel=\"nofollow\" data-success_message=\"&ldquo;Derecho Comercial- Tomo XV- Derecho de Sociedades, Sociedades de Personas y Sociedades de Capital. A\u00f1o 2023\/473 P\u00e1g. Autor Ricardo Sandoval L\u00f3pez&rdquo; se ha a\u00f1adido a tu carro\" role=\"button\">Agregar al carrito<\/a>\t<span id=\"woocommerce_loop_add_to_cart_link_describedby_4330\" class=\"screen-reader-text\">\n\t\t\t<\/span>\n<\/li>\n<li class=\"product type-product post-4265 status-publish first instock product_cat-comercial product_cat-editorial-rubicon has-post-thumbnail shipping-taxable purchasable product-type-simple\">\n\t<a href=\"https:\/\/bibliotecajuridicavirtual.cl\/index.php\/product\/negocio-juridico-coleccion-casos-practicos-ano-2018-126-pag-autor-francisca-barrientos\/\" class=\"woocommerce-LoopProduct-link woocommerce-loop-product__link\"><img loading=\"lazy\" decoding=\"async\" width=\"300\" height=\"149\" src=\"https:\/\/bibliotecajuridicavirtual.cl\/wp-content\/uploads\/2026\/02\/NEGOCIOS-JURIDICOS-RUBICON-300x149.png\" class=\"attachment-woocommerce_thumbnail size-woocommerce_thumbnail\" alt=\"Negocio Jur\u00eddico - Colecci\u00f3n Casos Pr\u00e1cticos. A\u00f1o 2018\/126 P\u00e1g. Autor Francisca Barrientos\" srcset=\"https:\/\/bibliotecajuridicavirtual.cl\/wp-content\/uploads\/2026\/02\/NEGOCIOS-JURIDICOS-RUBICON-300x149.png 300w, https:\/\/bibliotecajuridicavirtual.cl\/wp-content\/uploads\/2026\/02\/NEGOCIOS-JURIDICOS-RUBICON-600x298.png 600w, https:\/\/bibliotecajuridicavirtual.cl\/wp-content\/uploads\/2026\/02\/NEGOCIOS-JURIDICOS-RUBICON-64x32.png 64w, https:\/\/bibliotecajuridicavirtual.cl\/wp-content\/uploads\/2026\/02\/NEGOCIOS-JURIDICOS-RUBICON.png 732w\" sizes=\"(max-width: 300px) 100vw, 300px\" \/><h2 class=\"woocommerce-loop-product__title\">Negocio Jur\u00eddico &#8211; Colecci\u00f3n Casos Pr\u00e1cticos. A\u00f1o 2018\/126 P\u00e1g. Autor Francisca Barrientos<\/h2>\n\t<span class=\"price\"><span class=\"woocommerce-Price-amount amount\"><bdi><span class=\"woocommerce-Price-currencySymbol\">&#36;<\/span>15.000<\/bdi><\/span><\/span>\n<\/a><a href=\"\/index.php\/wp-json\/wp\/v2\/pages\/4809?add-to-cart=4265\" aria-describedby=\"woocommerce_loop_add_to_cart_link_describedby_4265\" data-quantity=\"1\" class=\"button product_type_simple add_to_cart_button ajax_add_to_cart\" data-product_id=\"4265\" data-product_sku=\"9789569947087\" aria-label=\"Agregar al carrito: &ldquo;Negocio Jur\u00eddico - Colecci\u00f3n Casos Pr\u00e1cticos. A\u00f1o 2018\/126 P\u00e1g. Autor Francisca Barrientos&rdquo;\" rel=\"nofollow\" data-success_message=\"&ldquo;Negocio Jur\u00eddico - Colecci\u00f3n Casos Pr\u00e1cticos. A\u00f1o 2018\/126 P\u00e1g. Autor Francisca Barrientos&rdquo; se ha a\u00f1adido a tu carro\" role=\"button\">Agregar al carrito<\/a>\t<span id=\"woocommerce_loop_add_to_cart_link_describedby_4265\" class=\"screen-reader-text\">\n\t\t\t<\/span>\n<\/li>\n<li class=\"product type-product post-4263 status-publish instock product_cat-comercial product_cat-editorial-rubicon has-post-thumbnail shipping-taxable purchasable product-type-simple\">\n\t<a href=\"https:\/\/bibliotecajuridicavirtual.cl\/index.php\/product\/analisis-economico-del-derecho-ano-2017-550-pag-autor-omar-vasquez-d\/\" class=\"woocommerce-LoopProduct-link woocommerce-loop-product__link\"><img loading=\"lazy\" decoding=\"async\" width=\"300\" height=\"215\" src=\"https:\/\/bibliotecajuridicavirtual.cl\/wp-content\/uploads\/2026\/02\/analisis-economico-del-derecho-300x215.png\" class=\"attachment-woocommerce_thumbnail size-woocommerce_thumbnail\" alt=\"An\u00e1lisis Econ\u00f3mico del Derecho. A\u00f1o 2017\/550 P\u00e1g. Autor Omar V\u00e1squez D.\" srcset=\"https:\/\/bibliotecajuridicavirtual.cl\/wp-content\/uploads\/2026\/02\/analisis-economico-del-derecho-300x215.png 300w, https:\/\/bibliotecajuridicavirtual.cl\/wp-content\/uploads\/2026\/02\/analisis-economico-del-derecho-64x46.png 64w, https:\/\/bibliotecajuridicavirtual.cl\/wp-content\/uploads\/2026\/02\/analisis-economico-del-derecho.png 506w\" sizes=\"(max-width: 300px) 100vw, 300px\" \/><h2 class=\"woocommerce-loop-product__title\">An\u00e1lisis Econ\u00f3mico del Derecho. A\u00f1o 2017\/550 P\u00e1g. Autor Omar V\u00e1squez D.<\/h2>\n\t<span class=\"price\"><span class=\"woocommerce-Price-amount amount\"><bdi><span class=\"woocommerce-Price-currencySymbol\">&#36;<\/span>45.800<\/bdi><\/span><\/span>\n<\/a><a href=\"\/index.php\/wp-json\/wp\/v2\/pages\/4809?add-to-cart=4263\" aria-describedby=\"woocommerce_loop_add_to_cart_link_describedby_4263\" data-quantity=\"1\" class=\"button product_type_simple add_to_cart_button ajax_add_to_cart\" data-product_id=\"4263\" data-product_sku=\"9789569947049\" aria-label=\"Agregar al carrito: &ldquo;An\u00e1lisis Econ\u00f3mico del Derecho. A\u00f1o 2017\/550 P\u00e1g. Autor Omar V\u00e1squez D.&rdquo;\" rel=\"nofollow\" data-success_message=\"&ldquo;An\u00e1lisis Econ\u00f3mico del Derecho. A\u00f1o 2017\/550 P\u00e1g. Autor Omar V\u00e1squez D.&rdquo; se ha a\u00f1adido a tu carro\" role=\"button\">Agregar al carrito<\/a>\t<span id=\"woocommerce_loop_add_to_cart_link_describedby_4263\" class=\"screen-reader-text\">\n\t\t\t<\/span>\n<\/li>\n<li class=\"product type-product post-4240 status-publish instock product_cat-comercial product_cat-editorial-rubicon has-post-thumbnail shipping-taxable purchasable product-type-simple\">\n\t<a href=\"https:\/\/bibliotecajuridicavirtual.cl\/index.php\/product\/estudios-de-derecho-comercial-ano-2017-598-pag-autor-universidad-de-concepcion\/\" class=\"woocommerce-LoopProduct-link woocommerce-loop-product__link\"><img loading=\"lazy\" decoding=\"async\" width=\"300\" height=\"211\" src=\"https:\/\/bibliotecajuridicavirtual.cl\/wp-content\/uploads\/2026\/02\/ESTUDIOS-DE-DERECHO-COMERCIAL.png-RUBICON-300x211.png\" class=\"attachment-woocommerce_thumbnail size-woocommerce_thumbnail\" alt=\"Estudios de Derecho Comercial. A\u00f1o 2017\/598 P\u00e1g. Autor Universidad de Concepci\u00f3n\" srcset=\"https:\/\/bibliotecajuridicavirtual.cl\/wp-content\/uploads\/2026\/02\/ESTUDIOS-DE-DERECHO-COMERCIAL.png-RUBICON-300x211.png 300w, https:\/\/bibliotecajuridicavirtual.cl\/wp-content\/uploads\/2026\/02\/ESTUDIOS-DE-DERECHO-COMERCIAL.png-RUBICON-64x45.png 64w, https:\/\/bibliotecajuridicavirtual.cl\/wp-content\/uploads\/2026\/02\/ESTUDIOS-DE-DERECHO-COMERCIAL.png-RUBICON.png 541w\" sizes=\"(max-width: 300px) 100vw, 300px\" \/><h2 class=\"woocommerce-loop-product__title\">Estudios de Derecho Comercial. A\u00f1o 2017\/598 P\u00e1g. Autor Universidad de Concepci\u00f3n<\/h2>\n\t<span class=\"price\"><span class=\"woocommerce-Price-amount amount\"><bdi><span class=\"woocommerce-Price-currencySymbol\">&#36;<\/span>32.500<\/bdi><\/span><\/span>\n<\/a><a href=\"\/index.php\/wp-json\/wp\/v2\/pages\/4809?add-to-cart=4240\" aria-describedby=\"woocommerce_loop_add_to_cart_link_describedby_4240\" data-quantity=\"1\" class=\"button product_type_simple add_to_cart_button ajax_add_to_cart\" data-product_id=\"4240\" data-product_sku=\"9789569947056\" aria-label=\"Agregar al carrito: &ldquo;Estudios de Derecho Comercial. A\u00f1o 2017\/598 P\u00e1g. Autor Universidad de Concepci\u00f3n&rdquo;\" rel=\"nofollow\" data-success_message=\"&ldquo;Estudios de Derecho Comercial. A\u00f1o 2017\/598 P\u00e1g. Autor Universidad de Concepci\u00f3n&rdquo; se ha a\u00f1adido a tu carro\" role=\"button\">Agregar al carrito<\/a>\t<span id=\"woocommerce_loop_add_to_cart_link_describedby_4240\" class=\"screen-reader-text\">\n\t\t\t<\/span>\n<\/li>\n<li class=\"product type-product post-4192 status-publish last instock product_cat-comercial product_cat-ediciones-juridica-de-santiago has-post-thumbnail shipping-taxable purchasable product-type-simple\">\n\t<a href=\"https:\/\/bibliotecajuridicavirtual.cl\/index.php\/product\/que-es-lo-justo-y-lo-adecuado-reflexion-en-temas-economico-y-juridico-ano-2020-autor-jose-luis-lopez-blanco\/\" class=\"woocommerce-LoopProduct-link woocommerce-loop-product__link\"><img loading=\"lazy\" decoding=\"async\" width=\"300\" height=\"421\" src=\"https:\/\/bibliotecajuridicavirtual.cl\/wp-content\/uploads\/2026\/02\/QUE-ES-LO-JUSTO-Y-LO-ADECUADO-300x421.png\" class=\"attachment-woocommerce_thumbnail size-woocommerce_thumbnail\" alt=\"\u00bf Qu\u00e9 es lo Justo y Lo Adecuado ? - Reflexi\u00f3n en Temas Econ\u00f3mico y  Jur\u00eddico . A\u00f1o 2020. Autor Jos\u00e9 Luis L\u00f3pez Blanco\" srcset=\"https:\/\/bibliotecajuridicavirtual.cl\/wp-content\/uploads\/2026\/02\/QUE-ES-LO-JUSTO-Y-LO-ADECUADO-300x421.png 300w, https:\/\/bibliotecajuridicavirtual.cl\/wp-content\/uploads\/2026\/02\/QUE-ES-LO-JUSTO-Y-LO-ADECUADO-64x90.png 64w, https:\/\/bibliotecajuridicavirtual.cl\/wp-content\/uploads\/2026\/02\/QUE-ES-LO-JUSTO-Y-LO-ADECUADO-214x300.png 214w, https:\/\/bibliotecajuridicavirtual.cl\/wp-content\/uploads\/2026\/02\/QUE-ES-LO-JUSTO-Y-LO-ADECUADO.png 353w\" sizes=\"(max-width: 300px) 100vw, 300px\" \/><h2 class=\"woocommerce-loop-product__title\">\u00bf Qu\u00e9 es lo Justo y Lo Adecuado ? &#8211; Reflexi\u00f3n en Temas Econ\u00f3mico y  Jur\u00eddico . A\u00f1o 2020. Autor Jos\u00e9 Luis L\u00f3pez Blanco<\/h2>\n\t<span class=\"price\"><span class=\"woocommerce-Price-amount amount\"><bdi><span class=\"woocommerce-Price-currencySymbol\">&#36;<\/span>26.000<\/bdi><\/span><\/span>\n<\/a><a href=\"\/index.php\/wp-json\/wp\/v2\/pages\/4809?add-to-cart=4192\" aria-describedby=\"woocommerce_loop_add_to_cart_link_describedby_4192\" data-quantity=\"1\" class=\"button product_type_simple add_to_cart_button ajax_add_to_cart\" data-product_id=\"4192\" data-product_sku=\"9789566053439\" aria-label=\"Agregar al carrito: &ldquo;\u00bf Qu\u00e9 es lo Justo y Lo Adecuado ? - Reflexi\u00f3n en Temas Econ\u00f3mico y  Jur\u00eddico . A\u00f1o 2020. Autor Jos\u00e9 Luis L\u00f3pez Blanco&rdquo;\" rel=\"nofollow\" data-success_message=\"&ldquo;\u00bf Qu\u00e9 es lo Justo y Lo Adecuado ? - Reflexi\u00f3n en Temas Econ\u00f3mico y  Jur\u00eddico . A\u00f1o 2020. Autor Jos\u00e9 Luis L\u00f3pez Blanco&rdquo; se ha a\u00f1adido a tu carro\" role=\"button\">Agregar al carrito<\/a>\t<span id=\"woocommerce_loop_add_to_cart_link_describedby_4192\" class=\"screen-reader-text\">\n\t\t\t<\/span>\n<\/li>\n<li class=\"product type-product post-4129 status-publish first instock product_cat-comercial has-post-thumbnail shipping-taxable purchasable product-type-simple\">\n\t<a href=\"https:\/\/bibliotecajuridicavirtual.cl\/index.php\/product\/manual-sobre-derecho-de-sociedades-2-edicion-ano-2022-309-pag-autor-matias-zegers-y-roberto-guerrero\/\" class=\"woocommerce-LoopProduct-link woocommerce-loop-product__link\"><img loading=\"lazy\" decoding=\"async\" width=\"300\" height=\"388\" src=\"https:\/\/bibliotecajuridicavirtual.cl\/wp-content\/uploads\/2026\/02\/MANUAL-SOBRE-DERECHO-DE-SOCIEDADES-2DA.-EDICION-2022-300x388.jpg\" class=\"attachment-woocommerce_thumbnail size-woocommerce_thumbnail\" alt=\"Manual Sobre Derecho De Sociedades. 2\u00b0 edici\u00f3n A\u00f1o 2022 \/ 309 P\u00e1g. Autor Mat\u00edas Zegers y Roberto Guerrero\" srcset=\"https:\/\/bibliotecajuridicavirtual.cl\/wp-content\/uploads\/2026\/02\/MANUAL-SOBRE-DERECHO-DE-SOCIEDADES-2DA.-EDICION-2022-300x388.jpg 300w, https:\/\/bibliotecajuridicavirtual.cl\/wp-content\/uploads\/2026\/02\/MANUAL-SOBRE-DERECHO-DE-SOCIEDADES-2DA.-EDICION-2022-600x776.jpg 600w, https:\/\/bibliotecajuridicavirtual.cl\/wp-content\/uploads\/2026\/02\/MANUAL-SOBRE-DERECHO-DE-SOCIEDADES-2DA.-EDICION-2022-64x83.jpg 64w, https:\/\/bibliotecajuridicavirtual.cl\/wp-content\/uploads\/2026\/02\/MANUAL-SOBRE-DERECHO-DE-SOCIEDADES-2DA.-EDICION-2022-232x300.jpg 232w, https:\/\/bibliotecajuridicavirtual.cl\/wp-content\/uploads\/2026\/02\/MANUAL-SOBRE-DERECHO-DE-SOCIEDADES-2DA.-EDICION-2022-792x1024.jpg 792w, https:\/\/bibliotecajuridicavirtual.cl\/wp-content\/uploads\/2026\/02\/MANUAL-SOBRE-DERECHO-DE-SOCIEDADES-2DA.-EDICION-2022-768x993.jpg 768w, https:\/\/bibliotecajuridicavirtual.cl\/wp-content\/uploads\/2026\/02\/MANUAL-SOBRE-DERECHO-DE-SOCIEDADES-2DA.-EDICION-2022.jpg 1100w\" sizes=\"(max-width: 300px) 100vw, 300px\" \/><h2 class=\"woocommerce-loop-product__title\">Manual Sobre Derecho De Sociedades. 2\u00b0 edici\u00f3n A\u00f1o 2022 \/ 309 P\u00e1g. Autor Mat\u00edas Zegers y Roberto Guerrero<\/h2>\n\t<span class=\"price\"><span class=\"woocommerce-Price-amount amount\"><bdi><span class=\"woocommerce-Price-currencySymbol\">&#36;<\/span>25.990<\/bdi><\/span><\/span>\n<\/a><a href=\"\/index.php\/wp-json\/wp\/v2\/pages\/4809?add-to-cart=4129\" aria-describedby=\"woocommerce_loop_add_to_cart_link_describedby_4129\" data-quantity=\"1\" class=\"button product_type_simple add_to_cart_button ajax_add_to_cart\" data-product_id=\"4129\" data-product_sku=\"9789561414037\" aria-label=\"Agregar al carrito: &ldquo;Manual Sobre Derecho De Sociedades. 2\u00b0 edici\u00f3n A\u00f1o 2022 \/ 309 P\u00e1g. Autor Mat\u00edas Zegers y Roberto Guerrero&rdquo;\" rel=\"nofollow\" data-success_message=\"&ldquo;Manual Sobre Derecho De Sociedades. 2\u00b0 edici\u00f3n A\u00f1o 2022 \/ 309 P\u00e1g. Autor Mat\u00edas Zegers y Roberto Guerrero&rdquo; se ha a\u00f1adido a tu carro\" role=\"button\">Agregar al carrito<\/a>\t<span id=\"woocommerce_loop_add_to_cart_link_describedby_4129\" class=\"screen-reader-text\">\n\t\t\t<\/span>\n<\/li>\n<li class=\"product type-product post-4124 status-publish instock product_cat-comercial has-post-thumbnail shipping-taxable purchasable product-type-simple\">\n\t<a href=\"https:\/\/bibliotecajuridicavirtual.cl\/index.php\/product\/el-arbitraje-interno-y-comercial-internacional-parte-general-2da-edicion-ano-2016-328-pag-autor-alejandro-romero-y-jose-ignacio-diaz-libro-agotado\/\" class=\"woocommerce-LoopProduct-link woocommerce-loop-product__link\"><img loading=\"lazy\" decoding=\"async\" width=\"300\" height=\"420\" src=\"https:\/\/bibliotecajuridicavirtual.cl\/wp-content\/uploads\/2026\/02\/EL-ARBITRAJE-INTERNO-Y-COMERCIAL-300x420.png\" class=\"attachment-woocommerce_thumbnail size-woocommerce_thumbnail\" alt=\"El Arbitraje Interno y Comercial Internacional ( Parte General) 2da Edici\u00f3n. A\u00f1o 2016\/ 328 P\u00e1g. Autor Alejandro Romero y Jos\u00e9 Ignacio D\u00edaz (LIBRO AGOTADO)\" srcset=\"https:\/\/bibliotecajuridicavirtual.cl\/wp-content\/uploads\/2026\/02\/EL-ARBITRAJE-INTERNO-Y-COMERCIAL-300x420.png 300w, https:\/\/bibliotecajuridicavirtual.cl\/wp-content\/uploads\/2026\/02\/EL-ARBITRAJE-INTERNO-Y-COMERCIAL-64x90.png 64w, https:\/\/bibliotecajuridicavirtual.cl\/wp-content\/uploads\/2026\/02\/EL-ARBITRAJE-INTERNO-Y-COMERCIAL-214x300.png 214w, https:\/\/bibliotecajuridicavirtual.cl\/wp-content\/uploads\/2026\/02\/EL-ARBITRAJE-INTERNO-Y-COMERCIAL.png 355w\" sizes=\"(max-width: 300px) 100vw, 300px\" \/><h2 class=\"woocommerce-loop-product__title\">El Arbitraje Interno y Comercial Internacional ( Parte General) 2da Edici\u00f3n. A\u00f1o 2016\/ 328 P\u00e1g. Autor Alejandro Romero y Jos\u00e9 Ignacio D\u00edaz (LIBRO AGOTADO)<\/h2>\n\t<span class=\"price\"><span class=\"woocommerce-Price-amount amount\"><bdi><span class=\"woocommerce-Price-currencySymbol\">&#36;<\/span>30.000<\/bdi><\/span><\/span>\n<\/a><a href=\"\/index.php\/wp-json\/wp\/v2\/pages\/4809?add-to-cart=4124\" aria-describedby=\"woocommerce_loop_add_to_cart_link_describedby_4124\" data-quantity=\"1\" class=\"button product_type_simple add_to_cart_button ajax_add_to_cart\" data-product_id=\"4124\" data-product_sku=\"9789561419537\" aria-label=\"Agregar al carrito: &ldquo;El Arbitraje Interno y Comercial Internacional ( Parte General) 2da Edici\u00f3n. A\u00f1o 2016\/ 328 P\u00e1g. Autor Alejandro Romero y Jos\u00e9 Ignacio D\u00edaz (LIBRO AGOTADO)&rdquo;\" rel=\"nofollow\" data-success_message=\"&ldquo;El Arbitraje Interno y Comercial Internacional ( Parte General) 2da Edici\u00f3n. A\u00f1o 2016\/ 328 P\u00e1g. Autor Alejandro Romero y Jos\u00e9 Ignacio D\u00edaz (LIBRO AGOTADO)&rdquo; se ha a\u00f1adido a tu carro\" role=\"button\">Agregar al carrito<\/a>\t<span id=\"woocommerce_loop_add_to_cart_link_describedby_4124\" class=\"screen-reader-text\">\n\t\t\t<\/span>\n<\/li>\n<li class=\"product type-product post-4088 status-publish instock product_cat-comercial has-post-thumbnail shipping-taxable purchasable product-type-simple\">\n\t<a href=\"https:\/\/bibliotecajuridicavirtual.cl\/index.php\/product\/estudios-de-derecho-comercial-sextas-jornadas-chilenas-de-derecho-comercial-ano-2017-596-pag-autor-jaime-alcalde-juan-l-goldenberg-matias-zegers-y-roberto-rios\/\" class=\"woocommerce-LoopProduct-link woocommerce-loop-product__link\"><img loading=\"lazy\" decoding=\"async\" width=\"300\" height=\"432\" src=\"https:\/\/bibliotecajuridicavirtual.cl\/wp-content\/uploads\/2026\/02\/ESTUDIOS-DE-DERECHO-COMERCIAL-300x432.png\" class=\"attachment-woocommerce_thumbnail size-woocommerce_thumbnail\" alt=\"Estudios de Derecho Comercial. Sextas jornadas chilenas de Derecho Comercial. A\u00f1o 2017\/ 596 P\u00e1g. Autor Jaime Alcalde, Juan L. Goldenberg, Mat\u00edas Zegers y Roberto R\u00edos\" srcset=\"https:\/\/bibliotecajuridicavirtual.cl\/wp-content\/uploads\/2026\/02\/ESTUDIOS-DE-DERECHO-COMERCIAL-300x432.png 300w, https:\/\/bibliotecajuridicavirtual.cl\/wp-content\/uploads\/2026\/02\/ESTUDIOS-DE-DERECHO-COMERCIAL-64x92.png 64w, https:\/\/bibliotecajuridicavirtual.cl\/wp-content\/uploads\/2026\/02\/ESTUDIOS-DE-DERECHO-COMERCIAL-208x300.png 208w, https:\/\/bibliotecajuridicavirtual.cl\/wp-content\/uploads\/2026\/02\/ESTUDIOS-DE-DERECHO-COMERCIAL.png 319w\" sizes=\"(max-width: 300px) 100vw, 300px\" \/><h2 class=\"woocommerce-loop-product__title\">Estudios de Derecho Comercial. Sextas jornadas chilenas de Derecho Comercial. A\u00f1o 2017\/ 596 P\u00e1g. Autor Jaime Alcalde, Juan L. Goldenberg, Mat\u00edas Zegers y Roberto R\u00edos<\/h2>\n\t<span class=\"price\"><span class=\"woocommerce-Price-amount amount\"><bdi><span class=\"woocommerce-Price-currencySymbol\">&#36;<\/span>25.990<\/bdi><\/span><\/span>\n<\/a><a href=\"\/index.php\/wp-json\/wp\/v2\/pages\/4809?add-to-cart=4088\" aria-describedby=\"woocommerce_loop_add_to_cart_link_describedby_4088\" data-quantity=\"1\" class=\"button product_type_simple add_to_cart_button ajax_add_to_cart\" data-product_id=\"4088\" data-product_sku=\"9789561421097\" aria-label=\"Agregar al carrito: &ldquo;Estudios de Derecho Comercial. Sextas jornadas chilenas de Derecho Comercial. A\u00f1o 2017\/ 596 P\u00e1g. Autor Jaime Alcalde, Juan L. Goldenberg, Mat\u00edas Zegers y Roberto R\u00edos&rdquo;\" rel=\"nofollow\" data-success_message=\"&ldquo;Estudios de Derecho Comercial. Sextas jornadas chilenas de Derecho Comercial. A\u00f1o 2017\/ 596 P\u00e1g. Autor Jaime Alcalde, Juan L. Goldenberg, Mat\u00edas Zegers y Roberto R\u00edos&rdquo; se ha a\u00f1adido a tu carro\" role=\"button\">Agregar al carrito<\/a>\t<span id=\"woocommerce_loop_add_to_cart_link_describedby_4088\" class=\"screen-reader-text\">\n\t\t\t<\/span>\n<\/li>\n<li class=\"product type-product post-4084 status-publish last instock product_cat-comercial has-post-thumbnail shipping-taxable purchasable product-type-simple\">\n\t<a href=\"https:\/\/bibliotecajuridicavirtual.cl\/index.php\/product\/la-comision-para-el-mercado-financiero-ano-2020-278-pag-autor-roberto-rios\/\" class=\"woocommerce-LoopProduct-link woocommerce-loop-product__link\"><img loading=\"lazy\" decoding=\"async\" width=\"300\" height=\"422\" src=\"https:\/\/bibliotecajuridicavirtual.cl\/wp-content\/uploads\/2026\/02\/LA-COMISION-PARA-EL-MERCADO-FINANCIERO-300x422.png\" class=\"attachment-woocommerce_thumbnail size-woocommerce_thumbnail\" alt=\"La Comision para el Mercado Financiero. A\u00f1o 2020 \/ 278 P\u00e1g. Autor  Roberto R\u00edos\" srcset=\"https:\/\/bibliotecajuridicavirtual.cl\/wp-content\/uploads\/2026\/02\/LA-COMISION-PARA-EL-MERCADO-FINANCIERO-300x422.png 300w, https:\/\/bibliotecajuridicavirtual.cl\/wp-content\/uploads\/2026\/02\/LA-COMISION-PARA-EL-MERCADO-FINANCIERO-64x90.png 64w, https:\/\/bibliotecajuridicavirtual.cl\/wp-content\/uploads\/2026\/02\/LA-COMISION-PARA-EL-MERCADO-FINANCIERO-213x300.png 213w, https:\/\/bibliotecajuridicavirtual.cl\/wp-content\/uploads\/2026\/02\/LA-COMISION-PARA-EL-MERCADO-FINANCIERO.png 315w\" sizes=\"(max-width: 300px) 100vw, 300px\" \/><h2 class=\"woocommerce-loop-product__title\">La Comision para el Mercado Financiero. A\u00f1o 2020 \/ 278 P\u00e1g. Autor  Roberto R\u00edos<\/h2>\n\t<span class=\"price\"><span class=\"woocommerce-Price-amount amount\"><bdi><span class=\"woocommerce-Price-currencySymbol\">&#36;<\/span>27.600<\/bdi><\/span><\/span>\n<\/a><a href=\"\/index.php\/wp-json\/wp\/v2\/pages\/4809?add-to-cart=4084\" aria-describedby=\"woocommerce_loop_add_to_cart_link_describedby_4084\" data-quantity=\"1\" class=\"button product_type_simple add_to_cart_button ajax_add_to_cart\" data-product_id=\"4084\" data-product_sku=\"9789561427105\" aria-label=\"Agregar al carrito: &ldquo;La Comision para el Mercado Financiero. A\u00f1o 2020 \/ 278 P\u00e1g. Autor  Roberto R\u00edos&rdquo;\" rel=\"nofollow\" data-success_message=\"&ldquo;La Comision para el Mercado Financiero. A\u00f1o 2020 \/ 278 P\u00e1g. Autor  Roberto R\u00edos&rdquo; se ha a\u00f1adido a tu carro\" role=\"button\">Agregar al carrito<\/a>\t<span id=\"woocommerce_loop_add_to_cart_link_describedby_4084\" class=\"screen-reader-text\">\n\t\t\t<\/span>\n<\/li>\n<li class=\"product type-product post-4054 status-publish first instock product_cat-comercial has-post-thumbnail shipping-taxable purchasable product-type-simple\">\n\t<a href=\"https:\/\/bibliotecajuridicavirtual.cl\/index.php\/product\/la-sociedad-de-responsabilidad-limitada-la-sociedad-colectiva-y-la-sociedad-en-comandita-simple-en-el-derecho-chileno-y-comparado-ano-2021-373-pag-autor-juan-esteban-puga-vial\/\" class=\"woocommerce-LoopProduct-link woocommerce-loop-product__link\"><img loading=\"lazy\" decoding=\"async\" width=\"300\" height=\"466\" src=\"https:\/\/bibliotecajuridicavirtual.cl\/wp-content\/uploads\/2026\/02\/LA-SOCIEDAD-DE-RESPONSABILIDAD-LIMITADA-300x466.png\" class=\"attachment-woocommerce_thumbnail size-woocommerce_thumbnail\" alt=\"La Sociedad de Responsabilidad Limitada, La Sociedad Colectiva y la Sociedad en Comandita Simple, en el Derecho Chileno y Comparado. A\u00f1o 2021\/ 373 P\u00e1g. Autor Juan Esteban Puga Vial\" srcset=\"https:\/\/bibliotecajuridicavirtual.cl\/wp-content\/uploads\/2026\/02\/LA-SOCIEDAD-DE-RESPONSABILIDAD-LIMITADA-300x466.png 300w, https:\/\/bibliotecajuridicavirtual.cl\/wp-content\/uploads\/2026\/02\/LA-SOCIEDAD-DE-RESPONSABILIDAD-LIMITADA-64x99.png 64w, https:\/\/bibliotecajuridicavirtual.cl\/wp-content\/uploads\/2026\/02\/LA-SOCIEDAD-DE-RESPONSABILIDAD-LIMITADA-193x300.png 193w, https:\/\/bibliotecajuridicavirtual.cl\/wp-content\/uploads\/2026\/02\/LA-SOCIEDAD-DE-RESPONSABILIDAD-LIMITADA.png 419w\" sizes=\"(max-width: 300px) 100vw, 300px\" \/><h2 class=\"woocommerce-loop-product__title\">La Sociedad de Responsabilidad Limitada, La Sociedad Colectiva y la Sociedad en Comandita Simple, en el Derecho Chileno y Comparado. A\u00f1o 2021\/ 373 P\u00e1g. Autor Juan Esteban Puga Vial<\/h2>\n\t<span class=\"price\"><span class=\"woocommerce-Price-amount amount\"><bdi><span class=\"woocommerce-Price-currencySymbol\">&#36;<\/span>49.500<\/bdi><\/span><\/span>\n<\/a><a href=\"\/index.php\/wp-json\/wp\/v2\/pages\/4809?add-to-cart=4054\" aria-describedby=\"woocommerce_loop_add_to_cart_link_describedby_4054\" data-quantity=\"1\" class=\"button product_type_simple add_to_cart_button ajax_add_to_cart\" data-product_id=\"4054\" data-product_sku=\"9789561026070\" aria-label=\"Agregar al carrito: &ldquo;La Sociedad de Responsabilidad Limitada, La Sociedad Colectiva y la Sociedad en Comandita Simple, en el Derecho Chileno y Comparado. A\u00f1o 2021\/ 373 P\u00e1g. Autor Juan Esteban Puga Vial&rdquo;\" rel=\"nofollow\" data-success_message=\"&ldquo;La Sociedad de Responsabilidad Limitada, La Sociedad Colectiva y la Sociedad en Comandita Simple, en el Derecho Chileno y Comparado. A\u00f1o 2021\/ 373 P\u00e1g. Autor Juan Esteban Puga Vial&rdquo; se ha a\u00f1adido a tu carro\" role=\"button\">Agregar al carrito<\/a>\t<span id=\"woocommerce_loop_add_to_cart_link_describedby_4054\" class=\"screen-reader-text\">\n\t\t\t<\/span>\n<\/li>\n<li class=\"product type-product post-4053 status-publish instock product_cat-comercial has-post-thumbnail shipping-taxable purchasable product-type-simple\">\n\t<a href=\"https:\/\/bibliotecajuridicavirtual.cl\/index.php\/product\/la-sociedad-anonima-tomo-i-3era-edicion-actualizada-y-aumentada-ano-2020-1-607-pag-autor-juan-esteban-puga-vial\/\" class=\"woocommerce-LoopProduct-link woocommerce-loop-product__link\"><img loading=\"lazy\" decoding=\"async\" width=\"300\" height=\"485\" src=\"https:\/\/bibliotecajuridicavirtual.cl\/wp-content\/uploads\/2026\/02\/LA-SOCIEDAD-ANONIMA-300x485.png\" class=\"attachment-woocommerce_thumbnail size-woocommerce_thumbnail\" alt=\"La Sociedad An\u00f3nima. Tomo I -  3era Edici\u00f3n actualizada y aumentada. A\u00f1o 2020\/ 1.607 P\u00e1g. Autor Juan Esteban Puga Vial\" srcset=\"https:\/\/bibliotecajuridicavirtual.cl\/wp-content\/uploads\/2026\/02\/LA-SOCIEDAD-ANONIMA-300x485.png 300w, https:\/\/bibliotecajuridicavirtual.cl\/wp-content\/uploads\/2026\/02\/LA-SOCIEDAD-ANONIMA-64x103.png 64w, https:\/\/bibliotecajuridicavirtual.cl\/wp-content\/uploads\/2026\/02\/LA-SOCIEDAD-ANONIMA-186x300.png 186w, https:\/\/bibliotecajuridicavirtual.cl\/wp-content\/uploads\/2026\/02\/LA-SOCIEDAD-ANONIMA.png 403w\" sizes=\"(max-width: 300px) 100vw, 300px\" \/><h2 class=\"woocommerce-loop-product__title\">La Sociedad An\u00f3nima. Tomo I &#8211;  3era Edici\u00f3n actualizada y aumentada. A\u00f1o 2020\/ 1.607 P\u00e1g. Autor Juan Esteban Puga Vial<\/h2>\n\t<span class=\"price\"><span class=\"woocommerce-Price-amount amount\"><bdi><span class=\"woocommerce-Price-currencySymbol\">&#36;<\/span>68.000<\/bdi><\/span><\/span>\n<\/a><a href=\"\/index.php\/wp-json\/wp\/v2\/pages\/4809?add-to-cart=4053\" aria-describedby=\"woocommerce_loop_add_to_cart_link_describedby_4053\" data-quantity=\"1\" class=\"button product_type_simple add_to_cart_button ajax_add_to_cart\" data-product_id=\"4053\" data-product_sku=\"9789561025820\" aria-label=\"Agregar al carrito: &ldquo;La Sociedad An\u00f3nima. Tomo I -  3era Edici\u00f3n actualizada y aumentada. A\u00f1o 2020\/ 1.607 P\u00e1g. Autor Juan Esteban Puga Vial&rdquo;\" rel=\"nofollow\" data-success_message=\"&ldquo;La Sociedad An\u00f3nima. Tomo I -  3era Edici\u00f3n actualizada y aumentada. A\u00f1o 2020\/ 1.607 P\u00e1g. Autor Juan Esteban Puga Vial&rdquo; se ha a\u00f1adido a tu carro\" role=\"button\">Agregar al carrito<\/a>\t<span id=\"woocommerce_loop_add_to_cart_link_describedby_4053\" class=\"screen-reader-text\">\n\t\t\t<\/span>\n<\/li>\n<li class=\"product type-product post-4040 status-publish instock product_cat-comercial has-post-thumbnail shipping-taxable purchasable product-type-simple\">\n\t<a href=\"https:\/\/bibliotecajuridicavirtual.cl\/index.php\/product\/contabilidad-costos-y-presupuestos-para-gestion-financiera-4-edicion-ano-2022-500-pag-autor-gabriel-torres-s\/\" class=\"woocommerce-LoopProduct-link woocommerce-loop-product__link\"><img loading=\"lazy\" decoding=\"async\" width=\"251\" height=\"393\" src=\"https:\/\/bibliotecajuridicavirtual.cl\/wp-content\/uploads\/2026\/02\/CONTABILIDAD-COSTOS-Y-PRESUPUESTOS-PARA-GESTION.png\" class=\"attachment-woocommerce_thumbnail size-woocommerce_thumbnail\" alt=\"Contabilidad, Costos y Presupuestos para Gesti\u00f3n Financiera  4 Edici\u00f3n. A\u00f1o 2022\/ 500 P\u00e1g. Autor Gabriel Torres S\" srcset=\"https:\/\/bibliotecajuridicavirtual.cl\/wp-content\/uploads\/2026\/02\/CONTABILIDAD-COSTOS-Y-PRESUPUESTOS-PARA-GESTION.png 251w, https:\/\/bibliotecajuridicavirtual.cl\/wp-content\/uploads\/2026\/02\/CONTABILIDAD-COSTOS-Y-PRESUPUESTOS-PARA-GESTION-64x100.png 64w, https:\/\/bibliotecajuridicavirtual.cl\/wp-content\/uploads\/2026\/02\/CONTABILIDAD-COSTOS-Y-PRESUPUESTOS-PARA-GESTION-192x300.png 192w\" sizes=\"(max-width: 251px) 100vw, 251px\" \/><h2 class=\"woocommerce-loop-product__title\">Contabilidad, Costos y Presupuestos para Gesti\u00f3n Financiera  4 Edici\u00f3n. A\u00f1o 2022\/ 500 P\u00e1g. Autor Gabriel Torres S<\/h2>\n\t<span class=\"price\"><span class=\"woocommerce-Price-amount amount\"><bdi><span class=\"woocommerce-Price-currencySymbol\">&#36;<\/span>70.000<\/bdi><\/span><\/span>\n<\/a><a href=\"\/index.php\/wp-json\/wp\/v2\/pages\/4809?add-to-cart=4040\" aria-describedby=\"woocommerce_loop_add_to_cart_link_describedby_4040\" data-quantity=\"1\" class=\"button product_type_simple add_to_cart_button ajax_add_to_cart\" data-product_id=\"4040\" data-product_sku=\"9789564002828\" aria-label=\"Agregar al carrito: &ldquo;Contabilidad, Costos y Presupuestos para Gesti\u00f3n Financiera  4 Edici\u00f3n. A\u00f1o 2022\/ 500 P\u00e1g. Autor Gabriel Torres S&rdquo;\" rel=\"nofollow\" data-success_message=\"&ldquo;Contabilidad, Costos y Presupuestos para Gesti\u00f3n Financiera  4 Edici\u00f3n. A\u00f1o 2022\/ 500 P\u00e1g. Autor Gabriel Torres S&rdquo; se ha a\u00f1adido a tu carro\" role=\"button\">Agregar al carrito<\/a>\t<span id=\"woocommerce_loop_add_to_cart_link_describedby_4040\" class=\"screen-reader-text\">\n\t\t\t<\/span>\n<\/li>\n<li class=\"product type-product post-4039 status-publish last instock product_cat-comercial has-post-thumbnail shipping-taxable purchasable product-type-simple\">\n\t<a href=\"https:\/\/bibliotecajuridicavirtual.cl\/index.php\/product\/contabilidad-ifrs-niif-para-pymes-y-grandes-empresas-casos-practicos-y-ejercicios-ano-2022-244-pag-autor-pedro-daniel-retamal-gonzalez\/\" class=\"woocommerce-LoopProduct-link woocommerce-loop-product__link\"><img loading=\"lazy\" decoding=\"async\" width=\"259\" height=\"395\" src=\"https:\/\/bibliotecajuridicavirtual.cl\/wp-content\/uploads\/2026\/02\/CONTABILIDAD-IFRS-NIIF-PARA-PYMES.png\" class=\"attachment-woocommerce_thumbnail size-woocommerce_thumbnail\" alt=\"Contabilidad IFRS (NIIF) para PYMES y Grandes Empresas- Casos Pr\u00e1cticos y ejercicios. A\u00f1o 2022\/ 244 P\u00e1g. Autor Pedro Daniel Retamal Gonz\u00e1lez\" srcset=\"https:\/\/bibliotecajuridicavirtual.cl\/wp-content\/uploads\/2026\/02\/CONTABILIDAD-IFRS-NIIF-PARA-PYMES.png 259w, https:\/\/bibliotecajuridicavirtual.cl\/wp-content\/uploads\/2026\/02\/CONTABILIDAD-IFRS-NIIF-PARA-PYMES-64x98.png 64w, https:\/\/bibliotecajuridicavirtual.cl\/wp-content\/uploads\/2026\/02\/CONTABILIDAD-IFRS-NIIF-PARA-PYMES-197x300.png 197w\" sizes=\"(max-width: 259px) 100vw, 259px\" \/><h2 class=\"woocommerce-loop-product__title\">Contabilidad IFRS (NIIF) para PYMES y Grandes Empresas- Casos Pr\u00e1cticos y ejercicios. A\u00f1o 2022\/ 244 P\u00e1g. Autor Pedro Daniel Retamal Gonz\u00e1lez<\/h2>\n\t<span class=\"price\"><span class=\"woocommerce-Price-amount amount\"><bdi><span class=\"woocommerce-Price-currencySymbol\">&#36;<\/span>48.433<\/bdi><\/span><\/span>\n<\/a><a href=\"\/index.php\/wp-json\/wp\/v2\/pages\/4809?add-to-cart=4039\" aria-describedby=\"woocommerce_loop_add_to_cart_link_describedby_4039\" data-quantity=\"1\" class=\"button product_type_simple add_to_cart_button ajax_add_to_cart\" data-product_id=\"4039\" data-product_sku=\"9789564002859\" aria-label=\"Agregar al carrito: &ldquo;Contabilidad IFRS (NIIF) para PYMES y Grandes Empresas- Casos Pr\u00e1cticos y ejercicios. A\u00f1o 2022\/ 244 P\u00e1g. Autor Pedro Daniel Retamal Gonz\u00e1lez&rdquo;\" rel=\"nofollow\" data-success_message=\"&ldquo;Contabilidad IFRS (NIIF) para PYMES y Grandes Empresas- Casos Pr\u00e1cticos y ejercicios. A\u00f1o 2022\/ 244 P\u00e1g. Autor Pedro Daniel Retamal Gonz\u00e1lez&rdquo; se ha a\u00f1adido a tu carro\" role=\"button\">Agregar al carrito<\/a>\t<span id=\"woocommerce_loop_add_to_cart_link_describedby_4039\" class=\"screen-reader-text\">\n\t\t\t<\/span>\n<\/li>\n<li class=\"product type-product post-4009 status-publish first instock product_cat-comercial product_cat-thomson-reuters has-post-thumbnail shipping-taxable purchasable product-type-simple\">\n\t<a href=\"https:\/\/bibliotecajuridicavirtual.cl\/index.php\/product\/estados-financieros-8va-edicion-ano-2021-350-pag-autor-gabriel-torres-salazar\/\" class=\"woocommerce-LoopProduct-link woocommerce-loop-product__link\"><img loading=\"lazy\" decoding=\"async\" width=\"263\" height=\"389\" src=\"https:\/\/bibliotecajuridicavirtual.cl\/wp-content\/uploads\/2026\/02\/ESTADOS-FINANCIEROS.png\" class=\"attachment-woocommerce_thumbnail size-woocommerce_thumbnail\" alt=\"Estados Financieros. 8va Edici\u00f3n. A\u00f1o 2021\/ 350 P\u00e1g. Autor Gabriel Torres Salazar\" srcset=\"https:\/\/bibliotecajuridicavirtual.cl\/wp-content\/uploads\/2026\/02\/ESTADOS-FINANCIEROS.png 263w, https:\/\/bibliotecajuridicavirtual.cl\/wp-content\/uploads\/2026\/02\/ESTADOS-FINANCIEROS-64x95.png 64w, https:\/\/bibliotecajuridicavirtual.cl\/wp-content\/uploads\/2026\/02\/ESTADOS-FINANCIEROS-203x300.png 203w\" sizes=\"(max-width: 263px) 100vw, 263px\" \/><h2 class=\"woocommerce-loop-product__title\">Estados Financieros. 8va Edici\u00f3n. A\u00f1o 2021\/ 350 P\u00e1g. Autor Gabriel Torres Salazar<\/h2>\n\t<span class=\"price\"><span class=\"woocommerce-Price-amount amount\"><bdi><span class=\"woocommerce-Price-currencySymbol\">&#36;<\/span>53.200<\/bdi><\/span><\/span>\n<\/a><a href=\"\/index.php\/wp-json\/wp\/v2\/pages\/4809?add-to-cart=4009\" aria-describedby=\"woocommerce_loop_add_to_cart_link_describedby_4009\" data-quantity=\"1\" class=\"button product_type_simple add_to_cart_button ajax_add_to_cart\" data-product_id=\"4009\" data-product_sku=\"9789564002316\" aria-label=\"Agregar al carrito: &ldquo;Estados Financieros. 8va Edici\u00f3n. A\u00f1o 2021\/ 350 P\u00e1g. Autor Gabriel Torres Salazar&rdquo;\" rel=\"nofollow\" data-success_message=\"&ldquo;Estados Financieros. 8va Edici\u00f3n. A\u00f1o 2021\/ 350 P\u00e1g. Autor Gabriel Torres Salazar&rdquo; se ha a\u00f1adido a tu carro\" role=\"button\">Agregar al carrito<\/a>\t<span id=\"woocommerce_loop_add_to_cart_link_describedby_4009\" class=\"screen-reader-text\">\n\t\t\t<\/span>\n<\/li>\n<li class=\"product type-product post-3991 status-publish instock product_cat-comercial product_cat-thomson-reuters has-post-thumbnail shipping-taxable purchasable product-type-simple\">\n\t<a href=\"https:\/\/bibliotecajuridicavirtual.cl\/index.php\/product\/derecho-de-sociedades-7ma-edicion-ano-2021-autor-oscar-torres-z\/\" class=\"woocommerce-LoopProduct-link woocommerce-loop-product__link\"><img loading=\"lazy\" decoding=\"async\" width=\"261\" height=\"372\" src=\"https:\/\/bibliotecajuridicavirtual.cl\/wp-content\/uploads\/2026\/02\/DERECHO-DE-SOCIEDADES.png\" class=\"attachment-woocommerce_thumbnail size-woocommerce_thumbnail\" alt=\"Derecho de Sociedades 7ma Edicion. A\u00f1o 2021. Autor \u00d3scar Torres Z.\" srcset=\"https:\/\/bibliotecajuridicavirtual.cl\/wp-content\/uploads\/2026\/02\/DERECHO-DE-SOCIEDADES.png 261w, https:\/\/bibliotecajuridicavirtual.cl\/wp-content\/uploads\/2026\/02\/DERECHO-DE-SOCIEDADES-64x91.png 64w, https:\/\/bibliotecajuridicavirtual.cl\/wp-content\/uploads\/2026\/02\/DERECHO-DE-SOCIEDADES-210x300.png 210w\" sizes=\"(max-width: 261px) 100vw, 261px\" \/><h2 class=\"woocommerce-loop-product__title\">Derecho de Sociedades 7ma Edicion. A\u00f1o 2021. Autor \u00d3scar Torres Z.<\/h2>\n\t<span class=\"price\"><span class=\"woocommerce-Price-amount amount\"><bdi><span class=\"woocommerce-Price-currencySymbol\">&#36;<\/span>128.858<\/bdi><\/span><\/span>\n<\/a><a href=\"\/index.php\/wp-json\/wp\/v2\/pages\/4809?add-to-cart=3991\" aria-describedby=\"woocommerce_loop_add_to_cart_link_describedby_3991\" data-quantity=\"1\" class=\"button product_type_simple add_to_cart_button ajax_add_to_cart\" data-product_id=\"3991\" data-product_sku=\"9789564002187\" aria-label=\"Agregar al carrito: &ldquo;Derecho de Sociedades 7ma Edicion. A\u00f1o 2021. Autor \u00d3scar Torres Z.&rdquo;\" rel=\"nofollow\" data-success_message=\"&ldquo;Derecho de Sociedades 7ma Edicion. A\u00f1o 2021. Autor \u00d3scar Torres Z.&rdquo; se ha a\u00f1adido a tu carro\" role=\"button\">Agregar al carrito<\/a>\t<span id=\"woocommerce_loop_add_to_cart_link_describedby_3991\" class=\"screen-reader-text\">\n\t\t\t<\/span>\n<\/li>\n<li class=\"product type-product post-3959 status-publish instock product_cat-comercial product_cat-thomson-reuters has-post-thumbnail shipping-taxable purchasable product-type-simple\">\n\t<a href=\"https:\/\/bibliotecajuridicavirtual.cl\/index.php\/product\/defensa-de-los-consumidores-y-acceso-a-la-justicia-2-edicion-ano-2019-244-pag-autor-maite-aguirrezabal-grunstein\/\" class=\"woocommerce-LoopProduct-link woocommerce-loop-product__link\"><img loading=\"lazy\" decoding=\"async\" width=\"300\" height=\"400\" src=\"https:\/\/bibliotecajuridicavirtual.cl\/wp-content\/uploads\/2026\/02\/Defensa-de-los-consumidores-y-acceso-300x400.png\" class=\"attachment-woocommerce_thumbnail size-woocommerce_thumbnail\" alt=\"Defensa de los Consumidores y Acceso a la Justicia 2 Edici\u00f3n. A\u00f1o 2019 \/ 244 P\u00e1g. Autor   Maite Aguirrezabal Gr\u00fcnstein\" srcset=\"https:\/\/bibliotecajuridicavirtual.cl\/wp-content\/uploads\/2026\/02\/Defensa-de-los-consumidores-y-acceso-300x400.png 300w, https:\/\/bibliotecajuridicavirtual.cl\/wp-content\/uploads\/2026\/02\/Defensa-de-los-consumidores-y-acceso-600x801.png 600w, https:\/\/bibliotecajuridicavirtual.cl\/wp-content\/uploads\/2026\/02\/Defensa-de-los-consumidores-y-acceso-64x85.png 64w, https:\/\/bibliotecajuridicavirtual.cl\/wp-content\/uploads\/2026\/02\/Defensa-de-los-consumidores-y-acceso-225x300.png 225w, https:\/\/bibliotecajuridicavirtual.cl\/wp-content\/uploads\/2026\/02\/Defensa-de-los-consumidores-y-acceso-768x1025.png 768w, https:\/\/bibliotecajuridicavirtual.cl\/wp-content\/uploads\/2026\/02\/Defensa-de-los-consumidores-y-acceso.png 790w\" sizes=\"(max-width: 300px) 100vw, 300px\" \/><h2 class=\"woocommerce-loop-product__title\">Defensa de los Consumidores y Acceso a la Justicia 2 Edici\u00f3n. A\u00f1o 2019 \/ 244 P\u00e1g. Autor   Maite Aguirrezabal Gr\u00fcnstein<\/h2>\n\t<span class=\"price\"><span class=\"woocommerce-Price-amount amount\"><bdi><span class=\"woocommerce-Price-currencySymbol\">&#36;<\/span>34.176<\/bdi><\/span><\/span>\n<\/a><a href=\"\/index.php\/wp-json\/wp\/v2\/pages\/4809?add-to-cart=3959\" aria-describedby=\"woocommerce_loop_add_to_cart_link_describedby_3959\" data-quantity=\"1\" class=\"button product_type_simple add_to_cart_button ajax_add_to_cart\" data-product_id=\"3959\" data-product_sku=\"9789564000527\" aria-label=\"Agregar al carrito: &ldquo;Defensa de los Consumidores y Acceso a la Justicia 2 Edici\u00f3n. A\u00f1o 2019 \/ 244 P\u00e1g. Autor   Maite Aguirrezabal Gr\u00fcnstein&rdquo;\" rel=\"nofollow\" data-success_message=\"&ldquo;Defensa de los Consumidores y Acceso a la Justicia 2 Edici\u00f3n. A\u00f1o 2019 \/ 244 P\u00e1g. Autor   Maite Aguirrezabal Gr\u00fcnstein&rdquo; se ha a\u00f1adido a tu carro\" role=\"button\">Agregar al carrito<\/a>\t<span id=\"woocommerce_loop_add_to_cart_link_describedby_3959\" class=\"screen-reader-text\">\n\t\t\t<\/span>\n<\/li>\n<li class=\"product type-product post-3956 status-publish last instock product_cat-comercial has-post-thumbnail shipping-taxable purchasable product-type-simple\">\n\t<a href=\"https:\/\/bibliotecajuridicavirtual.cl\/index.php\/product\/derecho-de-seguros-y-reaseguro-en-america-latina-ano-2019-328-pag-autor-juan-pablo-sainz-martinez-y-osvaldo-contreras-buzeta\/\" class=\"woocommerce-LoopProduct-link woocommerce-loop-product__link\"><img loading=\"lazy\" decoding=\"async\" width=\"300\" height=\"427\" src=\"https:\/\/bibliotecajuridicavirtual.cl\/wp-content\/uploads\/2026\/02\/DERECHO-DE-SEGURUROS-Y-REASEGUROS-300x427.png\" class=\"attachment-woocommerce_thumbnail size-woocommerce_thumbnail\" alt=\"Derecho de Seguros y Reaseguro en Am\u00e9rica latina. A\u00f1o 2019\/ 328 P\u00e1g. Autor Juan Pablo S\u00e1inz Mart\u00ednez y Osvaldo Contreras Buzeta\" srcset=\"https:\/\/bibliotecajuridicavirtual.cl\/wp-content\/uploads\/2026\/02\/DERECHO-DE-SEGURUROS-Y-REASEGUROS-300x427.png 300w, https:\/\/bibliotecajuridicavirtual.cl\/wp-content\/uploads\/2026\/02\/DERECHO-DE-SEGURUROS-Y-REASEGUROS-64x91.png 64w, https:\/\/bibliotecajuridicavirtual.cl\/wp-content\/uploads\/2026\/02\/DERECHO-DE-SEGURUROS-Y-REASEGUROS-211x300.png 211w, https:\/\/bibliotecajuridicavirtual.cl\/wp-content\/uploads\/2026\/02\/DERECHO-DE-SEGURUROS-Y-REASEGUROS.png 469w\" sizes=\"(max-width: 300px) 100vw, 300px\" \/><h2 class=\"woocommerce-loop-product__title\">Derecho de Seguros y Reaseguro en Am\u00e9rica latina. A\u00f1o 2019\/ 328 P\u00e1g. Autor Juan Pablo S\u00e1inz Mart\u00ednez y Osvaldo Contreras Buzeta<\/h2>\n\t<span class=\"price\"><span class=\"woocommerce-Price-amount amount\"><bdi><span class=\"woocommerce-Price-currencySymbol\">&#36;<\/span>29.000<\/bdi><\/span><\/span>\n<\/a><a href=\"\/index.php\/wp-json\/wp\/v2\/pages\/4809?add-to-cart=3956\" aria-describedby=\"woocommerce_loop_add_to_cart_link_describedby_3956\" data-quantity=\"1\" class=\"button product_type_simple add_to_cart_button ajax_add_to_cart\" data-product_id=\"3956\" data-product_sku=\"9788491909774\" aria-label=\"Agregar al carrito: &ldquo;Derecho de Seguros y Reaseguro en Am\u00e9rica latina. A\u00f1o 2019\/ 328 P\u00e1g. Autor Juan Pablo S\u00e1inz Mart\u00ednez y Osvaldo Contreras Buzeta&rdquo;\" rel=\"nofollow\" data-success_message=\"&ldquo;Derecho de Seguros y Reaseguro en Am\u00e9rica latina. A\u00f1o 2019\/ 328 P\u00e1g. Autor Juan Pablo S\u00e1inz Mart\u00ednez y Osvaldo Contreras Buzeta&rdquo; se ha a\u00f1adido a tu carro\" role=\"button\">Agregar al carrito<\/a>\t<span id=\"woocommerce_loop_add_to_cart_link_describedby_3956\" class=\"screen-reader-text\">\n\t\t\t<\/span>\n<\/li>\n<li class=\"product type-product post-3906 status-publish first instock product_cat-comercial has-post-thumbnail shipping-taxable purchasable product-type-simple\">\n\t<a href=\"https:\/\/bibliotecajuridicavirtual.cl\/index.php\/product\/derecho-concursal-y-preconcursal-2-tomos-texto-refundido-de-la-ley-concursal-tras-la-reforma-por-la-ley-16-2022-ano-2022-2-625-pag-autor-aticus-ocana-martin-leandro-blanco-garcia-lomas-y-luis-f\/\" class=\"woocommerce-LoopProduct-link woocommerce-loop-product__link\"><img loading=\"lazy\" decoding=\"async\" width=\"300\" height=\"420\" src=\"https:\/\/bibliotecajuridicavirtual.cl\/wp-content\/uploads\/2026\/02\/DERECHO-CONCURSAL-Y-PRECONCURSAL-300x420.png\" class=\"attachment-woocommerce_thumbnail size-woocommerce_thumbnail\" alt=\"Derecho Concursal y Preconcursal 2 Tomos. Texto refundido de la Ley Concursal tras la reforma por la Ley 16\/2022. A\u00f1o 2022 \/ 2.625 P\u00e1g. Autor \u00c1ticus Oca\u00f1a Mart\u00edn, Leandro Blanco Garc\u00eda Lomas y  Luis Fernando Alonso Saura\" srcset=\"https:\/\/bibliotecajuridicavirtual.cl\/wp-content\/uploads\/2026\/02\/DERECHO-CONCURSAL-Y-PRECONCURSAL-300x420.png 300w, https:\/\/bibliotecajuridicavirtual.cl\/wp-content\/uploads\/2026\/02\/DERECHO-CONCURSAL-Y-PRECONCURSAL-64x90.png 64w, https:\/\/bibliotecajuridicavirtual.cl\/wp-content\/uploads\/2026\/02\/DERECHO-CONCURSAL-Y-PRECONCURSAL-214x300.png 214w, https:\/\/bibliotecajuridicavirtual.cl\/wp-content\/uploads\/2026\/02\/DERECHO-CONCURSAL-Y-PRECONCURSAL.png 475w\" sizes=\"(max-width: 300px) 100vw, 300px\" \/><h2 class=\"woocommerce-loop-product__title\">Derecho Concursal y Preconcursal 2 Tomos. Texto refundido de la Ley Concursal tras la reforma por la Ley 16\/2022. A\u00f1o 2022 \/ 2.625 P\u00e1g. Autor \u00c1ticus Oca\u00f1a Mart\u00edn, Leandro Blanco Garc\u00eda Lomas y  Luis Fernando Alonso Saura<\/h2>\n\t<span class=\"price\"><span class=\"woocommerce-Price-amount amount\"><bdi><span class=\"woocommerce-Price-currencySymbol\">&#36;<\/span>452.342<\/bdi><\/span><\/span>\n<\/a><a href=\"\/index.php\/wp-json\/wp\/v2\/pages\/4809?add-to-cart=3906\" aria-describedby=\"woocommerce_loop_add_to_cart_link_describedby_3906\" data-quantity=\"1\" class=\"button product_type_simple add_to_cart_button ajax_add_to_cart\" data-product_id=\"3906\" data-product_sku=\"9788411475082\" aria-label=\"Agregar al carrito: &ldquo;Derecho Concursal y Preconcursal 2 Tomos. Texto refundido de la Ley Concursal tras la reforma por la Ley 16\/2022. A\u00f1o 2022 \/ 2.625 P\u00e1g. Autor \u00c1ticus Oca\u00f1a Mart\u00edn, Leandro Blanco Garc\u00eda Lomas y  Luis Fernando Alonso Saura&rdquo;\" rel=\"nofollow\" data-success_message=\"&ldquo;Derecho Concursal y Preconcursal 2 Tomos. Texto refundido de la Ley Concursal tras la reforma por la Ley 16\/2022. A\u00f1o 2022 \/ 2.625 P\u00e1g. Autor \u00c1ticus Oca\u00f1a Mart\u00edn, Leandro Blanco Garc\u00eda Lomas y  Luis Fernando Alonso Saura&rdquo; se ha a\u00f1adido a tu carro\" role=\"button\">Agregar al carrito<\/a>\t<span id=\"woocommerce_loop_add_to_cart_link_describedby_3906\" class=\"screen-reader-text\">\n\t\t\t<\/span>\n<\/li>\n<li class=\"product type-product post-3856 status-publish instock product_cat-comercial product_cat-editorial-der-ediciones has-post-thumbnail shipping-taxable purchasable product-type-simple\">\n\t<a href=\"https:\/\/bibliotecajuridicavirtual.cl\/index.php\/product\/atraccion-concursal-en-la-ley-no-20-720-aplicacion-a-los-procedimientos-de-reorganizacion-y-liquidacion-ano-2022-330-pag-autor-anibal-korn-agusti\/\" class=\"woocommerce-LoopProduct-link woocommerce-loop-product__link\"><img loading=\"lazy\" decoding=\"async\" width=\"300\" height=\"433\" src=\"https:\/\/bibliotecajuridicavirtual.cl\/wp-content\/uploads\/2026\/02\/ATRACCION-CONCURSAL-EN-LA-LEY-N-20720.png\" class=\"attachment-woocommerce_thumbnail size-woocommerce_thumbnail\" alt=\"Atracci\u00f3n concursal en la ley  N\u00ba 20.720. Aplicacion a los procedimientos  de reorganizacion y liquidaci\u00f3n. A\u00f1o 2022\/ 330 P\u00e1g. Autor An\u00edbal Korn Agusti\" srcset=\"https:\/\/bibliotecajuridicavirtual.cl\/wp-content\/uploads\/2026\/02\/ATRACCION-CONCURSAL-EN-LA-LEY-N-20720.png 301w, https:\/\/bibliotecajuridicavirtual.cl\/wp-content\/uploads\/2026\/02\/ATRACCION-CONCURSAL-EN-LA-LEY-N-20720-64x92.png 64w, https:\/\/bibliotecajuridicavirtual.cl\/wp-content\/uploads\/2026\/02\/ATRACCION-CONCURSAL-EN-LA-LEY-N-20720-208x300.png 208w\" sizes=\"(max-width: 300px) 100vw, 300px\" \/><h2 class=\"woocommerce-loop-product__title\">Atracci\u00f3n concursal en la ley  N\u00ba 20.720. Aplicacion a los procedimientos  de reorganizacion y liquidaci\u00f3n. A\u00f1o 2022\/ 330 P\u00e1g. Autor An\u00edbal Korn Agusti<\/h2>\n\t<span class=\"price\"><span class=\"woocommerce-Price-amount amount\"><bdi><span class=\"woocommerce-Price-currencySymbol\">&#36;<\/span>33.000<\/bdi><\/span><\/span>\n<\/a><a href=\"\/index.php\/wp-json\/wp\/v2\/pages\/4809?add-to-cart=3856\" aria-describedby=\"woocommerce_loop_add_to_cart_link_describedby_3856\" data-quantity=\"1\" class=\"button product_type_simple add_to_cart_button ajax_add_to_cart\" data-product_id=\"3856\" data-product_sku=\"9789564051208\" aria-label=\"Agregar al carrito: &ldquo;Atracci\u00f3n concursal en la ley  N\u00ba 20.720. Aplicacion a los procedimientos  de reorganizacion y liquidaci\u00f3n. A\u00f1o 2022\/ 330 P\u00e1g. Autor An\u00edbal Korn Agusti&rdquo;\" rel=\"nofollow\" data-success_message=\"&ldquo;Atracci\u00f3n concursal en la ley  N\u00ba 20.720. Aplicacion a los procedimientos  de reorganizacion y liquidaci\u00f3n. A\u00f1o 2022\/ 330 P\u00e1g. Autor An\u00edbal Korn Agusti&rdquo; se ha a\u00f1adido a tu carro\" role=\"button\">Agregar al carrito<\/a>\t<span id=\"woocommerce_loop_add_to_cart_link_describedby_3856\" class=\"screen-reader-text\">\n\t\t\t<\/span>\n<\/li>\n<li class=\"product type-product post-3844 status-publish instock product_cat-civil product_cat-comercial has-post-thumbnail shipping-taxable purchasable product-type-simple\">\n\t<a href=\"https:\/\/bibliotecajuridicavirtual.cl\/index.php\/product\/xii-jornadas-chilenas-de-derecho-comercial-ano-2022-382-pag-autor-pablo-manterola-dominguez-y-manuel-bernet-paez\/\" class=\"woocommerce-LoopProduct-link woocommerce-loop-product__link\"><img loading=\"lazy\" decoding=\"async\" width=\"300\" height=\"414\" src=\"https:\/\/bibliotecajuridicavirtual.cl\/wp-content\/uploads\/2026\/02\/XII-JORNADA-CHILENAS-DE-DERECHOS-COMERCIAL-300x414.png\" class=\"attachment-woocommerce_thumbnail size-woocommerce_thumbnail\" alt=\"XII Jornadas chilenas de Derecho Comercial. A\u00f1o 2022\/ 382 P\u00e1g. Autor Pablo Manterola Dom\u00ednguez y Manuel Bern\u00e9t P\u00e1ez\" srcset=\"https:\/\/bibliotecajuridicavirtual.cl\/wp-content\/uploads\/2026\/02\/XII-JORNADA-CHILENAS-DE-DERECHOS-COMERCIAL-300x414.png 300w, https:\/\/bibliotecajuridicavirtual.cl\/wp-content\/uploads\/2026\/02\/XII-JORNADA-CHILENAS-DE-DERECHOS-COMERCIAL-64x88.png 64w, https:\/\/bibliotecajuridicavirtual.cl\/wp-content\/uploads\/2026\/02\/XII-JORNADA-CHILENAS-DE-DERECHOS-COMERCIAL-218x300.png 218w, https:\/\/bibliotecajuridicavirtual.cl\/wp-content\/uploads\/2026\/02\/XII-JORNADA-CHILENAS-DE-DERECHOS-COMERCIAL.png 491w\" sizes=\"(max-width: 300px) 100vw, 300px\" \/><h2 class=\"woocommerce-loop-product__title\">XII Jornadas chilenas de Derecho Comercial. A\u00f1o 2022\/ 382 P\u00e1g. Autor Pablo Manterola Dom\u00ednguez y Manuel Bern\u00e9t P\u00e1ez<\/h2>\n\t<span class=\"price\"><span class=\"woocommerce-Price-amount amount\"><bdi><span class=\"woocommerce-Price-currencySymbol\">&#36;<\/span>45.990<\/bdi><\/span><\/span>\n<\/a><a href=\"\/index.php\/wp-json\/wp\/v2\/pages\/4809?add-to-cart=3844\" aria-describedby=\"woocommerce_loop_add_to_cart_link_describedby_3844\" data-quantity=\"1\" class=\"button product_type_simple add_to_cart_button ajax_add_to_cart\" data-product_id=\"3844\" data-product_sku=\"9788411307857\" aria-label=\"Agregar al carrito: &ldquo;XII Jornadas chilenas de Derecho Comercial. A\u00f1o 2022\/ 382 P\u00e1g. Autor Pablo Manterola Dom\u00ednguez y Manuel Bern\u00e9t P\u00e1ez&rdquo;\" rel=\"nofollow\" data-success_message=\"&ldquo;XII Jornadas chilenas de Derecho Comercial. A\u00f1o 2022\/ 382 P\u00e1g. Autor Pablo Manterola Dom\u00ednguez y Manuel Bern\u00e9t P\u00e1ez&rdquo; se ha a\u00f1adido a tu carro\" role=\"button\">Agregar al carrito<\/a>\t<span id=\"woocommerce_loop_add_to_cart_link_describedby_3844\" class=\"screen-reader-text\">\n\t\t\t<\/span>\n<\/li>\n<li class=\"product type-product post-3747 status-publish last instock product_cat-comercial has-post-thumbnail shipping-taxable purchasable product-type-simple\">\n\t<a href=\"https:\/\/bibliotecajuridicavirtual.cl\/index.php\/product\/derecho-concursal-chileno-analisis-de-la-ley-n-o-20-720-de-insolvencia-y-reemprendimiento-ano-2021-400-pag-autor-patricio-valdes-fuentealba-y-jorge-lagos-pachecos\/\" class=\"woocommerce-LoopProduct-link woocommerce-loop-product__link\"><img loading=\"lazy\" decoding=\"async\" width=\"300\" height=\"427\" src=\"https:\/\/bibliotecajuridicavirtual.cl\/wp-content\/uploads\/2026\/02\/DERECHO-CONCURSAL-300x427.png\" class=\"attachment-woocommerce_thumbnail size-woocommerce_thumbnail\" alt=\"Derecho Concursal Chileno. An\u00e1lisis de la ley n.\u00ba 20.720, de insolvencia y reemprendimiento. A\u00f1o 2021\/ 400 P\u00e1g. Autor  Patricio Vald\u00e9s Fuentealba y Jorge Lagos Pachecos.\" srcset=\"https:\/\/bibliotecajuridicavirtual.cl\/wp-content\/uploads\/2026\/02\/DERECHO-CONCURSAL-300x427.png 300w, https:\/\/bibliotecajuridicavirtual.cl\/wp-content\/uploads\/2026\/02\/DERECHO-CONCURSAL-64x91.png 64w, https:\/\/bibliotecajuridicavirtual.cl\/wp-content\/uploads\/2026\/02\/DERECHO-CONCURSAL-211x300.png 211w, https:\/\/bibliotecajuridicavirtual.cl\/wp-content\/uploads\/2026\/02\/DERECHO-CONCURSAL.png 479w\" sizes=\"(max-width: 300px) 100vw, 300px\" \/><h2 class=\"woocommerce-loop-product__title\">Derecho Concursal Chileno. An\u00e1lisis de la ley n.\u00ba 20.720, de insolvencia y reemprendimiento. A\u00f1o 2021\/ 400 P\u00e1g. Autor  Patricio Vald\u00e9s Fuentealba y Jorge Lagos Pachecos.<\/h2>\n\t<span class=\"price\"><span class=\"woocommerce-Price-amount amount\"><bdi><span class=\"woocommerce-Price-currencySymbol\">&#36;<\/span>65.690<\/bdi><\/span><\/span>\n<\/a><a href=\"\/index.php\/wp-json\/wp\/v2\/pages\/4809?add-to-cart=3747\" aria-describedby=\"woocommerce_loop_add_to_cart_link_describedby_3747\" data-quantity=\"1\" class=\"button product_type_simple add_to_cart_button ajax_add_to_cart\" data-product_id=\"3747\" data-product_sku=\"9788413780344\" aria-label=\"Agregar al carrito: &ldquo;Derecho Concursal Chileno. An\u00e1lisis de la ley n.\u00ba 20.720, de insolvencia y reemprendimiento. A\u00f1o 2021\/ 400 P\u00e1g. Autor  Patricio Vald\u00e9s Fuentealba y Jorge Lagos Pachecos.&rdquo;\" rel=\"nofollow\" data-success_message=\"&ldquo;Derecho Concursal Chileno. An\u00e1lisis de la ley n.\u00ba 20.720, de insolvencia y reemprendimiento. A\u00f1o 2021\/ 400 P\u00e1g. Autor  Patricio Vald\u00e9s Fuentealba y Jorge Lagos Pachecos.&rdquo; se ha a\u00f1adido a tu carro\" role=\"button\">Agregar al carrito<\/a>\t<span id=\"woocommerce_loop_add_to_cart_link_describedby_3747\" class=\"screen-reader-text\">\n\t\t\t<\/span>\n<\/li>\n<li class=\"product type-product post-3701 status-publish first instock product_cat-comercial has-post-thumbnail shipping-taxable purchasable product-type-simple\">\n\t<a href=\"https:\/\/bibliotecajuridicavirtual.cl\/index.php\/product\/esquemas-de-derecho-comercial-de-chile-iii-contratos-mercantiles-ano-2022-132-pag-autor-mauricio-ortiz-solorza\/\" class=\"woocommerce-LoopProduct-link woocommerce-loop-product__link\"><img loading=\"lazy\" decoding=\"async\" width=\"300\" height=\"212\" src=\"https:\/\/bibliotecajuridicavirtual.cl\/wp-content\/uploads\/2026\/02\/ESQUEMAS-DE-DERECHO-COMERCIAL-DE-CHILE-III-CONTRATYO-MERCANTILES-300x212.png\" class=\"attachment-woocommerce_thumbnail size-woocommerce_thumbnail\" alt=\"Esquemas de Derecho comercial de Chile III: Contratos mercantiles. A\u00f1o 2022\/ 132 P\u00e1g. Autor Mauricio Ortiz Solorza\" srcset=\"https:\/\/bibliotecajuridicavirtual.cl\/wp-content\/uploads\/2026\/02\/ESQUEMAS-DE-DERECHO-COMERCIAL-DE-CHILE-III-CONTRATYO-MERCANTILES-300x212.png 300w, https:\/\/bibliotecajuridicavirtual.cl\/wp-content\/uploads\/2026\/02\/ESQUEMAS-DE-DERECHO-COMERCIAL-DE-CHILE-III-CONTRATYO-MERCANTILES-600x425.png 600w, https:\/\/bibliotecajuridicavirtual.cl\/wp-content\/uploads\/2026\/02\/ESQUEMAS-DE-DERECHO-COMERCIAL-DE-CHILE-III-CONTRATYO-MERCANTILES-64x45.png 64w, https:\/\/bibliotecajuridicavirtual.cl\/wp-content\/uploads\/2026\/02\/ESQUEMAS-DE-DERECHO-COMERCIAL-DE-CHILE-III-CONTRATYO-MERCANTILES-768x544.png 768w, https:\/\/bibliotecajuridicavirtual.cl\/wp-content\/uploads\/2026\/02\/ESQUEMAS-DE-DERECHO-COMERCIAL-DE-CHILE-III-CONTRATYO-MERCANTILES.png 931w\" sizes=\"(max-width: 300px) 100vw, 300px\" \/><h2 class=\"woocommerce-loop-product__title\">Esquemas de Derecho comercial de Chile III: Contratos mercantiles. A\u00f1o 2022\/ 132 P\u00e1g. Autor Mauricio Ortiz Solorza<\/h2>\n\t<span class=\"price\"><span class=\"woocommerce-Price-amount amount\"><bdi><span class=\"woocommerce-Price-currencySymbol\">&#36;<\/span>25.990<\/bdi><\/span><\/span>\n<\/a><a href=\"\/index.php\/wp-json\/wp\/v2\/pages\/4809?add-to-cart=3701\" aria-describedby=\"woocommerce_loop_add_to_cart_link_describedby_3701\" data-quantity=\"1\" class=\"button product_type_simple add_to_cart_button ajax_add_to_cart\" data-product_id=\"3701\" data-product_sku=\"9788411135504\" aria-label=\"Agregar al carrito: &ldquo;Esquemas de Derecho comercial de Chile III: Contratos mercantiles. A\u00f1o 2022\/ 132 P\u00e1g. Autor Mauricio Ortiz Solorza&rdquo;\" rel=\"nofollow\" data-success_message=\"&ldquo;Esquemas de Derecho comercial de Chile III: Contratos mercantiles. A\u00f1o 2022\/ 132 P\u00e1g. Autor Mauricio Ortiz Solorza&rdquo; se ha a\u00f1adido a tu carro\" role=\"button\">Agregar al carrito<\/a>\t<span id=\"woocommerce_loop_add_to_cart_link_describedby_3701\" class=\"screen-reader-text\">\n\t\t\t<\/span>\n<\/li>\n<li class=\"product type-product post-3550 status-publish instock product_cat-comercial product_cat-thomson-reuters has-post-thumbnail shipping-taxable purchasable product-type-simple\">\n\t<a href=\"https:\/\/bibliotecajuridicavirtual.cl\/index.php\/product\/los-seguros-de-garantia-o-caucion-ano-mayo-2024-304-pag-autor-marcelo-nasser-olea\/\" class=\"woocommerce-LoopProduct-link woocommerce-loop-product__link\"><img loading=\"lazy\" decoding=\"async\" width=\"300\" height=\"432\" src=\"https:\/\/bibliotecajuridicavirtual.cl\/wp-content\/uploads\/2026\/02\/LOS-SEGUROS-DE-GARANTIAS-300x432.png\" class=\"attachment-woocommerce_thumbnail size-woocommerce_thumbnail\" alt=\"Los Seguros de Garant\u00eda o Cauci\u00f3n. A\u00f1o  Mayo 2024\/ 304 P\u00e1g. Autor Marcelo Nasser Olea\" srcset=\"https:\/\/bibliotecajuridicavirtual.cl\/wp-content\/uploads\/2026\/02\/LOS-SEGUROS-DE-GARANTIAS-300x432.png 300w, https:\/\/bibliotecajuridicavirtual.cl\/wp-content\/uploads\/2026\/02\/LOS-SEGUROS-DE-GARANTIAS-600x864.png 600w, https:\/\/bibliotecajuridicavirtual.cl\/wp-content\/uploads\/2026\/02\/LOS-SEGUROS-DE-GARANTIAS-64x92.png 64w, https:\/\/bibliotecajuridicavirtual.cl\/wp-content\/uploads\/2026\/02\/LOS-SEGUROS-DE-GARANTIAS-208x300.png 208w, https:\/\/bibliotecajuridicavirtual.cl\/wp-content\/uploads\/2026\/02\/LOS-SEGUROS-DE-GARANTIAS-711x1024.png 711w, https:\/\/bibliotecajuridicavirtual.cl\/wp-content\/uploads\/2026\/02\/LOS-SEGUROS-DE-GARANTIAS-768x1105.png 768w, https:\/\/bibliotecajuridicavirtual.cl\/wp-content\/uploads\/2026\/02\/LOS-SEGUROS-DE-GARANTIAS.png 965w\" sizes=\"(max-width: 300px) 100vw, 300px\" \/><h2 class=\"woocommerce-loop-product__title\">Los Seguros de Garant\u00eda o Cauci\u00f3n. A\u00f1o  Mayo 2024\/ 304 P\u00e1g. Autor Marcelo Nasser Olea<\/h2>\n\t<span class=\"price\"><span class=\"woocommerce-Price-amount amount\"><bdi><span class=\"woocommerce-Price-currencySymbol\">&#36;<\/span>59.500<\/bdi><\/span><\/span>\n<\/a><a href=\"\/index.php\/wp-json\/wp\/v2\/pages\/4809?add-to-cart=3550\" aria-describedby=\"woocommerce_loop_add_to_cart_link_describedby_3550\" data-quantity=\"1\" class=\"button product_type_simple add_to_cart_button ajax_add_to_cart\" data-product_id=\"3550\" data-product_sku=\"9789564005140\" aria-label=\"Agregar al carrito: &ldquo;Los Seguros de Garant\u00eda o Cauci\u00f3n. A\u00f1o  Mayo 2024\/ 304 P\u00e1g. Autor Marcelo Nasser Olea&rdquo;\" rel=\"nofollow\" data-success_message=\"&ldquo;Los Seguros de Garant\u00eda o Cauci\u00f3n. A\u00f1o  Mayo 2024\/ 304 P\u00e1g. Autor Marcelo Nasser Olea&rdquo; se ha a\u00f1adido a tu carro\" role=\"button\">Agregar al carrito<\/a>\t<span id=\"woocommerce_loop_add_to_cart_link_describedby_3550\" class=\"screen-reader-text\">\n\t\t\t<\/span>\n<\/li>\n<li class=\"product type-product post-3447 status-publish instock product_cat-comercial has-post-thumbnail shipping-taxable purchasable product-type-simple\">\n\t<a href=\"https:\/\/bibliotecajuridicavirtual.cl\/index.php\/product\/esquemas-de-derecho-comercial-de-chile-i-fuentes-del-derecho-mercantil-aspectos-generales-del-derecho-comercial-ano-mayo-2024-126-pag-autor-humberto-carrasco-blanc-emilio-becar-labrana-y-daniel\/\" class=\"woocommerce-LoopProduct-link woocommerce-loop-product__link\"><img loading=\"lazy\" decoding=\"async\" width=\"300\" height=\"213\" src=\"https:\/\/bibliotecajuridicavirtual.cl\/wp-content\/uploads\/2026\/02\/ESQUEMAS-DE-DERECHO-COMERCIAL-DE-CHILE-I-300x213.png\" class=\"attachment-woocommerce_thumbnail size-woocommerce_thumbnail\" alt=\"Esquemas de Derecho Comercial de Chile I - Fuentes del Derecho Mercantil. Aspectos generales del Derecho Comercial. A\u00f1o Mayo 2024\/ 126 P\u00e1g. Autor Humberto Carrasco Blanc, Emilio Becar Labra\u00f1a y Daniela Illescas Maldonado\" srcset=\"https:\/\/bibliotecajuridicavirtual.cl\/wp-content\/uploads\/2026\/02\/ESQUEMAS-DE-DERECHO-COMERCIAL-DE-CHILE-I-300x213.png 300w, https:\/\/bibliotecajuridicavirtual.cl\/wp-content\/uploads\/2026\/02\/ESQUEMAS-DE-DERECHO-COMERCIAL-DE-CHILE-I-64x45.png 64w, https:\/\/bibliotecajuridicavirtual.cl\/wp-content\/uploads\/2026\/02\/ESQUEMAS-DE-DERECHO-COMERCIAL-DE-CHILE-I.png 360w\" sizes=\"(max-width: 300px) 100vw, 300px\" \/><h2 class=\"woocommerce-loop-product__title\">Esquemas de Derecho Comercial de Chile I &#8211; Fuentes del Derecho Mercantil. Aspectos generales del Derecho Comercial. A\u00f1o Mayo 2024\/ 126 P\u00e1g. Autor Humberto Carrasco Blanc, Emilio Becar Labra\u00f1a y Daniela Illescas Maldonado<\/h2>\n\t<span class=\"price\"><span class=\"woocommerce-Price-amount amount\"><bdi><span class=\"woocommerce-Price-currencySymbol\">&#36;<\/span>24.990<\/bdi><\/span><\/span>\n<\/a><a href=\"\/index.php\/wp-json\/wp\/v2\/pages\/4809?add-to-cart=3447\" aria-describedby=\"woocommerce_loop_add_to_cart_link_describedby_3447\" data-quantity=\"1\" class=\"button product_type_simple add_to_cart_button ajax_add_to_cart\" data-product_id=\"3447\" data-product_sku=\"9788411691727\" aria-label=\"Agregar al carrito: &ldquo;Esquemas de Derecho Comercial de Chile I - Fuentes del Derecho Mercantil. Aspectos generales del Derecho Comercial. A\u00f1o Mayo 2024\/ 126 P\u00e1g. Autor Humberto Carrasco Blanc, Emilio Becar Labra\u00f1a y Daniela Illescas Maldonado&rdquo;\" rel=\"nofollow\" data-success_message=\"&ldquo;Esquemas de Derecho Comercial de Chile I - Fuentes del Derecho Mercantil. Aspectos generales del Derecho Comercial. A\u00f1o Mayo 2024\/ 126 P\u00e1g. Autor Humberto Carrasco Blanc, Emilio Becar Labra\u00f1a y Daniela Illescas Maldonado&rdquo; se ha a\u00f1adido a tu carro\" role=\"button\">Agregar al carrito<\/a>\t<span id=\"woocommerce_loop_add_to_cart_link_describedby_3447\" class=\"screen-reader-text\">\n\t\t\t<\/span>\n<\/li>\n<li class=\"product type-product post-3341 status-publish last instock product_cat-civil product_cat-comercial product_cat-thomson-reuters has-post-thumbnail shipping-taxable purchasable product-type-simple\">\n\t<a href=\"https:\/\/bibliotecajuridicavirtual.cl\/index.php\/product\/la-proteccion-de-los-derechos-de-los-consumidores-2da-edicion-iii-tomos-ano-marzo-2024-3-500-pag-autor-francisca-barrientos-camus-inigo-de-la-maza-gazmuri-carlos-pizarro-wilson\/\" class=\"woocommerce-LoopProduct-link woocommerce-loop-product__link\"><img loading=\"lazy\" decoding=\"async\" width=\"300\" height=\"266\" src=\"https:\/\/bibliotecajuridicavirtual.cl\/wp-content\/uploads\/2026\/02\/LA-PROTECCION-DE-LOS-DERECHOS-DEL-CONSUMIDOR-300x266.png\" class=\"attachment-woocommerce_thumbnail size-woocommerce_thumbnail\" alt=\"La Protecci\u00f3n de los Derechos de los Consumidores -2da Edici\u00f3n, III Tomos . A\u00f1o Marzo 2024\/  3.500 P\u00e1g. Autor Francisca Barrientos Camus - \u00cd\u00f1igo de la Maza Gazmuri - Carlos Pizarro Wilson\" srcset=\"https:\/\/bibliotecajuridicavirtual.cl\/wp-content\/uploads\/2026\/02\/LA-PROTECCION-DE-LOS-DERECHOS-DEL-CONSUMIDOR-300x266.png 300w, https:\/\/bibliotecajuridicavirtual.cl\/wp-content\/uploads\/2026\/02\/LA-PROTECCION-DE-LOS-DERECHOS-DEL-CONSUMIDOR-64x57.png 64w, https:\/\/bibliotecajuridicavirtual.cl\/wp-content\/uploads\/2026\/02\/LA-PROTECCION-DE-LOS-DERECHOS-DEL-CONSUMIDOR.png 441w\" sizes=\"(max-width: 300px) 100vw, 300px\" \/><h2 class=\"woocommerce-loop-product__title\">La Protecci\u00f3n de los Derechos de los Consumidores -2da Edici\u00f3n, III Tomos . A\u00f1o Marzo 2024\/  3.500 P\u00e1g. Autor Francisca Barrientos Camus &#8211; \u00cd\u00f1igo de la Maza Gazmuri &#8211; Carlos Pizarro Wilson<\/h2>\n\t<span class=\"price\"><span class=\"woocommerce-Price-amount amount\"><bdi><span class=\"woocommerce-Price-currencySymbol\">&#36;<\/span>520.600<\/bdi><\/span><\/span>\n<\/a><a href=\"\/index.php\/wp-json\/wp\/v2\/pages\/4809?add-to-cart=3341\" aria-describedby=\"woocommerce_loop_add_to_cart_link_describedby_3341\" data-quantity=\"1\" class=\"button product_type_simple add_to_cart_button ajax_add_to_cart\" data-product_id=\"3341\" data-product_sku=\"9789564004839\" aria-label=\"Agregar al carrito: &ldquo;La Protecci\u00f3n de los Derechos de los Consumidores -2da Edici\u00f3n, III Tomos . A\u00f1o Marzo 2024\/  3.500 P\u00e1g. Autor Francisca Barrientos Camus - \u00cd\u00f1igo de la Maza Gazmuri - Carlos Pizarro Wilson&rdquo;\" rel=\"nofollow\" data-success_message=\"&ldquo;La Protecci\u00f3n de los Derechos de los Consumidores -2da Edici\u00f3n, III Tomos . A\u00f1o Marzo 2024\/  3.500 P\u00e1g. Autor Francisca Barrientos Camus - \u00cd\u00f1igo de la Maza Gazmuri - Carlos Pizarro Wilson&rdquo; se ha a\u00f1adido a tu carro\" role=\"button\">Agregar al carrito<\/a>\t<span id=\"woocommerce_loop_add_to_cart_link_describedby_3341\" class=\"screen-reader-text\">\n\t\t\t<\/span>\n<\/li>\n<li class=\"product type-product post-3272 status-publish first instock product_cat-codigos-de-la-republica-de-chile-ano-2025 product_cat-comercial has-post-thumbnail shipping-taxable purchasable product-type-simple\">\n\t<a href=\"https:\/\/bibliotecajuridicavirtual.cl\/index.php\/product\/codigo-de-comercio-de-chile-4ta-edicion-con-apendice-legislativo-indices-tematico-y-analitico-ano-2025-924-pag-autor-manuel-bernet-paez\/\" class=\"woocommerce-LoopProduct-link woocommerce-loop-product__link\"><img loading=\"lazy\" decoding=\"async\" width=\"300\" height=\"357\" src=\"https:\/\/bibliotecajuridicavirtual.cl\/wp-content\/uploads\/2026\/02\/Mesa-de-trabajo-1-copia-2-300x357.webp\" class=\"attachment-woocommerce_thumbnail size-woocommerce_thumbnail\" alt=\"C\u00f3digo de Comercio de Chile 4ta. Edici\u00f3n con Ap\u00e9ndice Legislativo - \u00cdndices Tem\u00e1tico y Anal\u00edtico. A\u00f1o 2025\/ 924 P\u00e1g. Autor  Manuel Bernet P\u00e1ez\" srcset=\"https:\/\/bibliotecajuridicavirtual.cl\/wp-content\/uploads\/2026\/02\/Mesa-de-trabajo-1-copia-2-300x357.webp 300w, https:\/\/bibliotecajuridicavirtual.cl\/wp-content\/uploads\/2026\/02\/Mesa-de-trabajo-1-copia-2-252x300.webp 252w, https:\/\/bibliotecajuridicavirtual.cl\/wp-content\/uploads\/2026\/02\/Mesa-de-trabajo-1-copia-2-768x913.webp 768w, https:\/\/bibliotecajuridicavirtual.cl\/wp-content\/uploads\/2026\/02\/Mesa-de-trabajo-1-copia-2-600x713.webp 600w, https:\/\/bibliotecajuridicavirtual.cl\/wp-content\/uploads\/2026\/02\/Mesa-de-trabajo-1-copia-2-64x76.webp 64w, https:\/\/bibliotecajuridicavirtual.cl\/wp-content\/uploads\/2026\/02\/Mesa-de-trabajo-1-copia-2.webp 841w\" sizes=\"(max-width: 300px) 100vw, 300px\" \/><h2 class=\"woocommerce-loop-product__title\">C\u00f3digo de Comercio de Chile 4ta. Edici\u00f3n con Ap\u00e9ndice Legislativo &#8211; \u00cdndices Tem\u00e1tico y Anal\u00edtico. A\u00f1o 2025\/ 924 P\u00e1g. Autor  Manuel Bernet P\u00e1ez<\/h2>\n\t<span class=\"price\"><span class=\"woocommerce-Price-amount amount\"><bdi><span class=\"woocommerce-Price-currencySymbol\">&#36;<\/span>29.990<\/bdi><\/span><\/span>\n<\/a><a href=\"\/index.php\/wp-json\/wp\/v2\/pages\/4809?add-to-cart=3272\" aria-describedby=\"woocommerce_loop_add_to_cart_link_describedby_3272\" data-quantity=\"1\" class=\"button product_type_simple add_to_cart_button ajax_add_to_cart\" data-product_id=\"3272\" data-product_sku=\"9788410955967\" aria-label=\"Agregar al carrito: &ldquo;C\u00f3digo de Comercio de Chile 4ta. Edici\u00f3n con Ap\u00e9ndice Legislativo - \u00cdndices Tem\u00e1tico y Anal\u00edtico. A\u00f1o 2025\/ 924 P\u00e1g. Autor  Manuel Bernet P\u00e1ez&rdquo;\" rel=\"nofollow\" data-success_message=\"&ldquo;C\u00f3digo de Comercio de Chile 4ta. Edici\u00f3n con Ap\u00e9ndice Legislativo - \u00cdndices Tem\u00e1tico y Anal\u00edtico. A\u00f1o 2025\/ 924 P\u00e1g. Autor  Manuel Bernet P\u00e1ez&rdquo; se ha a\u00f1adido a tu carro\" role=\"button\">Agregar al carrito<\/a>\t<span id=\"woocommerce_loop_add_to_cart_link_describedby_3272\" class=\"screen-reader-text\">\n\t\t\t<\/span>\n<\/li>\n<li class=\"product type-product post-3260 status-publish instock product_cat-comercial product_cat-derecho has-post-thumbnail shipping-taxable purchasable product-type-simple\">\n\t<a href=\"https:\/\/bibliotecajuridicavirtual.cl\/index.php\/product\/anuncios-preliminares-concertacion-del-voto-y-ofertas-de-canje-estudios-sobre-opas-iii-1era-edicion-ano-febrero-ano-2024-300-pag-autor-javier-garcia-de-enterria\/\" class=\"woocommerce-LoopProduct-link woocommerce-loop-product__link\"><img loading=\"lazy\" decoding=\"async\" width=\"300\" height=\"417\" src=\"https:\/\/bibliotecajuridicavirtual.cl\/wp-content\/uploads\/2026\/02\/ANUNCIOS-PRELIMINARES-CONCERTACION-DEL-VOTO-Y-OFERTAS-DE-CANJE-300x417.png\" class=\"attachment-woocommerce_thumbnail size-woocommerce_thumbnail\" alt=\"Anuncios Preliminares, Concertaci\u00f3n del voto y ofertas de canje. Estudios sobre opas III 1era Edicion. A\u00f1o Febrero a\u00f1o 2024 \/ 300 P\u00e1g. Autor Javier Garc\u00eda de Enterr\u00eda\" srcset=\"https:\/\/bibliotecajuridicavirtual.cl\/wp-content\/uploads\/2026\/02\/ANUNCIOS-PRELIMINARES-CONCERTACION-DEL-VOTO-Y-OFERTAS-DE-CANJE-300x417.png 300w, https:\/\/bibliotecajuridicavirtual.cl\/wp-content\/uploads\/2026\/02\/ANUNCIOS-PRELIMINARES-CONCERTACION-DEL-VOTO-Y-OFERTAS-DE-CANJE-64x89.png 64w, https:\/\/bibliotecajuridicavirtual.cl\/wp-content\/uploads\/2026\/02\/ANUNCIOS-PRELIMINARES-CONCERTACION-DEL-VOTO-Y-OFERTAS-DE-CANJE-216x300.png 216w, https:\/\/bibliotecajuridicavirtual.cl\/wp-content\/uploads\/2026\/02\/ANUNCIOS-PRELIMINARES-CONCERTACION-DEL-VOTO-Y-OFERTAS-DE-CANJE.png 360w\" sizes=\"(max-width: 300px) 100vw, 300px\" \/><h2 class=\"woocommerce-loop-product__title\">Anuncios Preliminares, Concertaci\u00f3n del voto y ofertas de canje. Estudios sobre opas III 1era Edicion. A\u00f1o Febrero a\u00f1o 2024 \/ 300 P\u00e1g. Autor Javier Garc\u00eda de Enterr\u00eda<\/h2>\n\t<span class=\"price\"><span class=\"woocommerce-Price-amount amount\"><bdi><span class=\"woocommerce-Price-currencySymbol\">&#36;<\/span>88.000<\/bdi><\/span><\/span>\n<\/a><a href=\"\/index.php\/wp-json\/wp\/v2\/pages\/4809?add-to-cart=3260\" aria-describedby=\"woocommerce_loop_add_to_cart_link_describedby_3260\" data-quantity=\"1\" class=\"button product_type_simple add_to_cart_button ajax_add_to_cart\" data-product_id=\"3260\" data-product_sku=\"9788490993637\" aria-label=\"Agregar al carrito: &ldquo;Anuncios Preliminares, Concertaci\u00f3n del voto y ofertas de canje. Estudios sobre opas III 1era Edicion. A\u00f1o Febrero a\u00f1o 2024 \/ 300 P\u00e1g. Autor Javier Garc\u00eda de Enterr\u00eda&rdquo;\" rel=\"nofollow\" data-success_message=\"&ldquo;Anuncios Preliminares, Concertaci\u00f3n del voto y ofertas de canje. Estudios sobre opas III 1era Edicion. A\u00f1o Febrero a\u00f1o 2024 \/ 300 P\u00e1g. Autor Javier Garc\u00eda de Enterr\u00eda&rdquo; se ha a\u00f1adido a tu carro\" role=\"button\">Agregar al carrito<\/a>\t<span id=\"woocommerce_loop_add_to_cart_link_describedby_3260\" class=\"screen-reader-text\">\n\t\t\t<\/span>\n<\/li>\n<li class=\"product type-product post-3241 status-publish instock product_cat-civil product_cat-comercial product_cat-derecho has-post-thumbnail shipping-taxable purchasable product-type-simple\">\n\t<a href=\"https:\/\/bibliotecajuridicavirtual.cl\/index.php\/product\/sobre-el-contrato-de-sociedad-1era-edicion-ano-2024-1-148-pag-autor-maria-belen-gonzalez-fernande-patricia-marquez-lobillo-m-teresa-otero-cobos\/\" class=\"woocommerce-LoopProduct-link woocommerce-loop-product__link\"><img loading=\"lazy\" decoding=\"async\" width=\"300\" height=\"425\" src=\"https:\/\/bibliotecajuridicavirtual.cl\/wp-content\/uploads\/2026\/02\/SOBRE-EL-CONTRATO-DE-SOCIEDAD-300x425.png\" class=\"attachment-woocommerce_thumbnail size-woocommerce_thumbnail\" alt=\"Sobre el Contrato de Sociedad- 1era Edici\u00f3n. A\u00f1o 2024 \/ 1.148 P\u00e1g. Autor Mar\u00eda Bel\u00e9n Gonz\u00e1lez Fern\u00e1nde, Patricia M\u00e1rquez Lobillo M Teresa Otero Cobos\" srcset=\"https:\/\/bibliotecajuridicavirtual.cl\/wp-content\/uploads\/2026\/02\/SOBRE-EL-CONTRATO-DE-SOCIEDAD-300x425.png 300w, https:\/\/bibliotecajuridicavirtual.cl\/wp-content\/uploads\/2026\/02\/SOBRE-EL-CONTRATO-DE-SOCIEDAD-64x91.png 64w, https:\/\/bibliotecajuridicavirtual.cl\/wp-content\/uploads\/2026\/02\/SOBRE-EL-CONTRATO-DE-SOCIEDAD-212x300.png 212w, https:\/\/bibliotecajuridicavirtual.cl\/wp-content\/uploads\/2026\/02\/SOBRE-EL-CONTRATO-DE-SOCIEDAD.png 465w\" sizes=\"(max-width: 300px) 100vw, 300px\" \/><h2 class=\"woocommerce-loop-product__title\">Sobre el Contrato de Sociedad- 1era Edici\u00f3n. A\u00f1o 2024 \/ 1.148 P\u00e1g. Autor Mar\u00eda Bel\u00e9n Gonz\u00e1lez Fern\u00e1nde, Patricia M\u00e1rquez Lobillo M Teresa Otero Cobos<\/h2>\n\t<span class=\"price\"><span class=\"woocommerce-Price-amount amount\"><bdi><span class=\"woocommerce-Price-currencySymbol\">&#36;<\/span>309.990<\/bdi><\/span><\/span>\n<\/a><a href=\"\/index.php\/wp-json\/wp\/v2\/pages\/4809?add-to-cart=3241\" aria-describedby=\"woocommerce_loop_add_to_cart_link_describedby_3241\" data-quantity=\"1\" class=\"button product_type_simple add_to_cart_button ajax_add_to_cart\" data-product_id=\"3241\" data-product_sku=\"9788410562400\" aria-label=\"Agregar al carrito: &ldquo;Sobre el Contrato de Sociedad- 1era Edici\u00f3n. A\u00f1o 2024 \/ 1.148 P\u00e1g. Autor Mar\u00eda Bel\u00e9n Gonz\u00e1lez Fern\u00e1nde, Patricia M\u00e1rquez Lobillo M Teresa Otero Cobos&rdquo;\" rel=\"nofollow\" data-success_message=\"&ldquo;Sobre el Contrato de Sociedad- 1era Edici\u00f3n. A\u00f1o 2024 \/ 1.148 P\u00e1g. Autor Mar\u00eda Bel\u00e9n Gonz\u00e1lez Fern\u00e1nde, Patricia M\u00e1rquez Lobillo M Teresa Otero Cobos&rdquo; se ha a\u00f1adido a tu carro\" role=\"button\">Agregar al carrito<\/a>\t<span id=\"woocommerce_loop_add_to_cart_link_describedby_3241\" class=\"screen-reader-text\">\n\t\t\t<\/span>\n<\/li>\n<li class=\"product type-product post-3237 status-publish last instock product_cat-comercial product_cat-thomson-reuters has-post-thumbnail shipping-taxable purchasable product-type-simple\">\n\t<a href=\"https:\/\/bibliotecajuridicavirtual.cl\/index.php\/product\/codigo-de-comercio-vigesima-cuarta-edicion-ano-2024-1-316-pag-autor-jose-ignacio-diaz-villalobos\/\" class=\"woocommerce-LoopProduct-link woocommerce-loop-product__link\"><img loading=\"lazy\" decoding=\"async\" width=\"300\" height=\"428\" src=\"https:\/\/bibliotecajuridicavirtual.cl\/wp-content\/uploads\/2026\/02\/CODIGO-DE-COMERCIO-VIGESIMA-CUARTA-EDICION-300x428.png\" class=\"attachment-woocommerce_thumbnail size-woocommerce_thumbnail\" alt=\"C\u00f3digo de Comercio - Vig\u00e9sima Cuarta Edici\u00f3n. A\u00f1o 2024\/ 1.316 P\u00e1g. Autor Jos\u00e9 Ignacio D\u00edaz Villalobos\" srcset=\"https:\/\/bibliotecajuridicavirtual.cl\/wp-content\/uploads\/2026\/02\/CODIGO-DE-COMERCIO-VIGESIMA-CUARTA-EDICION-300x428.png 300w, https:\/\/bibliotecajuridicavirtual.cl\/wp-content\/uploads\/2026\/02\/CODIGO-DE-COMERCIO-VIGESIMA-CUARTA-EDICION-64x91.png 64w, https:\/\/bibliotecajuridicavirtual.cl\/wp-content\/uploads\/2026\/02\/CODIGO-DE-COMERCIO-VIGESIMA-CUARTA-EDICION-210x300.png 210w, https:\/\/bibliotecajuridicavirtual.cl\/wp-content\/uploads\/2026\/02\/CODIGO-DE-COMERCIO-VIGESIMA-CUARTA-EDICION.png 555w\" sizes=\"(max-width: 300px) 100vw, 300px\" \/><h2 class=\"woocommerce-loop-product__title\">C\u00f3digo de Comercio &#8211; Vig\u00e9sima Cuarta Edici\u00f3n. A\u00f1o 2024\/ 1.316 P\u00e1g. Autor Jos\u00e9 Ignacio D\u00edaz Villalobos<\/h2>\n\t<span class=\"price\"><span class=\"woocommerce-Price-amount amount\"><bdi><span class=\"woocommerce-Price-currencySymbol\">&#36;<\/span>46.600<\/bdi><\/span><\/span>\n<\/a><a href=\"\/index.php\/wp-json\/wp\/v2\/pages\/4809?add-to-cart=3237\" aria-describedby=\"woocommerce_loop_add_to_cart_link_describedby_3237\" data-quantity=\"1\" class=\"button product_type_simple add_to_cart_button ajax_add_to_cart\" data-product_id=\"3237\" data-product_sku=\"9789564004372\" aria-label=\"Agregar al carrito: &ldquo;C\u00f3digo de Comercio - Vig\u00e9sima Cuarta Edici\u00f3n. A\u00f1o 2024\/ 1.316 P\u00e1g. Autor Jos\u00e9 Ignacio D\u00edaz Villalobos&rdquo;\" rel=\"nofollow\" data-success_message=\"&ldquo;C\u00f3digo de Comercio - Vig\u00e9sima Cuarta Edici\u00f3n. A\u00f1o 2024\/ 1.316 P\u00e1g. Autor Jos\u00e9 Ignacio D\u00edaz Villalobos&rdquo; se ha a\u00f1adido a tu carro\" role=\"button\">Agregar al carrito<\/a>\t<span id=\"woocommerce_loop_add_to_cart_link_describedby_3237\" class=\"screen-reader-text\">\n\t\t\t<\/span>\n<\/li>\n<\/ul>\n<nav class=\"woocommerce-pagination\" aria-label=\"Paginaci\u00f3n de producto\">\n\t<ul class='page-numbers'>\n\t<li><span aria-label=\"P\u00e1gina 1\" aria-current=\"page\" class=\"page-numbers current\">1<\/span><\/li>\n\t<li><a aria-label=\"P\u00e1gina 2\" class=\"page-numbers\" href=\"\/index.php\/wp-json\/wp\/v2\/pages\/4809?product-page=2\">2<\/a><\/li>\n\t<li><a aria-label=\"P\u00e1gina 3\" class=\"page-numbers\" href=\"\/index.php\/wp-json\/wp\/v2\/pages\/4809?product-page=3\">3<\/a><\/li>\n\t<li><a class=\"next page-numbers\" href=\"\/index.php\/wp-json\/wp\/v2\/pages\/4809?product-page=2\">&rarr;<\/a><\/li>\n<\/ul>\n<\/nav>\n<\/div>\t\t\t\t<\/div>\n\t\t\t\t<\/div>\n\t\t\t\t\t<\/div>\n\t\t\t\t<\/div>\n\t\t\t\t<\/div>\n\t\t","protected":false},"excerpt":{"rendered":"<p>Derecho \/ Comercial<\/p>\n","protected":false},"author":2,"featured_media":0,"parent":0,"menu_order":0,"comment_status":"closed","ping_status":"closed","template":"elementor_header_footer","meta":{"inline_featured_image":false,"_joinchat":[],"footnotes":""},"class_list":["post-4809","page","type-page","status-publish","hentry"],"_links":{"self":[{"href":"https:\/\/bibliotecajuridicavirtual.cl\/index.php\/wp-json\/wp\/v2\/pages\/4809","targetHints":{"allow":["GET"]}}],"collection":[{"href":"https:\/\/bibliotecajuridicavirtual.cl\/index.php\/wp-json\/wp\/v2\/pages"}],"about":[{"href":"https:\/\/bibliotecajuridicavirtual.cl\/index.php\/wp-json\/wp\/v2\/types\/page"}],"author":[{"embeddable":true,"href":"https:\/\/bibliotecajuridicavirtual.cl\/index.php\/wp-json\/wp\/v2\/users\/2"}],"replies":[{"embeddable":true,"href":"https:\/\/bibliotecajuridicavirtual.cl\/index.php\/wp-json\/wp\/v2\/comments?post=4809"}],"version-history":[{"count":4,"href":"https:\/\/bibliotecajuridicavirtual.cl\/index.php\/wp-json\/wp\/v2\/pages\/4809\/revisions"}],"predecessor-version":[{"id":4814,"href":"https:\/\/bibliotecajuridicavirtual.cl\/index.php\/wp-json\/wp\/v2\/pages\/4809\/revisions\/4814"}],"wp:attachment":[{"href":"https:\/\/bibliotecajuridicavirtual.cl\/index.php\/wp-json\/wp\/v2\/media?parent=4809"}],"curies":[{"name":"wp","href":"https:\/\/api.w.org\/{rel}","templated":true}]}}