{"id":4845,"date":"2026-03-03T10:53:09","date_gmt":"2026-03-03T13:53:09","guid":{"rendered":"https:\/\/bibliotecajuridicavirtual.cl\/?page_id=4845"},"modified":"2026-03-03T10:54:02","modified_gmt":"2026-03-03T13:54:02","slug":"derecho-tributario","status":"publish","type":"page","link":"https:\/\/bibliotecajuridicavirtual.cl\/index.php\/derecho-tributario\/","title":{"rendered":"Derecho Tributario"},"content":{"rendered":"\t\t<div data-elementor-type=\"wp-page\" data-elementor-id=\"4845\" class=\"elementor elementor-4845\" data-elementor-post-type=\"page\">\n\t\t\t\t<div class=\"elementor-element elementor-element-9c9d28b e-flex e-con-boxed wpr-particle-no wpr-jarallax-no wpr-parallax-no wpr-sticky-section-no wpr-equal-height-no e-con e-parent\" data-id=\"9c9d28b\" data-element_type=\"container\" data-e-type=\"container\" data-settings=\"{&quot;background_background&quot;:&quot;classic&quot;}\">\n\t\t\t\t\t<div class=\"e-con-inner\">\n\t\t<div class=\"elementor-element elementor-element-be2bb4d e-con-full e-flex wpr-particle-no wpr-jarallax-no wpr-parallax-no wpr-sticky-section-no wpr-equal-height-no e-con e-child\" data-id=\"be2bb4d\" data-element_type=\"container\" data-e-type=\"container\">\n\t\t\t\t<div class=\"elementor-element elementor-element-5da4f87 elementor-widget elementor-widget-heading\" data-id=\"5da4f87\" data-element_type=\"widget\" data-e-type=\"widget\" data-widget_type=\"heading.default\">\n\t\t\t\t<div class=\"elementor-widget-container\">\n\t\t\t\t\t<h1 class=\"elementor-heading-title elementor-size-default\">Derecho \/ Tributario<\/h1>\t\t\t\t<\/div>\n\t\t\t\t<\/div>\n\t\t\t\t<\/div>\n\t\t\t\t\t<\/div>\n\t\t\t\t<\/div>\n\t\t<div class=\"elementor-element elementor-element-f536256 e-flex e-con-boxed wpr-particle-no wpr-jarallax-no wpr-parallax-no wpr-sticky-section-no wpr-equal-height-no e-con e-parent\" data-id=\"f536256\" data-element_type=\"container\" data-e-type=\"container\">\n\t\t\t\t\t<div class=\"e-con-inner\">\n\t\t\t\t<div class=\"elementor-element elementor-element-d08b61d elementor-product-loop-item--align-center elementor-grid-4 elementor-grid-tablet-3 elementor-grid-mobile-2 elementor-products-grid elementor-wc-products elementor-show-pagination-border-yes elementor-widget elementor-widget-woocommerce-products\" data-id=\"d08b61d\" data-element_type=\"widget\" data-e-type=\"widget\" data-widget_type=\"woocommerce-products.default\">\n\t\t\t\t<div class=\"elementor-widget-container\">\n\t\t\t\t\t<div class=\"woocommerce columns-4 \"><div class=\"woocommerce-notices-wrapper\"><\/div><ul class=\"products elementor-grid columns-4\">\n<li class=\"product type-product post-5200 status-publish first instock product_cat-derecho product_cat-laboral product_cat-tributario has-post-thumbnail shipping-taxable purchasable product-type-simple\">\n\t<a href=\"https:\/\/bibliotecajuridicavirtual.cl\/index.php\/product\/compendio-tributario-y-laboral-at-2026-version-papel-digital-dr-german-pinto-perry-ingrid-araya-mora\/\" class=\"woocommerce-LoopProduct-link woocommerce-loop-product__link\"><img fetchpriority=\"high\" decoding=\"async\" width=\"300\" height=\"427\" src=\"https:\/\/bibliotecajuridicavirtual.cl\/wp-content\/uploads\/2026\/03\/COMPENDIO-TRIBUTARIO-Y-LABORAL-2026-EL-LIBRERO-1-300x427.jpg\" class=\"attachment-woocommerce_thumbnail size-woocommerce_thumbnail\" alt=\"Compendio Tributario y Laboral AT 2026  Versi\u00f3n Papel + Digital * Dr. Germ\u00e1n Pinto Perry \u2013 Ingrid Araya Mora *\" srcset=\"https:\/\/bibliotecajuridicavirtual.cl\/wp-content\/uploads\/2026\/03\/COMPENDIO-TRIBUTARIO-Y-LABORAL-2026-EL-LIBRERO-1-300x427.jpg 300w, https:\/\/bibliotecajuridicavirtual.cl\/wp-content\/uploads\/2026\/03\/COMPENDIO-TRIBUTARIO-Y-LABORAL-2026-EL-LIBRERO-1-600x853.jpg 600w, https:\/\/bibliotecajuridicavirtual.cl\/wp-content\/uploads\/2026\/03\/COMPENDIO-TRIBUTARIO-Y-LABORAL-2026-EL-LIBRERO-1-64x91.jpg 64w, https:\/\/bibliotecajuridicavirtual.cl\/wp-content\/uploads\/2026\/03\/COMPENDIO-TRIBUTARIO-Y-LABORAL-2026-EL-LIBRERO-1-211x300.jpg 211w, https:\/\/bibliotecajuridicavirtual.cl\/wp-content\/uploads\/2026\/03\/COMPENDIO-TRIBUTARIO-Y-LABORAL-2026-EL-LIBRERO-1-720x1024.jpg 720w, https:\/\/bibliotecajuridicavirtual.cl\/wp-content\/uploads\/2026\/03\/COMPENDIO-TRIBUTARIO-Y-LABORAL-2026-EL-LIBRERO-1-768x1092.jpg 768w, https:\/\/bibliotecajuridicavirtual.cl\/wp-content\/uploads\/2026\/03\/COMPENDIO-TRIBUTARIO-Y-LABORAL-2026-EL-LIBRERO-1-1080x1536.jpg 1080w, https:\/\/bibliotecajuridicavirtual.cl\/wp-content\/uploads\/2026\/03\/COMPENDIO-TRIBUTARIO-Y-LABORAL-2026-EL-LIBRERO-1-1440x2048.jpg 1440w, https:\/\/bibliotecajuridicavirtual.cl\/wp-content\/uploads\/2026\/03\/COMPENDIO-TRIBUTARIO-Y-LABORAL-2026-EL-LIBRERO-1.jpg 1800w\" sizes=\"(max-width: 300px) 100vw, 300px\" \/><h2 class=\"woocommerce-loop-product__title\">Compendio Tributario y Laboral AT 2026  Versi\u00f3n Papel + Digital * Dr. Germ\u00e1n Pinto Perry \u2013 Ingrid Araya Mora *<\/h2>\n\t<span class=\"price\"><span class=\"woocommerce-Price-amount amount\"><bdi><span class=\"woocommerce-Price-currencySymbol\">&#36;<\/span>45.000<\/bdi><\/span><\/span>\n<\/a><a href=\"\/index.php\/wp-json\/wp\/v2\/pages\/4845?add-to-cart=5200\" aria-describedby=\"woocommerce_loop_add_to_cart_link_describedby_5200\" data-quantity=\"1\" class=\"button product_type_simple add_to_cart_button ajax_add_to_cart\" data-product_id=\"5200\" data-product_sku=\"978000010005\" aria-label=\"Agregar al carrito: &ldquo;Compendio Tributario y Laboral AT 2026  Versi\u00f3n Papel + Digital * Dr. Germ\u00e1n Pinto Perry \u2013 Ingrid Araya Mora *&rdquo;\" rel=\"nofollow\" data-success_message=\"&ldquo;Compendio Tributario y Laboral AT 2026  Versi\u00f3n Papel + Digital * Dr. Germ\u00e1n Pinto Perry \u2013 Ingrid Araya Mora *&rdquo; se ha a\u00f1adido a tu carro\" role=\"button\">Agregar al carrito<\/a>\t<span id=\"woocommerce_loop_add_to_cart_link_describedby_5200\" class=\"screen-reader-text\">\n\t\t\t<\/span>\n<\/li>\n<li class=\"product type-product post-4628 status-publish instock product_cat-tributario has-post-thumbnail shipping-taxable purchasable product-type-simple\">\n\t<a href=\"https:\/\/bibliotecajuridicavirtual.cl\/index.php\/product\/tributacion-en-la-reorganizaciones-empresariales-ano-2021-636-pag-autor-antonio-faundez-ugalde\/\" class=\"woocommerce-LoopProduct-link woocommerce-loop-product__link\"><img decoding=\"async\" width=\"300\" height=\"427\" src=\"https:\/\/bibliotecajuridicavirtual.cl\/wp-content\/uploads\/2026\/02\/TRIBUTACION-EN-LAS-REORGANIZACIONES-EMPRESARIALES-300x427.png\" class=\"attachment-woocommerce_thumbnail size-woocommerce_thumbnail\" alt=\"Tributaci\u00f3n en la Reorganizaciones Empresariales. A\u00f1o 2021\/636 P\u00e1g. Autor Antonio Fa\u00fandez Ugalde\" srcset=\"https:\/\/bibliotecajuridicavirtual.cl\/wp-content\/uploads\/2026\/02\/TRIBUTACION-EN-LAS-REORGANIZACIONES-EMPRESARIALES-300x427.png 300w, https:\/\/bibliotecajuridicavirtual.cl\/wp-content\/uploads\/2026\/02\/TRIBUTACION-EN-LAS-REORGANIZACIONES-EMPRESARIALES-64x91.png 64w, https:\/\/bibliotecajuridicavirtual.cl\/wp-content\/uploads\/2026\/02\/TRIBUTACION-EN-LAS-REORGANIZACIONES-EMPRESARIALES-211x300.png 211w, https:\/\/bibliotecajuridicavirtual.cl\/wp-content\/uploads\/2026\/02\/TRIBUTACION-EN-LAS-REORGANIZACIONES-EMPRESARIALES.png 473w\" sizes=\"(max-width: 300px) 100vw, 300px\" \/><h2 class=\"woocommerce-loop-product__title\">Tributaci\u00f3n en la Reorganizaciones Empresariales. A\u00f1o 2021\/636 P\u00e1g. Autor Antonio Fa\u00fandez Ugalde<\/h2>\n\t<span class=\"price\"><span class=\"woocommerce-Price-amount amount\"><bdi><span class=\"woocommerce-Price-currencySymbol\">&#36;<\/span>65.990<\/bdi><\/span><\/span>\n<\/a><a href=\"\/index.php\/wp-json\/wp\/v2\/pages\/4845?add-to-cart=4628\" aria-describedby=\"woocommerce_loop_add_to_cart_link_describedby_4628\" data-quantity=\"1\" class=\"button product_type_simple add_to_cart_button ajax_add_to_cart\" data-product_id=\"4628\" data-product_sku=\"9788413979144\" aria-label=\"Agregar al carrito: &ldquo;Tributaci\u00f3n en la Reorganizaciones Empresariales. A\u00f1o 2021\/636 P\u00e1g. Autor Antonio Fa\u00fandez Ugalde&rdquo;\" rel=\"nofollow\" data-success_message=\"&ldquo;Tributaci\u00f3n en la Reorganizaciones Empresariales. A\u00f1o 2021\/636 P\u00e1g. Autor Antonio Fa\u00fandez Ugalde&rdquo; se ha a\u00f1adido a tu carro\" role=\"button\">Agregar al carrito<\/a>\t<span id=\"woocommerce_loop_add_to_cart_link_describedby_4628\" class=\"screen-reader-text\">\n\t\t\t<\/span>\n<\/li>\n<li class=\"product type-product post-4510 status-publish instock product_cat-thomson-reuters product_cat-tributario has-post-thumbnail shipping-taxable purchasable product-type-simple\">\n\t<a href=\"https:\/\/bibliotecajuridicavirtual.cl\/index.php\/product\/la-tutela-judicial-efectiva-del-contribuyente-ano-2023-352-pag-autor-florencia-larrain-villanueva\/\" class=\"woocommerce-LoopProduct-link woocommerce-loop-product__link\"><img decoding=\"async\" width=\"300\" height=\"432\" src=\"https:\/\/bibliotecajuridicavirtual.cl\/wp-content\/uploads\/2026\/02\/LA-TUTELA-JUDICIAL-EFECTIVA-DEL-CONTRIBUYENTE-300x432.png\" class=\"attachment-woocommerce_thumbnail size-woocommerce_thumbnail\" alt=\"La Tutela Judicial - Efectiva del Contribuyente. A\u00f1o 2023\/352 P\u00e1g. Autor Florencia Larra\u00edn Villanueva\" srcset=\"https:\/\/bibliotecajuridicavirtual.cl\/wp-content\/uploads\/2026\/02\/LA-TUTELA-JUDICIAL-EFECTIVA-DEL-CONTRIBUYENTE-300x432.png 300w, https:\/\/bibliotecajuridicavirtual.cl\/wp-content\/uploads\/2026\/02\/LA-TUTELA-JUDICIAL-EFECTIVA-DEL-CONTRIBUYENTE-64x92.png 64w, https:\/\/bibliotecajuridicavirtual.cl\/wp-content\/uploads\/2026\/02\/LA-TUTELA-JUDICIAL-EFECTIVA-DEL-CONTRIBUYENTE-208x300.png 208w, https:\/\/bibliotecajuridicavirtual.cl\/wp-content\/uploads\/2026\/02\/LA-TUTELA-JUDICIAL-EFECTIVA-DEL-CONTRIBUYENTE.png 313w\" sizes=\"(max-width: 300px) 100vw, 300px\" \/><h2 class=\"woocommerce-loop-product__title\">La Tutela Judicial &#8211; Efectiva del Contribuyente. A\u00f1o 2023\/352 P\u00e1g. Autor Florencia Larra\u00edn Villanueva<\/h2>\n\t<span class=\"price\"><span class=\"woocommerce-Price-amount amount\"><bdi><span class=\"woocommerce-Price-currencySymbol\">&#36;<\/span>43.400<\/bdi><\/span><\/span>\n<\/a><a href=\"\/index.php\/wp-json\/wp\/v2\/pages\/4845?add-to-cart=4510\" aria-describedby=\"woocommerce_loop_add_to_cart_link_describedby_4510\" data-quantity=\"1\" class=\"button product_type_simple add_to_cart_button ajax_add_to_cart\" data-product_id=\"4510\" data-product_sku=\"9789564003436\" aria-label=\"Agregar al carrito: &ldquo;La Tutela Judicial - Efectiva del Contribuyente. A\u00f1o 2023\/352 P\u00e1g. Autor Florencia Larra\u00edn Villanueva&rdquo;\" rel=\"nofollow\" data-success_message=\"&ldquo;La Tutela Judicial - Efectiva del Contribuyente. A\u00f1o 2023\/352 P\u00e1g. Autor Florencia Larra\u00edn Villanueva&rdquo; se ha a\u00f1adido a tu carro\" role=\"button\">Agregar al carrito<\/a>\t<span id=\"woocommerce_loop_add_to_cart_link_describedby_4510\" class=\"screen-reader-text\">\n\t\t\t<\/span>\n<\/li>\n<li class=\"product type-product post-4374 status-publish last instock product_cat-thomson-reuters product_cat-tributario has-post-thumbnail shipping-taxable purchasable product-type-simple\">\n\t<a href=\"https:\/\/bibliotecajuridicavirtual.cl\/index.php\/product\/manual-de-codigo-tributario-13a-edicion-ano-2023-470-pag-autor-marcelo-matus-fuentes\/\" class=\"woocommerce-LoopProduct-link woocommerce-loop-product__link\"><img loading=\"lazy\" decoding=\"async\" width=\"300\" height=\"443\" src=\"https:\/\/bibliotecajuridicavirtual.cl\/wp-content\/uploads\/2026\/02\/MANUAL-DE-CODIGO-TRIBUTARIO-DECIMA-TERCERA-EDICION-300x443.png\" class=\"attachment-woocommerce_thumbnail size-woocommerce_thumbnail\" alt=\"Manual de C\u00f3digo Tributario -13A Edici\u00f3n. A\u00f1o 2023\/ 470 P\u00e1g. Autor Marcelo Matus Fuentes\" srcset=\"https:\/\/bibliotecajuridicavirtual.cl\/wp-content\/uploads\/2026\/02\/MANUAL-DE-CODIGO-TRIBUTARIO-DECIMA-TERCERA-EDICION-300x443.png 300w, https:\/\/bibliotecajuridicavirtual.cl\/wp-content\/uploads\/2026\/02\/MANUAL-DE-CODIGO-TRIBUTARIO-DECIMA-TERCERA-EDICION-64x95.png 64w, https:\/\/bibliotecajuridicavirtual.cl\/wp-content\/uploads\/2026\/02\/MANUAL-DE-CODIGO-TRIBUTARIO-DECIMA-TERCERA-EDICION-203x300.png 203w, https:\/\/bibliotecajuridicavirtual.cl\/wp-content\/uploads\/2026\/02\/MANUAL-DE-CODIGO-TRIBUTARIO-DECIMA-TERCERA-EDICION.png 339w\" sizes=\"(max-width: 300px) 100vw, 300px\" \/><h2 class=\"woocommerce-loop-product__title\">Manual de C\u00f3digo Tributario -13A Edici\u00f3n. A\u00f1o 2023\/ 470 P\u00e1g. Autor Marcelo Matus Fuentes<\/h2>\n\t<span class=\"price\"><span class=\"woocommerce-Price-amount amount\"><bdi><span class=\"woocommerce-Price-currencySymbol\">&#36;<\/span>59.900<\/bdi><\/span><\/span>\n<\/a><a href=\"\/index.php\/wp-json\/wp\/v2\/pages\/4845?add-to-cart=4374\" aria-describedby=\"woocommerce_loop_add_to_cart_link_describedby_4374\" data-quantity=\"1\" class=\"button product_type_simple add_to_cart_button ajax_add_to_cart\" data-product_id=\"4374\" data-product_sku=\"9789564003412\" aria-label=\"Agregar al carrito: &ldquo;Manual de C\u00f3digo Tributario -13A Edici\u00f3n. A\u00f1o 2023\/ 470 P\u00e1g. Autor Marcelo Matus Fuentes&rdquo;\" rel=\"nofollow\" data-success_message=\"&ldquo;Manual de C\u00f3digo Tributario -13A Edici\u00f3n. A\u00f1o 2023\/ 470 P\u00e1g. Autor Marcelo Matus Fuentes&rdquo; se ha a\u00f1adido a tu carro\" role=\"button\">Agregar al carrito<\/a>\t<span id=\"woocommerce_loop_add_to_cart_link_describedby_4374\" class=\"screen-reader-text\">\n\t\t\t<\/span>\n<\/li>\n<li class=\"product type-product post-4318 status-publish first instock product_cat-civil product_cat-tributario has-post-thumbnail shipping-taxable purchasable product-type-simple\">\n\t<a href=\"https:\/\/bibliotecajuridicavirtual.cl\/index.php\/product\/el-arbitraje-en-materia-tributaria-ano-2023-316-pag-autor-francisco-alfredo-garcia-prats-y-jose-carlos-pedrosa-lopez\/\" class=\"woocommerce-LoopProduct-link woocommerce-loop-product__link\"><img loading=\"lazy\" decoding=\"async\" width=\"300\" height=\"428\" src=\"https:\/\/bibliotecajuridicavirtual.cl\/wp-content\/uploads\/2026\/02\/EL-ARBITRAJE-EN-MATERIA-TRIBUTARIA-300x428.png\" class=\"attachment-woocommerce_thumbnail size-woocommerce_thumbnail\" alt=\"El Arbitraje en Materia Tributaria. A\u00f1o 2023\/316 P\u00e1g. Autor Francisco Alfredo Garcia Prats y Jose Carlos Pedrosa L\u00f3pez\" srcset=\"https:\/\/bibliotecajuridicavirtual.cl\/wp-content\/uploads\/2026\/02\/EL-ARBITRAJE-EN-MATERIA-TRIBUTARIA-300x428.png 300w, https:\/\/bibliotecajuridicavirtual.cl\/wp-content\/uploads\/2026\/02\/EL-ARBITRAJE-EN-MATERIA-TRIBUTARIA-64x91.png 64w, https:\/\/bibliotecajuridicavirtual.cl\/wp-content\/uploads\/2026\/02\/EL-ARBITRAJE-EN-MATERIA-TRIBUTARIA-210x300.png 210w, https:\/\/bibliotecajuridicavirtual.cl\/wp-content\/uploads\/2026\/02\/EL-ARBITRAJE-EN-MATERIA-TRIBUTARIA.png 473w\" sizes=\"(max-width: 300px) 100vw, 300px\" \/><h2 class=\"woocommerce-loop-product__title\">El Arbitraje en Materia Tributaria. A\u00f1o 2023\/316 P\u00e1g. Autor Francisco Alfredo Garcia Prats y Jose Carlos Pedrosa L\u00f3pez<\/h2>\n\t<span class=\"price\"><span class=\"woocommerce-Price-amount amount\"><bdi><span class=\"woocommerce-Price-currencySymbol\">&#36;<\/span>46.410<\/bdi><\/span><\/span>\n<\/a><a href=\"\/index.php\/wp-json\/wp\/v2\/pages\/4845?add-to-cart=4318\" aria-describedby=\"woocommerce_loop_add_to_cart_link_describedby_4318\" data-quantity=\"1\" class=\"button product_type_simple add_to_cart_button ajax_add_to_cart\" data-product_id=\"4318\" data-product_sku=\"9788411472715\" aria-label=\"Agregar al carrito: &ldquo;El Arbitraje en Materia Tributaria. A\u00f1o 2023\/316 P\u00e1g. Autor Francisco Alfredo Garcia Prats y Jose Carlos Pedrosa L\u00f3pez&rdquo;\" rel=\"nofollow\" data-success_message=\"&ldquo;El Arbitraje en Materia Tributaria. A\u00f1o 2023\/316 P\u00e1g. Autor Francisco Alfredo Garcia Prats y Jose Carlos Pedrosa L\u00f3pez&rdquo; se ha a\u00f1adido a tu carro\" role=\"button\">Agregar al carrito<\/a>\t<span id=\"woocommerce_loop_add_to_cart_link_describedby_4318\" class=\"screen-reader-text\">\n\t\t\t<\/span>\n<\/li>\n<li class=\"product type-product post-4317 status-publish instock product_cat-civil product_cat-tributario has-post-thumbnail shipping-taxable purchasable product-type-simple\">\n\t<a href=\"https:\/\/bibliotecajuridicavirtual.cl\/index.php\/product\/gps-fiscal-para-pymes-guia-profesional-2a-edicion-ano-2023-1280-pag-autor-domingo-carbajo-vasco\/\" class=\"woocommerce-LoopProduct-link woocommerce-loop-product__link\"><img loading=\"lazy\" decoding=\"async\" width=\"300\" height=\"422\" src=\"https:\/\/bibliotecajuridicavirtual.cl\/wp-content\/uploads\/2026\/02\/GPS-FISCAL-PARA-PYMES-300x422.png\" class=\"attachment-woocommerce_thumbnail size-woocommerce_thumbnail\" alt=\"GPS Fiscal para PYMES. Gu\u00eda Profesional 2\u00aa Edici\u00f3n. A\u00f1o 2023\/1280 P\u00e1g. Autor  Domingo Carbajo Vasco\" srcset=\"https:\/\/bibliotecajuridicavirtual.cl\/wp-content\/uploads\/2026\/02\/GPS-FISCAL-PARA-PYMES-300x422.png 300w, https:\/\/bibliotecajuridicavirtual.cl\/wp-content\/uploads\/2026\/02\/GPS-FISCAL-PARA-PYMES-64x90.png 64w, https:\/\/bibliotecajuridicavirtual.cl\/wp-content\/uploads\/2026\/02\/GPS-FISCAL-PARA-PYMES-213x300.png 213w, https:\/\/bibliotecajuridicavirtual.cl\/wp-content\/uploads\/2026\/02\/GPS-FISCAL-PARA-PYMES.png 470w\" sizes=\"(max-width: 300px) 100vw, 300px\" \/><h2 class=\"woocommerce-loop-product__title\">GPS Fiscal para PYMES. Gu\u00eda Profesional 2\u00aa Edici\u00f3n. A\u00f1o 2023\/1280 P\u00e1g. Autor  Domingo Carbajo Vasco<\/h2>\n\t<span class=\"price\"><span class=\"woocommerce-Price-amount amount\"><bdi><span class=\"woocommerce-Price-currencySymbol\">&#36;<\/span>135.517<\/bdi><\/span><\/span>\n<\/a><a href=\"\/index.php\/wp-json\/wp\/v2\/pages\/4845?add-to-cart=4317\" aria-describedby=\"woocommerce_loop_add_to_cart_link_describedby_4317\" data-quantity=\"1\" class=\"button product_type_simple add_to_cart_button ajax_add_to_cart\" data-product_id=\"4317\" data-product_sku=\"9788411478557\" aria-label=\"Agregar al carrito: &ldquo;GPS Fiscal para PYMES. Gu\u00eda Profesional 2\u00aa Edici\u00f3n. A\u00f1o 2023\/1280 P\u00e1g. Autor  Domingo Carbajo Vasco&rdquo;\" rel=\"nofollow\" data-success_message=\"&ldquo;GPS Fiscal para PYMES. Gu\u00eda Profesional 2\u00aa Edici\u00f3n. A\u00f1o 2023\/1280 P\u00e1g. Autor  Domingo Carbajo Vasco&rdquo; se ha a\u00f1adido a tu carro\" role=\"button\">Agregar al carrito<\/a>\t<span id=\"woocommerce_loop_add_to_cart_link_describedby_4317\" class=\"screen-reader-text\">\n\t\t\t<\/span>\n<\/li>\n<li class=\"product type-product post-4229 status-publish instock product_cat-codigos-de-la-republica-de-chile-ano-2024 product_cat-thomson-reuters product_cat-tributario has-post-thumbnail shipping-taxable purchasable product-type-simple\">\n\t<a href=\"https:\/\/bibliotecajuridicavirtual.cl\/index.php\/product\/codigo-tributario-vigesima-tercera-edicion-ano-2023-810-pag-autor-christian-aste-mejias\/\" class=\"woocommerce-LoopProduct-link woocommerce-loop-product__link\"><img loading=\"lazy\" decoding=\"async\" width=\"300\" height=\"413\" src=\"https:\/\/bibliotecajuridicavirtual.cl\/wp-content\/uploads\/2026\/02\/CODIGO-TRIBUTARIO-VIGESIMA-EDICION-300x413.png\" class=\"attachment-woocommerce_thumbnail size-woocommerce_thumbnail\" alt=\"C\u00f3digo Tributario- Vig\u00e9sima Tercera Edici\u00f3n. A\u00f1o 2023\/ 810 P\u00e1g. Autor Christian Aste Mej\u00edas\" srcset=\"https:\/\/bibliotecajuridicavirtual.cl\/wp-content\/uploads\/2026\/02\/CODIGO-TRIBUTARIO-VIGESIMA-EDICION-300x413.png 300w, https:\/\/bibliotecajuridicavirtual.cl\/wp-content\/uploads\/2026\/02\/CODIGO-TRIBUTARIO-VIGESIMA-EDICION-64x88.png 64w, https:\/\/bibliotecajuridicavirtual.cl\/wp-content\/uploads\/2026\/02\/CODIGO-TRIBUTARIO-VIGESIMA-EDICION-218x300.png 218w, https:\/\/bibliotecajuridicavirtual.cl\/wp-content\/uploads\/2026\/02\/CODIGO-TRIBUTARIO-VIGESIMA-EDICION.png 325w\" sizes=\"(max-width: 300px) 100vw, 300px\" \/><h2 class=\"woocommerce-loop-product__title\">C\u00f3digo Tributario- Vig\u00e9sima Tercera Edici\u00f3n. A\u00f1o 2023\/ 810 P\u00e1g. Autor Christian Aste Mej\u00edas<\/h2>\n\t<span class=\"price\"><span class=\"woocommerce-Price-amount amount\"><bdi><span class=\"woocommerce-Price-currencySymbol\">&#36;<\/span>34.455<\/bdi><\/span><\/span>\n<\/a><a href=\"\/index.php\/wp-json\/wp\/v2\/pages\/4845?add-to-cart=4229\" aria-describedby=\"woocommerce_loop_add_to_cart_link_describedby_4229\" data-quantity=\"1\" class=\"button product_type_simple add_to_cart_button ajax_add_to_cart\" data-product_id=\"4229\" data-product_sku=\"9789564003108\" aria-label=\"Agregar al carrito: &ldquo;C\u00f3digo Tributario- Vig\u00e9sima Tercera Edici\u00f3n. A\u00f1o 2023\/ 810 P\u00e1g. Autor Christian Aste Mej\u00edas&rdquo;\" rel=\"nofollow\" data-success_message=\"&ldquo;C\u00f3digo Tributario- Vig\u00e9sima Tercera Edici\u00f3n. A\u00f1o 2023\/ 810 P\u00e1g. Autor Christian Aste Mej\u00edas&rdquo; se ha a\u00f1adido a tu carro\" role=\"button\">Agregar al carrito<\/a>\t<span id=\"woocommerce_loop_add_to_cart_link_describedby_4229\" class=\"screen-reader-text\">\n\t\t\t<\/span>\n<\/li>\n<li class=\"product type-product post-4123 status-publish last instock product_cat-tributario has-post-thumbnail shipping-taxable purchasable product-type-simple\">\n\t<a href=\"https:\/\/bibliotecajuridicavirtual.cl\/index.php\/product\/la-norma-general-anti-elusion-analisis-desde-la-perspectiva-del-derecho-privado-ano-2016-284-pag-autor-cristian-boetsch\/\" class=\"woocommerce-LoopProduct-link woocommerce-loop-product__link\"><img loading=\"lazy\" decoding=\"async\" width=\"300\" height=\"408\" src=\"https:\/\/bibliotecajuridicavirtual.cl\/wp-content\/uploads\/2026\/02\/LA-NORMA-GENERAL-ANTI-ELUSION-300x408.png\" class=\"attachment-woocommerce_thumbnail size-woocommerce_thumbnail\" alt=\"LA NORMA GENERAL ANTI ELUSI\u00d3N. An\u00e1lisis desde la perspectiva del Derecho Privado. A\u00f1o 2016 \/ 284 P\u00e1g. Autor Cristi\u00e1n Boetsch\" srcset=\"https:\/\/bibliotecajuridicavirtual.cl\/wp-content\/uploads\/2026\/02\/LA-NORMA-GENERAL-ANTI-ELUSION-300x408.png 300w, https:\/\/bibliotecajuridicavirtual.cl\/wp-content\/uploads\/2026\/02\/LA-NORMA-GENERAL-ANTI-ELUSION-64x87.png 64w, https:\/\/bibliotecajuridicavirtual.cl\/wp-content\/uploads\/2026\/02\/LA-NORMA-GENERAL-ANTI-ELUSION-220x300.png 220w, https:\/\/bibliotecajuridicavirtual.cl\/wp-content\/uploads\/2026\/02\/LA-NORMA-GENERAL-ANTI-ELUSION.png 365w\" sizes=\"(max-width: 300px) 100vw, 300px\" \/><h2 class=\"woocommerce-loop-product__title\">LA NORMA GENERAL ANTI ELUSI\u00d3N. An\u00e1lisis desde la perspectiva del Derecho Privado. A\u00f1o 2016 \/ 284 P\u00e1g. Autor Cristi\u00e1n Boetsch<\/h2>\n\t<span class=\"price\"><span class=\"woocommerce-Price-amount amount\"><bdi><span class=\"woocommerce-Price-currencySymbol\">&#36;<\/span>21.600<\/bdi><\/span><\/span>\n<\/a><a href=\"\/index.php\/wp-json\/wp\/v2\/pages\/4845?add-to-cart=4123\" aria-describedby=\"woocommerce_loop_add_to_cart_link_describedby_4123\" data-quantity=\"1\" class=\"button product_type_simple add_to_cart_button ajax_add_to_cart\" data-product_id=\"4123\" data-product_sku=\"9789561419544\" aria-label=\"Agregar al carrito: &ldquo;LA NORMA GENERAL ANTI ELUSI\u00d3N. An\u00e1lisis desde la perspectiva del Derecho Privado. A\u00f1o 2016 \/ 284 P\u00e1g. Autor Cristi\u00e1n Boetsch&rdquo;\" rel=\"nofollow\" data-success_message=\"&ldquo;LA NORMA GENERAL ANTI ELUSI\u00d3N. An\u00e1lisis desde la perspectiva del Derecho Privado. A\u00f1o 2016 \/ 284 P\u00e1g. Autor Cristi\u00e1n Boetsch&rdquo; se ha a\u00f1adido a tu carro\" role=\"button\">Agregar al carrito<\/a>\t<span id=\"woocommerce_loop_add_to_cart_link_describedby_4123\" class=\"screen-reader-text\">\n\t\t\t<\/span>\n<\/li>\n<li class=\"product type-product post-4098 status-publish first instock product_cat-tributario has-post-thumbnail shipping-taxable purchasable product-type-simple\">\n\t<a href=\"https:\/\/bibliotecajuridicavirtual.cl\/index.php\/product\/juicio-ejecutivo-de-cobro-de-impuesto-territorial-ano-2018-318-pag-autor-fernando-ugarte-vial\/\" class=\"woocommerce-LoopProduct-link woocommerce-loop-product__link\"><img loading=\"lazy\" decoding=\"async\" width=\"283\" height=\"403\" src=\"https:\/\/bibliotecajuridicavirtual.cl\/wp-content\/uploads\/2026\/02\/JUICIO-EJECUTIVO-DE-COBRO-DE-IMPUESTO-TERRITORIAL.png\" class=\"attachment-woocommerce_thumbnail size-woocommerce_thumbnail\" alt=\"Juicio Ejecutivo de Cobro de Impuesto Territorial. A\u00f1o 2018\/ 318 P\u00e1g. Autor  Fernando Ugarte Vial\" srcset=\"https:\/\/bibliotecajuridicavirtual.cl\/wp-content\/uploads\/2026\/02\/JUICIO-EJECUTIVO-DE-COBRO-DE-IMPUESTO-TERRITORIAL.png 283w, https:\/\/bibliotecajuridicavirtual.cl\/wp-content\/uploads\/2026\/02\/JUICIO-EJECUTIVO-DE-COBRO-DE-IMPUESTO-TERRITORIAL-64x91.png 64w, https:\/\/bibliotecajuridicavirtual.cl\/wp-content\/uploads\/2026\/02\/JUICIO-EJECUTIVO-DE-COBRO-DE-IMPUESTO-TERRITORIAL-211x300.png 211w\" sizes=\"(max-width: 283px) 100vw, 283px\" \/><h2 class=\"woocommerce-loop-product__title\">Juicio Ejecutivo de Cobro de Impuesto Territorial. A\u00f1o 2018\/ 318 P\u00e1g. Autor  Fernando Ugarte Vial<\/h2>\n\t<span class=\"price\"><span class=\"woocommerce-Price-amount amount\"><bdi><span class=\"woocommerce-Price-currencySymbol\">&#36;<\/span>21.600<\/bdi><\/span><\/span>\n<\/a><a href=\"\/index.php\/wp-json\/wp\/v2\/pages\/4845?add-to-cart=4098\" aria-describedby=\"woocommerce_loop_add_to_cart_link_describedby_4098\" data-quantity=\"1\" class=\"button product_type_simple add_to_cart_button ajax_add_to_cart\" data-product_id=\"4098\" data-product_sku=\"9789561422575\" aria-label=\"Agregar al carrito: &ldquo;Juicio Ejecutivo de Cobro de Impuesto Territorial. A\u00f1o 2018\/ 318 P\u00e1g. Autor  Fernando Ugarte Vial&rdquo;\" rel=\"nofollow\" data-success_message=\"&ldquo;Juicio Ejecutivo de Cobro de Impuesto Territorial. A\u00f1o 2018\/ 318 P\u00e1g. Autor  Fernando Ugarte Vial&rdquo; se ha a\u00f1adido a tu carro\" role=\"button\">Agregar al carrito<\/a>\t<span id=\"woocommerce_loop_add_to_cart_link_describedby_4098\" class=\"screen-reader-text\">\n\t\t\t<\/span>\n<\/li>\n<li class=\"product type-product post-4050 status-publish instock product_cat-thomson-reuters product_cat-tributario has-post-thumbnail shipping-taxable purchasable product-type-simple\">\n\t<a href=\"https:\/\/bibliotecajuridicavirtual.cl\/index.php\/product\/curso-de-derecho-tributario-chileno-parte-general-y-parte-especial-2da-edicion-ano-2022-416-pag-autor-marcelo-matus-fuentes\/\" class=\"woocommerce-LoopProduct-link woocommerce-loop-product__link\"><img loading=\"lazy\" decoding=\"async\" width=\"300\" height=\"433\" src=\"https:\/\/bibliotecajuridicavirtual.cl\/wp-content\/uploads\/2026\/02\/CURSO-DE-DERECHO-TRIBUTARIO-CHILENO-300x433.png\" class=\"attachment-woocommerce_thumbnail size-woocommerce_thumbnail\" alt=\"Curso de Derecho Tributario Chileno. Parte General y Parte Especial 2da Edici\u00f3n . A\u00f1o 2022\/ 416 P\u00e1g. Autor Marcelo Matus Fuentes\" srcset=\"https:\/\/bibliotecajuridicavirtual.cl\/wp-content\/uploads\/2026\/02\/CURSO-DE-DERECHO-TRIBUTARIO-CHILENO-300x433.png 300w, https:\/\/bibliotecajuridicavirtual.cl\/wp-content\/uploads\/2026\/02\/CURSO-DE-DERECHO-TRIBUTARIO-CHILENO-64x92.png 64w, https:\/\/bibliotecajuridicavirtual.cl\/wp-content\/uploads\/2026\/02\/CURSO-DE-DERECHO-TRIBUTARIO-CHILENO-208x300.png 208w, https:\/\/bibliotecajuridicavirtual.cl\/wp-content\/uploads\/2026\/02\/CURSO-DE-DERECHO-TRIBUTARIO-CHILENO.png 315w\" sizes=\"(max-width: 300px) 100vw, 300px\" \/><h2 class=\"woocommerce-loop-product__title\">Curso de Derecho Tributario Chileno. Parte General y Parte Especial 2da Edici\u00f3n . A\u00f1o 2022\/ 416 P\u00e1g. Autor Marcelo Matus Fuentes<\/h2>\n\t<span class=\"price\"><span class=\"woocommerce-Price-amount amount\"><bdi><span class=\"woocommerce-Price-currencySymbol\">&#36;<\/span>58.310<\/bdi><\/span><\/span>\n<\/a><a href=\"\/index.php\/wp-json\/wp\/v2\/pages\/4845?add-to-cart=4050\" aria-describedby=\"woocommerce_loop_add_to_cart_link_describedby_4050\" data-quantity=\"1\" class=\"button product_type_simple add_to_cart_button ajax_add_to_cart\" data-product_id=\"4050\" data-product_sku=\"9789564002897\" aria-label=\"Agregar al carrito: &ldquo;Curso de Derecho Tributario Chileno. Parte General y Parte Especial 2da Edici\u00f3n . A\u00f1o 2022\/ 416 P\u00e1g. Autor Marcelo Matus Fuentes&rdquo;\" rel=\"nofollow\" data-success_message=\"&ldquo;Curso de Derecho Tributario Chileno. Parte General y Parte Especial 2da Edici\u00f3n . A\u00f1o 2022\/ 416 P\u00e1g. Autor Marcelo Matus Fuentes&rdquo; se ha a\u00f1adido a tu carro\" role=\"button\">Agregar al carrito<\/a>\t<span id=\"woocommerce_loop_add_to_cart_link_describedby_4050\" class=\"screen-reader-text\">\n\t\t\t<\/span>\n<\/li>\n<li class=\"product type-product post-4048 status-publish instock product_cat-thomson-reuters product_cat-tributario has-post-thumbnail shipping-taxable purchasable product-type-simple\">\n\t<a href=\"https:\/\/bibliotecajuridicavirtual.cl\/index.php\/product\/tributacion-de-expatriados-de-gestion-de-global-mobility-ano-2022-215-pag-autor-rodrigo-herrera-avila\/\" class=\"woocommerce-LoopProduct-link woocommerce-loop-product__link\"><img loading=\"lazy\" decoding=\"async\" width=\"300\" height=\"428\" src=\"https:\/\/bibliotecajuridicavirtual.cl\/wp-content\/uploads\/2026\/02\/TRIBUTACION-DE-EXPATRIADOS-300x428.png\" class=\"attachment-woocommerce_thumbnail size-woocommerce_thumbnail\" alt=\"Tributaci\u00f3n de Expatriados  de Gesti\u00f3n de - GLOBAL MOBILITY-. A\u00f1o 2022\/ 215 P\u00e1g. Autor Rodrigo Herrera \u00c1vila\" srcset=\"https:\/\/bibliotecajuridicavirtual.cl\/wp-content\/uploads\/2026\/02\/TRIBUTACION-DE-EXPATRIADOS-300x428.png 300w, https:\/\/bibliotecajuridicavirtual.cl\/wp-content\/uploads\/2026\/02\/TRIBUTACION-DE-EXPATRIADOS-64x91.png 64w, https:\/\/bibliotecajuridicavirtual.cl\/wp-content\/uploads\/2026\/02\/TRIBUTACION-DE-EXPATRIADOS-210x300.png 210w, https:\/\/bibliotecajuridicavirtual.cl\/wp-content\/uploads\/2026\/02\/TRIBUTACION-DE-EXPATRIADOS.png 313w\" sizes=\"(max-width: 300px) 100vw, 300px\" \/><h2 class=\"woocommerce-loop-product__title\">Tributaci\u00f3n de Expatriados  de Gesti\u00f3n de &#8211; GLOBAL MOBILITY-. A\u00f1o 2022\/ 215 P\u00e1g. Autor Rodrigo Herrera \u00c1vila<\/h2>\n\t<span class=\"price\"><span class=\"woocommerce-Price-amount amount\"><bdi><span class=\"woocommerce-Price-currencySymbol\">&#36;<\/span>40.460<\/bdi><\/span><\/span>\n<\/a><a href=\"\/index.php\/wp-json\/wp\/v2\/pages\/4845?add-to-cart=4048\" aria-describedby=\"woocommerce_loop_add_to_cart_link_describedby_4048\" data-quantity=\"1\" class=\"button product_type_simple add_to_cart_button ajax_add_to_cart\" data-product_id=\"4048\" data-product_sku=\"9789564003009\" aria-label=\"Agregar al carrito: &ldquo;Tributaci\u00f3n de Expatriados  de Gesti\u00f3n de - GLOBAL MOBILITY-. A\u00f1o 2022\/ 215 P\u00e1g. Autor Rodrigo Herrera \u00c1vila&rdquo;\" rel=\"nofollow\" data-success_message=\"&ldquo;Tributaci\u00f3n de Expatriados  de Gesti\u00f3n de - GLOBAL MOBILITY-. A\u00f1o 2022\/ 215 P\u00e1g. Autor Rodrigo Herrera \u00c1vila&rdquo; se ha a\u00f1adido a tu carro\" role=\"button\">Agregar al carrito<\/a>\t<span id=\"woocommerce_loop_add_to_cart_link_describedby_4048\" class=\"screen-reader-text\">\n\t\t\t<\/span>\n<\/li>\n<li class=\"product type-product post-4047 status-publish last instock product_cat-thomson-reuters product_cat-tributario has-post-thumbnail shipping-taxable purchasable product-type-simple\">\n\t<a href=\"https:\/\/bibliotecajuridicavirtual.cl\/index.php\/product\/franquicias-tributarias-para-zonas-extremas-territorios-especiales-ano-2022-340-pag-autor-anggie-flies-anon-y-christian-garcia-castillo\/\" class=\"woocommerce-LoopProduct-link woocommerce-loop-product__link\"><img loading=\"lazy\" decoding=\"async\" width=\"300\" height=\"449\" src=\"https:\/\/bibliotecajuridicavirtual.cl\/wp-content\/uploads\/2026\/02\/FRANQUICIAS-TRIBUTARIAS-300x449.png\" class=\"attachment-woocommerce_thumbnail size-woocommerce_thumbnail\" alt=\"Franquicias Tributarias para Zonas Extremas Territorios Especiales. A\u00f1o 2022\/ 340 P\u00e1g. Autor Anggie Flies A\u00f1\u00f3n y Christian Garc\u00eda Castillo\" srcset=\"https:\/\/bibliotecajuridicavirtual.cl\/wp-content\/uploads\/2026\/02\/FRANQUICIAS-TRIBUTARIAS-300x449.png 300w, https:\/\/bibliotecajuridicavirtual.cl\/wp-content\/uploads\/2026\/02\/FRANQUICIAS-TRIBUTARIAS-64x96.png 64w, https:\/\/bibliotecajuridicavirtual.cl\/wp-content\/uploads\/2026\/02\/FRANQUICIAS-TRIBUTARIAS-201x300.png 201w, https:\/\/bibliotecajuridicavirtual.cl\/wp-content\/uploads\/2026\/02\/FRANQUICIAS-TRIBUTARIAS.png 303w\" sizes=\"(max-width: 300px) 100vw, 300px\" \/><h2 class=\"woocommerce-loop-product__title\">Franquicias Tributarias para Zonas Extremas Territorios Especiales. A\u00f1o 2022\/ 340 P\u00e1g. Autor Anggie Flies A\u00f1\u00f3n y Christian Garc\u00eda Castillo<\/h2>\n\t<span class=\"price\"><span class=\"woocommerce-Price-amount amount\"><bdi><span class=\"woocommerce-Price-currencySymbol\">&#36;<\/span>58.310<\/bdi><\/span><\/span>\n<\/a><a href=\"\/index.php\/wp-json\/wp\/v2\/pages\/4845?add-to-cart=4047\" aria-describedby=\"woocommerce_loop_add_to_cart_link_describedby_4047\" data-quantity=\"1\" class=\"button product_type_simple add_to_cart_button ajax_add_to_cart\" data-product_id=\"4047\" data-product_sku=\"9789564002989\" aria-label=\"Agregar al carrito: &ldquo;Franquicias Tributarias para Zonas Extremas Territorios Especiales. A\u00f1o 2022\/ 340 P\u00e1g. Autor Anggie Flies A\u00f1\u00f3n y Christian Garc\u00eda Castillo&rdquo;\" rel=\"nofollow\" data-success_message=\"&ldquo;Franquicias Tributarias para Zonas Extremas Territorios Especiales. A\u00f1o 2022\/ 340 P\u00e1g. Autor Anggie Flies A\u00f1\u00f3n y Christian Garc\u00eda Castillo&rdquo; se ha a\u00f1adido a tu carro\" role=\"button\">Agregar al carrito<\/a>\t<span id=\"woocommerce_loop_add_to_cart_link_describedby_4047\" class=\"screen-reader-text\">\n\t\t\t<\/span>\n<\/li>\n<li class=\"product type-product post-4006 status-publish first instock product_cat-thomson-reuters product_cat-tributario has-post-thumbnail shipping-taxable purchasable product-type-simple\">\n\t<a href=\"https:\/\/bibliotecajuridicavirtual.cl\/index.php\/product\/buena-fe-y-responsabilidad-subjetiva-en-el-derecho-tributario-chileno-ano-2022-284-pag-autor-rafael-martinez-cohen\/\" class=\"woocommerce-LoopProduct-link woocommerce-loop-product__link\"><img loading=\"lazy\" decoding=\"async\" width=\"269\" height=\"385\" src=\"https:\/\/bibliotecajuridicavirtual.cl\/wp-content\/uploads\/2026\/02\/BUENA-FE-Y-RESPONSABILIDAD-SUBJETIVA.png\" class=\"attachment-woocommerce_thumbnail size-woocommerce_thumbnail\" alt=\"Buena Fe y Responsabilidad Subjetiva en el Derecho Tributario Chileno. A\u00f1o 2022\/ 284 P\u00e1g. Autor Rafael Mart\u00ednez Cohen\" srcset=\"https:\/\/bibliotecajuridicavirtual.cl\/wp-content\/uploads\/2026\/02\/BUENA-FE-Y-RESPONSABILIDAD-SUBJETIVA.png 269w, https:\/\/bibliotecajuridicavirtual.cl\/wp-content\/uploads\/2026\/02\/BUENA-FE-Y-RESPONSABILIDAD-SUBJETIVA-64x92.png 64w, https:\/\/bibliotecajuridicavirtual.cl\/wp-content\/uploads\/2026\/02\/BUENA-FE-Y-RESPONSABILIDAD-SUBJETIVA-210x300.png 210w\" sizes=\"(max-width: 269px) 100vw, 269px\" \/><h2 class=\"woocommerce-loop-product__title\">Buena Fe y Responsabilidad Subjetiva en el Derecho Tributario Chileno. A\u00f1o 2022\/ 284 P\u00e1g. Autor Rafael Mart\u00ednez Cohen<\/h2>\n\t<span class=\"price\"><span class=\"woocommerce-Price-amount amount\"><bdi><span class=\"woocommerce-Price-currencySymbol\">&#36;<\/span>45.800<\/bdi><\/span><\/span>\n<\/a><a href=\"\/index.php\/wp-json\/wp\/v2\/pages\/4845?add-to-cart=4006\" aria-describedby=\"woocommerce_loop_add_to_cart_link_describedby_4006\" data-quantity=\"1\" class=\"button product_type_simple add_to_cart_button ajax_add_to_cart\" data-product_id=\"4006\" data-product_sku=\"9789564008705\" aria-label=\"Agregar al carrito: &ldquo;Buena Fe y Responsabilidad Subjetiva en el Derecho Tributario Chileno. A\u00f1o 2022\/ 284 P\u00e1g. Autor Rafael Mart\u00ednez Cohen&rdquo;\" rel=\"nofollow\" data-success_message=\"&ldquo;Buena Fe y Responsabilidad Subjetiva en el Derecho Tributario Chileno. A\u00f1o 2022\/ 284 P\u00e1g. Autor Rafael Mart\u00ednez Cohen&rdquo; se ha a\u00f1adido a tu carro\" role=\"button\">Agregar al carrito<\/a>\t<span id=\"woocommerce_loop_add_to_cart_link_describedby_4006\" class=\"screen-reader-text\">\n\t\t\t<\/span>\n<\/li>\n<li class=\"product type-product post-3901 status-publish instock product_cat-tributario has-post-thumbnail shipping-taxable purchasable product-type-simple\">\n\t<a href=\"https:\/\/bibliotecajuridicavirtual.cl\/index.php\/product\/adaptacion-de-la-normativa-tributaria-a-las-nuevas-realidades-familiares-ano-2022-782-pag-autor-antonio-cubero-truyo-florian-garcia-berro-y-luis-toribio-bernardez\/\" class=\"woocommerce-LoopProduct-link woocommerce-loop-product__link\"><img loading=\"lazy\" decoding=\"async\" width=\"300\" height=\"421\" src=\"https:\/\/bibliotecajuridicavirtual.cl\/wp-content\/uploads\/2026\/02\/ADAPTACION-DE-LA-NORMATIVA-300x421.png\" class=\"attachment-woocommerce_thumbnail size-woocommerce_thumbnail\" alt=\"Adaptaci\u00f3n de la normativa tributaria a las nuevas realidades familiares. A\u00f1o 2022 \/ 782 P\u00e1g. Autor Antonio Cubero Truyo, Flori\u00e1n Garc\u00eda Berro y Luis Toribio Bern\u00e1rdez\" srcset=\"https:\/\/bibliotecajuridicavirtual.cl\/wp-content\/uploads\/2026\/02\/ADAPTACION-DE-LA-NORMATIVA-300x421.png 300w, https:\/\/bibliotecajuridicavirtual.cl\/wp-content\/uploads\/2026\/02\/ADAPTACION-DE-LA-NORMATIVA-64x90.png 64w, https:\/\/bibliotecajuridicavirtual.cl\/wp-content\/uploads\/2026\/02\/ADAPTACION-DE-LA-NORMATIVA-214x300.png 214w, https:\/\/bibliotecajuridicavirtual.cl\/wp-content\/uploads\/2026\/02\/ADAPTACION-DE-LA-NORMATIVA.png 477w\" sizes=\"(max-width: 300px) 100vw, 300px\" \/><h2 class=\"woocommerce-loop-product__title\">Adaptaci\u00f3n de la normativa tributaria a las nuevas realidades familiares. A\u00f1o 2022 \/ 782 P\u00e1g. Autor Antonio Cubero Truyo, Flori\u00e1n Garc\u00eda Berro y Luis Toribio Bern\u00e1rdez<\/h2>\n\t<span class=\"price\"><span class=\"woocommerce-Price-amount amount\"><bdi><span class=\"woocommerce-Price-currencySymbol\">&#36;<\/span>109.837<\/bdi><\/span><\/span>\n<\/a><a href=\"\/index.php\/wp-json\/wp\/v2\/pages\/4845?add-to-cart=3901\" aria-describedby=\"woocommerce_loop_add_to_cart_link_describedby_3901\" data-quantity=\"1\" class=\"button product_type_simple add_to_cart_button ajax_add_to_cart\" data-product_id=\"3901\" data-product_sku=\"9788411470223\" aria-label=\"Agregar al carrito: &ldquo;Adaptaci\u00f3n de la normativa tributaria a las nuevas realidades familiares. A\u00f1o 2022 \/ 782 P\u00e1g. Autor Antonio Cubero Truyo, Flori\u00e1n Garc\u00eda Berro y Luis Toribio Bern\u00e1rdez&rdquo;\" rel=\"nofollow\" data-success_message=\"&ldquo;Adaptaci\u00f3n de la normativa tributaria a las nuevas realidades familiares. A\u00f1o 2022 \/ 782 P\u00e1g. Autor Antonio Cubero Truyo, Flori\u00e1n Garc\u00eda Berro y Luis Toribio Bern\u00e1rdez&rdquo; se ha a\u00f1adido a tu carro\" role=\"button\">Agregar al carrito<\/a>\t<span id=\"woocommerce_loop_add_to_cart_link_describedby_3901\" class=\"screen-reader-text\">\n\t\t\t<\/span>\n<\/li>\n<li class=\"product type-product post-3898 status-publish instock product_cat-tributario has-post-thumbnail shipping-taxable purchasable product-type-simple\">\n\t<a href=\"https:\/\/bibliotecajuridicavirtual.cl\/index.php\/product\/litigacion-tributaria-y-proteccion-de-los-derechos-de-los-contribuyentes-ano-2023-322-pag-autor-jose-manuel-almudi-cid-y-miguel-angel-martinez-lago\/\" class=\"woocommerce-LoopProduct-link woocommerce-loop-product__link\"><img loading=\"lazy\" decoding=\"async\" width=\"300\" height=\"431\" src=\"https:\/\/bibliotecajuridicavirtual.cl\/wp-content\/uploads\/2026\/02\/LITIGACION-TRIBUTARIA-300x431.png\" class=\"attachment-woocommerce_thumbnail size-woocommerce_thumbnail\" alt=\"Litigaci\u00f3n tributaria y protecci\u00f3n de los derechos de los contribuyentes. A\u00f1o 2023\/ 322 P\u00e1g. Autor Jos\u00e9 Manuel Almud\u00ed Cid y Miguel \u00c1ngel Mart\u00ednez Lago\" srcset=\"https:\/\/bibliotecajuridicavirtual.cl\/wp-content\/uploads\/2026\/02\/LITIGACION-TRIBUTARIA-300x431.png 300w, https:\/\/bibliotecajuridicavirtual.cl\/wp-content\/uploads\/2026\/02\/LITIGACION-TRIBUTARIA-64x92.png 64w, https:\/\/bibliotecajuridicavirtual.cl\/wp-content\/uploads\/2026\/02\/LITIGACION-TRIBUTARIA-209x300.png 209w, https:\/\/bibliotecajuridicavirtual.cl\/wp-content\/uploads\/2026\/02\/LITIGACION-TRIBUTARIA.png 473w\" sizes=\"(max-width: 300px) 100vw, 300px\" \/><h2 class=\"woocommerce-loop-product__title\">Litigaci\u00f3n tributaria y protecci\u00f3n de los derechos de los contribuyentes. A\u00f1o 2023\/ 322 P\u00e1g. Autor Jos\u00e9 Manuel Almud\u00ed Cid y Miguel \u00c1ngel Mart\u00ednez Lago<\/h2>\n\t<span class=\"price\"><span class=\"woocommerce-Price-amount amount\"><bdi><span class=\"woocommerce-Price-currencySymbol\">&#36;<\/span>47.957<\/bdi><\/span><\/span>\n<\/a><a href=\"\/index.php\/wp-json\/wp\/v2\/pages\/4845?add-to-cart=3898\" aria-describedby=\"woocommerce_loop_add_to_cart_link_describedby_3898\" data-quantity=\"1\" class=\"button product_type_simple add_to_cart_button ajax_add_to_cart\" data-product_id=\"3898\" data-product_sku=\"9788411306911\" aria-label=\"Agregar al carrito: &ldquo;Litigaci\u00f3n tributaria y protecci\u00f3n de los derechos de los contribuyentes. A\u00f1o 2023\/ 322 P\u00e1g. Autor Jos\u00e9 Manuel Almud\u00ed Cid y Miguel \u00c1ngel Mart\u00ednez Lago&rdquo;\" rel=\"nofollow\" data-success_message=\"&ldquo;Litigaci\u00f3n tributaria y protecci\u00f3n de los derechos de los contribuyentes. A\u00f1o 2023\/ 322 P\u00e1g. Autor Jos\u00e9 Manuel Almud\u00ed Cid y Miguel \u00c1ngel Mart\u00ednez Lago&rdquo; se ha a\u00f1adido a tu carro\" role=\"button\">Agregar al carrito<\/a>\t<span id=\"woocommerce_loop_add_to_cart_link_describedby_3898\" class=\"screen-reader-text\">\n\t\t\t<\/span>\n<\/li>\n<li class=\"product type-product post-3811 status-publish last instock product_cat-tributario has-post-thumbnail shipping-taxable purchasable product-type-simple\">\n\t<a href=\"https:\/\/bibliotecajuridicavirtual.cl\/index.php\/product\/normas-generales-antielusion-y-su-sancion-en-el-derecho-chileno-500-pag-autor-maria-pilar-navarro-schiappacasse\/\" class=\"woocommerce-LoopProduct-link woocommerce-loop-product__link\"><img loading=\"lazy\" decoding=\"async\" width=\"300\" height=\"431\" src=\"https:\/\/bibliotecajuridicavirtual.cl\/wp-content\/uploads\/2026\/02\/NORMAS-GENERALES-DE-ANTILUSION-300x431.png\" class=\"attachment-woocommerce_thumbnail size-woocommerce_thumbnail\" alt=\"Normas generales Antielusi\u00f3n y su sanci\u00f3n en el Derecho Chileno \/ 500 P\u00e1g. Autor  Mar\u00eda Pilar Navarro Schiappacasse\" srcset=\"https:\/\/bibliotecajuridicavirtual.cl\/wp-content\/uploads\/2026\/02\/NORMAS-GENERALES-DE-ANTILUSION-300x431.png 300w, https:\/\/bibliotecajuridicavirtual.cl\/wp-content\/uploads\/2026\/02\/NORMAS-GENERALES-DE-ANTILUSION-64x92.png 64w, https:\/\/bibliotecajuridicavirtual.cl\/wp-content\/uploads\/2026\/02\/NORMAS-GENERALES-DE-ANTILUSION-209x300.png 209w, https:\/\/bibliotecajuridicavirtual.cl\/wp-content\/uploads\/2026\/02\/NORMAS-GENERALES-DE-ANTILUSION.png 325w\" sizes=\"(max-width: 300px) 100vw, 300px\" \/><h2 class=\"woocommerce-loop-product__title\">Normas generales Antielusi\u00f3n y su sanci\u00f3n en el Derecho Chileno \/ 500 P\u00e1g. Autor  Mar\u00eda Pilar Navarro Schiappacasse<\/h2>\n\t<span class=\"price\"><span class=\"woocommerce-Price-amount amount\"><bdi><span class=\"woocommerce-Price-currencySymbol\">&#36;<\/span>36.990<\/bdi><\/span><\/span>\n<\/a><a href=\"\/index.php\/wp-json\/wp\/v2\/pages\/4845?add-to-cart=3811\" aria-describedby=\"woocommerce_loop_add_to_cart_link_describedby_3811\" data-quantity=\"1\" class=\"button product_type_simple add_to_cart_button ajax_add_to_cart\" data-product_id=\"3811\" data-product_sku=\"9788413782621\" aria-label=\"Agregar al carrito: &ldquo;Normas generales Antielusi\u00f3n y su sanci\u00f3n en el Derecho Chileno \/ 500 P\u00e1g. Autor  Mar\u00eda Pilar Navarro Schiappacasse&rdquo;\" rel=\"nofollow\" data-success_message=\"&ldquo;Normas generales Antielusi\u00f3n y su sanci\u00f3n en el Derecho Chileno \/ 500 P\u00e1g. Autor  Mar\u00eda Pilar Navarro Schiappacasse&rdquo; se ha a\u00f1adido a tu carro\" role=\"button\">Agregar al carrito<\/a>\t<span id=\"woocommerce_loop_add_to_cart_link_describedby_3811\" class=\"screen-reader-text\">\n\t\t\t<\/span>\n<\/li>\n<li class=\"product type-product post-3559 status-publish first instock product_cat-tributario has-post-thumbnail shipping-taxable purchasable product-type-simple\">\n\t<a href=\"https:\/\/bibliotecajuridicavirtual.cl\/index.php\/product\/compendio-y-precedentes-jurisprudenciales-ley-sobre-impuesto-a-la-renta-ley-sobre-impuesto-a-las-ventas-y-servicios-ano-mayo-2025-694-pag\/\" class=\"woocommerce-LoopProduct-link woocommerce-loop-product__link\"><img loading=\"lazy\" decoding=\"async\" width=\"300\" height=\"388\" src=\"https:\/\/bibliotecajuridicavirtual.cl\/wp-content\/uploads\/2026\/02\/COMPENDIO-Y-PRECEDENTES-2025-300x388.jpg\" class=\"attachment-woocommerce_thumbnail size-woocommerce_thumbnail\" alt=\"Compendio y Precedentes Jurisprudenciales. Ley Sobre Impuesto a la Renta. Ley Sobre Impuesto a las Ventas y Servicios * A\u00f1o Mayo 2025 - 694 P\u00e1g.\" srcset=\"https:\/\/bibliotecajuridicavirtual.cl\/wp-content\/uploads\/2026\/02\/COMPENDIO-Y-PRECEDENTES-2025-300x388.jpg 300w, https:\/\/bibliotecajuridicavirtual.cl\/wp-content\/uploads\/2026\/02\/COMPENDIO-Y-PRECEDENTES-2025-600x776.jpg 600w, https:\/\/bibliotecajuridicavirtual.cl\/wp-content\/uploads\/2026\/02\/COMPENDIO-Y-PRECEDENTES-2025-64x83.jpg 64w, https:\/\/bibliotecajuridicavirtual.cl\/wp-content\/uploads\/2026\/02\/COMPENDIO-Y-PRECEDENTES-2025-232x300.jpg 232w, https:\/\/bibliotecajuridicavirtual.cl\/wp-content\/uploads\/2026\/02\/COMPENDIO-Y-PRECEDENTES-2025-792x1024.jpg 792w, https:\/\/bibliotecajuridicavirtual.cl\/wp-content\/uploads\/2026\/02\/COMPENDIO-Y-PRECEDENTES-2025-768x993.jpg 768w, https:\/\/bibliotecajuridicavirtual.cl\/wp-content\/uploads\/2026\/02\/COMPENDIO-Y-PRECEDENTES-2025.jpg 1100w\" sizes=\"(max-width: 300px) 100vw, 300px\" \/><h2 class=\"woocommerce-loop-product__title\">Compendio y Precedentes Jurisprudenciales. Ley Sobre Impuesto a la Renta. Ley Sobre Impuesto a las Ventas y Servicios * A\u00f1o Mayo 2025 &#8211; 694 P\u00e1g.<\/h2>\n\t<span class=\"price\"><span class=\"woocommerce-Price-amount amount\"><bdi><span class=\"woocommerce-Price-currencySymbol\">&#36;<\/span>49.900<\/bdi><\/span><\/span>\n<\/a><a href=\"\/index.php\/wp-json\/wp\/v2\/pages\/4845?add-to-cart=3559\" aria-describedby=\"woocommerce_loop_add_to_cart_link_describedby_3559\" data-quantity=\"1\" class=\"button product_type_simple add_to_cart_button ajax_add_to_cart\" data-product_id=\"3559\" data-product_sku=\"9791370101848\" aria-label=\"Agregar al carrito: &ldquo;Compendio y Precedentes Jurisprudenciales. Ley Sobre Impuesto a la Renta. Ley Sobre Impuesto a las Ventas y Servicios * A\u00f1o Mayo 2025 - 694 P\u00e1g.&rdquo;\" rel=\"nofollow\" data-success_message=\"&ldquo;Compendio y Precedentes Jurisprudenciales. Ley Sobre Impuesto a la Renta. Ley Sobre Impuesto a las Ventas y Servicios * A\u00f1o Mayo 2025 - 694 P\u00e1g.&rdquo; se ha a\u00f1adido a tu carro\" role=\"button\">Agregar al carrito<\/a>\t<span id=\"woocommerce_loop_add_to_cart_link_describedby_3559\" class=\"screen-reader-text\">\n\t\t\t<\/span>\n<\/li>\n<li class=\"product type-product post-3510 status-publish instock product_cat-tributario has-post-thumbnail shipping-taxable purchasable product-type-simple\">\n\t<a href=\"https:\/\/bibliotecajuridicavirtual.cl\/index.php\/product\/elusion-fiscal-y-otros-temas-de-actualidad-tributaria-ano-mayo-2024-196-pag-autor-patricia-toledo-zuniga\/\" class=\"woocommerce-LoopProduct-link woocommerce-loop-product__link\"><img loading=\"lazy\" decoding=\"async\" width=\"300\" height=\"430\" src=\"https:\/\/bibliotecajuridicavirtual.cl\/wp-content\/uploads\/2026\/02\/ELUSION-FISCAL-Y-OTROS-TEMAS-300x430.png\" class=\"attachment-woocommerce_thumbnail size-woocommerce_thumbnail\" alt=\"Elusi\u00f3n Fiscal y otros temas de actualidad tributaria. A\u00f1o Mayo 2024\/ 196 P\u00e1g. Autor Patricia Toledo Z\u00fa\u00f1iga\" srcset=\"https:\/\/bibliotecajuridicavirtual.cl\/wp-content\/uploads\/2026\/02\/ELUSION-FISCAL-Y-OTROS-TEMAS-300x430.png 300w, https:\/\/bibliotecajuridicavirtual.cl\/wp-content\/uploads\/2026\/02\/ELUSION-FISCAL-Y-OTROS-TEMAS-64x92.png 64w, https:\/\/bibliotecajuridicavirtual.cl\/wp-content\/uploads\/2026\/02\/ELUSION-FISCAL-Y-OTROS-TEMAS-209x300.png 209w, https:\/\/bibliotecajuridicavirtual.cl\/wp-content\/uploads\/2026\/02\/ELUSION-FISCAL-Y-OTROS-TEMAS.png 360w\" sizes=\"(max-width: 300px) 100vw, 300px\" \/><h2 class=\"woocommerce-loop-product__title\">Elusi\u00f3n Fiscal y otros temas de actualidad tributaria. A\u00f1o Mayo 2024\/ 196 P\u00e1g. Autor Patricia Toledo Z\u00fa\u00f1iga<\/h2>\n\t<span class=\"price\"><span class=\"woocommerce-Price-amount amount\"><bdi><span class=\"woocommerce-Price-currencySymbol\">&#36;<\/span>25.990<\/bdi><\/span><\/span>\n<\/a><a href=\"\/index.php\/wp-json\/wp\/v2\/pages\/4845?add-to-cart=3510\" aria-describedby=\"woocommerce_loop_add_to_cart_link_describedby_3510\" data-quantity=\"1\" class=\"button product_type_simple add_to_cart_button ajax_add_to_cart\" data-product_id=\"3510\" data-product_sku=\"9788411699815\" aria-label=\"Agregar al carrito: &ldquo;Elusi\u00f3n Fiscal y otros temas de actualidad tributaria. A\u00f1o Mayo 2024\/ 196 P\u00e1g. Autor Patricia Toledo Z\u00fa\u00f1iga&rdquo;\" rel=\"nofollow\" data-success_message=\"&ldquo;Elusi\u00f3n Fiscal y otros temas de actualidad tributaria. A\u00f1o Mayo 2024\/ 196 P\u00e1g. Autor Patricia Toledo Z\u00fa\u00f1iga&rdquo; se ha a\u00f1adido a tu carro\" role=\"button\">Agregar al carrito<\/a>\t<span id=\"woocommerce_loop_add_to_cart_link_describedby_3510\" class=\"screen-reader-text\">\n\t\t\t<\/span>\n<\/li>\n<li class=\"product type-product post-3394 status-publish instock product_cat-codigos-de-la-republica-de-chile-ano-2026 product_cat-tributario has-post-thumbnail shipping-taxable purchasable product-type-simple\">\n\t<a href=\"https:\/\/bibliotecajuridicavirtual.cl\/index.php\/product\/codigo-del-trabajo-de-chile-4a-edicion-con-apendice-legislativo-alfredo-sierra-herrero-francisco-vallejo-cardenas-indices-tematico-y-analitico-febrero-ano-2025-436-pag\/\" class=\"woocommerce-LoopProduct-link woocommerce-loop-product__link\"><img loading=\"lazy\" decoding=\"async\" width=\"300\" height=\"357\" src=\"https:\/\/bibliotecajuridicavirtual.cl\/wp-content\/uploads\/2026\/02\/Mesa-de-trabajo-1-300x357.webp\" class=\"attachment-woocommerce_thumbnail size-woocommerce_thumbnail\" alt=\"C\u00f3digo del Trabajo de Chile 5\u00aa Edici\u00f3n con ap\u00e9ndice legislativo * Alfredo Sierra Herrero Francisco Vallejo C\u00e1rdenas\" srcset=\"https:\/\/bibliotecajuridicavirtual.cl\/wp-content\/uploads\/2026\/02\/Mesa-de-trabajo-1-300x357.webp 300w, https:\/\/bibliotecajuridicavirtual.cl\/wp-content\/uploads\/2026\/02\/Mesa-de-trabajo-1-252x300.webp 252w, https:\/\/bibliotecajuridicavirtual.cl\/wp-content\/uploads\/2026\/02\/Mesa-de-trabajo-1-768x914.webp 768w, https:\/\/bibliotecajuridicavirtual.cl\/wp-content\/uploads\/2026\/02\/Mesa-de-trabajo-1-600x714.webp 600w, https:\/\/bibliotecajuridicavirtual.cl\/wp-content\/uploads\/2026\/02\/Mesa-de-trabajo-1-64x76.webp 64w, https:\/\/bibliotecajuridicavirtual.cl\/wp-content\/uploads\/2026\/02\/Mesa-de-trabajo-1.webp 840w\" sizes=\"(max-width: 300px) 100vw, 300px\" \/><h2 class=\"woocommerce-loop-product__title\">C\u00f3digo del Trabajo de Chile 5\u00aa Edici\u00f3n con ap\u00e9ndice legislativo * Alfredo Sierra Herrero Francisco Vallejo C\u00e1rdenas<\/h2>\n\t<span class=\"price\"><span class=\"woocommerce-Price-amount amount\"><bdi><span class=\"woocommerce-Price-currencySymbol\">&#36;<\/span>32.000<\/bdi><\/span><\/span>\n<\/a><a href=\"\/index.php\/wp-json\/wp\/v2\/pages\/4845?add-to-cart=3394\" aria-describedby=\"woocommerce_loop_add_to_cart_link_describedby_3394\" data-quantity=\"1\" class=\"button product_type_simple add_to_cart_button ajax_add_to_cart\" data-product_id=\"3394\" data-product_sku=\"9788411303156\" aria-label=\"Agregar al carrito: &ldquo;C\u00f3digo del Trabajo de Chile 5\u00aa Edici\u00f3n con ap\u00e9ndice legislativo * Alfredo Sierra Herrero Francisco Vallejo C\u00e1rdenas&rdquo;\" rel=\"nofollow\" data-success_message=\"&ldquo;C\u00f3digo del Trabajo de Chile 5\u00aa Edici\u00f3n con ap\u00e9ndice legislativo * Alfredo Sierra Herrero Francisco Vallejo C\u00e1rdenas&rdquo; se ha a\u00f1adido a tu carro\" role=\"button\">Agregar al carrito<\/a>\t<span id=\"woocommerce_loop_add_to_cart_link_describedby_3394\" class=\"screen-reader-text\">\n\t\t\t<\/span>\n<\/li>\n<li class=\"product type-product post-3393 status-publish last instock product_cat-codigos-de-la-republica-de-chile-ano-2025 product_cat-tributario has-post-thumbnail shipping-taxable purchasable product-type-simple\">\n\t<a href=\"https:\/\/bibliotecajuridicavirtual.cl\/index.php\/product\/codigo-tributario-de-chile-2025-alvaro-magasich-airola-anillado-edicion-con-apendice-legislativo-indice-analitico-538-pag\/\" class=\"woocommerce-LoopProduct-link woocommerce-loop-product__link\"><img loading=\"lazy\" decoding=\"async\" width=\"180\" height=\"215\" src=\"https:\/\/bibliotecajuridicavirtual.cl\/wp-content\/uploads\/2026\/02\/CODIGO-TRIBUTARIO-ANO-2025-ANILLO-TIRANT.webp\" class=\"attachment-woocommerce_thumbnail size-woocommerce_thumbnail\" alt=\"C\u00f3digo Tributario de Chile 2025 * \u00c1lvaro Magasich Airola - Anillado, edici\u00f3n con ap\u00e9ndice legislativo. \u00cdndice anal\u00edtico - 538 P\u00e1g.\" srcset=\"https:\/\/bibliotecajuridicavirtual.cl\/wp-content\/uploads\/2026\/02\/CODIGO-TRIBUTARIO-ANO-2025-ANILLO-TIRANT.webp 180w, https:\/\/bibliotecajuridicavirtual.cl\/wp-content\/uploads\/2026\/02\/CODIGO-TRIBUTARIO-ANO-2025-ANILLO-TIRANT-64x76.webp 64w\" sizes=\"(max-width: 180px) 100vw, 180px\" \/><h2 class=\"woocommerce-loop-product__title\">C\u00f3digo Tributario de Chile 2025 * \u00c1lvaro Magasich Airola &#8211; Anillado, edici\u00f3n con ap\u00e9ndice legislativo. \u00cdndice anal\u00edtico &#8211; 538 P\u00e1g.<\/h2>\n\t<span class=\"price\"><span class=\"woocommerce-Price-amount amount\"><bdi><span class=\"woocommerce-Price-currencySymbol\">&#36;<\/span>29.000<\/bdi><\/span><\/span>\n<\/a><a href=\"\/index.php\/wp-json\/wp\/v2\/pages\/4845?add-to-cart=3393\" aria-describedby=\"woocommerce_loop_add_to_cart_link_describedby_3393\" data-quantity=\"1\" class=\"button product_type_simple add_to_cart_button ajax_add_to_cart\" data-product_id=\"3393\" data-product_sku=\"9788410566484\" aria-label=\"Agregar al carrito: &ldquo;C\u00f3digo Tributario de Chile 2025 * \u00c1lvaro Magasich Airola - Anillado, edici\u00f3n con ap\u00e9ndice legislativo. \u00cdndice anal\u00edtico - 538 P\u00e1g.&rdquo;\" rel=\"nofollow\" data-success_message=\"&ldquo;C\u00f3digo Tributario de Chile 2025 * \u00c1lvaro Magasich Airola - Anillado, edici\u00f3n con ap\u00e9ndice legislativo. \u00cdndice anal\u00edtico - 538 P\u00e1g.&rdquo; se ha a\u00f1adido a tu carro\" role=\"button\">Agregar al carrito<\/a>\t<span id=\"woocommerce_loop_add_to_cart_link_describedby_3393\" class=\"screen-reader-text\">\n\t\t\t<\/span>\n<\/li>\n<li class=\"product type-product post-3368 status-publish first instock product_cat-tributario has-post-thumbnail shipping-taxable purchasable product-type-simple\">\n\t<a href=\"https:\/\/bibliotecajuridicavirtual.cl\/index.php\/product\/curso-sobre-delitos-e-infracciones-tributarias-4ta-edicion-ano-marzo-2024-294-pag-autor-rodrigo-ugalde-prieto-y-jaime-garcia-escobar\/\" class=\"woocommerce-LoopProduct-link woocommerce-loop-product__link\"><img loading=\"lazy\" decoding=\"async\" width=\"300\" height=\"416\" src=\"https:\/\/bibliotecajuridicavirtual.cl\/wp-content\/uploads\/2026\/02\/CURSO-SOBRE-DELITOS-E-INFRACCIONES-TRIBUTARIAS-300x416.png\" class=\"attachment-woocommerce_thumbnail size-woocommerce_thumbnail\" alt=\"Curso sobre Delitos e Infracciones Tributarias - 4ta Edici\u00f3n. A\u00f1o Marzo 2024 \/ 294 P\u00e1g. Autor Rodrigo Ugalde Prieto y Jaime Garc\u00eda Escobar\" srcset=\"https:\/\/bibliotecajuridicavirtual.cl\/wp-content\/uploads\/2026\/02\/CURSO-SOBRE-DELITOS-E-INFRACCIONES-TRIBUTARIAS-300x416.png 300w, https:\/\/bibliotecajuridicavirtual.cl\/wp-content\/uploads\/2026\/02\/CURSO-SOBRE-DELITOS-E-INFRACCIONES-TRIBUTARIAS-600x832.png 600w, https:\/\/bibliotecajuridicavirtual.cl\/wp-content\/uploads\/2026\/02\/CURSO-SOBRE-DELITOS-E-INFRACCIONES-TRIBUTARIAS-64x89.png 64w, https:\/\/bibliotecajuridicavirtual.cl\/wp-content\/uploads\/2026\/02\/CURSO-SOBRE-DELITOS-E-INFRACCIONES-TRIBUTARIAS-216x300.png 216w, https:\/\/bibliotecajuridicavirtual.cl\/wp-content\/uploads\/2026\/02\/CURSO-SOBRE-DELITOS-E-INFRACCIONES-TRIBUTARIAS.png 663w\" sizes=\"(max-width: 300px) 100vw, 300px\" \/><h2 class=\"woocommerce-loop-product__title\">Curso sobre Delitos e Infracciones Tributarias &#8211; 4ta Edici\u00f3n. A\u00f1o Marzo 2024 \/ 294 P\u00e1g. Autor Rodrigo Ugalde Prieto y Jaime Garc\u00eda Escobar<\/h2>\n\t<span class=\"price\"><span class=\"woocommerce-Price-amount amount\"><bdi><span class=\"woocommerce-Price-currencySymbol\">&#36;<\/span>35.700<\/bdi><\/span><\/span>\n<\/a><a href=\"\/index.php\/wp-json\/wp\/v2\/pages\/4845?add-to-cart=3368\" aria-describedby=\"woocommerce_loop_add_to_cart_link_describedby_3368\" data-quantity=\"1\" class=\"button product_type_simple add_to_cart_button ajax_add_to_cart\" data-product_id=\"3368\" data-product_sku=\"9789566235692\" aria-label=\"Agregar al carrito: &ldquo;Curso sobre Delitos e Infracciones Tributarias - 4ta Edici\u00f3n. A\u00f1o Marzo 2024 \/ 294 P\u00e1g. Autor Rodrigo Ugalde Prieto y Jaime Garc\u00eda Escobar&rdquo;\" rel=\"nofollow\" data-success_message=\"&ldquo;Curso sobre Delitos e Infracciones Tributarias - 4ta Edici\u00f3n. A\u00f1o Marzo 2024 \/ 294 P\u00e1g. Autor Rodrigo Ugalde Prieto y Jaime Garc\u00eda Escobar&rdquo; se ha a\u00f1adido a tu carro\" role=\"button\">Agregar al carrito<\/a>\t<span id=\"woocommerce_loop_add_to_cart_link_describedby_3368\" class=\"screen-reader-text\">\n\t\t\t<\/span>\n<\/li>\n<li class=\"product type-product post-3352 status-publish instock product_cat-tributario has-post-thumbnail shipping-taxable purchasable product-type-simple\">\n\t<a href=\"https:\/\/bibliotecajuridicavirtual.cl\/index.php\/product\/estudios-sobre-el-sistema-tributario-chileno-la-ordenacion-de-los-tributos-nacionales-regionales-y-locales-ano-abril-2024-698-pag-autor-fundacion-de-estudios-sistemicos-tributarios\/\" class=\"woocommerce-LoopProduct-link woocommerce-loop-product__link\"><img loading=\"lazy\" decoding=\"async\" width=\"300\" height=\"432\" src=\"https:\/\/bibliotecajuridicavirtual.cl\/wp-content\/uploads\/2026\/02\/ESTUDIOS-SOBRE-EL-SISTEMA-TRIBUTARIO-CHILENO-300x432.png\" class=\"attachment-woocommerce_thumbnail size-woocommerce_thumbnail\" alt=\"Estudios sobre el sistema tributario chileno. La ordenaci\u00f3n de los tributos nacionales, regionales y locales. A\u00f1o Abril 2024\/ 698 P\u00e1g. Autor  Fundaci\u00f3n de Estudios Sist\u00e9micos Tributarios\" srcset=\"https:\/\/bibliotecajuridicavirtual.cl\/wp-content\/uploads\/2026\/02\/ESTUDIOS-SOBRE-EL-SISTEMA-TRIBUTARIO-CHILENO-300x432.png 300w, https:\/\/bibliotecajuridicavirtual.cl\/wp-content\/uploads\/2026\/02\/ESTUDIOS-SOBRE-EL-SISTEMA-TRIBUTARIO-CHILENO-64x92.png 64w, https:\/\/bibliotecajuridicavirtual.cl\/wp-content\/uploads\/2026\/02\/ESTUDIOS-SOBRE-EL-SISTEMA-TRIBUTARIO-CHILENO-208x300.png 208w, https:\/\/bibliotecajuridicavirtual.cl\/wp-content\/uploads\/2026\/02\/ESTUDIOS-SOBRE-EL-SISTEMA-TRIBUTARIO-CHILENO.png 453w\" sizes=\"(max-width: 300px) 100vw, 300px\" \/><h2 class=\"woocommerce-loop-product__title\">Estudios sobre el sistema tributario chileno. La ordenaci\u00f3n de los tributos nacionales, regionales y locales. A\u00f1o Abril 2024\/ 698 P\u00e1g. Autor  Fundaci\u00f3n de Estudios Sist\u00e9micos Tributarios<\/h2>\n\t<span class=\"price\"><span class=\"woocommerce-Price-amount amount\"><bdi><span class=\"woocommerce-Price-currencySymbol\">&#36;<\/span>64.990<\/bdi><\/span><\/span>\n<\/a><a href=\"\/index.php\/wp-json\/wp\/v2\/pages\/4845?add-to-cart=3352\" aria-describedby=\"woocommerce_loop_add_to_cart_link_describedby_3352\" data-quantity=\"1\" class=\"button product_type_simple add_to_cart_button ajax_add_to_cart\" data-product_id=\"3352\" data-product_sku=\"9788411696036\" aria-label=\"Agregar al carrito: &ldquo;Estudios sobre el sistema tributario chileno. La ordenaci\u00f3n de los tributos nacionales, regionales y locales. A\u00f1o Abril 2024\/ 698 P\u00e1g. Autor  Fundaci\u00f3n de Estudios Sist\u00e9micos Tributarios&rdquo;\" rel=\"nofollow\" data-success_message=\"&ldquo;Estudios sobre el sistema tributario chileno. La ordenaci\u00f3n de los tributos nacionales, regionales y locales. A\u00f1o Abril 2024\/ 698 P\u00e1g. Autor  Fundaci\u00f3n de Estudios Sist\u00e9micos Tributarios&rdquo; se ha a\u00f1adido a tu carro\" role=\"button\">Agregar al carrito<\/a>\t<span id=\"woocommerce_loop_add_to_cart_link_describedby_3352\" class=\"screen-reader-text\">\n\t\t\t<\/span>\n<\/li>\n<li class=\"product type-product post-3323 status-publish instock product_cat-thomson-reuters product_cat-tributario has-post-thumbnail shipping-taxable purchasable product-type-simple\">\n\t<a href=\"https:\/\/bibliotecajuridicavirtual.cl\/index.php\/product\/operacion-renta-at-2024-manual-de-consultas-tributarias-ano-febrero-2024-500-pag-autor-thomson-reuters\/\" class=\"woocommerce-LoopProduct-link woocommerce-loop-product__link\"><img loading=\"lazy\" decoding=\"async\" width=\"300\" height=\"441\" src=\"https:\/\/bibliotecajuridicavirtual.cl\/wp-content\/uploads\/2026\/02\/OPERACION-RENTA-2024-300x441.png\" class=\"attachment-woocommerce_thumbnail size-woocommerce_thumbnail\" alt=\"Operacion Renta AT 2024 - Manual de Consultas Tributarias. A\u00f1o Febrero 2024\/500 P\u00e1g. Autor Thomson Reuters\" srcset=\"https:\/\/bibliotecajuridicavirtual.cl\/wp-content\/uploads\/2026\/02\/OPERACION-RENTA-2024-300x441.png 300w, https:\/\/bibliotecajuridicavirtual.cl\/wp-content\/uploads\/2026\/02\/OPERACION-RENTA-2024-600x882.png 600w, https:\/\/bibliotecajuridicavirtual.cl\/wp-content\/uploads\/2026\/02\/OPERACION-RENTA-2024-64x94.png 64w, https:\/\/bibliotecajuridicavirtual.cl\/wp-content\/uploads\/2026\/02\/OPERACION-RENTA-2024-204x300.png 204w, https:\/\/bibliotecajuridicavirtual.cl\/wp-content\/uploads\/2026\/02\/OPERACION-RENTA-2024.png 697w\" sizes=\"(max-width: 300px) 100vw, 300px\" \/><h2 class=\"woocommerce-loop-product__title\">Operacion Renta AT 2024 &#8211; Manual de Consultas Tributarias. A\u00f1o Febrero 2024\/500 P\u00e1g. Autor Thomson Reuters<\/h2>\n\t<span class=\"price\"><span class=\"woocommerce-Price-amount amount\"><bdi><span class=\"woocommerce-Price-currencySymbol\">&#36;<\/span>44.100<\/bdi><\/span><\/span>\n<\/a><a href=\"\/index.php\/wp-json\/wp\/v2\/pages\/4845?add-to-cart=3323\" aria-describedby=\"woocommerce_loop_add_to_cart_link_describedby_3323\" data-quantity=\"1\" class=\"button product_type_simple add_to_cart_button ajax_add_to_cart\" data-product_id=\"3323\" data-product_sku=\"9789564004891\" aria-label=\"Agregar al carrito: &ldquo;Operacion Renta AT 2024 - Manual de Consultas Tributarias. A\u00f1o Febrero 2024\/500 P\u00e1g. Autor Thomson Reuters&rdquo;\" rel=\"nofollow\" data-success_message=\"&ldquo;Operacion Renta AT 2024 - Manual de Consultas Tributarias. A\u00f1o Febrero 2024\/500 P\u00e1g. Autor Thomson Reuters&rdquo; se ha a\u00f1adido a tu carro\" role=\"button\">Agregar al carrito<\/a>\t<span id=\"woocommerce_loop_add_to_cart_link_describedby_3323\" class=\"screen-reader-text\">\n\t\t\t<\/span>\n<\/li>\n<li class=\"product type-product post-3295 status-publish last instock product_cat-tributario has-post-thumbnail shipping-taxable purchasable product-type-simple\">\n\t<a href=\"https:\/\/bibliotecajuridicavirtual.cl\/index.php\/product\/compendio-tributario-at-2024-ano-2024-695-pag-autor-german-pinto-perry\/\" class=\"woocommerce-LoopProduct-link woocommerce-loop-product__link\"><img loading=\"lazy\" decoding=\"async\" width=\"300\" height=\"424\" src=\"https:\/\/bibliotecajuridicavirtual.cl\/wp-content\/uploads\/2026\/02\/COMPENDIO-TRIBUTARIO-AT-300x424.png\" class=\"attachment-woocommerce_thumbnail size-woocommerce_thumbnail\" alt=\"Compendio Tributario AT 2024. A\u00f1o 2024\/ 695 P\u00e1g. Autor Germ\u00e1n Pinto Perry\" srcset=\"https:\/\/bibliotecajuridicavirtual.cl\/wp-content\/uploads\/2026\/02\/COMPENDIO-TRIBUTARIO-AT-300x424.png 300w, https:\/\/bibliotecajuridicavirtual.cl\/wp-content\/uploads\/2026\/02\/COMPENDIO-TRIBUTARIO-AT-64x91.png 64w, https:\/\/bibliotecajuridicavirtual.cl\/wp-content\/uploads\/2026\/02\/COMPENDIO-TRIBUTARIO-AT-212x300.png 212w, https:\/\/bibliotecajuridicavirtual.cl\/wp-content\/uploads\/2026\/02\/COMPENDIO-TRIBUTARIO-AT.png 483w\" sizes=\"(max-width: 300px) 100vw, 300px\" \/><h2 class=\"woocommerce-loop-product__title\">Compendio Tributario AT 2024. A\u00f1o 2024\/ 695 P\u00e1g. Autor Germ\u00e1n Pinto Perry<\/h2>\n\t<span class=\"price\"><span class=\"woocommerce-Price-amount amount\"><bdi><span class=\"woocommerce-Price-currencySymbol\">&#36;<\/span>44.900<\/bdi><\/span><\/span>\n<\/a><a href=\"\/index.php\/wp-json\/wp\/v2\/pages\/4845?add-to-cart=3295\" aria-describedby=\"woocommerce_loop_add_to_cart_link_describedby_3295\" data-quantity=\"1\" class=\"button product_type_simple add_to_cart_button ajax_add_to_cart\" data-product_id=\"3295\" data-product_sku=\"9789569947810\" aria-label=\"Agregar al carrito: &ldquo;Compendio Tributario AT 2024. A\u00f1o 2024\/ 695 P\u00e1g. Autor Germ\u00e1n Pinto Perry&rdquo;\" rel=\"nofollow\" data-success_message=\"&ldquo;Compendio Tributario AT 2024. A\u00f1o 2024\/ 695 P\u00e1g. Autor Germ\u00e1n Pinto Perry&rdquo; se ha a\u00f1adido a tu carro\" role=\"button\">Agregar al carrito<\/a>\t<span id=\"woocommerce_loop_add_to_cart_link_describedby_3295\" class=\"screen-reader-text\">\n\t\t\t<\/span>\n<\/li>\n<li class=\"product type-product post-3243 status-publish first instock product_cat-civil product_cat-derecho product_cat-penal product_cat-procesal-penal product_cat-tributario has-post-thumbnail shipping-taxable purchasable product-type-simple\">\n\t<a href=\"https:\/\/bibliotecajuridicavirtual.cl\/index.php\/product\/delitos-informaticos-analisis-dogmatico-y-comentarios-a-la-ley-n-21-459-ano-2024-474-pag-autor-samuel-malamud-herrera-y-guillermo-chahuan-chahuan\/\" class=\"woocommerce-LoopProduct-link woocommerce-loop-product__link\"><img loading=\"lazy\" decoding=\"async\" width=\"300\" height=\"483\" src=\"https:\/\/bibliotecajuridicavirtual.cl\/wp-content\/uploads\/2026\/02\/DELITOS-INFORMATICOS-ANALISIS-300x483.png\" class=\"attachment-woocommerce_thumbnail size-woocommerce_thumbnail\" alt=\"Delitos Inform\u00e1ticos. An\u00e1lisis Dogm\u00e1tico y Comentarios a la Ley N 21.459. A\u00f1o 2024\/ 474 P\u00e1g. Autor Samuel Malamud Herrera y  Guillermo Chahu\u00e1n Chahu\u00e1n\" srcset=\"https:\/\/bibliotecajuridicavirtual.cl\/wp-content\/uploads\/2026\/02\/DELITOS-INFORMATICOS-ANALISIS-300x483.png 300w, https:\/\/bibliotecajuridicavirtual.cl\/wp-content\/uploads\/2026\/02\/DELITOS-INFORMATICOS-ANALISIS-64x103.png 64w, https:\/\/bibliotecajuridicavirtual.cl\/wp-content\/uploads\/2026\/02\/DELITOS-INFORMATICOS-ANALISIS-186x300.png 186w, https:\/\/bibliotecajuridicavirtual.cl\/wp-content\/uploads\/2026\/02\/DELITOS-INFORMATICOS-ANALISIS.png 409w\" sizes=\"(max-width: 300px) 100vw, 300px\" \/><h2 class=\"woocommerce-loop-product__title\">Delitos Inform\u00e1ticos. An\u00e1lisis Dogm\u00e1tico y Comentarios a la Ley N 21.459. A\u00f1o 2024\/ 474 P\u00e1g. Autor Samuel Malamud Herrera y  Guillermo Chahu\u00e1n Chahu\u00e1n<\/h2>\n\t<span class=\"price\"><span class=\"woocommerce-Price-amount amount\"><bdi><span class=\"woocommerce-Price-currencySymbol\">&#36;<\/span>40.990<\/bdi><\/span><\/span>\n<\/a><a href=\"\/index.php\/wp-json\/wp\/v2\/pages\/4845?add-to-cart=3243\" aria-describedby=\"woocommerce_loop_add_to_cart_link_describedby_3243\" data-quantity=\"1\" class=\"button product_type_simple add_to_cart_button ajax_add_to_cart\" data-product_id=\"3243\" data-product_sku=\"9788411975667\" aria-label=\"Agregar al carrito: &ldquo;Delitos Inform\u00e1ticos. An\u00e1lisis Dogm\u00e1tico y Comentarios a la Ley N 21.459. A\u00f1o 2024\/ 474 P\u00e1g. Autor Samuel Malamud Herrera y  Guillermo Chahu\u00e1n Chahu\u00e1n&rdquo;\" rel=\"nofollow\" data-success_message=\"&ldquo;Delitos Inform\u00e1ticos. An\u00e1lisis Dogm\u00e1tico y Comentarios a la Ley N 21.459. A\u00f1o 2024\/ 474 P\u00e1g. Autor Samuel Malamud Herrera y  Guillermo Chahu\u00e1n Chahu\u00e1n&rdquo; se ha a\u00f1adido a tu carro\" role=\"button\">Agregar al carrito<\/a>\t<span id=\"woocommerce_loop_add_to_cart_link_describedby_3243\" class=\"screen-reader-text\">\n\t\t\t<\/span>\n<\/li>\n<li class=\"product type-product post-3210 status-publish instock product_cat-thomson-reuters product_cat-tributario has-post-thumbnail shipping-taxable purchasable product-type-simple\">\n\t<a href=\"https:\/\/bibliotecajuridicavirtual.cl\/index.php\/product\/regimen-tributario-pro-pime-ano-enero-2024-544-pag-autor-raul-sade-celpa\/\" class=\"woocommerce-LoopProduct-link woocommerce-loop-product__link\"><img loading=\"lazy\" decoding=\"async\" width=\"300\" height=\"427\" src=\"https:\/\/bibliotecajuridicavirtual.cl\/wp-content\/uploads\/2026\/02\/REGIMEN-TRIBUTARIO-300x427.png\" class=\"attachment-woocommerce_thumbnail size-woocommerce_thumbnail\" alt=\"Regimen Tributario - PRO PIME -. A\u00f1o Enero 2024\/ 544 P\u00e1g. Autor Ra\u00fal Sade Celpa\" srcset=\"https:\/\/bibliotecajuridicavirtual.cl\/wp-content\/uploads\/2026\/02\/REGIMEN-TRIBUTARIO-300x427.png 300w, https:\/\/bibliotecajuridicavirtual.cl\/wp-content\/uploads\/2026\/02\/REGIMEN-TRIBUTARIO-600x854.png 600w, https:\/\/bibliotecajuridicavirtual.cl\/wp-content\/uploads\/2026\/02\/REGIMEN-TRIBUTARIO-64x91.png 64w, https:\/\/bibliotecajuridicavirtual.cl\/wp-content\/uploads\/2026\/02\/REGIMEN-TRIBUTARIO-211x300.png 211w, https:\/\/bibliotecajuridicavirtual.cl\/wp-content\/uploads\/2026\/02\/REGIMEN-TRIBUTARIO-719x1024.png 719w, https:\/\/bibliotecajuridicavirtual.cl\/wp-content\/uploads\/2026\/02\/REGIMEN-TRIBUTARIO-768x1094.png 768w, https:\/\/bibliotecajuridicavirtual.cl\/wp-content\/uploads\/2026\/02\/REGIMEN-TRIBUTARIO.png 981w\" sizes=\"(max-width: 300px) 100vw, 300px\" \/><h2 class=\"woocommerce-loop-product__title\">Regimen Tributario &#8211; PRO PIME -. A\u00f1o Enero 2024\/ 544 P\u00e1g. Autor Ra\u00fal Sade Celpa<\/h2>\n\t<span class=\"price\"><span class=\"woocommerce-Price-amount amount\"><bdi><span class=\"woocommerce-Price-currencySymbol\">&#36;<\/span>72.400<\/bdi><\/span><\/span>\n<\/a><a href=\"\/index.php\/wp-json\/wp\/v2\/pages\/4845?add-to-cart=3210\" aria-describedby=\"woocommerce_loop_add_to_cart_link_describedby_3210\" data-quantity=\"1\" class=\"button product_type_simple add_to_cart_button ajax_add_to_cart\" data-product_id=\"3210\" data-product_sku=\"9789564004570\" aria-label=\"Agregar al carrito: &ldquo;Regimen Tributario - PRO PIME -. A\u00f1o Enero 2024\/ 544 P\u00e1g. Autor Ra\u00fal Sade Celpa&rdquo;\" rel=\"nofollow\" data-success_message=\"&ldquo;Regimen Tributario - PRO PIME -. A\u00f1o Enero 2024\/ 544 P\u00e1g. Autor Ra\u00fal Sade Celpa&rdquo; se ha a\u00f1adido a tu carro\" role=\"button\">Agregar al carrito<\/a>\t<span id=\"woocommerce_loop_add_to_cart_link_describedby_3210\" class=\"screen-reader-text\">\n\t\t\t<\/span>\n<\/li>\n<li class=\"product type-product post-3205 status-publish instock product_cat-thomson-reuters product_cat-tributario has-post-thumbnail shipping-taxable purchasable product-type-simple\">\n\t<a href=\"https:\/\/bibliotecajuridicavirtual.cl\/index.php\/product\/tributacion-de-las-empresas-de-menor-tamano-3era-edicion-noviembre-2023-384-pag-autor-gonzalo-araya-ibanez\/\" class=\"woocommerce-LoopProduct-link woocommerce-loop-product__link\"><img loading=\"lazy\" decoding=\"async\" width=\"300\" height=\"313\" src=\"https:\/\/bibliotecajuridicavirtual.cl\/wp-content\/uploads\/2026\/02\/TRIBUTACION-DE-LAS-EMPRESAS-MENORES-300x313.png\" class=\"attachment-woocommerce_thumbnail size-woocommerce_thumbnail\" alt=\"Tributaci\u00f3n de las Empresas de menor tama\u00f1o. 3era Edici\u00f3n. Noviembre 2023\/ 384 P\u00e1g. Autor Gonzalo Araya Ib\u00e1\u00f1ez\" srcset=\"https:\/\/bibliotecajuridicavirtual.cl\/wp-content\/uploads\/2026\/02\/TRIBUTACION-DE-LAS-EMPRESAS-MENORES-300x313.png 300w, https:\/\/bibliotecajuridicavirtual.cl\/wp-content\/uploads\/2026\/02\/TRIBUTACION-DE-LAS-EMPRESAS-MENORES-600x627.png 600w, https:\/\/bibliotecajuridicavirtual.cl\/wp-content\/uploads\/2026\/02\/TRIBUTACION-DE-LAS-EMPRESAS-MENORES-64x67.png 64w, https:\/\/bibliotecajuridicavirtual.cl\/wp-content\/uploads\/2026\/02\/TRIBUTACION-DE-LAS-EMPRESAS-MENORES-287x300.png 287w, https:\/\/bibliotecajuridicavirtual.cl\/wp-content\/uploads\/2026\/02\/TRIBUTACION-DE-LAS-EMPRESAS-MENORES.png 765w\" sizes=\"(max-width: 300px) 100vw, 300px\" \/><h2 class=\"woocommerce-loop-product__title\">Tributaci\u00f3n de las Empresas de menor tama\u00f1o. 3era Edici\u00f3n. Noviembre 2023\/ 384 P\u00e1g. Autor Gonzalo Araya Ib\u00e1\u00f1ez<\/h2>\n\t<span class=\"price\"><span class=\"woocommerce-Price-amount amount\"><bdi><span class=\"woocommerce-Price-currencySymbol\">&#36;<\/span>53.700<\/bdi><\/span><\/span>\n<\/a><a href=\"\/index.php\/wp-json\/wp\/v2\/pages\/4845?add-to-cart=3205\" aria-describedby=\"woocommerce_loop_add_to_cart_link_describedby_3205\" data-quantity=\"1\" class=\"button product_type_simple add_to_cart_button ajax_add_to_cart\" data-product_id=\"3205\" data-product_sku=\"9789564004129\" aria-label=\"Agregar al carrito: &ldquo;Tributaci\u00f3n de las Empresas de menor tama\u00f1o. 3era Edici\u00f3n. Noviembre 2023\/ 384 P\u00e1g. Autor Gonzalo Araya Ib\u00e1\u00f1ez&rdquo;\" rel=\"nofollow\" data-success_message=\"&ldquo;Tributaci\u00f3n de las Empresas de menor tama\u00f1o. 3era Edici\u00f3n. Noviembre 2023\/ 384 P\u00e1g. Autor Gonzalo Araya Ib\u00e1\u00f1ez&rdquo; se ha a\u00f1adido a tu carro\" role=\"button\">Agregar al carrito<\/a>\t<span id=\"woocommerce_loop_add_to_cart_link_describedby_3205\" class=\"screen-reader-text\">\n\t\t\t<\/span>\n<\/li>\n<li class=\"product type-product post-3153 status-publish last instock product_cat-thomson-reuters product_cat-tributario has-post-thumbnail shipping-taxable purchasable product-type-simple\">\n\t<a href=\"https:\/\/bibliotecajuridicavirtual.cl\/index.php\/product\/pagos-provisionales-ano-diciembre-2023-280-pag-autor-gonzalo-araya-ibanez\/\" class=\"woocommerce-LoopProduct-link woocommerce-loop-product__link\"><img loading=\"lazy\" decoding=\"async\" width=\"300\" height=\"388\" src=\"https:\/\/bibliotecajuridicavirtual.cl\/wp-content\/uploads\/2026\/02\/PAGOS-PROVISIONALES-300x388.png\" class=\"attachment-woocommerce_thumbnail size-woocommerce_thumbnail\" alt=\"Pagos Provisionales. A\u00f1o Diciembre 2023\/280 P\u00e1g. Autor Gonzalo Araya Ib\u00e1\u00f1ez\" srcset=\"https:\/\/bibliotecajuridicavirtual.cl\/wp-content\/uploads\/2026\/02\/PAGOS-PROVISIONALES-300x388.png 300w, https:\/\/bibliotecajuridicavirtual.cl\/wp-content\/uploads\/2026\/02\/PAGOS-PROVISIONALES-64x83.png 64w, https:\/\/bibliotecajuridicavirtual.cl\/wp-content\/uploads\/2026\/02\/PAGOS-PROVISIONALES-232x300.png 232w, https:\/\/bibliotecajuridicavirtual.cl\/wp-content\/uploads\/2026\/02\/PAGOS-PROVISIONALES.png 556w\" sizes=\"(max-width: 300px) 100vw, 300px\" \/><h2 class=\"woocommerce-loop-product__title\">Pagos Provisionales. A\u00f1o Diciembre 2023\/280 P\u00e1g. Autor Gonzalo Araya Ib\u00e1\u00f1ez<\/h2>\n\t<span class=\"price\"><span class=\"woocommerce-Price-amount amount\"><bdi><span class=\"woocommerce-Price-currencySymbol\">&#36;<\/span>38.900<\/bdi><\/span><\/span>\n<\/a><a href=\"\/index.php\/wp-json\/wp\/v2\/pages\/4845?add-to-cart=3153\" aria-describedby=\"woocommerce_loop_add_to_cart_link_describedby_3153\" data-quantity=\"1\" class=\"button product_type_simple add_to_cart_button ajax_add_to_cart\" data-product_id=\"3153\" data-product_sku=\"9789564004198\" aria-label=\"Agregar al carrito: &ldquo;Pagos Provisionales. A\u00f1o Diciembre 2023\/280 P\u00e1g. Autor Gonzalo Araya Ib\u00e1\u00f1ez&rdquo;\" rel=\"nofollow\" data-success_message=\"&ldquo;Pagos Provisionales. A\u00f1o Diciembre 2023\/280 P\u00e1g. Autor Gonzalo Araya Ib\u00e1\u00f1ez&rdquo; se ha a\u00f1adido a tu carro\" role=\"button\">Agregar al carrito<\/a>\t<span id=\"woocommerce_loop_add_to_cart_link_describedby_3153\" class=\"screen-reader-text\">\n\t\t\t<\/span>\n<\/li>\n<li class=\"product type-product post-3074 status-publish first instock product_cat-tributario has-post-thumbnail shipping-taxable purchasable product-type-simple\">\n\t<a href=\"https:\/\/bibliotecajuridicavirtual.cl\/index.php\/product\/un-tributo-a-la-ensenanza-del-derecho-tributario-homenaje-al-profesor-juan-manuel-baraona-sainz-ano-noviembre-2023-288-pag-autor-agustin-barroilhet-diez-francisco-selame-marchant-mario-silva-p\/\" class=\"woocommerce-LoopProduct-link woocommerce-loop-product__link\"><img loading=\"lazy\" decoding=\"async\" width=\"300\" height=\"388\" src=\"https:\/\/bibliotecajuridicavirtual.cl\/wp-content\/uploads\/2026\/02\/UN-TRIBUTO-A-LA-ENSENANZA-DEL-DERECHO-TRIBUTARIO-300x388.png\" class=\"attachment-woocommerce_thumbnail size-woocommerce_thumbnail\" alt=\"Un Tributo a la Ense\u00f1anza del Derecho Tributario - Homenaje al Profesor Juan Manuel Baraona Sainz. A\u00f1o Noviembre 2023\/288 P\u00e1g. Autor Agust\u00edn Barroilhet D\u00edez - Francisco Selam\u00e9 Marchant - Mario Silva Poblete - Octavio Aguayo Gajardo\" srcset=\"https:\/\/bibliotecajuridicavirtual.cl\/wp-content\/uploads\/2026\/02\/UN-TRIBUTO-A-LA-ENSENANZA-DEL-DERECHO-TRIBUTARIO-300x388.png 300w, https:\/\/bibliotecajuridicavirtual.cl\/wp-content\/uploads\/2026\/02\/UN-TRIBUTO-A-LA-ENSENANZA-DEL-DERECHO-TRIBUTARIO-64x83.png 64w, https:\/\/bibliotecajuridicavirtual.cl\/wp-content\/uploads\/2026\/02\/UN-TRIBUTO-A-LA-ENSENANZA-DEL-DERECHO-TRIBUTARIO-232x300.png 232w, https:\/\/bibliotecajuridicavirtual.cl\/wp-content\/uploads\/2026\/02\/UN-TRIBUTO-A-LA-ENSENANZA-DEL-DERECHO-TRIBUTARIO.png 556w\" sizes=\"(max-width: 300px) 100vw, 300px\" \/><h2 class=\"woocommerce-loop-product__title\">Un Tributo a la Ense\u00f1anza del Derecho Tributario &#8211; Homenaje al Profesor Juan Manuel Baraona Sainz. A\u00f1o Noviembre 2023\/288 P\u00e1g. Autor Agust\u00edn Barroilhet D\u00edez &#8211; Francisco Selam\u00e9 Marchant &#8211; Mario Silva Poblete &#8211; Octavio Aguayo Gajardo<\/h2>\n\t<span class=\"price\"><span class=\"woocommerce-Price-amount amount\"><bdi><span class=\"woocommerce-Price-currencySymbol\">&#36;<\/span>34.900<\/bdi><\/span><\/span>\n<\/a><a href=\"\/index.php\/wp-json\/wp\/v2\/pages\/4845?add-to-cart=3074\" aria-describedby=\"woocommerce_loop_add_to_cart_link_describedby_3074\" data-quantity=\"1\" class=\"button product_type_simple add_to_cart_button ajax_add_to_cart\" data-product_id=\"3074\" data-product_sku=\"9788411477697\" aria-label=\"Agregar al carrito: &ldquo;Un Tributo a la Ense\u00f1anza del Derecho Tributario - Homenaje al Profesor Juan Manuel Baraona Sainz. A\u00f1o Noviembre 2023\/288 P\u00e1g. Autor Agust\u00edn Barroilhet D\u00edez - Francisco Selam\u00e9 Marchant - Mario Silva Poblete - Octavio Aguayo Gajardo&rdquo;\" rel=\"nofollow\" data-success_message=\"&ldquo;Un Tributo a la Ense\u00f1anza del Derecho Tributario - Homenaje al Profesor Juan Manuel Baraona Sainz. A\u00f1o Noviembre 2023\/288 P\u00e1g. Autor Agust\u00edn Barroilhet D\u00edez - Francisco Selam\u00e9 Marchant - Mario Silva Poblete - Octavio Aguayo Gajardo&rdquo; se ha a\u00f1adido a tu carro\" role=\"button\">Agregar al carrito<\/a>\t<span id=\"woocommerce_loop_add_to_cart_link_describedby_3074\" class=\"screen-reader-text\">\n\t\t\t<\/span>\n<\/li>\n<li class=\"product type-product post-3066 status-publish instock product_cat-civil product_cat-comercial product_cat-derecho-ambiental product_cat-familia-y-del-menor product_cat-laboral product_cat-penal product_cat-tributario has-post-thumbnail shipping-taxable purchasable product-type-simple\">\n\t<a href=\"https:\/\/bibliotecajuridicavirtual.cl\/index.php\/product\/practica-forense-formularios-de-uso-frecuente-ano-noviembre-2023-558-pag-autor-cristian-lepin-molina\/\" class=\"woocommerce-LoopProduct-link woocommerce-loop-product__link\"><img loading=\"lazy\" decoding=\"async\" width=\"300\" height=\"431\" src=\"https:\/\/bibliotecajuridicavirtual.cl\/wp-content\/uploads\/2026\/02\/PRACTICA-FORENSE-FORMULARIOS-DE-USO-FRECUENTE-300x431.png\" class=\"attachment-woocommerce_thumbnail size-woocommerce_thumbnail\" alt=\"Pr\u00e1ctica Forense. Formularios de Uso Frecuente. A\u00f1o Noviembre 2023\/558 P\u00e1g. Autor Cristi\u00e1n Lepin Molina\" srcset=\"https:\/\/bibliotecajuridicavirtual.cl\/wp-content\/uploads\/2026\/02\/PRACTICA-FORENSE-FORMULARIOS-DE-USO-FRECUENTE-300x431.png 300w, https:\/\/bibliotecajuridicavirtual.cl\/wp-content\/uploads\/2026\/02\/PRACTICA-FORENSE-FORMULARIOS-DE-USO-FRECUENTE-64x92.png 64w, https:\/\/bibliotecajuridicavirtual.cl\/wp-content\/uploads\/2026\/02\/PRACTICA-FORENSE-FORMULARIOS-DE-USO-FRECUENTE-209x300.png 209w, https:\/\/bibliotecajuridicavirtual.cl\/wp-content\/uploads\/2026\/02\/PRACTICA-FORENSE-FORMULARIOS-DE-USO-FRECUENTE.png 426w\" sizes=\"(max-width: 300px) 100vw, 300px\" \/><h2 class=\"woocommerce-loop-product__title\">Pr\u00e1ctica Forense. Formularios de Uso Frecuente. A\u00f1o Noviembre 2023\/558 P\u00e1g. Autor Cristi\u00e1n Lepin Molina<\/h2>\n\t<span class=\"price\"><span class=\"woocommerce-Price-amount amount\"><bdi><span class=\"woocommerce-Price-currencySymbol\">&#36;<\/span>58.990<\/bdi><\/span><\/span>\n<\/a><a href=\"\/index.php\/wp-json\/wp\/v2\/pages\/4845?add-to-cart=3066\" aria-describedby=\"woocommerce_loop_add_to_cart_link_describedby_3066\" data-quantity=\"1\" class=\"button product_type_simple add_to_cart_button ajax_add_to_cart\" data-product_id=\"3066\" data-product_sku=\"9788411309295\" aria-label=\"Agregar al carrito: &ldquo;Pr\u00e1ctica Forense. Formularios de Uso Frecuente. A\u00f1o Noviembre 2023\/558 P\u00e1g. Autor Cristi\u00e1n Lepin Molina&rdquo;\" rel=\"nofollow\" data-success_message=\"&ldquo;Pr\u00e1ctica Forense. Formularios de Uso Frecuente. A\u00f1o Noviembre 2023\/558 P\u00e1g. Autor Cristi\u00e1n Lepin Molina&rdquo; se ha a\u00f1adido a tu carro\" role=\"button\">Agregar al carrito<\/a>\t<span id=\"woocommerce_loop_add_to_cart_link_describedby_3066\" class=\"screen-reader-text\">\n\t\t\t<\/span>\n<\/li>\n<li class=\"product type-product post-2874 status-publish instock product_cat-tributario has-post-thumbnail shipping-taxable purchasable product-type-simple\">\n\t<a href=\"https:\/\/bibliotecajuridicavirtual.cl\/index.php\/product\/la-capacidad-contributiva-y-su-fundamento-economico-ano-2023-201-pag-autor-eduardo-irribarra-sobarzo\/\" class=\"woocommerce-LoopProduct-link woocommerce-loop-product__link\"><img loading=\"lazy\" decoding=\"async\" width=\"300\" height=\"388\" src=\"https:\/\/bibliotecajuridicavirtual.cl\/wp-content\/uploads\/2026\/02\/LA-CAPACIDAD-CONTRIBUTIVA-Y-SU-FUNDAMENTO-ECONOMICO-300x388.png\" class=\"attachment-woocommerce_thumbnail size-woocommerce_thumbnail\" alt=\"La Capacidad Contributiva y su Fundamento Econ\u00f3mico.  A\u00f1o 2023\/ 201 P\u00e1g. Autor  Eduardo Irribarra Sobarzo\" srcset=\"https:\/\/bibliotecajuridicavirtual.cl\/wp-content\/uploads\/2026\/02\/LA-CAPACIDAD-CONTRIBUTIVA-Y-SU-FUNDAMENTO-ECONOMICO-300x388.png 300w, https:\/\/bibliotecajuridicavirtual.cl\/wp-content\/uploads\/2026\/02\/LA-CAPACIDAD-CONTRIBUTIVA-Y-SU-FUNDAMENTO-ECONOMICO-64x83.png 64w, https:\/\/bibliotecajuridicavirtual.cl\/wp-content\/uploads\/2026\/02\/LA-CAPACIDAD-CONTRIBUTIVA-Y-SU-FUNDAMENTO-ECONOMICO-232x300.png 232w, https:\/\/bibliotecajuridicavirtual.cl\/wp-content\/uploads\/2026\/02\/LA-CAPACIDAD-CONTRIBUTIVA-Y-SU-FUNDAMENTO-ECONOMICO.png 556w\" sizes=\"(max-width: 300px) 100vw, 300px\" \/><h2 class=\"woocommerce-loop-product__title\">La Capacidad Contributiva y su Fundamento Econ\u00f3mico.  A\u00f1o 2023\/ 201 P\u00e1g. Autor  Eduardo Irribarra Sobarzo<\/h2>\n\t<span class=\"price\"><span class=\"woocommerce-Price-amount amount\"><bdi><span class=\"woocommerce-Price-currencySymbol\">&#36;<\/span>31.900<\/bdi><\/span><\/span>\n<\/a><a href=\"\/index.php\/wp-json\/wp\/v2\/pages\/4845?add-to-cart=2874\" aria-describedby=\"woocommerce_loop_add_to_cart_link_describedby_2874\" data-quantity=\"1\" class=\"button product_type_simple add_to_cart_button ajax_add_to_cart\" data-product_id=\"2874\" data-product_sku=\"9788411697156\" aria-label=\"Agregar al carrito: &ldquo;La Capacidad Contributiva y su Fundamento Econ\u00f3mico.  A\u00f1o 2023\/ 201 P\u00e1g. Autor  Eduardo Irribarra Sobarzo&rdquo;\" rel=\"nofollow\" data-success_message=\"&ldquo;La Capacidad Contributiva y su Fundamento Econ\u00f3mico.  A\u00f1o 2023\/ 201 P\u00e1g. Autor  Eduardo Irribarra Sobarzo&rdquo; se ha a\u00f1adido a tu carro\" role=\"button\">Agregar al carrito<\/a>\t<span id=\"woocommerce_loop_add_to_cart_link_describedby_2874\" class=\"screen-reader-text\">\n\t\t\t<\/span>\n<\/li>\n<li class=\"product type-product post-2872 status-publish last instock product_cat-tributario has-post-thumbnail shipping-taxable purchasable product-type-simple\">\n\t<a href=\"https:\/\/bibliotecajuridicavirtual.cl\/index.php\/product\/curso-basico-de-impuesto-a-la-renta-ano-octubre-2023-338-pag-autor-gonzalo-falcon-romero\/\" class=\"woocommerce-LoopProduct-link woocommerce-loop-product__link\"><img loading=\"lazy\" decoding=\"async\" width=\"300\" height=\"388\" src=\"https:\/\/bibliotecajuridicavirtual.cl\/wp-content\/uploads\/2026\/02\/CURSO-BASICO-DE-IMPUESTO-A-LA-RENTA-300x388.png\" class=\"attachment-woocommerce_thumbnail size-woocommerce_thumbnail\" alt=\"Curso B\u00e1sico de Impuesto a la Renta. A\u00f1o Octubre 2023\/  338 P\u00e1g. Autor Gonzalo Falc\u00f3n Romero\" srcset=\"https:\/\/bibliotecajuridicavirtual.cl\/wp-content\/uploads\/2026\/02\/CURSO-BASICO-DE-IMPUESTO-A-LA-RENTA-300x388.png 300w, https:\/\/bibliotecajuridicavirtual.cl\/wp-content\/uploads\/2026\/02\/CURSO-BASICO-DE-IMPUESTO-A-LA-RENTA-64x83.png 64w, https:\/\/bibliotecajuridicavirtual.cl\/wp-content\/uploads\/2026\/02\/CURSO-BASICO-DE-IMPUESTO-A-LA-RENTA-232x300.png 232w, https:\/\/bibliotecajuridicavirtual.cl\/wp-content\/uploads\/2026\/02\/CURSO-BASICO-DE-IMPUESTO-A-LA-RENTA.png 556w\" sizes=\"(max-width: 300px) 100vw, 300px\" \/><h2 class=\"woocommerce-loop-product__title\">Curso B\u00e1sico de Impuesto a la Renta. A\u00f1o Octubre 2023\/  338 P\u00e1g. Autor Gonzalo Falc\u00f3n Romero<\/h2>\n\t<span class=\"price\"><span class=\"woocommerce-Price-amount amount\"><bdi><span class=\"woocommerce-Price-currencySymbol\">&#36;<\/span>49.000<\/bdi><\/span><\/span>\n<\/a><a href=\"\/index.php\/wp-json\/wp\/v2\/pages\/4845?add-to-cart=2872\" aria-describedby=\"woocommerce_loop_add_to_cart_link_describedby_2872\" data-quantity=\"1\" class=\"button product_type_simple add_to_cart_button ajax_add_to_cart\" data-product_id=\"2872\" data-product_sku=\"9789566170280\" aria-label=\"Agregar al carrito: &ldquo;Curso B\u00e1sico de Impuesto a la Renta. A\u00f1o Octubre 2023\/  338 P\u00e1g. Autor Gonzalo Falc\u00f3n Romero&rdquo;\" rel=\"nofollow\" data-success_message=\"&ldquo;Curso B\u00e1sico de Impuesto a la Renta. A\u00f1o Octubre 2023\/  338 P\u00e1g. Autor Gonzalo Falc\u00f3n Romero&rdquo; se ha a\u00f1adido a tu carro\" role=\"button\">Agregar al carrito<\/a>\t<span id=\"woocommerce_loop_add_to_cart_link_describedby_2872\" class=\"screen-reader-text\">\n\t\t\t<\/span>\n<\/li>\n<li class=\"product type-product post-2846 status-publish first instock product_cat-tributario has-post-thumbnail shipping-taxable purchasable product-type-simple\">\n\t<a href=\"https:\/\/bibliotecajuridicavirtual.cl\/index.php\/product\/tributacion-en-la-economia-digital-ano-septiembre-2023-396-pag-autor-antonio-faundez-ugalde-y-francisco-ossandon-cerda\/\" class=\"woocommerce-LoopProduct-link woocommerce-loop-product__link\"><img loading=\"lazy\" decoding=\"async\" width=\"300\" height=\"432\" src=\"https:\/\/bibliotecajuridicavirtual.cl\/wp-content\/uploads\/2026\/02\/TRIBUTACION-EN-LA-ECONOMIA-DIGITAL-300x432.png\" class=\"attachment-woocommerce_thumbnail size-woocommerce_thumbnail\" alt=\"Tributaci\u00f3n en la Econom\u00eda Digital.  A\u00f1o Septiembre 2023\/ 396 P\u00e1g. Autor  Antonio Fa\u00fandez Ugalde y Francisco Ossand\u00f3n Cerda\" srcset=\"https:\/\/bibliotecajuridicavirtual.cl\/wp-content\/uploads\/2026\/02\/TRIBUTACION-EN-LA-ECONOMIA-DIGITAL-300x432.png 300w, https:\/\/bibliotecajuridicavirtual.cl\/wp-content\/uploads\/2026\/02\/TRIBUTACION-EN-LA-ECONOMIA-DIGITAL-64x92.png 64w, https:\/\/bibliotecajuridicavirtual.cl\/wp-content\/uploads\/2026\/02\/TRIBUTACION-EN-LA-ECONOMIA-DIGITAL-208x300.png 208w, https:\/\/bibliotecajuridicavirtual.cl\/wp-content\/uploads\/2026\/02\/TRIBUTACION-EN-LA-ECONOMIA-DIGITAL.png 435w\" sizes=\"(max-width: 300px) 100vw, 300px\" \/><h2 class=\"woocommerce-loop-product__title\">Tributaci\u00f3n en la Econom\u00eda Digital.  A\u00f1o Septiembre 2023\/ 396 P\u00e1g. Autor  Antonio Fa\u00fandez Ugalde y Francisco Ossand\u00f3n Cerda<\/h2>\n\t<span class=\"price\"><span class=\"woocommerce-Price-amount amount\"><bdi><span class=\"woocommerce-Price-currencySymbol\">&#36;<\/span>35.990<\/bdi><\/span><\/span>\n<\/a><a href=\"\/index.php\/wp-json\/wp\/v2\/pages\/4845?add-to-cart=2846\" aria-describedby=\"woocommerce_loop_add_to_cart_link_describedby_2846\" data-quantity=\"1\" class=\"button product_type_simple add_to_cart_button ajax_add_to_cart\" data-product_id=\"2846\" data-product_sku=\"9788411697170\" aria-label=\"Agregar al carrito: &ldquo;Tributaci\u00f3n en la Econom\u00eda Digital.  A\u00f1o Septiembre 2023\/ 396 P\u00e1g. Autor  Antonio Fa\u00fandez Ugalde y Francisco Ossand\u00f3n Cerda&rdquo;\" rel=\"nofollow\" data-success_message=\"&ldquo;Tributaci\u00f3n en la Econom\u00eda Digital.  A\u00f1o Septiembre 2023\/ 396 P\u00e1g. Autor  Antonio Fa\u00fandez Ugalde y Francisco Ossand\u00f3n Cerda&rdquo; se ha a\u00f1adido a tu carro\" role=\"button\">Agregar al carrito<\/a>\t<span id=\"woocommerce_loop_add_to_cart_link_describedby_2846\" class=\"screen-reader-text\">\n\t\t\t<\/span>\n<\/li>\n<li class=\"product type-product post-2827 status-publish instock product_cat-thomson-reuters product_cat-tributario has-post-thumbnail shipping-taxable purchasable product-type-simple\">\n\t<a href=\"https:\/\/bibliotecajuridicavirtual.cl\/index.php\/product\/tributacion-de-los-profesionales-independientes-y-de-las-sociedades-de-profesionales-2da-edicion-ano-2023-340-pag-autor-gonzalo-araya-ibanez\/\" class=\"woocommerce-LoopProduct-link woocommerce-loop-product__link\"><img loading=\"lazy\" decoding=\"async\" width=\"300\" height=\"307\" src=\"https:\/\/bibliotecajuridicavirtual.cl\/wp-content\/uploads\/2026\/02\/IMG_20230911_215744-300x307.jpg\" class=\"attachment-woocommerce_thumbnail size-woocommerce_thumbnail\" alt=\"Tributaci\u00f3n de los Profesionales Independientes y de las Sociedades de Profesionales - 2da Edici\u00f3n. A\u00f1o 2023\/ 340 P\u00e1g. Autor Gonzalo Araya Ib\u00e1\u00f1ez\" srcset=\"https:\/\/bibliotecajuridicavirtual.cl\/wp-content\/uploads\/2026\/02\/IMG_20230911_215744-300x307.jpg 300w, https:\/\/bibliotecajuridicavirtual.cl\/wp-content\/uploads\/2026\/02\/IMG_20230911_215744-600x614.jpg 600w, https:\/\/bibliotecajuridicavirtual.cl\/wp-content\/uploads\/2026\/02\/IMG_20230911_215744-64x65.jpg 64w, https:\/\/bibliotecajuridicavirtual.cl\/wp-content\/uploads\/2026\/02\/IMG_20230911_215744-293x300.jpg 293w, https:\/\/bibliotecajuridicavirtual.cl\/wp-content\/uploads\/2026\/02\/IMG_20230911_215744-1001x1024.jpg 1001w, https:\/\/bibliotecajuridicavirtual.cl\/wp-content\/uploads\/2026\/02\/IMG_20230911_215744-768x786.jpg 768w, https:\/\/bibliotecajuridicavirtual.cl\/wp-content\/uploads\/2026\/02\/IMG_20230911_215744.jpg 1080w\" sizes=\"(max-width: 300px) 100vw, 300px\" \/><h2 class=\"woocommerce-loop-product__title\">Tributaci\u00f3n de los Profesionales Independientes y de las Sociedades de Profesionales &#8211; 2da Edici\u00f3n. A\u00f1o 2023\/ 340 P\u00e1g. Autor Gonzalo Araya Ib\u00e1\u00f1ez<\/h2>\n\t<span class=\"price\"><span class=\"woocommerce-Price-amount amount\"><bdi><span class=\"woocommerce-Price-currencySymbol\">&#36;<\/span>47.338<\/bdi><\/span><\/span>\n<\/a><a href=\"\/index.php\/wp-json\/wp\/v2\/pages\/4845?add-to-cart=2827\" aria-describedby=\"woocommerce_loop_add_to_cart_link_describedby_2827\" data-quantity=\"1\" class=\"button product_type_simple add_to_cart_button ajax_add_to_cart\" data-product_id=\"2827\" data-product_sku=\"9789564003863\" aria-label=\"Agregar al carrito: &ldquo;Tributaci\u00f3n de los Profesionales Independientes y de las Sociedades de Profesionales - 2da Edici\u00f3n. A\u00f1o 2023\/ 340 P\u00e1g. Autor Gonzalo Araya Ib\u00e1\u00f1ez&rdquo;\" rel=\"nofollow\" data-success_message=\"&ldquo;Tributaci\u00f3n de los Profesionales Independientes y de las Sociedades de Profesionales - 2da Edici\u00f3n. A\u00f1o 2023\/ 340 P\u00e1g. Autor Gonzalo Araya Ib\u00e1\u00f1ez&rdquo; se ha a\u00f1adido a tu carro\" role=\"button\">Agregar al carrito<\/a>\t<span id=\"woocommerce_loop_add_to_cart_link_describedby_2827\" class=\"screen-reader-text\">\n\t\t\t<\/span>\n<\/li>\n<li class=\"product type-product post-2725 status-publish instock product_cat-tributario has-post-thumbnail shipping-taxable purchasable product-type-simple\">\n\t<a href=\"https:\/\/bibliotecajuridicavirtual.cl\/index.php\/product\/vision-jurisprudencial-juicio-ejecutivo-facturas-ano-marzo-2023-174-pag-autor-editorial-hammurabi\/\" class=\"woocommerce-LoopProduct-link woocommerce-loop-product__link\"><img loading=\"lazy\" decoding=\"async\" width=\"300\" height=\"300\" src=\"https:\/\/bibliotecajuridicavirtual.cl\/wp-content\/uploads\/2026\/02\/VISION-JURISPRUDENCIAL-JUICIO-EJECUTIVO-FACTURAS-300x300.png\" class=\"attachment-woocommerce_thumbnail size-woocommerce_thumbnail\" alt=\"Visi\u00f3n Jurisprudencial - Juicio Ejecutivo - Facturas. A\u00f1o Marzo 2023\/ 174 P\u00e1g. Autor \tEditorial Hammurabi\" srcset=\"https:\/\/bibliotecajuridicavirtual.cl\/wp-content\/uploads\/2026\/02\/VISION-JURISPRUDENCIAL-JUICIO-EJECUTIVO-FACTURAS-300x300.png 300w, https:\/\/bibliotecajuridicavirtual.cl\/wp-content\/uploads\/2026\/02\/VISION-JURISPRUDENCIAL-JUICIO-EJECUTIVO-FACTURAS-100x100.png 100w, https:\/\/bibliotecajuridicavirtual.cl\/wp-content\/uploads\/2026\/02\/VISION-JURISPRUDENCIAL-JUICIO-EJECUTIVO-FACTURAS-600x600.png 600w, https:\/\/bibliotecajuridicavirtual.cl\/wp-content\/uploads\/2026\/02\/VISION-JURISPRUDENCIAL-JUICIO-EJECUTIVO-FACTURAS-64x64.png 64w, https:\/\/bibliotecajuridicavirtual.cl\/wp-content\/uploads\/2026\/02\/VISION-JURISPRUDENCIAL-JUICIO-EJECUTIVO-FACTURAS-150x150.png 150w, https:\/\/bibliotecajuridicavirtual.cl\/wp-content\/uploads\/2026\/02\/VISION-JURISPRUDENCIAL-JUICIO-EJECUTIVO-FACTURAS.png 720w\" sizes=\"(max-width: 300px) 100vw, 300px\" \/><h2 class=\"woocommerce-loop-product__title\">Visi\u00f3n Jurisprudencial &#8211; Juicio Ejecutivo &#8211; Facturas. A\u00f1o Marzo 2023\/ 174 P\u00e1g. Autor \tEditorial Hammurabi<\/h2>\n\t<span class=\"price\"><span class=\"woocommerce-Price-amount amount\"><bdi><span class=\"woocommerce-Price-currencySymbol\">&#36;<\/span>30.000<\/bdi><\/span><\/span>\n<\/a><a href=\"\/index.php\/wp-json\/wp\/v2\/pages\/4845?add-to-cart=2725\" aria-describedby=\"woocommerce_loop_add_to_cart_link_describedby_2725\" data-quantity=\"1\" class=\"button product_type_simple add_to_cart_button ajax_add_to_cart\" data-product_id=\"2725\" data-product_sku=\"9789566234050\" aria-label=\"Agregar al carrito: &ldquo;Visi\u00f3n Jurisprudencial - Juicio Ejecutivo - Facturas. A\u00f1o Marzo 2023\/ 174 P\u00e1g. Autor \tEditorial Hammurabi&rdquo;\" rel=\"nofollow\" data-success_message=\"&ldquo;Visi\u00f3n Jurisprudencial - Juicio Ejecutivo - Facturas. A\u00f1o Marzo 2023\/ 174 P\u00e1g. Autor \tEditorial Hammurabi&rdquo; se ha a\u00f1adido a tu carro\" role=\"button\">Agregar al carrito<\/a>\t<span id=\"woocommerce_loop_add_to_cart_link_describedby_2725\" class=\"screen-reader-text\">\n\t\t\t<\/span>\n<\/li>\n<li class=\"product type-product post-2644 status-publish last instock product_cat-administrativo product_cat-civil product_cat-comercial product_cat-constitucional product_cat-derecho-ambiental product_cat-familia-y-del-menor product_cat-laboral product_cat-procesal-civil product_cat-thomson-reuters product_cat-tributario has-post-thumbnail shipping-taxable purchasable product-type-simple\">\n\t<a href=\"https:\/\/bibliotecajuridicavirtual.cl\/index.php\/product\/criterios-jurisprudenciales-de-los-tribunales-superiores-de-justicia-ano-2023-300-pag-autor-felipe-valenzuela-quiros\/\" class=\"woocommerce-LoopProduct-link woocommerce-loop-product__link\"><img loading=\"lazy\" decoding=\"async\" width=\"300\" height=\"388\" src=\"https:\/\/bibliotecajuridicavirtual.cl\/wp-content\/uploads\/2026\/02\/CRITERIOS-JURISPRUDENCIALES-DE-LOS-TRIBUNALES-300x388.png\" class=\"attachment-woocommerce_thumbnail size-woocommerce_thumbnail\" alt=\"Criterios Jurisprudenciales de los Tribunales Superiores de Justicia. A\u00f1o 2023\/ 300 P\u00e1g. Autor Felipe Valenzuela Quir\u00f3s\" srcset=\"https:\/\/bibliotecajuridicavirtual.cl\/wp-content\/uploads\/2026\/02\/CRITERIOS-JURISPRUDENCIALES-DE-LOS-TRIBUNALES-300x388.png 300w, https:\/\/bibliotecajuridicavirtual.cl\/wp-content\/uploads\/2026\/02\/CRITERIOS-JURISPRUDENCIALES-DE-LOS-TRIBUNALES-600x776.png 600w, https:\/\/bibliotecajuridicavirtual.cl\/wp-content\/uploads\/2026\/02\/CRITERIOS-JURISPRUDENCIALES-DE-LOS-TRIBUNALES-64x83.png 64w, https:\/\/bibliotecajuridicavirtual.cl\/wp-content\/uploads\/2026\/02\/CRITERIOS-JURISPRUDENCIALES-DE-LOS-TRIBUNALES-232x300.png 232w, https:\/\/bibliotecajuridicavirtual.cl\/wp-content\/uploads\/2026\/02\/CRITERIOS-JURISPRUDENCIALES-DE-LOS-TRIBUNALES.png 620w\" sizes=\"(max-width: 300px) 100vw, 300px\" \/><h2 class=\"woocommerce-loop-product__title\">Criterios Jurisprudenciales de los Tribunales Superiores de Justicia. A\u00f1o 2023\/ 300 P\u00e1g. Autor Felipe Valenzuela Quir\u00f3s<\/h2>\n\t<span class=\"price\"><span class=\"woocommerce-Price-amount amount\"><bdi><span class=\"woocommerce-Price-currencySymbol\">&#36;<\/span>41.900<\/bdi><\/span><\/span>\n<\/a><a href=\"\/index.php\/wp-json\/wp\/v2\/pages\/4845?add-to-cart=2644\" aria-describedby=\"woocommerce_loop_add_to_cart_link_describedby_2644\" data-quantity=\"1\" class=\"button product_type_simple add_to_cart_button ajax_add_to_cart\" data-product_id=\"2644\" data-product_sku=\"\" aria-label=\"Agregar al carrito: &ldquo;Criterios Jurisprudenciales de los Tribunales Superiores de Justicia. A\u00f1o 2023\/ 300 P\u00e1g. Autor Felipe Valenzuela Quir\u00f3s&rdquo;\" rel=\"nofollow\" data-success_message=\"&ldquo;Criterios Jurisprudenciales de los Tribunales Superiores de Justicia. A\u00f1o 2023\/ 300 P\u00e1g. Autor Felipe Valenzuela Quir\u00f3s&rdquo; se ha a\u00f1adido a tu carro\" role=\"button\">Agregar al carrito<\/a>\t<span id=\"woocommerce_loop_add_to_cart_link_describedby_2644\" class=\"screen-reader-text\">\n\t\t\t<\/span>\n<\/li>\n<li class=\"product type-product post-2636 status-publish first instock product_cat-tributario has-post-thumbnail shipping-taxable purchasable product-type-simple\">\n\t<a href=\"https:\/\/bibliotecajuridicavirtual.cl\/index.php\/product\/manual-practico-de-impuesto-de-herencias-2da-edicion-actualizada-junio-2023-548-pag-autor-milenio-zurita-rojas\/\" class=\"woocommerce-LoopProduct-link woocommerce-loop-product__link\"><img loading=\"lazy\" decoding=\"async\" width=\"300\" height=\"386\" src=\"https:\/\/bibliotecajuridicavirtual.cl\/wp-content\/uploads\/2026\/02\/IMG_20230706_145016-300x386.jpg\" class=\"attachment-woocommerce_thumbnail size-woocommerce_thumbnail\" alt=\"Manual Pr\u00e1ctico de Impuesto de Herencias - 2da Edici\u00f3n Actualizada Junio 2023\/ 548 P\u00e1g. Autor Milenio Zurita Rojas\" srcset=\"https:\/\/bibliotecajuridicavirtual.cl\/wp-content\/uploads\/2026\/02\/IMG_20230706_145016-300x386.jpg 300w, https:\/\/bibliotecajuridicavirtual.cl\/wp-content\/uploads\/2026\/02\/IMG_20230706_145016-600x772.jpg 600w, https:\/\/bibliotecajuridicavirtual.cl\/wp-content\/uploads\/2026\/02\/IMG_20230706_145016-64x82.jpg 64w, https:\/\/bibliotecajuridicavirtual.cl\/wp-content\/uploads\/2026\/02\/IMG_20230706_145016-233x300.jpg 233w, https:\/\/bibliotecajuridicavirtual.cl\/wp-content\/uploads\/2026\/02\/IMG_20230706_145016-796x1024.jpg 796w, https:\/\/bibliotecajuridicavirtual.cl\/wp-content\/uploads\/2026\/02\/IMG_20230706_145016-768x988.jpg 768w, https:\/\/bibliotecajuridicavirtual.cl\/wp-content\/uploads\/2026\/02\/IMG_20230706_145016.jpg 1080w\" sizes=\"(max-width: 300px) 100vw, 300px\" \/><h2 class=\"woocommerce-loop-product__title\">Manual Pr\u00e1ctico de Impuesto de Herencias &#8211; 2da Edici\u00f3n Actualizada Junio 2023\/ 548 P\u00e1g. Autor Milenio Zurita Rojas<\/h2>\n\t<span class=\"price\"><span class=\"woocommerce-Price-amount amount\"><bdi><span class=\"woocommerce-Price-currencySymbol\">&#36;<\/span>49.000<\/bdi><\/span><\/span>\n<\/a><a href=\"\/index.php\/wp-json\/wp\/v2\/pages\/4845?add-to-cart=2636\" aria-describedby=\"woocommerce_loop_add_to_cart_link_describedby_2636\" data-quantity=\"1\" class=\"button product_type_simple add_to_cart_button ajax_add_to_cart\" data-product_id=\"2636\" data-product_sku=\"9789566170242\" aria-label=\"Agregar al carrito: &ldquo;Manual Pr\u00e1ctico de Impuesto de Herencias - 2da Edici\u00f3n Actualizada Junio 2023\/ 548 P\u00e1g. Autor Milenio Zurita Rojas&rdquo;\" rel=\"nofollow\" data-success_message=\"&ldquo;Manual Pr\u00e1ctico de Impuesto de Herencias - 2da Edici\u00f3n Actualizada Junio 2023\/ 548 P\u00e1g. Autor Milenio Zurita Rojas&rdquo; se ha a\u00f1adido a tu carro\" role=\"button\">Agregar al carrito<\/a>\t<span id=\"woocommerce_loop_add_to_cart_link_describedby_2636\" class=\"screen-reader-text\">\n\t\t\t<\/span>\n<\/li>\n<li class=\"product type-product post-2623 status-publish instock product_cat-derecho product_cat-tributario has-post-thumbnail shipping-taxable purchasable product-type-simple\">\n\t<a href=\"https:\/\/bibliotecajuridicavirtual.cl\/index.php\/product\/curso-de-iva-ernesto-rencoret-orrego-ernesto-rencoret-orrego-tercera-edicion-ano-2025-448-paginas\/\" class=\"woocommerce-LoopProduct-link woocommerce-loop-product__link\"><img loading=\"lazy\" decoding=\"async\" width=\"300\" height=\"200\" src=\"https:\/\/bibliotecajuridicavirtual.cl\/wp-content\/uploads\/2026\/02\/CURSO-DE-IVA-LIBROMAR-2026-300x200.jpg\" class=\"attachment-woocommerce_thumbnail size-woocommerce_thumbnail\" alt=\"Curso de Iva - Ernesto Rencoret Orrego * Ernesto Rencoret Orrego - tercera edici\u00f3n a\u00f1o 2025 * 448 P\u00e1ginas\" srcset=\"https:\/\/bibliotecajuridicavirtual.cl\/wp-content\/uploads\/2026\/02\/CURSO-DE-IVA-LIBROMAR-2026-300x200.jpg 300w, https:\/\/bibliotecajuridicavirtual.cl\/wp-content\/uploads\/2026\/02\/CURSO-DE-IVA-LIBROMAR-2026-600x400.jpg 600w, https:\/\/bibliotecajuridicavirtual.cl\/wp-content\/uploads\/2026\/02\/CURSO-DE-IVA-LIBROMAR-2026-64x43.jpg 64w, https:\/\/bibliotecajuridicavirtual.cl\/wp-content\/uploads\/2026\/02\/CURSO-DE-IVA-LIBROMAR-2026.jpg 696w\" sizes=\"(max-width: 300px) 100vw, 300px\" \/><h2 class=\"woocommerce-loop-product__title\">Curso de Iva &#8211; Ernesto Rencoret Orrego * Ernesto Rencoret Orrego &#8211; tercera edici\u00f3n a\u00f1o 2025 * 448 P\u00e1ginas<\/h2>\n\t<span class=\"price\"><span class=\"woocommerce-Price-amount amount\"><bdi><span class=\"woocommerce-Price-currencySymbol\">&#36;<\/span>49.000<\/bdi><\/span><\/span>\n<\/a><a href=\"\/index.php\/wp-json\/wp\/v2\/pages\/4845?add-to-cart=2623\" aria-describedby=\"woocommerce_loop_add_to_cart_link_describedby_2623\" data-quantity=\"1\" class=\"button product_type_simple add_to_cart_button ajax_add_to_cart\" data-product_id=\"2623\" data-product_sku=\"9789566170679\" aria-label=\"Agregar al carrito: &ldquo;Curso de Iva - Ernesto Rencoret Orrego * Ernesto Rencoret Orrego - tercera edici\u00f3n a\u00f1o 2025 * 448 P\u00e1ginas&rdquo;\" rel=\"nofollow\" data-success_message=\"&ldquo;Curso de Iva - Ernesto Rencoret Orrego * Ernesto Rencoret Orrego - tercera edici\u00f3n a\u00f1o 2025 * 448 P\u00e1ginas&rdquo; se ha a\u00f1adido a tu carro\" role=\"button\">Agregar al carrito<\/a>\t<span id=\"woocommerce_loop_add_to_cart_link_describedby_2623\" class=\"screen-reader-text\">\n\t\t\t<\/span>\n<\/li>\n<li class=\"product type-product post-2593 status-publish instock product_cat-derecho product_cat-tributario has-post-thumbnail shipping-taxable purchasable product-type-simple\">\n\t<a href=\"https:\/\/bibliotecajuridicavirtual.cl\/index.php\/product\/manual-de-iva-gonzalo-falcon-romero-diciembre-ano-2025-488-paginas-2\/\" class=\"woocommerce-LoopProduct-link woocommerce-loop-product__link\"><img loading=\"lazy\" decoding=\"async\" width=\"300\" height=\"200\" src=\"https:\/\/bibliotecajuridicavirtual.cl\/wp-content\/uploads\/2026\/02\/MANUAL-DE-IVA-LIBROMAR-2026-300x200.jpg\" class=\"attachment-woocommerce_thumbnail size-woocommerce_thumbnail\" alt=\"Manual de IVA * Gonzalo Falc\u00f3n Romero - Diciembre a\u00f1o 2025 * 488 P\u00e1ginas\" srcset=\"https:\/\/bibliotecajuridicavirtual.cl\/wp-content\/uploads\/2026\/02\/MANUAL-DE-IVA-LIBROMAR-2026-300x200.jpg 300w, https:\/\/bibliotecajuridicavirtual.cl\/wp-content\/uploads\/2026\/02\/MANUAL-DE-IVA-LIBROMAR-2026-600x400.jpg 600w, https:\/\/bibliotecajuridicavirtual.cl\/wp-content\/uploads\/2026\/02\/MANUAL-DE-IVA-LIBROMAR-2026-64x43.jpg 64w, https:\/\/bibliotecajuridicavirtual.cl\/wp-content\/uploads\/2026\/02\/MANUAL-DE-IVA-LIBROMAR-2026.jpg 696w\" sizes=\"(max-width: 300px) 100vw, 300px\" \/><h2 class=\"woocommerce-loop-product__title\">Manual de IVA * Gonzalo Falc\u00f3n Romero &#8211; Diciembre a\u00f1o 2025 * 488 P\u00e1ginas<\/h2>\n\t<span class=\"price\"><span class=\"woocommerce-Price-amount amount\"><bdi><span class=\"woocommerce-Price-currencySymbol\">&#36;<\/span>50.000<\/bdi><\/span><\/span>\n<\/a><a href=\"\/index.php\/wp-json\/wp\/v2\/pages\/4845?add-to-cart=2593\" aria-describedby=\"woocommerce_loop_add_to_cart_link_describedby_2593\" data-quantity=\"1\" class=\"button product_type_simple add_to_cart_button ajax_add_to_cart\" data-product_id=\"2593\" data-product_sku=\"\" aria-label=\"Agregar al carrito: &ldquo;Manual de IVA * Gonzalo Falc\u00f3n Romero - Diciembre a\u00f1o 2025 * 488 P\u00e1ginas&rdquo;\" rel=\"nofollow\" data-success_message=\"&ldquo;Manual de IVA * Gonzalo Falc\u00f3n Romero - Diciembre a\u00f1o 2025 * 488 P\u00e1ginas&rdquo; se ha a\u00f1adido a tu carro\" role=\"button\">Agregar al carrito<\/a>\t<span id=\"woocommerce_loop_add_to_cart_link_describedby_2593\" class=\"screen-reader-text\">\n\t\t\t<\/span>\n<\/li>\n<li class=\"product type-product post-2412 status-publish last instock product_cat-derecho product_cat-tributario has-post-thumbnail shipping-taxable purchasable product-type-simple\">\n\t<a href=\"https:\/\/bibliotecajuridicavirtual.cl\/index.php\/product\/manual-de-reorganizaciones-empresariales-y-sus-efectos-tributarios-david-lagos-fernandez-agosto-ano-2025-328-pag\/\" class=\"woocommerce-LoopProduct-link woocommerce-loop-product__link\"><img loading=\"lazy\" decoding=\"async\" width=\"300\" height=\"200\" src=\"https:\/\/bibliotecajuridicavirtual.cl\/wp-content\/uploads\/2026\/02\/MANUAL-DE-REORGANIZACIONES-EMPRESARIALES-CEPET-2025-300x200.jpg\" class=\"attachment-woocommerce_thumbnail size-woocommerce_thumbnail\" alt=\"Manual de Reorganizaciones Empresariales y sus Efectos Tributarios * David Lagos Fern\u00e1ndez - Agosto a\u00f1o 2025 - 328 P\u00e1g.\" srcset=\"https:\/\/bibliotecajuridicavirtual.cl\/wp-content\/uploads\/2026\/02\/MANUAL-DE-REORGANIZACIONES-EMPRESARIALES-CEPET-2025-300x200.jpg 300w, https:\/\/bibliotecajuridicavirtual.cl\/wp-content\/uploads\/2026\/02\/MANUAL-DE-REORGANIZACIONES-EMPRESARIALES-CEPET-2025-600x400.jpg 600w, https:\/\/bibliotecajuridicavirtual.cl\/wp-content\/uploads\/2026\/02\/MANUAL-DE-REORGANIZACIONES-EMPRESARIALES-CEPET-2025-64x43.jpg 64w, https:\/\/bibliotecajuridicavirtual.cl\/wp-content\/uploads\/2026\/02\/MANUAL-DE-REORGANIZACIONES-EMPRESARIALES-CEPET-2025.jpg 696w\" sizes=\"(max-width: 300px) 100vw, 300px\" \/><h2 class=\"woocommerce-loop-product__title\">Manual de Reorganizaciones Empresariales y sus Efectos Tributarios * David Lagos Fern\u00e1ndez &#8211; Agosto a\u00f1o 2025 &#8211; 328 P\u00e1g.<\/h2>\n\t<span class=\"price\"><span class=\"woocommerce-Price-amount amount\"><bdi><span class=\"woocommerce-Price-currencySymbol\">&#36;<\/span>45.000<\/bdi><\/span><\/span>\n<\/a><a href=\"\/index.php\/wp-json\/wp\/v2\/pages\/4845?add-to-cart=2412\" aria-describedby=\"woocommerce_loop_add_to_cart_link_describedby_2412\" data-quantity=\"1\" class=\"button product_type_simple add_to_cart_button ajax_add_to_cart\" data-product_id=\"2412\" data-product_sku=\"789567583683\" aria-label=\"Agregar al carrito: &ldquo;Manual de Reorganizaciones Empresariales y sus Efectos Tributarios * David Lagos Fern\u00e1ndez - Agosto a\u00f1o 2025 - 328 P\u00e1g.&rdquo;\" rel=\"nofollow\" data-success_message=\"&ldquo;Manual de Reorganizaciones Empresariales y sus Efectos Tributarios * David Lagos Fern\u00e1ndez - Agosto a\u00f1o 2025 - 328 P\u00e1g.&rdquo; se ha a\u00f1adido a tu carro\" role=\"button\">Agregar al carrito<\/a>\t<span id=\"woocommerce_loop_add_to_cart_link_describedby_2412\" class=\"screen-reader-text\">\n\t\t\t<\/span>\n<\/li>\n<\/ul>\n<nav class=\"woocommerce-pagination\" aria-label=\"Paginaci\u00f3n de producto\">\n\t<ul class='page-numbers'>\n\t<li><span aria-label=\"P\u00e1gina 1\" aria-current=\"page\" class=\"page-numbers current\">1<\/span><\/li>\n\t<li><a aria-label=\"P\u00e1gina 2\" class=\"page-numbers\" href=\"\/index.php\/wp-json\/wp\/v2\/pages\/4845?product-page=2\">2<\/a><\/li>\n\t<li><a class=\"next page-numbers\" href=\"\/index.php\/wp-json\/wp\/v2\/pages\/4845?product-page=2\">&rarr;<\/a><\/li>\n<\/ul>\n<\/nav>\n<\/div>\t\t\t\t<\/div>\n\t\t\t\t<\/div>\n\t\t\t\t\t<\/div>\n\t\t\t\t<\/div>\n\t\t\t\t<\/div>\n\t\t","protected":false},"excerpt":{"rendered":"<p>Derecho \/ Tributario<\/p>\n","protected":false},"author":2,"featured_media":0,"parent":0,"menu_order":0,"comment_status":"closed","ping_status":"closed","template":"elementor_header_footer","meta":{"inline_featured_image":false,"_joinchat":[],"footnotes":""},"class_list":["post-4845","page","type-page","status-publish","hentry"],"_links":{"self":[{"href":"https:\/\/bibliotecajuridicavirtual.cl\/index.php\/wp-json\/wp\/v2\/pages\/4845","targetHints":{"allow":["GET"]}}],"collection":[{"href":"https:\/\/bibliotecajuridicavirtual.cl\/index.php\/wp-json\/wp\/v2\/pages"}],"about":[{"href":"https:\/\/bibliotecajuridicavirtual.cl\/index.php\/wp-json\/wp\/v2\/types\/page"}],"author":[{"embeddable":true,"href":"https:\/\/bibliotecajuridicavirtual.cl\/index.php\/wp-json\/wp\/v2\/users\/2"}],"replies":[{"embeddable":true,"href":"https:\/\/bibliotecajuridicavirtual.cl\/index.php\/wp-json\/wp\/v2\/comments?post=4845"}],"version-history":[{"count":4,"href":"https:\/\/bibliotecajuridicavirtual.cl\/index.php\/wp-json\/wp\/v2\/pages\/4845\/revisions"}],"predecessor-version":[{"id":4850,"href":"https:\/\/bibliotecajuridicavirtual.cl\/index.php\/wp-json\/wp\/v2\/pages\/4845\/revisions\/4850"}],"wp:attachment":[{"href":"https:\/\/bibliotecajuridicavirtual.cl\/index.php\/wp-json\/wp\/v2\/media?parent=4845"}],"curies":[{"name":"wp","href":"https:\/\/api.w.org\/{rel}","templated":true}]}}