{"id":4857,"date":"2026-03-03T10:56:08","date_gmt":"2026-03-03T13:56:08","guid":{"rendered":"https:\/\/bibliotecajuridicavirtual.cl\/?page_id=4857"},"modified":"2026-03-03T10:56:47","modified_gmt":"2026-03-03T13:56:47","slug":"derecho-ambiental","status":"publish","type":"page","link":"https:\/\/bibliotecajuridicavirtual.cl\/index.php\/derecho-ambiental\/","title":{"rendered":"Derecho Ambiental"},"content":{"rendered":"\t\t<div data-elementor-type=\"wp-page\" data-elementor-id=\"4857\" class=\"elementor elementor-4857\" data-elementor-post-type=\"page\">\n\t\t\t\t<div class=\"elementor-element elementor-element-9c9d28b e-flex e-con-boxed wpr-particle-no wpr-jarallax-no wpr-parallax-no wpr-sticky-section-no wpr-equal-height-no e-con e-parent\" data-id=\"9c9d28b\" data-element_type=\"container\" data-e-type=\"container\" data-settings=\"{&quot;background_background&quot;:&quot;classic&quot;}\">\n\t\t\t\t\t<div class=\"e-con-inner\">\n\t\t<div class=\"elementor-element elementor-element-be2bb4d e-con-full e-flex wpr-particle-no wpr-jarallax-no wpr-parallax-no wpr-sticky-section-no wpr-equal-height-no e-con e-child\" data-id=\"be2bb4d\" data-element_type=\"container\" data-e-type=\"container\">\n\t\t\t\t<div class=\"elementor-element elementor-element-5da4f87 elementor-widget elementor-widget-heading\" data-id=\"5da4f87\" data-element_type=\"widget\" data-e-type=\"widget\" data-widget_type=\"heading.default\">\n\t\t\t\t<div class=\"elementor-widget-container\">\n\t\t\t\t\t<h1 class=\"elementor-heading-title elementor-size-default\">Derecho \/ Ambiental<\/h1>\t\t\t\t<\/div>\n\t\t\t\t<\/div>\n\t\t\t\t<\/div>\n\t\t\t\t\t<\/div>\n\t\t\t\t<\/div>\n\t\t<div class=\"elementor-element elementor-element-f536256 e-flex e-con-boxed wpr-particle-no wpr-jarallax-no wpr-parallax-no wpr-sticky-section-no wpr-equal-height-no e-con e-parent\" data-id=\"f536256\" data-element_type=\"container\" data-e-type=\"container\">\n\t\t\t\t\t<div class=\"e-con-inner\">\n\t\t\t\t<div class=\"elementor-element elementor-element-d08b61d elementor-product-loop-item--align-center elementor-grid-4 elementor-grid-tablet-3 elementor-grid-mobile-2 elementor-products-grid elementor-wc-products elementor-show-pagination-border-yes elementor-widget elementor-widget-woocommerce-products\" data-id=\"d08b61d\" data-element_type=\"widget\" data-e-type=\"widget\" data-widget_type=\"woocommerce-products.default\">\n\t\t\t\t<div class=\"elementor-widget-container\">\n\t\t\t\t\t<div class=\"woocommerce columns-4 \"><div class=\"woocommerce-notices-wrapper\"><\/div><ul class=\"products elementor-grid columns-4\">\n<li class=\"product type-product post-4277 status-publish first instock product_cat-derecho-ambiental product_cat-editorial-rubicon has-post-thumbnail shipping-taxable purchasable product-type-simple\">\n\t<a href=\"https:\/\/bibliotecajuridicavirtual.cl\/index.php\/product\/jurisprudencia-ambiental-destacada-ano-2019-469-pag-autor-yeny-carolina-silva-barria\/\" class=\"woocommerce-LoopProduct-link woocommerce-loop-product__link\"><img decoding=\"async\" width=\"300\" height=\"137\" src=\"https:\/\/bibliotecajuridicavirtual.cl\/wp-content\/uploads\/2026\/02\/JURISPRUDENCIA-AMBIENTAL-DESTACADA-300x137.png\" class=\"attachment-woocommerce_thumbnail size-woocommerce_thumbnail\" alt=\"Jurisprudencia Ambiental Destacada. A\u00f1o 2019\/469 P\u00e1g. Autor Yeny Carolina Silva Barria\" srcset=\"https:\/\/bibliotecajuridicavirtual.cl\/wp-content\/uploads\/2026\/02\/JURISPRUDENCIA-AMBIENTAL-DESTACADA-300x137.png 300w, https:\/\/bibliotecajuridicavirtual.cl\/wp-content\/uploads\/2026\/02\/JURISPRUDENCIA-AMBIENTAL-DESTACADA-600x275.png 600w, https:\/\/bibliotecajuridicavirtual.cl\/wp-content\/uploads\/2026\/02\/JURISPRUDENCIA-AMBIENTAL-DESTACADA-64x29.png 64w, https:\/\/bibliotecajuridicavirtual.cl\/wp-content\/uploads\/2026\/02\/JURISPRUDENCIA-AMBIENTAL-DESTACADA-768x352.png 768w, https:\/\/bibliotecajuridicavirtual.cl\/wp-content\/uploads\/2026\/02\/JURISPRUDENCIA-AMBIENTAL-DESTACADA.png 786w\" sizes=\"(max-width: 300px) 100vw, 300px\" \/><h2 class=\"woocommerce-loop-product__title\">Jurisprudencia Ambiental Destacada. A\u00f1o 2019\/469 P\u00e1g. Autor Yeny Carolina Silva Barria<\/h2>\n\t<span class=\"price\"><span class=\"woocommerce-Price-amount amount\"><bdi><span class=\"woocommerce-Price-currencySymbol\">&#36;<\/span>33.500<\/bdi><\/span><\/span>\n<\/a><a href=\"\/index.php\/wp-json\/wp\/v2\/pages\/4857?add-to-cart=4277\" aria-describedby=\"woocommerce_loop_add_to_cart_link_describedby_4277\" data-quantity=\"1\" class=\"button product_type_simple add_to_cart_button ajax_add_to_cart\" data-product_id=\"4277\" data-product_sku=\"9789569947278\" aria-label=\"Agregar al carrito: &ldquo;Jurisprudencia Ambiental Destacada. A\u00f1o 2019\/469 P\u00e1g. Autor Yeny Carolina Silva Barria&rdquo;\" rel=\"nofollow\" data-success_message=\"&ldquo;Jurisprudencia Ambiental Destacada. A\u00f1o 2019\/469 P\u00e1g. Autor Yeny Carolina Silva Barria&rdquo; se ha a\u00f1adido a tu carro\" role=\"button\">Agregar al carrito<\/a>\t<span id=\"woocommerce_loop_add_to_cart_link_describedby_4277\" class=\"screen-reader-text\">\n\t\t\t<\/span>\n<\/li>\n<li class=\"product type-product post-4128 status-publish instock product_cat-derecho-ambiental has-post-thumbnail shipping-taxable purchasable product-type-simple\">\n\t<a href=\"https:\/\/bibliotecajuridicavirtual.cl\/index.php\/product\/crisis-institucional-del-agua-descripcion-del-modelo-juridico-critica-a-la-burocracia-y-necesidad-de-tribunales-especiales-ano-2015-255-pag-autor-alejandro-vergara\/\" class=\"woocommerce-LoopProduct-link woocommerce-loop-product__link\"><img fetchpriority=\"high\" decoding=\"async\" width=\"300\" height=\"416\" src=\"https:\/\/bibliotecajuridicavirtual.cl\/wp-content\/uploads\/2026\/02\/CRISIS-INSTITUCIONAL-DE-AGUA-300x416.png\" class=\"attachment-woocommerce_thumbnail size-woocommerce_thumbnail\" alt=\"CRISIS INSTITUCIONAL DEL AGUA. Descripci\u00f3n del modelo jur\u00eddico, cr\u00edtica a la burocracia y necesidad de tribunales especiales. A\u00f1o 2015\/ 255 P\u00e1g. Autor  Alejandro Vergara\" srcset=\"https:\/\/bibliotecajuridicavirtual.cl\/wp-content\/uploads\/2026\/02\/CRISIS-INSTITUCIONAL-DE-AGUA-300x416.png 300w, https:\/\/bibliotecajuridicavirtual.cl\/wp-content\/uploads\/2026\/02\/CRISIS-INSTITUCIONAL-DE-AGUA-64x89.png 64w, https:\/\/bibliotecajuridicavirtual.cl\/wp-content\/uploads\/2026\/02\/CRISIS-INSTITUCIONAL-DE-AGUA-216x300.png 216w, https:\/\/bibliotecajuridicavirtual.cl\/wp-content\/uploads\/2026\/02\/CRISIS-INSTITUCIONAL-DE-AGUA.png 409w\" sizes=\"(max-width: 300px) 100vw, 300px\" \/><h2 class=\"woocommerce-loop-product__title\">CRISIS INSTITUCIONAL DEL AGUA. Descripci\u00f3n del modelo jur\u00eddico, cr\u00edtica a la burocracia y necesidad de tribunales especiales. A\u00f1o 2015\/ 255 P\u00e1g. Autor  Alejandro Vergara<\/h2>\n\t<span class=\"price\"><span class=\"woocommerce-Price-amount amount\"><bdi><span class=\"woocommerce-Price-currencySymbol\">&#36;<\/span>16.800<\/bdi><\/span><\/span>\n<\/a><a href=\"\/index.php\/wp-json\/wp\/v2\/pages\/4857?add-to-cart=4128\" aria-describedby=\"woocommerce_loop_add_to_cart_link_describedby_4128\" data-quantity=\"1\" class=\"button product_type_simple add_to_cart_button ajax_add_to_cart\" data-product_id=\"4128\" data-product_sku=\"9789561416260\" aria-label=\"Agregar al carrito: &ldquo;CRISIS INSTITUCIONAL DEL AGUA. Descripci\u00f3n del modelo jur\u00eddico, cr\u00edtica a la burocracia y necesidad de tribunales especiales. A\u00f1o 2015\/ 255 P\u00e1g. Autor  Alejandro Vergara&rdquo;\" rel=\"nofollow\" data-success_message=\"&ldquo;CRISIS INSTITUCIONAL DEL AGUA. Descripci\u00f3n del modelo jur\u00eddico, cr\u00edtica a la burocracia y necesidad de tribunales especiales. A\u00f1o 2015\/ 255 P\u00e1g. Autor  Alejandro Vergara&rdquo; se ha a\u00f1adido a tu carro\" role=\"button\">Agregar al carrito<\/a>\t<span id=\"woocommerce_loop_add_to_cart_link_describedby_4128\" class=\"screen-reader-text\">\n\t\t\t<\/span>\n<\/li>\n<li class=\"product type-product post-4096 status-publish instock product_cat-derecho-ambiental has-post-thumbnail shipping-taxable purchasable product-type-simple\">\n\t<a href=\"https:\/\/bibliotecajuridicavirtual.cl\/index.php\/product\/derecho-minero-identidad-y-transformaciones-ano-2017-386-pag-autor-alejandro-vergara\/\" class=\"woocommerce-LoopProduct-link woocommerce-loop-product__link\"><img decoding=\"async\" width=\"281\" height=\"395\" src=\"https:\/\/bibliotecajuridicavirtual.cl\/wp-content\/uploads\/2026\/02\/DERECHO-MINERO.png\" class=\"attachment-woocommerce_thumbnail size-woocommerce_thumbnail\" alt=\"Derecho  Minero. Identidad y Transformaciones. A\u00f1o 2017 \/ 386 P\u00e1g. Autor Alejandro Vergara\" srcset=\"https:\/\/bibliotecajuridicavirtual.cl\/wp-content\/uploads\/2026\/02\/DERECHO-MINERO.png 281w, https:\/\/bibliotecajuridicavirtual.cl\/wp-content\/uploads\/2026\/02\/DERECHO-MINERO-64x90.png 64w, https:\/\/bibliotecajuridicavirtual.cl\/wp-content\/uploads\/2026\/02\/DERECHO-MINERO-213x300.png 213w\" sizes=\"(max-width: 281px) 100vw, 281px\" \/><h2 class=\"woocommerce-loop-product__title\">Derecho  Minero. Identidad y Transformaciones. A\u00f1o 2017 \/ 386 P\u00e1g. Autor Alejandro Vergara<\/h2>\n\t<span class=\"price\"><span class=\"woocommerce-Price-amount amount\"><bdi><span class=\"woocommerce-Price-currencySymbol\">&#36;<\/span>21.600<\/bdi><\/span><\/span>\n<\/a><a href=\"\/index.php\/wp-json\/wp\/v2\/pages\/4857?add-to-cart=4096\" aria-describedby=\"woocommerce_loop_add_to_cart_link_describedby_4096\" data-quantity=\"1\" class=\"button product_type_simple add_to_cart_button ajax_add_to_cart\" data-product_id=\"4096\" data-product_sku=\"9789561422094\" aria-label=\"Agregar al carrito: &ldquo;Derecho  Minero. Identidad y Transformaciones. A\u00f1o 2017 \/ 386 P\u00e1g. Autor Alejandro Vergara&rdquo;\" rel=\"nofollow\" data-success_message=\"&ldquo;Derecho  Minero. Identidad y Transformaciones. A\u00f1o 2017 \/ 386 P\u00e1g. Autor Alejandro Vergara&rdquo; se ha a\u00f1adido a tu carro\" role=\"button\">Agregar al carrito<\/a>\t<span id=\"woocommerce_loop_add_to_cart_link_describedby_4096\" class=\"screen-reader-text\">\n\t\t\t<\/span>\n<\/li>\n<li class=\"product type-product post-4094 status-publish last instock product_cat-derecho-ambiental has-post-thumbnail shipping-taxable purchasable product-type-simple\">\n\t<a href=\"https:\/\/bibliotecajuridicavirtual.cl\/index.php\/product\/derecho-de-energia-identidad-y-transformaciones-ano-2017-278-pag-autor-alejandro-vergara\/\" class=\"woocommerce-LoopProduct-link woocommerce-loop-product__link\"><img loading=\"lazy\" decoding=\"async\" width=\"297\" height=\"403\" src=\"https:\/\/bibliotecajuridicavirtual.cl\/wp-content\/uploads\/2026\/02\/DERECHO-DE-ENERGIA-IDENTIDAD-Y-tRANSFORMACIONES.png\" class=\"attachment-woocommerce_thumbnail size-woocommerce_thumbnail\" alt=\"Derecho de Energia. Identidad y Transformaciones. A\u00f1o 2017\/ 278 P\u00e1g. Autor Alejandro Vergara\" srcset=\"https:\/\/bibliotecajuridicavirtual.cl\/wp-content\/uploads\/2026\/02\/DERECHO-DE-ENERGIA-IDENTIDAD-Y-tRANSFORMACIONES.png 297w, https:\/\/bibliotecajuridicavirtual.cl\/wp-content\/uploads\/2026\/02\/DERECHO-DE-ENERGIA-IDENTIDAD-Y-tRANSFORMACIONES-64x87.png 64w, https:\/\/bibliotecajuridicavirtual.cl\/wp-content\/uploads\/2026\/02\/DERECHO-DE-ENERGIA-IDENTIDAD-Y-tRANSFORMACIONES-221x300.png 221w\" sizes=\"(max-width: 297px) 100vw, 297px\" \/><h2 class=\"woocommerce-loop-product__title\">Derecho de Energia. Identidad y Transformaciones. A\u00f1o 2017\/ 278 P\u00e1g. Autor Alejandro Vergara<\/h2>\n\t<span class=\"price\"><span class=\"woocommerce-Price-amount amount\"><bdi><span class=\"woocommerce-Price-currencySymbol\">&#36;<\/span>18.000<\/bdi><\/span><\/span>\n<\/a><a href=\"\/index.php\/wp-json\/wp\/v2\/pages\/4857?add-to-cart=4094\" aria-describedby=\"woocommerce_loop_add_to_cart_link_describedby_4094\" data-quantity=\"1\" class=\"button product_type_simple add_to_cart_button ajax_add_to_cart\" data-product_id=\"4094\" data-product_sku=\"9789561422087\" aria-label=\"Agregar al carrito: &ldquo;Derecho de Energia. Identidad y Transformaciones. A\u00f1o 2017\/ 278 P\u00e1g. Autor Alejandro Vergara&rdquo;\" rel=\"nofollow\" data-success_message=\"&ldquo;Derecho de Energia. Identidad y Transformaciones. A\u00f1o 2017\/ 278 P\u00e1g. Autor Alejandro Vergara&rdquo; se ha a\u00f1adido a tu carro\" role=\"button\">Agregar al carrito<\/a>\t<span id=\"woocommerce_loop_add_to_cart_link_describedby_4094\" class=\"screen-reader-text\">\n\t\t\t<\/span>\n<\/li>\n<li class=\"product type-product post-4081 status-publish first instock product_cat-derecho-ambiental has-post-thumbnail shipping-taxable purchasable product-type-simple\">\n\t<a href=\"https:\/\/bibliotecajuridicavirtual.cl\/index.php\/product\/la-responsabilidad-por-dano-ambiental-ano-2017-476-pag-autor-jorge-femenias\/\" class=\"woocommerce-LoopProduct-link woocommerce-loop-product__link\"><img loading=\"lazy\" decoding=\"async\" width=\"300\" height=\"431\" src=\"https:\/\/bibliotecajuridicavirtual.cl\/wp-content\/uploads\/2026\/02\/LA-RESPONSABILIDAD-POR-DANO-AMBIENTAL-300x431.png\" class=\"attachment-woocommerce_thumbnail size-woocommerce_thumbnail\" alt=\"La Responsabilidad por Da\u00f1o Ambiental. A\u00f1o 2017 \/ 476 P\u00e1g. Autor Jorge Femen\u00edas\" srcset=\"https:\/\/bibliotecajuridicavirtual.cl\/wp-content\/uploads\/2026\/02\/LA-RESPONSABILIDAD-POR-DANO-AMBIENTAL-300x431.png 300w, https:\/\/bibliotecajuridicavirtual.cl\/wp-content\/uploads\/2026\/02\/LA-RESPONSABILIDAD-POR-DANO-AMBIENTAL-64x92.png 64w, https:\/\/bibliotecajuridicavirtual.cl\/wp-content\/uploads\/2026\/02\/LA-RESPONSABILIDAD-POR-DANO-AMBIENTAL-209x300.png 209w, https:\/\/bibliotecajuridicavirtual.cl\/wp-content\/uploads\/2026\/02\/LA-RESPONSABILIDAD-POR-DANO-AMBIENTAL.png 321w\" sizes=\"(max-width: 300px) 100vw, 300px\" \/><h2 class=\"woocommerce-loop-product__title\">La Responsabilidad por Da\u00f1o Ambiental. A\u00f1o 2017 \/ 476 P\u00e1g. Autor Jorge Femen\u00edas<\/h2>\n\t<span class=\"price\"><span class=\"woocommerce-Price-amount amount\"><bdi><span class=\"woocommerce-Price-currencySymbol\">&#36;<\/span>26.500<\/bdi><\/span><\/span>\n<\/a><a href=\"\/index.php\/wp-json\/wp\/v2\/pages\/4857?add-to-cart=4081\" aria-describedby=\"woocommerce_loop_add_to_cart_link_describedby_4081\" data-quantity=\"1\" class=\"button product_type_simple add_to_cart_button ajax_add_to_cart\" data-product_id=\"4081\" data-product_sku=\"9789561421455\" aria-label=\"Agregar al carrito: &ldquo;La Responsabilidad por Da\u00f1o Ambiental. A\u00f1o 2017 \/ 476 P\u00e1g. Autor Jorge Femen\u00edas&rdquo;\" rel=\"nofollow\" data-success_message=\"&ldquo;La Responsabilidad por Da\u00f1o Ambiental. A\u00f1o 2017 \/ 476 P\u00e1g. Autor Jorge Femen\u00edas&rdquo; se ha a\u00f1adido a tu carro\" role=\"button\">Agregar al carrito<\/a>\t<span id=\"woocommerce_loop_add_to_cart_link_describedby_4081\" class=\"screen-reader-text\">\n\t\t\t<\/span>\n<\/li>\n<li class=\"product type-product post-4078 status-publish instock product_cat-derecho-ambiental has-post-thumbnail shipping-taxable purchasable product-type-simple\">\n\t<a href=\"https:\/\/bibliotecajuridicavirtual.cl\/index.php\/product\/derecho-de-aguas-identidad-y-transformaciones-ano-2017-346-pag-autor-alejandro-vergara-blanco\/\" class=\"woocommerce-LoopProduct-link woocommerce-loop-product__link\"><img loading=\"lazy\" decoding=\"async\" width=\"300\" height=\"433\" src=\"https:\/\/bibliotecajuridicavirtual.cl\/wp-content\/uploads\/2026\/02\/DERECHOS-DE-AGUAS-INDENTIFICACION-Y-TRANSFORMACIONES-300x433.png\" class=\"attachment-woocommerce_thumbnail size-woocommerce_thumbnail\" alt=\"Derecho  De Aguas. Identidad y Transformaciones. A\u00f1o 2017\/ 346 P\u00e1g. Autor Alejandro Vergara Blanco\" srcset=\"https:\/\/bibliotecajuridicavirtual.cl\/wp-content\/uploads\/2026\/02\/DERECHOS-DE-AGUAS-INDENTIFICACION-Y-TRANSFORMACIONES-300x433.png 300w, https:\/\/bibliotecajuridicavirtual.cl\/wp-content\/uploads\/2026\/02\/DERECHOS-DE-AGUAS-INDENTIFICACION-Y-TRANSFORMACIONES-64x92.png 64w, https:\/\/bibliotecajuridicavirtual.cl\/wp-content\/uploads\/2026\/02\/DERECHOS-DE-AGUAS-INDENTIFICACION-Y-TRANSFORMACIONES-208x300.png 208w, https:\/\/bibliotecajuridicavirtual.cl\/wp-content\/uploads\/2026\/02\/DERECHOS-DE-AGUAS-INDENTIFICACION-Y-TRANSFORMACIONES.png 311w\" sizes=\"(max-width: 300px) 100vw, 300px\" \/><h2 class=\"woocommerce-loop-product__title\">Derecho  De Aguas. Identidad y Transformaciones. A\u00f1o 2017\/ 346 P\u00e1g. Autor Alejandro Vergara Blanco<\/h2>\n\t<span class=\"price\"><span class=\"woocommerce-Price-amount amount\"><bdi><span class=\"woocommerce-Price-currencySymbol\">&#36;<\/span>23.000<\/bdi><\/span><\/span>\n<\/a><a href=\"\/index.php\/wp-json\/wp\/v2\/pages\/4857?add-to-cart=4078\" aria-describedby=\"woocommerce_loop_add_to_cart_link_describedby_4078\" data-quantity=\"1\" class=\"button product_type_simple add_to_cart_button ajax_add_to_cart\" data-product_id=\"4078\" data-product_sku=\"9789561421776\" aria-label=\"Agregar al carrito: &ldquo;Derecho  De Aguas. Identidad y Transformaciones. A\u00f1o 2017\/ 346 P\u00e1g. Autor Alejandro Vergara Blanco&rdquo;\" rel=\"nofollow\" data-success_message=\"&ldquo;Derecho  De Aguas. Identidad y Transformaciones. A\u00f1o 2017\/ 346 P\u00e1g. Autor Alejandro Vergara Blanco&rdquo; se ha a\u00f1adido a tu carro\" role=\"button\">Agregar al carrito<\/a>\t<span id=\"woocommerce_loop_add_to_cart_link_describedby_4078\" class=\"screen-reader-text\">\n\t\t\t<\/span>\n<\/li>\n<li class=\"product type-product post-3993 status-publish instock product_cat-derecho-ambiental product_cat-thomson-reuters has-post-thumbnail shipping-taxable purchasable product-type-simple\">\n\t<a href=\"https:\/\/bibliotecajuridicavirtual.cl\/index.php\/product\/derecho-procesal-ambiental-ano-2021-596-pag-autor-cristian-pena-y-lilo-delaunoy\/\" class=\"woocommerce-LoopProduct-link woocommerce-loop-product__link\"><img loading=\"lazy\" decoding=\"async\" width=\"255\" height=\"369\" src=\"https:\/\/bibliotecajuridicavirtual.cl\/wp-content\/uploads\/2026\/02\/DERECHO-PROCESAL-AMBIENTAL.png\" class=\"attachment-woocommerce_thumbnail size-woocommerce_thumbnail\" alt=\"Derecho Procesal Ambiental. A\u00f1o 2021\/ 596 P\u00e1g. Autor Cristi\u00e1n Pe\u00f1a  y Lilo Delaunoy\" srcset=\"https:\/\/bibliotecajuridicavirtual.cl\/wp-content\/uploads\/2026\/02\/DERECHO-PROCESAL-AMBIENTAL.png 255w, https:\/\/bibliotecajuridicavirtual.cl\/wp-content\/uploads\/2026\/02\/DERECHO-PROCESAL-AMBIENTAL-64x93.png 64w, https:\/\/bibliotecajuridicavirtual.cl\/wp-content\/uploads\/2026\/02\/DERECHO-PROCESAL-AMBIENTAL-207x300.png 207w\" sizes=\"(max-width: 255px) 100vw, 255px\" \/><h2 class=\"woocommerce-loop-product__title\">Derecho Procesal Ambiental. A\u00f1o 2021\/ 596 P\u00e1g. Autor Cristi\u00e1n Pe\u00f1a  y Lilo Delaunoy<\/h2>\n\t<span class=\"price\"><span class=\"woocommerce-Price-amount amount\"><bdi><span class=\"woocommerce-Price-currencySymbol\">&#36;<\/span>78.436<\/bdi><\/span><\/span>\n<\/a><a href=\"\/index.php\/wp-json\/wp\/v2\/pages\/4857?add-to-cart=3993\" aria-describedby=\"woocommerce_loop_add_to_cart_link_describedby_3993\" data-quantity=\"1\" class=\"button product_type_simple add_to_cart_button ajax_add_to_cart\" data-product_id=\"3993\" data-product_sku=\"9789564002194\" aria-label=\"Agregar al carrito: &ldquo;Derecho Procesal Ambiental. A\u00f1o 2021\/ 596 P\u00e1g. Autor Cristi\u00e1n Pe\u00f1a  y Lilo Delaunoy&rdquo;\" rel=\"nofollow\" data-success_message=\"&ldquo;Derecho Procesal Ambiental. A\u00f1o 2021\/ 596 P\u00e1g. Autor Cristi\u00e1n Pe\u00f1a  y Lilo Delaunoy&rdquo; se ha a\u00f1adido a tu carro\" role=\"button\">Agregar al carrito<\/a>\t<span id=\"woocommerce_loop_add_to_cart_link_describedby_3993\" class=\"screen-reader-text\">\n\t\t\t<\/span>\n<\/li>\n<li class=\"product type-product post-3589 status-publish last instock product_cat-derecho-ambiental product_cat-editorial-der-ediciones has-post-thumbnail shipping-taxable purchasable product-type-simple\">\n\t<a href=\"https:\/\/bibliotecajuridicavirtual.cl\/index.php\/product\/derecho-ambiental-chileno-regimen-sancionatorio-y-de-incentivos-al-cumplimiento-proteccion-de-la-biodiversidad-y-areas-protegidas-y-delitos-ambientales-ano-2024-610-pag-autor-ivan-hunter-ampuero\/\" class=\"woocommerce-LoopProduct-link woocommerce-loop-product__link\"><img loading=\"lazy\" decoding=\"async\" width=\"300\" height=\"373\" src=\"https:\/\/bibliotecajuridicavirtual.cl\/wp-content\/uploads\/2026\/02\/DERECHO-AMBIENTAL-CHILENO-TOMO-II-300x373.png\" class=\"attachment-woocommerce_thumbnail size-woocommerce_thumbnail\" alt=\"Derecho Ambiental Chileno - R\u00e9gimen Sancionatorio y de Incentivos al Cumplimiento, Protecci\u00f3n de la Biodiversidad y \u00c1reas Protegidas y Delitos Ambientales. A\u00f1o 2024\/610 P\u00e1g. Autor  Iv\u00e1n Hunter Ampuero\" srcset=\"https:\/\/bibliotecajuridicavirtual.cl\/wp-content\/uploads\/2026\/02\/DERECHO-AMBIENTAL-CHILENO-TOMO-II-300x373.png 300w, https:\/\/bibliotecajuridicavirtual.cl\/wp-content\/uploads\/2026\/02\/DERECHO-AMBIENTAL-CHILENO-TOMO-II-600x746.png 600w, https:\/\/bibliotecajuridicavirtual.cl\/wp-content\/uploads\/2026\/02\/DERECHO-AMBIENTAL-CHILENO-TOMO-II-64x80.png 64w, https:\/\/bibliotecajuridicavirtual.cl\/wp-content\/uploads\/2026\/02\/DERECHO-AMBIENTAL-CHILENO-TOMO-II-241x300.png 241w, https:\/\/bibliotecajuridicavirtual.cl\/wp-content\/uploads\/2026\/02\/DERECHO-AMBIENTAL-CHILENO-TOMO-II-824x1024.png 824w, https:\/\/bibliotecajuridicavirtual.cl\/wp-content\/uploads\/2026\/02\/DERECHO-AMBIENTAL-CHILENO-TOMO-II-768x955.png 768w, https:\/\/bibliotecajuridicavirtual.cl\/wp-content\/uploads\/2026\/02\/DERECHO-AMBIENTAL-CHILENO-TOMO-II-1236x1536.png 1236w, https:\/\/bibliotecajuridicavirtual.cl\/wp-content\/uploads\/2026\/02\/DERECHO-AMBIENTAL-CHILENO-TOMO-II.png 1474w\" sizes=\"(max-width: 300px) 100vw, 300px\" \/><h2 class=\"woocommerce-loop-product__title\">Derecho Ambiental Chileno &#8211; R\u00e9gimen Sancionatorio y de Incentivos al Cumplimiento, Protecci\u00f3n de la Biodiversidad y \u00c1reas Protegidas y Delitos Ambientales. A\u00f1o 2024\/610 P\u00e1g. Autor  Iv\u00e1n Hunter Ampuero<\/h2>\n\t<span class=\"price\"><span class=\"woocommerce-Price-amount amount\"><bdi><span class=\"woocommerce-Price-currencySymbol\">&#36;<\/span>61.000<\/bdi><\/span><\/span>\n<\/a><a href=\"\/index.php\/wp-json\/wp\/v2\/pages\/4857?add-to-cart=3589\" aria-describedby=\"woocommerce_loop_add_to_cart_link_describedby_3589\" data-quantity=\"1\" class=\"button product_type_simple add_to_cart_button ajax_add_to_cart\" data-product_id=\"3589\" data-product_sku=\"9789564051970\" aria-label=\"Agregar al carrito: &ldquo;Derecho Ambiental Chileno - R\u00e9gimen Sancionatorio y de Incentivos al Cumplimiento, Protecci\u00f3n de la Biodiversidad y \u00c1reas Protegidas y Delitos Ambientales. A\u00f1o 2024\/610 P\u00e1g. Autor  Iv\u00e1n Hunter Ampuero&rdquo;\" rel=\"nofollow\" data-success_message=\"&ldquo;Derecho Ambiental Chileno - R\u00e9gimen Sancionatorio y de Incentivos al Cumplimiento, Protecci\u00f3n de la Biodiversidad y \u00c1reas Protegidas y Delitos Ambientales. A\u00f1o 2024\/610 P\u00e1g. Autor  Iv\u00e1n Hunter Ampuero&rdquo; se ha a\u00f1adido a tu carro\" role=\"button\">Agregar al carrito<\/a>\t<span id=\"woocommerce_loop_add_to_cart_link_describedby_3589\" class=\"screen-reader-text\">\n\t\t\t<\/span>\n<\/li>\n<li class=\"product type-product post-3273 status-publish first instock product_cat-administrativo product_cat-derecho-ambiental has-post-thumbnail shipping-taxable purchasable product-type-simple\">\n\t<a href=\"https:\/\/bibliotecajuridicavirtual.cl\/index.php\/product\/elementos-del-sistema-de-responsabilidad-en-el-proceso-ambiental-una-propuesta-de-armonizacion-jairo-enrique-lucero-pantoja-ano-2024-412-pag\/\" class=\"woocommerce-LoopProduct-link woocommerce-loop-product__link\"><img loading=\"lazy\" decoding=\"async\" width=\"300\" height=\"430\" src=\"https:\/\/bibliotecajuridicavirtual.cl\/wp-content\/uploads\/2026\/02\/ELEMENTOS-DEL-SISTEMA-300x430.png\" class=\"attachment-woocommerce_thumbnail size-woocommerce_thumbnail\" alt=\"Elementos del Sistema de Responsabilidad en el Proceso Ambiental. Una Propuesta de Armonizaci\u00f3n * Jairo Enrique Lucero Pantoja - A\u00f1o 2024\/ 412 P\u00e1g.\" srcset=\"https:\/\/bibliotecajuridicavirtual.cl\/wp-content\/uploads\/2026\/02\/ELEMENTOS-DEL-SISTEMA-300x430.png 300w, https:\/\/bibliotecajuridicavirtual.cl\/wp-content\/uploads\/2026\/02\/ELEMENTOS-DEL-SISTEMA-64x92.png 64w, https:\/\/bibliotecajuridicavirtual.cl\/wp-content\/uploads\/2026\/02\/ELEMENTOS-DEL-SISTEMA-209x300.png 209w, https:\/\/bibliotecajuridicavirtual.cl\/wp-content\/uploads\/2026\/02\/ELEMENTOS-DEL-SISTEMA.png 461w\" sizes=\"(max-width: 300px) 100vw, 300px\" \/><h2 class=\"woocommerce-loop-product__title\">Elementos del Sistema de Responsabilidad en el Proceso Ambiental. Una Propuesta de Armonizaci\u00f3n * Jairo Enrique Lucero Pantoja &#8211; A\u00f1o 2024\/ 412 P\u00e1g.<\/h2>\n\t<span class=\"price\"><span class=\"woocommerce-Price-amount amount\"><bdi><span class=\"woocommerce-Price-currencySymbol\">&#36;<\/span>41.500<\/bdi><\/span><\/span>\n<\/a><a href=\"\/index.php\/wp-json\/wp\/v2\/pages\/4857?add-to-cart=3273\" aria-describedby=\"woocommerce_loop_add_to_cart_link_describedby_3273\" data-quantity=\"1\" class=\"button product_type_simple add_to_cart_button ajax_add_to_cart\" data-product_id=\"3273\" data-product_sku=\"9788411973960\" aria-label=\"Agregar al carrito: &ldquo;Elementos del Sistema de Responsabilidad en el Proceso Ambiental. Una Propuesta de Armonizaci\u00f3n * Jairo Enrique Lucero Pantoja - A\u00f1o 2024\/ 412 P\u00e1g.&rdquo;\" rel=\"nofollow\" data-success_message=\"&ldquo;Elementos del Sistema de Responsabilidad en el Proceso Ambiental. Una Propuesta de Armonizaci\u00f3n * Jairo Enrique Lucero Pantoja - A\u00f1o 2024\/ 412 P\u00e1g.&rdquo; se ha a\u00f1adido a tu carro\" role=\"button\">Agregar al carrito<\/a>\t<span id=\"woocommerce_loop_add_to_cart_link_describedby_3273\" class=\"screen-reader-text\">\n\t\t\t<\/span>\n<\/li>\n<li class=\"product type-product post-3217 status-publish instock product_cat-derecho-ambiental has-post-thumbnail shipping-taxable purchasable product-type-simple\">\n\t<a href=\"https:\/\/bibliotecajuridicavirtual.cl\/index.php\/product\/medio-ambiente-y-derechos-humanos-ano-enero-2024-104-pag-autor-vicente-eduardo-diaz-godoy\/\" class=\"woocommerce-LoopProduct-link woocommerce-loop-product__link\"><img loading=\"lazy\" decoding=\"async\" width=\"300\" height=\"300\" src=\"https:\/\/bibliotecajuridicavirtual.cl\/wp-content\/uploads\/2026\/02\/MEDIO-AMBIENTE-300x300.png\" class=\"attachment-woocommerce_thumbnail size-woocommerce_thumbnail\" alt=\"Medio Ambiente y Derechos Humanos. A\u00f1o Enero 2024\/ 104 P\u00e1g. Autor \tVicente Eduardo Diaz Godoy\" srcset=\"https:\/\/bibliotecajuridicavirtual.cl\/wp-content\/uploads\/2026\/02\/MEDIO-AMBIENTE-300x300.png 300w, https:\/\/bibliotecajuridicavirtual.cl\/wp-content\/uploads\/2026\/02\/MEDIO-AMBIENTE-100x100.png 100w, https:\/\/bibliotecajuridicavirtual.cl\/wp-content\/uploads\/2026\/02\/MEDIO-AMBIENTE-600x600.png 600w, https:\/\/bibliotecajuridicavirtual.cl\/wp-content\/uploads\/2026\/02\/MEDIO-AMBIENTE-64x64.png 64w, https:\/\/bibliotecajuridicavirtual.cl\/wp-content\/uploads\/2026\/02\/MEDIO-AMBIENTE-150x150.png 150w, https:\/\/bibliotecajuridicavirtual.cl\/wp-content\/uploads\/2026\/02\/MEDIO-AMBIENTE-768x768.png 768w, https:\/\/bibliotecajuridicavirtual.cl\/wp-content\/uploads\/2026\/02\/MEDIO-AMBIENTE.png 1000w\" sizes=\"(max-width: 300px) 100vw, 300px\" \/><h2 class=\"woocommerce-loop-product__title\">Medio Ambiente y Derechos Humanos. A\u00f1o Enero 2024\/ 104 P\u00e1g. Autor \tVicente Eduardo Diaz Godoy<\/h2>\n\t<span class=\"price\"><span class=\"woocommerce-Price-amount amount\"><bdi><span class=\"woocommerce-Price-currencySymbol\">&#36;<\/span>20.000<\/bdi><\/span><\/span>\n<\/a><a href=\"\/index.php\/wp-json\/wp\/v2\/pages\/4857?add-to-cart=3217\" aria-describedby=\"woocommerce_loop_add_to_cart_link_describedby_3217\" data-quantity=\"1\" class=\"button product_type_simple add_to_cart_button ajax_add_to_cart\" data-product_id=\"3217\" data-product_sku=\"9789566234562\" aria-label=\"Agregar al carrito: &ldquo;Medio Ambiente y Derechos Humanos. A\u00f1o Enero 2024\/ 104 P\u00e1g. Autor \tVicente Eduardo Diaz Godoy&rdquo;\" rel=\"nofollow\" data-success_message=\"&ldquo;Medio Ambiente y Derechos Humanos. A\u00f1o Enero 2024\/ 104 P\u00e1g. Autor \tVicente Eduardo Diaz Godoy&rdquo; se ha a\u00f1adido a tu carro\" role=\"button\">Agregar al carrito<\/a>\t<span id=\"woocommerce_loop_add_to_cart_link_describedby_3217\" class=\"screen-reader-text\">\n\t\t\t<\/span>\n<\/li>\n<li class=\"product type-product post-3159 status-publish instock product_cat-derecho-ambiental product_cat-editorial-der-ediciones has-post-thumbnail shipping-taxable purchasable product-type-simple\">\n\t<a href=\"https:\/\/bibliotecajuridicavirtual.cl\/index.php\/product\/derecho-ambiental-chileno-tomo-i-principios-bases-constitucionales-instrumentos-de-gestion-ambiental-organizacion-ano-diciembre-2023-620-pag-autor-ivan-hunter-ampuero\/\" class=\"woocommerce-LoopProduct-link woocommerce-loop-product__link\"><img loading=\"lazy\" decoding=\"async\" width=\"300\" height=\"388\" src=\"https:\/\/bibliotecajuridicavirtual.cl\/wp-content\/uploads\/2026\/02\/DERECHO-AMBIENTAL-CHILENO-TOMO-I-300x388.png\" class=\"attachment-woocommerce_thumbnail size-woocommerce_thumbnail\" alt=\"Derecho Ambiental Chileno -  Tomo I - Principios, Bases Constitucionales, Instrumentos de Gesti\u00f3n Ambiental, Organizaci\u00f3n. A\u00f1o Diciembre 2023\/ 620 P\u00e1g. Autor Iv\u00e1n Hunter Ampuero\" srcset=\"https:\/\/bibliotecajuridicavirtual.cl\/wp-content\/uploads\/2026\/02\/DERECHO-AMBIENTAL-CHILENO-TOMO-I-300x388.png 300w, https:\/\/bibliotecajuridicavirtual.cl\/wp-content\/uploads\/2026\/02\/DERECHO-AMBIENTAL-CHILENO-TOMO-I-64x83.png 64w, https:\/\/bibliotecajuridicavirtual.cl\/wp-content\/uploads\/2026\/02\/DERECHO-AMBIENTAL-CHILENO-TOMO-I-232x300.png 232w, https:\/\/bibliotecajuridicavirtual.cl\/wp-content\/uploads\/2026\/02\/DERECHO-AMBIENTAL-CHILENO-TOMO-I.png 556w\" sizes=\"(max-width: 300px) 100vw, 300px\" \/><h2 class=\"woocommerce-loop-product__title\">Derecho Ambiental Chileno &#8211;  Tomo I &#8211; Principios, Bases Constitucionales, Instrumentos de Gesti\u00f3n Ambiental, Organizaci\u00f3n. A\u00f1o Diciembre 2023\/ 620 P\u00e1g. Autor Iv\u00e1n Hunter Ampuero<\/h2>\n\t<span class=\"price\"><span class=\"woocommerce-Price-amount amount\"><bdi><span class=\"woocommerce-Price-currencySymbol\">&#36;<\/span>61.000<\/bdi><\/span><\/span>\n<\/a><a href=\"\/index.php\/wp-json\/wp\/v2\/pages\/4857?add-to-cart=3159\" aria-describedby=\"woocommerce_loop_add_to_cart_link_describedby_3159\" data-quantity=\"1\" class=\"button product_type_simple add_to_cart_button ajax_add_to_cart\" data-product_id=\"3159\" data-product_sku=\"9789564051710\" aria-label=\"Agregar al carrito: &ldquo;Derecho Ambiental Chileno -  Tomo I - Principios, Bases Constitucionales, Instrumentos de Gesti\u00f3n Ambiental, Organizaci\u00f3n. A\u00f1o Diciembre 2023\/ 620 P\u00e1g. Autor Iv\u00e1n Hunter Ampuero&rdquo;\" rel=\"nofollow\" data-success_message=\"&ldquo;Derecho Ambiental Chileno -  Tomo I - Principios, Bases Constitucionales, Instrumentos de Gesti\u00f3n Ambiental, Organizaci\u00f3n. A\u00f1o Diciembre 2023\/ 620 P\u00e1g. Autor Iv\u00e1n Hunter Ampuero&rdquo; se ha a\u00f1adido a tu carro\" role=\"button\">Agregar al carrito<\/a>\t<span id=\"woocommerce_loop_add_to_cart_link_describedby_3159\" class=\"screen-reader-text\">\n\t\t\t<\/span>\n<\/li>\n<li class=\"product type-product post-3158 status-publish last instock product_cat-derecho-ambiental product_cat-editorial-der-ediciones has-post-thumbnail shipping-taxable purchasable product-type-simple\">\n\t<a href=\"https:\/\/bibliotecajuridicavirtual.cl\/index.php\/product\/humedales-urbanos-regulacion-implementacion-y-jurisprudencia-ano-diciembre-2023-264-pag-autor-edesio-carrasco-quiroga-maximiliano-alfaro-gonzalez\/\" class=\"woocommerce-LoopProduct-link woocommerce-loop-product__link\"><img loading=\"lazy\" decoding=\"async\" width=\"300\" height=\"427\" src=\"https:\/\/bibliotecajuridicavirtual.cl\/wp-content\/uploads\/2026\/02\/HUMEDALES-URBANOS-300x427.png\" class=\"attachment-woocommerce_thumbnail size-woocommerce_thumbnail\" alt=\"Humedales Urbanos - Regulaci\u00f3n, Implementaci\u00f3n y Jurisprudencia. A\u00f1o Diciembre 2023\/ 264 P\u00e1g. Autor  Edesio Carrasco Quiroga - Maximiliano Alfaro Gonz\u00e1lez\" srcset=\"https:\/\/bibliotecajuridicavirtual.cl\/wp-content\/uploads\/2026\/02\/HUMEDALES-URBANOS-300x427.png 300w, https:\/\/bibliotecajuridicavirtual.cl\/wp-content\/uploads\/2026\/02\/HUMEDALES-URBANOS-600x854.png 600w, https:\/\/bibliotecajuridicavirtual.cl\/wp-content\/uploads\/2026\/02\/HUMEDALES-URBANOS-64x91.png 64w, https:\/\/bibliotecajuridicavirtual.cl\/wp-content\/uploads\/2026\/02\/HUMEDALES-URBANOS-211x300.png 211w, https:\/\/bibliotecajuridicavirtual.cl\/wp-content\/uploads\/2026\/02\/HUMEDALES-URBANOS-720x1024.png 720w, https:\/\/bibliotecajuridicavirtual.cl\/wp-content\/uploads\/2026\/02\/HUMEDALES-URBANOS-768x1093.png 768w, https:\/\/bibliotecajuridicavirtual.cl\/wp-content\/uploads\/2026\/02\/HUMEDALES-URBANOS.png 965w\" sizes=\"(max-width: 300px) 100vw, 300px\" \/><h2 class=\"woocommerce-loop-product__title\">Humedales Urbanos &#8211; Regulaci\u00f3n, Implementaci\u00f3n y Jurisprudencia. A\u00f1o Diciembre 2023\/ 264 P\u00e1g. Autor  Edesio Carrasco Quiroga &#8211; Maximiliano Alfaro Gonz\u00e1lez<\/h2>\n\t<span class=\"price\"><span class=\"woocommerce-Price-amount amount\"><bdi><span class=\"woocommerce-Price-currencySymbol\">&#36;<\/span>28.000<\/bdi><\/span><\/span>\n<\/a><a href=\"\/index.php\/wp-json\/wp\/v2\/pages\/4857?add-to-cart=3158\" aria-describedby=\"woocommerce_loop_add_to_cart_link_describedby_3158\" data-quantity=\"1\" class=\"button product_type_simple add_to_cart_button ajax_add_to_cart\" data-product_id=\"3158\" data-product_sku=\"9789564051703\" aria-label=\"Agregar al carrito: &ldquo;Humedales Urbanos - Regulaci\u00f3n, Implementaci\u00f3n y Jurisprudencia. A\u00f1o Diciembre 2023\/ 264 P\u00e1g. Autor  Edesio Carrasco Quiroga - Maximiliano Alfaro Gonz\u00e1lez&rdquo;\" rel=\"nofollow\" data-success_message=\"&ldquo;Humedales Urbanos - Regulaci\u00f3n, Implementaci\u00f3n y Jurisprudencia. A\u00f1o Diciembre 2023\/ 264 P\u00e1g. Autor  Edesio Carrasco Quiroga - Maximiliano Alfaro Gonz\u00e1lez&rdquo; se ha a\u00f1adido a tu carro\" role=\"button\">Agregar al carrito<\/a>\t<span id=\"woocommerce_loop_add_to_cart_link_describedby_3158\" class=\"screen-reader-text\">\n\t\t\t<\/span>\n<\/li>\n<li class=\"product type-product post-3126 status-publish first instock product_cat-civil product_cat-derecho-ambiental has-post-thumbnail shipping-taxable purchasable product-type-simple\">\n\t<a href=\"https:\/\/bibliotecajuridicavirtual.cl\/index.php\/product\/principios-generales-del-proceso-y-de-la-prueba-en-su-interaccion-con-la-jurisdiccion-ambiental-ano-diciembre-2023-508-pag-autor-jairo-enrique-lucero-pantoja\/\" class=\"woocommerce-LoopProduct-link woocommerce-loop-product__link\"><img loading=\"lazy\" decoding=\"async\" width=\"300\" height=\"436\" src=\"https:\/\/bibliotecajuridicavirtual.cl\/wp-content\/uploads\/2026\/02\/PRINCIPIOS-GENERALES-DEL-PROCESO-300x436.png\" class=\"attachment-woocommerce_thumbnail size-woocommerce_thumbnail\" alt=\"Principios Generales del Proceso y de la Prueba en su Interacci\u00f3n con la Jurisdicci\u00f3n Ambiental. A\u00f1o Diciembre 2023\/ 508 P\u00e1g. Autor Jairo Enrique Lucero Pantoja\" srcset=\"https:\/\/bibliotecajuridicavirtual.cl\/wp-content\/uploads\/2026\/02\/PRINCIPIOS-GENERALES-DEL-PROCESO-300x436.png 300w, https:\/\/bibliotecajuridicavirtual.cl\/wp-content\/uploads\/2026\/02\/PRINCIPIOS-GENERALES-DEL-PROCESO-64x93.png 64w, https:\/\/bibliotecajuridicavirtual.cl\/wp-content\/uploads\/2026\/02\/PRINCIPIOS-GENERALES-DEL-PROCESO-206x300.png 206w, https:\/\/bibliotecajuridicavirtual.cl\/wp-content\/uploads\/2026\/02\/PRINCIPIOS-GENERALES-DEL-PROCESO.png 424w\" sizes=\"(max-width: 300px) 100vw, 300px\" \/><h2 class=\"woocommerce-loop-product__title\">Principios Generales del Proceso y de la Prueba en su Interacci\u00f3n con la Jurisdicci\u00f3n Ambiental. A\u00f1o Diciembre 2023\/ 508 P\u00e1g. Autor Jairo Enrique Lucero Pantoja<\/h2>\n\t<span class=\"price\"><span class=\"woocommerce-Price-amount amount\"><bdi><span class=\"woocommerce-Price-currencySymbol\">&#36;<\/span>41.990<\/bdi><\/span><\/span>\n<\/a><a href=\"\/index.php\/wp-json\/wp\/v2\/pages\/4857?add-to-cart=3126\" aria-describedby=\"woocommerce_loop_add_to_cart_link_describedby_3126\" data-quantity=\"1\" class=\"button product_type_simple add_to_cart_button ajax_add_to_cart\" data-product_id=\"3126\" data-product_sku=\"9788411973984\" aria-label=\"Agregar al carrito: &ldquo;Principios Generales del Proceso y de la Prueba en su Interacci\u00f3n con la Jurisdicci\u00f3n Ambiental. A\u00f1o Diciembre 2023\/ 508 P\u00e1g. Autor Jairo Enrique Lucero Pantoja&rdquo;\" rel=\"nofollow\" data-success_message=\"&ldquo;Principios Generales del Proceso y de la Prueba en su Interacci\u00f3n con la Jurisdicci\u00f3n Ambiental. A\u00f1o Diciembre 2023\/ 508 P\u00e1g. Autor Jairo Enrique Lucero Pantoja&rdquo; se ha a\u00f1adido a tu carro\" role=\"button\">Agregar al carrito<\/a>\t<span id=\"woocommerce_loop_add_to_cart_link_describedby_3126\" class=\"screen-reader-text\">\n\t\t\t<\/span>\n<\/li>\n<li class=\"product type-product post-3123 status-publish instock product_cat-derecho-ambiental has-post-thumbnail shipping-taxable purchasable product-type-simple\">\n\t<a href=\"https:\/\/bibliotecajuridicavirtual.cl\/index.php\/product\/el-sistema-de-evaluacion-de-impacto-ambiental-y-la-desviacion-de-poder-en-la-calificacion-de-proyectos-ano-abril-2019-166-pag-autor-sebastian-luengo-troncoso\/\" class=\"woocommerce-LoopProduct-link woocommerce-loop-product__link\"><img loading=\"lazy\" decoding=\"async\" width=\"300\" height=\"300\" src=\"https:\/\/bibliotecajuridicavirtual.cl\/wp-content\/uploads\/2026\/02\/EL-SISTEMA-DE-EVALUACION-DE-IMPACTO-AMBIENTAL-Y-LA-DESVIACION-DE-PODER-300x300.png\" class=\"attachment-woocommerce_thumbnail size-woocommerce_thumbnail\" alt=\"El Sistema de Evaluaci\u00f3n De Impacto Ambiental y La Desviaci\u00f3n de Poder en la  Calificaci\u00f3n de Proyectos. A\u00f1o Abril 2019\/ 166 P\u00e1g. Autor Sebasti\u00e1n Luengo Troncoso\" srcset=\"https:\/\/bibliotecajuridicavirtual.cl\/wp-content\/uploads\/2026\/02\/EL-SISTEMA-DE-EVALUACION-DE-IMPACTO-AMBIENTAL-Y-LA-DESVIACION-DE-PODER-300x300.png 300w, https:\/\/bibliotecajuridicavirtual.cl\/wp-content\/uploads\/2026\/02\/EL-SISTEMA-DE-EVALUACION-DE-IMPACTO-AMBIENTAL-Y-LA-DESVIACION-DE-PODER-100x100.png 100w, https:\/\/bibliotecajuridicavirtual.cl\/wp-content\/uploads\/2026\/02\/EL-SISTEMA-DE-EVALUACION-DE-IMPACTO-AMBIENTAL-Y-LA-DESVIACION-DE-PODER-600x600.png 600w, https:\/\/bibliotecajuridicavirtual.cl\/wp-content\/uploads\/2026\/02\/EL-SISTEMA-DE-EVALUACION-DE-IMPACTO-AMBIENTAL-Y-LA-DESVIACION-DE-PODER-64x64.png 64w, https:\/\/bibliotecajuridicavirtual.cl\/wp-content\/uploads\/2026\/02\/EL-SISTEMA-DE-EVALUACION-DE-IMPACTO-AMBIENTAL-Y-LA-DESVIACION-DE-PODER-150x150.png 150w, https:\/\/bibliotecajuridicavirtual.cl\/wp-content\/uploads\/2026\/02\/EL-SISTEMA-DE-EVALUACION-DE-IMPACTO-AMBIENTAL-Y-LA-DESVIACION-DE-PODER.png 720w\" sizes=\"(max-width: 300px) 100vw, 300px\" \/><h2 class=\"woocommerce-loop-product__title\">El Sistema de Evaluaci\u00f3n De Impacto Ambiental y La Desviaci\u00f3n de Poder en la  Calificaci\u00f3n de Proyectos. A\u00f1o Abril 2019\/ 166 P\u00e1g. Autor Sebasti\u00e1n Luengo Troncoso<\/h2>\n\t<span class=\"price\"><span class=\"woocommerce-Price-amount amount\"><bdi><span class=\"woocommerce-Price-currencySymbol\">&#36;<\/span>24.990<\/bdi><\/span><\/span>\n<\/a><a href=\"\/index.php\/wp-json\/wp\/v2\/pages\/4857?add-to-cart=3123\" aria-describedby=\"woocommerce_loop_add_to_cart_link_describedby_3123\" data-quantity=\"1\" class=\"button product_type_simple add_to_cart_button ajax_add_to_cart\" data-product_id=\"3123\" data-product_sku=\"9789566022251\" aria-label=\"Agregar al carrito: &ldquo;El Sistema de Evaluaci\u00f3n De Impacto Ambiental y La Desviaci\u00f3n de Poder en la  Calificaci\u00f3n de Proyectos. A\u00f1o Abril 2019\/ 166 P\u00e1g. Autor Sebasti\u00e1n Luengo Troncoso&rdquo;\" rel=\"nofollow\" data-success_message=\"&ldquo;El Sistema de Evaluaci\u00f3n De Impacto Ambiental y La Desviaci\u00f3n de Poder en la  Calificaci\u00f3n de Proyectos. A\u00f1o Abril 2019\/ 166 P\u00e1g. Autor Sebasti\u00e1n Luengo Troncoso&rdquo; se ha a\u00f1adido a tu carro\" role=\"button\">Agregar al carrito<\/a>\t<span id=\"woocommerce_loop_add_to_cart_link_describedby_3123\" class=\"screen-reader-text\">\n\t\t\t<\/span>\n<\/li>\n<li class=\"product type-product post-3122 status-publish instock product_cat-derecho-ambiental product_cat-thomson-reuters has-post-thumbnail shipping-taxable purchasable product-type-simple\">\n\t<a href=\"https:\/\/bibliotecajuridicavirtual.cl\/index.php\/product\/litigacion-ambiental-ano-2019-292-pag-autor-andres-bordali-salamanca\/\" class=\"woocommerce-LoopProduct-link woocommerce-loop-product__link\"><img loading=\"lazy\" decoding=\"async\" width=\"300\" height=\"300\" src=\"https:\/\/bibliotecajuridicavirtual.cl\/wp-content\/uploads\/2026\/02\/LITIGACION-AMBIENTAL-300x300.png\" class=\"attachment-woocommerce_thumbnail size-woocommerce_thumbnail\" alt=\"Litigaci\u00f3n Ambiental. A\u00f1o 2019\/ 292 P\u00e1g. Autor  Andr\u00e9s Bordal\u00ed Salamanca\" srcset=\"https:\/\/bibliotecajuridicavirtual.cl\/wp-content\/uploads\/2026\/02\/LITIGACION-AMBIENTAL-300x300.png 300w, https:\/\/bibliotecajuridicavirtual.cl\/wp-content\/uploads\/2026\/02\/LITIGACION-AMBIENTAL-100x100.png 100w, https:\/\/bibliotecajuridicavirtual.cl\/wp-content\/uploads\/2026\/02\/LITIGACION-AMBIENTAL-600x600.png 600w, https:\/\/bibliotecajuridicavirtual.cl\/wp-content\/uploads\/2026\/02\/LITIGACION-AMBIENTAL-64x64.png 64w, https:\/\/bibliotecajuridicavirtual.cl\/wp-content\/uploads\/2026\/02\/LITIGACION-AMBIENTAL-150x150.png 150w, https:\/\/bibliotecajuridicavirtual.cl\/wp-content\/uploads\/2026\/02\/LITIGACION-AMBIENTAL.png 720w\" sizes=\"(max-width: 300px) 100vw, 300px\" \/><h2 class=\"woocommerce-loop-product__title\">Litigaci\u00f3n Ambiental. A\u00f1o 2019\/ 292 P\u00e1g. Autor  Andr\u00e9s Bordal\u00ed Salamanca<\/h2>\n\t<span class=\"price\"><span class=\"woocommerce-Price-amount amount\"><bdi><span class=\"woocommerce-Price-currencySymbol\">&#36;<\/span>42.000<\/bdi><\/span><\/span>\n<\/a><a href=\"\/index.php\/wp-json\/wp\/v2\/pages\/4857?add-to-cart=3122\" aria-describedby=\"woocommerce_loop_add_to_cart_link_describedby_3122\" data-quantity=\"1\" class=\"button product_type_simple add_to_cart_button ajax_add_to_cart\" data-product_id=\"3122\" data-product_sku=\"9789564000473\" aria-label=\"Agregar al carrito: &ldquo;Litigaci\u00f3n Ambiental. A\u00f1o 2019\/ 292 P\u00e1g. Autor  Andr\u00e9s Bordal\u00ed Salamanca&rdquo;\" rel=\"nofollow\" data-success_message=\"&ldquo;Litigaci\u00f3n Ambiental. A\u00f1o 2019\/ 292 P\u00e1g. Autor  Andr\u00e9s Bordal\u00ed Salamanca&rdquo; se ha a\u00f1adido a tu carro\" role=\"button\">Agregar al carrito<\/a>\t<span id=\"woocommerce_loop_add_to_cart_link_describedby_3122\" class=\"screen-reader-text\">\n\t\t\t<\/span>\n<\/li>\n<li class=\"product type-product post-3121 status-publish last instock product_cat-derecho-ambiental has-post-thumbnail shipping-taxable purchasable product-type-simple\">\n\t<a href=\"https:\/\/bibliotecajuridicavirtual.cl\/index.php\/product\/jurisprudencia-ambiental-recursos-ambientales-de-proteccion-2016-a-2020-ano-marzo-2021-482-pag-autor-juan-pablo-leppe-guzman\/\" class=\"woocommerce-LoopProduct-link woocommerce-loop-product__link\"><img loading=\"lazy\" decoding=\"async\" width=\"300\" height=\"412\" src=\"https:\/\/bibliotecajuridicavirtual.cl\/wp-content\/uploads\/2026\/02\/JURISPRUDENCIA-AMBIENTAL-300x412.png\" class=\"attachment-woocommerce_thumbnail size-woocommerce_thumbnail\" alt=\"Jurisprudencia Ambiental - Recursos Ambientales de Protecci\u00f3n - 2016 a 2020. A\u00f1o Marzo 2021\/ 482 P\u00e1g. Autor Juan Pablo Leppe Guzm\u00e1n\" srcset=\"https:\/\/bibliotecajuridicavirtual.cl\/wp-content\/uploads\/2026\/02\/JURISPRUDENCIA-AMBIENTAL-300x412.png 300w, https:\/\/bibliotecajuridicavirtual.cl\/wp-content\/uploads\/2026\/02\/JURISPRUDENCIA-AMBIENTAL-64x88.png 64w, https:\/\/bibliotecajuridicavirtual.cl\/wp-content\/uploads\/2026\/02\/JURISPRUDENCIA-AMBIENTAL-218x300.png 218w, https:\/\/bibliotecajuridicavirtual.cl\/wp-content\/uploads\/2026\/02\/JURISPRUDENCIA-AMBIENTAL.png 450w\" sizes=\"(max-width: 300px) 100vw, 300px\" \/><h2 class=\"woocommerce-loop-product__title\">Jurisprudencia Ambiental &#8211; Recursos Ambientales de Protecci\u00f3n &#8211; 2016 a 2020. A\u00f1o Marzo 2021\/ 482 P\u00e1g. Autor Juan Pablo Leppe Guzm\u00e1n<\/h2>\n\t<span class=\"price\"><span class=\"woocommerce-Price-amount amount\"><bdi><span class=\"woocommerce-Price-currencySymbol\">&#36;<\/span>50.000<\/bdi><\/span><\/span>\n<\/a><a href=\"\/index.php\/wp-json\/wp\/v2\/pages\/4857?add-to-cart=3121\" aria-describedby=\"woocommerce_loop_add_to_cart_link_describedby_3121\" data-quantity=\"1\" class=\"button product_type_simple add_to_cart_button ajax_add_to_cart\" data-product_id=\"3121\" data-product_sku=\"9789566072355\" aria-label=\"Agregar al carrito: &ldquo;Jurisprudencia Ambiental - Recursos Ambientales de Protecci\u00f3n - 2016 a 2020. A\u00f1o Marzo 2021\/ 482 P\u00e1g. Autor Juan Pablo Leppe Guzm\u00e1n&rdquo;\" rel=\"nofollow\" data-success_message=\"&ldquo;Jurisprudencia Ambiental - Recursos Ambientales de Protecci\u00f3n - 2016 a 2020. A\u00f1o Marzo 2021\/ 482 P\u00e1g. Autor Juan Pablo Leppe Guzm\u00e1n&rdquo; se ha a\u00f1adido a tu carro\" role=\"button\">Agregar al carrito<\/a>\t<span id=\"woocommerce_loop_add_to_cart_link_describedby_3121\" class=\"screen-reader-text\">\n\t\t\t<\/span>\n<\/li>\n<li class=\"product type-product post-3119 status-publish first instock product_cat-derecho-ambiental has-post-thumbnail shipping-taxable purchasable product-type-simple\">\n\t<a href=\"https:\/\/bibliotecajuridicavirtual.cl\/index.php\/product\/vision-jurisprudencial-concesiones-ano-julio-2023-197-pag-autor-editorial-hammurabi\/\" class=\"woocommerce-LoopProduct-link woocommerce-loop-product__link\"><img loading=\"lazy\" decoding=\"async\" width=\"300\" height=\"300\" src=\"https:\/\/bibliotecajuridicavirtual.cl\/wp-content\/uploads\/2026\/02\/VISION-JURISPRUDENCIAL-CONCESIONES-300x300.png\" class=\"attachment-woocommerce_thumbnail size-woocommerce_thumbnail\" alt=\"Vision Jurisprudencial -  Concesiones. A\u00f1o Julio 2023\/ 197 P\u00e1g. Autor Editorial Hammurabi\" srcset=\"https:\/\/bibliotecajuridicavirtual.cl\/wp-content\/uploads\/2026\/02\/VISION-JURISPRUDENCIAL-CONCESIONES-300x300.png 300w, https:\/\/bibliotecajuridicavirtual.cl\/wp-content\/uploads\/2026\/02\/VISION-JURISPRUDENCIAL-CONCESIONES-100x100.png 100w, https:\/\/bibliotecajuridicavirtual.cl\/wp-content\/uploads\/2026\/02\/VISION-JURISPRUDENCIAL-CONCESIONES-600x600.png 600w, https:\/\/bibliotecajuridicavirtual.cl\/wp-content\/uploads\/2026\/02\/VISION-JURISPRUDENCIAL-CONCESIONES-64x64.png 64w, https:\/\/bibliotecajuridicavirtual.cl\/wp-content\/uploads\/2026\/02\/VISION-JURISPRUDENCIAL-CONCESIONES-150x150.png 150w, https:\/\/bibliotecajuridicavirtual.cl\/wp-content\/uploads\/2026\/02\/VISION-JURISPRUDENCIAL-CONCESIONES.png 720w\" sizes=\"(max-width: 300px) 100vw, 300px\" \/><h2 class=\"woocommerce-loop-product__title\">Vision Jurisprudencial &#8211;  Concesiones. A\u00f1o Julio 2023\/ 197 P\u00e1g. Autor Editorial Hammurabi<\/h2>\n\t<span class=\"price\"><span class=\"woocommerce-Price-amount amount\"><bdi><span class=\"woocommerce-Price-currencySymbol\">&#36;<\/span>30.000<\/bdi><\/span><\/span>\n<\/a><a href=\"\/index.php\/wp-json\/wp\/v2\/pages\/4857?add-to-cart=3119\" aria-describedby=\"woocommerce_loop_add_to_cart_link_describedby_3119\" data-quantity=\"1\" class=\"button product_type_simple add_to_cart_button ajax_add_to_cart\" data-product_id=\"3119\" data-product_sku=\"9789566234173\" aria-label=\"Agregar al carrito: &ldquo;Vision Jurisprudencial -  Concesiones. A\u00f1o Julio 2023\/ 197 P\u00e1g. Autor Editorial Hammurabi&rdquo;\" rel=\"nofollow\" data-success_message=\"&ldquo;Vision Jurisprudencial -  Concesiones. A\u00f1o Julio 2023\/ 197 P\u00e1g. Autor Editorial Hammurabi&rdquo; se ha a\u00f1adido a tu carro\" role=\"button\">Agregar al carrito<\/a>\t<span id=\"woocommerce_loop_add_to_cart_link_describedby_3119\" class=\"screen-reader-text\">\n\t\t\t<\/span>\n<\/li>\n<li class=\"product type-product post-3097 status-publish instock product_cat-derecho-ambiental product_cat-editorial-juridica-de-chile has-post-thumbnail shipping-taxable purchasable product-type-simple\">\n\t<a href=\"https:\/\/bibliotecajuridicavirtual.cl\/index.php\/product\/derecho-de-aguas-ano-1998-448-pag-autor-alejandro-vergara-blanco\/\" class=\"woocommerce-LoopProduct-link woocommerce-loop-product__link\"><img loading=\"lazy\" decoding=\"async\" width=\"300\" height=\"388\" src=\"https:\/\/bibliotecajuridicavirtual.cl\/wp-content\/uploads\/2026\/02\/DERECHO-DE-AGUAS-300x388.png\" class=\"attachment-woocommerce_thumbnail size-woocommerce_thumbnail\" alt=\"Derecho de Aguas. A\u00f1o 1998\/448 P\u00e1g. Autor Alejandro Vergara Blanco\" srcset=\"https:\/\/bibliotecajuridicavirtual.cl\/wp-content\/uploads\/2026\/02\/DERECHO-DE-AGUAS-300x388.png 300w, https:\/\/bibliotecajuridicavirtual.cl\/wp-content\/uploads\/2026\/02\/DERECHO-DE-AGUAS-64x83.png 64w, https:\/\/bibliotecajuridicavirtual.cl\/wp-content\/uploads\/2026\/02\/DERECHO-DE-AGUAS-232x300.png 232w, https:\/\/bibliotecajuridicavirtual.cl\/wp-content\/uploads\/2026\/02\/DERECHO-DE-AGUAS.png 556w\" sizes=\"(max-width: 300px) 100vw, 300px\" \/><h2 class=\"woocommerce-loop-product__title\">Derecho de Aguas. A\u00f1o 1998\/448 P\u00e1g. Autor Alejandro Vergara Blanco<\/h2>\n\t<span class=\"price\"><span class=\"woocommerce-Price-amount amount\"><bdi><span class=\"woocommerce-Price-currencySymbol\">&#36;<\/span>55.000<\/bdi><\/span><\/span>\n<\/a><a href=\"\/index.php\/wp-json\/wp\/v2\/pages\/4857?add-to-cart=3097\" aria-describedby=\"woocommerce_loop_add_to_cart_link_describedby_3097\" data-quantity=\"1\" class=\"button product_type_simple add_to_cart_button ajax_add_to_cart\" data-product_id=\"3097\" data-product_sku=\"9561012413\" aria-label=\"Agregar al carrito: &ldquo;Derecho de Aguas. A\u00f1o 1998\/448 P\u00e1g. Autor Alejandro Vergara Blanco&rdquo;\" rel=\"nofollow\" data-success_message=\"&ldquo;Derecho de Aguas. A\u00f1o 1998\/448 P\u00e1g. Autor Alejandro Vergara Blanco&rdquo; se ha a\u00f1adido a tu carro\" role=\"button\">Agregar al carrito<\/a>\t<span id=\"woocommerce_loop_add_to_cart_link_describedby_3097\" class=\"screen-reader-text\">\n\t\t\t<\/span>\n<\/li>\n<li class=\"product type-product post-3066 status-publish instock product_cat-civil product_cat-comercial product_cat-derecho-ambiental product_cat-familia-y-del-menor product_cat-laboral product_cat-penal product_cat-tributario has-post-thumbnail shipping-taxable purchasable product-type-simple\">\n\t<a href=\"https:\/\/bibliotecajuridicavirtual.cl\/index.php\/product\/practica-forense-formularios-de-uso-frecuente-ano-noviembre-2023-558-pag-autor-cristian-lepin-molina\/\" class=\"woocommerce-LoopProduct-link woocommerce-loop-product__link\"><img loading=\"lazy\" decoding=\"async\" width=\"300\" height=\"431\" src=\"https:\/\/bibliotecajuridicavirtual.cl\/wp-content\/uploads\/2026\/02\/PRACTICA-FORENSE-FORMULARIOS-DE-USO-FRECUENTE-300x431.png\" class=\"attachment-woocommerce_thumbnail size-woocommerce_thumbnail\" alt=\"Pr\u00e1ctica Forense. Formularios de Uso Frecuente. A\u00f1o Noviembre 2023\/558 P\u00e1g. Autor Cristi\u00e1n Lepin Molina\" srcset=\"https:\/\/bibliotecajuridicavirtual.cl\/wp-content\/uploads\/2026\/02\/PRACTICA-FORENSE-FORMULARIOS-DE-USO-FRECUENTE-300x431.png 300w, https:\/\/bibliotecajuridicavirtual.cl\/wp-content\/uploads\/2026\/02\/PRACTICA-FORENSE-FORMULARIOS-DE-USO-FRECUENTE-64x92.png 64w, https:\/\/bibliotecajuridicavirtual.cl\/wp-content\/uploads\/2026\/02\/PRACTICA-FORENSE-FORMULARIOS-DE-USO-FRECUENTE-209x300.png 209w, https:\/\/bibliotecajuridicavirtual.cl\/wp-content\/uploads\/2026\/02\/PRACTICA-FORENSE-FORMULARIOS-DE-USO-FRECUENTE.png 426w\" sizes=\"(max-width: 300px) 100vw, 300px\" \/><h2 class=\"woocommerce-loop-product__title\">Pr\u00e1ctica Forense. Formularios de Uso Frecuente. A\u00f1o Noviembre 2023\/558 P\u00e1g. Autor Cristi\u00e1n Lepin Molina<\/h2>\n\t<span class=\"price\"><span class=\"woocommerce-Price-amount amount\"><bdi><span class=\"woocommerce-Price-currencySymbol\">&#36;<\/span>58.990<\/bdi><\/span><\/span>\n<\/a><a href=\"\/index.php\/wp-json\/wp\/v2\/pages\/4857?add-to-cart=3066\" aria-describedby=\"woocommerce_loop_add_to_cart_link_describedby_3066\" data-quantity=\"1\" class=\"button product_type_simple add_to_cart_button ajax_add_to_cart\" data-product_id=\"3066\" data-product_sku=\"9788411309295\" aria-label=\"Agregar al carrito: &ldquo;Pr\u00e1ctica Forense. Formularios de Uso Frecuente. A\u00f1o Noviembre 2023\/558 P\u00e1g. Autor Cristi\u00e1n Lepin Molina&rdquo;\" rel=\"nofollow\" data-success_message=\"&ldquo;Pr\u00e1ctica Forense. Formularios de Uso Frecuente. A\u00f1o Noviembre 2023\/558 P\u00e1g. Autor Cristi\u00e1n Lepin Molina&rdquo; se ha a\u00f1adido a tu carro\" role=\"button\">Agregar al carrito<\/a>\t<span id=\"woocommerce_loop_add_to_cart_link_describedby_3066\" class=\"screen-reader-text\">\n\t\t\t<\/span>\n<\/li>\n<li class=\"product type-product post-2730 status-publish last instock product_cat-derecho-ambiental has-post-thumbnail shipping-taxable purchasable product-type-simple\">\n\t<a href=\"https:\/\/bibliotecajuridicavirtual.cl\/index.php\/product\/vision-jurisprudencial-de-las-servidumbres-mineras-ano-noviembre-2022-182-pag-autoreditorial-hammurabi\/\" class=\"woocommerce-LoopProduct-link woocommerce-loop-product__link\"><img loading=\"lazy\" decoding=\"async\" width=\"300\" height=\"300\" src=\"https:\/\/bibliotecajuridicavirtual.cl\/wp-content\/uploads\/2026\/02\/SERVIDUMBRE-MINERAS-300x300.png\" class=\"attachment-woocommerce_thumbnail size-woocommerce_thumbnail\" alt=\"Visi\u00f3n Jurisprudencial de las Servidumbres Mineras. A\u00f1o Noviembre 2022\/ 182 P\u00e1g. Autor\tEditorial Hammurabi\" srcset=\"https:\/\/bibliotecajuridicavirtual.cl\/wp-content\/uploads\/2026\/02\/SERVIDUMBRE-MINERAS-300x300.png 300w, https:\/\/bibliotecajuridicavirtual.cl\/wp-content\/uploads\/2026\/02\/SERVIDUMBRE-MINERAS-100x100.png 100w, https:\/\/bibliotecajuridicavirtual.cl\/wp-content\/uploads\/2026\/02\/SERVIDUMBRE-MINERAS-600x600.png 600w, https:\/\/bibliotecajuridicavirtual.cl\/wp-content\/uploads\/2026\/02\/SERVIDUMBRE-MINERAS-64x64.png 64w, https:\/\/bibliotecajuridicavirtual.cl\/wp-content\/uploads\/2026\/02\/SERVIDUMBRE-MINERAS-150x150.png 150w, https:\/\/bibliotecajuridicavirtual.cl\/wp-content\/uploads\/2026\/02\/SERVIDUMBRE-MINERAS.png 720w\" sizes=\"(max-width: 300px) 100vw, 300px\" \/><h2 class=\"woocommerce-loop-product__title\">Visi\u00f3n Jurisprudencial de las Servidumbres Mineras. A\u00f1o Noviembre 2022\/ 182 P\u00e1g. Autor\tEditorial Hammurabi<\/h2>\n\t<span class=\"price\"><span class=\"woocommerce-Price-amount amount\"><bdi><span class=\"woocommerce-Price-currencySymbol\">&#36;<\/span>30.000<\/bdi><\/span><\/span>\n<\/a><a href=\"\/index.php\/wp-json\/wp\/v2\/pages\/4857?add-to-cart=2730\" aria-describedby=\"woocommerce_loop_add_to_cart_link_describedby_2730\" data-quantity=\"1\" class=\"button product_type_simple add_to_cart_button ajax_add_to_cart\" data-product_id=\"2730\" data-product_sku=\"9789566072805\" aria-label=\"Agregar al carrito: &ldquo;Visi\u00f3n Jurisprudencial de las Servidumbres Mineras. A\u00f1o Noviembre 2022\/ 182 P\u00e1g. Autor\tEditorial Hammurabi&rdquo;\" rel=\"nofollow\" data-success_message=\"&ldquo;Visi\u00f3n Jurisprudencial de las Servidumbres Mineras. A\u00f1o Noviembre 2022\/ 182 P\u00e1g. Autor\tEditorial Hammurabi&rdquo; se ha a\u00f1adido a tu carro\" role=\"button\">Agregar al carrito<\/a>\t<span id=\"woocommerce_loop_add_to_cart_link_describedby_2730\" class=\"screen-reader-text\">\n\t\t\t<\/span>\n<\/li>\n<li class=\"product type-product post-2721 status-publish first instock product_cat-derecho-ambiental has-post-thumbnail shipping-taxable purchasable product-type-simple\">\n\t<a href=\"https:\/\/bibliotecajuridicavirtual.cl\/index.php\/product\/derecho-acuicola-chileno-regimen-de-concesiones-de-acuicultura-maritima-y-otros-otorgamientos-ano-marzo-2023-184-pag-autor-gerardo-ramirez-gonzalez\/\" class=\"woocommerce-LoopProduct-link woocommerce-loop-product__link\"><img loading=\"lazy\" decoding=\"async\" width=\"300\" height=\"300\" src=\"https:\/\/bibliotecajuridicavirtual.cl\/wp-content\/uploads\/2026\/02\/DERECHO-ACUICOLA-300x300.png\" class=\"attachment-woocommerce_thumbnail size-woocommerce_thumbnail\" alt=\"Derecho Acu\u00edcola Chileno - Regimen de concesiones de acuicultura, mar\u00edtima y otros otorgamientos. A\u00f1o Marzo 2023\/ 184  P\u00e1g. Autor  Gerardo Ram\u00edrez Gonz\u00e1lez\" srcset=\"https:\/\/bibliotecajuridicavirtual.cl\/wp-content\/uploads\/2026\/02\/DERECHO-ACUICOLA-300x300.png 300w, https:\/\/bibliotecajuridicavirtual.cl\/wp-content\/uploads\/2026\/02\/DERECHO-ACUICOLA-100x100.png 100w, https:\/\/bibliotecajuridicavirtual.cl\/wp-content\/uploads\/2026\/02\/DERECHO-ACUICOLA-600x600.png 600w, https:\/\/bibliotecajuridicavirtual.cl\/wp-content\/uploads\/2026\/02\/DERECHO-ACUICOLA-64x64.png 64w, https:\/\/bibliotecajuridicavirtual.cl\/wp-content\/uploads\/2026\/02\/DERECHO-ACUICOLA-150x150.png 150w, https:\/\/bibliotecajuridicavirtual.cl\/wp-content\/uploads\/2026\/02\/DERECHO-ACUICOLA.png 720w\" sizes=\"(max-width: 300px) 100vw, 300px\" \/><h2 class=\"woocommerce-loop-product__title\">Derecho Acu\u00edcola Chileno &#8211; Regimen de concesiones de acuicultura, mar\u00edtima y otros otorgamientos. A\u00f1o Marzo 2023\/ 184  P\u00e1g. Autor  Gerardo Ram\u00edrez Gonz\u00e1lez<\/h2>\n\t<span class=\"price\"><span class=\"woocommerce-Price-amount amount\"><bdi><span class=\"woocommerce-Price-currencySymbol\">&#36;<\/span>30.000<\/bdi><\/span><\/span>\n<\/a><a href=\"\/index.php\/wp-json\/wp\/v2\/pages\/4857?add-to-cart=2721\" aria-describedby=\"woocommerce_loop_add_to_cart_link_describedby_2721\" data-quantity=\"1\" class=\"button product_type_simple add_to_cart_button ajax_add_to_cart\" data-product_id=\"2721\" data-product_sku=\"9789566234074\" aria-label=\"Agregar al carrito: &ldquo;Derecho Acu\u00edcola Chileno - Regimen de concesiones de acuicultura, mar\u00edtima y otros otorgamientos. A\u00f1o Marzo 2023\/ 184  P\u00e1g. Autor  Gerardo Ram\u00edrez Gonz\u00e1lez&rdquo;\" rel=\"nofollow\" data-success_message=\"&ldquo;Derecho Acu\u00edcola Chileno - Regimen de concesiones de acuicultura, mar\u00edtima y otros otorgamientos. A\u00f1o Marzo 2023\/ 184  P\u00e1g. Autor  Gerardo Ram\u00edrez Gonz\u00e1lez&rdquo; se ha a\u00f1adido a tu carro\" role=\"button\">Agregar al carrito<\/a>\t<span id=\"woocommerce_loop_add_to_cart_link_describedby_2721\" class=\"screen-reader-text\">\n\t\t\t<\/span>\n<\/li>\n<li class=\"product type-product post-2718 status-publish instock product_cat-derecho-ambiental has-post-thumbnail shipping-taxable purchasable product-type-simple\">\n\t<a href=\"https:\/\/bibliotecajuridicavirtual.cl\/index.php\/product\/impacto-del-plan-regulador-en-humedales-urbanos-ano-mayo-2023-146-pag-autor-jorge-andres-rios-del-rio\/\" class=\"woocommerce-LoopProduct-link woocommerce-loop-product__link\"><img loading=\"lazy\" decoding=\"async\" width=\"300\" height=\"300\" src=\"https:\/\/bibliotecajuridicavirtual.cl\/wp-content\/uploads\/2026\/02\/IMPACTO-DEL-PLAN-REGULADOR-EN-HUMEDALES-URBANOS-300x300.png\" class=\"attachment-woocommerce_thumbnail size-woocommerce_thumbnail\" alt=\"Impacto del Plan Regulador en Humedales Urbanos. A\u00f1o Mayo 2023\/ 146 P\u00e1g. Autor Jorge Andr\u00e9s R\u00edos del R\u00edo\" srcset=\"https:\/\/bibliotecajuridicavirtual.cl\/wp-content\/uploads\/2026\/02\/IMPACTO-DEL-PLAN-REGULADOR-EN-HUMEDALES-URBANOS-300x300.png 300w, https:\/\/bibliotecajuridicavirtual.cl\/wp-content\/uploads\/2026\/02\/IMPACTO-DEL-PLAN-REGULADOR-EN-HUMEDALES-URBANOS-100x100.png 100w, https:\/\/bibliotecajuridicavirtual.cl\/wp-content\/uploads\/2026\/02\/IMPACTO-DEL-PLAN-REGULADOR-EN-HUMEDALES-URBANOS-600x600.png 600w, https:\/\/bibliotecajuridicavirtual.cl\/wp-content\/uploads\/2026\/02\/IMPACTO-DEL-PLAN-REGULADOR-EN-HUMEDALES-URBANOS-64x64.png 64w, https:\/\/bibliotecajuridicavirtual.cl\/wp-content\/uploads\/2026\/02\/IMPACTO-DEL-PLAN-REGULADOR-EN-HUMEDALES-URBANOS-150x150.png 150w, https:\/\/bibliotecajuridicavirtual.cl\/wp-content\/uploads\/2026\/02\/IMPACTO-DEL-PLAN-REGULADOR-EN-HUMEDALES-URBANOS.png 720w\" sizes=\"(max-width: 300px) 100vw, 300px\" \/><h2 class=\"woocommerce-loop-product__title\">Impacto del Plan Regulador en Humedales Urbanos. A\u00f1o Mayo 2023\/ 146 P\u00e1g. Autor Jorge Andr\u00e9s R\u00edos del R\u00edo<\/h2>\n\t<span class=\"price\"><span class=\"woocommerce-Price-amount amount\"><bdi><span class=\"woocommerce-Price-currencySymbol\">&#36;<\/span>24.990<\/bdi><\/span><\/span>\n<\/a><a href=\"\/index.php\/wp-json\/wp\/v2\/pages\/4857?add-to-cart=2718\" aria-describedby=\"woocommerce_loop_add_to_cart_link_describedby_2718\" data-quantity=\"1\" class=\"button product_type_simple add_to_cart_button ajax_add_to_cart\" data-product_id=\"2718\" data-product_sku=\"9789566234104\" aria-label=\"Agregar al carrito: &ldquo;Impacto del Plan Regulador en Humedales Urbanos. A\u00f1o Mayo 2023\/ 146 P\u00e1g. Autor Jorge Andr\u00e9s R\u00edos del R\u00edo&rdquo;\" rel=\"nofollow\" data-success_message=\"&ldquo;Impacto del Plan Regulador en Humedales Urbanos. A\u00f1o Mayo 2023\/ 146 P\u00e1g. Autor Jorge Andr\u00e9s R\u00edos del R\u00edo&rdquo; se ha a\u00f1adido a tu carro\" role=\"button\">Agregar al carrito<\/a>\t<span id=\"woocommerce_loop_add_to_cart_link_describedby_2718\" class=\"screen-reader-text\">\n\t\t\t<\/span>\n<\/li>\n<li class=\"product type-product post-2654 status-publish instock product_cat-derecho-ambiental has-post-thumbnail shipping-taxable purchasable product-type-simple\">\n\t<a href=\"https:\/\/bibliotecajuridicavirtual.cl\/index.php\/product\/sequia-y-escazes-hidrica-mejoras-institucionales-y-regulatorias-en-materia-de-aguas-ano-junio-2023-520-pag-autor-ezio-costa-cordella-y-tatiana-celume-byrne\/\" class=\"woocommerce-LoopProduct-link woocommerce-loop-product__link\"><img loading=\"lazy\" decoding=\"async\" width=\"300\" height=\"439\" src=\"https:\/\/bibliotecajuridicavirtual.cl\/wp-content\/uploads\/2026\/02\/SEQUIA-Y-ESCAZES-1-300x439.png\" class=\"attachment-woocommerce_thumbnail size-woocommerce_thumbnail\" alt=\"Sequ\u00eda y Escazes H\u00eddrica: Mejoras Institucionales y Regulatorias en Materia de Aguas. A\u00f1o Junio 2023\/520 P\u00e1g. Autor  Ezio Costa Cordella y Tatiana Celume Byrne\" srcset=\"https:\/\/bibliotecajuridicavirtual.cl\/wp-content\/uploads\/2026\/02\/SEQUIA-Y-ESCAZES-1-300x439.png 300w, https:\/\/bibliotecajuridicavirtual.cl\/wp-content\/uploads\/2026\/02\/SEQUIA-Y-ESCAZES-1-600x878.png 600w, https:\/\/bibliotecajuridicavirtual.cl\/wp-content\/uploads\/2026\/02\/SEQUIA-Y-ESCAZES-1-64x94.png 64w, https:\/\/bibliotecajuridicavirtual.cl\/wp-content\/uploads\/2026\/02\/SEQUIA-Y-ESCAZES-1-205x300.png 205w, https:\/\/bibliotecajuridicavirtual.cl\/wp-content\/uploads\/2026\/02\/SEQUIA-Y-ESCAZES-1-700x1024.png 700w, https:\/\/bibliotecajuridicavirtual.cl\/wp-content\/uploads\/2026\/02\/SEQUIA-Y-ESCAZES-1.png 751w\" sizes=\"(max-width: 300px) 100vw, 300px\" \/><h2 class=\"woocommerce-loop-product__title\">Sequ\u00eda y Escazes H\u00eddrica: Mejoras Institucionales y Regulatorias en Materia de Aguas. A\u00f1o Junio 2023\/520 P\u00e1g. Autor  Ezio Costa Cordella y Tatiana Celume Byrne<\/h2>\n\t<span class=\"price\"><span class=\"woocommerce-Price-amount amount\"><bdi><span class=\"woocommerce-Price-currencySymbol\">&#36;<\/span>35.000<\/bdi><\/span><\/span>\n<\/a><a href=\"\/index.php\/wp-json\/wp\/v2\/pages\/4857?add-to-cart=2654\" aria-describedby=\"woocommerce_loop_add_to_cart_link_describedby_2654\" data-quantity=\"1\" class=\"button product_type_simple add_to_cart_button ajax_add_to_cart\" data-product_id=\"2654\" data-product_sku=\"9789564051567\" aria-label=\"Agregar al carrito: &ldquo;Sequ\u00eda y Escazes H\u00eddrica: Mejoras Institucionales y Regulatorias en Materia de Aguas. A\u00f1o Junio 2023\/520 P\u00e1g. Autor  Ezio Costa Cordella y Tatiana Celume Byrne&rdquo;\" rel=\"nofollow\" data-success_message=\"&ldquo;Sequ\u00eda y Escazes H\u00eddrica: Mejoras Institucionales y Regulatorias en Materia de Aguas. A\u00f1o Junio 2023\/520 P\u00e1g. Autor  Ezio Costa Cordella y Tatiana Celume Byrne&rdquo; se ha a\u00f1adido a tu carro\" role=\"button\">Agregar al carrito<\/a>\t<span id=\"woocommerce_loop_add_to_cart_link_describedby_2654\" class=\"screen-reader-text\">\n\t\t\t<\/span>\n<\/li>\n<li class=\"product type-product post-2652 status-publish last instock product_cat-derecho-ambiental has-post-thumbnail shipping-taxable purchasable product-type-simple\">\n\t<a href=\"https:\/\/bibliotecajuridicavirtual.cl\/index.php\/product\/lecciones-de-derecho-minero-ano-abril-2023-145-pag-autor-francisco-goncalvez-rojas\/\" class=\"woocommerce-LoopProduct-link woocommerce-loop-product__link\"><img loading=\"lazy\" decoding=\"async\" width=\"300\" height=\"415\" src=\"https:\/\/bibliotecajuridicavirtual.cl\/wp-content\/uploads\/2026\/02\/LECCIONES-DE-DERECHO-MINERO-300x415.png\" class=\"attachment-woocommerce_thumbnail size-woocommerce_thumbnail\" alt=\"Lecciones de Derecho Minero. A\u00f1o Abril 2023\/ 145 P\u00e1g. Autor Francisco Gon\u00e7alvez Rojas\" srcset=\"https:\/\/bibliotecajuridicavirtual.cl\/wp-content\/uploads\/2026\/02\/LECCIONES-DE-DERECHO-MINERO-300x415.png 300w, https:\/\/bibliotecajuridicavirtual.cl\/wp-content\/uploads\/2026\/02\/LECCIONES-DE-DERECHO-MINERO-64x89.png 64w, https:\/\/bibliotecajuridicavirtual.cl\/wp-content\/uploads\/2026\/02\/LECCIONES-DE-DERECHO-MINERO-217x300.png 217w, https:\/\/bibliotecajuridicavirtual.cl\/wp-content\/uploads\/2026\/02\/LECCIONES-DE-DERECHO-MINERO.png 308w\" sizes=\"(max-width: 300px) 100vw, 300px\" \/><h2 class=\"woocommerce-loop-product__title\">Lecciones de Derecho Minero. A\u00f1o Abril 2023\/ 145 P\u00e1g. Autor Francisco Gon\u00e7alvez Rojas<\/h2>\n\t<span class=\"price\"><span class=\"woocommerce-Price-amount amount\"><bdi><span class=\"woocommerce-Price-currencySymbol\">&#36;<\/span>49.000<\/bdi><\/span><\/span>\n<\/a><a href=\"\/index.php\/wp-json\/wp\/v2\/pages\/4857?add-to-cart=2652\" aria-describedby=\"woocommerce_loop_add_to_cart_link_describedby_2652\" data-quantity=\"1\" class=\"button product_type_simple add_to_cart_button ajax_add_to_cart\" data-product_id=\"2652\" data-product_sku=\"9789569050268\" aria-label=\"Agregar al carrito: &ldquo;Lecciones de Derecho Minero. A\u00f1o Abril 2023\/ 145 P\u00e1g. Autor Francisco Gon\u00e7alvez Rojas&rdquo;\" rel=\"nofollow\" data-success_message=\"&ldquo;Lecciones de Derecho Minero. A\u00f1o Abril 2023\/ 145 P\u00e1g. Autor Francisco Gon\u00e7alvez Rojas&rdquo; se ha a\u00f1adido a tu carro\" role=\"button\">Agregar al carrito<\/a>\t<span id=\"woocommerce_loop_add_to_cart_link_describedby_2652\" class=\"screen-reader-text\">\n\t\t\t<\/span>\n<\/li>\n<li class=\"product type-product post-2644 status-publish first instock product_cat-administrativo product_cat-civil product_cat-comercial product_cat-constitucional product_cat-derecho-ambiental product_cat-familia-y-del-menor product_cat-laboral product_cat-procesal-civil product_cat-thomson-reuters product_cat-tributario has-post-thumbnail shipping-taxable purchasable product-type-simple\">\n\t<a href=\"https:\/\/bibliotecajuridicavirtual.cl\/index.php\/product\/criterios-jurisprudenciales-de-los-tribunales-superiores-de-justicia-ano-2023-300-pag-autor-felipe-valenzuela-quiros\/\" class=\"woocommerce-LoopProduct-link woocommerce-loop-product__link\"><img loading=\"lazy\" decoding=\"async\" width=\"300\" height=\"388\" src=\"https:\/\/bibliotecajuridicavirtual.cl\/wp-content\/uploads\/2026\/02\/CRITERIOS-JURISPRUDENCIALES-DE-LOS-TRIBUNALES-300x388.png\" class=\"attachment-woocommerce_thumbnail size-woocommerce_thumbnail\" alt=\"Criterios Jurisprudenciales de los Tribunales Superiores de Justicia. A\u00f1o 2023\/ 300 P\u00e1g. Autor Felipe Valenzuela Quir\u00f3s\" srcset=\"https:\/\/bibliotecajuridicavirtual.cl\/wp-content\/uploads\/2026\/02\/CRITERIOS-JURISPRUDENCIALES-DE-LOS-TRIBUNALES-300x388.png 300w, https:\/\/bibliotecajuridicavirtual.cl\/wp-content\/uploads\/2026\/02\/CRITERIOS-JURISPRUDENCIALES-DE-LOS-TRIBUNALES-600x776.png 600w, https:\/\/bibliotecajuridicavirtual.cl\/wp-content\/uploads\/2026\/02\/CRITERIOS-JURISPRUDENCIALES-DE-LOS-TRIBUNALES-64x83.png 64w, https:\/\/bibliotecajuridicavirtual.cl\/wp-content\/uploads\/2026\/02\/CRITERIOS-JURISPRUDENCIALES-DE-LOS-TRIBUNALES-232x300.png 232w, https:\/\/bibliotecajuridicavirtual.cl\/wp-content\/uploads\/2026\/02\/CRITERIOS-JURISPRUDENCIALES-DE-LOS-TRIBUNALES.png 620w\" sizes=\"(max-width: 300px) 100vw, 300px\" \/><h2 class=\"woocommerce-loop-product__title\">Criterios Jurisprudenciales de los Tribunales Superiores de Justicia. A\u00f1o 2023\/ 300 P\u00e1g. Autor Felipe Valenzuela Quir\u00f3s<\/h2>\n\t<span class=\"price\"><span class=\"woocommerce-Price-amount amount\"><bdi><span class=\"woocommerce-Price-currencySymbol\">&#36;<\/span>41.900<\/bdi><\/span><\/span>\n<\/a><a href=\"\/index.php\/wp-json\/wp\/v2\/pages\/4857?add-to-cart=2644\" aria-describedby=\"woocommerce_loop_add_to_cart_link_describedby_2644\" data-quantity=\"1\" class=\"button product_type_simple add_to_cart_button ajax_add_to_cart\" data-product_id=\"2644\" data-product_sku=\"\" aria-label=\"Agregar al carrito: &ldquo;Criterios Jurisprudenciales de los Tribunales Superiores de Justicia. A\u00f1o 2023\/ 300 P\u00e1g. Autor Felipe Valenzuela Quir\u00f3s&rdquo;\" rel=\"nofollow\" data-success_message=\"&ldquo;Criterios Jurisprudenciales de los Tribunales Superiores de Justicia. A\u00f1o 2023\/ 300 P\u00e1g. Autor Felipe Valenzuela Quir\u00f3s&rdquo; se ha a\u00f1adido a tu carro\" role=\"button\">Agregar al carrito<\/a>\t<span id=\"woocommerce_loop_add_to_cart_link_describedby_2644\" class=\"screen-reader-text\">\n\t\t\t<\/span>\n<\/li>\n<li class=\"product type-product post-2598 status-publish instock product_cat-derecho product_cat-derecho-ambiental product_cat-penal has-post-thumbnail shipping-taxable purchasable product-type-simple\">\n\t<a href=\"https:\/\/bibliotecajuridicavirtual.cl\/index.php\/product\/derecho-ambiental-chileno-parte-general-eduardo-astorga-jorquera-7ma-edicion-2025-588-pag\/\" class=\"woocommerce-LoopProduct-link woocommerce-loop-product__link\"><img loading=\"lazy\" decoding=\"async\" width=\"300\" height=\"423\" src=\"https:\/\/bibliotecajuridicavirtual.cl\/wp-content\/uploads\/2026\/02\/DERECHO-AMBIENTAL-CHILENO-2026-HAMMURABI-300x423.jpg\" class=\"attachment-woocommerce_thumbnail size-woocommerce_thumbnail\" alt=\"Derecho Ambiental Chileno * Parte General * Eduardo Astorga Jorquera - 7ma. edici\u00f3n * 2025, 588 P\u00e1g.\" srcset=\"https:\/\/bibliotecajuridicavirtual.cl\/wp-content\/uploads\/2026\/02\/DERECHO-AMBIENTAL-CHILENO-2026-HAMMURABI-300x423.jpg 300w, https:\/\/bibliotecajuridicavirtual.cl\/wp-content\/uploads\/2026\/02\/DERECHO-AMBIENTAL-CHILENO-2026-HAMMURABI-64x90.jpg 64w, https:\/\/bibliotecajuridicavirtual.cl\/wp-content\/uploads\/2026\/02\/DERECHO-AMBIENTAL-CHILENO-2026-HAMMURABI-213x300.jpg 213w, https:\/\/bibliotecajuridicavirtual.cl\/wp-content\/uploads\/2026\/02\/DERECHO-AMBIENTAL-CHILENO-2026-HAMMURABI.jpg 309w\" sizes=\"(max-width: 300px) 100vw, 300px\" \/><h2 class=\"woocommerce-loop-product__title\">Derecho Ambiental Chileno * Parte General * Eduardo Astorga Jorquera &#8211; 7ma. edici\u00f3n * 2025, 588 P\u00e1g.<\/h2>\n\t<span class=\"price\"><span class=\"woocommerce-Price-amount amount\"><bdi><span class=\"woocommerce-Price-currencySymbol\">&#36;<\/span>71.400<\/bdi><\/span><\/span>\n<\/a><a href=\"\/index.php\/wp-json\/wp\/v2\/pages\/4857?add-to-cart=2598\" aria-describedby=\"woocommerce_loop_add_to_cart_link_describedby_2598\" data-quantity=\"1\" class=\"button product_type_simple add_to_cart_button ajax_add_to_cart\" data-product_id=\"2598\" data-product_sku=\"9789566466055\" aria-label=\"Agregar al carrito: &ldquo;Derecho Ambiental Chileno * Parte General * Eduardo Astorga Jorquera - 7ma. edici\u00f3n * 2025, 588 P\u00e1g.&rdquo;\" rel=\"nofollow\" data-success_message=\"&ldquo;Derecho Ambiental Chileno * Parte General * Eduardo Astorga Jorquera - 7ma. edici\u00f3n * 2025, 588 P\u00e1g.&rdquo; se ha a\u00f1adido a tu carro\" role=\"button\">Agregar al carrito<\/a>\t<span id=\"woocommerce_loop_add_to_cart_link_describedby_2598\" class=\"screen-reader-text\">\n\t\t\t<\/span>\n<\/li>\n<li class=\"product type-product post-2413 status-publish instock product_cat-civil product_cat-derecho product_cat-derecho-ambiental product_cat-derecho-medioambiental product_cat-derecho-municipal has-post-thumbnail shipping-taxable purchasable product-type-simple\">\n\t<a href=\"https:\/\/bibliotecajuridicavirtual.cl\/index.php\/product\/principios-del-moderno-derecho-de-aguas-chileno-una-lectura-a-la-luz-de-la-ley-n21-435-tatiana-celume-byrne-agosto-ano-2025-220-pag\/\" class=\"woocommerce-LoopProduct-link woocommerce-loop-product__link\"><img loading=\"lazy\" decoding=\"async\" width=\"180\" height=\"258\" src=\"https:\/\/bibliotecajuridicavirtual.cl\/wp-content\/uploads\/2026\/02\/Principios-del-Moderno-Derecho-de-Aguas-2025.webp\" class=\"attachment-woocommerce_thumbnail size-woocommerce_thumbnail\" alt=\"Principios del Moderno Derecho de Aguas Chileno. Una Lectura a la Luz de la Ley N\u00b021.435 * Tatiana Celume Byrne - Agosto a\u00f1o 2025 * 220 P\u00e1g.\" srcset=\"https:\/\/bibliotecajuridicavirtual.cl\/wp-content\/uploads\/2026\/02\/Principios-del-Moderno-Derecho-de-Aguas-2025.webp 180w, https:\/\/bibliotecajuridicavirtual.cl\/wp-content\/uploads\/2026\/02\/Principios-del-Moderno-Derecho-de-Aguas-2025-64x92.webp 64w\" sizes=\"(max-width: 180px) 100vw, 180px\" \/><h2 class=\"woocommerce-loop-product__title\">Principios del Moderno Derecho de Aguas Chileno. Una Lectura a la Luz de la Ley N\u00b021.435 * Tatiana Celume Byrne &#8211; Agosto a\u00f1o 2025 * 220 P\u00e1g.<\/h2>\n\t<span class=\"price\"><span class=\"woocommerce-Price-amount amount\"><bdi><span class=\"woocommerce-Price-currencySymbol\">&#36;<\/span>27.900<\/bdi><\/span><\/span>\n<\/a><a href=\"\/index.php\/wp-json\/wp\/v2\/pages\/4857?add-to-cart=2413\" aria-describedby=\"woocommerce_loop_add_to_cart_link_describedby_2413\" data-quantity=\"1\" class=\"button product_type_simple add_to_cart_button ajax_add_to_cart\" data-product_id=\"2413\" data-product_sku=\"9791370106829\" aria-label=\"Agregar al carrito: &ldquo;Principios del Moderno Derecho de Aguas Chileno. Una Lectura a la Luz de la Ley N\u00b021.435 * Tatiana Celume Byrne - Agosto a\u00f1o 2025 * 220 P\u00e1g.&rdquo;\" rel=\"nofollow\" data-success_message=\"&ldquo;Principios del Moderno Derecho de Aguas Chileno. Una Lectura a la Luz de la Ley N\u00b021.435 * Tatiana Celume Byrne - Agosto a\u00f1o 2025 * 220 P\u00e1g.&rdquo; se ha a\u00f1adido a tu carro\" role=\"button\">Agregar al carrito<\/a>\t<span id=\"woocommerce_loop_add_to_cart_link_describedby_2413\" class=\"screen-reader-text\">\n\t\t\t<\/span>\n<\/li>\n<li class=\"product type-product post-2408 status-publish last instock product_cat-derecho product_cat-derecho-ambiental has-post-thumbnail shipping-taxable purchasable product-type-simple\">\n\t<a href=\"https:\/\/bibliotecajuridicavirtual.cl\/index.php\/product\/tribunales-ambientales-rodrigo-silva-montes-edicion-ano-2025-355-pag\/\" class=\"woocommerce-LoopProduct-link woocommerce-loop-product__link\"><img loading=\"lazy\" decoding=\"async\" width=\"300\" height=\"300\" src=\"https:\/\/bibliotecajuridicavirtual.cl\/wp-content\/uploads\/2026\/02\/TRIBUNALES-AMBIENTALES-EJS-2025-300x300.jpg\" class=\"attachment-woocommerce_thumbnail size-woocommerce_thumbnail\" alt=\"Tribunales Ambientales * Rodrigo Silva Montes * edici\u00f3n a\u00f1o 2025 - 355 p\u00e1g.\" srcset=\"https:\/\/bibliotecajuridicavirtual.cl\/wp-content\/uploads\/2026\/02\/TRIBUNALES-AMBIENTALES-EJS-2025-300x300.jpg 300w, https:\/\/bibliotecajuridicavirtual.cl\/wp-content\/uploads\/2026\/02\/TRIBUNALES-AMBIENTALES-EJS-2025-100x100.jpg 100w, https:\/\/bibliotecajuridicavirtual.cl\/wp-content\/uploads\/2026\/02\/TRIBUNALES-AMBIENTALES-EJS-2025-600x600.jpg 600w, https:\/\/bibliotecajuridicavirtual.cl\/wp-content\/uploads\/2026\/02\/TRIBUNALES-AMBIENTALES-EJS-2025-64x64.jpg 64w, https:\/\/bibliotecajuridicavirtual.cl\/wp-content\/uploads\/2026\/02\/TRIBUNALES-AMBIENTALES-EJS-2025-150x150.jpg 150w, https:\/\/bibliotecajuridicavirtual.cl\/wp-content\/uploads\/2026\/02\/TRIBUNALES-AMBIENTALES-EJS-2025.jpg 688w\" sizes=\"(max-width: 300px) 100vw, 300px\" \/><h2 class=\"woocommerce-loop-product__title\">Tribunales Ambientales * Rodrigo Silva Montes * edici\u00f3n a\u00f1o 2025 &#8211; 355 p\u00e1g.<\/h2>\n\t<span class=\"price\"><span class=\"woocommerce-Price-amount amount\"><bdi><span class=\"woocommerce-Price-currencySymbol\">&#36;<\/span>41.650<\/bdi><\/span><\/span>\n<\/a><a href=\"\/index.php\/wp-json\/wp\/v2\/pages\/4857?add-to-cart=2408\" aria-describedby=\"woocommerce_loop_add_to_cart_link_describedby_2408\" data-quantity=\"1\" class=\"button product_type_simple add_to_cart_button ajax_add_to_cart\" data-product_id=\"2408\" data-product_sku=\"9789566376736\" aria-label=\"Agregar al carrito: &ldquo;Tribunales Ambientales * Rodrigo Silva Montes * edici\u00f3n a\u00f1o 2025 - 355 p\u00e1g.&rdquo;\" rel=\"nofollow\" data-success_message=\"&ldquo;Tribunales Ambientales * Rodrigo Silva Montes * edici\u00f3n a\u00f1o 2025 - 355 p\u00e1g.&rdquo; se ha a\u00f1adido a tu carro\" role=\"button\">Agregar al carrito<\/a>\t<span id=\"woocommerce_loop_add_to_cart_link_describedby_2408\" class=\"screen-reader-text\">\n\t\t\t<\/span>\n<\/li>\n<li class=\"product type-product post-2322 status-publish first instock product_cat-administrativo product_cat-derecho product_cat-derecho-ambiental has-post-thumbnail shipping-taxable purchasable product-type-simple\">\n\t<a href=\"https:\/\/bibliotecajuridicavirtual.cl\/index.php\/product\/doctrinas-seleccionadas-de-la-revista-de-derecho-ambiental-de-la-universidad-de-chile-3-tomos-jorge-ossandon-rosales-2025-reservas\/\" class=\"woocommerce-LoopProduct-link woocommerce-loop-product__link\"><img loading=\"lazy\" decoding=\"async\" width=\"300\" height=\"420\" src=\"https:\/\/bibliotecajuridicavirtual.cl\/wp-content\/uploads\/2026\/02\/DERECHO-AMBIENTAL-3-TOMOS-DOCRINAS-2025-RUBICON-300x420.jpg\" class=\"attachment-woocommerce_thumbnail size-woocommerce_thumbnail\" alt=\"Doctrinas Seleccionadas de la Revista de Derecho Ambiental de la Universidad de Chile * 3 Tomos * Jorge Ossand\u00f3n Rosales, 2025 (RESERVAS)\" srcset=\"https:\/\/bibliotecajuridicavirtual.cl\/wp-content\/uploads\/2026\/02\/DERECHO-AMBIENTAL-3-TOMOS-DOCRINAS-2025-RUBICON-300x420.jpg 300w, https:\/\/bibliotecajuridicavirtual.cl\/wp-content\/uploads\/2026\/02\/DERECHO-AMBIENTAL-3-TOMOS-DOCRINAS-2025-RUBICON-600x840.jpg 600w, https:\/\/bibliotecajuridicavirtual.cl\/wp-content\/uploads\/2026\/02\/DERECHO-AMBIENTAL-3-TOMOS-DOCRINAS-2025-RUBICON-64x90.jpg 64w, https:\/\/bibliotecajuridicavirtual.cl\/wp-content\/uploads\/2026\/02\/DERECHO-AMBIENTAL-3-TOMOS-DOCRINAS-2025-RUBICON-214x300.jpg 214w, https:\/\/bibliotecajuridicavirtual.cl\/wp-content\/uploads\/2026\/02\/DERECHO-AMBIENTAL-3-TOMOS-DOCRINAS-2025-RUBICON-731x1024.jpg 731w, https:\/\/bibliotecajuridicavirtual.cl\/wp-content\/uploads\/2026\/02\/DERECHO-AMBIENTAL-3-TOMOS-DOCRINAS-2025-RUBICON-768x1076.jpg 768w, https:\/\/bibliotecajuridicavirtual.cl\/wp-content\/uploads\/2026\/02\/DERECHO-AMBIENTAL-3-TOMOS-DOCRINAS-2025-RUBICON-1097x1536.jpg 1097w, https:\/\/bibliotecajuridicavirtual.cl\/wp-content\/uploads\/2026\/02\/DERECHO-AMBIENTAL-3-TOMOS-DOCRINAS-2025-RUBICON-1462x2048.jpg 1462w, https:\/\/bibliotecajuridicavirtual.cl\/wp-content\/uploads\/2026\/02\/DERECHO-AMBIENTAL-3-TOMOS-DOCRINAS-2025-RUBICON.jpg 1828w\" sizes=\"(max-width: 300px) 100vw, 300px\" \/><h2 class=\"woocommerce-loop-product__title\">Doctrinas Seleccionadas de la Revista de Derecho Ambiental de la Universidad de Chile * 3 Tomos * Jorge Ossand\u00f3n Rosales, 2025 (RESERVAS)<\/h2>\n\t<span class=\"price\"><span class=\"woocommerce-Price-amount amount\"><bdi><span class=\"woocommerce-Price-currencySymbol\">&#36;<\/span>210.000<\/bdi><\/span><\/span>\n<\/a><a href=\"\/index.php\/wp-json\/wp\/v2\/pages\/4857?add-to-cart=2322\" aria-describedby=\"woocommerce_loop_add_to_cart_link_describedby_2322\" data-quantity=\"1\" class=\"button product_type_simple add_to_cart_button ajax_add_to_cart\" data-product_id=\"2322\" data-product_sku=\"97895699479598811\" aria-label=\"Agregar al carrito: &ldquo;Doctrinas Seleccionadas de la Revista de Derecho Ambiental de la Universidad de Chile * 3 Tomos * Jorge Ossand\u00f3n Rosales, 2025 (RESERVAS)&rdquo;\" rel=\"nofollow\" data-success_message=\"&ldquo;Doctrinas Seleccionadas de la Revista de Derecho Ambiental de la Universidad de Chile * 3 Tomos * Jorge Ossand\u00f3n Rosales, 2025 (RESERVAS)&rdquo; se ha a\u00f1adido a tu carro\" role=\"button\">Agregar al carrito<\/a>\t<span id=\"woocommerce_loop_add_to_cart_link_describedby_2322\" class=\"screen-reader-text\">\n\t\t\t<\/span>\n<\/li>\n<li class=\"product type-product post-2206 status-publish instock product_cat-civil product_cat-derecho product_cat-derecho-ambiental has-post-thumbnail shipping-taxable purchasable product-type-simple\">\n\t<a href=\"https:\/\/bibliotecajuridicavirtual.cl\/index.php\/product\/derecho-ambiental-chileno-parte-general-eduardo-astorga-jorquera-edicion-actualizada-mayo-2025-656-pag\/\" class=\"woocommerce-LoopProduct-link woocommerce-loop-product__link\"><img loading=\"lazy\" decoding=\"async\" width=\"300\" height=\"533\" src=\"https:\/\/bibliotecajuridicavirtual.cl\/wp-content\/uploads\/2026\/02\/DERECHO-AMBIENTAL-CHILENO-PARTE-GENERAL-2025-THOMSON-R-300x533.jpeg\" class=\"attachment-woocommerce_thumbnail size-woocommerce_thumbnail\" alt=\"Derecho Ambiental Chileno * Parte General -  Eduardo Astorga Jorquera, edici\u00f3n actualizada mayo 2025, 656 P\u00e1g.\" srcset=\"https:\/\/bibliotecajuridicavirtual.cl\/wp-content\/uploads\/2026\/02\/DERECHO-AMBIENTAL-CHILENO-PARTE-GENERAL-2025-THOMSON-R-300x533.jpeg 300w, https:\/\/bibliotecajuridicavirtual.cl\/wp-content\/uploads\/2026\/02\/DERECHO-AMBIENTAL-CHILENO-PARTE-GENERAL-2025-THOMSON-R-600x1067.jpeg 600w, https:\/\/bibliotecajuridicavirtual.cl\/wp-content\/uploads\/2026\/02\/DERECHO-AMBIENTAL-CHILENO-PARTE-GENERAL-2025-THOMSON-R-64x114.jpeg 64w, https:\/\/bibliotecajuridicavirtual.cl\/wp-content\/uploads\/2026\/02\/DERECHO-AMBIENTAL-CHILENO-PARTE-GENERAL-2025-THOMSON-R-169x300.jpeg 169w, https:\/\/bibliotecajuridicavirtual.cl\/wp-content\/uploads\/2026\/02\/DERECHO-AMBIENTAL-CHILENO-PARTE-GENERAL-2025-THOMSON-R-576x1024.jpeg 576w, https:\/\/bibliotecajuridicavirtual.cl\/wp-content\/uploads\/2026\/02\/DERECHO-AMBIENTAL-CHILENO-PARTE-GENERAL-2025-THOMSON-R-768x1365.jpeg 768w, https:\/\/bibliotecajuridicavirtual.cl\/wp-content\/uploads\/2026\/02\/DERECHO-AMBIENTAL-CHILENO-PARTE-GENERAL-2025-THOMSON-R-864x1536.jpeg 864w, https:\/\/bibliotecajuridicavirtual.cl\/wp-content\/uploads\/2026\/02\/DERECHO-AMBIENTAL-CHILENO-PARTE-GENERAL-2025-THOMSON-R.jpeg 900w\" sizes=\"(max-width: 300px) 100vw, 300px\" \/><h2 class=\"woocommerce-loop-product__title\">Derecho Ambiental Chileno * Parte General &#8211;  Eduardo Astorga Jorquera, edici\u00f3n actualizada mayo 2025, 656 P\u00e1g.<\/h2>\n\t<span class=\"price\"><span class=\"woocommerce-Price-amount amount\"><bdi><span class=\"woocommerce-Price-currencySymbol\">&#36;<\/span>92.000<\/bdi><\/span><\/span>\n<\/a><a href=\"\/index.php\/wp-json\/wp\/v2\/pages\/4857?add-to-cart=2206\" aria-describedby=\"woocommerce_loop_add_to_cart_link_describedby_2206\" data-quantity=\"1\" class=\"button product_type_simple add_to_cart_button ajax_add_to_cart\" data-product_id=\"2206\" data-product_sku=\"978000050009\" aria-label=\"Agregar al carrito: &ldquo;Derecho Ambiental Chileno * Parte General -  Eduardo Astorga Jorquera, edici\u00f3n actualizada mayo 2025, 656 P\u00e1g.&rdquo;\" rel=\"nofollow\" data-success_message=\"&ldquo;Derecho Ambiental Chileno * Parte General -  Eduardo Astorga Jorquera, edici\u00f3n actualizada mayo 2025, 656 P\u00e1g.&rdquo; se ha a\u00f1adido a tu carro\" role=\"button\">Agregar al carrito<\/a>\t<span id=\"woocommerce_loop_add_to_cart_link_describedby_2206\" class=\"screen-reader-text\">\n\t\t\t<\/span>\n<\/li>\n<li class=\"product type-product post-1800 status-publish instock product_cat-administrativo product_cat-civil product_cat-derecho product_cat-derecho-ambiental has-post-thumbnail shipping-taxable purchasable product-type-simple\">\n\t<a href=\"https:\/\/bibliotecajuridicavirtual.cl\/index.php\/product\/derecho-ambiental-chileno-tomo-iii-cambio-climatico-responsabilidad-ambiental-sectores-especiales-del-medio-ambiente-y-jurisdiccion-ambiental\/\" class=\"woocommerce-LoopProduct-link woocommerce-loop-product__link\"><img loading=\"lazy\" decoding=\"async\" width=\"300\" height=\"417\" src=\"https:\/\/bibliotecajuridicavirtual.cl\/wp-content\/uploads\/2026\/02\/DERECHO-AMBIENTAL-CHILENO-III-2024-300x417.webp\" class=\"attachment-woocommerce_thumbnail size-woocommerce_thumbnail\" alt=\"Derecho ambiental chileno. Tomo III. Cambio clim\u00e1tico, responsabilidad ambiental, sectores especiales del medio ambiente y jurisdicci\u00f3n ambiental\" srcset=\"https:\/\/bibliotecajuridicavirtual.cl\/wp-content\/uploads\/2026\/02\/DERECHO-AMBIENTAL-CHILENO-III-2024-300x417.webp 300w, https:\/\/bibliotecajuridicavirtual.cl\/wp-content\/uploads\/2026\/02\/DERECHO-AMBIENTAL-CHILENO-III-2024-600x833.webp 600w, https:\/\/bibliotecajuridicavirtual.cl\/wp-content\/uploads\/2026\/02\/DERECHO-AMBIENTAL-CHILENO-III-2024-64x89.webp 64w, https:\/\/bibliotecajuridicavirtual.cl\/wp-content\/uploads\/2026\/02\/DERECHO-AMBIENTAL-CHILENO-III-2024-216x300.webp 216w, https:\/\/bibliotecajuridicavirtual.cl\/wp-content\/uploads\/2026\/02\/DERECHO-AMBIENTAL-CHILENO-III-2024.webp 713w\" sizes=\"(max-width: 300px) 100vw, 300px\" \/><h2 class=\"woocommerce-loop-product__title\">Derecho ambiental chileno. Tomo III. Cambio clim\u00e1tico, responsabilidad ambiental, sectores especiales del medio ambiente y jurisdicci\u00f3n ambiental<\/h2>\n\t<span class=\"price\"><span class=\"woocommerce-Price-amount amount\"><bdi><span class=\"woocommerce-Price-currencySymbol\">&#36;<\/span>51.000<\/bdi><\/span><\/span>\n<\/a><a href=\"\/index.php\/wp-json\/wp\/v2\/pages\/4857?add-to-cart=1800\" aria-describedby=\"woocommerce_loop_add_to_cart_link_describedby_1800\" data-quantity=\"1\" class=\"button product_type_simple add_to_cart_button ajax_add_to_cart\" data-product_id=\"1800\" data-product_sku=\"9789564052090\" aria-label=\"Agregar al carrito: &ldquo;Derecho ambiental chileno. Tomo III. Cambio clim\u00e1tico, responsabilidad ambiental, sectores especiales del medio ambiente y jurisdicci\u00f3n ambiental&rdquo;\" rel=\"nofollow\" data-success_message=\"&ldquo;Derecho ambiental chileno. Tomo III. Cambio clim\u00e1tico, responsabilidad ambiental, sectores especiales del medio ambiente y jurisdicci\u00f3n ambiental&rdquo; se ha a\u00f1adido a tu carro\" role=\"button\">Agregar al carrito<\/a>\t<span id=\"woocommerce_loop_add_to_cart_link_describedby_1800\" class=\"screen-reader-text\">\n\t\t\t<\/span>\n<\/li>\n<li class=\"product type-product post-1770 status-publish last instock product_cat-administrativo product_cat-civil product_cat-comercial product_cat-derecho product_cat-derecho-ambiental product_cat-derecho-arbitral product_cat-juzgado-de-policia-local product_cat-thomson-reuters has-post-thumbnail shipping-taxable purchasable product-type-simple\">\n\t<a href=\"https:\/\/bibliotecajuridicavirtual.cl\/index.php\/product\/criterios-jurisprudenciales-de-los-tribunales-superiores-de-justicia-volumen-ii-felipe-valenzuela-quiros\/\" class=\"woocommerce-LoopProduct-link woocommerce-loop-product__link\"><img loading=\"lazy\" decoding=\"async\" width=\"300\" height=\"440\" src=\"https:\/\/bibliotecajuridicavirtual.cl\/wp-content\/uploads\/2026\/02\/CRITERIOS-JURISPRUDENCIALES-II-300x440.jpg\" class=\"attachment-woocommerce_thumbnail size-woocommerce_thumbnail\" alt=\"Criterios Jurisprudenciales de los Tribunales Superiores de Justicia, Volumen II - Felipe Valenzuela Quiros\" srcset=\"https:\/\/bibliotecajuridicavirtual.cl\/wp-content\/uploads\/2026\/02\/CRITERIOS-JURISPRUDENCIALES-II-300x440.jpg 300w, https:\/\/bibliotecajuridicavirtual.cl\/wp-content\/uploads\/2026\/02\/CRITERIOS-JURISPRUDENCIALES-II-64x94.jpg 64w, https:\/\/bibliotecajuridicavirtual.cl\/wp-content\/uploads\/2026\/02\/CRITERIOS-JURISPRUDENCIALES-II-205x300.jpg 205w, https:\/\/bibliotecajuridicavirtual.cl\/wp-content\/uploads\/2026\/02\/CRITERIOS-JURISPRUDENCIALES-II.jpg 309w\" sizes=\"(max-width: 300px) 100vw, 300px\" \/><h2 class=\"woocommerce-loop-product__title\">Criterios Jurisprudenciales de los Tribunales Superiores de Justicia, Volumen II &#8211; Felipe Valenzuela Quiros<\/h2>\n\t<span class=\"price\"><span class=\"woocommerce-Price-amount amount\"><bdi><span class=\"woocommerce-Price-currencySymbol\">&#36;<\/span>64.000<\/bdi><\/span><\/span>\n<\/a><a href=\"\/index.php\/wp-json\/wp\/v2\/pages\/4857?add-to-cart=1770\" aria-describedby=\"woocommerce_loop_add_to_cart_link_describedby_1770\" data-quantity=\"1\" class=\"button product_type_simple add_to_cart_button ajax_add_to_cart\" data-product_id=\"1770\" data-product_sku=\"9789564005621\" aria-label=\"Agregar al carrito: &ldquo;Criterios Jurisprudenciales de los Tribunales Superiores de Justicia, Volumen II - Felipe Valenzuela Quiros&rdquo;\" rel=\"nofollow\" data-success_message=\"&ldquo;Criterios Jurisprudenciales de los Tribunales Superiores de Justicia, Volumen II - Felipe Valenzuela Quiros&rdquo; se ha a\u00f1adido a tu carro\" role=\"button\">Agregar al carrito<\/a>\t<span id=\"woocommerce_loop_add_to_cart_link_describedby_1770\" class=\"screen-reader-text\">\n\t\t\t<\/span>\n<\/li>\n<\/ul>\n<\/div>\t\t\t\t<\/div>\n\t\t\t\t<\/div>\n\t\t\t\t\t<\/div>\n\t\t\t\t<\/div>\n\t\t\t\t<\/div>\n\t\t","protected":false},"excerpt":{"rendered":"<p>Derecho \/ Ambiental<\/p>\n","protected":false},"author":2,"featured_media":0,"parent":0,"menu_order":0,"comment_status":"closed","ping_status":"closed","template":"elementor_header_footer","meta":{"inline_featured_image":false,"_joinchat":[],"footnotes":""},"class_list":["post-4857","page","type-page","status-publish","hentry"],"_links":{"self":[{"href":"https:\/\/bibliotecajuridicavirtual.cl\/index.php\/wp-json\/wp\/v2\/pages\/4857","targetHints":{"allow":["GET"]}}],"collection":[{"href":"https:\/\/bibliotecajuridicavirtual.cl\/index.php\/wp-json\/wp\/v2\/pages"}],"about":[{"href":"https:\/\/bibliotecajuridicavirtual.cl\/index.php\/wp-json\/wp\/v2\/types\/page"}],"author":[{"embeddable":true,"href":"https:\/\/bibliotecajuridicavirtual.cl\/index.php\/wp-json\/wp\/v2\/users\/2"}],"replies":[{"embeddable":true,"href":"https:\/\/bibliotecajuridicavirtual.cl\/index.php\/wp-json\/wp\/v2\/comments?post=4857"}],"version-history":[{"count":4,"href":"https:\/\/bibliotecajuridicavirtual.cl\/index.php\/wp-json\/wp\/v2\/pages\/4857\/revisions"}],"predecessor-version":[{"id":4862,"href":"https:\/\/bibliotecajuridicavirtual.cl\/index.php\/wp-json\/wp\/v2\/pages\/4857\/revisions\/4862"}],"wp:attachment":[{"href":"https:\/\/bibliotecajuridicavirtual.cl\/index.php\/wp-json\/wp\/v2\/media?parent=4857"}],"curies":[{"name":"wp","href":"https:\/\/api.w.org\/{rel}","templated":true}]}}