{"id":4863,"date":"2026-03-03T10:57:16","date_gmt":"2026-03-03T13:57:16","guid":{"rendered":"https:\/\/bibliotecajuridicavirtual.cl\/?page_id=4863"},"modified":"2026-03-03T10:57:49","modified_gmt":"2026-03-03T13:57:49","slug":"derecho-internacional","status":"publish","type":"page","link":"https:\/\/bibliotecajuridicavirtual.cl\/index.php\/derecho-internacional\/","title":{"rendered":"Derecho Internacional"},"content":{"rendered":"\t\t<div data-elementor-type=\"wp-page\" data-elementor-id=\"4863\" class=\"elementor elementor-4863\" data-elementor-post-type=\"page\">\n\t\t\t\t<div class=\"elementor-element elementor-element-9c9d28b e-flex e-con-boxed wpr-particle-no wpr-jarallax-no wpr-parallax-no wpr-sticky-section-no wpr-equal-height-no e-con e-parent\" data-id=\"9c9d28b\" data-element_type=\"container\" data-e-type=\"container\" data-settings=\"{&quot;background_background&quot;:&quot;classic&quot;}\">\n\t\t\t\t\t<div class=\"e-con-inner\">\n\t\t<div class=\"elementor-element elementor-element-be2bb4d e-con-full e-flex wpr-particle-no wpr-jarallax-no wpr-parallax-no wpr-sticky-section-no wpr-equal-height-no e-con e-child\" data-id=\"be2bb4d\" data-element_type=\"container\" data-e-type=\"container\">\n\t\t\t\t<div class=\"elementor-element elementor-element-5da4f87 elementor-widget elementor-widget-heading\" data-id=\"5da4f87\" data-element_type=\"widget\" data-e-type=\"widget\" data-widget_type=\"heading.default\">\n\t\t\t\t<div class=\"elementor-widget-container\">\n\t\t\t\t\t<h1 class=\"elementor-heading-title elementor-size-default\">Derecho \/ Internacional<\/h1>\t\t\t\t<\/div>\n\t\t\t\t<\/div>\n\t\t\t\t<\/div>\n\t\t\t\t\t<\/div>\n\t\t\t\t<\/div>\n\t\t<div class=\"elementor-element elementor-element-f536256 e-flex e-con-boxed wpr-particle-no wpr-jarallax-no wpr-parallax-no wpr-sticky-section-no wpr-equal-height-no e-con e-parent\" data-id=\"f536256\" data-element_type=\"container\" data-e-type=\"container\">\n\t\t\t\t\t<div class=\"e-con-inner\">\n\t\t\t\t<div class=\"elementor-element elementor-element-d08b61d elementor-product-loop-item--align-center elementor-grid-4 elementor-grid-tablet-3 elementor-grid-mobile-2 elementor-products-grid elementor-wc-products elementor-show-pagination-border-yes elementor-widget elementor-widget-woocommerce-products\" data-id=\"d08b61d\" data-element_type=\"widget\" data-e-type=\"widget\" data-widget_type=\"woocommerce-products.default\">\n\t\t\t\t<div class=\"elementor-widget-container\">\n\t\t\t\t\t<div class=\"woocommerce columns-4 \"><div class=\"woocommerce-notices-wrapper\"><\/div><ul class=\"products elementor-grid columns-4\">\n<li class=\"product type-product post-4482 status-publish first instock product_cat-derecho-internacional has-post-thumbnail shipping-taxable purchasable product-type-simple\">\n\t<a href=\"https:\/\/bibliotecajuridicavirtual.cl\/index.php\/product\/el-derecho-humano-a-la-identidad-cultural-en-el-derecho-internacional-ano-2023-418-pag-autor-juan-jorge-faundes-penafiel\/\" class=\"woocommerce-LoopProduct-link woocommerce-loop-product__link\"><img fetchpriority=\"high\" decoding=\"async\" width=\"300\" height=\"423\" src=\"https:\/\/bibliotecajuridicavirtual.cl\/wp-content\/uploads\/2026\/02\/EL-DERECHO-HUMANO-A-LA-IDENTIDAD-300x423.png\" class=\"attachment-woocommerce_thumbnail size-woocommerce_thumbnail\" alt=\"El Derecho Humano a la identidad cultural en el Derecho Internacional. A\u00f1o 2023\/418 P\u00e1g. Autor Juan Jorge Faundes Pe\u00f1afiel\" srcset=\"https:\/\/bibliotecajuridicavirtual.cl\/wp-content\/uploads\/2026\/02\/EL-DERECHO-HUMANO-A-LA-IDENTIDAD-300x423.png 300w, https:\/\/bibliotecajuridicavirtual.cl\/wp-content\/uploads\/2026\/02\/EL-DERECHO-HUMANO-A-LA-IDENTIDAD-64x90.png 64w, https:\/\/bibliotecajuridicavirtual.cl\/wp-content\/uploads\/2026\/02\/EL-DERECHO-HUMANO-A-LA-IDENTIDAD-213x300.png 213w, https:\/\/bibliotecajuridicavirtual.cl\/wp-content\/uploads\/2026\/02\/EL-DERECHO-HUMANO-A-LA-IDENTIDAD.png 473w\" sizes=\"(max-width: 300px) 100vw, 300px\" \/><h2 class=\"woocommerce-loop-product__title\">El Derecho Humano a la identidad cultural en el Derecho Internacional. A\u00f1o 2023\/418 P\u00e1g. Autor Juan Jorge Faundes Pe\u00f1afiel<\/h2>\n\t<span class=\"price\"><span class=\"woocommerce-Price-amount amount\"><bdi><span class=\"woocommerce-Price-currencySymbol\">&#36;<\/span>51.990<\/bdi><\/span><\/span>\n<\/a><a href=\"\/index.php\/wp-json\/wp\/v2\/pages\/4863?add-to-cart=4482\" aria-describedby=\"woocommerce_loop_add_to_cart_link_describedby_4482\" data-quantity=\"1\" class=\"button product_type_simple add_to_cart_button ajax_add_to_cart\" data-product_id=\"4482\" data-product_sku=\"9788411690409\" aria-label=\"Agregar al carrito: &ldquo;El Derecho Humano a la identidad cultural en el Derecho Internacional. A\u00f1o 2023\/418 P\u00e1g. Autor Juan Jorge Faundes Pe\u00f1afiel&rdquo;\" rel=\"nofollow\" data-success_message=\"&ldquo;El Derecho Humano a la identidad cultural en el Derecho Internacional. A\u00f1o 2023\/418 P\u00e1g. Autor Juan Jorge Faundes Pe\u00f1afiel&rdquo; se ha a\u00f1adido a tu carro\" role=\"button\">Agregar al carrito<\/a>\t<span id=\"woocommerce_loop_add_to_cart_link_describedby_4482\" class=\"screen-reader-text\">\n\t\t\t<\/span>\n<\/li>\n<li class=\"product type-product post-3943 status-publish instock product_cat-derecho-internacional has-post-thumbnail shipping-taxable purchasable product-type-simple\">\n\t<a href=\"https:\/\/bibliotecajuridicavirtual.cl\/index.php\/product\/la-codificacion-y-decodificacion-del-derecho-internacional-por-los-organismos-internacionales-ano-2018-146-pag-autor-samuel-fernandez-illanes\/\" class=\"woocommerce-LoopProduct-link woocommerce-loop-product__link\"><img decoding=\"async\" width=\"300\" height=\"413\" src=\"https:\/\/bibliotecajuridicavirtual.cl\/wp-content\/uploads\/2026\/02\/lacodificACION-Y-DECODIFICACION-300x413.png\" class=\"attachment-woocommerce_thumbnail size-woocommerce_thumbnail\" alt=\"La Codificaci\u00f3n y Decodificaci\u00f3n del Derecho Internacional por los Organismos Internacionales. A\u00f1o 2018\/ 146 P\u00e1g. Autor Samuel Fern\u00e1ndez Illanes\" srcset=\"https:\/\/bibliotecajuridicavirtual.cl\/wp-content\/uploads\/2026\/02\/lacodificACION-Y-DECODIFICACION-300x413.png 300w, https:\/\/bibliotecajuridicavirtual.cl\/wp-content\/uploads\/2026\/02\/lacodificACION-Y-DECODIFICACION-64x88.png 64w, https:\/\/bibliotecajuridicavirtual.cl\/wp-content\/uploads\/2026\/02\/lacodificACION-Y-DECODIFICACION-218x300.png 218w, https:\/\/bibliotecajuridicavirtual.cl\/wp-content\/uploads\/2026\/02\/lacodificACION-Y-DECODIFICACION.png 487w\" sizes=\"(max-width: 300px) 100vw, 300px\" \/><h2 class=\"woocommerce-loop-product__title\">La Codificaci\u00f3n y Decodificaci\u00f3n del Derecho Internacional por los Organismos Internacionales. A\u00f1o 2018\/ 146 P\u00e1g. Autor Samuel Fern\u00e1ndez Illanes<\/h2>\n\t<span class=\"price\"><span class=\"woocommerce-Price-amount amount\"><bdi><span class=\"woocommerce-Price-currencySymbol\">&#36;<\/span>15.500<\/bdi><\/span><\/span>\n<\/a><a href=\"\/index.php\/wp-json\/wp\/v2\/pages\/4863?add-to-cart=3943\" aria-describedby=\"woocommerce_loop_add_to_cart_link_describedby_3943\" data-quantity=\"1\" class=\"button product_type_simple add_to_cart_button ajax_add_to_cart\" data-product_id=\"3943\" data-product_sku=\"9788491697510\" aria-label=\"Agregar al carrito: &ldquo;La Codificaci\u00f3n y Decodificaci\u00f3n del Derecho Internacional por los Organismos Internacionales. A\u00f1o 2018\/ 146 P\u00e1g. Autor Samuel Fern\u00e1ndez Illanes&rdquo;\" rel=\"nofollow\" data-success_message=\"&ldquo;La Codificaci\u00f3n y Decodificaci\u00f3n del Derecho Internacional por los Organismos Internacionales. A\u00f1o 2018\/ 146 P\u00e1g. Autor Samuel Fern\u00e1ndez Illanes&rdquo; se ha a\u00f1adido a tu carro\" role=\"button\">Agregar al carrito<\/a>\t<span id=\"woocommerce_loop_add_to_cart_link_describedby_3943\" class=\"screen-reader-text\">\n\t\t\t<\/span>\n<\/li>\n<li class=\"product type-product post-3846 status-publish instock product_cat-derecho-internacional has-post-thumbnail shipping-taxable purchasable product-type-simple\">\n\t<a href=\"https:\/\/bibliotecajuridicavirtual.cl\/index.php\/product\/relaciones-entre-la-union-europea-y-america-latina-escenarios-futuros-en-un-mundo-de-cambios-ano-2022-216-pag-autor-paulina-astroza-suarez-y-beatriz-larrain-martinez\/\" class=\"woocommerce-LoopProduct-link woocommerce-loop-product__link\"><img decoding=\"async\" width=\"300\" height=\"364\" src=\"https:\/\/bibliotecajuridicavirtual.cl\/wp-content\/uploads\/2026\/02\/RELACION-ENTRE-LA-UNION-EUROPEA-Y-AMERICA-LATINA-1-300x364.png\" class=\"attachment-woocommerce_thumbnail size-woocommerce_thumbnail\" alt=\"Relaciones entre la uni\u00f3n europea y am\u00e9rica latina: escenarios futuros en un mundo de cambios. A\u00f1o 2022 \/ 216 P\u00e1g. Autor Paulina Astroza Suarez y Beatriz Larrain Mart\u00ednez\" srcset=\"https:\/\/bibliotecajuridicavirtual.cl\/wp-content\/uploads\/2026\/02\/RELACION-ENTRE-LA-UNION-EUROPEA-Y-AMERICA-LATINA-1-300x364.png 300w, https:\/\/bibliotecajuridicavirtual.cl\/wp-content\/uploads\/2026\/02\/RELACION-ENTRE-LA-UNION-EUROPEA-Y-AMERICA-LATINA-1-64x78.png 64w, https:\/\/bibliotecajuridicavirtual.cl\/wp-content\/uploads\/2026\/02\/RELACION-ENTRE-LA-UNION-EUROPEA-Y-AMERICA-LATINA-1-248x300.png 248w, https:\/\/bibliotecajuridicavirtual.cl\/wp-content\/uploads\/2026\/02\/RELACION-ENTRE-LA-UNION-EUROPEA-Y-AMERICA-LATINA-1.png 595w\" sizes=\"(max-width: 300px) 100vw, 300px\" \/><h2 class=\"woocommerce-loop-product__title\">Relaciones entre la uni\u00f3n europea y am\u00e9rica latina: escenarios futuros en un mundo de cambios. A\u00f1o 2022 \/ 216 P\u00e1g. Autor Paulina Astroza Suarez y Beatriz Larrain Mart\u00ednez<\/h2>\n\t<span class=\"price\"><span class=\"woocommerce-Price-amount amount\"><bdi><span class=\"woocommerce-Price-currencySymbol\">&#36;<\/span>34.990<\/bdi><\/span><\/span>\n<\/a><a href=\"\/index.php\/wp-json\/wp\/v2\/pages\/4863?add-to-cart=3846\" aria-describedby=\"woocommerce_loop_add_to_cart_link_describedby_3846\" data-quantity=\"1\" class=\"button product_type_simple add_to_cart_button ajax_add_to_cart\" data-product_id=\"3846\" data-product_sku=\"9788411132572\" aria-label=\"Agregar al carrito: &ldquo;Relaciones entre la uni\u00f3n europea y am\u00e9rica latina: escenarios futuros en un mundo de cambios. A\u00f1o 2022 \/ 216 P\u00e1g. Autor Paulina Astroza Suarez y Beatriz Larrain Mart\u00ednez&rdquo;\" rel=\"nofollow\" data-success_message=\"&ldquo;Relaciones entre la uni\u00f3n europea y am\u00e9rica latina: escenarios futuros en un mundo de cambios. A\u00f1o 2022 \/ 216 P\u00e1g. Autor Paulina Astroza Suarez y Beatriz Larrain Mart\u00ednez&rdquo; se ha a\u00f1adido a tu carro\" role=\"button\">Agregar al carrito<\/a>\t<span id=\"woocommerce_loop_add_to_cart_link_describedby_3846\" class=\"screen-reader-text\">\n\t\t\t<\/span>\n<\/li>\n<li class=\"product type-product post-3760 status-publish last instock product_cat-derecho-internacional has-post-thumbnail shipping-taxable purchasable product-type-simple\">\n\t<a href=\"https:\/\/bibliotecajuridicavirtual.cl\/index.php\/product\/el-arbitraje-comercial-internacional-estudio-de-la-convencion-de-nueva-york-ano-2022-1164-pag-autor-eduardo-zuleta-jaramillo-y-guido-santiago-tawil\/\" class=\"woocommerce-LoopProduct-link woocommerce-loop-product__link\"><img loading=\"lazy\" decoding=\"async\" width=\"300\" height=\"414\" src=\"https:\/\/bibliotecajuridicavirtual.cl\/wp-content\/uploads\/2026\/02\/EL-ARBITRAJE-COMERCIAL-INTERNACIONAL-ESTUDIO-DE-LA-CONVENCION-DE-NUEVA-YORK-300x414.png\" class=\"attachment-woocommerce_thumbnail size-woocommerce_thumbnail\" alt=\"El arbitraje comercial internacional: Estudio de la convenci\u00f3n de Nueva York. A\u00f1o 2022 \/ 1164 P\u00e1g. Autor Eduardo Zuleta Jaramillo y Guido Santiago Tawil\" srcset=\"https:\/\/bibliotecajuridicavirtual.cl\/wp-content\/uploads\/2026\/02\/EL-ARBITRAJE-COMERCIAL-INTERNACIONAL-ESTUDIO-DE-LA-CONVENCION-DE-NUEVA-YORK-300x414.png 300w, https:\/\/bibliotecajuridicavirtual.cl\/wp-content\/uploads\/2026\/02\/EL-ARBITRAJE-COMERCIAL-INTERNACIONAL-ESTUDIO-DE-LA-CONVENCION-DE-NUEVA-YORK-64x88.png 64w, https:\/\/bibliotecajuridicavirtual.cl\/wp-content\/uploads\/2026\/02\/EL-ARBITRAJE-COMERCIAL-INTERNACIONAL-ESTUDIO-DE-LA-CONVENCION-DE-NUEVA-YORK-217x300.png 217w, https:\/\/bibliotecajuridicavirtual.cl\/wp-content\/uploads\/2026\/02\/EL-ARBITRAJE-COMERCIAL-INTERNACIONAL-ESTUDIO-DE-LA-CONVENCION-DE-NUEVA-YORK.png 479w\" sizes=\"(max-width: 300px) 100vw, 300px\" \/><h2 class=\"woocommerce-loop-product__title\">El arbitraje comercial internacional: Estudio de la convenci\u00f3n de Nueva York. A\u00f1o 2022 \/ 1164 P\u00e1g. Autor Eduardo Zuleta Jaramillo y Guido Santiago Tawil<\/h2>\n\t<span class=\"price\"><span class=\"woocommerce-Price-amount amount\"><bdi><span class=\"woocommerce-Price-currencySymbol\">&#36;<\/span>120.990<\/bdi><\/span><\/span>\n<\/a><a href=\"\/index.php\/wp-json\/wp\/v2\/pages\/4863?add-to-cart=3760\" aria-describedby=\"woocommerce_loop_add_to_cart_link_describedby_3760\" data-quantity=\"1\" class=\"button product_type_simple add_to_cart_button ajax_add_to_cart\" data-product_id=\"3760\" data-product_sku=\"9788413970110\" aria-label=\"Agregar al carrito: &ldquo;El arbitraje comercial internacional: Estudio de la convenci\u00f3n de Nueva York. A\u00f1o 2022 \/ 1164 P\u00e1g. Autor Eduardo Zuleta Jaramillo y Guido Santiago Tawil&rdquo;\" rel=\"nofollow\" data-success_message=\"&ldquo;El arbitraje comercial internacional: Estudio de la convenci\u00f3n de Nueva York. A\u00f1o 2022 \/ 1164 P\u00e1g. Autor Eduardo Zuleta Jaramillo y Guido Santiago Tawil&rdquo; se ha a\u00f1adido a tu carro\" role=\"button\">Agregar al carrito<\/a>\t<span id=\"woocommerce_loop_add_to_cart_link_describedby_3760\" class=\"screen-reader-text\">\n\t\t\t<\/span>\n<\/li>\n<li class=\"product type-product post-3574 status-publish first instock product_cat-derecho-internacional has-post-thumbnail shipping-taxable purchasable product-type-simple\">\n\t<a href=\"https:\/\/bibliotecajuridicavirtual.cl\/index.php\/product\/migracion-y-extranjeria-segunda-edicion-ano-2024-516-pag-autor-rodrigo-silva-montes-y-maria-oriana-martinez-lavin\/\" class=\"woocommerce-LoopProduct-link woocommerce-loop-product__link\"><img loading=\"lazy\" decoding=\"async\" width=\"300\" height=\"300\" src=\"https:\/\/bibliotecajuridicavirtual.cl\/wp-content\/uploads\/2026\/02\/MIGRACION-Y-EXTRANJERIA-2DA-EDICION-2024-300x300.png\" class=\"attachment-woocommerce_thumbnail size-woocommerce_thumbnail\" alt=\"Migraci\u00f3n y Extranjer\u00eda - Segunda Edici\u00f3n. A\u00f1o 2024 \/ 516 P\u00e1g. Autor Rodrigo Silva Montes y Mar\u00eda Oriana Mart\u00ednez Lav\u00edn\" srcset=\"https:\/\/bibliotecajuridicavirtual.cl\/wp-content\/uploads\/2026\/02\/MIGRACION-Y-EXTRANJERIA-2DA-EDICION-2024-300x300.png 300w, https:\/\/bibliotecajuridicavirtual.cl\/wp-content\/uploads\/2026\/02\/MIGRACION-Y-EXTRANJERIA-2DA-EDICION-2024-100x100.png 100w, https:\/\/bibliotecajuridicavirtual.cl\/wp-content\/uploads\/2026\/02\/MIGRACION-Y-EXTRANJERIA-2DA-EDICION-2024-600x600.png 600w, https:\/\/bibliotecajuridicavirtual.cl\/wp-content\/uploads\/2026\/02\/MIGRACION-Y-EXTRANJERIA-2DA-EDICION-2024-64x64.png 64w, https:\/\/bibliotecajuridicavirtual.cl\/wp-content\/uploads\/2026\/02\/MIGRACION-Y-EXTRANJERIA-2DA-EDICION-2024-150x150.png 150w, https:\/\/bibliotecajuridicavirtual.cl\/wp-content\/uploads\/2026\/02\/MIGRACION-Y-EXTRANJERIA-2DA-EDICION-2024.png 766w\" sizes=\"(max-width: 300px) 100vw, 300px\" \/><h2 class=\"woocommerce-loop-product__title\">Migraci\u00f3n y Extranjer\u00eda &#8211; Segunda Edici\u00f3n. A\u00f1o 2024 \/ 516 P\u00e1g. Autor Rodrigo Silva Montes y Mar\u00eda Oriana Mart\u00ednez Lav\u00edn<\/h2>\n\t<span class=\"price\"><span class=\"woocommerce-Price-amount amount\"><bdi><span class=\"woocommerce-Price-currencySymbol\">&#36;<\/span>71.400<\/bdi><\/span><\/span>\n<\/a><a href=\"\/index.php\/wp-json\/wp\/v2\/pages\/4863?add-to-cart=3574\" aria-describedby=\"woocommerce_loop_add_to_cart_link_describedby_3574\" data-quantity=\"1\" class=\"button product_type_simple add_to_cart_button ajax_add_to_cart\" data-product_id=\"3574\" data-product_sku=\"\" aria-label=\"Agregar al carrito: &ldquo;Migraci\u00f3n y Extranjer\u00eda - Segunda Edici\u00f3n. A\u00f1o 2024 \/ 516 P\u00e1g. Autor Rodrigo Silva Montes y Mar\u00eda Oriana Mart\u00ednez Lav\u00edn&rdquo;\" rel=\"nofollow\" data-success_message=\"&ldquo;Migraci\u00f3n y Extranjer\u00eda - Segunda Edici\u00f3n. A\u00f1o 2024 \/ 516 P\u00e1g. Autor Rodrigo Silva Montes y Mar\u00eda Oriana Mart\u00ednez Lav\u00edn&rdquo; se ha a\u00f1adido a tu carro\" role=\"button\">Agregar al carrito<\/a>\t<span id=\"woocommerce_loop_add_to_cart_link_describedby_3574\" class=\"screen-reader-text\">\n\t\t\t<\/span>\n<\/li>\n<li class=\"product type-product post-3472 status-publish instock product_cat-derecho-internacional product_cat-ediciones-juridica-de-santiago has-post-thumbnail shipping-taxable purchasable product-type-simple\">\n\t<a href=\"https:\/\/bibliotecajuridicavirtual.cl\/index.php\/product\/teoria-y-practica-del-derecho-internacional-publico-introduccion-y-fuentes-tomo-i-5ta-edicion-ano-2021-713-pag-autor-hugo-llanos-mansilla\/\" class=\"woocommerce-LoopProduct-link woocommerce-loop-product__link\"><img loading=\"lazy\" decoding=\"async\" width=\"300\" height=\"456\" src=\"https:\/\/bibliotecajuridicavirtual.cl\/wp-content\/uploads\/2026\/02\/TEORIA-Y-PRACTICA-300x456.png\" class=\"attachment-woocommerce_thumbnail size-woocommerce_thumbnail\" alt=\"Teor\u00eda y Pr\u00e1ctica del Derecho Internacional P\u00fablico - Introducci\u00f3n y Fuentes - Tomo I - 5ta Edici\u00f3n. A\u00f1o 2021 \/ 713 P\u00e1g. Autor Hugo Llanos Mansilla\" srcset=\"https:\/\/bibliotecajuridicavirtual.cl\/wp-content\/uploads\/2026\/02\/TEORIA-Y-PRACTICA-300x456.png 300w, https:\/\/bibliotecajuridicavirtual.cl\/wp-content\/uploads\/2026\/02\/TEORIA-Y-PRACTICA-600x913.png 600w, https:\/\/bibliotecajuridicavirtual.cl\/wp-content\/uploads\/2026\/02\/TEORIA-Y-PRACTICA-64x97.png 64w, https:\/\/bibliotecajuridicavirtual.cl\/wp-content\/uploads\/2026\/02\/TEORIA-Y-PRACTICA-197x300.png 197w, https:\/\/bibliotecajuridicavirtual.cl\/wp-content\/uploads\/2026\/02\/TEORIA-Y-PRACTICA-673x1024.png 673w, https:\/\/bibliotecajuridicavirtual.cl\/wp-content\/uploads\/2026\/02\/TEORIA-Y-PRACTICA-768x1169.png 768w, https:\/\/bibliotecajuridicavirtual.cl\/wp-content\/uploads\/2026\/02\/TEORIA-Y-PRACTICA.png 905w\" sizes=\"(max-width: 300px) 100vw, 300px\" \/><h2 class=\"woocommerce-loop-product__title\">Teor\u00eda y Pr\u00e1ctica del Derecho Internacional P\u00fablico &#8211; Introducci\u00f3n y Fuentes &#8211; Tomo I &#8211; 5ta Edici\u00f3n. A\u00f1o 2021 \/ 713 P\u00e1g. Autor Hugo Llanos Mansilla<\/h2>\n\t<span class=\"price\"><span class=\"woocommerce-Price-amount amount\"><bdi><span class=\"woocommerce-Price-currencySymbol\">&#36;<\/span>55.000<\/bdi><\/span><\/span>\n<\/a><a href=\"\/index.php\/wp-json\/wp\/v2\/pages\/4863?add-to-cart=3472\" aria-describedby=\"woocommerce_loop_add_to_cart_link_describedby_3472\" data-quantity=\"1\" class=\"button product_type_simple add_to_cart_button ajax_add_to_cart\" data-product_id=\"3472\" data-product_sku=\"9789561026049\" aria-label=\"Agregar al carrito: &ldquo;Teor\u00eda y Pr\u00e1ctica del Derecho Internacional P\u00fablico - Introducci\u00f3n y Fuentes - Tomo I - 5ta Edici\u00f3n. A\u00f1o 2021 \/ 713 P\u00e1g. Autor Hugo Llanos Mansilla&rdquo;\" rel=\"nofollow\" data-success_message=\"&ldquo;Teor\u00eda y Pr\u00e1ctica del Derecho Internacional P\u00fablico - Introducci\u00f3n y Fuentes - Tomo I - 5ta Edici\u00f3n. A\u00f1o 2021 \/ 713 P\u00e1g. Autor Hugo Llanos Mansilla&rdquo; se ha a\u00f1adido a tu carro\" role=\"button\">Agregar al carrito<\/a>\t<span id=\"woocommerce_loop_add_to_cart_link_describedby_3472\" class=\"screen-reader-text\">\n\t\t\t<\/span>\n<\/li>\n<li class=\"product type-product post-3314 status-publish instock product_cat-derecho product_cat-derecho-internacional has-post-thumbnail shipping-taxable purchasable product-type-simple\">\n\t<a href=\"https:\/\/bibliotecajuridicavirtual.cl\/index.php\/product\/introduccion-al-derecho-internacional-de-los-derechos-humanos-ano-2024-306-pag-autor-alberto-raul-coddou-mc-manus-y-viviana-ponce-de-leon-solis\/\" class=\"woocommerce-LoopProduct-link woocommerce-loop-product__link\"><img loading=\"lazy\" decoding=\"async\" width=\"300\" height=\"421\" src=\"https:\/\/bibliotecajuridicavirtual.cl\/wp-content\/uploads\/2026\/02\/INTRODUCCION-AL-DERECHO-INTERNACIONAL-1-300x421.png\" class=\"attachment-woocommerce_thumbnail size-woocommerce_thumbnail\" alt=\"Introducci\u00f3n al Derecho Internacional de los Derechos Humanos. A\u00f1o 2024\/ 306 P\u00e1g. Autor  Alberto Ra\u00fal Coddou Mc Manus  y Viviana Ponce de Leon Sol\u00eds\" srcset=\"https:\/\/bibliotecajuridicavirtual.cl\/wp-content\/uploads\/2026\/02\/INTRODUCCION-AL-DERECHO-INTERNACIONAL-1-300x421.png 300w, https:\/\/bibliotecajuridicavirtual.cl\/wp-content\/uploads\/2026\/02\/INTRODUCCION-AL-DERECHO-INTERNACIONAL-1-64x90.png 64w, https:\/\/bibliotecajuridicavirtual.cl\/wp-content\/uploads\/2026\/02\/INTRODUCCION-AL-DERECHO-INTERNACIONAL-1-214x300.png 214w, https:\/\/bibliotecajuridicavirtual.cl\/wp-content\/uploads\/2026\/02\/INTRODUCCION-AL-DERECHO-INTERNACIONAL-1.png 463w\" sizes=\"(max-width: 300px) 100vw, 300px\" \/><h2 class=\"woocommerce-loop-product__title\">Introducci\u00f3n al Derecho Internacional de los Derechos Humanos. A\u00f1o 2024\/ 306 P\u00e1g. Autor  Alberto Ra\u00fal Coddou Mc Manus  y Viviana Ponce de Leon Sol\u00eds<\/h2>\n\t<span class=\"price\"><span class=\"woocommerce-Price-amount amount\"><bdi><span class=\"woocommerce-Price-currencySymbol\">&#36;<\/span>35.990<\/bdi><\/span><\/span>\n<\/a><a href=\"\/index.php\/wp-json\/wp\/v2\/pages\/4863?add-to-cart=3314\" aria-describedby=\"woocommerce_loop_add_to_cart_link_describedby_3314\" data-quantity=\"1\" class=\"button product_type_simple add_to_cart_button ajax_add_to_cart\" data-product_id=\"3314\" data-product_sku=\"9788411974028\" aria-label=\"Agregar al carrito: &ldquo;Introducci\u00f3n al Derecho Internacional de los Derechos Humanos. A\u00f1o 2024\/ 306 P\u00e1g. Autor  Alberto Ra\u00fal Coddou Mc Manus  y Viviana Ponce de Leon Sol\u00eds&rdquo;\" rel=\"nofollow\" data-success_message=\"&ldquo;Introducci\u00f3n al Derecho Internacional de los Derechos Humanos. A\u00f1o 2024\/ 306 P\u00e1g. Autor  Alberto Ra\u00fal Coddou Mc Manus  y Viviana Ponce de Leon Sol\u00eds&rdquo; se ha a\u00f1adido a tu carro\" role=\"button\">Agregar al carrito<\/a>\t<span id=\"woocommerce_loop_add_to_cart_link_describedby_3314\" class=\"screen-reader-text\">\n\t\t\t<\/span>\n<\/li>\n<li class=\"product type-product post-3062 status-publish last instock product_cat-civil product_cat-derecho-internacional has-post-thumbnail shipping-taxable purchasable product-type-simple\">\n\t<a href=\"https:\/\/bibliotecajuridicavirtual.cl\/index.php\/product\/introduccion-a-la-responsabilidad-civil-ano-2023-177-pag-autor-carlos-pizarro-wilson\/\" class=\"woocommerce-LoopProduct-link woocommerce-loop-product__link\"><img loading=\"lazy\" decoding=\"async\" width=\"300\" height=\"482\" src=\"https:\/\/bibliotecajuridicavirtual.cl\/wp-content\/uploads\/2026\/02\/INTRODUCCION-A-LA-RESPONSABILIDAD-CIVIL-300x482.png\" class=\"attachment-woocommerce_thumbnail size-woocommerce_thumbnail\" alt=\"Introducci\u00f3n a la Responsabilidad Civil. A\u00f1o 2023\/177 P\u00e1g. Autor Carlos Pizarro Wilson\" srcset=\"https:\/\/bibliotecajuridicavirtual.cl\/wp-content\/uploads\/2026\/02\/INTRODUCCION-A-LA-RESPONSABILIDAD-CIVIL-300x482.png 300w, https:\/\/bibliotecajuridicavirtual.cl\/wp-content\/uploads\/2026\/02\/INTRODUCCION-A-LA-RESPONSABILIDAD-CIVIL-64x103.png 64w, https:\/\/bibliotecajuridicavirtual.cl\/wp-content\/uploads\/2026\/02\/INTRODUCCION-A-LA-RESPONSABILIDAD-CIVIL-187x300.png 187w, https:\/\/bibliotecajuridicavirtual.cl\/wp-content\/uploads\/2026\/02\/INTRODUCCION-A-LA-RESPONSABILIDAD-CIVIL.png 411w\" sizes=\"(max-width: 300px) 100vw, 300px\" \/><h2 class=\"woocommerce-loop-product__title\">Introducci\u00f3n a la Responsabilidad Civil. A\u00f1o 2023\/177 P\u00e1g. Autor Carlos Pizarro Wilson<\/h2>\n\t<span class=\"price\"><span class=\"woocommerce-Price-amount amount\"><bdi><span class=\"woocommerce-Price-currencySymbol\">&#36;<\/span>25.990<\/bdi><\/span><\/span>\n<\/a><a href=\"\/index.php\/wp-json\/wp\/v2\/pages\/4863?add-to-cart=3062\" aria-describedby=\"woocommerce_loop_add_to_cart_link_describedby_3062\" data-quantity=\"1\" class=\"button product_type_simple add_to_cart_button ajax_add_to_cart\" data-product_id=\"3062\" data-product_sku=\"9788411698719\" aria-label=\"Agregar al carrito: &ldquo;Introducci\u00f3n a la Responsabilidad Civil. A\u00f1o 2023\/177 P\u00e1g. Autor Carlos Pizarro Wilson&rdquo;\" rel=\"nofollow\" data-success_message=\"&ldquo;Introducci\u00f3n a la Responsabilidad Civil. A\u00f1o 2023\/177 P\u00e1g. Autor Carlos Pizarro Wilson&rdquo; se ha a\u00f1adido a tu carro\" role=\"button\">Agregar al carrito<\/a>\t<span id=\"woocommerce_loop_add_to_cart_link_describedby_3062\" class=\"screen-reader-text\">\n\t\t\t<\/span>\n<\/li>\n<li class=\"product type-product post-3000 status-publish first instock product_cat-derecho-internacional has-post-thumbnail shipping-taxable purchasable product-type-simple\">\n\t<a href=\"https:\/\/bibliotecajuridicavirtual.cl\/index.php\/product\/consideraciones-sobre-la-costumbre-principios-de-ius-cogens-y-jurisprudencia-internacional-ano-noviembre-2023-448-pag-autor-humberto-nogueira-alcala\/\" class=\"woocommerce-LoopProduct-link woocommerce-loop-product__link\"><img loading=\"lazy\" decoding=\"async\" width=\"300\" height=\"429\" src=\"https:\/\/bibliotecajuridicavirtual.cl\/wp-content\/uploads\/2026\/02\/CONSIDERACIONES-SOBRE-LA-COSTUMBRE-300x429.png\" class=\"attachment-woocommerce_thumbnail size-woocommerce_thumbnail\" alt=\"Consideraciones sobre la costumbre, principios de IUS COGENS y Jurisprudencia Internacional. A\u00f1o Noviembre 2023\/448 P\u00e1g. Autor Humberto Nogueira Alcal\u00e1\" srcset=\"https:\/\/bibliotecajuridicavirtual.cl\/wp-content\/uploads\/2026\/02\/CONSIDERACIONES-SOBRE-LA-COSTUMBRE-300x429.png 300w, https:\/\/bibliotecajuridicavirtual.cl\/wp-content\/uploads\/2026\/02\/CONSIDERACIONES-SOBRE-LA-COSTUMBRE-64x91.png 64w, https:\/\/bibliotecajuridicavirtual.cl\/wp-content\/uploads\/2026\/02\/CONSIDERACIONES-SOBRE-LA-COSTUMBRE-210x300.png 210w, https:\/\/bibliotecajuridicavirtual.cl\/wp-content\/uploads\/2026\/02\/CONSIDERACIONES-SOBRE-LA-COSTUMBRE.png 461w\" sizes=\"(max-width: 300px) 100vw, 300px\" \/><h2 class=\"woocommerce-loop-product__title\">Consideraciones sobre la costumbre, principios de IUS COGENS y Jurisprudencia Internacional. A\u00f1o Noviembre 2023\/448 P\u00e1g. Autor Humberto Nogueira Alcal\u00e1<\/h2>\n\t<span class=\"price\"><span class=\"woocommerce-Price-amount amount\"><bdi><span class=\"woocommerce-Price-currencySymbol\">&#36;<\/span>39.900<\/bdi><\/span><\/span>\n<\/a><a href=\"\/index.php\/wp-json\/wp\/v2\/pages\/4863?add-to-cart=3000\" aria-describedby=\"woocommerce_loop_add_to_cart_link_describedby_3000\" data-quantity=\"1\" class=\"button product_type_simple add_to_cart_button ajax_add_to_cart\" data-product_id=\"3000\" data-product_sku=\"9788411694179\" aria-label=\"Agregar al carrito: &ldquo;Consideraciones sobre la costumbre, principios de IUS COGENS y Jurisprudencia Internacional. A\u00f1o Noviembre 2023\/448 P\u00e1g. Autor Humberto Nogueira Alcal\u00e1&rdquo;\" rel=\"nofollow\" data-success_message=\"&ldquo;Consideraciones sobre la costumbre, principios de IUS COGENS y Jurisprudencia Internacional. A\u00f1o Noviembre 2023\/448 P\u00e1g. Autor Humberto Nogueira Alcal\u00e1&rdquo; se ha a\u00f1adido a tu carro\" role=\"button\">Agregar al carrito<\/a>\t<span id=\"woocommerce_loop_add_to_cart_link_describedby_3000\" class=\"screen-reader-text\">\n\t\t\t<\/span>\n<\/li>\n<li class=\"product type-product post-2987 status-publish instock product_cat-comercial product_cat-derecho-internacional product_cat-thomson-reuters has-post-thumbnail shipping-taxable purchasable product-type-simple\">\n\t<a href=\"https:\/\/bibliotecajuridicavirtual.cl\/index.php\/product\/derecho-internacional-privado-chileno-ano-2018-296-pag-autor-eduardo-picand-albonico\/\" class=\"woocommerce-LoopProduct-link woocommerce-loop-product__link\"><img loading=\"lazy\" decoding=\"async\" width=\"300\" height=\"388\" src=\"https:\/\/bibliotecajuridicavirtual.cl\/wp-content\/uploads\/2026\/02\/DERECHO-INTERNACIONAL-PRIVADO-CHILENO-300x388.png\" class=\"attachment-woocommerce_thumbnail size-woocommerce_thumbnail\" alt=\"Derecho Internacional Privado Chileno. A\u00f1o 2018\/296 P\u00e1g. Autor Eduardo Picand Alb\u00f3nico\" srcset=\"https:\/\/bibliotecajuridicavirtual.cl\/wp-content\/uploads\/2026\/02\/DERECHO-INTERNACIONAL-PRIVADO-CHILENO-300x388.png 300w, https:\/\/bibliotecajuridicavirtual.cl\/wp-content\/uploads\/2026\/02\/DERECHO-INTERNACIONAL-PRIVADO-CHILENO-64x83.png 64w, https:\/\/bibliotecajuridicavirtual.cl\/wp-content\/uploads\/2026\/02\/DERECHO-INTERNACIONAL-PRIVADO-CHILENO-232x300.png 232w, https:\/\/bibliotecajuridicavirtual.cl\/wp-content\/uploads\/2026\/02\/DERECHO-INTERNACIONAL-PRIVADO-CHILENO.png 556w\" sizes=\"(max-width: 300px) 100vw, 300px\" \/><h2 class=\"woocommerce-loop-product__title\">Derecho Internacional Privado Chileno. A\u00f1o 2018\/296 P\u00e1g. Autor Eduardo Picand Alb\u00f3nico<\/h2>\n\t<span class=\"price\"><span class=\"woocommerce-Price-amount amount\"><bdi><span class=\"woocommerce-Price-currencySymbol\">&#36;<\/span>65.500<\/bdi><\/span><\/span>\n<\/a><a href=\"\/index.php\/wp-json\/wp\/v2\/pages\/4863?add-to-cart=2987\" aria-describedby=\"woocommerce_loop_add_to_cart_link_describedby_2987\" data-quantity=\"1\" class=\"button product_type_simple add_to_cart_button ajax_add_to_cart\" data-product_id=\"2987\" data-product_sku=\"99789563469851\" aria-label=\"Agregar al carrito: &ldquo;Derecho Internacional Privado Chileno. A\u00f1o 2018\/296 P\u00e1g. Autor Eduardo Picand Alb\u00f3nico&rdquo;\" rel=\"nofollow\" data-success_message=\"&ldquo;Derecho Internacional Privado Chileno. A\u00f1o 2018\/296 P\u00e1g. Autor Eduardo Picand Alb\u00f3nico&rdquo; se ha a\u00f1adido a tu carro\" role=\"button\">Agregar al carrito<\/a>\t<span id=\"woocommerce_loop_add_to_cart_link_describedby_2987\" class=\"screen-reader-text\">\n\t\t\t<\/span>\n<\/li>\n<li class=\"product type-product post-2847 status-publish instock product_cat-derecho-internacional has-post-thumbnail shipping-taxable purchasable product-type-simple\">\n\t<a href=\"https:\/\/bibliotecajuridicavirtual.cl\/index.php\/product\/derecho-internacional-publico-ano-septiembre-2023-504-pag-autor-jaime-tijmes-andres-delgado-casteleiro-y-andrea-lucas-garin\/\" class=\"woocommerce-LoopProduct-link woocommerce-loop-product__link\"><img loading=\"lazy\" decoding=\"async\" width=\"300\" height=\"426\" src=\"https:\/\/bibliotecajuridicavirtual.cl\/wp-content\/uploads\/2026\/02\/DERECHO-INTERNACIONAL-PUBLICO-300x426.png\" class=\"attachment-woocommerce_thumbnail size-woocommerce_thumbnail\" alt=\"Derecho Internacional P\u00fablico. A\u00f1o Septiembre 2023\/ 504 P\u00e1g. Autor Jaime Tijmes, Andr\u00e9s Delgado Casteleiro y  Andrea Lucas Gar\u00edn\" srcset=\"https:\/\/bibliotecajuridicavirtual.cl\/wp-content\/uploads\/2026\/02\/DERECHO-INTERNACIONAL-PUBLICO-300x426.png 300w, https:\/\/bibliotecajuridicavirtual.cl\/wp-content\/uploads\/2026\/02\/DERECHO-INTERNACIONAL-PUBLICO-64x91.png 64w, https:\/\/bibliotecajuridicavirtual.cl\/wp-content\/uploads\/2026\/02\/DERECHO-INTERNACIONAL-PUBLICO-211x300.png 211w, https:\/\/bibliotecajuridicavirtual.cl\/wp-content\/uploads\/2026\/02\/DERECHO-INTERNACIONAL-PUBLICO.png 441w\" sizes=\"(max-width: 300px) 100vw, 300px\" \/><h2 class=\"woocommerce-loop-product__title\">Derecho Internacional P\u00fablico. A\u00f1o Septiembre 2023\/ 504 P\u00e1g. Autor Jaime Tijmes, Andr\u00e9s Delgado Casteleiro y  Andrea Lucas Gar\u00edn<\/h2>\n\t<span class=\"price\"><span class=\"woocommerce-Price-amount amount\"><bdi><span class=\"woocommerce-Price-currencySymbol\">&#36;<\/span>39.990<\/bdi><\/span><\/span>\n<\/a><a href=\"\/index.php\/wp-json\/wp\/v2\/pages\/4863?add-to-cart=2847\" aria-describedby=\"woocommerce_loop_add_to_cart_link_describedby_2847\" data-quantity=\"1\" class=\"button product_type_simple add_to_cart_button ajax_add_to_cart\" data-product_id=\"2847\" data-product_sku=\"9788411477659\" aria-label=\"Agregar al carrito: &ldquo;Derecho Internacional P\u00fablico. A\u00f1o Septiembre 2023\/ 504 P\u00e1g. Autor Jaime Tijmes, Andr\u00e9s Delgado Casteleiro y  Andrea Lucas Gar\u00edn&rdquo;\" rel=\"nofollow\" data-success_message=\"&ldquo;Derecho Internacional P\u00fablico. A\u00f1o Septiembre 2023\/ 504 P\u00e1g. Autor Jaime Tijmes, Andr\u00e9s Delgado Casteleiro y  Andrea Lucas Gar\u00edn&rdquo; se ha a\u00f1adido a tu carro\" role=\"button\">Agregar al carrito<\/a>\t<span id=\"woocommerce_loop_add_to_cart_link_describedby_2847\" class=\"screen-reader-text\">\n\t\t\t<\/span>\n<\/li>\n<li class=\"product type-product post-2531 status-publish last instock product_cat-civil product_cat-constitucional product_cat-derecho product_cat-derecho-internacional has-post-thumbnail shipping-taxable purchasable product-type-simple\">\n\t<a href=\"https:\/\/bibliotecajuridicavirtual.cl\/index.php\/product\/derecho-internacional-de-los-derechos-humanos-teoria-y-praxis-claudio-nash-rojas-edicion-ano-2025-378-pag\/\" class=\"woocommerce-LoopProduct-link woocommerce-loop-product__link\"><img loading=\"lazy\" decoding=\"async\" width=\"300\" height=\"200\" src=\"https:\/\/bibliotecajuridicavirtual.cl\/wp-content\/uploads\/2026\/02\/DERECHO-INTERNACIONAL-DE-LOS-DERECHOS-HUMANOS-TIRANT-2025-300x200.jpg\" class=\"attachment-woocommerce_thumbnail size-woocommerce_thumbnail\" alt=\"Derecho Internacional de los Derechos Humanos - Teor\u00eda y Praxis * Claudio Nash Rojas * edici\u00f3n a\u00f1o 2025 - 378 P\u00e1g.\" srcset=\"https:\/\/bibliotecajuridicavirtual.cl\/wp-content\/uploads\/2026\/02\/DERECHO-INTERNACIONAL-DE-LOS-DERECHOS-HUMANOS-TIRANT-2025-300x200.jpg 300w, https:\/\/bibliotecajuridicavirtual.cl\/wp-content\/uploads\/2026\/02\/DERECHO-INTERNACIONAL-DE-LOS-DERECHOS-HUMANOS-TIRANT-2025-600x400.jpg 600w, https:\/\/bibliotecajuridicavirtual.cl\/wp-content\/uploads\/2026\/02\/DERECHO-INTERNACIONAL-DE-LOS-DERECHOS-HUMANOS-TIRANT-2025-64x43.jpg 64w, https:\/\/bibliotecajuridicavirtual.cl\/wp-content\/uploads\/2026\/02\/DERECHO-INTERNACIONAL-DE-LOS-DERECHOS-HUMANOS-TIRANT-2025.jpg 696w\" sizes=\"(max-width: 300px) 100vw, 300px\" \/><h2 class=\"woocommerce-loop-product__title\">Derecho Internacional de los Derechos Humanos &#8211; Teor\u00eda y Praxis * Claudio Nash Rojas * edici\u00f3n a\u00f1o 2025 &#8211; 378 P\u00e1g.<\/h2>\n\t<span class=\"price\"><span class=\"woocommerce-Price-amount amount\"><bdi><span class=\"woocommerce-Price-currencySymbol\">&#36;<\/span>32.000<\/bdi><\/span><\/span>\n<\/a><a href=\"\/index.php\/wp-json\/wp\/v2\/pages\/4863?add-to-cart=2531\" aria-describedby=\"woocommerce_loop_add_to_cart_link_describedby_2531\" data-quantity=\"1\" class=\"button product_type_simple add_to_cart_button ajax_add_to_cart\" data-product_id=\"2531\" data-product_sku=\"9791370106843\" aria-label=\"Agregar al carrito: &ldquo;Derecho Internacional de los Derechos Humanos - Teor\u00eda y Praxis * Claudio Nash Rojas * edici\u00f3n a\u00f1o 2025 - 378 P\u00e1g.&rdquo;\" rel=\"nofollow\" data-success_message=\"&ldquo;Derecho Internacional de los Derechos Humanos - Teor\u00eda y Praxis * Claudio Nash Rojas * edici\u00f3n a\u00f1o 2025 - 378 P\u00e1g.&rdquo; se ha a\u00f1adido a tu carro\" role=\"button\">Agregar al carrito<\/a>\t<span id=\"woocommerce_loop_add_to_cart_link_describedby_2531\" class=\"screen-reader-text\">\n\t\t\t<\/span>\n<\/li>\n<li class=\"product type-product post-2487 status-publish first instock product_cat-derecho product_cat-derecho-internacional has-post-thumbnail shipping-taxable purchasable product-type-simple\">\n\t<a href=\"https:\/\/bibliotecajuridicavirtual.cl\/index.php\/product\/derecho-internacional-publico-alvaro-paul-diaz-octubre-ano-2025-388-paginas\/\" class=\"woocommerce-LoopProduct-link woocommerce-loop-product__link\"><img loading=\"lazy\" decoding=\"async\" width=\"300\" height=\"200\" src=\"https:\/\/bibliotecajuridicavirtual.cl\/wp-content\/uploads\/2026\/02\/DERECHO-INTERNACIONAL-PUBLICO-2025-PUC-300x200.jpg\" class=\"attachment-woocommerce_thumbnail size-woocommerce_thumbnail\" alt=\"Derecho Internacional P\u00fablico *  \u00c1lvaro Pa\u00fal D\u00edaz - Octubre a\u00f1o 2025 * 388 P\u00e1ginas\" srcset=\"https:\/\/bibliotecajuridicavirtual.cl\/wp-content\/uploads\/2026\/02\/DERECHO-INTERNACIONAL-PUBLICO-2025-PUC-300x200.jpg 300w, https:\/\/bibliotecajuridicavirtual.cl\/wp-content\/uploads\/2026\/02\/DERECHO-INTERNACIONAL-PUBLICO-2025-PUC-600x400.jpg 600w, https:\/\/bibliotecajuridicavirtual.cl\/wp-content\/uploads\/2026\/02\/DERECHO-INTERNACIONAL-PUBLICO-2025-PUC-64x43.jpg 64w, https:\/\/bibliotecajuridicavirtual.cl\/wp-content\/uploads\/2026\/02\/DERECHO-INTERNACIONAL-PUBLICO-2025-PUC.jpg 696w\" sizes=\"(max-width: 300px) 100vw, 300px\" \/><h2 class=\"woocommerce-loop-product__title\">Derecho Internacional P\u00fablico *  \u00c1lvaro Pa\u00fal D\u00edaz &#8211; Octubre a\u00f1o 2025 * 388 P\u00e1ginas<\/h2>\n\t<span class=\"price\"><span class=\"woocommerce-Price-amount amount\"><bdi><span class=\"woocommerce-Price-currencySymbol\">&#36;<\/span>30.000<\/bdi><\/span><\/span>\n<\/a><a href=\"\/index.php\/wp-json\/wp\/v2\/pages\/4863?add-to-cart=2487\" aria-describedby=\"woocommerce_loop_add_to_cart_link_describedby_2487\" data-quantity=\"1\" class=\"button product_type_simple add_to_cart_button ajax_add_to_cart\" data-product_id=\"2487\" data-product_sku=\"9789561434844\" aria-label=\"Agregar al carrito: &ldquo;Derecho Internacional P\u00fablico *  \u00c1lvaro Pa\u00fal D\u00edaz - Octubre a\u00f1o 2025 * 388 P\u00e1ginas&rdquo;\" rel=\"nofollow\" data-success_message=\"&ldquo;Derecho Internacional P\u00fablico *  \u00c1lvaro Pa\u00fal D\u00edaz - Octubre a\u00f1o 2025 * 388 P\u00e1ginas&rdquo; se ha a\u00f1adido a tu carro\" role=\"button\">Agregar al carrito<\/a>\t<span id=\"woocommerce_loop_add_to_cart_link_describedby_2487\" class=\"screen-reader-text\">\n\t\t\t<\/span>\n<\/li>\n<li class=\"product type-product post-2058 status-publish instock product_cat-derecho product_cat-derecho-internacional product_cat-penal has-post-thumbnail shipping-taxable purchasable product-type-simple\">\n\t<a href=\"https:\/\/bibliotecajuridicavirtual.cl\/index.php\/product\/beccaria-250-anos-dei-delitti-e-delle-pene-de-la-obra-maestra-a-los-becarios\/\" class=\"woocommerce-LoopProduct-link woocommerce-loop-product__link\"><img loading=\"lazy\" decoding=\"async\" width=\"300\" height=\"486\" src=\"https:\/\/bibliotecajuridicavirtual.cl\/wp-content\/uploads\/2026\/02\/BECCARIA-250-ANOS-300x486.webp\" class=\"attachment-woocommerce_thumbnail size-woocommerce_thumbnail\" alt=\"Beccaria, 250 a\u00f1os. Dei Delitti e Delle Pene. De la Obra Maestra a los Becarios.\" srcset=\"https:\/\/bibliotecajuridicavirtual.cl\/wp-content\/uploads\/2026\/02\/BECCARIA-250-ANOS-300x486.webp 300w, https:\/\/bibliotecajuridicavirtual.cl\/wp-content\/uploads\/2026\/02\/BECCARIA-250-ANOS-64x104.webp 64w, https:\/\/bibliotecajuridicavirtual.cl\/wp-content\/uploads\/2026\/02\/BECCARIA-250-ANOS-185x300.webp 185w, https:\/\/bibliotecajuridicavirtual.cl\/wp-content\/uploads\/2026\/02\/BECCARIA-250-ANOS.webp 480w\" sizes=\"(max-width: 300px) 100vw, 300px\" \/><h2 class=\"woocommerce-loop-product__title\">Beccaria, 250 a\u00f1os. Dei Delitti e Delle Pene. De la Obra Maestra a los Becarios.<\/h2>\n\t<span class=\"price\"><span class=\"woocommerce-Price-amount amount\"><bdi><span class=\"woocommerce-Price-currencySymbol\">&#36;<\/span>119.000<\/bdi><\/span><\/span>\n<\/a><a href=\"\/index.php\/wp-json\/wp\/v2\/pages\/4863?add-to-cart=2058\" aria-describedby=\"woocommerce_loop_add_to_cart_link_describedby_2058\" data-quantity=\"1\" class=\"button product_type_simple add_to_cart_button ajax_add_to_cart\" data-product_id=\"2058\" data-product_sku=\"9789974676688\" aria-label=\"Agregar al carrito: &ldquo;Beccaria, 250 a\u00f1os. Dei Delitti e Delle Pene. De la Obra Maestra a los Becarios.&rdquo;\" rel=\"nofollow\" data-success_message=\"&ldquo;Beccaria, 250 a\u00f1os. Dei Delitti e Delle Pene. De la Obra Maestra a los Becarios.&rdquo; se ha a\u00f1adido a tu carro\" role=\"button\">Agregar al carrito<\/a>\t<span id=\"woocommerce_loop_add_to_cart_link_describedby_2058\" class=\"screen-reader-text\">\n\t\t\t<\/span>\n<\/li>\n<li class=\"product type-product post-2036 status-publish instock product_cat-administrativo product_cat-constitucional product_cat-derecho product_cat-derecho-internacional has-post-thumbnail shipping-taxable purchasable product-type-simple\">\n\t<a href=\"https:\/\/bibliotecajuridicavirtual.cl\/index.php\/product\/derechos-humanos-y-derecho-administrativo-jaime-rodriguez-arana-munoz-maria-del-carmen-rodriguez-martin-retortillo-gladys-camacho-cepeda\/\" class=\"woocommerce-LoopProduct-link woocommerce-loop-product__link\"><img loading=\"lazy\" decoding=\"async\" width=\"180\" height=\"254\" src=\"https:\/\/bibliotecajuridicavirtual.cl\/wp-content\/uploads\/2026\/02\/DERECHOS-HUMANOS-TIRANT.webp\" class=\"attachment-woocommerce_thumbnail size-woocommerce_thumbnail\" alt=\"Derechos Humanos y Derecho Administrativo - Jaime Rodr\u00edguez-Arana Mu\u00f1oz - Mar\u00eda del Carmen Rodr\u00edguez  Mart\u00edn-Retortillo - Gladys Camacho C\u00e9peda ...\" srcset=\"https:\/\/bibliotecajuridicavirtual.cl\/wp-content\/uploads\/2026\/02\/DERECHOS-HUMANOS-TIRANT.webp 180w, https:\/\/bibliotecajuridicavirtual.cl\/wp-content\/uploads\/2026\/02\/DERECHOS-HUMANOS-TIRANT-64x90.webp 64w\" sizes=\"(max-width: 180px) 100vw, 180px\" \/><h2 class=\"woocommerce-loop-product__title\">Derechos Humanos y Derecho Administrativo &#8211; Jaime Rodr\u00edguez-Arana Mu\u00f1oz &#8211; Mar\u00eda del Carmen Rodr\u00edguez  Mart\u00edn-Retortillo &#8211; Gladys Camacho C\u00e9peda &#8230;<\/h2>\n\t<span class=\"price\"><span class=\"woocommerce-Price-amount amount\"><bdi><span class=\"woocommerce-Price-currencySymbol\">&#36;<\/span>109.000<\/bdi><\/span><\/span>\n<\/a><a href=\"\/index.php\/wp-json\/wp\/v2\/pages\/4863?add-to-cart=2036\" aria-describedby=\"woocommerce_loop_add_to_cart_link_describedby_2036\" data-quantity=\"1\" class=\"button product_type_simple add_to_cart_button ajax_add_to_cart\" data-product_id=\"2036\" data-product_sku=\"\" aria-label=\"Agregar al carrito: &ldquo;Derechos Humanos y Derecho Administrativo - Jaime Rodr\u00edguez-Arana Mu\u00f1oz - Mar\u00eda del Carmen Rodr\u00edguez  Mart\u00edn-Retortillo - Gladys Camacho C\u00e9peda ...&rdquo;\" rel=\"nofollow\" data-success_message=\"&ldquo;Derechos Humanos y Derecho Administrativo - Jaime Rodr\u00edguez-Arana Mu\u00f1oz - Mar\u00eda del Carmen Rodr\u00edguez  Mart\u00edn-Retortillo - Gladys Camacho C\u00e9peda ...&rdquo; se ha a\u00f1adido a tu carro\" role=\"button\">Agregar al carrito<\/a>\t<span id=\"woocommerce_loop_add_to_cart_link_describedby_2036\" class=\"screen-reader-text\">\n\t\t\t<\/span>\n<\/li>\n<li class=\"product type-product post-1677 status-publish last instock product_cat-civil product_cat-derecho-internacional has-post-thumbnail shipping-taxable purchasable product-type-simple\">\n\t<a href=\"https:\/\/bibliotecajuridicavirtual.cl\/index.php\/product\/regulacion-internacional-del-conocimiento-tradicional-como-combatir-la-biopirateria-ano-2024-162-pag-autor-sergio-cortes-beltran\/\" class=\"woocommerce-LoopProduct-link woocommerce-loop-product__link\"><img loading=\"lazy\" decoding=\"async\" width=\"300\" height=\"456\" src=\"https:\/\/bibliotecajuridicavirtual.cl\/wp-content\/uploads\/2026\/02\/REGULACION-INTERNACIONAL-DEL-CONOCIMIENTO-TRADICIONAL-300x456.png\" class=\"attachment-woocommerce_thumbnail size-woocommerce_thumbnail\" alt=\"Regulaci\u00f3n Internacional del Conocimiento Tradicional - Como combatir la biopirater\u00eda. A\u00f1o 2024\/ 162 P\u00e1g. Autor Sergio Cort\u00e9s Beltr\u00e1n\" srcset=\"https:\/\/bibliotecajuridicavirtual.cl\/wp-content\/uploads\/2026\/02\/REGULACION-INTERNACIONAL-DEL-CONOCIMIENTO-TRADICIONAL-300x456.png 300w, https:\/\/bibliotecajuridicavirtual.cl\/wp-content\/uploads\/2026\/02\/REGULACION-INTERNACIONAL-DEL-CONOCIMIENTO-TRADICIONAL-600x911.png 600w, https:\/\/bibliotecajuridicavirtual.cl\/wp-content\/uploads\/2026\/02\/REGULACION-INTERNACIONAL-DEL-CONOCIMIENTO-TRADICIONAL-64x97.png 64w, https:\/\/bibliotecajuridicavirtual.cl\/wp-content\/uploads\/2026\/02\/REGULACION-INTERNACIONAL-DEL-CONOCIMIENTO-TRADICIONAL-197x300.png 197w, https:\/\/bibliotecajuridicavirtual.cl\/wp-content\/uploads\/2026\/02\/REGULACION-INTERNACIONAL-DEL-CONOCIMIENTO-TRADICIONAL-674x1024.png 674w, https:\/\/bibliotecajuridicavirtual.cl\/wp-content\/uploads\/2026\/02\/REGULACION-INTERNACIONAL-DEL-CONOCIMIENTO-TRADICIONAL-768x1167.png 768w, https:\/\/bibliotecajuridicavirtual.cl\/wp-content\/uploads\/2026\/02\/REGULACION-INTERNACIONAL-DEL-CONOCIMIENTO-TRADICIONAL-1011x1536.png 1011w, https:\/\/bibliotecajuridicavirtual.cl\/wp-content\/uploads\/2026\/02\/REGULACION-INTERNACIONAL-DEL-CONOCIMIENTO-TRADICIONAL-1348x2048.png 1348w, https:\/\/bibliotecajuridicavirtual.cl\/wp-content\/uploads\/2026\/02\/REGULACION-INTERNACIONAL-DEL-CONOCIMIENTO-TRADICIONAL.png 1649w\" sizes=\"(max-width: 300px) 100vw, 300px\" \/><h2 class=\"woocommerce-loop-product__title\">Regulaci\u00f3n Internacional del Conocimiento Tradicional &#8211; Como combatir la biopirater\u00eda. A\u00f1o 2024\/ 162 P\u00e1g. Autor Sergio Cort\u00e9s Beltr\u00e1n<\/h2>\n\t<span class=\"price\"><span class=\"woocommerce-Price-amount amount\"><bdi><span class=\"woocommerce-Price-currencySymbol\">&#36;<\/span>26.990<\/bdi><\/span><\/span>\n<\/a><a href=\"\/index.php\/wp-json\/wp\/v2\/pages\/4863?add-to-cart=1677\" aria-describedby=\"woocommerce_loop_add_to_cart_link_describedby_1677\" data-quantity=\"1\" class=\"button product_type_simple add_to_cart_button ajax_add_to_cart\" data-product_id=\"1677\" data-product_sku=\"97895699474531\" aria-label=\"Agregar al carrito: &ldquo;Regulaci\u00f3n Internacional del Conocimiento Tradicional - Como combatir la biopirater\u00eda. A\u00f1o 2024\/ 162 P\u00e1g. Autor Sergio Cort\u00e9s Beltr\u00e1n&rdquo;\" rel=\"nofollow\" data-success_message=\"&ldquo;Regulaci\u00f3n Internacional del Conocimiento Tradicional - Como combatir la biopirater\u00eda. A\u00f1o 2024\/ 162 P\u00e1g. Autor Sergio Cort\u00e9s Beltr\u00e1n&rdquo; se ha a\u00f1adido a tu carro\" role=\"button\">Agregar al carrito<\/a>\t<span id=\"woocommerce_loop_add_to_cart_link_describedby_1677\" class=\"screen-reader-text\">\n\t\t\t<\/span>\n<\/li>\n<\/ul>\n<\/div>\t\t\t\t<\/div>\n\t\t\t\t<\/div>\n\t\t\t\t\t<\/div>\n\t\t\t\t<\/div>\n\t\t\t\t<\/div>\n\t\t","protected":false},"excerpt":{"rendered":"<p>Derecho \/ Internacional<\/p>\n","protected":false},"author":2,"featured_media":0,"parent":0,"menu_order":0,"comment_status":"closed","ping_status":"closed","template":"elementor_header_footer","meta":{"inline_featured_image":false,"_joinchat":[],"footnotes":""},"class_list":["post-4863","page","type-page","status-publish","hentry"],"_links":{"self":[{"href":"https:\/\/bibliotecajuridicavirtual.cl\/index.php\/wp-json\/wp\/v2\/pages\/4863","targetHints":{"allow":["GET"]}}],"collection":[{"href":"https:\/\/bibliotecajuridicavirtual.cl\/index.php\/wp-json\/wp\/v2\/pages"}],"about":[{"href":"https:\/\/bibliotecajuridicavirtual.cl\/index.php\/wp-json\/wp\/v2\/types\/page"}],"author":[{"embeddable":true,"href":"https:\/\/bibliotecajuridicavirtual.cl\/index.php\/wp-json\/wp\/v2\/users\/2"}],"replies":[{"embeddable":true,"href":"https:\/\/bibliotecajuridicavirtual.cl\/index.php\/wp-json\/wp\/v2\/comments?post=4863"}],"version-history":[{"count":4,"href":"https:\/\/bibliotecajuridicavirtual.cl\/index.php\/wp-json\/wp\/v2\/pages\/4863\/revisions"}],"predecessor-version":[{"id":4868,"href":"https:\/\/bibliotecajuridicavirtual.cl\/index.php\/wp-json\/wp\/v2\/pages\/4863\/revisions\/4868"}],"wp:attachment":[{"href":"https:\/\/bibliotecajuridicavirtual.cl\/index.php\/wp-json\/wp\/v2\/media?parent=4863"}],"curies":[{"name":"wp","href":"https:\/\/api.w.org\/{rel}","templated":true}]}}