{"id":1874,"date":"2026-02-28T00:56:21","date_gmt":"2026-02-28T03:56:21","guid":{"rendered":"https:\/\/bibliotecajuridicavirtual.cl\/?post_type=product&#038;p=1874"},"modified":"2026-02-28T00:56:28","modified_gmt":"2026-02-28T03:56:28","slug":"tratado-de-derecho-penal-parte-general-2-volumenes-hans-heinrich-jescheck-thomas-weigend","status":"publish","type":"product","link":"https:\/\/bibliotecajuridicavirtual.cl\/index.php\/product\/tratado-de-derecho-penal-parte-general-2-volumenes-hans-heinrich-jescheck-thomas-weigend\/","title":{"rendered":"Tratado de Derecho Penal, Parte General 2 Vol\u00famenes &#8211; Hans-Heinrich Jescheck, Thomas Weigend"},"content":{"rendered":"<p>Merece destacarse la actualizaci\u00f3n bibliogr\u00e1fica y jurisprudencial que se lleva a cabo a lo largo de toda la obra. Adem\u00e1s, se tienen en cuenta muchos aspectos de particular inter\u00e9s para el Derecho penal m\u00e1s contempor\u00e1neo. En este sentido, y a t\u00edtulo meramente ejemplificativo, destaca, en primer lugar, el an\u00e1lisis de cuestiones tan relevantes como el incipiente \u00abDerecho penal europeo\u00bb o la introducci\u00f3n de criterios \u00abvictimo dogm\u00e1ticos\u00bb en la interpretaci\u00f3n del tipo. En segundo lugar, se tienen en cuenta algunas repercusiones para la Parte General derivadas de la sentencia del Tribunal Constitucional alem\u00e1n sobre el aborto, que declar\u00f3 inconstitucional la soluci\u00f3n del plazo introducida por la Ley de ayuda a las embarazadas y a la familia. No obstante, en este punto, a lo largo del texto tambi\u00e9n se ha advertido de la nueva regulaci\u00f3n introducida por la Ley de reforma de la ayuda a las embarazadas y a la familia. En tercer lugar, tambi\u00e9n son dignas de menci\u00f3n las diversas referencias a la Ley para la Lucha contra el Tr\u00e1fico de Drogas y otras manifestaciones de la Criminalidad Organizada que introduce figuras tales como la del agente encubierto, la instalaci\u00f3n de escuchas telef\u00f3nicas y c\u00e1maras secretas, la grabaci\u00f3n de diligencias de investigaci\u00f3n o el mantenimiento del secreto de la identidad de testigos en peligro.<\/p>\n<p>VOLUMEN I<\/p>\n<p>Pr\u00f3logo a la 5.\u00aa edici\u00f3n alemana<br \/>\nNota preliminar del traductor<br \/>\n\u00cdndice de abreviaturas<br \/>\nAbreviaturas<\/p>\n<p>Introducci\u00f3n: Fundamentos generales<\/p>\n<p>Primera parte<br \/>\nLA LEY PENAL<br \/>\nCap\u00edtulo 1: Los elementos de la Ley penal<br \/>\nCap\u00edtulo 2: Las fuentes del Derecho penal<br \/>\nCap\u00edtulo 3: Ley penal y estado de derecho<br \/>\nCap\u00edtulo 4: El \u00e1mbito de vigencia del derecho penal alem\u00e1n<\/p>\n<p>Segunda Parte<br \/>\nEL DELITO<br \/>\nCap\u00edtulo 1: Fundamentos generales<br \/>\nCap\u00edtulo 2: El delito de comisi\u00f3n dolosa<br \/>\nSecci\u00f3n 1.\u00aa: La antijuricidad<br \/>\nSubsecci\u00f3n a): La antijuricidad y su relaci\u00f3n con el tipo<br \/>\nSubsecci\u00f3n b): Los elementos del tipop de injusto<br \/>\nSubsecci\u00f3n c): La exclusi\u00f3n de la antijuricidad<br \/>\nSecci\u00f3n 2.\u00aa: La culpabilidad<br \/>\nSubsecci\u00f3n a): Los fundamentos de la teor\u00eda de la culpabilidad<br \/>\nSubsecci\u00f3n b): Los elementos de la culpabilidad<\/p>\n<p>VOLUMEN II<\/p>\n<p>Cap\u00edtulo 2: El delito de comisi\u00f3n dolosa (Continuaci\u00f3n)<br \/>\nSubsecci\u00f3n c): Las causas de exculpaci\u00f3n<br \/>\nSecci\u00f3n 3.\u00aa: Los grados del delito doloso<br \/>\nSecci\u00f3n 4.\u00aa: Presupuestos de la punibilidad fuera del injusto y de la culpabilidad<br \/>\nCap\u00edtulo 3: Las formas especiales de manfestaci\u00f3n de la acci\u00f3n punible<br \/>\nSecci\u00f3n 1.\u00aa: El delito de comisi\u00f3n imprudente<br \/>\nSecci\u00f3n 2.\u00aa: El delito de omisi\u00f3n<br \/>\nCap\u00edtulo 4: Autor\u00eda y participaci\u00f3n<br \/>\nCap\u00edtulo 5: Unidad y pluralidad de hechos punibles<\/p>\n<p>Tercera parte<br \/>\nLAS CONSECUENCIAS JUR\u00cdDICAS DEL DELITO<br \/>\nCap\u00edtulo 1: Penas y consecuencias accesorias<br \/>\nCap\u00edtulo 2: Medidas de correcci\u00f3n y aseguramiento<br \/>\nCap\u00edtulo 3: Suspensi\u00f3n condicional de la pena, amonestaci\u00f3n con reserva de pena y dispensa de la pena<br \/>\nCap\u00edtulo 4: La individualizaci\u00f3n de la pena<br \/>\nCap\u00edtulo 5: Los requisitos procesales en el StGB<br \/>\nCap\u00edtulo 6: La rehabilitaci\u00f3n del condenado<\/p>\n","protected":false},"excerpt":{"rendered":"<p>1\u00b0 Edici\u00f3n a\u00f1o 2014\u00a0 \/ 1.440 P\u00e1ginas Tapa Dura<\/p>\n<p>Vis\u00edtanos en www.bibliotecajuridicavirtual.cl<br \/>\nEscr\u00edbenos al +56930565235<br \/>\nHacemos env\u00edos a todo Chile &#8211; Starken o Correos Chile \/ Te esperamos.<\/p>\n","protected":false},"featured_media":1904,"comment_status":"open","ping_status":"closed","template":"","meta":{"inline_featured_image":false,"_joinchat":[]},"product_brand":[],"product_cat":[30],"product_tag":[],"class_list":{"0":"post-1874","1":"product","2":"type-product","3":"status-publish","4":"has-post-thumbnail","6":"product_cat-penal","8":"first","9":"instock","10":"shipping-taxable","11":"purchasable","12":"product-type-simple"},"_links":{"self":[{"href":"https:\/\/bibliotecajuridicavirtual.cl\/index.php\/wp-json\/wp\/v2\/product\/1874","targetHints":{"allow":["GET"]}}],"collection":[{"href":"https:\/\/bibliotecajuridicavirtual.cl\/index.php\/wp-json\/wp\/v2\/product"}],"about":[{"href":"https:\/\/bibliotecajuridicavirtual.cl\/index.php\/wp-json\/wp\/v2\/types\/product"}],"replies":[{"embeddable":true,"href":"https:\/\/bibliotecajuridicavirtual.cl\/index.php\/wp-json\/wp\/v2\/comments?post=1874"}],"wp:featuredmedia":[{"embeddable":true,"href":"https:\/\/bibliotecajuridicavirtual.cl\/index.php\/wp-json\/wp\/v2\/media\/1904"}],"wp:attachment":[{"href":"https:\/\/bibliotecajuridicavirtual.cl\/index.php\/wp-json\/wp\/v2\/media?parent=1874"}],"wp:term":[{"taxonomy":"product_brand","embeddable":true,"href":"https:\/\/bibliotecajuridicavirtual.cl\/index.php\/wp-json\/wp\/v2\/product_brand?post=1874"},{"taxonomy":"product_cat","embeddable":true,"href":"https:\/\/bibliotecajuridicavirtual.cl\/index.php\/wp-json\/wp\/v2\/product_cat?post=1874"},{"taxonomy":"product_tag","embeddable":true,"href":"https:\/\/bibliotecajuridicavirtual.cl\/index.php\/wp-json\/wp\/v2\/product_tag?post=1874"}],"curies":[{"name":"wp","href":"https:\/\/api.w.org\/{rel}","templated":true}]}}