{"id":1983,"date":"2026-02-28T00:57:06","date_gmt":"2026-02-28T03:57:06","guid":{"rendered":"https:\/\/bibliotecajuridicavirtual.cl\/?post_type=product&#038;p=1983"},"modified":"2026-02-28T00:57:26","modified_gmt":"2026-02-28T03:57:26","slug":"estudios-de-filosofia-del-derecho-penal-vol-i-la-legitimacion-de-la-pena-juan-pablo-manalich-r","status":"publish","type":"product","link":"https:\/\/bibliotecajuridicavirtual.cl\/index.php\/product\/estudios-de-filosofia-del-derecho-penal-vol-i-la-legitimacion-de-la-pena-juan-pablo-manalich-r\/","title":{"rendered":"Estudios de Filosof\u00eda del Derecho Penal &#8211; Vol. I &#8211; La Legitimaci\u00f3n de la Pena \/ Juan Pablo Ma\u00f1alich R."},"content":{"rendered":"<p style=\"font-weight: 400;\">Juan Pablo Ma\u00f1alich, profesor titular de la Facultad de Derecho de la Universidad de Chile, es uno de los penalistas m\u00e1s importantes de la actualidad. Al menos desde la elaboraci\u00f3n de su tesis doctoral, realizada bajo la supervisi\u00f3n de Urs Kindh\u00e4user en Bonn, ha publicado algunos de los textos m\u00e1s importantes de este siglo para la dogm\u00e1tica penal de habla hispana. Su obra se caracteriza, en particular, por una combinaci\u00f3n poco habitual de filosof\u00eda anal\u00edtica de tradici\u00f3n anglosajona, filosof\u00eda continental (con especial hincapi\u00e9 en la obra de los principales referentes del idealismo alem\u00e1n) y dogm\u00e1tica penal alemana.<\/p>\n<p style=\"font-weight: 400;\">Con el fin de difundir su obra, que se encuentra dispersa en libros colectivos y revistas jur\u00eddicas, los editores de esta colecci\u00f3n han decidido compilar algunas de sus principales contribuciones a la filosof\u00eda del derecho penal en dos vol\u00famenes.<\/p>\n<p style=\"font-weight: 400;\">En este primer volumen, las cuestiones de justificaci\u00f3n del castigo desempe\u00f1an un papel protag\u00f3nico a partir de an\u00e1lisis de las obras de algunos de los autores m\u00e1s importantes de la historia del pensamiento occidental, como Kant, Hegel Rawls.<\/p>\n<p style=\"font-weight: 400;\"><b><strong>CAP\u00cdTULO 1<\/strong><\/b><br \/>\n<b><strong>EL PRINCIPIALISMO POL\u00cdTICO-CRIMINAL COMO FETICHE<\/strong><\/b><\/p>\n<p>1. \u00bfHacia una \u201cdogm\u00e1tica\u201d de la pol\u00edtica criminal?<br \/>\n2. La pol\u00edtica criminal como pol\u00edtica (valga la redundancia)<br \/>\n3. Una muestra: el \u201cprincipio de subsidiariedad\u201d<br \/>\n4. Politizaci\u00f3n v\u00eda democratizaci\u00f3n<\/p>\n<p style=\"font-weight: 400;\"><b><strong>CAP\u00cdTULO 2<\/strong><\/b><br \/>\n<b><strong>RESPETO Y RETRIBUCI\u00d3N. LA PENA JUR\u00cdDICA EN LA METAF\u00cdSICA DE LAS COSTUMBRES<\/strong><\/b><\/p>\n<ol>\n<li style=\"font-weight: 400;\">La perplejidad exeg\u00e9tica<br \/>\n2. La ley penal como imperativo categ\u00f3rico<br \/>\n3. El ius talionis como est\u00e1ndar de determinaci\u00f3n de la pena<br \/>\n4. El principio del respeto contra el principio del consentimiento<br \/>\n5. La neutralizaci\u00f3n retributiva de la disuasi\u00f3n<br \/>\n6. Astucia punitiva versus justicia punitiva<\/p>\n<p><b><strong>CAP\u00cdTULO 3<\/strong><\/b><br \/>\n<b><strong>UNA CONCEPCI\u00d3N HEGELIANA DE LA AMNIST\u00cdA<\/strong><\/b><\/li>\n<li style=\"font-weight: 400;\">La amnist\u00eda como instituci\u00f3n problem\u00e1tica<br \/>\n2. La potestad de amnistiar como prerrogativa de gracia<br \/>\n3. La amnist\u00eda como instituci\u00f3n del reconocimiento rec\u00edproco<br \/>\n4. La amnist\u00eda como manifestaci\u00f3n de la finitud de lo jur\u00eddico<\/p>\n<p><b><strong>CAP\u00cdTULO 4<\/strong><\/b><br \/>\n<b><strong>MERECIMIENTO, DISTRIBUCI\u00d3N Y TEODICEA. EL DERECHO PENAL EN LA TEOR\u00cdA RAWLSIANA DE LA JUSTICIA<\/strong><\/b><\/li>\n<li style=\"font-weight: 400;\">El derecho penal y la teor\u00eda de la justicia: sinopsis<br \/>\n2. Retribucionismo liberal<br \/>\n3. Liberalismo y prevenci\u00f3n<br \/>\n4. La culpabilidad en la teodicea liberal<\/li>\n<\/ol>\n<p style=\"font-weight: 400;\"><b><strong>CAP\u00cdTULO 5<\/strong><\/b><br \/>\n<b><strong>RESPONSABILIDAD, AUTORIDAD Y DEMOCRACIA. UNA EXPLORACI\u00d3N CR\u00cdTICA DE LA FILOSOF\u00cdA DEL DERECHO PENAL DE ANTONY DUFF<\/strong><\/b><\/p>\n<p>1. Introducci\u00f3n<br \/>\n2. La responsabilidad como presupuesto de la punibilidad<br \/>\n3. Legitimidad y autoridad<br \/>\n4. Democracia y autoridad pr\u00e1ctica<\/p>\n<p style=\"font-weight: 400;\"><b><strong>CAP\u00cdTULO 6<\/strong><\/b><br \/>\n<b><strong>LIBERALISMO, PUNIBILIDAD Y CONSENTIMIENTO. LA FILOSOF\u00cdA JUR\u00cdDICO-PENAL DE CARLOS SANTIAGO NINO<\/strong><\/b><\/p>\n<ol>\n<li style=\"font-weight: 400;\">Nino como fil\u00f3sofo del derecho penal<br \/>\n2. La estrategia de fundamentaci\u00f3n \u201c\u00e9tico-discursiva\u201d de las condiciones de legitimaci\u00f3n de la punici\u00f3n estatal<br \/>\n3. \u00bfLa antijuridicidad como \u201cenantiotelidad\u201d?<br \/>\n4. Antirretribucionismo, autoridad del derecho y democracia<\/li>\n<\/ol>\n<p style=\"font-weight: 400;\"><b><strong>CAP\u00cdTULO 7<\/strong><\/b><br \/>\n<b><strong>CULPABILIDAD Y JUSTICIA PROCEDIMENTAL<\/strong><\/b><\/p>\n<ol>\n<li style=\"font-weight: 400;\">La culpabilidad jur\u00eddico-penal como d\u00e9ficit reprochable de fidelidad al derecho<br \/>\n2. La fundamentaci\u00f3n de la culpabilidad como operaci\u00f3n de imputaci\u00f3n<br \/>\n3. El proceso penal como contexto de justicia procedimental imperfecta<br \/>\n4. Est\u00e1ndares de justicia sustantiva versus est\u00e1ndares de justicia procedimental<br \/>\n5. La valoraci\u00f3n asim\u00e9trica del riesgo de injusticia del resultado del proceso<\/p>\n<p><b><strong>CAP\u00cdTULO 8<\/strong><\/b><br \/>\n<b><strong>LA RACIONALIDAD DE LA PREVENCI\u00d3N Y LA RETRIBUCI\u00d3N. UNA RECENSI\u00d3N DE COMPORTAMIENTO HUMANO Y PENA ESTATAL: DISUASI\u00d3N, COOPERACI\u00d3N Y EQUIDAD, DE DANIEL RODR\u00cdGUEZ HORCAJO<\/strong><\/b><\/li>\n<li style=\"font-weight: 400;\">\u00bfEl consecuencialismo punitivo como prevencionismo?<br \/>\n2. El juego de la punici\u00f3n<\/li>\n<\/ol>\n<p style=\"font-weight: 400;\"><b><strong>CAP\u00cdTULO 9<\/strong><\/b><br \/>\n<b><strong>FILOSOF\u00cdA DE LA ACCI\u00d3N Y TEOR\u00cdA DE LA PENA. UNA RECENSI\u00d3N DE NORMBEST\u00c4TIGUNG UND IDENTIT\u00c4TSBALANCE, DE MICHAEL PAWLIK<\/strong><\/b><\/p>\n<p>1. \u00bfUn retorno hacia la teor\u00eda de la acci\u00f3n?<br \/>\n2. El hecho punible como toma de posici\u00f3n contra el derecho<br \/>\n3. \u00bfAlienaci\u00f3n en la teorizaci\u00f3n del derecho penal?<\/p>\n","protected":false},"excerpt":{"rendered":"<p>edici\u00f3n a\u00f1o 2024 &#8211; 276 P\u00e1ginas<\/p>\n<p>Buscas un libro Jur\u00eddico.? Lo puedes encontrar en nuestra tienda virtual.<br \/>\nContamos con prestigiosos autores y muchas alternativas en sus diferentes materias al igual que grandes descuentos.! Vis\u00edtanos en <a class=\"zIcAzKdyBxATZYJQoeJUJgsFIQGjWDrXhTrsxj \" href=\"https:\/\/lnkd.in\/eiAG7jdZ\" target=\"_blank\" rel=\"noopener\" data-test-app-aware-link=\"\">https:\/\/lnkd.in\/eiAG7jdZ<\/a><br \/>\nEscr\u00edbenos al +56930565235 \/ <a class=\"zIcAzKdyBxATZYJQoeJUJgsFIQGjWDrXhTrsxj \" href=\"mailto:ventaslegallexglobal@gmail.com\" target=\"_self\" data-test-app-aware-link=\"\">ventaslegallexglobal@gmail.com<\/a><br \/>\nHacemos env\u00edos a todo Chile \u2013 Starken o Correos Chile \/ Te esperamos<\/p>\n","protected":false},"featured_media":2013,"comment_status":"open","ping_status":"closed","template":"","meta":{"inline_featured_image":false,"_joinchat":[]},"product_brand":[],"product_cat":[30],"product_tag":[],"class_list":{"0":"post-1983","1":"product","2":"type-product","3":"status-publish","4":"has-post-thumbnail","6":"product_cat-penal","8":"first","9":"instock","10":"shipping-taxable","11":"purchasable","12":"product-type-simple"},"_links":{"self":[{"href":"https:\/\/bibliotecajuridicavirtual.cl\/index.php\/wp-json\/wp\/v2\/product\/1983","targetHints":{"allow":["GET"]}}],"collection":[{"href":"https:\/\/bibliotecajuridicavirtual.cl\/index.php\/wp-json\/wp\/v2\/product"}],"about":[{"href":"https:\/\/bibliotecajuridicavirtual.cl\/index.php\/wp-json\/wp\/v2\/types\/product"}],"replies":[{"embeddable":true,"href":"https:\/\/bibliotecajuridicavirtual.cl\/index.php\/wp-json\/wp\/v2\/comments?post=1983"}],"wp:featuredmedia":[{"embeddable":true,"href":"https:\/\/bibliotecajuridicavirtual.cl\/index.php\/wp-json\/wp\/v2\/media\/2013"}],"wp:attachment":[{"href":"https:\/\/bibliotecajuridicavirtual.cl\/index.php\/wp-json\/wp\/v2\/media?parent=1983"}],"wp:term":[{"taxonomy":"product_brand","embeddable":true,"href":"https:\/\/bibliotecajuridicavirtual.cl\/index.php\/wp-json\/wp\/v2\/product_brand?post=1983"},{"taxonomy":"product_cat","embeddable":true,"href":"https:\/\/bibliotecajuridicavirtual.cl\/index.php\/wp-json\/wp\/v2\/product_cat?post=1983"},{"taxonomy":"product_tag","embeddable":true,"href":"https:\/\/bibliotecajuridicavirtual.cl\/index.php\/wp-json\/wp\/v2\/product_tag?post=1983"}],"curies":[{"name":"wp","href":"https:\/\/api.w.org\/{rel}","templated":true}]}}