{"id":2172,"date":"2026-02-28T00:59:02","date_gmt":"2026-02-28T03:59:02","guid":{"rendered":"https:\/\/bibliotecajuridicavirtual.cl\/?post_type=product&#038;p=2172"},"modified":"2026-02-28T00:59:32","modified_gmt":"2026-02-28T03:59:32","slug":"el-inicio-de-la-prescripcion-extintiva-en-la-accion-de-responsabilidad-extracontractual-paulina-manosalva-carrasco-noviembre-ano-2021-369-pag","status":"publish","type":"product","link":"https:\/\/bibliotecajuridicavirtual.cl\/index.php\/product\/el-inicio-de-la-prescripcion-extintiva-en-la-accion-de-responsabilidad-extracontractual-paulina-manosalva-carrasco-noviembre-ano-2021-369-pag\/","title":{"rendered":"El Inicio de la Prescripci\u00f3n Extintiva en la Acci\u00f3n de Responsabilidad Extracontractual * Paulina Manosalva Carrasco &#8211; Noviembre a\u00f1o 2021 &#8211; 369 P\u00e1g."},"content":{"rendered":"<p style=\"font-weight: 400;\">El libro que el lector tiene en sus manos aborda un tema crucial en el \u00e1mbito de la responsabilidad civil extracontractual: el inicio del c\u00f3mputo de la prescripci\u00f3n extintiva.<\/p>\n<p style=\"font-weight: 400;\">La obra se estructura en dos partes. En la primera, la autora examina la disgregaci\u00f3n normativa y la falta de coherencia en la determinaci\u00f3n del inicio del c\u00f3mputo de la prescripci\u00f3n. Se analizan en profundidad las diversas interpretaciones jurisprudenciales y doctrinarias que se han suscitado a prop\u00f3sito del art\u00edculo 2332 del C\u00f3digo Civil que cuenta el plazo de prescripci\u00f3n desde la &#8220;perpetraci\u00f3n del acto&#8221;. Adem\u00e1s, se estudian las diversas f\u00f3rmulas consagradas en leyes especiales, lo que termina por completar un panorama heterog\u00e9neo y confuso.<\/p>\n<p style=\"font-weight: 400;\">Frente a este escenario, la autora propone en la segunda parte un criterio interpretativo basado en el conocimiento diligente de la v\u00edctima sobre el hecho, el autor y el perjuicio, conforme a una adecuada taxonom\u00eda temporal de este \u00faltimo. La elecci\u00f3n de este criterio se justifica en la necesidad de garantizar la tutela judicial efectiva y en las particularidades de la acci\u00f3n de responsabilidad civil extracontractual, donde la v\u00edctima no siempre tiene conocimiento inmediato de los elementos necesarios para ejercer su acci\u00f3n.<\/p>\n<p style=\"font-weight: 400;\">Este libro constituye una herramienta indispensable para abogados, jueces, acad\u00e9micos y estudiantes de Derecho, ya que ofrece una visi\u00f3n cr\u00edtica y actualizada sobre un tema de gran relevancia pr\u00e1ctica como es la extinci\u00f3n de la acci\u00f3n indemnizatoria extracontractual, aplicable a una multiplicidad de materias.<\/p>\n<p style=\"font-weight: 400;\">\n<p style=\"font-weight: 400;\"><b><strong>PRIMERA PARTE<\/strong><\/b><br \/>\n<b><strong>L<\/strong><\/b><b><strong>A DISGREGACI\u00d3N NORMATIVA Y LA FALTA DE COHERENCIA DEL INICIO DEL C\u00d3MPUTO DE LA PRESCRIPCI\u00d3N EXTRACONTRACTUAL<\/strong><\/b><\/p>\n<p style=\"font-weight: 400;\"><b><strong>CAP\u00cdTULO I<\/strong><\/b><br \/>\n<b><strong>EL INICIO DEL C\u00d3MPUTO CONTENIDO EN EL ART\u00cdCULO 2332 DEL C\u00d3DIGO CIVIL<\/strong><\/b><\/p>\n<p style=\"font-weight: 400;\">Secci\u00f3n 1: Sus fuentes y su importancia<\/p>\n<p style=\"font-weight: 400;\">Secci\u00f3n 2: Su \u00e1mbito de aplicaci\u00f3n: regla general y supletoria<\/p>\n<p style=\"font-weight: 400;\">Secci\u00f3n 3. Las interpretaciones del inicio del c\u00f3mputo de la regla general<\/p>\n<ol>\n<li style=\"font-weight: 400;\">Inicio del c\u00f3mputo objetivo<\/li>\n<li style=\"font-weight: 400;\">Inicio del c\u00f3mputo subjetivo<\/li>\n<li style=\"font-weight: 400;\">La interpretaci\u00f3n subjetiva cl\u00e1sica del art\u00edculo 2332<br \/>\nB. Las interpretaciones modernas del art\u00edculo 2332<\/li>\n<li style=\"font-weight: 400;\">El desarrollo embrionario de la teor\u00eda del conocimiento<\/li>\n<li style=\"font-weight: 400;\">\u00bfPlazo m\u00e1ximo?<\/li>\n<\/ol>\n<p style=\"font-weight: 400;\"><b><strong>CAP\u00cdTULO II<\/strong><\/b><br \/>\n<b><strong>LA DISPERSI\u00d3N DE LAS LEYES ESPECIALES<\/strong><\/b><\/p>\n<p style=\"font-weight: 400;\">Secci\u00f3n 1: La regla general lo dice todo<\/p>\n<ol>\n<li style=\"font-weight: 400;\">La Ley de Protecci\u00f3n de los Derechos de los Consumidores<\/li>\n<li style=\"font-weight: 400;\">La Responsabilidad del Estado<\/li>\n<li style=\"font-weight: 400;\">Responsabilidad del Estado constitucional e imprescriptible<br \/>\nB. Responsabilidad del Estado prescriptible seg\u00fan el art\u00edculo 2332<br \/>\nC. La Responsabilidad del Estado por delitos de lesa humanidad<\/li>\n<\/ol>\n<p style=\"font-weight: 400;\">Secci\u00f3n 2: Un 2332 que no tiene nada que decir ante la ley especial<\/p>\n<ol>\n<li style=\"font-weight: 400;\">Accidentes nucleares: una regulaci\u00f3n \u00fanica<br \/>\nII. Servicios sanitarios del Estado: \u00bfun inicio del c\u00f3mputo objetivo?<br \/>\nIII. Medio ambiente: la manifestaci\u00f3n evidente del da\u00f1o<br \/>\nIV. Da\u00f1os por hidrocarburos: plazo m\u00e1ximo con diferentes inicios del c\u00f3mputo<br \/>\nV. Da\u00f1os en el \u00e1mbito aeron\u00e1utico: un plazo; triple inicio del c\u00f3mputo objetivo<br \/>\nVI. Da\u00f1os por divulgaci\u00f3n de informaci\u00f3n privilegiada: desde la acci\u00f3n<br \/>\nVII. Da\u00f1os causados por el Ministerio P\u00fablico: inicio del c\u00f3mputo objetivo<\/li>\n<\/ol>\n<p style=\"font-weight: 400;\">Secci\u00f3n 3: \u00c1mbito de aplicaci\u00f3n no resuelto<\/p>\n<ol>\n<li style=\"font-weight: 400;\">Accidentes o enfermedades profesionales: hay que precisar el demandante y la pretensi\u00f3n para definir el inicio del c\u00f3mputo<br \/>\nII. Productos sanitarios defectuosos: dime qui\u00e9n es el demandado y te dir\u00e9 el inicio del c\u00f3mputo<br \/>\nIII. Da\u00f1os a causa de un estado de excepci\u00f3n: inicio del c\u00f3mputo objetivo; perjuicios acotados<br \/>\nIV. Da\u00f1os por aplicaci\u00f3n de plaguicidas: doble regulaci\u00f3n; doble inicio del c\u00f3mputo<br \/>\nConclusiones de la primera parte<\/li>\n<\/ol>\n<p style=\"font-weight: 400;\"><b><strong>SEGUNDA PARTE<\/strong><\/b><br \/>\n<b><strong>NUESTRA PROPUESTA<\/strong><\/b><\/p>\n<p style=\"font-weight: 400;\"><b><strong>CAP\u00cdTULO I<\/strong><\/b><br \/>\n<b><strong>LA JUSTIFICACI\u00d3N DEL CRITERIO DEL CONOCIMIENTO<\/strong><\/b><\/p>\n<p style=\"font-weight: 400;\">Secci\u00f3n 1: El particularismo de la responsabilidad extracontractual<\/p>\n<p style=\"font-weight: 400;\">Secci\u00f3n 2: La Tutela Judicial Efectiva<\/p>\n<ol>\n<li style=\"font-weight: 400;\">El derecho humano a la Tutela Judicial Efectiva<br \/>\nII. La incidencia de la Tutela Judicial Efectiva en el inicio del c\u00f3mputo de la prescripci\u00f3n extintiva<\/li>\n<\/ol>\n<p style=\"font-weight: 400;\"><b><strong>CAP\u00cdTULO II<\/strong><\/b><br \/>\n<b><strong>EL R\u00c9GIMEN DEL CRITERIO DEL CONOCIMIENTO<\/strong><\/b><\/p>\n<p style=\"font-weight: 400;\">Secci\u00f3n 1: El alcance del conocimiento<\/p>\n<ol>\n<li style=\"font-weight: 400;\">El hecho (causante del da\u00f1o)<\/li>\n<li style=\"font-weight: 400;\">El autor<\/li>\n<\/ol>\n<p style=\"font-weight: 400;\">III. El da\u00f1o y su taxonom\u00eda<\/p>\n<ol>\n<li style=\"font-weight: 400;\">Da\u00f1os instant\u00e1neos o coet\u00e1neos<br \/>\n1. Noci\u00f3n de los da\u00f1os instant\u00e1neos<br \/>\n2. El inicio del c\u00f3mputo para da\u00f1os instant\u00e1neos<\/li>\n<li style=\"font-weight: 400;\">Da\u00f1os permanentes, indefinidos o definitivos<\/li>\n<li style=\"font-weight: 400;\">Noci\u00f3n de los da\u00f1os permanentes<br \/>\na) En cuanto a su origen<br \/>\nb) En cuanto a su contenido propiamente tal<br \/>\ni. Da\u00f1os Irreversibles<br \/>\nii. \u201cDa\u00f1os duraderos\u201d o \u201cDa\u00f1os susceptibles de mejora\u201d<\/li>\n<li style=\"font-weight: 400;\">El inicio del c\u00f3mputo para los da\u00f1os permanentes, indefinidos o definitivos<br \/>\na) Desde que ocurri\u00f3 el hecho instant\u00e1neo<br \/>\nb) Una tendencia ecl\u00e9ctica basada en la previsibilidad<br \/>\nc) Desde el conocimiento razonable o total del perjuicio<br \/>\nd) Las lesiones corporales permanentes<\/li>\n<li style=\"font-weight: 400;\">Da\u00f1os continuados\n<p>1. Noci\u00f3n de los da\u00f1os continuados<br \/>\na) En cuanto a su origen<br \/>\ni. Da\u00f1os continuados que provienen de hechos il\u00edcitos continuados: la \u201cconcepci\u00f3n cl\u00e1sica\u201d<br \/>\nii. \u00bfDa\u00f1os continuados que provienen de il\u00edcitos instant\u00e1neos?<br \/>\nb) Su contenido propiamente tal<br \/>\ni. Da\u00f1os continuados propiamente tales<br \/>\nii. Da\u00f1os fraccionables<br \/>\nii.1) Da\u00f1os fraccionables con evoluci\u00f3n previsible<br \/>\nii.2) Da\u00f1os fraccionables con evoluci\u00f3n imprevisible<\/li>\n<li style=\"font-weight: 400;\">El inicio del c\u00f3mputo para los da\u00f1os continuados<br \/>\na) Desde que cesa el hecho il\u00edcito cuando es continuado<br \/>\nb) Desde que se conoce el alcance razonable \/ total del perjuicio<br \/>\ni. Desde que se conoce el alcance razonable del da\u00f1o \u00bfo desde que no es previsible la producci\u00f3n de nuevos da\u00f1os?<br \/>\nii. Desde que se conoce todo el da\u00f1o: \u00bfel resultado definitivo?<\/li>\n<li style=\"font-weight: 400;\">Da\u00f1os Agravados<\/li>\n<li style=\"font-weight: 400;\">La noci\u00f3n de los da\u00f1os agravados<br \/>\n2. El inicio del c\u00f3mputo para los da\u00f1os agravados<\/li>\n<li style=\"font-weight: 400;\">Diferidos o tard\u00edos (\u00bfy sobrevenidos?)<\/li>\n<li style=\"font-weight: 400;\">La noci\u00f3n de los da\u00f1os diferidos o tard\u00edos (\u00bfy sobrevenidos?)<\/li>\n<li style=\"font-weight: 400;\">El inicio del c\u00f3mputo para los da\u00f1os diferidos o tard\u00edos (\u00bfy sobrevenidos?)<\/li>\n<\/ol>\n<p style=\"font-weight: 400;\">Secci\u00f3n 2: Diligencia e impedimentos en el criterio del conocimiento<\/p>\n<ol>\n<li style=\"font-weight: 400;\">Conocimiento efectivo y la \u201crazonable posibilidad de informaci\u00f3n\u201d<\/li>\n<li style=\"font-weight: 400;\">El est\u00e1ndar de diligencia<\/li>\n<li style=\"font-weight: 400;\">Los efectos<\/li>\n<li style=\"font-weight: 400;\">El inicio del c\u00f3mputo de la v\u00edctima diligente\/negligente<br \/>\n2. La carga de la prueba del conocimiento<\/li>\n<li style=\"font-weight: 400;\">Impedimentos y problemas que surgen a prop\u00f3sito de la cognoscibilidad<\/li>\n<li style=\"font-weight: 400;\">El impedimento de la v\u00edctima: contra non valentem agere non courrit praescriptio<\/li>\n<li style=\"font-weight: 400;\">La mala fe<\/li>\n<li style=\"font-weight: 400;\">Fraude del autor<br \/>\n2. Ceguera deliberada<\/li>\n<\/ol>\n<p style=\"font-weight: 400;\">Conclusiones de la segunda parte<\/p>\n<p style=\"font-weight: 400;\">Conclusiones generales<\/p>\n<p style=\"font-weight: 400;\">Normas e instrumentos citados<\/p>\n<p style=\"font-weight: 400;\">Jurisprudencia citada<\/p>\n","protected":false},"excerpt":{"rendered":"<p>Buscas un libro Jur\u00eddico.? Lo puedes encontrar en nuestra tienda virtual.<br \/>\nContamos con prestigiosos autores y muchas alternativas en sus diferentes materias al igual que grandes descuentos.! Vis\u00edtanos en <a class=\"hlgIjzIiPdjVTUdqLPXiNqCfecsEJcUQfrckk \" tabindex=\"0\" href=\"https:\/\/lnkd.in\/eiAG7jdZ\" target=\"_blank\" rel=\"noopener\" data-test-app-aware-link=\"\">https:\/\/lnkd.in\/eiAG7jdZ<\/a><br \/>\nEscr\u00edbenos al +56930565235 \/ <a class=\"hlgIjzIiPdjVTUdqLPXiNqCfecsEJcUQfrckk \" tabindex=\"0\" href=\"mailto:ventaslegallexglobal@gmail.com\" target=\"_self\" data-test-app-aware-link=\"\">ventaslegallexglobal@gmail.com<\/a><br \/>\nHacemos env\u00edos a todo Chile \u2013 Starken o Correos Chile \/ Te esperamos<\/p>\n","protected":false},"featured_media":2218,"comment_status":"open","ping_status":"closed","template":"","meta":{"inline_featured_image":false,"_joinchat":[]},"product_brand":[],"product_cat":[27,26],"product_tag":[],"class_list":{"0":"post-2172","1":"product","2":"type-product","3":"status-publish","4":"has-post-thumbnail","6":"product_cat-civil","7":"product_cat-derecho","9":"first","10":"instock","11":"shipping-taxable","12":"purchasable","13":"product-type-simple"},"_links":{"self":[{"href":"https:\/\/bibliotecajuridicavirtual.cl\/index.php\/wp-json\/wp\/v2\/product\/2172","targetHints":{"allow":["GET"]}}],"collection":[{"href":"https:\/\/bibliotecajuridicavirtual.cl\/index.php\/wp-json\/wp\/v2\/product"}],"about":[{"href":"https:\/\/bibliotecajuridicavirtual.cl\/index.php\/wp-json\/wp\/v2\/types\/product"}],"replies":[{"embeddable":true,"href":"https:\/\/bibliotecajuridicavirtual.cl\/index.php\/wp-json\/wp\/v2\/comments?post=2172"}],"wp:featuredmedia":[{"embeddable":true,"href":"https:\/\/bibliotecajuridicavirtual.cl\/index.php\/wp-json\/wp\/v2\/media\/2218"}],"wp:attachment":[{"href":"https:\/\/bibliotecajuridicavirtual.cl\/index.php\/wp-json\/wp\/v2\/media?parent=2172"}],"wp:term":[{"taxonomy":"product_brand","embeddable":true,"href":"https:\/\/bibliotecajuridicavirtual.cl\/index.php\/wp-json\/wp\/v2\/product_brand?post=2172"},{"taxonomy":"product_cat","embeddable":true,"href":"https:\/\/bibliotecajuridicavirtual.cl\/index.php\/wp-json\/wp\/v2\/product_cat?post=2172"},{"taxonomy":"product_tag","embeddable":true,"href":"https:\/\/bibliotecajuridicavirtual.cl\/index.php\/wp-json\/wp\/v2\/product_tag?post=2172"}],"curies":[{"name":"wp","href":"https:\/\/api.w.org\/{rel}","templated":true}]}}