{"id":2291,"date":"2026-02-28T01:00:12","date_gmt":"2026-02-28T04:00:12","guid":{"rendered":"https:\/\/bibliotecajuridicavirtual.cl\/?post_type=product&#038;p=2291"},"modified":"2026-02-28T01:00:43","modified_gmt":"2026-02-28T04:00:43","slug":"terrorismo-en-chile-evolucion-normativa-y-el-impacto-de-la-nueva-ley-n21-732-alejandro-leiva-lopez","status":"publish","type":"product","link":"https:\/\/bibliotecajuridicavirtual.cl\/index.php\/product\/terrorismo-en-chile-evolucion-normativa-y-el-impacto-de-la-nueva-ley-n21-732-alejandro-leiva-lopez\/","title":{"rendered":"Terrorismo en Chile &#8211; Evoluci\u00f3n Normativa y el Impacto de la Nueva Ley N\u00b021.732 * Alejandro Leiva L\u00f3pez"},"content":{"rendered":"<p style=\"font-weight: 400;\">El 12 de febrero de 2025 se public\u00f3 la Ley N\u00b0 21.732, la cual reemplaza toda la normativa terrorista vigente en Chile. Este acontecimiento plantea dos grandes desaf\u00edos: comprender los elementos de la nueva legislaci\u00f3n y comprender las distancias y cercan\u00edas que existen entre el modelo actual y el modelo anterior. Fiscales, jueces y abogados deber\u00e1n asimilar cada una de las nuevas reglas para aplicarlas en los procesos penales, lo que genera la necesidad de discusiones dogm\u00e1ticas e interpretaciones jurisprudenciales que favorezcan y faciliten la posterior aplicaci\u00f3n pr\u00e1ctica de las normas.<\/p>\n<p style=\"font-weight: 400;\">Este libro es una primera gu\u00eda para transitar desde la antigua legislaci\u00f3n a la m\u00e1s reciente, dando cuenta de los cambios que supone esta nueva ley. De este modo, es trascendental comprender c\u00f3mo se pasa de una ley antiterrorista eminentemente subjetiva, a otra a\u00fan m\u00e1s subjetiva , con los desaf\u00edos persecutorios y probatorios que conlleva. Asimismo, se analiza qu\u00e9 ha de entenderse por una \u201casociaci\u00f3n terrorista\u201d (figura innovadora en nuestra legislaci\u00f3n), en contraposici\u00f3n de sujetos individuales que tambi\u00e9n pueden cometer delitos terroristas (los llamados \u201clobos solitarios\u201d).<\/p>\n<p style=\"font-weight: 400;\">De esta forma, el presente texto no pretende ser exhaustivo ni excluyente respecto a la nueva normativa, es m\u00e1s bien un texto \u201cpuente\u201d que conecta lo que exist\u00eda con lo que viene, procurando dar una visi\u00f3n dogm\u00e1tica-penal de c\u00f3mo las principales figuras de la reci\u00e9n estrenada legislaci\u00f3n deben entenderse desde una visi\u00f3n cr\u00edtica y propositiva.<\/p>\n<ol>\n<li style=\"font-weight: 400;\"><b><strong> CONCEPTO DE TERRORISMO<\/strong><\/b><\/li>\n<\/ol>\n<p style=\"font-weight: 400;\">1.1. Concepto material y concepto formal de terrorismo<br \/>\nA) El terrorismo como acci\u00f3n subversiva<br \/>\nB) El terrorismo y la \u201cagrupaci\u00f3n terrorista\u201d como supuesta \u00fanica forma de terrorismo:<br \/>\nen contra, el caso del lobo solitario<br \/>\nC) Excurso: el caso del \u201clobo solitario\u201d como ejemplo paradigm\u00e1tico de la intrascendencia de una organizaci\u00f3n para la calificaci\u00f3n de un il\u00edcito como terrorista<br \/>\nD) El terrorismo como acci\u00f3n del Estado<br \/>\nE) El terrorismo como delito com\u00fan y no pol\u00edtico<br \/>\nF) El elemento subjetivo del delito terrorista: de la intenci\u00f3n de provocar terror como elemento central del terrorismo a los nuevos elementos subjetivos exigidos en la Ley N\u00ba 21.732<br \/>\na. Socavar o desestabilizar las estructuras pol\u00edticas, sociales o econ\u00f3micas del Estado democr\u00e1tico<br \/>\nb. Imponer o inhibir alguna decisi\u00f3n a una autoridad del Estado democr\u00e1tico<br \/>\nc. O cuando, por los m\u00e9todos previstos para su perpetraci\u00f3n o efectivamente utilizados, esos delitos tengan la aptitud para someter o desmoralizar a la poblaci\u00f3n civil o a una parte de ella<br \/>\nd. Excurso: inconstitucionalidad de tercera finalidad terrorista por incumplimiento del mandato de tipicidad<br \/>\nG) Prueba del elemento subjetivo \u201ccausar terror\u201d y de las nuevas finalidades de la Ley N\u00ba 21.732<br \/>\nH) Hip\u00f3tesis objetivas de terrorismo en la nueva Ley N\u00ba 21.732<br \/>\nI) Toma de postura: el concepto material de terrorismo<\/p>\n<ol start=\"2\">\n<li style=\"font-weight: 400;\"><b><strong> EL BIEN JUR\u00cdDICO TUTELADO EN EL DELITO DE TERRORISMO**<\/strong><\/b><\/li>\n<li style=\"font-weight: 400;\"><b><strong> DERECHO PENAL DEL ENEMIGO Y TERRORISMO: LA LLAMADA \u201cTERCERA VELOCIDAD\u201d<\/strong><\/b><\/li>\n<\/ol>\n<p style=\"font-weight: 400;\">3.1. El derecho penal del enemigo: caracter\u00edsticas y presupuestos<br \/>\n3.2. Principales cr\u00edticas al derecho penal del enemigo<br \/>\n3.3. Recurso al derecho penal del enemigo en un Estado de derecho<br \/>\n3.5. Derecho penal del enemigo en nuestra legislaci\u00f3n: de la Ley N\u00ba 18.314 a la nueva Ley Antiterrorista N\u00ba 21.732<\/p>\n<ol start=\"4\">\n<li style=\"font-weight: 400;\"><b><strong> EVOLUCI\u00d3N NORMATIVA DEL TERRORISMO EN CHILE Y EL IMPACTO DE LA NUEVA LEY N\u00ba 21.732<\/strong><\/b><\/li>\n<\/ol>\n<p style=\"font-weight: 400;\">4.1. Evoluci\u00f3n de la normativa antiterrorista y contexto actual del delito de terrorismo en Chile<\/p>\n<p style=\"font-weight: 400;\">4.2. Aplicaci\u00f3n de la Ley N\u00ba 18.314 entre 1984 y 1990, las principales modificaciones llevadas a cabo por la Junta de Gobierno<\/p>\n<p style=\"font-weight: 400;\">4.3. Ley N\u00ba 19.027, de 24 de enero de 1991<\/p>\n<p style=\"font-weight: 400;\">4.4. Ley N\u00ba 19.241, de 28 de agosto de 1993<\/p>\n<p style=\"font-weight: 400;\">4.5. Ley N\u00ba 19.806, de 31 de mayo de 2002<\/p>\n<p style=\"font-weight: 400;\">4.6. Ley N\u00ba 19.906, de 13 de noviembre de 2003<\/p>\n<p style=\"font-weight: 400;\">4.7. Ley N\u00ba 20.074, de 14 de noviembre de 2005<\/p>\n<p style=\"font-weight: 400;\">4.8. Ley N\u00ba 20.467, de 8 de octubre de 2010<\/p>\n<p style=\"font-weight: 400;\">4.9. Ley N\u00ba 20.519, de 21 de junio de 2011<\/p>\n<p style=\"font-weight: 400;\">4.10. Ley N\u00ba 20.830, de 21 de abril de 2015<\/p>\n<p style=\"font-weight: 400;\">4.11. Ley N\u00ba 21.732, de 12 de febrero de 2025<br \/>\nA) Origen y fundamentos del proyecto de ley<br \/>\nB) Car\u00e1cter asociativo de la ley<br \/>\nC) Terrorismo individual<br \/>\nD) Cat\u00e1logo de delitos susceptibles de ser calificables como terroristas en la nueva Ley N\u00ba 21.732<\/p>\n<ol start=\"5\">\n<li style=\"font-weight: 400;\"><b><strong> LA LEGISLACI\u00d3N ANTITERRORISTA A LA LUZ DE LOS EST\u00c1NDARES INTERNACIONALES Y NACIONALES EN MATERIA DE DERECHOS HUMANOS<\/strong><\/b><\/li>\n<\/ol>\n<p style=\"font-weight: 400;\">5.1. Observaciones y recomendaciones del Comit\u00e9 de Derechos Humanos de Naciones Unidas en relaci\u00f3n con el terrorismo<br \/>\n5.2. Informe del Instituto Nacional de Derechos Humanos en materia de terrorismo<\/p>\n<ol start=\"6\">\n<li style=\"font-weight: 400;\"><b><strong> TERRORISMO Y FINANCIAMIENTO<\/strong><\/b><\/li>\n<\/ol>\n<p style=\"font-weight: 400;\">6.1. Responsabilidad penal de las personas jur\u00eddicas y financiamiento del terrorismo<\/p>\n<ol start=\"7\">\n<li style=\"font-weight: 400;\"><b><strong> TERRORISMO Y DERECHO PENAL INTERNACIONAL<\/strong><\/b><\/li>\n<li style=\"font-weight: 400;\"><b><strong> PROBLEMAS CONCURSALES<\/strong><\/b><\/li>\n<\/ol>\n<p style=\"font-weight: 400;\">8.1. Ley Antiterrorista y Ley sobre Control de Armas: en especial, la colocaci\u00f3n o detonaci\u00f3n de un artefacto explosivo con fines terroristas<\/p>\n<p style=\"font-weight: 400;\">8.2. Ley Antiterrorista y atentados contra la autoridad<\/p>\n<p style=\"font-weight: 400;\">8.3. Ley Antiterrorista y Ley de Seguridad Interior del Estado<\/p>\n<p style=\"font-weight: 400;\">8.4. Casos o problemas concursales<br \/>\nA) El homicidio del ministro<br \/>\nB) El homicidio del convencional constituyente<\/p>\n<ol start=\"9\">\n<li style=\"font-weight: 400;\"><b><strong> LEY ANTITERRORISTA E ITER CRIMINIS<\/strong><\/b><\/li>\n<li style=\"font-weight: 400;\"><b><strong> LEY ANTITERRORISTA E INTERVENCI\u00d3N CRIMINAL<\/strong><\/b><\/li>\n<\/ol>\n","protected":false},"excerpt":{"rendered":"<p>Abril a\u00f1o 2025\u00a0&#8211; 164 P\u00e1ginas<\/p>\n<p>Buscas un libro Jur\u00eddico.? Lo puedes encontrar en nuestra tienda virtual.<br \/>\nContamos con prestigiosos autores y muchas alternativas en sus diferentes materias al igual que grandes descuentos.! Vis\u00edtanos en <a class=\"mgFkhbNCAguTzbjLozeYRagsCtabmGnDJw \" tabindex=\"0\" href=\"https:\/\/lnkd.in\/eiAG7jdZ\" target=\"_blank\" rel=\"noopener\" data-test-app-aware-link=\"\">https:\/\/lnkd.in\/eiAG7jdZ<\/a><br \/>\nEscr\u00edbenos al +56930565235 \/ <a class=\"mgFkhbNCAguTzbjLozeYRagsCtabmGnDJw \" tabindex=\"0\" href=\"mailto:ventaslegallexglobal@gmail.com\" target=\"_self\" data-test-app-aware-link=\"\">ventaslegallexglobal@gmail.com<\/a><br \/>\nHacemos env\u00edos a todo Chile \u2013 Starken o Correos Chile \/ Te esperamos<\/p>\n","protected":false},"featured_media":2343,"comment_status":"open","ping_status":"closed","template":"","meta":{"inline_featured_image":false,"_joinchat":[]},"product_brand":[],"product_cat":[26,30],"product_tag":[],"class_list":{"0":"post-2291","1":"product","2":"type-product","3":"status-publish","4":"has-post-thumbnail","6":"product_cat-derecho","7":"product_cat-penal","9":"first","10":"instock","11":"shipping-taxable","12":"purchasable","13":"product-type-simple"},"_links":{"self":[{"href":"https:\/\/bibliotecajuridicavirtual.cl\/index.php\/wp-json\/wp\/v2\/product\/2291","targetHints":{"allow":["GET"]}}],"collection":[{"href":"https:\/\/bibliotecajuridicavirtual.cl\/index.php\/wp-json\/wp\/v2\/product"}],"about":[{"href":"https:\/\/bibliotecajuridicavirtual.cl\/index.php\/wp-json\/wp\/v2\/types\/product"}],"replies":[{"embeddable":true,"href":"https:\/\/bibliotecajuridicavirtual.cl\/index.php\/wp-json\/wp\/v2\/comments?post=2291"}],"wp:featuredmedia":[{"embeddable":true,"href":"https:\/\/bibliotecajuridicavirtual.cl\/index.php\/wp-json\/wp\/v2\/media\/2343"}],"wp:attachment":[{"href":"https:\/\/bibliotecajuridicavirtual.cl\/index.php\/wp-json\/wp\/v2\/media?parent=2291"}],"wp:term":[{"taxonomy":"product_brand","embeddable":true,"href":"https:\/\/bibliotecajuridicavirtual.cl\/index.php\/wp-json\/wp\/v2\/product_brand?post=2291"},{"taxonomy":"product_cat","embeddable":true,"href":"https:\/\/bibliotecajuridicavirtual.cl\/index.php\/wp-json\/wp\/v2\/product_cat?post=2291"},{"taxonomy":"product_tag","embeddable":true,"href":"https:\/\/bibliotecajuridicavirtual.cl\/index.php\/wp-json\/wp\/v2\/product_tag?post=2291"}],"curies":[{"name":"wp","href":"https:\/\/api.w.org\/{rel}","templated":true}]}}