{"id":2589,"date":"2026-02-28T01:02:39","date_gmt":"2026-02-28T04:02:39","guid":{"rendered":"https:\/\/bibliotecajuridicavirtual.cl\/?post_type=product&#038;p=2589"},"modified":"2026-02-28T01:02:48","modified_gmt":"2026-02-28T04:02:48","slug":"evolucion-e-historia-del-derecho-administrativo-chileno-xx-jornadas-nacionales-de-derecho-administrativo-adad","status":"publish","type":"product","link":"https:\/\/bibliotecajuridicavirtual.cl\/index.php\/product\/evolucion-e-historia-del-derecho-administrativo-chileno-xx-jornadas-nacionales-de-derecho-administrativo-adad\/","title":{"rendered":"Evoluci\u00f3n e Historia del Derecho Administrativo Chileno &#8211; XX Jornadas Nacionales de Derecho Administrativo ADAD *"},"content":{"rendered":"<p style=\"font-weight: 400;\">Esta obra re\u00fane las ponencias de destacados acad\u00e9micos y especialistas nacionales que analizan la evoluci\u00f3n hist\u00f3rica de las principales instituciones del derecho administrativo chileno \u2014entre ellas, la contrataci\u00f3n p\u00fablica, los procedimientos administrativos, el dominio p\u00fablico, la fiscalizaci\u00f3n y sanci\u00f3n, la organizaci\u00f3n administrativa, la funci\u00f3n p\u00fablica, el control y la justicia administrativa.<\/p>\n<p style=\"font-weight: 400;\">A trav\u00e9s de sus cap\u00edtulos, se reconstruyen los hitos que han marcado el desarrollo del derecho administrativo en Chile, desde sus or\u00edgenes en el siglo XIX hasta los debates contempor\u00e1neos sobre contrataci\u00f3n p\u00fablica, responsabilidad del Estado, funci\u00f3n administrativa y control de la gesti\u00f3n p\u00fablica. El libro ofrece una lectura actual y rigurosa de las transformaciones institucionales que han modelado la relaci\u00f3n entre el poder p\u00fablico y la sociedad.<\/p>\n<p style=\"font-weight: 400;\">Con un lenguaje claro y preciso, esta obra brinda una visi\u00f3n integral que permite comprender la evoluci\u00f3n de la disciplina y anticipar los desaf\u00edos que definir\u00e1n el futuro de la funci\u00f3n administrativa y las relaciones entre el Estado y los particulares.<\/p>\n<p style=\"font-weight: 400;\">Dirigido a abogados, funcionarios p\u00fablicos, jueces y estudiantes de Derecho, este libro invita a redescubrir los fundamentos del derecho administrativo chileno para entender su proyecci\u00f3n en el presente y en los a\u00f1os por venir.<\/p>\n<ol>\n<li style=\"font-weight: 400;\"><b><strong> El esp\u00edritu del derecho administrativo chileno del siglo XIX<\/strong><\/b><br \/>\nGabriel Bocksang Hola<\/li>\n<\/ol>\n<p style=\"font-weight: 400;\">1.1. Introducci\u00f3n<\/p>\n<p style=\"font-weight: 400;\">1.2. Un esp\u00edritu articulador de tradici\u00f3n e innovaci\u00f3n<br \/>\nA) Articulaci\u00f3n y r\u00e9gimen normativo en derecho administrativo<br \/>\nB) Articulaci\u00f3n y mentalidad jur\u00eddica en derecho administrativo<\/p>\n<p style=\"font-weight: 400;\">1.3. Un esp\u00edritu constructor del Estado de derecho<br \/>\nA) El esp\u00edritu constructor del ordenamiento normativo<br \/>\nB) El esp\u00edritu constructor de un r\u00e9gimen de control<br \/>\nC) El esp\u00edritu constructor de la promoci\u00f3n de los derechos de las personas<\/p>\n<p style=\"font-weight: 400;\">1.4. Conclusi\u00f3n<\/p>\n<ol start=\"2\">\n<li style=\"font-weight: 400;\"><b><strong> La lenta recepci\u00f3n de la cultura del derecho administrativo en Chile: su larga prehistoria desde comienzos de la Rep\u00fablica hasta fines del siglo XX (En 1980)<\/strong><\/b><br \/>\nAlejandro Vergara Blanco<\/li>\n<\/ol>\n<p style=\"font-weight: 400;\">2.1. Introducci\u00f3n<br \/>\nA) La recepci\u00f3n patria de la nueva cultura del derecho administrativo en\u00a0sus textos normativos<br \/>\nB) Las tres ideas que caracterizan la cultura del derecho administrativo y su negaci\u00f3n en Chile<br \/>\nC) Las cuatro edades del derecho administrativo nacional<\/p>\n<p style=\"font-weight: 400;\">2.2. Edad an\u00f3mica: el d\u00e9bil impulso inicial (1818\/1833-1874)<\/p>\n<p style=\"font-weight: 400;\">2.3. Edad an\u00e1rquica: inicio de la inmunidad jurisdiccional (1874-1925)<\/p>\n<p style=\"font-weight: 400;\">2.4. Edad de la sepultaci\u00f3n: consolidaci\u00f3n de la inmunidad jurisdiccional (1925-1976-1980)<\/p>\n<p style=\"font-weight: 400;\">2.5. Ep\u00edlogo: La edad neomoderna (1976-1980\/2024)<\/p>\n<ol start=\"3\">\n<li style=\"font-weight: 400;\"><b><strong> El derecho administrativo de la dictadura. Una aproximaci\u00f3n hist\u00f3rica<\/strong><\/b><br \/>\nJos\u00e9 Miguel Valdivia Olivares &#8211; Tom\u00e1s Izquierdo Serrano<\/li>\n<\/ol>\n<p style=\"font-weight: 400;\">3.1. Introducci\u00f3n<\/p>\n<p style=\"font-weight: 400;\">3.2. El Derecho Administrativo de la dictadura<\/p>\n<p style=\"font-weight: 400;\">3.3. Facetas del Derecho Administrativo de la dictadura<br \/>\nA) El derecho administrativo vivido bajo la dictadura<br \/>\na. Fragilizaci\u00f3n del estatuto de los funcionarios<br \/>\nb. Reestructuraci\u00f3n del aparato administrativo<br \/>\nB) El derecho administrativo legado por la dictadura<br \/>\na. Racionalizaci\u00f3n organizacional del aparato administrativo<br \/>\nb. Transformaci\u00f3n de las funciones del Estado<br \/>\nc. El control judicial de la Administraci\u00f3n<\/p>\n<ol start=\"4\">\n<li style=\"font-weight: 400;\"><b><strong> El ladrillo y la construcci\u00f3n del derecho administrativo neoliberal chileno<\/strong><\/b><br \/>\nFrancisco Ag\u00fcero Vargas<\/li>\n<\/ol>\n<p style=\"font-weight: 400;\">4.1. Introducci\u00f3n<br \/>\n4.2. El Ladrillo y la creaci\u00f3n de un nuevo derecho administrativo<br \/>\n4.3. El diagn\u00f3stico del Ladrillo para un gobierno tecnocr\u00e1tico<br \/>\n4.4. Un programa de gobierno basado en la eficiencia<br \/>\n4.5. El Ladrillo y la construcci\u00f3n del Estado administrativo neoliberal<br \/>\n4.6. Los decretos leyes que reconstruyen el Estado administrativo<br \/>\n4.7. Los decretos que reordenan la econom\u00eda y construyen el mercado<br \/>\n4.8. Conclusiones<\/p>\n<ol start=\"5\">\n<li style=\"font-weight: 400;\"><b><strong> Valent\u00edn Letelier: su curso de derecho administrativo<\/strong><\/b><br \/>\nCristian Rom\u00e1n Cordero<\/li>\n<\/ol>\n<p style=\"font-weight: 400;\">5.1. Introducci\u00f3n<\/p>\n<p style=\"font-weight: 400;\">5.2. Or\u00edgenes de la ense\u00f1anza del derecho administrativo en Chile<br \/>\nA) Santiago Prado<br \/>\nB) Jorge Huneeus<br \/>\nC) Valent\u00edn Letelier<\/p>\n<p style=\"font-weight: 400;\">5.3. Valent\u00edn Letelier, el profesor de derecho administrativo<\/p>\n<p style=\"font-weight: 400;\">5.4. El curso de derecho administrativo del profesor Valent\u00edn Letelier<br \/>\nA) Fuentes<br \/>\nB) Estructura<br \/>\nC) Partes<br \/>\na. Introducci\u00f3n<br \/>\nb. Cap\u00edtulos I a XIV (Servicios)<br \/>\nc. cap\u00edtulo xv (bases de la administraci\u00f3n)<br \/>\nd. Cap\u00edtulo XVI (L\u00edmites de la Administraci\u00f3n)<\/p>\n<p style=\"font-weight: 400;\">5.5. El curso de derecho administrativo de Valent\u00edn Letelier en la historia de Chile<br \/>\nA) El \u201cnuevo Estado\u201d<br \/>\nB) Los \u201cnuevos hombres\u201d<\/p>\n<p style=\"font-weight: 400;\">5.6. Conclusiones<\/p>\n<ol start=\"6\">\n<li style=\"font-weight: 400;\"><b><strong> Retroactividad y derechos adquiridos en Valent\u00edn Letelier (1852-1919)<\/strong><\/b><br \/>\nJaime Phillips Letelier<\/li>\n<\/ol>\n<p style=\"font-weight: 400;\">6.1. Introducci\u00f3n<br \/>\n6.2. Irretroactividad y derechos adquiridos: planteamiento tradicional<br \/>\n6.3. Derecho objetivo y derechos adquiridos: una distinci\u00f3n<br \/>\n6.4. \u00bfVigencia in actum en el derecho p\u00fablico?: una cr\u00edtica<br \/>\n6.5. Conclusiones<\/p>\n<ol start=\"7\">\n<li style=\"font-weight: 400;\"><b><strong> El derecho administrativo de Valent\u00edn Letelier: la actualidad de un jurista global<\/strong><\/b><br \/>\nFlavio Quezada Rodr\u00edguez<\/li>\n<\/ol>\n<p style=\"font-weight: 400;\">7.1. Introducci\u00f3n<br \/>\n7.2. Un administrativista global, te\u00f3rico del estado y del derecho<br \/>\n7.3. El derecho administrativo de Letelier: una pieza de una teorizaci\u00f3n mayor<br \/>\n7.4. Un pr\u00e1ctico estudioso de la legalidad administrativa chilena: su dogm\u00e1tica<br \/>\n7.5. Un formador de escuela: su actual proyecci\u00f3n hist\u00f3rica<br \/>\n7.6. Conclusiones<\/p>\n<ol start=\"8\">\n<li style=\"font-weight: 400;\"><b><strong> Los conceptos de derecho p\u00fablico y privado en el tiempo: una perspectiva desde Valent\u00edn Letelier y Eduardo Soto Kloss<\/strong><\/b><br \/>\nLuis Robert Vald\u00e9s<\/li>\n<\/ol>\n<p style=\"font-weight: 400;\">8.1. Introducci\u00f3n<\/p>\n<p style=\"font-weight: 400;\">8.2. Breve rese\u00f1a sobre la evoluci\u00f3n de lo p\u00fablico y privado en la cultura jur\u00eddica nacional<\/p>\n<p style=\"font-weight: 400;\">8.3. Entre la apariencia y la realidad: Letelier y Soto Kloss en el tiempo<br \/>\nA) Valent\u00edn Letelier y su aproximaci\u00f3n casu\u00edstica al derecho administrativo<br \/>\nB) Eduardo Soto Kloss y las huellas de lo sistem\u00e1tico<\/p>\n<p style=\"font-weight: 400;\">8.4. Conclusiones<\/p>\n<ol start=\"9\">\n<li style=\"font-weight: 400;\"><b><strong> Evoluci\u00f3n del concepto de administraci\u00f3n p\u00fablica en el derecho administrativo chileno<\/strong><\/b><br \/>\nEmilio O\u00f1ate Vera<\/li>\n<\/ol>\n<p style=\"font-weight: 400;\">9.1. Administraci\u00f3n p\u00fablica y funci\u00f3n ejecutiva: Gobierno y Administraci\u00f3n<\/p>\n<p style=\"font-weight: 400;\">9.2. \u00bfAdministraci\u00f3n p\u00fablica o administraci\u00f3n del Estado?<\/p>\n<p style=\"font-weight: 400;\">9.3. El concepto de administraci\u00f3n p\u00fablica en su contexto hist\u00f3rico<br \/>\nA) La administraci\u00f3n p\u00fablica conservadora<br \/>\nB) La administraci\u00f3n p\u00fablica liberal<br \/>\nC) La administraci\u00f3n p\u00fablica social<br \/>\nD) Reflexiones finales<\/p>\n<p style=\"font-weight: 400;\">9.4. Conclusiones<\/p>\n<ol start=\"10\">\n<li style=\"font-weight: 400;\"><b><strong> Algunos antecedentes sobre la terminolog\u00eda constitucional referida al Gobierno y la administraci\u00f3n interior y su actual comprensi\u00f3n como funciones: el camino hacia 1991<\/strong><\/b><br \/>\nOctavio Ansaldi Baltazar &#8211; Sebasti\u00e1n Chand\u00eda Olivares<\/li>\n<\/ol>\n<p style=\"font-weight: 400;\">10.1. Introducci\u00f3n<\/p>\n<p style=\"font-weight: 400;\">10.2. Constituciones anteriores<br \/>\nA) Constituci\u00f3n de 1833<br \/>\nB) Constituci\u00f3n de 1925<\/p>\n<p style=\"font-weight: 400;\">10.3. Constituci\u00f3n vigente<br \/>\nA) Texto constitucional original de 1980<br \/>\nB) Hacia la reforma constitucional de 1991<\/p>\n<p style=\"font-weight: 400;\">10.4. A modo de conclusi\u00f3n<\/p>\n<ol start=\"11\">\n<li style=\"font-weight: 400;\"><b><strong> Ordenanzas municipales: contexto hist\u00f3rico problem\u00e1ticas y causales de soluci\u00f3n<\/strong><\/b><br \/>\nValeska Opazo de la Fuente &#8211; Pablo Aros Rojas<\/li>\n<\/ol>\n<p style=\"font-weight: 400;\">11.1. Introducci\u00f3n<\/p>\n<p style=\"font-weight: 400;\">11.2. Antecedentes hist\u00f3ricos de las ordenanzas en el r\u00e9gimen municipal<\/p>\n<p style=\"font-weight: 400;\">11.3. Fisonom\u00eda actual de las ordenanzas municipales. Su virtud y problemas<br \/>\nA) Distinci\u00f3n de las ordenanzas de otros instrumentos normativos municipales<br \/>\nB) Ventaja y problem\u00e1ticas actuales de las ordenanzas<\/p>\n<p style=\"font-weight: 400;\">11.4. Cauces de soluci\u00f3n a las problem\u00e1ticas de las ordenanzas<br \/>\nA) L\u00edmites al actuar de autoridades comunales<br \/>\nB) Extensi\u00f3n objetiva de las ordenanzas comunales<br \/>\nC) Contenido t\u00e9cnico de las ordenanzas municipales<\/p>\n<p style=\"font-weight: 400;\">11.5. Conclusi\u00f3n<\/p>\n<ol start=\"12\">\n<li style=\"font-weight: 400;\"><b><strong> La comprensi\u00f3n hist\u00f3rica del acto administrativo y su engarce con los principios fundamentales del derecho p\u00fablico<\/strong><\/b><br \/>\nMart\u00edn Loo Guti\u00e9rrez<\/li>\n<\/ol>\n<p style=\"font-weight: 400;\">12.1 Introducci\u00f3n<br \/>\n12.2. L\u2019acte administratif<br \/>\n12.3. \u201cWas f\u00fcr ihn rechtens sein soll\u201d: El acto administrativo para Otto Mayer. 227<br \/>\n12.4. \u201cQualunque dichiarazione di volont\u00e0\u201d: El acto administrativo como declaraci\u00f3n de voluntad<br \/>\n12.5. Conclusi\u00f3n: \u00bfActo y procedimiento o procedimiento y acto?<\/p>\n<ol start=\"13\">\n<li style=\"font-weight: 400;\"><b><strong> La pertenencia de la ley N\u00ba 19.880 de 2003 a la ley N\u00ba 30 de 1992<\/strong><\/b><br \/>\nNicol\u00e1s Enteiche Rosales &#8211; Paula Bagioli Coloma<\/li>\n<\/ol>\n<p style=\"font-weight: 400;\">13.1. Introducci\u00f3n<\/p>\n<p style=\"font-weight: 400;\">13.2. Los derechos de los interesados<br \/>\nA) La carencia hist\u00f3rica de derechos procedimentales en el marco normativo chileno<br \/>\nB) Similitudes literales entre el art\u00edculo 35 de la Ley espa\u00f1ola N\u00ba30 y el art\u00edculo 17 de la Ley chilena N\u00ba 19.880<\/p>\n<p style=\"font-weight: 400;\">13.3. Las competencias sancionadoras administrativas<br \/>\nA) Regulaci\u00f3n de las competencias sancionadoras administrativas por la Ley N\u00ba 30 de 1992<br \/>\nB) Regulaci\u00f3n de las competencias sancionadoras administrativas por la Ley N\u00ba 19.880 de 2003<br \/>\nC) Relaci\u00f3n entre la Ley N\u00ba 30 de 1992 y la Ley N\u00ba 19.880 de 2003 en cuanto a las competencias sancionadoras administrativas<\/p>\n<p style=\"font-weight: 400;\">13.4. Conclusi\u00f3n<\/p>\n<ol start=\"14\">\n<li style=\"font-weight: 400;\"><b><strong> El silencio administrativo positivo en perspectiva hist\u00f3rica a la luz de la jurisprudencia de la Contralor\u00eda General de la Rep\u00fablica<\/strong><\/b><br \/>\nJuan Ignacio Johnson Narv\u00e1ez<\/li>\n<\/ol>\n<p style=\"font-weight: 400;\">14.1. Introducci\u00f3n<\/p>\n<p style=\"font-weight: 400;\">14.2. Regulaci\u00f3n del silencio administrativo en Chile<br \/>\nA) Regulaci\u00f3n general<br \/>\nB) Regulaciones especiales<\/p>\n<p style=\"font-weight: 400;\">14.3. Jurisprudencia administrativa relativa a la aplicaci\u00f3n del silencio administrativo positivo<br \/>\nA) Supuestos de procedencia<br \/>\nB) Normativa aplicable: regulaci\u00f3n especial y limitaciones a la supletoriedad de la LBPA<br \/>\nC) Alcance de la actividad del organismo contralor<br \/>\nD) Aspectos temporales<br \/>\nE) L\u00edmites a la aplicaci\u00f3n del silencio positivo<\/p>\n<p style=\"font-weight: 400;\">14.4. Problem\u00e1ticas actuales en torno a la aplicaci\u00f3n del silencio administrativo positivo<br \/>\nA) Condici\u00f3n de operatividad<br \/>\nB) Acto certificatorio<br \/>\nC) Control del acto ficto<br \/>\nD) Publicidad del acto ficto<\/p>\n<p style=\"font-weight: 400;\">14.5. Ley marco de autorizaciones sectoriales<\/p>\n<p style=\"font-weight: 400;\">14.6. Conclusiones<\/p>\n<ol start=\"15\">\n<li style=\"font-weight: 400;\"><b><strong> La responsabilidad del Estado-administrador desde la mirada de la Federal Tort Claims Act: un alto en el camino<\/strong><\/b><br \/>\nCarlos Dorn Garrido<\/li>\n<\/ol>\n<p style=\"font-weight: 400;\">15.1 Introducci\u00f3n<\/p>\n<p style=\"font-weight: 400;\">15.2. Breve explicaci\u00f3n del contexto hist\u00f3rico que precede a la Federal Tort Claims Act (1946)<\/p>\n<p style=\"font-weight: 400;\">15.3. La racionalidad de la Federal Tort Claims Act (1946): El paradigma del test de analog\u00eda de responsabilidad civil privada<\/p>\n<p style=\"font-weight: 400;\">15.4. Exoneraci\u00f3n de responsabilidad por actuaciones l\u00edcitas o por ejecuci\u00f3n de funciones discrecionales: La racionalidad pragm\u00e1tica de la Federal Tort Claims Act (1946)<br \/>\nA) La exoneraci\u00f3n por ejercicio de funciones leg\u00edtimas<br \/>\nB) Exoneraci\u00f3n por cumplimiento de funciones discrecionales<\/p>\n<p style=\"font-weight: 400;\">15.5. Conclusiones<\/p>\n<ol start=\"16\">\n<li style=\"font-weight: 400;\"><b><strong> Evoluci\u00f3n en el reconocimiento de la responsabilidad patrimonial del Estado por actuaciones ilegales en licitaciones p\u00fablicas<\/strong><\/b><br \/>\nMat\u00edas Larroulet Philippi<\/li>\n<\/ol>\n<p style=\"font-weight: 400;\">16.1. Introducci\u00f3n<\/p>\n<p style=\"font-weight: 400;\">16.2. El TCP y los supuestos que llevan a particulares a demandar una indemnizaci\u00f3n de perjuicios por actuaciones ilegales en licitaciones p\u00fablicas<\/p>\n<p style=\"font-weight: 400;\">16.3. Evoluci\u00f3n jurisprudencial en el reconocimiento de la responsabilidad patrimonial del Estado por actuaciones ilegales en licitaciones p\u00fablicas<br \/>\nA) Primera etapa: rechazo total<br \/>\nB) Segunda etapa: apertura<br \/>\nC) Tercera etapa: consolidaci\u00f3n<br \/>\nD) \u00bfCuarta etapa?<\/p>\n<p style=\"font-weight: 400;\">16.4. Conclusi\u00f3n<\/p>\n<ol start=\"17\">\n<li style=\"font-weight: 400;\"><b><strong> Evoluci\u00f3n hist\u00f3rica de los principios en la contrataci\u00f3n p\u00fablica de bienes y servicios en la ley N\u00ba 19.886<\/strong><\/b><br \/>\nMat\u00edas Navarrete Millon<\/li>\n<\/ol>\n<p style=\"font-weight: 400;\">17.1. Introducci\u00f3n<\/p>\n<p style=\"font-weight: 400;\">17.2. Principios de la contrataci\u00f3n p\u00fablica en el Decreto con Fuerza de Ley N\u00ba1 de 2000 del Ministerio Secretar\u00eda General de la Presidencia que fija el texto refundido, coordinado y sistematizado de la Ley N\u00ba 18.575 de bases generales de la administraci\u00f3n del Estado<\/p>\n<p style=\"font-weight: 400;\">17.3. Principios de la contrataci\u00f3n p\u00fablica en la Ley N\u00ba 19.880 de bases de los procedimientos administrativos que rigen los actos de los \u00f3rganos de la administraci\u00f3n del Estado<\/p>\n<p style=\"font-weight: 400;\">17.4. Principios de la contrataci\u00f3n p\u00fablica en la Ley n\u00ba 19.886 de bases generales sobre los contratos administrativos de suministro y prestaci\u00f3n de servicios<\/p>\n<p style=\"font-weight: 400;\">17.5. Principios de la contrataci\u00f3n p\u00fablica en el Decreto N\u00ba 250 de 2004 del Ministerio de Hacienda que aprueba el reglamento de la Ley N\u00ba 19.886<\/p>\n<p style=\"font-weight: 400;\">17.6. Principios de la contrataci\u00f3n p\u00fablica contemplados en otras normas<br \/>\nA) El principio de buena fe<br \/>\nB) El principio de equilibrio econ\u00f3mico<\/p>\n<p style=\"font-weight: 400;\">17.7. Conclusi\u00f3n<\/p>\n<ol start=\"18\">\n<li style=\"font-weight: 400;\"><b><strong> Evoluci\u00f3n e historia del control de las compras p\u00fablicas: tr\u00e1nsito de un modelo difuso a un sistema concentrado de control del contrato<\/strong><\/b><br \/>\nJos\u00e9 Luis Lara Arroyo &#8211; Florencia Portales Parada<\/li>\n<\/ol>\n<p style=\"font-weight: 400;\">18.1. Introducci\u00f3n<\/p>\n<p style=\"font-weight: 400;\">18.2. Determinaci\u00f3n del \u00f3rgano encargado del Control<br \/>\nA) El Tribunal de Compras P\u00fablicas<br \/>\nB) Estructura del TCP<br \/>\nC) Exclusividad de competencia del TCP<\/p>\n<p style=\"font-weight: 400;\">18.3. Conflictos de competencia suscitados con la Contralor\u00eda General de la Rep\u00fablica<\/p>\n<p style=\"font-weight: 400;\">18.4. Impacto de la entrada en vigencia de la Ley 21.634<br \/>\nA) Modificaciones introducidas por la Ley 21.634 referentes a la competencia del TCP y competencia de los tribunales ordinarios de justicia. 355<br \/>\nB) Sobre la nueva acci\u00f3n de nulidad<br \/>\nc) En cuanto a la Estructura del TCP<\/p>\n<p style=\"font-weight: 400;\">18.5. Proyecci\u00f3n del impacto de las modificaciones en el ecosistema del Control de las compras p\u00fablicas<br \/>\nA) Transformaci\u00f3n del TCP<br \/>\nB) Robustecimiento de Chilecompras y nuevas reclamaciones con la intervenci\u00f3n del Ministerio P\u00fablico, la Fiscal\u00eda Nacional Econ\u00f3mica y la Contralor\u00eda General de la Rep\u00fablica<\/p>\n<p style=\"font-weight: 400;\">18.6. Consideraciones finales<\/p>\n<ol start=\"19\">\n<li style=\"font-weight: 400;\"><b><strong> Reforma a la ley de compras p\u00fablicas e impacto a la noci\u00f3n de contrato administrativo. Implicancias de la incorporaci\u00f3n de sujetos de derecho privado como entidades contratantes<\/strong><\/b><br \/>\nKaren Asenjo Asenjo<\/li>\n<\/ol>\n<p style=\"font-weight: 400;\">19.1. Planteamiento del problema<\/p>\n<p style=\"font-weight: 400;\">19.2. El concepto de contrato administrativo<br \/>\nA) Impacto de las modificaciones introducidas por la Ley N\u00ba 21.634 a la Ley de Compras P\u00fablicas en el concepto de contrato administrativo<\/p>\n<p style=\"font-weight: 400;\">19.3. Ejercicio de potestades p\u00fablicas por entidades de derecho privado<br \/>\nA) Desaf\u00edos que plantea el ejercicio de potestades por parte de las entidades de derecho privado<br \/>\nB) An\u00e1lisis particular de las potestades que pueden ejercer los sujetos de derecho privado en el \u00e1mbito de la ejecuci\u00f3n contractual<br \/>\na. En el \u00e1mbito de las modificaciones contractuales y\/o ejercicio de la potestas variandi<br \/>\nb. En el \u00e1mbito de la resoluci\u00f3n anticipada del contrato<\/p>\n<p style=\"font-weight: 400;\">19.4. Reflexiones finales<\/p>\n<ol start=\"20\">\n<li style=\"font-weight: 400;\"><b><strong> Notas sobre la evoluci\u00f3n hist\u00f3rica de la sustentabilidad en las compras p\u00fablicas en Chile<\/strong><\/b><br \/>\nCamila Castro Fuentes &#8211; Ximena Lazo Vitoria &#8211; Iv\u00e1n Obando Camino<\/li>\n<\/ol>\n<p style=\"font-weight: 400;\">20.1. Introducci\u00f3n<br \/>\n20.2. Antecedentes sobre la recepci\u00f3n de la sustentabilidad en las compras p\u00fablicas a nivel internacional<br \/>\n20.3. Antecedentes sobre la sustentabilidad de las compras p\u00fablicas a nivel nacional<br \/>\n20.4. A modo de conclusi\u00f3n<\/p>\n<ol start=\"21\">\n<li style=\"font-weight: 400;\"><b><strong> Evoluci\u00f3n del elemento teleol\u00f3gico de la publicaci\u00f3n de las aguas en Chile<\/strong><\/b><br \/>\nTatiana Celume Byrne<\/li>\n<\/ol>\n<p style=\"font-weight: 400;\">21.1. Introducci\u00f3n<br \/>\n21.2. La demanialidad de las aguas en el ordenamiento jur\u00eddico chileno<br \/>\n21.3. La reforma al c\u00f3digo de aguas<br \/>\n21.4. Conclusiones<\/p>\n<ol start=\"22\">\n<li style=\"font-weight: 400;\"><b><strong> Efectos y consecuencias jur\u00eddicas derivadas del origen del principio de probidad como un deber moral de los funcionarios p\u00fablicos<\/strong><\/b><br \/>\nGonzalo Guerrero Valle &#8211; H\u00e9ctor Parra Rojas<\/li>\n<\/ol>\n<p style=\"font-weight: 400;\">22.1. Introducci\u00f3n<br \/>\n22.2. Origen del uso de la probidad en el derecho administrativo chileno<br \/>\n22.3. La probidad y el Estatuto Administrativo de 1960<br \/>\n22.4. Los efectos derivados de interpretar a la probidad como un deber moral abstracto<br \/>\n22.5. El principio de probidad y el derecho administrativo disciplinario<\/p>\n<ol start=\"23\">\n<li style=\"font-weight: 400;\"><b><strong> Laboralizaci\u00f3n del empleo p\u00fablico y protecci\u00f3n de la confianza leg\u00edtima: desaf\u00edos actuales frente a una jurisprudencia regulatoria y la desidia legislativa<\/strong><\/b><br \/>\nPaulina Pastene Navarrete<\/li>\n<\/ol>\n<p style=\"font-weight: 400;\">23.1. Introducci\u00f3n<\/p>\n<p style=\"font-weight: 400;\">23.2. La crisis del modelo constitucional de empleo p\u00fablico<\/p>\n<p style=\"font-weight: 400;\">23.3. Los hitos que cambiaron la jurisprudencia administrativa y jurisdiccional\u00a0como consecuencia de la precarizaci\u00f3n del empleo p\u00fablico<br \/>\nA) Primera etapa (hasta el a\u00f1o 2014): El desconocimiento del C\u00f3digo del Trabajo como normativa aplicable al empleo p\u00fablico<br \/>\nB) Segunda etapa (a partir de 2014): La discutida aplicaci\u00f3n del procedimiento de tutela de derechos fundamentales a los funcionarios p\u00fablicos y el zigzagueante reconocimiento de los honorarios como \u201ctrabajadores p\u00fablicos\u201d<br \/>\nC) Tercera etapa (a partir del a\u00f1o 2016): El surgimiento de la doctrina de la protecci\u00f3n de la confianza leg\u00edtima a trav\u00e9s de la potestad dictaminante de la Contralor\u00eda General de la Rep\u00fablica<br \/>\nD) Cuarta etapa (2020): Intervenci\u00f3n del legislador para poner fin a las interpretaciones contradictorias sobre procedencia del procedimiento de tutela laboral a los funcionarios p\u00fablicos<br \/>\nE) Quinta etapa (2018-2022): Consolidaci\u00f3n de la protecci\u00f3n de la confianza leg\u00edtima en la jurisprudencia de la Contralor\u00eda General de la Rep\u00fablica y la Corte Suprema<br \/>\nF) Sexta etapa (2022): Limitaci\u00f3n de la contrataci\u00f3n a honorarios a trav\u00e9s de los dict\u00e1menes de la Contralor\u00eda General de la Rep\u00fablica N\u00ba E173171, N\u00ba E189794 y N\u00ba E202200, todos del a\u00f1o 2022<br \/>\nG) S\u00e9ptima etapa (a partir de 2023): La Corte Suprema eleva a cinco a\u00f1os el plazo para entender configurada la protecci\u00f3n de la confianza leg\u00edtima<br \/>\nH) Octava etapa (2024): El golpe de tim\u00f3n de la Contralor\u00eda General de la Rep\u00fablica y la protecci\u00f3n de la confianza leg\u00edtima como un asunto que ha devenido en litigioso<\/p>\n<p style=\"font-weight: 400;\">23.4. Conclusiones y desaf\u00edos actuales<\/p>\n<ol start=\"24\">\n<li style=\"font-weight: 400;\"><b><strong> La nulidad de derecho p\u00fablico en el derecho chileno, una tradici\u00f3n bicentenaria<\/strong><\/b><br \/>\nEduardo Soto Kloss<\/li>\n<\/ol>\n<p style=\"font-weight: 400;\">24.1. La nulidad de derecho p\u00fablico, \u201cpiedra angular\u201d del Estado de derecho en Chile<br \/>\n24.2. Un retorno a la tradici\u00f3n cl\u00e1sica, romana y castellano-indiana<br \/>\n24.3. Una confirmaci\u00f3n hist\u00f3rica actual<\/p>\n<ol start=\"25\">\n<li style=\"font-weight: 400;\"><b><strong> El conflicto de competencia suscitado entre el Supremo Gobierno y el Tribunal de Cuentas (1897): el papel del Consejo de Estado Chileno en la elusi\u00f3n de una eventual responsabilidad administrativa del ministro Barros Borgo\u00f1o<\/strong><\/b><br \/>\nJaviera Sfeir L\u00f6bel<\/li>\n<\/ol>\n<p style=\"font-weight: 400;\">25.1. Introducci\u00f3n<br \/>\nA) Antecedentes y normativa aplicable a la contienda de competencia sometida a la deliberaci\u00f3n del Consejo de Estado<br \/>\na. Cuestiones previas de la contienda conocida por el Consejo de Estado: alegaciones de las partes y fijaci\u00f3n del objeto del juicio de competencia<br \/>\nb. Principales normas constitucionales y legales por considerar para la resoluci\u00f3n del conflicto conocido por el Consejo de Estado<br \/>\nB) An\u00e1lisis de lo resuelto por el Consejo de Estado<br \/>\na. Voto de mayor\u00eda<br \/>\nb. Prevenci\u00f3n del consejero Eulogio Altamirano Aracena<br \/>\nc. Voto de minor\u00eda del consejero Pedro Montt Montt<\/p>\n<p style=\"font-weight: 400;\">25.2 Conclusiones<\/p>\n<ol start=\"26\">\n<li style=\"font-weight: 400;\"><b><strong> Los antecedentes de la justicia administrativa en el derecho chileno en el siglo XIX<\/strong><\/b><br \/>\nJuan Carlos Ferrada B\u00f3rquez<\/li>\n<\/ol>\n<p style=\"font-weight: 400;\">26.1. Planteamiento general<br \/>\n26.2. Los or\u00edgenes de la justicia administrativa<br \/>\n26.3. El modelo de justicia administrativa bajo la Constituci\u00f3n de 1833<br \/>\n26.4. Las competencias del Consejo de Estado como tribunal contencioso-administrativo<br \/>\n26.5. Las competencias de los tribunales ordinarios en materia contencioso-administrativa<br \/>\n26.2. Conclusiones<\/p>\n<ol start=\"27\">\n<li style=\"font-weight: 400;\"><b><strong> Un laboratorio para el derecho administrativo: los or\u00edgenes y continuidades del comisariato general de subsistencias y precios<\/strong><\/b><br \/>\nVicente Bustos S\u00e1nchez &#8211; Sebasti\u00e1n Winter Del Bosco<\/li>\n<\/ol>\n<p style=\"font-weight: 400;\">27.1. Proleg\u00f3menos sobre la historia del derecho administrativo durante el siglo XX en Chile<\/p>\n<p style=\"font-weight: 400;\">27.2. El Comisariato General de Subsistencias y Precios: Or\u00edgenes, potestades y tensiones en el ejercicio de estas<br \/>\nA) Marco general y breve periodificaci\u00f3n del Comisariato General de Subsistencias y Precios y sus transformaciones institucionales<br \/>\nB) Or\u00edgenes del Comisariato General de Subsistencia y Precios<br \/>\nC) Sobre las potestades del Comisariato<br \/>\nD) Balance general<\/p>\n<p style=\"font-weight: 400;\">27.3. \u00bfQu\u00e9 queda del Comisariato? Rastreando sus huellas al presente<\/p>\n<p style=\"font-weight: 400;\">27.4. Conclusiones<\/p>\n<ol start=\"28\">\n<li style=\"font-weight: 400;\"><b><strong> La Contralor\u00eda General de la Rep\u00fablica y la evoluci\u00f3n del control sobre los \u00f3rganos de la administraci\u00f3n invisible del Estado<\/strong><\/b><br \/>\nMat\u00edas Villarroel Flores<\/li>\n<\/ol>\n<p style=\"font-weight: 400;\">28.1. Introducci\u00f3n: El ejercicio de funciones p\u00fablicas por parte de sujetos de derecho privado<\/p>\n<p style=\"font-weight: 400;\">28.2. La Contralor\u00eda General de la Rep\u00fablica y el control de los \u00f3rganos de la administraci\u00f3n invisible<\/p>\n<p style=\"font-weight: 400;\">28.3. Evoluci\u00f3n del control de la Contralor\u00eda sobre los \u00f3rganos de la administraci\u00f3n invisible<br \/>\nA) Primera etapa: Correcto uso y destino de los recursos p\u00fablicos recibidos (1927-2010)<br \/>\nB) Segunda etapa: Apego de sus funciones a ciertas normas y principios de derecho p\u00fablico (2010-2020)<br \/>\nC) Tercera etapa: Derecho com\u00fan administrativo como marco normativo del ejercicio de sus funciones (2020-actualidad)<\/p>\n<p style=\"font-weight: 400;\">28.4. Fundamento, extensi\u00f3n y l\u00edmite del control de los \u00f3rganos de la administraci\u00f3n invisible<br \/>\nA) Fundamento de la intensificaci\u00f3n del control sobre los \u00f3rganos de la administraci\u00f3n invisible<br \/>\nB) Extensi\u00f3n y l\u00edmites de la fiscalizaci\u00f3n de la Contralor\u00eda sobre los \u00f3rganos de la administraci\u00f3n invisible<\/p>\n<p style=\"font-weight: 400;\">28.5. Conclusiones<\/p>\n<ol start=\"29\">\n<li style=\"font-weight: 400;\"><b><strong> Continuidad y cambio de las superintendencias en Chile<br \/>\n<\/strong><\/b>Camilo Lled\u00f3 Veloso<\/li>\n<\/ol>\n<p style=\"font-weight: 400;\">29.1. Introducci\u00f3n<br \/>\n29.2. Historia de las superintendencias en Chile<br \/>\n29.3. An\u00e1lisis de las caracter\u00edsticas de las superintendencias<br \/>\n29.4. Cuestionamientos al modelo de las superintendencias<br \/>\n29.5. La creaci\u00f3n de la CMF, \u00bfun nuevo modelo?<br \/>\n29.6. An\u00e1lisis de la aplicaci\u00f3n del modelo de agencias independientes a Chile<br \/>\n29.7. Conclusiones<\/p>\n<ol start=\"30\">\n<li style=\"font-weight: 400;\"><b><strong> La Universidad de Chile como Superintendencia de Educaci\u00f3n bajo la Constituci\u00f3n de 1833<\/strong><\/b><br \/>\nTom\u00e1s Valenzuela Za\u00f1artu<\/li>\n<\/ol>\n<p style=\"font-weight: 400;\">30.1. Introducci\u00f3n: Origen de la Universidad de Chile<\/p>\n<p style=\"font-weight: 400;\">30.2. Funciones de la Universidad de Chile, en particular como superintendencia<br \/>\nA) La organizaci\u00f3n de la Universidad de Chile<br \/>\nB) El Consejo de la Universidad de Chile<br \/>\nC) Los visitadores de escuela<\/p>\n<p style=\"font-weight: 400;\">30.3. Modificaciones posteriores<br \/>\nA) La Ley General de Instrucci\u00f3n Primaria de 1860<br \/>\nB) La Ley de Instrucci\u00f3n Secundaria y Superior de 1879<br \/>\nC) La Ley de Instrucci\u00f3n Primaria Obligatoria de 1920<\/p>\n<p style=\"font-weight: 400;\">30.4. Conclusi\u00f3n<\/p>\n","protected":false},"excerpt":{"rendered":"<p>Autores: Jos\u00e9 Luis Lara Arroyo &#8211; Carolina Helfmann Martini * Octubre a\u00f1o 2025 * 628 P\u00e1ginas<\/p>\n<p>Buscas un libro Jur\u00eddico.? Lo puedes encontrar en nuestra tienda virtual.<br \/>\nContamos con prestigiosos autores y muchas alternativas en sus diferentes materias al igual que grandes descuentos.! Vis\u00edtanos en <a class=\"kEHrYFfkQrKZbZEgAwHDlVXbphQcpizHXBM \" tabindex=\"0\" href=\"https:\/\/lnkd.in\/eiAG7jdZ\" target=\"_blank\" rel=\"noopener\" data-test-app-aware-link=\"\">https:\/\/lnkd.in\/eiAG7jdZ<\/a><br \/>\nEscr\u00edbenos al +56930565235 \/ <a class=\"kEHrYFfkQrKZbZEgAwHDlVXbphQcpizHXBM \" tabindex=\"0\" href=\"mailto:ventaslegallexglobal@gmail.com\" target=\"_self\" data-test-app-aware-link=\"\">ventaslegallexglobal@gmail.com<\/a><br \/>\nHacemos env\u00edos a todo Chile \u2013 Starken o Correos Chile \/ Te esperamos.<\/p>\n","protected":false},"featured_media":2619,"comment_status":"open","ping_status":"closed","template":"","meta":{"inline_featured_image":false,"_joinchat":[]},"product_brand":[],"product_cat":[45,26],"product_tag":[],"class_list":{"0":"post-2589","1":"product","2":"type-product","3":"status-publish","4":"has-post-thumbnail","6":"product_cat-administrativo","7":"product_cat-derecho","9":"first","10":"instock","11":"shipping-taxable","12":"purchasable","13":"product-type-simple"},"_links":{"self":[{"href":"https:\/\/bibliotecajuridicavirtual.cl\/index.php\/wp-json\/wp\/v2\/product\/2589","targetHints":{"allow":["GET"]}}],"collection":[{"href":"https:\/\/bibliotecajuridicavirtual.cl\/index.php\/wp-json\/wp\/v2\/product"}],"about":[{"href":"https:\/\/bibliotecajuridicavirtual.cl\/index.php\/wp-json\/wp\/v2\/types\/product"}],"replies":[{"embeddable":true,"href":"https:\/\/bibliotecajuridicavirtual.cl\/index.php\/wp-json\/wp\/v2\/comments?post=2589"}],"wp:featuredmedia":[{"embeddable":true,"href":"https:\/\/bibliotecajuridicavirtual.cl\/index.php\/wp-json\/wp\/v2\/media\/2619"}],"wp:attachment":[{"href":"https:\/\/bibliotecajuridicavirtual.cl\/index.php\/wp-json\/wp\/v2\/media?parent=2589"}],"wp:term":[{"taxonomy":"product_brand","embeddable":true,"href":"https:\/\/bibliotecajuridicavirtual.cl\/index.php\/wp-json\/wp\/v2\/product_brand?post=2589"},{"taxonomy":"product_cat","embeddable":true,"href":"https:\/\/bibliotecajuridicavirtual.cl\/index.php\/wp-json\/wp\/v2\/product_cat?post=2589"},{"taxonomy":"product_tag","embeddable":true,"href":"https:\/\/bibliotecajuridicavirtual.cl\/index.php\/wp-json\/wp\/v2\/product_tag?post=2589"}],"curies":[{"name":"wp","href":"https:\/\/api.w.org\/{rel}","templated":true}]}}