{"id":2604,"date":"2026-02-28T01:02:39","date_gmt":"2026-02-28T04:02:39","guid":{"rendered":"https:\/\/bibliotecajuridicavirtual.cl\/?post_type=product&#038;p=2604"},"modified":"2026-02-28T01:02:50","modified_gmt":"2026-02-28T04:02:50","slug":"proporcionalidad-los-derechos-fundamentales-y-sus-restricciones-aharon-barak-lituania-ano-2021-680-pag","status":"publish","type":"product","link":"https:\/\/bibliotecajuridicavirtual.cl\/index.php\/product\/proporcionalidad-los-derechos-fundamentales-y-sus-restricciones-aharon-barak-lituania-ano-2021-680-pag\/","title":{"rendered":"Proporcionalidad: Los Derechos Fundamentales y sus Restricciones * Aharon Barak (Lituania), A\u00f1o 2021 &#8211; 680 P\u00e1g."},"content":{"rendered":"<h2>Descripci\u00f3n del producto<\/h2>\n<p>\u00abEl libro de Aharon Barak,\u00a0<em>Proporcionalidad. Los derechos fundamentales y sus restricciones<\/em>, es \u00fanico y genial. Es \u00fanico, porque \u00e9l compenetra un conocimiento pr\u00e1ctico y real con un an\u00e1lisis cient\u00edfico profundo y sofisticado. Es genial, porque logra dicha compenetraci\u00f3n en el nivel m\u00e1s elevado. En resumen: se trata de una obra fundamental, una obra necesaria para todos aquellos interesados en el an\u00e1lisis de la proporcionalidad.\u00bb<br \/>\nRobert Alexy, Facultad de Derecho, Universidad de Christian Albrecht de Kiel (Alemania)<\/p>\n<p>\u00abEn las \u00faltimas d\u00e9cadas, el desarrollo m\u00e1s significativo en la teor\u00eda del derecho constitucional ha sido la sistematizaci\u00f3n de la proporcionalidad. El espl\u00e9ndido tratado de Aharon Barak es una contribuci\u00f3n importante a este desarrollo y la aparici\u00f3n del libro en castellano debe ser recibida con mucho entusiasmo\u00bb.<br \/>\nStanley L. Paulson, Facultad de Derecho, Washington University en St. Louis (USA).<\/p>\n<p>\u00abEl libro de Aharon Barak contiene el estudio m\u00e1s ambicioso, anclado en un soberbio conocimiento del derecho comparado, de la proporcionalidad como mecanismo ponderativo de aplicaci\u00f3n de los derechos constitucionales.\u00bb<\/p>\n<p>J.J. Moreso, catedr\u00e1tico de Filosof\u00eda del Derecho. Barcelona (Espa\u00f1a).<\/p>\n","protected":false},"excerpt":{"rendered":"<p>1\u00b0 Reimpresi\u00f3n. \/ RESERVAS<\/p>\n<p>Buscas un libro Jur\u00eddico.? Lo puedes encontrar en nuestra tienda virtual.<br \/>\nContamos con prestigiosos autores y muchas alternativas en sus diferentes materias al igual que grandes descuentos.! Vis\u00edtanos en <a class=\"uzjjmrpxQeFebnMdUxptiDBQagtayOyxaRvLs \" tabindex=\"0\" href=\"https:\/\/lnkd.in\/eiAG7jdZ\" target=\"_self\" data-test-app-aware-link=\"\">https:\/\/lnkd.in\/eiAG7jdZ<\/a><br \/>\nEscr\u00edbenos al +56930565235 \/ <a class=\"uzjjmrpxQeFebnMdUxptiDBQagtayOyxaRvLs \" tabindex=\"0\" href=\"mailto:ventaslegallexglobal@gmail.com\" target=\"_self\" data-test-app-aware-link=\"\">ventaslegallexglobal@gmail.com<\/a><br \/>\nHacemos env\u00edos a todo Chile \u2013 Starken o Correos Chile \/ Te esperamos.<\/p>\n","protected":false},"featured_media":1649,"comment_status":"open","ping_status":"closed","template":"","meta":{"inline_featured_image":false,"_joinchat":[]},"product_brand":[],"product_cat":[33,26,30,34],"product_tag":[],"class_list":{"0":"post-2604","1":"product","2":"type-product","3":"status-publish","4":"has-post-thumbnail","6":"product_cat-constitucional","7":"product_cat-derecho","8":"product_cat-penal","9":"product_cat-procesal-penal","11":"first","12":"instock","13":"shipping-taxable","14":"purchasable","15":"product-type-simple"},"_links":{"self":[{"href":"https:\/\/bibliotecajuridicavirtual.cl\/index.php\/wp-json\/wp\/v2\/product\/2604","targetHints":{"allow":["GET"]}}],"collection":[{"href":"https:\/\/bibliotecajuridicavirtual.cl\/index.php\/wp-json\/wp\/v2\/product"}],"about":[{"href":"https:\/\/bibliotecajuridicavirtual.cl\/index.php\/wp-json\/wp\/v2\/types\/product"}],"replies":[{"embeddable":true,"href":"https:\/\/bibliotecajuridicavirtual.cl\/index.php\/wp-json\/wp\/v2\/comments?post=2604"}],"wp:featuredmedia":[{"embeddable":true,"href":"https:\/\/bibliotecajuridicavirtual.cl\/index.php\/wp-json\/wp\/v2\/media\/1649"}],"wp:attachment":[{"href":"https:\/\/bibliotecajuridicavirtual.cl\/index.php\/wp-json\/wp\/v2\/media?parent=2604"}],"wp:term":[{"taxonomy":"product_brand","embeddable":true,"href":"https:\/\/bibliotecajuridicavirtual.cl\/index.php\/wp-json\/wp\/v2\/product_brand?post=2604"},{"taxonomy":"product_cat","embeddable":true,"href":"https:\/\/bibliotecajuridicavirtual.cl\/index.php\/wp-json\/wp\/v2\/product_cat?post=2604"},{"taxonomy":"product_tag","embeddable":true,"href":"https:\/\/bibliotecajuridicavirtual.cl\/index.php\/wp-json\/wp\/v2\/product_tag?post=2604"}],"curies":[{"name":"wp","href":"https:\/\/api.w.org\/{rel}","templated":true}]}}