{"id":3124,"date":"2026-02-28T01:09:30","date_gmt":"2026-02-28T04:09:30","guid":{"rendered":"https:\/\/bibliotecajuridicavirtual.cl\/?post_type=product&#038;p=3124"},"modified":"2026-02-28T01:09:56","modified_gmt":"2026-02-28T04:09:56","slug":"personas-adolescentes-privadas-de-libertad-en-iberoamerica-ano-noviembre-2023-580-pag-autor-alvaro-castro-morales-sofia-m-cobo-tellez-miguel-cillero-brunol","status":"publish","type":"product","link":"https:\/\/bibliotecajuridicavirtual.cl\/index.php\/product\/personas-adolescentes-privadas-de-libertad-en-iberoamerica-ano-noviembre-2023-580-pag-autor-alvaro-castro-morales-sofia-m-cobo-tellez-miguel-cillero-brunol\/","title":{"rendered":"Personas Adolescentes Privadas de Libertad en Iberoam\u00e9rica. A\u00f1o Noviembre 2023\/580 P\u00e1g. Autor  \u00c1lvaro Castro Morales Sof\u00eda M. Cobo T\u00e9llez Miguel Cillero Bru\u00f1ol"},"content":{"rendered":"<p>El presente libro es el resultado del trabajo de investigaci\u00f3n del Grupo de Estudios Iberoamericano en Justicia Juvenil del Centro Iberoamericano de los Derechos del Ni\u00f1o (CIDENI) y tiene como principal objetivo animar un debate jur\u00eddico y, en caso necesario, procesos de reforma legal, desarrollo jurisprudencial y elaboraci\u00f3n de pol\u00edtica p\u00fablica especializada en los pa\u00edses de la regi\u00f3n, a partir de un estudio de la sanci\u00f3n penal privativa de la libertad para personas adolescentes en ocho pa\u00edses de la regi\u00f3n (Brasil, Chile, Colombia, Costa Rica, Espa\u00f1a, Guatemala, Per\u00fa y M\u00e9xico). Se examina en este estudio s\u00ed los diferentes Estados han logrado ejecutar sanciones privativas de libertad que consideren las circunstancias del adolescente, de una forma consistente con los est\u00e1ndares internacionales en la materia.<br \/>\nSe encuentra dividido en tres secciones que parten de la justificaci\u00f3n del proyecto y el an\u00e1lisis dogm\u00e1tico de los Est\u00e1ndares Internacionales en materia de las personas adolescentes privadas de la libertad; posteriormente los Informes Nacionales que examinan la normativa, est\u00e1ndares jurisprudenciales y condiciones pr\u00e1cticas en que se ejecuta el encierro en los diferentes pa\u00edses, para finalmente incluir un estudio de derecho comparado y una serie de recomendaciones, especialmente dirigidas a las y los operadores de los sistemas especializados en justicia juvenil (principalmente las autoridades administrativas especializadas en ejecuci\u00f3n de sanciones privativas de la libertad) a fin de aportar elementos para construir y cumplir el mandado contenido en el art\u00edculo 37 inciso c) de la Convenci\u00f3n Internacional de los Derechos del Ni\u00f1o: &#8220;que todo ni\u00f1o (sic) privado de la libertad sea tratado con la humanidad y el respeto que merece la dignidad inherente a la persona humana y que se tengan en cuenta las necesidades de las personas de su edad&#8221;.<\/p>\n<p>&nbsp;<\/p>\n<p>\u00cdndice<br \/>\nPr\u00f3logo\u00a0\u00a0 \u00a0\u00a0\u00a0 \u00a09<br \/>\nJan Jarab<br \/>\nPrimera secci\u00f3n<br \/>\nJustificaci\u00f3n del Proyecto y Est\u00e1ndares Internacionales en materia de las y los adolescentes privados de libertad\u00a0\u00a0 \u00a0\u00a0\u00a0 \u00a015<br \/>\n\u00c1lvaro Castro Morales<br \/>\nSegunda Secci\u00f3n<br \/>\nInforme nacional de Brasil\u00a0\u00a0 \u00a0\u00a0\u00a0 \u00a041<br \/>\nAna Paula Motta Costa<br \/>\nBruno Jacoby de Lamare<br \/>\nVict\u00f3ria Hoff da Cunha<br \/>\nInforme nacional de Colombia\u00a0\u00a0 \u00a0\u00a0\u00a0 \u00a085<br \/>\nGeovana Andrea Vallejo Jim\u00e9nez<br \/>\nAna Isabel Tamayo Palacio<br \/>\nInforme nacional de Costa Rica\u00a0\u00a0 \u00a0\u00a0\u00a0 \u00a0165<br \/>\nCarlos Tiffer Sotomayor<br \/>\nInforme nacional de Chile\u00a0\u00a0 \u00a0\u00a0\u00a0 \u00a0223<br \/>\n\u00c1lvaro Castro Morales<br \/>\nInforme nacional de Espa\u00f1a I\u00a0\u00a0 \u00a0\u00a0\u00a0 \u00a0279<br \/>\nM\u00aa Concepci\u00f3n Molina Bl\u00e1zquez<br \/>\nInforme nacional de Espa\u00f1a II\u00a0\u00a0 \u00a0\u00a0\u00a0 \u00a0325<br \/>\nIgnacio Valent\u00edn Mayoral Narros<br \/>\nInforme nacional de Espa\u00f1a III\u00a0\u00a0 \u00a0\u00a0\u00a0 \u00a0353<br \/>\nM\u00aa Concepci\u00f3n Molina Bl\u00e1zquez<br \/>\nInforme nacional de Espa\u00f1a IV\u00a0\u00a0 \u00a0\u00a0\u00a0 \u00a0369<br \/>\nM\u00aa Concepci\u00f3n Molina Bl\u00e1zquez<br \/>\nIgnacio Valent\u00edn Mayoral Narros<\/p>\n<p>Informe Nacional de Guatemala\u00a0\u00a0 \u00a0\u00a0\u00a0 \u00a0375<br \/>\nFredy Robledo<br \/>\nJusto Sol\u00f3rzano<br \/>\nInforme Nacional de Per\u00fa\u00a0\u00a0 \u00a0\u00a0\u00a0 \u00a0423<br \/>\nH\u00e9ctor Fidel Rojas Rodr\u00edguez<br \/>\nInforme Nacional de M\u00e9xico\u00a0\u00a0 \u00a0\u00a0\u00a0 \u00a0465<br \/>\nSof\u00eda M. Cobo T\u00e9llez<br \/>\nLuis Alberto Cruz C\u00e1rdenas<br \/>\nTercera Secci\u00f3n<br \/>\nAn\u00e1lisis comparado: personas adolescentes privadas de la libertad en Iberoam\u00e9rica en la normativa y est\u00e1ndares jurisprudenciales\u00a0\u00a0 \u00a0\u00a0\u00a0 \u00a0533<br \/>\n\u00c1lvaro Castro Morales<br \/>\nAn\u00e1lisis comparado: personas adolescentes privadas de la libertad en iberoam\u00e9rica en la pr\u00e1ctica\u00a0\u00a0 \u00a0\u00a0\u00a0 \u00a0549<br \/>\nSof\u00eda M. Cobo T\u00e9llez<br \/>\nRecomendaciones\u00a0\u00a0 \u00a0\u00a0\u00a0 \u00a0569<br \/>\nMiguel Cillero<br \/>\nSof\u00eda Cobo T\u00e9llez<br \/>\n\u00c1lvaro Castro Morales<\/p>\n","protected":false},"excerpt":{"rendered":"<p>El presente libro es el resultado del trabajo de investigaci\u00f3n del Grupo de Estudios Iberoamericano en Justicia Juvenil del Centro Iberoamericano de los Derechos del Ni\u00f1o (CIDENI) y tiene como principal objetivo animar un debate jur\u00eddico y, en caso necesario, procesos de reforma legal, desarrollo jurisprudencial y elaboraci\u00f3n de pol\u00edtica p\u00fablica especializada en los pa\u00edses de la regi\u00f3n, a partir de un estudio de la sanci\u00f3n penal privativa de la libertad para personas adolescentes en ocho pa\u00edses de la regi\u00f3n (Brasil, Chile, Colombia, Costa Rica, Espa\u00f1a, Guatemala, Per\u00fa y M\u00e9xico). Se examina en este estudio s\u00ed los diferentes Estados han logrado ejecutar sanciones privativas de libertad que consideren las circunstancias del adolescente, de una forma consistente con los est\u00e1ndares internacionales en la materia. Se encuentra dividido en tres secciones que parten de la justificaci\u00f3n del proyecto y el an\u00e1lisis dogm\u00e1tico de los Est\u00e1ndares Internacionales en materia de las personas adolescentes privadas de la libertad; posteriormente los Informes Nacionales que examinan la normativa, est\u00e1ndares jurisprudenciales y condiciones pr\u00e1cticas en que se ejecuta el encierro en los diferentes pa\u00edses, para finalmente incluir un estudio de derecho comparado y una serie de recomendaciones, especialmente dirigidas a las y los operadores de los sistemas especializados en justicia juvenil (principalmente las autoridades administrativas especializadas en ejecuci\u00f3n de sanciones privativas de la libertad) a fin de aportar elementos para construir y cumplir el mandado contenido en el art\u00edculo 37 inciso c) de la Convenci\u00f3n Internacional de los Derechos del Ni\u00f1o: &#8220;que todo ni\u00f1o (sic) privado de la libertad sea tratado con la humanidad y el respeto que merece la dignidad inherente a la persona humana y que se tengan en cuenta las necesidades de las personas de su edad&#8221;. &nbsp; \u00cdndice Pr\u00f3logo\u00a0\u00a0 \u00a0\u00a0\u00a0 \u00a09 Jan Jarab Primera secci\u00f3n Justificaci\u00f3n del Proyecto y Est\u00e1ndares Internacionales en materia de las y los adolescentes privados de libertad\u00a0\u00a0 \u00a0\u00a0\u00a0 \u00a015 \u00c1lvaro Castro Morales Segunda Secci\u00f3n Informe nacional de Brasil\u00a0\u00a0 \u00a0\u00a0\u00a0 \u00a041 Ana Paula Motta Costa Bruno Jacoby de Lamare Vict\u00f3ria Hoff da Cunha Informe nacional de Colombia\u00a0\u00a0 \u00a0\u00a0\u00a0 \u00a085 Geovana Andrea Vallejo Jim\u00e9nez Ana Isabel Tamayo Palacio Informe nacional de Costa Rica\u00a0\u00a0 \u00a0\u00a0\u00a0 \u00a0165 Carlos Tiffer Sotomayor Informe nacional de Chile\u00a0\u00a0 \u00a0\u00a0\u00a0 \u00a0223 \u00c1lvaro Castro Morales Informe nacional de Espa\u00f1a I\u00a0\u00a0 \u00a0\u00a0\u00a0 \u00a0279 M\u00aa Concepci\u00f3n Molina Bl\u00e1zquez Informe nacional de Espa\u00f1a II\u00a0\u00a0 \u00a0\u00a0\u00a0 \u00a0325 Ignacio Valent\u00edn Mayoral Narros Informe nacional de Espa\u00f1a III\u00a0\u00a0 \u00a0\u00a0\u00a0 \u00a0353 M\u00aa Concepci\u00f3n Molina Bl\u00e1zquez Informe nacional de Espa\u00f1a IV\u00a0\u00a0 \u00a0\u00a0\u00a0 \u00a0369 M\u00aa Concepci\u00f3n Molina Bl\u00e1zquez Ignacio Valent\u00edn Mayoral Narros Informe Nacional de Guatemala\u00a0\u00a0 \u00a0\u00a0\u00a0 \u00a0375 Fredy Robledo Justo Sol\u00f3rzano Informe Nacional de Per\u00fa\u00a0\u00a0 \u00a0\u00a0\u00a0 \u00a0423 H\u00e9ctor Fidel Rojas Rodr\u00edguez Informe Nacional de M\u00e9xico\u00a0\u00a0 \u00a0\u00a0\u00a0 \u00a0465 Sof\u00eda M. Cobo T\u00e9llez Luis Alberto Cruz C\u00e1rdenas Tercera Secci\u00f3n An\u00e1lisis comparado: personas adolescentes privadas de la libertad en Iberoam\u00e9rica en la normativa y est\u00e1ndares jurisprudenciales\u00a0\u00a0 \u00a0\u00a0\u00a0 \u00a0533 \u00c1lvaro Castro Morales An\u00e1lisis comparado: personas adolescentes privadas de la libertad en iberoam\u00e9rica en la pr\u00e1ctica\u00a0\u00a0 \u00a0\u00a0\u00a0 \u00a0549 Sof\u00eda M. Cobo T\u00e9llez Recomendaciones\u00a0\u00a0 \u00a0\u00a0\u00a0 \u00a0569 Miguel Cillero Sof\u00eda Cobo T\u00e9llez \u00c1lvaro Castro Morales<\/p>\n","protected":false},"featured_media":3168,"comment_status":"open","ping_status":"closed","template":"","meta":{"inline_featured_image":false,"_joinchat":[]},"product_brand":[],"product_cat":[44],"product_tag":[],"class_list":{"0":"post-3124","1":"product","2":"type-product","3":"status-publish","4":"has-post-thumbnail","6":"product_cat-filosofia-del-derecho-y-introduccion","7":"product_shipping_class-a-convenir","9":"first","10":"instock","11":"shipping-taxable","12":"purchasable","13":"product-type-simple"},"_links":{"self":[{"href":"https:\/\/bibliotecajuridicavirtual.cl\/index.php\/wp-json\/wp\/v2\/product\/3124","targetHints":{"allow":["GET"]}}],"collection":[{"href":"https:\/\/bibliotecajuridicavirtual.cl\/index.php\/wp-json\/wp\/v2\/product"}],"about":[{"href":"https:\/\/bibliotecajuridicavirtual.cl\/index.php\/wp-json\/wp\/v2\/types\/product"}],"replies":[{"embeddable":true,"href":"https:\/\/bibliotecajuridicavirtual.cl\/index.php\/wp-json\/wp\/v2\/comments?post=3124"}],"wp:featuredmedia":[{"embeddable":true,"href":"https:\/\/bibliotecajuridicavirtual.cl\/index.php\/wp-json\/wp\/v2\/media\/3168"}],"wp:attachment":[{"href":"https:\/\/bibliotecajuridicavirtual.cl\/index.php\/wp-json\/wp\/v2\/media?parent=3124"}],"wp:term":[{"taxonomy":"product_brand","embeddable":true,"href":"https:\/\/bibliotecajuridicavirtual.cl\/index.php\/wp-json\/wp\/v2\/product_brand?post=3124"},{"taxonomy":"product_cat","embeddable":true,"href":"https:\/\/bibliotecajuridicavirtual.cl\/index.php\/wp-json\/wp\/v2\/product_cat?post=3124"},{"taxonomy":"product_tag","embeddable":true,"href":"https:\/\/bibliotecajuridicavirtual.cl\/index.php\/wp-json\/wp\/v2\/product_tag?post=3124"}],"curies":[{"name":"wp","href":"https:\/\/api.w.org\/{rel}","templated":true}]}}