{"id":3239,"date":"2026-02-28T01:10:57","date_gmt":"2026-02-28T04:10:57","guid":{"rendered":"https:\/\/bibliotecajuridicavirtual.cl\/?post_type=product&#038;p=3239"},"modified":"2026-02-28T01:11:32","modified_gmt":"2026-02-28T04:11:32","slug":"impacto-riesgos-y-oportunidades-del-populismo-en-europa-y-america-latina-1-edicion-ano-2024-264-pag-autor-paulina-astroza-suarez-cristian-bellolio-badiola","status":"publish","type":"product","link":"https:\/\/bibliotecajuridicavirtual.cl\/index.php\/product\/impacto-riesgos-y-oportunidades-del-populismo-en-europa-y-america-latina-1-edicion-ano-2024-264-pag-autor-paulina-astroza-suarez-cristian-bellolio-badiola\/","title":{"rendered":"Impacto, riesgos y oportunidades del populismo en Europa y Am\u00e9rica Latina 1 Edici\u00f3n a\u00f1o 2024 \/ 264 P\u00e1g. Autor Paulina Astroza Suarez &#8211; Cristian Bellolio Badiola"},"content":{"rendered":"<p>\u00bfOtro libro sobre populismo? S\u00ed, pero no cualquier libro. &#8220;Impacto, riesgos y oportunidades del populismo en Europa y Am\u00e9rica Latina&#8221; es un esfuerzo genuinamente multidisciplinario por comprender y comparar uno de los fen\u00f3menos pol\u00edticos que definen nuestro tiempo. En \u00e9l contribuyen polit\u00f3logos, historiadores, abogados, soci\u00f3logos, periodistas, y un n\u00famero importante de expertos en pol\u00edtica exterior y relaciones internacionales, entre otros campos. Es tambi\u00e9n el fruto de un di\u00e1logo acad\u00e9mico transatl\u00e1ntico en el marco de un proyecto Jean Monnet de la Uni\u00f3n Europea, que incluy\u00f3 conferencias en Madrid, Barcelona, Santiago y Concepci\u00f3n. En resumen, una contribuci\u00f3n in\u00e9dita a la discusi\u00f3n intelectual en torno al populismo, que ofrece m\u00faltiples voces desde distintas \u00e1reas de las ciencias sociales, las humanidades y el derecho, que no s\u00f3lo monologan sino que dialogan (y eventualmente discrepan) sobre los efectos, amenazas y eventuales oportunidades del populismo sobre los sistemas pol\u00edticos democr\u00e1ticos contempor\u00e1neos.<\/p>\n<p>\u00cdndice<br \/>\nIntroducci\u00f3n a la obra\u00a0\u00a0 \u00a0\u00a0\u00a0 \u00a011<br \/>\nI. Teor\u00eda \u00a0\u00a0 \u00a0\u00a0\u00a0 \u00a023<br \/>\n1. Populismo: un mapa conceptual\u00a0\u00a0 \u00a0\u00a0\u00a0 \u00a023<br \/>\nCrist\u00f3bal Bellolio<br \/>\nTres enfoques\u00a0\u00a0 \u00a0\u00a0\u00a0 \u00a024<br \/>\nTres evaluaciones\u00a0\u00a0 \u00a0\u00a0\u00a0 \u00a029<br \/>\nTres conceptualizaciones\u00a0\u00a0 \u00a0\u00a0\u00a0 \u00a033<br \/>\n2. El \u201cpopulismo\u201d como categor\u00eda historiogr\u00e1fica\u00a0\u00a0 \u00a0\u00a0\u00a0 \u00a039<br \/>\nFerdinando Treggiari<br \/>\nEl enigma populista\u00a0\u00a0 \u00a0\u00a0\u00a0 \u00a039<br \/>\n\u00bfUna historia de populismo?\u00a0\u00a0 \u00a0\u00a0\u00a0 \u00a040<br \/>\nPueblo y populismo\u00a0\u00a0 \u00a0\u00a0\u00a0 \u00a044<br \/>\n3. \u201cPrepopulismo\u201d en la antig\u00fcedad cl\u00e1sica: ra\u00edces y significados conceptuales\u00a0\u00a0 \u00a0\u00a0\u00a0 \u00a047<br \/>\nAlejandro Bancalari M.<br \/>\nAntecedentes en el mundo griego\u00a0\u00a0 \u00a0\u00a0\u00a0 \u00a048<br \/>\nAntecedentes en el mundo romano\u00a0\u00a0 \u00a0\u00a0\u00a0 \u00a050<br \/>\nContraposici\u00f3n entre populares y optimates: la factio popularis\u00a0\u00a0 \u00a0\u00a0\u00a0 \u00a053<br \/>\nPr\u00e1cticas populistas de los emperadores romanos\u00a0\u00a0 \u00a0\u00a0\u00a0 \u00a055<br \/>\nConsideraciones finales\u00a0\u00a0 \u00a0\u00a0\u00a0 \u00a058<br \/>\nII Temas\u00a0\u00a0 \u00a0\u00a0\u00a0 \u00a061<br \/>\n4. Populismo y Crisis del Estado de Derecho en Europa\u00a0\u00a0 \u00a0\u00a0\u00a0 \u00a061<br \/>\nSusana Sanz-Caballero<br \/>\nPopulismo. Concepto y origen en la Uni\u00f3n Europea\u00a0\u00a0 \u00a0\u00a0\u00a0 \u00a063<br \/>\nCrisis del Estado de Derecho y democracias iliberales en Europa\u00a0\u00a0 \u00a0\u00a0\u00a0 \u00a067<br \/>\nPopulismo y crisis del Estado de Derecho en la Uni\u00f3n Europea\u00a0\u00a0 \u00a0\u00a0\u00a0 \u00a070<br \/>\nConclusiones\u00a0\u00a0 \u00a0\u00a0\u00a0 \u00a074<br \/>\n5. \u00bfEs posible la construcci\u00f3n de instituciones resilientes en los gobiernos populistas?\u00a0\u00a0 \u00a0\u00a0\u00a0 \u00a075<br \/>\nSergio Toro Maureira<br \/>\nLa dif\u00edcil relaci\u00f3n del populismo y las instituciones\u00a0\u00a0 \u00a0\u00a0\u00a0 \u00a076<br \/>\nLos arreglos institucionales perdurables\u00a0\u00a0 \u00a0\u00a0\u00a0 \u00a078<br \/>\nLa construcci\u00f3n institucional populista: tres ejemplos\u00a0\u00a0 \u00a0\u00a0\u00a0 \u00a080<br \/>\nEl populismo desarrollista y la fundaci\u00f3n de Petrobras en Brasil\u00a0\u00a0 \u00a0\u00a0\u00a0 \u00a080<br \/>\nEl neopopulismo argentino y la dif\u00edcil vuelta atr\u00e1s de las reformas econ\u00f3micas.\u00a0\u00a0 \u00a0\u00a0\u00a0 \u00a082<br \/>\nPopulismos de Izquierda y la construcci\u00f3n institucional de Rafael Correa.\u00a0\u00a0 \u00a0\u00a0\u00a0 \u00a084<br \/>\nConclusi\u00f3n: hacia la investigaci\u00f3n de instituciones populistas resilientes\u00a0\u00a0 \u00a0\u00a0\u00a0 \u00a086<br \/>\n6. La demanda por populismo\u00a0\u00a0 \u00a0\u00a0\u00a0 \u00a088<br \/>\nJavier Sajuria<br \/>\n\u00bfPor qu\u00e9 alguien votar\u00eda por un populista?\u00a0\u00a0 \u00a0\u00a0\u00a0 \u00a089<br \/>\n\u00bfQui\u00e9nes votan por partidos populistas?\u00a0\u00a0 \u00a0\u00a0\u00a0 \u00a092<br \/>\nConclusiones\u00a0\u00a0 \u00a0\u00a0\u00a0 \u00a094<br \/>\n7. Continuidad y cambio en la pol\u00edtica exterior de l\u00edderes populistas de derecha\u00a0\u00a0 \u00a0\u00a0\u00a0 \u00a096<br \/>\nLeslie E. Wehner<br \/>\nPopulismo en Pol\u00edtica Exterior\u00a0\u00a0 \u00a0\u00a0\u00a0 \u00a097<br \/>\nTeor\u00eda de rol en pol\u00edtica exterior\u00a0\u00a0 \u00a0\u00a0\u00a0 \u00a0100<br \/>\nLa pol\u00edtica exterior populista de Jair Bolsonaro\u00a0\u00a0 \u00a0\u00a0\u00a0 \u00a0102<br \/>\nLa pol\u00edtica exterior populista de Donald Trump\u00a0\u00a0 \u00a0\u00a0\u00a0 \u00a0105<br \/>\nConclusi\u00f3n\u00a0\u00a0 \u00a0\u00a0\u00a0 \u00a0107<br \/>\n8. \u00bfExiste una pol\u00edtica exterior populista? Los casos de Argentina, Brasil, M\u00e9xico y Venezuela (2019-2023)\u00a0\u00a0 \u00a0\u00a0\u00a0 \u00a0109<br \/>\nAnuschka \u00c1lvarez<br \/>\nSusanne Gratius<br \/>\nPopulismos y pol\u00edtica exterior en el debate acad\u00e9mico\u00a0\u00a0 \u00a0\u00a0\u00a0 \u00a0111<br \/>\n\u00bfUna pol\u00edtica exterior populista? Los casos de Argentina, Brasil, M\u00e9xico y Venezuela\u00a0\u00a0 \u00a0\u00a0\u00a0 \u00a0112<br \/>\nLa pol\u00edtica exterior de los Fern\u00e1ndez en Argentina\u00a0\u00a0 \u00a0\u00a0\u00a0 \u00a0114<br \/>\nJair Bolsonaro y su pol\u00edtica exterior soberanista-seguidista\u00a0\u00a0 \u00a0\u00a0\u00a0 \u00a0116<br \/>\nLa pol\u00edtica exterior de M\u00e9xico entre populismo y resignaci\u00f3n\u00a0\u00a0 \u00a0\u00a0\u00a0 \u00a0119<br \/>\nEl proyecto exterior radical de Nicol\u00e1s Maduro\u00a0\u00a0 \u00a0\u00a0\u00a0 \u00a0122<br \/>\nConclusiones y perspectivas\u00a0\u00a0 \u00a0\u00a0\u00a0 \u00a0124<br \/>\n9. Populismo en la Pol\u00edtica de Defensa: Roles en su impacto en la Pol\u00edtica Exterior y Seguridad Interior\u00a0\u00a0 \u00a0\u00a0\u00a0 \u00a0127<br \/>\nJaime Baeza<br \/>\nTeor\u00eda de Roles y l\u00edderes populistas en la Defensa\u00a0\u00a0 \u00a0\u00a0\u00a0 \u00a0128<br \/>\nSituaci\u00f3n de Seguridad y Defensa en Europa y Am\u00e9rica Latina.\u00a0\u00a0 \u00a0\u00a0\u00a0 \u00a0132<br \/>\nConclusiones\u00a0\u00a0 \u00a0\u00a0\u00a0 \u00a0139<br \/>\n10. Populismos locales: una mirada bi-continental\u00a0\u00a0 \u00a0\u00a0\u00a0 \u00a0141<br \/>\nJeanne W. Simon<br \/>\nElementos conceptuales para el an\u00e1lisis de populismos locales\u00a0\u00a0 \u00a0\u00a0\u00a0 \u00a0143<br \/>\nVariedades de Populismo Local\u00a0\u00a0 \u00a0\u00a0\u00a0 \u00a0146<br \/>\nPopulismo local tecnocr\u00e1tico\u00a0\u00a0 \u00a0\u00a0\u00a0 \u00a0148<br \/>\nPopulismo local de derecha radical\u00a0\u00a0 \u00a0\u00a0\u00a0 \u00a0148<br \/>\nPopulismo del centro-periferia\u00a0\u00a0 \u00a0\u00a0\u00a0 \u00a0150<br \/>\nLocalismo\u00a0\u00a0 \u00a0\u00a0\u00a0 \u00a0151<br \/>\nPopulismo local en la Convenci\u00f3n Constitucional de 2021 en Chile\u00a0\u00a0 \u00a0\u00a0\u00a0 \u00a0152<br \/>\nReflexiones finales\u00a0\u00a0 \u00a0\u00a0\u00a0 \u00a0154<br \/>\n11. De c\u00f3mo el activismo judicial puede llevar al populismo judicial: el ejemplo de Chile\u00a0\u00a0 \u00a0\u00a0\u00a0 \u00a0155<br \/>\nBeatriz Larra\u00edn<br \/>\nEl panorama general de la judicializaci\u00f3n y del populismo judicial: conceptos y ejemplos\u00a0\u00a0 \u00a0\u00a0\u00a0 \u00a0155<br \/>\nFactores que propician el populismo judicial\u00a0\u00a0 \u00a0\u00a0\u00a0 \u00a0158<br \/>\nFallos judiciales activistas en Chile: en camino al populismo\u00a0\u00a0 \u00a0\u00a0\u00a0 \u00a0160<br \/>\nComentarios a los fallos y breve alusi\u00f3n a la legitimidad del populismo judicial\u00a0\u00a0 \u00a0\u00a0\u00a0 \u00a0165<br \/>\nIII Casos\u00a0\u00a0 \u00a0\u00a0\u00a0 \u00a0169<br \/>\n12. Violaci\u00f3n de los valores de la Uni\u00f3n Europea como rasgo del populismo de extrema derecha: los casos de Hungr\u00eda y Polonia\u00a0\u00a0 \u00a0\u00a0\u00a0 \u00a0169<br \/>\nPaulina Astroza<br \/>\nDaniela Mu\u00f1oz<br \/>\nIntegraci\u00f3n europea: Estado de Derecho y valores\u00a0\u00a0 \u00a0\u00a0\u00a0 \u00a0173<br \/>\nCasos de an\u00e1lisis\u00a0\u00a0 \u00a0\u00a0\u00a0 \u00a0175<br \/>\nHungr\u00eda\u00a0\u00a0 \u00a0\u00a0\u00a0 \u00a0176<br \/>\nPolonia\u00a0\u00a0 \u00a0\u00a0\u00a0 \u00a0178<br \/>\nReacci\u00f3n de la UE\u00a0\u00a0 \u00a0\u00a0\u00a0 \u00a0181<br \/>\nConclusiones\u00a0\u00a0 \u00a0\u00a0\u00a0 \u00a0187<br \/>\n13. Populismo y pluralismo por defecto en Argentina\u00a0\u00a0 \u00a0\u00a0\u00a0 \u00a0189<br \/>\nYanina Welp<br \/>\nEl pluralismo por defecto\u00a0\u00a0 \u00a0\u00a0\u00a0 \u00a0191<br \/>\nLa resiliencia institucional\u00a0\u00a0 \u00a0\u00a0\u00a0 \u00a0194<br \/>\nEl sostenimiento de la representaci\u00f3n, hasta ahora\u00a0\u00a0 \u00a0\u00a0\u00a0 \u00a0196<br \/>\nLa institucionalizaci\u00f3n del peronismo\u00a0\u00a0 \u00a0\u00a0\u00a0 \u00a0198<br \/>\nCierre: el peronismo y la contenci\u00f3n populista\u00a0\u00a0 \u00a0\u00a0\u00a0 \u00a0201<br \/>\n14. En la senda al Brexit: naci\u00f3n e imperio en el populismo de derecha radical en el Reino Unido\u00a0\u00a0 \u00a0\u00a0\u00a0 \u00a0202<br \/>\nDavid Sarias Rodr\u00edguez<br \/>\nEuroescepticismo y Populismo\u00a0\u00a0 \u00a0\u00a0\u00a0 \u00a0202<br \/>\nNacionalismo, Imperialismo y discurso populista\u00a0\u00a0 \u00a0\u00a0\u00a0 \u00a0206<br \/>\n15. Rasgos de populismo en la pol\u00edtica exterior de Brasil: Paz y seguridad en tiempos revueltos\u00a0\u00a0 \u00a0\u00a0\u00a0 \u00a0212<br \/>\nPaula Wojcikiewicz Almeida<br \/>\nRet\u00f3rica y pr\u00e1cticas discursivas populistas en la pol\u00edtica exterior de Bolsonaro (2018-2022)\u00a0\u00a0 \u00a0\u00a0\u00a0 \u00a0214<br \/>\nRet\u00f3rica y pr\u00e1cticas discursivas populistas en la pol\u00edtica exterior de Lula (2023-)\u00a0\u00a0 \u00a0\u00a0\u00a0 \u00a0215<br \/>\nElementos relacionados a la paz y la seguridad en la pol\u00edtica exterior de Brasil\u00a0\u00a0 \u00a0\u00a0\u00a0 \u00a0216<br \/>\nFlexibilizaci\u00f3n del discurso en el gobierno actual de Lula\u00a0\u00a0 \u00a0\u00a0\u00a0 \u00a0218<br \/>\nConclusiones\u00a0\u00a0 \u00a0\u00a0\u00a0 \u00a0222<br \/>\n16. Populismo de derecha en Alemania: El caso del partido AfD\u00a0\u00a0 \u00a0\u00a0\u00a0 \u00a0224<br \/>\nThomas Sparrow<br \/>\nLa emoci\u00f3n como impulso pol\u00edtico\u00a0\u00a0 \u00a0\u00a0\u00a0 \u00a0225<br \/>\nLa migraci\u00f3n como gran tema del AfD\u00a0\u00a0 \u00a0\u00a0\u00a0 \u00a0228<br \/>\nDivisiones internas como principal problema\u00a0\u00a0 \u00a0\u00a0\u00a0 \u00a0230<br \/>\nCoexistencia problem\u00e1tica en los parlamentos\u00a0\u00a0 \u00a0\u00a0\u00a0 \u00a0233<br \/>\nBalance a diez a\u00f1os\u00a0\u00a0 \u00a0\u00a0\u00a0 \u00a0234<br \/>\n17. El populismo judicial en Estados Unidos: Pruebas de revisi\u00f3n judicial abusiva en las decisiones de la Corte Suprema\u00a0\u00a0 \u00a0\u00a0\u00a0 \u00a0237<br \/>\nMichael C. Tolley<br \/>\nLa estrategia de d\u00e9cadas para capturar los tribunales\u00a0\u00a0 \u00a0\u00a0\u00a0 \u00a0240<br \/>\nRevisi\u00f3n judicial abusiva\u00a0\u00a0 \u00a0\u00a0\u00a0 \u00a0242<br \/>\nImpulsar la agenda jur\u00eddica de los conservadores sociales y culturales\u00a0\u00a0 \u00a0\u00a0\u00a0 \u00a0246<br \/>\nConclusi\u00f3n\u00a0\u00a0 \u00a0\u00a0\u00a0 \u00a0251<br \/>\nEp\u00edlogo\u00a0\u00a0 \u00a0\u00a0\u00a0 \u00a0253<br \/>\nCrist\u00f3bal Rovira Kaltwasser<br \/>\nSobre los autores \u00a0\u00a0 \u00a0\u00a0\u00a0 \u00a0258<\/p>\n","protected":false},"excerpt":{"rendered":"<p>NOVEDAD!<\/p>\n","protected":false},"featured_media":3284,"comment_status":"open","ping_status":"closed","template":"","meta":{"inline_featured_image":false,"_joinchat":[]},"product_brand":[],"product_cat":[27,33,26,44],"product_tag":[],"class_list":{"0":"post-3239","1":"product","2":"type-product","3":"status-publish","4":"has-post-thumbnail","6":"product_cat-civil","7":"product_cat-constitucional","8":"product_cat-derecho","9":"product_cat-filosofia-del-derecho-y-introduccion","10":"product_shipping_class-a-convenir","12":"first","13":"instock","14":"shipping-taxable","15":"purchasable","16":"product-type-simple"},"_links":{"self":[{"href":"https:\/\/bibliotecajuridicavirtual.cl\/index.php\/wp-json\/wp\/v2\/product\/3239","targetHints":{"allow":["GET"]}}],"collection":[{"href":"https:\/\/bibliotecajuridicavirtual.cl\/index.php\/wp-json\/wp\/v2\/product"}],"about":[{"href":"https:\/\/bibliotecajuridicavirtual.cl\/index.php\/wp-json\/wp\/v2\/types\/product"}],"replies":[{"embeddable":true,"href":"https:\/\/bibliotecajuridicavirtual.cl\/index.php\/wp-json\/wp\/v2\/comments?post=3239"}],"wp:featuredmedia":[{"embeddable":true,"href":"https:\/\/bibliotecajuridicavirtual.cl\/index.php\/wp-json\/wp\/v2\/media\/3284"}],"wp:attachment":[{"href":"https:\/\/bibliotecajuridicavirtual.cl\/index.php\/wp-json\/wp\/v2\/media?parent=3239"}],"wp:term":[{"taxonomy":"product_brand","embeddable":true,"href":"https:\/\/bibliotecajuridicavirtual.cl\/index.php\/wp-json\/wp\/v2\/product_brand?post=3239"},{"taxonomy":"product_cat","embeddable":true,"href":"https:\/\/bibliotecajuridicavirtual.cl\/index.php\/wp-json\/wp\/v2\/product_cat?post=3239"},{"taxonomy":"product_tag","embeddable":true,"href":"https:\/\/bibliotecajuridicavirtual.cl\/index.php\/wp-json\/wp\/v2\/product_tag?post=3239"}],"curies":[{"name":"wp","href":"https:\/\/api.w.org\/{rel}","templated":true}]}}