{"id":3289,"date":"2026-02-28T01:11:41","date_gmt":"2026-02-28T04:11:41","guid":{"rendered":"https:\/\/bibliotecajuridicavirtual.cl\/?post_type=product&#038;p=3289"},"modified":"2026-02-28T01:12:12","modified_gmt":"2026-02-28T04:12:12","slug":"genero-justicia-y-proceso-ano-2024-470-pag-autor-maria-de-los-angeles-gonzalez-coulon","status":"publish","type":"product","link":"https:\/\/bibliotecajuridicavirtual.cl\/index.php\/product\/genero-justicia-y-proceso-ano-2024-470-pag-autor-maria-de-los-angeles-gonzalez-coulon\/","title":{"rendered":"G\u00e9nero, Justicia y Proceso. A\u00f1o 2024\/ 470 P\u00e1g. Autor Mar\u00eda de los \u00c1ngeles Gonz\u00e1lez Coulon"},"content":{"rendered":"<p>El libro &#8220;G\u00e9nero, justicia y proceso&#8221; permite vislumbrar la\u00a0necesidad de que la perspectiva de g\u00e9nero se introduzca en\u00a0todo el proceso, es decir, en todas sus etapas y en todas las\u00a0materias. Este trabajo colectivo introduce a quien lo lee al\u00a0conocimiento de las distintas maneras en que la perspectiva\u00a0de g\u00e9nero debe estar presente en el proceso, m\u00e1s all\u00e1 de estudiarla\u00a0solamente en la sentencia definitiva y en temas penales.<br \/>\nAs\u00ed, se podr\u00e1 revisar como la misma puede utilizarse como herramienta anal\u00edtica tanto en materia penal, pero tambi\u00e9n en familia, laboral y civil. Adem\u00e1s, los diversos cap\u00edtulos mostrar\u00e1n como su uso es tambi\u00e9n necesario en todas las etapas del proceso, es decir, desde el inicio del mismo hasta la completa ejecuci\u00f3n de la sentencia, revisando algunos temas de \u00edndole penitenciaria. Esta es una obra que aborda c\u00f3mo el derecho procesal se hace cargo de ciertas asimetr\u00edas estructurales o de origen a trav\u00e9s de la utilizaci\u00f3n de la perspectiva de g\u00e9nero lo que permite decisiones, a lo largo del proceso y en todas las materias, m\u00e1s equitativas y no discriminatorias.<\/p>\n<p>Pr\u00f3logo&#8230;&#8230;&#8230;&#8230;&#8230;&#8230;&#8230;&#8230;&#8230;&#8230;&#8230;&#8230;&#8230;&#8230;&#8230;&#8230;&#8230;&#8230;&#8230;&#8230;&#8230;&#8230;&#8230;&#8230;&#8230;&#8230;&#8230;&#8230;&#8230;&#8230;..13<br \/>\nCap\u00edtulo 1. Perspectiva de g\u00e9nero en las decisiones sobre<br \/>\njusticia constitucional: un an\u00e1lisis cr\u00edtico al Tribunal<br \/>\nConstitucional actual&#8230;&#8230;&#8230;&#8230;&#8230;&#8230;&#8230;&#8230;&#8230;&#8230;&#8230;&#8230;&#8230;&#8230;&#8230;&#8230;&#8230;&#8230;&#8230;&#8230;&#8230;&#8230;&#8230;19<br \/>\nEmilia Bascu\u00f1\u00e1n Vial<br \/>\n1. Introducci\u00f3n&#8230;&#8230;&#8230;&#8230;&#8230;&#8230;&#8230;&#8230;&#8230;&#8230;&#8230;&#8230;&#8230;&#8230;&#8230;&#8230;&#8230;&#8230;&#8230;&#8230;&#8230;&#8230;&#8230;&#8230;&#8230;..19<br \/>\n2. G\u00e9nero y estructuras de poder&#8230;&#8230;&#8230;&#8230;&#8230;&#8230;&#8230;&#8230;&#8230;&#8230;&#8230;&#8230;&#8230;&#8230;&#8230;&#8230;&#8230;&#8230;21<br \/>\n3. Feminismo y perspectiva de g\u00e9nero&#8230;&#8230;&#8230;&#8230;&#8230;&#8230;&#8230;&#8230;&#8230;&#8230;&#8230;&#8230;&#8230;&#8230;&#8230;&#8230;24<br \/>\n4. Perspectiva de g\u00e9nero en el derecho y en las instituciones jur\u00eddicas&#8230;..27<br \/>\n5. Tribunal Constitucional y perspectiva de g\u00e9nero&#8230;&#8230;&#8230;&#8230;&#8230;&#8230;&#8230;&#8230;&#8230;..30<br \/>\n6. Estudio comparado sobre otras cortes y tribunales constitucionales&#8230;..46<br \/>\n7. Conclusiones&#8230;&#8230;&#8230;&#8230;&#8230;&#8230;&#8230;&#8230;&#8230;&#8230;&#8230;&#8230;&#8230;&#8230;&#8230;&#8230;&#8230;&#8230;&#8230;&#8230;&#8230;&#8230;&#8230;&#8230;&#8230;..54<br \/>\nBibliograf\u00eda&#8230;&#8230;&#8230;&#8230;&#8230;&#8230;&#8230;&#8230;&#8230;&#8230;&#8230;&#8230;&#8230;&#8230;&#8230;&#8230;&#8230;&#8230;&#8230;&#8230;&#8230;&#8230;&#8230;&#8230;&#8230;&#8230;&#8230;.56<br \/>\nCap\u00edtulo 2. Mujeres, paz y autocomposici\u00f3n: La incidencia<br \/>\ndel g\u00e9nero en la adopci\u00f3n de m\u00e9todos alternativos de<br \/>\nsoluci\u00f3n de conflictos&#8230;&#8230;&#8230;&#8230;&#8230;&#8230;&#8230;&#8230;&#8230;&#8230;&#8230;&#8230;&#8230;&#8230;&#8230;&#8230;&#8230;&#8230;&#8230;&#8230;&#8230;&#8230;&#8230;.63<br \/>\nConstanza M. Urrutia Pizarro<br \/>\n1. Introducci\u00f3n&#8230;&#8230;&#8230;&#8230;&#8230;&#8230;&#8230;&#8230;&#8230;&#8230;&#8230;&#8230;&#8230;&#8230;&#8230;&#8230;&#8230;&#8230;&#8230;&#8230;&#8230;&#8230;&#8230;&#8230;&#8230;..63<br \/>\n2. Soluci\u00f3n de conflictos civiles, alternativas a la sentencia<br \/>\njudicial y autocomposici\u00f3n&#8230;&#8230;&#8230;&#8230;&#8230;&#8230;&#8230;&#8230;&#8230;&#8230;&#8230;&#8230;&#8230;&#8230;&#8230;&#8230;&#8230;&#8230;.65<br \/>\n3. Socializaci\u00f3n del g\u00e9nero y expresi\u00f3n en las<br \/>\nrelaciones internacionales&#8230;&#8230;&#8230;&#8230;&#8230;&#8230;&#8230;&#8230;&#8230;&#8230;&#8230;&#8230;&#8230;&#8230;&#8230;&#8230;&#8230;&#8230;..80<br \/>\n4. Del modelo internacional a los conflictos civiles&#8230;&#8230;&#8230;&#8230;&#8230;&#8230;&#8230;&#8230;&#8230;&#8230;95<br \/>\n5. Conclusiones&#8230;&#8230;&#8230;&#8230;&#8230;&#8230;&#8230;&#8230;&#8230;&#8230;&#8230;&#8230;&#8230;&#8230;&#8230;&#8230;&#8230;&#8230;&#8230;&#8230;&#8230;&#8230;&#8230;&#8230;&#8230;111<br \/>\nBibliograf\u00eda&#8230;&#8230;&#8230;&#8230;&#8230;&#8230;&#8230;&#8230;&#8230;&#8230;&#8230;&#8230;&#8230;&#8230;&#8230;&#8230;&#8230;&#8230;&#8230;&#8230;&#8230;&#8230;&#8230;&#8230;&#8230;&#8230;..113<br \/>\nCap\u00edtulo 3. La perspectiva de g\u00e9nero en la resoluci\u00f3n de<br \/>\nconflictos al t\u00e9rmino de las uniones de hecho&#8230;&#8230;&#8230;&#8230;&#8230;&#8230;&#8230;&#8230;&#8230;&#8230;&#8230;&#8230;119<br \/>\nMar\u00eda Agnes Salah Abusleme<br \/>\n1. Las uniones de hecho, su t\u00e9rmino y la situaci\u00f3n de las mujeres&#8230;&#8230;.119<br \/>\n2. Las uniones de hecho: importancia de una realidad en aumento&#8230;.120<br \/>\n3. Las uniones de hecho y su (falta de) regulaci\u00f3n en el<br \/>\n\u00e1mbito patrimonial&#8230;&#8230;&#8230;&#8230;&#8230;&#8230;&#8230;&#8230;&#8230;&#8230;&#8230;&#8230;&#8230;&#8230;&#8230;&#8230;&#8230;&#8230;&#8230;&#8230;&#8230;122<br \/>\n4. Las fuentes de los conflictos ante el t\u00e9rmino de uniones de<br \/>\nhecho y la relevancia de la perspectiva de g\u00e9nero&#8230;&#8230;&#8230;&#8230;&#8230;&#8230;&#8230;&#8230;128<br \/>\n5. El destino de los bienes adquiridos durante la vigencia<br \/>\nde la uni\u00f3n de hecho: la acci\u00f3n de reconocimiento<br \/>\nde una comunidad&#8230;&#8230;&#8230;&#8230;&#8230;&#8230;&#8230;&#8230;&#8230;&#8230;&#8230;&#8230;&#8230;&#8230;&#8230;&#8230;&#8230;&#8230;&#8230;&#8230;&#8230;132<br \/>\n6. La acci\u00f3n de precario al t\u00e9rmino de las convivencias de hecho&#8230;&#8230;..136<br \/>\n7. Reflexiones finales&#8230;&#8230;&#8230;&#8230;&#8230;&#8230;&#8230;&#8230;&#8230;&#8230;&#8230;&#8230;&#8230;&#8230;&#8230;&#8230;&#8230;&#8230;&#8230;&#8230;&#8230;&#8230;.141<br \/>\nBibliograf\u00eda&#8230;&#8230;&#8230;&#8230;&#8230;&#8230;&#8230;&#8230;&#8230;&#8230;&#8230;&#8230;&#8230;&#8230;&#8230;&#8230;&#8230;&#8230;&#8230;&#8230;&#8230;&#8230;&#8230;&#8230;&#8230;&#8230;..142<br \/>\nCap\u00edtulo 4. Perspectiva de g\u00e9nero y tribunales de familia:<br \/>\nan\u00e1lisis de su potestad cautelar&#8230;&#8230;&#8230;&#8230;&#8230;&#8230;&#8230;&#8230;&#8230;&#8230;&#8230;&#8230;&#8230;&#8230;&#8230;&#8230;&#8230;&#8230;149<br \/>\nTamara Camilla Valencia<br \/>\n1. Introducci\u00f3n&#8230;&#8230;&#8230;&#8230;&#8230;&#8230;&#8230;&#8230;&#8230;&#8230;&#8230;&#8230;&#8230;&#8230;&#8230;&#8230;&#8230;&#8230;&#8230;&#8230;&#8230;&#8230;&#8230;&#8230;&#8230;149<br \/>\n2. Marco legal aplicable: Ley N\u00ba20.066 de violencia intrafamiliar&#8230;..150<br \/>\n3. Las medidas cautelares&#8230;&#8230;&#8230;&#8230;&#8230;&#8230;&#8230;&#8230;&#8230;&#8230;&#8230;&#8230;&#8230;&#8230;&#8230;&#8230;&#8230;&#8230;&#8230;&#8230;.152<br \/>\n4. Necesidad de incorporar perspectiva de g\u00e9nero en la labor judicial&#8230;168<br \/>\n5. Matriz de an\u00e1lisis para la aplicaci\u00f3n del derecho a la<br \/>\nigualdad y el principio de no discriminaci\u00f3n&#8230;&#8230;&#8230;&#8230;&#8230;&#8230;&#8230;&#8230;&#8230;.171<br \/>\n6. Conclusiones&#8230;&#8230;&#8230;&#8230;&#8230;&#8230;&#8230;&#8230;&#8230;&#8230;&#8230;&#8230;&#8230;&#8230;&#8230;&#8230;&#8230;&#8230;&#8230;&#8230;&#8230;&#8230;&#8230;&#8230;&#8230;182<br \/>\nBibliograf\u00eda&#8230;&#8230;&#8230;&#8230;&#8230;&#8230;&#8230;&#8230;&#8230;&#8230;&#8230;&#8230;&#8230;&#8230;&#8230;&#8230;&#8230;&#8230;&#8230;&#8230;&#8230;&#8230;&#8230;&#8230;&#8230;&#8230;..183<br \/>\nCap\u00edtulo 5. La corresponsabilidad parental y el Derecho de<br \/>\nFamilias en perspectiva de g\u00e9nero: \u00abperder\u00bb para avanzar&#8230;&#8230;&#8230;&#8230;&#8230;&#8230;189<br \/>\nJaviera Verdugo Toro<br \/>\n1. Introducci\u00f3n&#8230;&#8230;&#8230;&#8230;&#8230;&#8230;&#8230;&#8230;&#8230;&#8230;&#8230;&#8230;&#8230;&#8230;&#8230;&#8230;&#8230;&#8230;&#8230;&#8230;&#8230;&#8230;&#8230;&#8230;&#8230;189<br \/>\n2. \u00bfQu\u00e9 es la corresponsabilidad parental?&#8230;&#8230;&#8230;&#8230;&#8230;&#8230;&#8230;&#8230;&#8230;&#8230;&#8230;&#8230;..190<br \/>\n3. El primer problema: el dise\u00f1o&#8230;&#8230;&#8230;&#8230;&#8230;&#8230;&#8230;&#8230;&#8230;&#8230;&#8230;&#8230;&#8230;&#8230;&#8230;&#8230;&#8230;..197<br \/>\n4. El segundo problema: la aplicaci\u00f3n&#8230;&#8230;&#8230;&#8230;&#8230;&#8230;&#8230;&#8230;&#8230;&#8230;&#8230;&#8230;&#8230;&#8230;..202<br \/>\n5. Conclusiones&#8230;&#8230;&#8230;&#8230;&#8230;&#8230;&#8230;&#8230;&#8230;&#8230;&#8230;&#8230;&#8230;&#8230;&#8230;&#8230;&#8230;&#8230;&#8230;&#8230;&#8230;&#8230;&#8230;&#8230;&#8230;211<br \/>\nBibliograf\u00eda&#8230;&#8230;&#8230;&#8230;&#8230;&#8230;&#8230;&#8230;&#8230;&#8230;&#8230;&#8230;&#8230;&#8230;&#8230;&#8230;&#8230;&#8230;&#8230;&#8230;&#8230;&#8230;&#8230;&#8230;&#8230;&#8230;..212<br \/>\nCap\u00edtulo 6. Dificultades probatorias del acoso sexual laboral:<br \/>\nParalelo con los delitos sexuales desde una perspectiva de g\u00e9nero&#8230;&#8230;&#8230;.215<br \/>\nClaudia Valentina Acevedo Avil\u00e9s<br \/>\n1. Introducci\u00f3n&#8230;&#8230;&#8230;&#8230;&#8230;&#8230;&#8230;&#8230;&#8230;&#8230;&#8230;&#8230;&#8230;&#8230;&#8230;&#8230;&#8230;&#8230;&#8230;&#8230;&#8230;&#8230;&#8230;&#8230;&#8230;215<br \/>\n2. El acoso sexual laboral como manifestaci\u00f3n de la violencia<br \/>\nde g\u00e9nero&#8230;&#8230;&#8230;&#8230;&#8230;&#8230;&#8230;&#8230;&#8230;&#8230;&#8230;&#8230;&#8230;&#8230;&#8230;&#8230;&#8230;&#8230;&#8230;&#8230;&#8230;&#8230;&#8230;&#8230;&#8230;..216<br \/>\n3. El acoso sexual laboral en la regulaci\u00f3n nacional e internacional&#8230;218<br \/>\n4. An\u00e1lisis de la prueba en el acoso sexual laboral en paralelo<br \/>\ncon aquel empleado respecto los delitos sexuales&#8230;&#8230;&#8230;&#8230;&#8230;&#8230;&#8230;&#8230;.222<br \/>\n5. Dificultades probatorias propias del acoso sexual laboral<br \/>\ny el derecho del trabajo&#8230;&#8230;&#8230;&#8230;&#8230;&#8230;&#8230;&#8230;&#8230;&#8230;&#8230;&#8230;&#8230;&#8230;&#8230;&#8230;&#8230;&#8230;&#8230;..246<br \/>\n6. Conclusiones&#8230;&#8230;&#8230;&#8230;&#8230;&#8230;&#8230;&#8230;&#8230;&#8230;&#8230;&#8230;&#8230;&#8230;&#8230;&#8230;&#8230;&#8230;&#8230;&#8230;&#8230;&#8230;&#8230;&#8230;&#8230;251<br \/>\nBibliograf\u00eda&#8230;&#8230;&#8230;&#8230;&#8230;&#8230;&#8230;&#8230;&#8230;&#8230;&#8230;&#8230;&#8230;&#8230;&#8230;&#8230;&#8230;&#8230;&#8230;&#8230;&#8230;&#8230;&#8230;&#8230;&#8230;&#8230;..253<br \/>\nCap\u00edtulo 7. Femicidio y proceso penal: los desaf\u00edos de la investigaci\u00f3n&#8230;..257<br \/>\nIvonne Sep\u00falveda S\u00e1nchez<br \/>\nPatsil\u00ed Toledo V\u00e1squez<br \/>\n1. Introducci\u00f3n&#8230;&#8230;&#8230;&#8230;&#8230;&#8230;&#8230;&#8230;&#8230;&#8230;&#8230;&#8230;&#8230;&#8230;&#8230;&#8230;&#8230;&#8230;&#8230;&#8230;&#8230;&#8230;&#8230;&#8230;&#8230;257<br \/>\n2. Nombrar, tipificar, investigar y juzgar el femicidio&#8230;&#8230;&#8230;&#8230;&#8230;&#8230;&#8230;&#8230;257<br \/>\n3. La tipificaci\u00f3n del femicidio\/feminicidio en Latinoam\u00e9rica<br \/>\ny en Chile&#8230;&#8230;&#8230;&#8230;&#8230;&#8230;&#8230;&#8230;&#8230;&#8230;&#8230;&#8230;&#8230;&#8230;&#8230;&#8230;&#8230;&#8230;&#8230;&#8230;&#8230;&#8230;&#8230;&#8230;&#8230;.260<br \/>\n4. La investigaci\u00f3n de los femicidios\/feminicidios en Latinoam\u00e9rica&#8230;265<br \/>\n5. La investigaci\u00f3n de los femicidios en Chile&#8230;&#8230;&#8230;&#8230;&#8230;&#8230;&#8230;&#8230;&#8230;&#8230;&#8230;.269<br \/>\n6. Incorporar la perspectiva de g\u00e9nero en la investigaci\u00f3n<br \/>\nde femicidios en Chile&#8230;&#8230;&#8230;&#8230;&#8230;&#8230;&#8230;&#8230;&#8230;&#8230;&#8230;&#8230;&#8230;&#8230;&#8230;&#8230;&#8230;&#8230;&#8230;&#8230;279<br \/>\n7. Conclusiones&#8230;&#8230;&#8230;&#8230;&#8230;&#8230;&#8230;&#8230;&#8230;&#8230;&#8230;&#8230;&#8230;&#8230;&#8230;&#8230;&#8230;&#8230;&#8230;&#8230;&#8230;&#8230;&#8230;&#8230;&#8230;283<br \/>\nBibliograf\u00eda&#8230;&#8230;&#8230;&#8230;&#8230;&#8230;&#8230;&#8230;&#8230;&#8230;&#8230;&#8230;&#8230;&#8230;&#8230;&#8230;&#8230;&#8230;&#8230;&#8230;&#8230;&#8230;&#8230;&#8230;&#8230;&#8230;..285<br \/>\nCap\u00edtulo 8. Perspectiva de g\u00e9nero en la defensa penal p\u00fablica<br \/>\nde imputados por delitos sexuales: l\u00edmites, ventajas y desaf\u00edos&#8230;&#8230;&#8230;&#8230;..289<br \/>\nFrancisca Droguett N\u00fa\u00f1ez &#8211;<br \/>\nSof\u00eda L\u00f3pez V\u00e1squez<br \/>\n1. Introducci\u00f3n&#8230;&#8230;&#8230;&#8230;&#8230;&#8230;&#8230;&#8230;&#8230;&#8230;&#8230;&#8230;&#8230;&#8230;&#8230;&#8230;&#8230;&#8230;&#8230;&#8230;&#8230;&#8230;&#8230;&#8230;&#8230;289<br \/>\n2. Transversalizaci\u00f3n de la perspectiva de g\u00e9nero como frente a<br \/>\nla violencia sexual: definici\u00f3n y aplicaci\u00f3n en la DPP&#8230;&#8230;&#8230;&#8230;&#8230;292<br \/>\n3. La Defensa Penal en Chile&#8230;&#8230;&#8230;&#8230;&#8230;&#8230;&#8230;&#8230;&#8230;&#8230;&#8230;&#8230;&#8230;&#8230;&#8230;&#8230;&#8230;&#8230;..297<br \/>\n4. La incorporaci\u00f3n de la perspectiva de g\u00e9nero en la<br \/>\nDefensor\u00eda Penal P\u00fablica&#8230;&#8230;&#8230;&#8230;&#8230;&#8230;&#8230;&#8230;&#8230;&#8230;&#8230;&#8230;&#8230;&#8230;&#8230;&#8230;&#8230;&#8230;.311<br \/>\n5. Derechos del imputado y posici\u00f3n de la v\u00edctima en el<br \/>\nprocedimiento ante una defensa penal sin<br \/>\nperspectiva de g\u00e9nero&#8230;&#8230;&#8230;&#8230;&#8230;&#8230;&#8230;&#8230;&#8230;&#8230;&#8230;&#8230;&#8230;&#8230;&#8230;&#8230;&#8230;&#8230;&#8230;&#8230;.315<br \/>\n6. Conciliaci\u00f3n de ambas posiciones. Posibilidad de<br \/>\naplicar perspectiva de g\u00e9nero en la defensa de<br \/>\nimputados por delitos sexuales&#8230;&#8230;&#8230;&#8230;&#8230;&#8230;&#8230;&#8230;&#8230;&#8230;&#8230;&#8230;&#8230;&#8230;&#8230;&#8230;318<br \/>\n7. Conclusiones&#8230;&#8230;&#8230;&#8230;&#8230;&#8230;&#8230;&#8230;&#8230;&#8230;&#8230;&#8230;&#8230;&#8230;&#8230;&#8230;&#8230;&#8230;&#8230;&#8230;&#8230;&#8230;&#8230;&#8230;&#8230;325<br \/>\nBibliograf\u00eda&#8230;&#8230;&#8230;&#8230;&#8230;&#8230;&#8230;&#8230;&#8230;&#8230;&#8230;&#8230;&#8230;&#8230;&#8230;&#8230;&#8230;&#8230;&#8230;&#8230;&#8230;&#8230;&#8230;&#8230;&#8230;&#8230;..327<br \/>\nCap\u00edtulo 9. La v\u00edctima de delitos sexuales frente al revictimizante<br \/>\nproceso judicial chileno&#8230;&#8230;&#8230;&#8230;&#8230;&#8230;&#8230;&#8230;&#8230;&#8230;&#8230;&#8230;&#8230;&#8230;&#8230;&#8230;&#8230;&#8230;&#8230;&#8230;&#8230;&#8230;331<br \/>\nGabriela Andrade Madrigal &#8211;<br \/>\nConstanza Gonz\u00e1lez Carre\u00f1o<br \/>\n1. Introducci\u00f3n&#8230;&#8230;&#8230;&#8230;&#8230;&#8230;&#8230;&#8230;&#8230;&#8230;&#8230;&#8230;&#8230;&#8230;&#8230;&#8230;&#8230;&#8230;&#8230;&#8230;&#8230;&#8230;&#8230;&#8230;&#8230;331<br \/>\n2. Denuncia de delitos sexuales dentro del sistema judicial<br \/>\nchileno y sus problem\u00e1ticas&#8230;&#8230;&#8230;&#8230;&#8230;&#8230;&#8230;&#8230;&#8230;&#8230;&#8230;&#8230;&#8230;&#8230;&#8230;&#8230;&#8230;.334<br \/>\n3. Conformaci\u00f3n de la prueba y sus dificultades&#8230;&#8230;&#8230;&#8230;&#8230;&#8230;&#8230;&#8230;&#8230;&#8230;.347<br \/>\n4. Principales consecuencias de la ineficacia del proceso&#8230;&#8230;&#8230;&#8230;&#8230;&#8230;..360<br \/>\n5. Conclusiones&#8230;&#8230;&#8230;&#8230;&#8230;&#8230;&#8230;&#8230;&#8230;&#8230;&#8230;&#8230;&#8230;&#8230;&#8230;&#8230;&#8230;&#8230;&#8230;&#8230;&#8230;&#8230;&#8230;&#8230;&#8230;370<br \/>\nBibliograf\u00eda&#8230;&#8230;&#8230;&#8230;&#8230;&#8230;&#8230;&#8230;&#8230;&#8230;&#8230;&#8230;&#8230;&#8230;&#8230;&#8230;&#8230;&#8230;&#8230;&#8230;&#8230;&#8230;&#8230;&#8230;&#8230;&#8230;..373<br \/>\nCap\u00edtulo 10. La exigencia de motivaci\u00f3n como ant\u00eddoto<br \/>\ncontra los estereotipos de g\u00e9nero en un sistema racional<br \/>\nde valoraci\u00f3n probatoria&#8230;&#8230;&#8230;&#8230;&#8230;&#8230;&#8230;&#8230;&#8230;&#8230;&#8230;&#8230;&#8230;&#8230;&#8230;&#8230;&#8230;&#8230;&#8230;&#8230;&#8230;.377<br \/>\nMarcela Paz Araya Novoa<br \/>\n1. Introducci\u00f3n&#8230;&#8230;&#8230;&#8230;&#8230;&#8230;&#8230;&#8230;&#8230;&#8230;&#8230;&#8230;&#8230;&#8230;&#8230;&#8230;&#8230;&#8230;&#8230;&#8230;&#8230;&#8230;&#8230;&#8230;&#8230;377<br \/>\n2. De las teor\u00edas feministas al g\u00e9nero y la ineludible<br \/>\nperspectiva de g\u00e9nero&#8230;&#8230;&#8230;&#8230;&#8230;&#8230;&#8230;&#8230;&#8230;&#8230;&#8230;&#8230;&#8230;&#8230;&#8230;&#8230;&#8230;&#8230;&#8230;&#8230;.379<br \/>\n3. \u00bfQu\u00e9 son los estereotipos y c\u00f3mo influyen en perpetuar<br \/>\nla discriminaci\u00f3n contra la mujer?&#8230;&#8230;&#8230;&#8230;&#8230;&#8230;&#8230;&#8230;&#8230;&#8230;&#8230;&#8230;&#8230;..384<br \/>\n4. La motivaci\u00f3n. Modelo adecuado para erradicar la<br \/>\nirracionalidad y con ello los estereotipos de g\u00e9nero<br \/>\nen la declaraci\u00f3n de hechos probados&#8230;&#8230;&#8230;&#8230;&#8230;&#8230;&#8230;&#8230;&#8230;&#8230;&#8230;&#8230;&#8230;388<br \/>\n5. Conclusiones&#8230;&#8230;&#8230;&#8230;&#8230;&#8230;&#8230;&#8230;&#8230;&#8230;&#8230;&#8230;&#8230;&#8230;&#8230;&#8230;&#8230;&#8230;&#8230;&#8230;&#8230;&#8230;&#8230;&#8230;&#8230;416<br \/>\nBibliograf\u00eda&#8230;&#8230;&#8230;&#8230;&#8230;&#8230;&#8230;&#8230;&#8230;&#8230;&#8230;&#8230;&#8230;&#8230;&#8230;&#8230;&#8230;&#8230;&#8230;&#8230;&#8230;&#8230;&#8230;&#8230;&#8230;&#8230;..417<br \/>\nCap\u00edtulo 11. Mujeres olvidadas: la realidad femenina tras las rejas&#8230;&#8230;..423<br \/>\nMar\u00eda de los \u00c1ngeles Gonz\u00e1lez Coulon &#8211;<br \/>\nDarenka Alena Yurac Latif<br \/>\n1. Proceso y g\u00e9nero&#8230;&#8230;&#8230;&#8230;&#8230;&#8230;&#8230;&#8230;&#8230;&#8230;&#8230;&#8230;&#8230;&#8230;&#8230;&#8230;&#8230;&#8230;&#8230;&#8230;&#8230;&#8230;&#8230;..423<br \/>\n2. Lo penitenciario como parte del proceso&#8230;&#8230;&#8230;&#8230;&#8230;&#8230;&#8230;&#8230;&#8230;&#8230;&#8230;&#8230;&#8230;428<br \/>\n3. C\u00e1rcel y Mujeres: una mirada hist\u00f3rica&#8230;&#8230;&#8230;&#8230;&#8230;&#8230;&#8230;&#8230;&#8230;&#8230;&#8230;&#8230;&#8230;432<br \/>\n4. Ejecuci\u00f3n de la pena y mujeres&#8230;&#8230;&#8230;&#8230;&#8230;&#8230;&#8230;&#8230;&#8230;&#8230;&#8230;&#8230;&#8230;&#8230;&#8230;&#8230;&#8230;442<br \/>\n5. A modo de conclusi\u00f3n&#8230;&#8230;&#8230;&#8230;&#8230;&#8230;&#8230;&#8230;&#8230;&#8230;&#8230;&#8230;&#8230;&#8230;&#8230;&#8230;&#8230;&#8230;&#8230;&#8230;&#8230;457<br \/>\nBibliograf\u00eda&#8230;&#8230;&#8230;&#8230;&#8230;&#8230;&#8230;&#8230;&#8230;&#8230;&#8230;&#8230;&#8230;&#8230;&#8230;&#8230;&#8230;&#8230;&#8230;&#8230;&#8230;&#8230;&#8230;&#8230;&#8230;&#8230;..460<\/p>\n","protected":false},"excerpt":{"rendered":"<p>El libro &#8220;G\u00e9nero, justicia y proceso&#8221; permite vislumbrar la\u00a0necesidad de que la perspectiva de g\u00e9nero se introduzca en\u00a0todo el proceso, es decir, en todas sus etapas y en todas las\u00a0materias. Este trabajo colectivo introduce a quien lo lee al\u00a0conocimiento de las distintas maneras en que la perspectiva\u00a0de g\u00e9nero debe estar presente en el proceso, m\u00e1s all\u00e1 de estudiarla\u00a0solamente en la sentencia definitiva y en temas penales. As\u00ed, se podr\u00e1 revisar como la misma puede utilizarse como herramienta anal\u00edtica tanto en materia penal, pero tambi\u00e9n en familia, laboral y civil. Adem\u00e1s, los diversos cap\u00edtulos mostrar\u00e1n como su uso es tambi\u00e9n necesario en todas las etapas del proceso, es decir, desde el inicio del mismo hasta la completa ejecuci\u00f3n de la sentencia, revisando algunos temas de \u00edndole penitenciaria. Esta es una obra que aborda c\u00f3mo el derecho procesal se hace cargo de ciertas asimetr\u00edas estructurales o de origen a trav\u00e9s de la utilizaci\u00f3n de la perspectiva de g\u00e9nero lo que permite decisiones, a lo largo del proceso y en todas las materias, m\u00e1s equitativas y no discriminatorias. Pr\u00f3logo&#8230;&#8230;&#8230;&#8230;&#8230;&#8230;&#8230;&#8230;&#8230;&#8230;&#8230;&#8230;&#8230;&#8230;&#8230;&#8230;&#8230;&#8230;&#8230;&#8230;&#8230;&#8230;&#8230;&#8230;&#8230;&#8230;&#8230;&#8230;&#8230;&#8230;..13 Cap\u00edtulo 1. Perspectiva de g\u00e9nero en las decisiones sobre justicia constitucional: un an\u00e1lisis cr\u00edtico al Tribunal Constitucional actual&#8230;&#8230;&#8230;&#8230;&#8230;&#8230;&#8230;&#8230;&#8230;&#8230;&#8230;&#8230;&#8230;&#8230;&#8230;&#8230;&#8230;&#8230;&#8230;&#8230;&#8230;&#8230;&#8230;19 Emilia Bascu\u00f1\u00e1n Vial 1. Introducci\u00f3n&#8230;&#8230;&#8230;&#8230;&#8230;&#8230;&#8230;&#8230;&#8230;&#8230;&#8230;&#8230;&#8230;&#8230;&#8230;&#8230;&#8230;&#8230;&#8230;&#8230;&#8230;&#8230;&#8230;&#8230;&#8230;..19 2. G\u00e9nero y estructuras de poder&#8230;&#8230;&#8230;&#8230;&#8230;&#8230;&#8230;&#8230;&#8230;&#8230;&#8230;&#8230;&#8230;&#8230;&#8230;&#8230;&#8230;&#8230;21 3. Feminismo y perspectiva de g\u00e9nero&#8230;&#8230;&#8230;&#8230;&#8230;&#8230;&#8230;&#8230;&#8230;&#8230;&#8230;&#8230;&#8230;&#8230;&#8230;&#8230;24 4. Perspectiva de g\u00e9nero en el derecho y en las instituciones jur\u00eddicas&#8230;..27 5. Tribunal Constitucional y perspectiva de g\u00e9nero&#8230;&#8230;&#8230;&#8230;&#8230;&#8230;&#8230;&#8230;&#8230;..30 6. Estudio comparado sobre otras cortes y tribunales constitucionales&#8230;..46 7. Conclusiones&#8230;&#8230;&#8230;&#8230;&#8230;&#8230;&#8230;&#8230;&#8230;&#8230;&#8230;&#8230;&#8230;&#8230;&#8230;&#8230;&#8230;&#8230;&#8230;&#8230;&#8230;&#8230;&#8230;&#8230;&#8230;..54 Bibliograf\u00eda&#8230;&#8230;&#8230;&#8230;&#8230;&#8230;&#8230;&#8230;&#8230;&#8230;&#8230;&#8230;&#8230;&#8230;&#8230;&#8230;&#8230;&#8230;&#8230;&#8230;&#8230;&#8230;&#8230;&#8230;&#8230;&#8230;&#8230;.56 Cap\u00edtulo 2. Mujeres, paz y autocomposici\u00f3n: La incidencia del g\u00e9nero en la adopci\u00f3n de m\u00e9todos alternativos de soluci\u00f3n de conflictos&#8230;&#8230;&#8230;&#8230;&#8230;&#8230;&#8230;&#8230;&#8230;&#8230;&#8230;&#8230;&#8230;&#8230;&#8230;&#8230;&#8230;&#8230;&#8230;&#8230;&#8230;&#8230;&#8230;.63 Constanza M. Urrutia Pizarro 1. Introducci\u00f3n&#8230;&#8230;&#8230;&#8230;&#8230;&#8230;&#8230;&#8230;&#8230;&#8230;&#8230;&#8230;&#8230;&#8230;&#8230;&#8230;&#8230;&#8230;&#8230;&#8230;&#8230;&#8230;&#8230;&#8230;&#8230;..63 2. Soluci\u00f3n de conflictos civiles, alternativas a la sentencia judicial y autocomposici\u00f3n&#8230;&#8230;&#8230;&#8230;&#8230;&#8230;&#8230;&#8230;&#8230;&#8230;&#8230;&#8230;&#8230;&#8230;&#8230;&#8230;&#8230;&#8230;.65 3. Socializaci\u00f3n del g\u00e9nero y expresi\u00f3n en las relaciones internacionales&#8230;&#8230;&#8230;&#8230;&#8230;&#8230;&#8230;&#8230;&#8230;&#8230;&#8230;&#8230;&#8230;&#8230;&#8230;&#8230;&#8230;&#8230;..80 4. Del modelo internacional a los conflictos civiles&#8230;&#8230;&#8230;&#8230;&#8230;&#8230;&#8230;&#8230;&#8230;&#8230;95 5. Conclusiones&#8230;&#8230;&#8230;&#8230;&#8230;&#8230;&#8230;&#8230;&#8230;&#8230;&#8230;&#8230;&#8230;&#8230;&#8230;&#8230;&#8230;&#8230;&#8230;&#8230;&#8230;&#8230;&#8230;&#8230;&#8230;111 Bibliograf\u00eda&#8230;&#8230;&#8230;&#8230;&#8230;&#8230;&#8230;&#8230;&#8230;&#8230;&#8230;&#8230;&#8230;&#8230;&#8230;&#8230;&#8230;&#8230;&#8230;&#8230;&#8230;&#8230;&#8230;&#8230;&#8230;&#8230;..113 Cap\u00edtulo 3. La perspectiva de g\u00e9nero en la resoluci\u00f3n de conflictos al t\u00e9rmino de las uniones de hecho&#8230;&#8230;&#8230;&#8230;&#8230;&#8230;&#8230;&#8230;&#8230;&#8230;&#8230;&#8230;119 Mar\u00eda Agnes Salah Abusleme 1. Las uniones de hecho, su t\u00e9rmino y la situaci\u00f3n de las mujeres&#8230;&#8230;.119 2. Las uniones de hecho: importancia de una realidad en aumento&#8230;.120 3. Las uniones de hecho y su (falta de) regulaci\u00f3n en el \u00e1mbito patrimonial&#8230;&#8230;&#8230;&#8230;&#8230;&#8230;&#8230;&#8230;&#8230;&#8230;&#8230;&#8230;&#8230;&#8230;&#8230;&#8230;&#8230;&#8230;&#8230;&#8230;&#8230;122 4. Las fuentes de los conflictos ante el t\u00e9rmino de uniones de hecho y la relevancia de la perspectiva de g\u00e9nero&#8230;&#8230;&#8230;&#8230;&#8230;&#8230;&#8230;&#8230;128 5. El destino de los bienes adquiridos durante la vigencia de la uni\u00f3n de hecho: la acci\u00f3n de reconocimiento de una comunidad&#8230;&#8230;&#8230;&#8230;&#8230;&#8230;&#8230;&#8230;&#8230;&#8230;&#8230;&#8230;&#8230;&#8230;&#8230;&#8230;&#8230;&#8230;&#8230;&#8230;&#8230;132 6. La acci\u00f3n de precario al t\u00e9rmino de las convivencias de hecho&#8230;&#8230;..136 7. Reflexiones finales&#8230;&#8230;&#8230;&#8230;&#8230;&#8230;&#8230;&#8230;&#8230;&#8230;&#8230;&#8230;&#8230;&#8230;&#8230;&#8230;&#8230;&#8230;&#8230;&#8230;&#8230;&#8230;.141 Bibliograf\u00eda&#8230;&#8230;&#8230;&#8230;&#8230;&#8230;&#8230;&#8230;&#8230;&#8230;&#8230;&#8230;&#8230;&#8230;&#8230;&#8230;&#8230;&#8230;&#8230;&#8230;&#8230;&#8230;&#8230;&#8230;&#8230;&#8230;..142 Cap\u00edtulo 4. Perspectiva de g\u00e9nero y tribunales de familia: an\u00e1lisis de su potestad cautelar&#8230;&#8230;&#8230;&#8230;&#8230;&#8230;&#8230;&#8230;&#8230;&#8230;&#8230;&#8230;&#8230;&#8230;&#8230;&#8230;&#8230;&#8230;149 Tamara Camilla Valencia 1. Introducci\u00f3n&#8230;&#8230;&#8230;&#8230;&#8230;&#8230;&#8230;&#8230;&#8230;&#8230;&#8230;&#8230;&#8230;&#8230;&#8230;&#8230;&#8230;&#8230;&#8230;&#8230;&#8230;&#8230;&#8230;&#8230;&#8230;149 2. Marco legal aplicable: Ley N\u00ba20.066 de violencia intrafamiliar&#8230;..150 3. Las medidas cautelares&#8230;&#8230;&#8230;&#8230;&#8230;&#8230;&#8230;&#8230;&#8230;&#8230;&#8230;&#8230;&#8230;&#8230;&#8230;&#8230;&#8230;&#8230;&#8230;&#8230;.152 4. Necesidad de incorporar perspectiva de g\u00e9nero en la labor judicial&#8230;168 5. Matriz de an\u00e1lisis para la aplicaci\u00f3n del derecho a la igualdad y el principio de no discriminaci\u00f3n&#8230;&#8230;&#8230;&#8230;&#8230;&#8230;&#8230;&#8230;&#8230;.171 6. Conclusiones&#8230;&#8230;&#8230;&#8230;&#8230;&#8230;&#8230;&#8230;&#8230;&#8230;&#8230;&#8230;&#8230;&#8230;&#8230;&#8230;&#8230;&#8230;&#8230;&#8230;&#8230;&#8230;&#8230;&#8230;&#8230;182 Bibliograf\u00eda&#8230;&#8230;&#8230;&#8230;&#8230;&#8230;&#8230;&#8230;&#8230;&#8230;&#8230;&#8230;&#8230;&#8230;&#8230;&#8230;&#8230;&#8230;&#8230;&#8230;&#8230;&#8230;&#8230;&#8230;&#8230;&#8230;..183 Cap\u00edtulo 5. La corresponsabilidad parental y el Derecho de Familias en perspectiva de g\u00e9nero: \u00abperder\u00bb para avanzar&#8230;&#8230;&#8230;&#8230;&#8230;&#8230;189 Javiera Verdugo Toro 1. Introducci\u00f3n&#8230;&#8230;&#8230;&#8230;&#8230;&#8230;&#8230;&#8230;&#8230;&#8230;&#8230;&#8230;&#8230;&#8230;&#8230;&#8230;&#8230;&#8230;&#8230;&#8230;&#8230;&#8230;&#8230;&#8230;&#8230;189 2. \u00bfQu\u00e9 es la corresponsabilidad parental?&#8230;&#8230;&#8230;&#8230;&#8230;&#8230;&#8230;&#8230;&#8230;&#8230;&#8230;&#8230;..190 3. El primer problema: el dise\u00f1o&#8230;&#8230;&#8230;&#8230;&#8230;&#8230;&#8230;&#8230;&#8230;&#8230;&#8230;&#8230;&#8230;&#8230;&#8230;&#8230;&#8230;..197 4. El segundo problema: la aplicaci\u00f3n&#8230;&#8230;&#8230;&#8230;&#8230;&#8230;&#8230;&#8230;&#8230;&#8230;&#8230;&#8230;&#8230;&#8230;..202 5. Conclusiones&#8230;&#8230;&#8230;&#8230;&#8230;&#8230;&#8230;&#8230;&#8230;&#8230;&#8230;&#8230;&#8230;&#8230;&#8230;&#8230;&#8230;&#8230;&#8230;&#8230;&#8230;&#8230;&#8230;&#8230;&#8230;211 Bibliograf\u00eda&#8230;&#8230;&#8230;&#8230;&#8230;&#8230;&#8230;&#8230;&#8230;&#8230;&#8230;&#8230;&#8230;&#8230;&#8230;&#8230;&#8230;&#8230;&#8230;&#8230;&#8230;&#8230;&#8230;&#8230;&#8230;&#8230;..212 Cap\u00edtulo 6. Dificultades probatorias del acoso sexual laboral: Paralelo con los delitos sexuales desde una perspectiva de g\u00e9nero&#8230;&#8230;&#8230;.215 Claudia Valentina Acevedo Avil\u00e9s 1. Introducci\u00f3n&#8230;&#8230;&#8230;&#8230;&#8230;&#8230;&#8230;&#8230;&#8230;&#8230;&#8230;&#8230;&#8230;&#8230;&#8230;&#8230;&#8230;&#8230;&#8230;&#8230;&#8230;&#8230;&#8230;&#8230;&#8230;215 2. El acoso sexual laboral como manifestaci\u00f3n de la violencia de g\u00e9nero&#8230;&#8230;&#8230;&#8230;&#8230;&#8230;&#8230;&#8230;&#8230;&#8230;&#8230;&#8230;&#8230;&#8230;&#8230;&#8230;&#8230;&#8230;&#8230;&#8230;&#8230;&#8230;&#8230;&#8230;&#8230;..216 3. El acoso sexual laboral en la regulaci\u00f3n nacional e internacional&#8230;218 4. An\u00e1lisis de la prueba en el acoso sexual laboral en paralelo con aquel empleado respecto los delitos sexuales&#8230;&#8230;&#8230;&#8230;&#8230;&#8230;&#8230;&#8230;.222 5. Dificultades probatorias propias del acoso sexual laboral y el derecho del trabajo&#8230;&#8230;&#8230;&#8230;&#8230;&#8230;&#8230;&#8230;&#8230;&#8230;&#8230;&#8230;&#8230;&#8230;&#8230;&#8230;&#8230;&#8230;&#8230;..246 6. Conclusiones&#8230;&#8230;&#8230;&#8230;&#8230;&#8230;&#8230;&#8230;&#8230;&#8230;&#8230;&#8230;&#8230;&#8230;&#8230;&#8230;&#8230;&#8230;&#8230;&#8230;&#8230;&#8230;&#8230;&#8230;&#8230;251 Bibliograf\u00eda&#8230;&#8230;&#8230;&#8230;&#8230;&#8230;&#8230;&#8230;&#8230;&#8230;&#8230;&#8230;&#8230;&#8230;&#8230;&#8230;&#8230;&#8230;&#8230;&#8230;&#8230;&#8230;&#8230;&#8230;&#8230;&#8230;..253 Cap\u00edtulo 7. Femicidio y proceso penal: los desaf\u00edos de la investigaci\u00f3n&#8230;..257 Ivonne Sep\u00falveda S\u00e1nchez Patsil\u00ed Toledo V\u00e1squez 1. Introducci\u00f3n&#8230;&#8230;&#8230;&#8230;&#8230;&#8230;&#8230;&#8230;&#8230;&#8230;&#8230;&#8230;&#8230;&#8230;&#8230;&#8230;&#8230;&#8230;&#8230;&#8230;&#8230;&#8230;&#8230;&#8230;&#8230;257 2. Nombrar, tipificar, investigar y juzgar el femicidio&#8230;&#8230;&#8230;&#8230;&#8230;&#8230;&#8230;&#8230;257 3. La tipificaci\u00f3n del femicidio\/feminicidio en Latinoam\u00e9rica y en Chile&#8230;&#8230;&#8230;&#8230;&#8230;&#8230;&#8230;&#8230;&#8230;&#8230;&#8230;&#8230;&#8230;&#8230;&#8230;&#8230;&#8230;&#8230;&#8230;&#8230;&#8230;&#8230;&#8230;&#8230;&#8230;.260 4. La investigaci\u00f3n de los femicidios\/feminicidios en Latinoam\u00e9rica&#8230;265 5. La investigaci\u00f3n de los femicidios en Chile&#8230;&#8230;&#8230;&#8230;&#8230;&#8230;&#8230;&#8230;&#8230;&#8230;&#8230;.269 6. Incorporar la perspectiva de g\u00e9nero en la investigaci\u00f3n de femicidios en Chile&#8230;&#8230;&#8230;&#8230;&#8230;&#8230;&#8230;&#8230;&#8230;&#8230;&#8230;&#8230;&#8230;&#8230;&#8230;&#8230;&#8230;&#8230;&#8230;&#8230;279 7. Conclusiones&#8230;&#8230;&#8230;&#8230;&#8230;&#8230;&#8230;&#8230;&#8230;&#8230;&#8230;&#8230;&#8230;&#8230;&#8230;&#8230;&#8230;&#8230;&#8230;&#8230;&#8230;&#8230;&#8230;&#8230;&#8230;283 Bibliograf\u00eda&#8230;&#8230;&#8230;&#8230;&#8230;&#8230;&#8230;&#8230;&#8230;&#8230;&#8230;&#8230;&#8230;&#8230;&#8230;&#8230;&#8230;&#8230;&#8230;&#8230;&#8230;&#8230;&#8230;&#8230;&#8230;&#8230;..285 Cap\u00edtulo 8. Perspectiva de g\u00e9nero en la defensa penal p\u00fablica de imputados por delitos sexuales: l\u00edmites, ventajas y desaf\u00edos&#8230;&#8230;&#8230;&#8230;..289 Francisca Droguett N\u00fa\u00f1ez &#8211; Sof\u00eda L\u00f3pez V\u00e1squez 1. Introducci\u00f3n&#8230;&#8230;&#8230;&#8230;&#8230;&#8230;&#8230;&#8230;&#8230;&#8230;&#8230;&#8230;&#8230;&#8230;&#8230;&#8230;&#8230;&#8230;&#8230;&#8230;&#8230;&#8230;&#8230;&#8230;&#8230;289 2. Transversalizaci\u00f3n de la perspectiva de g\u00e9nero como frente a la violencia sexual: definici\u00f3n y aplicaci\u00f3n en la DPP&#8230;&#8230;&#8230;&#8230;&#8230;292 3. La Defensa Penal en Chile&#8230;&#8230;&#8230;&#8230;&#8230;&#8230;&#8230;&#8230;&#8230;&#8230;&#8230;&#8230;&#8230;&#8230;&#8230;&#8230;&#8230;&#8230;..297 4. La incorporaci\u00f3n de la perspectiva de g\u00e9nero en la Defensor\u00eda Penal P\u00fablica&#8230;&#8230;&#8230;&#8230;&#8230;&#8230;&#8230;&#8230;&#8230;&#8230;&#8230;&#8230;&#8230;&#8230;&#8230;&#8230;&#8230;&#8230;.311 5. Derechos del imputado y posici\u00f3n de la v\u00edctima en el procedimiento ante una defensa penal sin perspectiva de g\u00e9nero&#8230;&#8230;&#8230;&#8230;&#8230;&#8230;&#8230;&#8230;&#8230;&#8230;&#8230;&#8230;&#8230;&#8230;&#8230;&#8230;&#8230;&#8230;&#8230;&#8230;.315 6. Conciliaci\u00f3n de ambas posiciones. Posibilidad de aplicar perspectiva de g\u00e9nero en la defensa de imputados por delitos sexuales&#8230;&#8230;&#8230;&#8230;&#8230;&#8230;&#8230;&#8230;&#8230;&#8230;&#8230;&#8230;&#8230;&#8230;&#8230;&#8230;318 7. Conclusiones&#8230;&#8230;&#8230;&#8230;&#8230;&#8230;&#8230;&#8230;&#8230;&#8230;&#8230;&#8230;&#8230;&#8230;&#8230;&#8230;&#8230;&#8230;&#8230;&#8230;&#8230;&#8230;&#8230;&#8230;&#8230;325 Bibliograf\u00eda&#8230;&#8230;&#8230;&#8230;&#8230;&#8230;&#8230;&#8230;&#8230;&#8230;&#8230;&#8230;&#8230;&#8230;&#8230;&#8230;&#8230;&#8230;&#8230;&#8230;&#8230;&#8230;&#8230;&#8230;&#8230;&#8230;..327 Cap\u00edtulo 9. La v\u00edctima de delitos sexuales frente al revictimizante proceso judicial chileno&#8230;&#8230;&#8230;&#8230;&#8230;&#8230;&#8230;&#8230;&#8230;&#8230;&#8230;&#8230;&#8230;&#8230;&#8230;&#8230;&#8230;&#8230;&#8230;&#8230;&#8230;&#8230;331 Gabriela Andrade Madrigal &#8211; Constanza Gonz\u00e1lez Carre\u00f1o 1. Introducci\u00f3n&#8230;&#8230;&#8230;&#8230;&#8230;&#8230;&#8230;&#8230;&#8230;&#8230;&#8230;&#8230;&#8230;&#8230;&#8230;&#8230;&#8230;&#8230;&#8230;&#8230;&#8230;&#8230;&#8230;&#8230;&#8230;331 2. Denuncia de delitos sexuales dentro del sistema judicial chileno y sus problem\u00e1ticas&#8230;&#8230;&#8230;&#8230;&#8230;&#8230;&#8230;&#8230;&#8230;&#8230;&#8230;&#8230;&#8230;&#8230;&#8230;&#8230;&#8230;.334 3. Conformaci\u00f3n de la prueba y sus dificultades&#8230;&#8230;&#8230;&#8230;&#8230;&#8230;&#8230;&#8230;&#8230;&#8230;.347 4. Principales consecuencias de la ineficacia del proceso&#8230;&#8230;&#8230;&#8230;&#8230;&#8230;..360 5. Conclusiones&#8230;&#8230;&#8230;&#8230;&#8230;&#8230;&#8230;&#8230;&#8230;&#8230;&#8230;&#8230;&#8230;&#8230;&#8230;&#8230;&#8230;&#8230;&#8230;&#8230;&#8230;&#8230;&#8230;&#8230;&#8230;370 Bibliograf\u00eda&#8230;&#8230;&#8230;&#8230;&#8230;&#8230;&#8230;&#8230;&#8230;&#8230;&#8230;&#8230;&#8230;&#8230;&#8230;&#8230;&#8230;&#8230;&#8230;&#8230;&#8230;&#8230;&#8230;&#8230;&#8230;&#8230;..373 Cap\u00edtulo 10. La exigencia de motivaci\u00f3n como ant\u00eddoto contra los estereotipos de g\u00e9nero en un sistema racional de valoraci\u00f3n probatoria&#8230;&#8230;&#8230;&#8230;&#8230;&#8230;&#8230;&#8230;&#8230;&#8230;&#8230;&#8230;&#8230;&#8230;&#8230;&#8230;&#8230;&#8230;&#8230;&#8230;&#8230;.377 Marcela Paz Araya Novoa 1. Introducci\u00f3n&#8230;&#8230;&#8230;&#8230;&#8230;&#8230;&#8230;&#8230;&#8230;&#8230;&#8230;&#8230;&#8230;&#8230;&#8230;&#8230;&#8230;&#8230;&#8230;&#8230;&#8230;&#8230;&#8230;&#8230;&#8230;377 2. De las teor\u00edas feministas al g\u00e9nero y la ineludible perspectiva de g\u00e9nero&#8230;&#8230;&#8230;&#8230;&#8230;&#8230;&#8230;&#8230;&#8230;&#8230;&#8230;&#8230;&#8230;&#8230;&#8230;&#8230;&#8230;&#8230;&#8230;&#8230;.379 3. \u00bfQu\u00e9 son los estereotipos y c\u00f3mo influyen en perpetuar la discriminaci\u00f3n contra la mujer?&#8230;&#8230;&#8230;&#8230;&#8230;&#8230;&#8230;&#8230;&#8230;&#8230;&#8230;&#8230;&#8230;..384 4. La motivaci\u00f3n. Modelo adecuado para erradicar la irracionalidad y con ello los estereotipos de g\u00e9nero en la declaraci\u00f3n de hechos probados&#8230;&#8230;&#8230;&#8230;&#8230;&#8230;&#8230;&#8230;&#8230;&#8230;&#8230;&#8230;&#8230;388 5. Conclusiones&#8230;&#8230;&#8230;&#8230;&#8230;&#8230;&#8230;&#8230;&#8230;&#8230;&#8230;&#8230;&#8230;&#8230;&#8230;&#8230;&#8230;&#8230;&#8230;&#8230;&#8230;&#8230;&#8230;&#8230;&#8230;416 Bibliograf\u00eda&#8230;&#8230;&#8230;&#8230;&#8230;&#8230;&#8230;&#8230;&#8230;&#8230;&#8230;&#8230;&#8230;&#8230;&#8230;&#8230;&#8230;&#8230;&#8230;&#8230;&#8230;&#8230;&#8230;&#8230;&#8230;&#8230;..417 Cap\u00edtulo 11. Mujeres olvidadas: la realidad femenina tras las rejas&#8230;&#8230;..423 Mar\u00eda de los \u00c1ngeles Gonz\u00e1lez Coulon &#8211; Darenka Alena Yurac Latif 1. Proceso y g\u00e9nero&#8230;&#8230;&#8230;&#8230;&#8230;&#8230;&#8230;&#8230;&#8230;&#8230;&#8230;&#8230;&#8230;&#8230;&#8230;&#8230;&#8230;&#8230;&#8230;&#8230;&#8230;&#8230;&#8230;..423 2. Lo penitenciario como parte del proceso&#8230;&#8230;&#8230;&#8230;&#8230;&#8230;&#8230;&#8230;&#8230;&#8230;&#8230;&#8230;&#8230;428 3. C\u00e1rcel y Mujeres: una mirada hist\u00f3rica&#8230;&#8230;&#8230;&#8230;&#8230;&#8230;&#8230;&#8230;&#8230;&#8230;&#8230;&#8230;&#8230;432 4. Ejecuci\u00f3n de la pena y mujeres&#8230;&#8230;&#8230;&#8230;&#8230;&#8230;&#8230;&#8230;&#8230;&#8230;&#8230;&#8230;&#8230;&#8230;&#8230;&#8230;&#8230;442 5. A modo de conclusi\u00f3n&#8230;&#8230;&#8230;&#8230;&#8230;&#8230;&#8230;&#8230;&#8230;&#8230;&#8230;&#8230;&#8230;&#8230;&#8230;&#8230;&#8230;&#8230;&#8230;&#8230;&#8230;457 Bibliograf\u00eda&#8230;&#8230;&#8230;&#8230;&#8230;&#8230;&#8230;&#8230;&#8230;&#8230;&#8230;&#8230;&#8230;&#8230;&#8230;&#8230;&#8230;&#8230;&#8230;&#8230;&#8230;&#8230;&#8230;&#8230;&#8230;&#8230;..460<\/p>\n","protected":false},"featured_media":3332,"comment_status":"open","ping_status":"closed","template":"","meta":{"inline_featured_image":false,"_joinchat":[]},"product_brand":[],"product_cat":[33],"product_tag":[],"class_list":{"0":"post-3289","1":"product","2":"type-product","3":"status-publish","4":"has-post-thumbnail","6":"product_cat-constitucional","7":"product_shipping_class-a-convenir","9":"first","10":"instock","11":"shipping-taxable","12":"purchasable","13":"product-type-simple"},"_links":{"self":[{"href":"https:\/\/bibliotecajuridicavirtual.cl\/index.php\/wp-json\/wp\/v2\/product\/3289","targetHints":{"allow":["GET"]}}],"collection":[{"href":"https:\/\/bibliotecajuridicavirtual.cl\/index.php\/wp-json\/wp\/v2\/product"}],"about":[{"href":"https:\/\/bibliotecajuridicavirtual.cl\/index.php\/wp-json\/wp\/v2\/types\/product"}],"replies":[{"embeddable":true,"href":"https:\/\/bibliotecajuridicavirtual.cl\/index.php\/wp-json\/wp\/v2\/comments?post=3289"}],"wp:featuredmedia":[{"embeddable":true,"href":"https:\/\/bibliotecajuridicavirtual.cl\/index.php\/wp-json\/wp\/v2\/media\/3332"}],"wp:attachment":[{"href":"https:\/\/bibliotecajuridicavirtual.cl\/index.php\/wp-json\/wp\/v2\/media?parent=3289"}],"wp:term":[{"taxonomy":"product_brand","embeddable":true,"href":"https:\/\/bibliotecajuridicavirtual.cl\/index.php\/wp-json\/wp\/v2\/product_brand?post=3289"},{"taxonomy":"product_cat","embeddable":true,"href":"https:\/\/bibliotecajuridicavirtual.cl\/index.php\/wp-json\/wp\/v2\/product_cat?post=3289"},{"taxonomy":"product_tag","embeddable":true,"href":"https:\/\/bibliotecajuridicavirtual.cl\/index.php\/wp-json\/wp\/v2\/product_tag?post=3289"}],"curies":[{"name":"wp","href":"https:\/\/api.w.org\/{rel}","templated":true}]}}