{"id":3707,"date":"2026-02-28T01:19:42","date_gmt":"2026-02-28T04:19:42","guid":{"rendered":"https:\/\/bibliotecajuridicavirtual.cl\/?post_type=product&#038;p=3707"},"modified":"2026-02-28T01:20:03","modified_gmt":"2026-02-28T04:20:03","slug":"igualdad-y-no-discriminacion-proteccion-juridica-de-minorias-y-grupos-sujetos-a-vulnerabilidad-ano-2022-528-pag-autor-mabel-candano-perez-y-regina-ingrid-diaz-tolosa","status":"publish","type":"product","link":"https:\/\/bibliotecajuridicavirtual.cl\/index.php\/product\/igualdad-y-no-discriminacion-proteccion-juridica-de-minorias-y-grupos-sujetos-a-vulnerabilidad-ano-2022-528-pag-autor-mabel-candano-perez-y-regina-ingrid-diaz-tolosa\/","title":{"rendered":"Igualdad y no discriminaci\u00f3n: Protecci\u00f3n jur\u00eddica de minor\u00edas y grupos sujetos a vulnerabilidad. A\u00f1o 2022\/ 528 P\u00e1g. Autor Mabel C\u00e1ndano P\u00e9rez y Regina Ingrid D\u00edaz Tolosa"},"content":{"rendered":"<p>Esta obra recoge las investigaciones presentadas en las Jornadas de la Facultad de Derecho de la Universidad Aut\u00f3noma de Chile realizadas en Sede Santiago el 2019 sobre el principio de igualdad y no discriminaci\u00f3n, con especial \u00e9nfasis en la protecci\u00f3n jur\u00eddica de las minor\u00edas y<br \/>\ngrupos sujetos a vulnerabilidad.<br \/>\nLas contribuciones que componen la obra se circunscriben en cinco ejes tem\u00e1ticos: 1) Igualdad y no discriminaci\u00f3n; 2) Pol\u00edtica e interculturalidad; 3) Protecci\u00f3n medioambiental y desarrollo econ\u00f3mico; 4) Mujeres y autodeterminaci\u00f3n sexual, y 5) Adultos mayores y personas migrantes.<br \/>\nAdem\u00e1s, se incorporan las investigaciones realizadas por estudiantes de la carrera de Derecho de la Universidad Aut\u00f3noma de Chile, Sede Santiago sobre: 1) Expulsi\u00f3n de extranjeros, 2) Derecho a la identidad familiar y, 3) Derecho de alimentos.<br \/>\nEl doctor Lu\u00eds Roberto Barroso, ministro del Supremo Tribunal Federal de Brasil, a modo de proleg\u00f3meno, nos invita a la reflexi\u00f3n acerca del papel de los jueces, la pol\u00edtica y las democracias contempor\u00e1neas.<\/p>\n<p>\u00cdNDICE<br \/>\nPresentaci\u00f3n\u00a0\u00a0 \u00a0\u00a0\u00a0 \u00a023<br \/>\nDra. Regina Ingrid D\u00edaz Tolosa<br \/>\nPROLEG\u00d3MENO<br \/>\ncontramayoritario, representativo e iluminista: las funciones de los tribunales supremos y constitucionales en las democracias contempor\u00e1neas\u00a0\u00a0 \u00a0\u00a0\u00a0 \u00a029<br \/>\nLu\u00eds Roberto Barroso<br \/>\n1. Introducci\u00f3n: Estado del Arte del Derecho Constitucional Contempor\u00e1neo\u00a0\u00a0 \u00a0\u00a0\u00a0 \u00a030<br \/>\n1.1. El objeto de este art\u00edculo\u00a0\u00a0 \u00a0\u00a0\u00a0 \u00a030<br \/>\n1.2. Una mirada desde el exterior\u00a0\u00a0 \u00a0\u00a0\u00a0 \u00a031<br \/>\n1.3. La americanizaci\u00f3n y la globalizaci\u00f3n del derecho constitucional\u00a0\u00a0 \u00a0\u00a0\u00a0 \u00a032<br \/>\n2. Ascensi\u00f3n del poder judicial, judicializaci\u00f3n y activismo judicial\u00a0\u00a0 \u00a0\u00a0\u00a0 \u00a034<br \/>\n2.1. La judicializaci\u00f3n de la vida\u00a0\u00a0 \u00a0\u00a0\u00a0 \u00a034<br \/>\n2.2. El activismo judicial\u00a0\u00a0 \u00a0\u00a0\u00a0 \u00a036<br \/>\n2.3. Cr\u00edticas a la expansi\u00f3n del Poder Judicial y su justificaci\u00f3n\u00a0\u00a0 \u00a0\u00a0\u00a0 \u00a041<br \/>\n3. Derecho y pol\u00edtica: la tenue frontera\u00a0\u00a0 \u00a0\u00a0\u00a0 \u00a043<br \/>\n3.1. La concepci\u00f3n tradicional\u00a0\u00a0 \u00a0\u00a0\u00a0 \u00a043<br \/>\n3.2. El modelo real\u00a0\u00a0 \u00a0\u00a0\u00a0 \u00a044<br \/>\n3.3. Factores que influyen en las decisiones judiciales\u00a0\u00a0 \u00a0\u00a0\u00a0 \u00a047<br \/>\n4. Roles de los tribunales supremos y constitucionales\u00a0\u00a0 \u00a0\u00a0\u00a0 \u00a049<br \/>\n4.1. Rol contramayoritario\u00a0\u00a0 \u00a0\u00a0\u00a0 \u00a050<br \/>\n4.2. Rol representativo\u00a0\u00a0 \u00a0\u00a0\u00a0 \u00a053<br \/>\n4.3. Rol iluminista\u00a0\u00a0 \u00a0\u00a0\u00a0 \u00a061<br \/>\n5. Conclusiones\u00a0\u00a0 \u00a0\u00a0\u00a0 \u00a074<br \/>\n6. Bibliograf\u00eda\u00a0\u00a0 \u00a0\u00a0\u00a0 \u00a076<br \/>\nI. Igualdad y no discriminaci\u00f3n<br \/>\nLa igualdad como presupuesto del pluralismo jur\u00eddico\u00a0\u00a0 \u00a0\u00a0\u00a0 \u00a087<br \/>\nF\u00e1tima El Fakih Rodr\u00edguez<br \/>\n1. Introducci\u00f3n\u00a0\u00a0 \u00a0\u00a0\u00a0 \u00a088<br \/>\n2. \u00bfC\u00f3mo es ese pluralismo que, en favor de lo diferente, reclama igualdad?\u00a0\u00a0 \u00a0\u00a0\u00a0 \u00a090<br \/>\n2.1. Acerca de la igualdad\u00a0\u00a0 \u00a0\u00a0\u00a0 \u00a093<br \/>\n2.2. Acerca de la diferencia\u00a0\u00a0 \u00a0\u00a0\u00a0 \u00a098<br \/>\n3. \u00bfC\u00f3mo hacemos para defender la pluralidad de nuestros pueblos ind\u00edgenas, sus formas de vida, sus culturas y principalmente sus diversos sistemas jur\u00eddicos como regulaciones jur\u00eddicas v\u00e1lidas y al mismo tiempo damos argumentos a favor de la igualdad?\u00a0\u00a0 \u00a0\u00a0\u00a0 \u00a0100<br \/>\n3.1. La deconstrucci\u00f3n\u00a0\u00a0 \u00a0\u00a0\u00a0 \u00a0101<br \/>\n3.2. El pluralismo jur\u00eddico\u00a0\u00a0 \u00a0\u00a0\u00a0 \u00a0104<br \/>\n4. Conclusiones\u00a0\u00a0 \u00a0\u00a0\u00a0 \u00a0110<br \/>\n5. Bibliograf\u00eda\u00a0\u00a0 \u00a0\u00a0\u00a0 \u00a0112<br \/>\nEl derecho p\u00fablico frente a personas en condiciones de vulnerabilidad: \u00bfes necesario reconocer a determinados grupos en la Constituci\u00f3n?\u00a0\u00a0 \u00a0\u00a0\u00a0 \u00a0115<br \/>\nMarcela Peredo Rojas<br \/>\n1. Introducci\u00f3n\u00a0\u00a0 \u00a0\u00a0\u00a0 \u00a0116<br \/>\n2. Sobre la persona como titular de derechos en la Constituci\u00f3n Pol\u00edtica de la Rep\u00fablica\u00a0\u00a0 \u00a0\u00a0\u00a0 \u00a0117<br \/>\n3. Sobre el concepto de vulnerabilidad y su protecci\u00f3n constitucional: \u00bfSe deben reconocer ciertos grupos en la Constituci\u00f3n Pol\u00edtica de la Rep\u00fablica?\u00a0\u00a0 \u00a0\u00a0\u00a0 \u00a0118<br \/>\n4. Sobre el sentido de igualdad e isonom\u00eda\u00a0\u00a0 \u00a0\u00a0\u00a0 \u00a0124<br \/>\n5. Criterios jurisprudenciales del Tribunal Constitucional chileno\u00a0\u00a0 \u00a0\u00a0\u00a0 \u00a0126<br \/>\n5.1. Criterios para determinar arbitrariedad\u00a0\u00a0 \u00a0\u00a0\u00a0 \u00a0126<br \/>\n5.2. Criterio de proporcionalidad para evaluar la diferenciaci\u00f3n\u00a0\u00a0 \u00a0\u00a0\u00a0 \u00a0127<br \/>\n5.3. Igualdades y desigualdades esenciales\u00a0\u00a0 \u00a0\u00a0\u00a0 \u00a0127<br \/>\n5.4. Doble dimensi\u00f3n de la igualdad\u00a0\u00a0 \u00a0\u00a0\u00a0 \u00a0128<br \/>\n5.5. Derecho a la igualdad entre hombres y mujeres\u00a0\u00a0 \u00a0\u00a0\u00a0 \u00a0128<br \/>\n6. Conclusiones\u00a0\u00a0 \u00a0\u00a0\u00a0 \u00a0129<br \/>\n7. Bibliograf\u00eda\u00a0\u00a0 \u00a0\u00a0\u00a0 \u00a0129<br \/>\n8. Jurisprudencia citada\u00a0\u00a0 \u00a0\u00a0\u00a0 \u00a0130<br \/>\nII. Pol\u00edtica e Interculturalidad<br \/>\nDiscriminaci\u00f3n por razones pol\u00edticas: la libertad ideol\u00f3gica y los funcionarios p\u00fablicos\u00a0\u00a0 \u00a0\u00a0\u00a0 \u00a0141<br \/>\nAlexander Espinoza<br \/>\nJhenny Rivas<br \/>\n1. Introducci\u00f3n\u00a0\u00a0 \u00a0\u00a0\u00a0 \u00a0142<br \/>\n2. Democracia pluralista\u00a0\u00a0 \u00a0\u00a0\u00a0 \u00a0142<br \/>\n3. Deber de lealtad de los funcionarios p\u00fablicos\u00a0\u00a0 \u00a0\u00a0\u00a0 \u00a0145<br \/>\n4. Neutralidad de los funcionarios p\u00fablicos\u00a0\u00a0 \u00a0\u00a0\u00a0 \u00a0145<br \/>\n5. Prohibici\u00f3n de discriminaci\u00f3n\u00a0\u00a0 \u00a0\u00a0\u00a0 \u00a0147<br \/>\n6. Discriminaci\u00f3n por razones pol\u00edticas o ideol\u00f3gicas\u00a0\u00a0 \u00a0\u00a0\u00a0 \u00a0150<br \/>\n7. Conclusiones\u00a0\u00a0 \u00a0\u00a0\u00a0 \u00a0164<br \/>\n8. Bibliograf\u00eda\u00a0\u00a0 \u00a0\u00a0\u00a0 \u00a0164<br \/>\n9. Jurisprudencia citada\u00a0\u00a0 \u00a0\u00a0\u00a0 \u00a0166<br \/>\nConstitucionalismo en red: un m\u00e9todo hermen\u00e9utico para la protecci\u00f3n de los derechos fundamentales de comunidades locales y grupos vulnerables frente a proyectos de inversi\u00f3n\u00a0\u00a0 \u00a0\u00a0\u00a0 \u00a0167<br \/>\nJuan Jorge Faundes Pe\u00f1afiel<br \/>\nPatricia Perrone Campos Mello<br \/>\n1. Introducci\u00f3n\u00a0\u00a0 \u00a0\u00a0\u00a0 \u00a0168<br \/>\n2. Contexto para el constitucionalismo en red\u00a0\u00a0 \u00a0\u00a0\u00a0 \u00a0170<br \/>\n2.1. Grupos vulnerables, comunidades locales y comunidades ind\u00edgenas\u00a0\u00a0 \u00a0\u00a0\u00a0 \u00a0170<br \/>\n2.2. Proyectos de inversi\u00f3n y comunidades locales\u00a0\u00a0 \u00a0\u00a0\u00a0 \u00a0174<br \/>\n2.3. Contexto normativo regional\u00a0\u00a0 \u00a0\u00a0\u00a0 \u00a0177<br \/>\n3. El constitucionalismo en red como m\u00e9todo hermen\u00e9utico\u00a0\u00a0 \u00a0\u00a0\u00a0 \u00a0179<br \/>\n3.1. Concepto\u00a0\u00a0 \u00a0\u00a0\u00a0 \u00a0179<br \/>\n3.2. El constitucionalismo en red como m\u00e9todo hermen\u00e9utico argumentativo\u00a0\u00a0 \u00a0\u00a0\u00a0 \u00a0181<br \/>\n3.2.1. Primero, la red\u00a0\u00a0 \u00a0\u00a0\u00a0 \u00a0182<br \/>\n3.2.2. Segundo, concurrencia de problemas y fuentes\u00a0\u00a0 \u00a0\u00a0\u00a0 \u00a0182<br \/>\n3.2.3. Tercero, convergencia argumental\u00a0\u00a0 \u00a0\u00a0\u00a0 \u00a0182<br \/>\n3.2.4. Cuarto, el constitucionalismo en red como una estrategia hermen\u00e9utica de di\u00e1logo judicial\u00a0\u00a0 \u00a0\u00a0\u00a0 \u00a0183<br \/>\n3.2.5. Quinto, las interacciones internacionales de la red\u00a0\u00a0 \u00a0\u00a0\u00a0 \u00a0185<br \/>\n3.2.6. Sexto, el di\u00e1logo comparado regional\u00a0\u00a0 \u00a0\u00a0\u00a0 \u00a0186<br \/>\n3.2.7. S\u00e9ptimo, monitoreo rec\u00edproco\u00a0\u00a0 \u00a0\u00a0\u00a0 \u00a0188<br \/>\n4. El constitucionalismo en red como m\u00e9todo de tutela de los derechos fundamentales de comunidades locales frente a proyectos de inversi\u00f3n\u00a0\u00a0 \u00a0\u00a0\u00a0 \u00a0190<br \/>\n5. Conclusiones\u00a0\u00a0 \u00a0\u00a0\u00a0 \u00a0191<br \/>\n6. Bibliograf\u00eda\u00a0\u00a0 \u00a0\u00a0\u00a0 \u00a0194<br \/>\n7. Jurisprudencia citada\u00a0\u00a0 \u00a0\u00a0\u00a0 \u00a0200<br \/>\nIII. Protecci\u00f3n medioambiental y desarrollo econ\u00f3mico<br \/>\nLa apertura jurisdiccional del listado de actividades sujetas a evaluaci\u00f3n ambiental: \u00bfqu\u00e9 consecuencias tiene para los pueblos ind\u00edgenas?\u00a0\u00a0 \u00a0\u00a0\u00a0 \u00a0203<br \/>\nPedro Harris Moya<br \/>\n1. Introducci\u00f3n\u00a0\u00a0 \u00a0\u00a0\u00a0 \u00a0204<br \/>\n2. Ausencia expresa de los pueblos ind\u00edgenas en la evaluaci\u00f3n ambiental\u00a0\u00a0 \u00a0\u00a0\u00a0 \u00a0205<br \/>\n2.1. Aplicaci\u00f3n de la evaluaci\u00f3n en materia ambiental\u00a0\u00a0 \u00a0\u00a0\u00a0 \u00a0206<br \/>\n2.2. Aplicaci\u00f3n de la participaci\u00f3n en materia ind\u00edgena\u00a0\u00a0 \u00a0\u00a0\u00a0 \u00a0208<br \/>\n3. Presencia impl\u00edcita de los pueblos ind\u00edgenas en la evaluaci\u00f3n ambiental\u00a0\u00a0 \u00a0\u00a0\u00a0 \u00a0211<br \/>\n3.1. Apertura de la lista de actividades sujetas a la evaluaci\u00f3n ambiental\u00a0\u00a0 \u00a0\u00a0\u00a0 \u00a0212<br \/>\n3.2. Apertura de la lista de actividades sujetas a la participaci\u00f3n ind\u00edgena\u00a0\u00a0 \u00a0\u00a0\u00a0 \u00a0214<br \/>\n4. Conclusiones\u00a0\u00a0 \u00a0\u00a0\u00a0 \u00a0217<br \/>\n5. Bibliograf\u00eda\u00a0\u00a0 \u00a0\u00a0\u00a0 \u00a0219<br \/>\n6. Jurisprudencia citada\u00a0\u00a0 \u00a0\u00a0\u00a0 \u00a0220<br \/>\nDeconstruir la intersecci\u00f3n entre desarrollo econ\u00f3mico y comercio internacional\u00a0\u00a0 \u00a0\u00a0\u00a0 \u00a0221<br \/>\nJaime Tijmes-Ihl<br \/>\nAndrea Lucas Gar\u00edn<br \/>\n1. Introducci\u00f3n\u00a0\u00a0 \u00a0\u00a0\u00a0 \u00a0221<br \/>\n2. Deconstruir la definici\u00f3n de los pa\u00edses en desarrollo\u00a0\u00a0 \u00a0\u00a0\u00a0 \u00a0223<br \/>\n3. Historia de las preferencias para los pa\u00edses en desarrollo\u00a0\u00a0 \u00a0\u00a0\u00a0 \u00a0226<br \/>\n4. Liberalizaci\u00f3n comercial, proteccionismo y redistribuci\u00f3n\u00a0\u00a0 \u00a0\u00a0\u00a0 \u00a0229<br \/>\n5. Dumping social y ambiental\u00a0\u00a0 \u00a0\u00a0\u00a0 \u00a0231<br \/>\n6. El consumo proteccionista\u00a0\u00a0 \u00a0\u00a0\u00a0 \u00a0234<br \/>\n7. El comercio internacional y los pa\u00edses en desarrollo: \u00bfaportes para la superaci\u00f3n de la pobreza?\u00a0\u00a0 \u00a0\u00a0\u00a0 \u00a0235<br \/>\n8. Conclusiones\u00a0\u00a0 \u00a0\u00a0\u00a0 \u00a0237<br \/>\n9. Bibliograf\u00eda\u00a0\u00a0 \u00a0\u00a0\u00a0 \u00a0239<br \/>\nIV. Mujeres y autodeterminaci\u00f3n sexual<br \/>\nG\u00e9nero y tributos: perspectiva del trato fiscal a las mujeres de acuerdo con los Objetivos de Desarrollo Sostenible de las Naciones Unidas\u00a0\u00a0 \u00a0\u00a0\u00a0 \u00a0245<br \/>\nPatricio Masbernat<br \/>\nGloria Ramos-Fuentes<br \/>\n1. Introducci\u00f3n\u00a0\u00a0 \u00a0\u00a0\u00a0 \u00a0246<br \/>\n2. An\u00e1lisis general de los efectos perjudiciales del dise\u00f1o de los impuestos de acuerdo con el tipo de tributo\u00a0\u00a0 \u00a0\u00a0\u00a0 \u00a0250<br \/>\n2.1. Impuestos a los ingresos personales y tributos de seguridad social\u00a0\u00a0 \u00a0\u00a0\u00a0 \u00a0250<br \/>\n2.2. Impuestos corporativos\u00a0\u00a0 \u00a0\u00a0\u00a0 \u00a0252<br \/>\n2.3. Tributaci\u00f3n de propiedad y patrimonio\u00a0\u00a0 \u00a0\u00a0\u00a0 \u00a0254<br \/>\n2.4. Impuestos al consumo e Impuesto al Valor Agregado\u00a0\u00a0 \u00a0\u00a0\u00a0 \u00a0255<br \/>\n3. S\u00edntesis general acerca de las recomendaciones las Naciones Unidas\u00a0\u00a0 \u00a0\u00a0\u00a0 \u00a0257<br \/>\n3.1. La Addis Ababa Action Agenda of the Third International Conference on Financing for Development \u00a0\u00a0 \u00a0\u00a0\u00a0 \u00a0257<br \/>\n3.2. Paper de la Secretar\u00eda General de la ONU: \u201cThe role of Taxation and Domestic Resource Mobilization in the Implementation of the Sustainable Development Goals\u201d \u00a0\u00a0 \u00a0\u00a0\u00a0 \u00a0259<br \/>\n3.3. Follow-up note on \u201cThe role of taxation and domestic resource mobilization in achieving the Sustainable Development Goals\u201d\u00a0\u00a0 \u00a0\u00a0\u00a0 \u00a0261<br \/>\n3.3.1. Progresividad del sistema fiscal\u00a0\u00a0 \u00a0\u00a0\u00a0 \u00a0262<br \/>\n3.3.2. Fiscalidad e igualdad de g\u00e9nero\u00a0\u00a0 \u00a0\u00a0\u00a0 \u00a0262<br \/>\n3.3.3. Opciones de pol\u00edtica fiscal para promover la igualdad de g\u00e9nero\u00a0\u00a0 \u00a0\u00a0\u00a0 \u00a0264<br \/>\n4. Conclusiones\u00a0\u00a0 \u00a0\u00a0\u00a0 \u00a0265<br \/>\n5. Bibliograf\u00eda\u00a0\u00a0 \u00a0\u00a0\u00a0 \u00a0266<br \/>\nDe las nuevas formas de violencia intrafamiliar: comentarios a los proyectos de reforma a la Ley de Violencia Intrafamiliar en Chile\u00a0\u00a0 \u00a0\u00a0\u00a0 \u00a0273<br \/>\nNicol\u00e1s Ib\u00e1\u00f1ez Meza<br \/>\n1. Introducci\u00f3n\u00a0\u00a0 \u00a0\u00a0\u00a0 \u00a0274<br \/>\n2. Lo pasado y lo presente en materia de violencia intrafamiliar\u00a0\u00a0 \u00a0\u00a0\u00a0 \u00a0274<br \/>\n3. De las nuevas consecuencias de la violencia\u00a0\u00a0 \u00a0\u00a0\u00a0 \u00a0283<br \/>\n3.1. Bolet\u00edn N\u00b0 12531-18. Proyecto de ley que modifica la Ley N\u00b0 20.066, que establece Ley de Violencia Intrafamiliar, para impedir a personas condenadas por actos contrarios a dicha norma el acceso a beneficios estatales en materia de vivienda\u00a0\u00a0 \u00a0\u00a0\u00a0 \u00a0283<br \/>\n3.2. Bolet\u00edn N\u00b0 12537-18. Proyecto de ley que modifica la Ley N\u00b0 20.066, que establece Ley de Violencia Intrafamiliar, para incorporar, en el procedimiento judicial a que da lugar su infracci\u00f3n, la asistencia obligatoria del infractor a programas terap\u00e9uticos o de orientaci\u00f3n familiar, y otras medidas cautelares\u00a0\u00a0 \u00a0\u00a0\u00a0 \u00a0287<br \/>\n3.3. Bolet\u00edn N\u00b0 12815-18. Proyecto de ley que modifica Ley N\u00b0 19.968, que crea los tribunales de familia, para establecer un mecanismo de control de las medidas cautelares y de la suspensi\u00f3n condicional de la sentencia decretadas en procesos de violencia intrafamiliar, y de ampliar el plazo de arresto en caso de incumplimiento de tales medidas\u00a0\u00a0 \u00a0\u00a0\u00a0 \u00a0291<br \/>\n4. De los nuevos escenarios de violencia\u00a0\u00a0 \u00a0\u00a0\u00a0 \u00a0295<br \/>\n4.1. Bolet\u00edn N\u00ba 12394-18. Proyecto de ley que modifica la Ley N\u00ba 20.066, que establece la Ley de Violencia Intrafamiliar para sancionar como maltrato habitual el incumplimiento reiterado en el pago de alimentos. \u00a0\u00a0 \u00a0\u00a0\u00a0 \u00a0295<br \/>\n4.2. Bolet\u00edn N\u00b0 12660-18. Proyecto de reforma a la ley de VIF que establece medidas contra discriminaci\u00f3n para sancionar actos ejecutados en el \u00e1mbito familiar o educacional destinados a modificar la orientaci\u00f3n sexual y la identidad o expresi\u00f3n de g\u00e9nero de los ni\u00f1os, ni\u00f1as y adolescentes\u00a0\u00a0 \u00a0\u00a0\u00a0 \u00a0299<br \/>\n4.3. Bolet\u00edn n\u00b0 12759-07. Proyecto de ley, que modifica el C\u00f3digo Penal, el C\u00f3digo Procesal Penal y la Ley N\u00b0 20.066, sobre violencia intrafamiliar, para prevenir y sancionar penalmente el abuso patrimonial contra adultos mayores y personas con discapacidad\u00a0\u00a0 \u00a0\u00a0\u00a0 \u00a0305<br \/>\n5. Conclusiones\u00a0\u00a0 \u00a0\u00a0\u00a0 \u00a0308<br \/>\n6. Bibliograf\u00eda\u00a0\u00a0 \u00a0\u00a0\u00a0 \u00a0311<br \/>\nLa libertad general de actuaci\u00f3n y la autodeterminaci\u00f3n sexual. La reedici\u00f3n de la controversia en torno al delito de sodom\u00eda\u00a0\u00a0 \u00a0\u00a0\u00a0 \u00a0313<br \/>\nAlexander Espinoza<br \/>\nJhenny Rivas<br \/>\n1. Introducci\u00f3n\u00a0\u00a0 \u00a0\u00a0\u00a0 \u00a0314<br \/>\n2. La libertad general de actuaci\u00f3n en el derecho penal\u00a0\u00a0 \u00a0\u00a0\u00a0 \u00a0314<br \/>\n2.1. El sentido literal del art\u00edculo 19 N\u00b0 7\u00a0\u00a0 \u00a0\u00a0\u00a0 \u00a0317<br \/>\n2.2. La interpretaci\u00f3n sistem\u00e1tica del art\u00edculo 19 N\u00b0 7\u00a0\u00a0 \u00a0\u00a0\u00a0 \u00a0318<br \/>\n2.3. La interpretaci\u00f3n hist\u00f3rica del art\u00edculo 19 N\u00b0 7\u00a0\u00a0 \u00a0\u00a0\u00a0 \u00a0320<br \/>\n2.4. La interpretaci\u00f3n teleol\u00f3gica del art\u00edculo 19 N\u00b0 7\u00a0\u00a0 \u00a0\u00a0\u00a0 \u00a0323<br \/>\n2.5. La protecci\u00f3n frente a s\u00ed mismo\u00a0\u00a0 \u00a0\u00a0\u00a0 \u00a0326<br \/>\n3. El delito de sodom\u00eda\u00a0\u00a0 \u00a0\u00a0\u00a0 \u00a0328<br \/>\n3.1. El delito de sodom\u00eda y la libertad general de actuaci\u00f3n del adulto\u00a0\u00a0 \u00a0\u00a0\u00a0 \u00a0328<br \/>\n3.2. El delito de sodom\u00eda y la libertad general de actuaci\u00f3n del menor\u00a0\u00a0 \u00a0\u00a0\u00a0 \u00a0330<br \/>\n3.2.1. El bien jur\u00eddico protegido\u00a0\u00a0 \u00a0\u00a0\u00a0 \u00a0331<br \/>\n3.2.2. El derecho objeto de limitaci\u00f3n\u00a0\u00a0 \u00a0\u00a0\u00a0 \u00a0334<br \/>\n3.2.3. El principio de idoneidad\u00a0\u00a0 \u00a0\u00a0\u00a0 \u00a0334<br \/>\n3.2.4. El principio de ultima ratio penal\u00a0\u00a0 \u00a0\u00a0\u00a0 \u00a0336<br \/>\n4. La justicia del caso concreto\u00a0\u00a0 \u00a0\u00a0\u00a0 \u00a0338<br \/>\n5. El fundamento jur\u00eddico de la inaplicabilidad\u00a0\u00a0 \u00a0\u00a0\u00a0 \u00a0344<br \/>\n5.1. El recurso de inaplicabilidad\u00a0\u00a0 \u00a0\u00a0\u00a0 \u00a0344<br \/>\n5.2. El efecto irradiante\u00a0\u00a0 \u00a0\u00a0\u00a0 \u00a0345<br \/>\n5.3. El efecto normativo externo\u00a0\u00a0 \u00a0\u00a0\u00a0 \u00a0347<br \/>\n6. Conclusiones\u00a0\u00a0 \u00a0\u00a0\u00a0 \u00a0348<br \/>\n7. Bibliograf\u00eda\u00a0\u00a0 \u00a0\u00a0\u00a0 \u00a0350<br \/>\n8. Jurisprudencia citada\u00a0\u00a0 \u00a0\u00a0\u00a0 \u00a0357<br \/>\nV. Adultos mayores y personas migrantes<br \/>\nMinor\u00edas y grupos vulnerables desde el derecho internacional: los adultos mayores y la implementaci\u00f3n\u00a0de la convenci\u00f3n internacional sobre adultos mayores\u00a0\u00a0 \u00a0\u00a0\u00a0 \u00a0363<br \/>\nSergio Pe\u00f1a-Neira<br \/>\n1. Introducci\u00f3n\u00a0\u00a0 \u00a0\u00a0\u00a0 \u00a0364<br \/>\n2. Minor\u00edas, Grupos Vulnerables y Adultos Mayores\u00a0\u00a0 \u00a0\u00a0\u00a0 \u00a0365<br \/>\n2.1. Minor\u00edas\u00a0\u00a0 \u00a0\u00a0\u00a0 \u00a0365<br \/>\n2.2. \u201cGrupos vulnerables\u201d\u00a0\u00a0 \u00a0\u00a0\u00a0 \u00a0366<br \/>\n2.3. Adultos mayores\u00a0\u00a0 \u00a0\u00a0\u00a0 \u00a0366<br \/>\n3. La Convenci\u00f3n Interamericana SOBRE Adultos Mayores\u00a0\u00a0 \u00a0\u00a0\u00a0 \u00a0367<br \/>\n3.1. Breve descripci\u00f3n\u00a0\u00a0 \u00a0\u00a0\u00a0 \u00a0367<br \/>\n3.2. Obligaciones y derechos, comentario\u00a0\u00a0 \u00a0\u00a0\u00a0 \u00a0368<br \/>\n3.3. Obligaciones de inter\u00e9s\u00a0\u00a0 \u00a0\u00a0\u00a0 \u00a0368<br \/>\n3.4. Derechos\u00a0\u00a0 \u00a0\u00a0\u00a0 \u00a0370<br \/>\n3.5. Principios aplicables por la Convenci\u00f3n\u00a0\u00a0 \u00a0\u00a0\u00a0 \u00a0372<br \/>\n3.6. Comentario sobre algunos de estos derechos que inciden en el estudio de casos\u00a0\u00a0 \u00a0\u00a0\u00a0 \u00a0373<br \/>\n4. Adulto Mayor miembro de un grupo vulnerable minoritario y de un grupo minoritario vulnerable\u00a0\u00a0 \u00a0\u00a0\u00a0 \u00a0374<br \/>\n5. Derechos de Adulto Mayor en calidad de perteneciente a un grupo minoritario vulnerable\u00a0\u00a0 \u00a0\u00a0\u00a0 \u00a0374<br \/>\n6. La necesidad de una interpretaci\u00f3n arm\u00f3nica: COVID y Adultos Mayores: \u201cmanejo humanitario\u201d, \u201cmanejo compasivo\u201d\u00a0\u00a0 \u00a0\u00a0\u00a0 \u00a0377<br \/>\n7. Conclusiones\u00a0\u00a0 \u00a0\u00a0\u00a0 \u00a0381<br \/>\n8. Bibliograf\u00eda\u00a0\u00a0 \u00a0\u00a0\u00a0 \u00a0382<br \/>\n9. Jurisprudencia citada\u00a0\u00a0 \u00a0\u00a0\u00a0 \u00a0383<br \/>\nLa ancianidad: un nuevo desaf\u00edo para el derecho\u00a0\u00a0 \u00a0\u00a0\u00a0 \u00a0385<br \/>\nCecilia Paz Latorre Florido<br \/>\n1. Introducci\u00f3n\u00a0\u00a0 \u00a0\u00a0\u00a0 \u00a0386<br \/>\n2. Volvamos al inicio: \u00bfQu\u00e9 es la ancianidad?\u00a0\u00a0 \u00a0\u00a0\u00a0 \u00a0387<br \/>\n3. \u00bfCu\u00e1ntas personas en situaci\u00f3n de ancianidad hay en nuestro pa\u00eds?\u00a0\u00a0 \u00a0\u00a0\u00a0 \u00a0389<br \/>\n4. Pero \u00bfPor qu\u00e9 la ancianidad conlleva vulnerabilidad?\u00a0\u00a0 \u00a0\u00a0\u00a0 \u00a0390<br \/>\n5. Chile y Uruguay, los pa\u00edses m\u00e1s ancianos de Latinoam\u00e9rica. \u00bfQu\u00e9 tanto distan en materia de ancianidad?\u00a0\u00a0 \u00a0\u00a0\u00a0 \u00a0395<br \/>\n5.1. Ancianidad, derecho y tecnolog\u00eda: el Plan Ibirapit\u00e1 en Uruguay\u00a0\u00a0 \u00a0\u00a0\u00a0 \u00a0398<br \/>\n6. Conclusiones\u00a0\u00a0 \u00a0\u00a0\u00a0 \u00a0400<br \/>\n7. Bibliograf\u00eda\u00a0\u00a0 \u00a0\u00a0\u00a0 \u00a0403<br \/>\nAporte de los tribunales superiores de justicia chilenos a la protecci\u00f3n de los derechos de las personas migrantes a trav\u00e9s de la aplicaci\u00f3n directa de normas internacionales\u00a0\u00a0 \u00a0\u00a0\u00a0 \u00a0405<br \/>\nRegina Ingrid D\u00edaz Tolosa<br \/>\n1. Introducci\u00f3n\u00a0\u00a0 \u00a0\u00a0\u00a0 \u00a0406<br \/>\n2. V\u00edas de reclamaci\u00f3n judicial en casos de expulsi\u00f3n de extranjeros\u00a0\u00a0 \u00a0\u00a0\u00a0 \u00a0411<br \/>\n2.1. La acci\u00f3n especial de reclamaci\u00f3n del art\u00edculo 89 del Decreto Ley n\u00b0 1094 de 1975\u00a0\u00a0 \u00a0\u00a0\u00a0 \u00a0412<br \/>\n2.2. La acci\u00f3n de amparo constitucional como v\u00eda de reclamaci\u00f3n en contra de todo tipo de expulsi\u00f3n\u00a0\u00a0 \u00a0\u00a0\u00a0 \u00a0415<br \/>\n3. Aplicaci\u00f3n directa de normas internacionales por los tribunales superiores de justicia chilenos en casos de extranjeros en situaci\u00f3n de expulsi\u00f3n\u00a0\u00a0 \u00a0\u00a0\u00a0 \u00a0419<br \/>\n3.1. Aplicaci\u00f3n de la Convenci\u00f3n Americana sobre Derechos Humanos\u00a0\u00a0 \u00a0\u00a0\u00a0 \u00a0419<br \/>\n3.1.1. Art\u00edculo 22, sobre derecho de circulaci\u00f3n y de residencia (legalidad y motivaci\u00f3n de la medida de expulsi\u00f3n)\u00a0\u00a0 \u00a0\u00a0\u00a0 \u00a0420<br \/>\n3.1.2. Art\u00edculo 7 sobre derecho a la libertad personal (derecho a no ser privado de libertad ilegal o arbitrariamente de forma previa a la expulsi\u00f3n)\u00a0\u00a0 \u00a0\u00a0\u00a0 \u00a0429<br \/>\n3.1.3. Art\u00edculo 8, sobre garant\u00edas judiciales (derecho a ser notificado de los motivos de la expulsi\u00f3n y revisi\u00f3n de sentencia desfavorable)\u00a0\u00a0 \u00a0\u00a0\u00a0 \u00a0430<br \/>\n3.1.4. Art\u00edculo 17, sobre protecci\u00f3n de la familia (derecho a reunificaci\u00f3n familiar)\u00a0\u00a0 \u00a0\u00a0\u00a0 \u00a0431<br \/>\n3.2. Aplicaci\u00f3n de la Convenci\u00f3n sobre los Derechos del Ni\u00f1o\u00a0\u00a0 \u00a0\u00a0\u00a0 \u00a0432<br \/>\n3.2.1. Casos fundados en causal de expulsi\u00f3n facultativa del art\u00edculo 17 en relaci\u00f3n con el art\u00edculo 15 N\u00b0 2 del Decreto Ley N\u00b0 1094 de 1975\u00a0\u00a0 \u00a0\u00a0\u00a0 \u00a0433<br \/>\n3.2.2. Casos fundados en causal de expulsi\u00f3n imperativa por comisi\u00f3n de delito migratorio (art\u00edculos 68 o 69 del Decreto Ley n\u00b0 1094 de 1975)\u00a0\u00a0 \u00a0\u00a0\u00a0 \u00a0438<br \/>\n3.2.3. Casos fundados en causal de expulsi\u00f3n imperativa por rechazo o revocaci\u00f3n facultativa del permiso de residencia (art\u00edculo 67 en relaci\u00f3n con el art\u00edculo 64 del Decreto Ley n\u00b0 1094 de 1975)\u00a0\u00a0 \u00a0\u00a0\u00a0 \u00a0439<br \/>\n4. Conclusiones\u00a0\u00a0 \u00a0\u00a0\u00a0 \u00a0441<br \/>\n5. Bibliograf\u00eda\u00a0\u00a0 \u00a0\u00a0\u00a0 \u00a0443<br \/>\n6. Jurisprudencia Citada\u00a0\u00a0 \u00a0\u00a0\u00a0 \u00a0446<br \/>\nVI. Investigaciones estudiantes de derecho Universidad Aut\u00f3noma de Chile<br \/>\nAn\u00e1lisis jurisprudencial de casos de extranjeros expulsados por comisi\u00f3n de delitos en Chile o en su pa\u00eds de origen, per\u00edodo 2010-2018\u00a0\u00a0 \u00a0\u00a0\u00a0 \u00a0453<br \/>\nStacy Vilaza Arias<br \/>\n1. Introducci\u00f3n: La expulsi\u00f3n de extranjeros por comisi\u00f3n de delitos\u00a0\u00a0 \u00a0\u00a0\u00a0 \u00a0454<br \/>\n2. An\u00e1lisis global de datos del per\u00edodo 2010-2018\u00a0\u00a0 \u00a0\u00a0\u00a0 \u00a0457<br \/>\n3. An\u00e1lisis anual de datos del per\u00edodo 2010-2018\u00a0\u00a0 \u00a0\u00a0\u00a0 \u00a0464<br \/>\n4. An\u00e1lisis de datos del per\u00edodo 2010-2018, distribuido por tribunal\u00a0\u00a0 \u00a0\u00a0\u00a0 \u00a0468<br \/>\n5. Conclusiones\u00a0\u00a0 \u00a0\u00a0\u00a0 \u00a0470<br \/>\n6. jurisprudencia analizada\u00a0\u00a0 \u00a0\u00a0\u00a0 \u00a0470<br \/>\n6.1. A\u00f1o 2010\u00a0\u00a0 \u00a0\u00a0\u00a0 \u00a0470<br \/>\n6.2. A\u00f1o 2011\u00a0\u00a0 \u00a0\u00a0\u00a0 \u00a0471<br \/>\n6.3. A\u00f1o 2012\u00a0\u00a0 \u00a0\u00a0\u00a0 \u00a0471<br \/>\n6.4. A\u00f1o 2013\u00a0\u00a0 \u00a0\u00a0\u00a0 \u00a0471<br \/>\n6.5. A\u00f1o 2014\u00a0\u00a0 \u00a0\u00a0\u00a0 \u00a0472<br \/>\n6.6. A\u00f1o 2015\u00a0\u00a0 \u00a0\u00a0\u00a0 \u00a0473<br \/>\n6.7. A\u00f1o 2016\u00a0\u00a0 \u00a0\u00a0\u00a0 \u00a0474<br \/>\n6.8. A\u00f1o 2017\u00a0\u00a0 \u00a0\u00a0\u00a0 \u00a0475<br \/>\n6.9. A\u00f1o 2018\u00a0\u00a0 \u00a0\u00a0\u00a0 \u00a0476<br \/>\nEl derecho a la identidad familiar: influencia en la evoluci\u00f3n legislativa chilena en materia de filiaci\u00f3n\u00a0\u00a0 \u00a0\u00a0\u00a0 \u00a0477<br \/>\nNicole Stephanie Jamett Diabuno<br \/>\n1. Introducci\u00f3n\u00a0\u00a0 \u00a0\u00a0\u00a0 \u00a0478<br \/>\n2. Conceptos previos: La filiaci\u00f3n y el Derecho a la Identidad Familiar\u00a0\u00a0 \u00a0\u00a0\u00a0 \u00a0478<br \/>\n3. Evoluci\u00f3n legislativa de la filiaci\u00f3n\u00a0\u00a0 \u00a0\u00a0\u00a0 \u00a0482<br \/>\n3.1. Legislaci\u00f3n previa a la codificaci\u00f3n\u00a0\u00a0 \u00a0\u00a0\u00a0 \u00a0483<br \/>\n3.2. Etapa comprendida entre los a\u00f1os 1853 y 1998\u00a0\u00a0 \u00a0\u00a0\u00a0 \u00a0484<br \/>\n3.3. La Ley N\u00ba 19.585, que modifica el CC y otros cuerpos legales en materia de filiaci\u00f3n\u00a0\u00a0 \u00a0\u00a0\u00a0 \u00a0487<br \/>\n3.3.1.El inter\u00e9s superior del ni\u00f1o\u00a0\u00a0 \u00a0\u00a0\u00a0 \u00a0487<br \/>\n3.3.2. Libre investigaci\u00f3n de la paternidad y maternidad\u00a0\u00a0 \u00a0\u00a0\u00a0 \u00a0489<br \/>\n3.3.3. Igualdad entre los hijos\u00a0\u00a0 \u00a0\u00a0\u00a0 \u00a0489<br \/>\n3.3.4. Derecho a la identidad familiar\u00a0\u00a0 \u00a0\u00a0\u00a0 \u00a0490<br \/>\n3.4. Otras modificaciones legales posteriores\u00a0\u00a0 \u00a0\u00a0\u00a0 \u00a0492<br \/>\n4. \u00bfExisten actuales resabios de discriminaci\u00f3n en el r\u00e9gimen de filiaci\u00f3n y, por ende, atentatorias contra el DIF?\u00a0\u00a0 \u00a0\u00a0\u00a0 \u00a0493<br \/>\n4.1. Los plazos en la acci\u00f3n de impugnaci\u00f3n de la filiaci\u00f3n\u00a0\u00a0 \u00a0\u00a0\u00a0 \u00a0493<br \/>\n4.2. Impugnaci\u00f3n de la maternidad y la posesi\u00f3n notoria de la calidad de hijo\u00a0\u00a0 \u00a0\u00a0\u00a0 \u00a0494<br \/>\n4.3. Sucesi\u00f3n entre hermanos\u00a0\u00a0 \u00a0\u00a0\u00a0 \u00a0496<br \/>\n4.4. Relaci\u00f3n directa y regular: legitimaci\u00f3n activa\u00a0\u00a0 \u00a0\u00a0\u00a0 \u00a0497<br \/>\n5. Conclusiones\u00a0\u00a0 \u00a0\u00a0\u00a0 \u00a0498<br \/>\n6. Bibliograf\u00eda\u00a0\u00a0 \u00a0\u00a0\u00a0 \u00a0500<br \/>\n7. Jurisprudencia citada\u00a0\u00a0 \u00a0\u00a0\u00a0 \u00a0501<br \/>\nDerecho de alimentos: contexto y medidas de cumplimiento\u00a0\u00a0 \u00a0\u00a0\u00a0 \u00a0503<br \/>\nPamela Encina Meneses<br \/>\nMar\u00eda Jos\u00e9 Sep\u00falveda Vilo<br \/>\n1. Introducci\u00f3n\u00a0\u00a0 \u00a0\u00a0\u00a0 \u00a0504<br \/>\n2. Contexto jur\u00eddico del Derecho de alimentos\u00a0\u00a0 \u00a0\u00a0\u00a0 \u00a0504<br \/>\n3. Medidas de cumplimiento de los alimentos\u00a0\u00a0 \u00a0\u00a0\u00a0 \u00a0512<br \/>\n3.1. Medidas de cumplimiento propiamente tal\u00a0\u00a0 \u00a0\u00a0\u00a0 \u00a0513<br \/>\n3.1.1. Retenci\u00f3n de la devoluci\u00f3n anual de impuestos a la renta\u00a0\u00a0 \u00a0\u00a0\u00a0 \u00a0513<br \/>\n3.1.2. Responsabilidad solidaria al pago de la pensi\u00f3n alimenticia\u00a0\u00a0 \u00a0\u00a0\u00a0 \u00a0514<br \/>\n3.1.3. Cauciones que aseguren el pago de la pensi\u00f3n de alimentos\u00a0\u00a0 \u00a0\u00a0\u00a0 \u00a0514<br \/>\n3.1.4. Derecho de usufructo, uso o habitaci\u00f3n\u00a0\u00a0 \u00a0\u00a0\u00a0 \u00a0514<br \/>\n3.1.5. Retenci\u00f3n por parte del empleador\u00a0\u00a0 \u00a0\u00a0\u00a0 \u00a0514<br \/>\n3.1.6. Embargo\u00a0\u00a0 \u00a0\u00a0\u00a0 \u00a0514<br \/>\n3.2. Medidas de apercibimiento\u00a0\u00a0 \u00a0\u00a0\u00a0 \u00a0515<br \/>\n3.2.1. Arresto nocturno\u00a0\u00a0 \u00a0\u00a0\u00a0 \u00a0515<br \/>\n3.2.2. Arraigo\u00a0\u00a0 \u00a0\u00a0\u00a0 \u00a0516<br \/>\n3.2.3. Suspensi\u00f3n de licencia de conducir\u00a0\u00a0 \u00a0\u00a0\u00a0 \u00a0516<br \/>\n3.2.4. Autorizaci\u00f3n la salida del pa\u00eds de los hijos menores de edad\u00a0\u00a0 \u00a0\u00a0\u00a0 \u00a0518<br \/>\n3.2.5. Separaci\u00f3n judicial de bienes o solicitud de administraci\u00f3n de sociedad conyugal\u00a0\u00a0 \u00a0\u00a0\u00a0 \u00a0519<br \/>\n3.2.6. Obst\u00e1culo a la demanda de divorcio unilateral\u00a0\u00a0 \u00a0\u00a0\u00a0 \u00a0521<br \/>\n4. Conclusiones\u00a0\u00a0 \u00a0\u00a0\u00a0 \u00a0522<br \/>\n5. Bibliograf\u00eda\u00a0\u00a0 \u00a0\u00a0\u00a0 \u00a0523<\/p>\n","protected":false},"excerpt":{"rendered":"<p>Esta obra recoge las investigaciones presentadas en las Jornadas de la Facultad de Derecho de la Universidad Aut\u00f3noma de Chile realizadas en Sede Santiago el 2019 sobre el principio de igualdad y no discriminaci\u00f3n, con especial \u00e9nfasis en la protecci\u00f3n jur\u00eddica de las minor\u00edas y grupos sujetos a vulnerabilidad. Las contribuciones que componen la obra se circunscriben en cinco ejes tem\u00e1ticos: 1) Igualdad y no discriminaci\u00f3n; 2) Pol\u00edtica e interculturalidad; 3) Protecci\u00f3n medioambiental y desarrollo econ\u00f3mico; 4) Mujeres y autodeterminaci\u00f3n sexual, y 5) Adultos mayores y personas migrantes. Adem\u00e1s, se incorporan las investigaciones realizadas por estudiantes de la carrera de Derecho de la Universidad Aut\u00f3noma de Chile, Sede Santiago sobre: 1) Expulsi\u00f3n de extranjeros, 2) Derecho a la identidad familiar y, 3) Derecho de alimentos. El doctor Lu\u00eds Roberto Barroso, ministro del Supremo Tribunal Federal de Brasil, a modo de proleg\u00f3meno, nos invita a la reflexi\u00f3n acerca del papel de los jueces, la pol\u00edtica y las democracias contempor\u00e1neas. \u00cdNDICE Presentaci\u00f3n\u00a0\u00a0 \u00a0\u00a0\u00a0 \u00a023 Dra. Regina Ingrid D\u00edaz Tolosa PROLEG\u00d3MENO contramayoritario, representativo e iluminista: las funciones de los tribunales supremos y constitucionales en las democracias contempor\u00e1neas\u00a0\u00a0 \u00a0\u00a0\u00a0 \u00a029 Lu\u00eds Roberto Barroso 1. Introducci\u00f3n: Estado del Arte del Derecho Constitucional Contempor\u00e1neo\u00a0\u00a0 \u00a0\u00a0\u00a0 \u00a030 1.1. El objeto de este art\u00edculo\u00a0\u00a0 \u00a0\u00a0\u00a0 \u00a030 1.2. Una mirada desde el exterior\u00a0\u00a0 \u00a0\u00a0\u00a0 \u00a031 1.3. La americanizaci\u00f3n y la globalizaci\u00f3n del derecho constitucional\u00a0\u00a0 \u00a0\u00a0\u00a0 \u00a032 2. Ascensi\u00f3n del poder judicial, judicializaci\u00f3n y activismo judicial\u00a0\u00a0 \u00a0\u00a0\u00a0 \u00a034 2.1. La judicializaci\u00f3n de la vida\u00a0\u00a0 \u00a0\u00a0\u00a0 \u00a034 2.2. El activismo judicial\u00a0\u00a0 \u00a0\u00a0\u00a0 \u00a036 2.3. Cr\u00edticas a la expansi\u00f3n del Poder Judicial y su justificaci\u00f3n\u00a0\u00a0 \u00a0\u00a0\u00a0 \u00a041 3. Derecho y pol\u00edtica: la tenue frontera\u00a0\u00a0 \u00a0\u00a0\u00a0 \u00a043 3.1. La concepci\u00f3n tradicional\u00a0\u00a0 \u00a0\u00a0\u00a0 \u00a043 3.2. El modelo real\u00a0\u00a0 \u00a0\u00a0\u00a0 \u00a044 3.3. Factores que influyen en las decisiones judiciales\u00a0\u00a0 \u00a0\u00a0\u00a0 \u00a047 4. Roles de los tribunales supremos y constitucionales\u00a0\u00a0 \u00a0\u00a0\u00a0 \u00a049 4.1. Rol contramayoritario\u00a0\u00a0 \u00a0\u00a0\u00a0 \u00a050 4.2. Rol representativo\u00a0\u00a0 \u00a0\u00a0\u00a0 \u00a053 4.3. Rol iluminista\u00a0\u00a0 \u00a0\u00a0\u00a0 \u00a061 5. Conclusiones\u00a0\u00a0 \u00a0\u00a0\u00a0 \u00a074 6. Bibliograf\u00eda\u00a0\u00a0 \u00a0\u00a0\u00a0 \u00a076 I. Igualdad y no discriminaci\u00f3n La igualdad como presupuesto del pluralismo jur\u00eddico\u00a0\u00a0 \u00a0\u00a0\u00a0 \u00a087 F\u00e1tima El Fakih Rodr\u00edguez 1. Introducci\u00f3n\u00a0\u00a0 \u00a0\u00a0\u00a0 \u00a088 2. \u00bfC\u00f3mo es ese pluralismo que, en favor de lo diferente, reclama igualdad?\u00a0\u00a0 \u00a0\u00a0\u00a0 \u00a090 2.1. Acerca de la igualdad\u00a0\u00a0 \u00a0\u00a0\u00a0 \u00a093 2.2. Acerca de la diferencia\u00a0\u00a0 \u00a0\u00a0\u00a0 \u00a098 3. \u00bfC\u00f3mo hacemos para defender la pluralidad de nuestros pueblos ind\u00edgenas, sus formas de vida, sus culturas y principalmente sus diversos sistemas jur\u00eddicos como regulaciones jur\u00eddicas v\u00e1lidas y al mismo tiempo damos argumentos a favor de la igualdad?\u00a0\u00a0 \u00a0\u00a0\u00a0 \u00a0100 3.1. La deconstrucci\u00f3n\u00a0\u00a0 \u00a0\u00a0\u00a0 \u00a0101 3.2. El pluralismo jur\u00eddico\u00a0\u00a0 \u00a0\u00a0\u00a0 \u00a0104 4. Conclusiones\u00a0\u00a0 \u00a0\u00a0\u00a0 \u00a0110 5. Bibliograf\u00eda\u00a0\u00a0 \u00a0\u00a0\u00a0 \u00a0112 El derecho p\u00fablico frente a personas en condiciones de vulnerabilidad: \u00bfes necesario reconocer a determinados grupos en la Constituci\u00f3n?\u00a0\u00a0 \u00a0\u00a0\u00a0 \u00a0115 Marcela Peredo Rojas 1. Introducci\u00f3n\u00a0\u00a0 \u00a0\u00a0\u00a0 \u00a0116 2. Sobre la persona como titular de derechos en la Constituci\u00f3n Pol\u00edtica de la Rep\u00fablica\u00a0\u00a0 \u00a0\u00a0\u00a0 \u00a0117 3. Sobre el concepto de vulnerabilidad y su protecci\u00f3n constitucional: \u00bfSe deben reconocer ciertos grupos en la Constituci\u00f3n Pol\u00edtica de la Rep\u00fablica?\u00a0\u00a0 \u00a0\u00a0\u00a0 \u00a0118 4. Sobre el sentido de igualdad e isonom\u00eda\u00a0\u00a0 \u00a0\u00a0\u00a0 \u00a0124 5. Criterios jurisprudenciales del Tribunal Constitucional chileno\u00a0\u00a0 \u00a0\u00a0\u00a0 \u00a0126 5.1. Criterios para determinar arbitrariedad\u00a0\u00a0 \u00a0\u00a0\u00a0 \u00a0126 5.2. Criterio de proporcionalidad para evaluar la diferenciaci\u00f3n\u00a0\u00a0 \u00a0\u00a0\u00a0 \u00a0127 5.3. Igualdades y desigualdades esenciales\u00a0\u00a0 \u00a0\u00a0\u00a0 \u00a0127 5.4. Doble dimensi\u00f3n de la igualdad\u00a0\u00a0 \u00a0\u00a0\u00a0 \u00a0128 5.5. Derecho a la igualdad entre hombres y mujeres\u00a0\u00a0 \u00a0\u00a0\u00a0 \u00a0128 6. Conclusiones\u00a0\u00a0 \u00a0\u00a0\u00a0 \u00a0129 7. Bibliograf\u00eda\u00a0\u00a0 \u00a0\u00a0\u00a0 \u00a0129 8. Jurisprudencia citada\u00a0\u00a0 \u00a0\u00a0\u00a0 \u00a0130 II. Pol\u00edtica e Interculturalidad Discriminaci\u00f3n por razones pol\u00edticas: la libertad ideol\u00f3gica y los funcionarios p\u00fablicos\u00a0\u00a0 \u00a0\u00a0\u00a0 \u00a0141 Alexander Espinoza Jhenny Rivas 1. Introducci\u00f3n\u00a0\u00a0 \u00a0\u00a0\u00a0 \u00a0142 2. Democracia pluralista\u00a0\u00a0 \u00a0\u00a0\u00a0 \u00a0142 3. Deber de lealtad de los funcionarios p\u00fablicos\u00a0\u00a0 \u00a0\u00a0\u00a0 \u00a0145 4. Neutralidad de los funcionarios p\u00fablicos\u00a0\u00a0 \u00a0\u00a0\u00a0 \u00a0145 5. Prohibici\u00f3n de discriminaci\u00f3n\u00a0\u00a0 \u00a0\u00a0\u00a0 \u00a0147 6. Discriminaci\u00f3n por razones pol\u00edticas o ideol\u00f3gicas\u00a0\u00a0 \u00a0\u00a0\u00a0 \u00a0150 7. Conclusiones\u00a0\u00a0 \u00a0\u00a0\u00a0 \u00a0164 8. Bibliograf\u00eda\u00a0\u00a0 \u00a0\u00a0\u00a0 \u00a0164 9. Jurisprudencia citada\u00a0\u00a0 \u00a0\u00a0\u00a0 \u00a0166 Constitucionalismo en red: un m\u00e9todo hermen\u00e9utico para la protecci\u00f3n de los derechos fundamentales de comunidades locales y grupos vulnerables frente a proyectos de inversi\u00f3n\u00a0\u00a0 \u00a0\u00a0\u00a0 \u00a0167 Juan Jorge Faundes Pe\u00f1afiel Patricia Perrone Campos Mello 1. Introducci\u00f3n\u00a0\u00a0 \u00a0\u00a0\u00a0 \u00a0168 2. Contexto para el constitucionalismo en red\u00a0\u00a0 \u00a0\u00a0\u00a0 \u00a0170 2.1. Grupos vulnerables, comunidades locales y comunidades ind\u00edgenas\u00a0\u00a0 \u00a0\u00a0\u00a0 \u00a0170 2.2. Proyectos de inversi\u00f3n y comunidades locales\u00a0\u00a0 \u00a0\u00a0\u00a0 \u00a0174 2.3. Contexto normativo regional\u00a0\u00a0 \u00a0\u00a0\u00a0 \u00a0177 3. El constitucionalismo en red como m\u00e9todo hermen\u00e9utico\u00a0\u00a0 \u00a0\u00a0\u00a0 \u00a0179 3.1. Concepto\u00a0\u00a0 \u00a0\u00a0\u00a0 \u00a0179 3.2. El constitucionalismo en red como m\u00e9todo hermen\u00e9utico argumentativo\u00a0\u00a0 \u00a0\u00a0\u00a0 \u00a0181 3.2.1. Primero, la red\u00a0\u00a0 \u00a0\u00a0\u00a0 \u00a0182 3.2.2. Segundo, concurrencia de problemas y fuentes\u00a0\u00a0 \u00a0\u00a0\u00a0 \u00a0182 3.2.3. Tercero, convergencia argumental\u00a0\u00a0 \u00a0\u00a0\u00a0 \u00a0182 3.2.4. Cuarto, el constitucionalismo en red como una estrategia hermen\u00e9utica de di\u00e1logo judicial\u00a0\u00a0 \u00a0\u00a0\u00a0 \u00a0183 3.2.5. Quinto, las interacciones internacionales de la red\u00a0\u00a0 \u00a0\u00a0\u00a0 \u00a0185 3.2.6. Sexto, el di\u00e1logo comparado regional\u00a0\u00a0 \u00a0\u00a0\u00a0 \u00a0186 3.2.7. S\u00e9ptimo, monitoreo rec\u00edproco\u00a0\u00a0 \u00a0\u00a0\u00a0 \u00a0188 4. El constitucionalismo en red como m\u00e9todo de tutela de los derechos fundamentales de comunidades locales frente a proyectos de inversi\u00f3n\u00a0\u00a0 \u00a0\u00a0\u00a0 \u00a0190 5. Conclusiones\u00a0\u00a0 \u00a0\u00a0\u00a0 \u00a0191 6. Bibliograf\u00eda\u00a0\u00a0 \u00a0\u00a0\u00a0 \u00a0194 7. Jurisprudencia citada\u00a0\u00a0 \u00a0\u00a0\u00a0 \u00a0200 III. Protecci\u00f3n medioambiental y desarrollo econ\u00f3mico La apertura jurisdiccional del listado de actividades sujetas a evaluaci\u00f3n ambiental: \u00bfqu\u00e9 consecuencias tiene para los pueblos ind\u00edgenas?\u00a0\u00a0 \u00a0\u00a0\u00a0 \u00a0203 Pedro Harris Moya 1. Introducci\u00f3n\u00a0\u00a0 \u00a0\u00a0\u00a0 \u00a0204 2. Ausencia expresa de los pueblos ind\u00edgenas en la evaluaci\u00f3n ambiental\u00a0\u00a0 \u00a0\u00a0\u00a0 \u00a0205 2.1. Aplicaci\u00f3n de la evaluaci\u00f3n en materia ambiental\u00a0\u00a0 \u00a0\u00a0\u00a0 \u00a0206 2.2. Aplicaci\u00f3n de la participaci\u00f3n en materia ind\u00edgena\u00a0\u00a0 \u00a0\u00a0\u00a0 \u00a0208 3. Presencia impl\u00edcita de los pueblos ind\u00edgenas en la evaluaci\u00f3n ambiental\u00a0\u00a0 \u00a0\u00a0\u00a0 \u00a0211 3.1. Apertura de la lista de actividades sujetas a la evaluaci\u00f3n ambiental\u00a0\u00a0 \u00a0\u00a0\u00a0 \u00a0212 3.2. Apertura de la lista de actividades sujetas a la participaci\u00f3n ind\u00edgena\u00a0\u00a0 \u00a0\u00a0\u00a0 \u00a0214 4. Conclusiones\u00a0\u00a0 \u00a0\u00a0\u00a0 \u00a0217 5. Bibliograf\u00eda\u00a0\u00a0 \u00a0\u00a0\u00a0 \u00a0219 6. Jurisprudencia citada\u00a0\u00a0 \u00a0\u00a0\u00a0 \u00a0220 Deconstruir la intersecci\u00f3n entre desarrollo econ\u00f3mico y comercio internacional\u00a0\u00a0 \u00a0\u00a0\u00a0 \u00a0221 Jaime Tijmes-Ihl Andrea Lucas Gar\u00edn 1. Introducci\u00f3n\u00a0\u00a0 \u00a0\u00a0\u00a0 \u00a0221 2. Deconstruir la definici\u00f3n de los pa\u00edses<\/p>\n","protected":false},"featured_media":3737,"comment_status":"open","ping_status":"closed","template":"","meta":{"inline_featured_image":false,"_joinchat":[]},"product_brand":[],"product_cat":[33],"product_tag":[],"class_list":{"0":"post-3707","1":"product","2":"type-product","3":"status-publish","4":"has-post-thumbnail","6":"product_cat-constitucional","7":"product_shipping_class-a-convenir","9":"first","10":"instock","11":"shipping-taxable","12":"purchasable","13":"product-type-simple"},"_links":{"self":[{"href":"https:\/\/bibliotecajuridicavirtual.cl\/index.php\/wp-json\/wp\/v2\/product\/3707","targetHints":{"allow":["GET"]}}],"collection":[{"href":"https:\/\/bibliotecajuridicavirtual.cl\/index.php\/wp-json\/wp\/v2\/product"}],"about":[{"href":"https:\/\/bibliotecajuridicavirtual.cl\/index.php\/wp-json\/wp\/v2\/types\/product"}],"replies":[{"embeddable":true,"href":"https:\/\/bibliotecajuridicavirtual.cl\/index.php\/wp-json\/wp\/v2\/comments?post=3707"}],"wp:featuredmedia":[{"embeddable":true,"href":"https:\/\/bibliotecajuridicavirtual.cl\/index.php\/wp-json\/wp\/v2\/media\/3737"}],"wp:attachment":[{"href":"https:\/\/bibliotecajuridicavirtual.cl\/index.php\/wp-json\/wp\/v2\/media?parent=3707"}],"wp:term":[{"taxonomy":"product_brand","embeddable":true,"href":"https:\/\/bibliotecajuridicavirtual.cl\/index.php\/wp-json\/wp\/v2\/product_brand?post=3707"},{"taxonomy":"product_cat","embeddable":true,"href":"https:\/\/bibliotecajuridicavirtual.cl\/index.php\/wp-json\/wp\/v2\/product_cat?post=3707"},{"taxonomy":"product_tag","embeddable":true,"href":"https:\/\/bibliotecajuridicavirtual.cl\/index.php\/wp-json\/wp\/v2\/product_tag?post=3707"}],"curies":[{"name":"wp","href":"https:\/\/api.w.org\/{rel}","templated":true}]}}