{"id":3808,"date":"2026-02-28T01:20:30","date_gmt":"2026-02-28T04:20:30","guid":{"rendered":"https:\/\/bibliotecajuridicavirtual.cl\/?post_type=product&#038;p=3808"},"modified":"2026-02-28T01:20:48","modified_gmt":"2026-02-28T04:20:48","slug":"manual-de-derecho-politico-las-fuerzas-politicas-y-los-regimenes-politicos-tomo-ii-ano-2019-332-pag-autor-mario-verdugo-marinkovic-y-ana-maria-garcia-barcelatto","status":"publish","type":"product","link":"https:\/\/bibliotecajuridicavirtual.cl\/index.php\/product\/manual-de-derecho-politico-las-fuerzas-politicas-y-los-regimenes-politicos-tomo-ii-ano-2019-332-pag-autor-mario-verdugo-marinkovic-y-ana-maria-garcia-barcelatto\/","title":{"rendered":"Manual De Derecho Pol\u00edtico Las Fuerzas Pol\u00edticas Y Los Reg\u00edmenes Pol\u00edticos Tomo II. A\u00f1o 2019 \/ 332 P\u00e1g. Autor Mario Verdugo Marinkovic y Ana Mar\u00eda Garc\u00eda  Barcelatto"},"content":{"rendered":"<hr \/>\n<p>\u00cdndice<br \/>\nNota a la presente edici\u00f3n\u00a0\u00a0 \u00a0\u00a0\u00a0 \u00a013<br \/>\nSecci\u00f3n Primera<br \/>\nDE LA POL\u00cdTICA<br \/>\n1.\u00a0\u00a0 \u00a0Concepto de pol\u00edtica\u00a0\u00a0 \u00a0\u00a0\u00a0 \u00a015<br \/>\n2.\u00a0\u00a0 \u00a0Las dos fases de la pol\u00edtica\u00a0\u00a0 \u00a0\u00a0\u00a0 \u00a020<br \/>\n3.\u00a0\u00a0 \u00a0Pol\u00edtica y Derecho\u00a0\u00a0 \u00a0\u00a0\u00a0 \u00a022<br \/>\n4.\u00a0\u00a0 \u00a0Formas de conocimiento pol\u00edtico\u00a0\u00a0 \u00a0\u00a0\u00a0 \u00a025<br \/>\n4.1.\u00a0\u00a0 \u00a0Teor\u00eda y doctrina\u00a0\u00a0 \u00a0\u00a0\u00a0 \u00a027<br \/>\n4.2.\u00a0\u00a0 \u00a0Filosof\u00eda pol\u00edtica\u00a0\u00a0 \u00a0\u00a0\u00a0 \u00a029<br \/>\n4.3.\u00a0\u00a0 \u00a0Ideas, pensamientos y saber pol\u00edtico\u00a0\u00a0 \u00a0\u00a0\u00a0 \u00a030<br \/>\n4.4.\u00a0\u00a0 \u00a0Ciencia pol\u00edtica\u00a0\u00a0 \u00a0\u00a0\u00a0 \u00a031<br \/>\nTEXTOS COMPLEMENTARIOS<br \/>\n1.\u00a0\u00a0 \u00a0David Easton: La idea de la vida pol\u00edtica seg\u00fan el sentido com\u00fan\u00a0\u00a0 \u00a0\u00a0\u00a0 \u00a034<br \/>\n2.\u00a0\u00a0 \u00a0Mario Justo L\u00f3pez: La intervinculaci\u00f3n de pol\u00edtica, moral y derecho\u00a0\u00a0 \u00a0\u00a0\u00a0 \u00a036<br \/>\n3.\u00a0\u00a0 \u00a0Valent\u00edn Letelier: La inconexi\u00f3n de los fen\u00f3menos sociales impide la formaci\u00f3n de la ciencia pol\u00edtica\u00a0\u00a0 \u00a0\u00a0\u00a0 \u00a037<br \/>\n4.\u00a0\u00a0 \u00a0Robert Dahl: Car\u00e1cter de la ciencia pol\u00edtica moderna\u00a0\u00a0 \u00a0\u00a0\u00a0 \u00a039<br \/>\n5.\u00a0\u00a0 \u00a0Gabriel A. Almond: Ciencia pol\u00edtica: La historia de la disciplina\u00a0\u00a0 \u00a0\u00a0\u00a0 \u00a041<br \/>\n6.\u00a0\u00a0 \u00a0Gianfranco Pasquino: Naturaleza y evoluci\u00f3n de la ciencia pol\u00edtica\u00a0\u00a0 \u00a0\u00a0\u00a0 \u00a042<br \/>\nSecci\u00f3n Segunda<br \/>\nEL PODER COMO FEN\u00d3MENO SOCIAL<br \/>\n5.\u00a0\u00a0 \u00a0Poder, pol\u00edtica y Estado\u00a0\u00a0 \u00a0\u00a0\u00a0 \u00a045<br \/>\n6.\u00a0\u00a0 \u00a0Poder, fuerza, influencia y autoridad\u00a0\u00a0 \u00a0\u00a0\u00a0 \u00a048<br \/>\n7.\u00a0\u00a0 \u00a0Poder, legalidad y legitimidad\u00a0\u00a0 \u00a0\u00a0\u00a0 \u00a052<br \/>\n8.\u00a0\u00a0 \u00a0El titular leg\u00edtimo del ejercicio del poder\u00a0\u00a0 \u00a0\u00a0\u00a0 \u00a054<br \/>\nTEXTOS COMPLEMENTARIOS<br \/>\n1.\u00a0\u00a0 \u00a0Georges Burdeau: El poder y los poderes\u00a0\u00a0 \u00a0\u00a0\u00a0 \u00a057<br \/>\n2.\u00a0\u00a0 \u00a0Torcuato Fern\u00e1ndez Miranda: Factores de poder\u00a0\u00a0 \u00a0\u00a0\u00a0 \u00a058<br \/>\n3.\u00a0\u00a0 \u00a0Xifra Heras: Poder y autoridad\u00a0\u00a0 \u00a0\u00a0\u00a0 \u00a060<br \/>\n4.\u00a0\u00a0 \u00a0Jean-Marc Coigaud: Las normas o la sustancia de la legitimidad pol\u00edtica\u00a0\u00a0 \u00a0\u00a0\u00a0 \u00a061<br \/>\n5.\u00a0\u00a0 \u00a0Jos\u00e9 Nun: La legitimidad sustantiva\u00a0\u00a0 \u00a0\u00a0\u00a0 \u00a065<br \/>\n6.\u00a0\u00a0 \u00a0Maurice Duverger: Las ideolog\u00edas de la legitimidad\u00a0\u00a0 \u00a0\u00a0\u00a0 \u00a067<br \/>\nSecci\u00f3n Tercera<br \/>\nLAS FUERZAS POL\u00cdTICAS<br \/>\n9.\u00a0\u00a0 \u00a0Concepto y clasificaci\u00f3n de las fuerzas pol\u00edticas\u00a0\u00a0 \u00a0\u00a0\u00a0 \u00a069<br \/>\n10.\u00a0\u00a0 \u00a0La opini\u00f3n p\u00fablica\u00a0\u00a0 \u00a0\u00a0\u00a0 \u00a073<br \/>\n11.\u00a0\u00a0 \u00a0Los partidos pol\u00edticos\u00a0\u00a0 \u00a0\u00a0\u00a0 \u00a079<br \/>\n12.\u00a0\u00a0 \u00a0Los grupos de presi\u00f3n\u00a0\u00a0 \u00a0\u00a0\u00a0 \u00a090<br \/>\n12.1.\u00a0\u00a0 \u00a0Concepto y caracter\u00edsticas\u00a0\u00a0 \u00a0\u00a0\u00a0 \u00a090<br \/>\n12.2.\u00a0\u00a0 \u00a0Medios de actuaci\u00f3n de los grupos de presi\u00f3n\u00a0\u00a0 \u00a0\u00a0\u00a0 \u00a092<br \/>\n12.3.\u00a0\u00a0 \u00a0Grupos de presi\u00f3n y partidos pol\u00edticos\u00a0\u00a0 \u00a0\u00a0\u00a0 \u00a093<br \/>\n12.4.\u00a0\u00a0 \u00a0El lobby y su regulaci\u00f3n\u00a0\u00a0 \u00a0\u00a0\u00a0 \u00a096<br \/>\n13.\u00a0\u00a0 \u00a0Burocracia y fuerzas armadas como fuerzas pol\u00edticas\u00a0\u00a0 \u00a0\u00a0\u00a0 \u00a097<br \/>\n13.1.\u00a0\u00a0 \u00a0La burocracia\u00a0\u00a0 \u00a0\u00a0\u00a0 \u00a097<br \/>\n13.2.\u00a0\u00a0 \u00a0Las fuerzas armadas\u00a0\u00a0 \u00a0\u00a0\u00a0 \u00a0104<br \/>\n13.3.\u00a0\u00a0 \u00a0Las Fuerzas Armadas en la Constituci\u00f3n Pol\u00edtica de 1980\u00a0\u00a0 \u00a0\u00a0\u00a0 \u00a0108<br \/>\nTEXTOS COMPLEMENTARIOS<br \/>\n1.\u00a0\u00a0 \u00a0Jean Mouchon: La informaci\u00f3n pol\u00edtica como arma de doble filo\u00a0\u00a0 \u00a0\u00a0\u00a0 \u00a0109<br \/>\n2.\u00a0\u00a0 \u00a0Maurice Duverger: La estructura de los partidos\u00a0\u00a0 \u00a0\u00a0\u00a0 \u00a0112<br \/>\n3.\u00a0\u00a0 \u00a0Jorge Guzm\u00e1n Dinator: Los partidos pol\u00edticos\u00a0\u00a0 \u00a0\u00a0\u00a0 \u00a0114<br \/>\n4.\u00a0\u00a0 \u00a0Ana Mar\u00eda Garc\u00eda Barzelatto: Concepto de partido pol\u00edtico en la Ley Org\u00e1nica Constitucional de Partidos Pol\u00edticos\u00a0\u00a0 \u00a0\u00a0\u00a0 \u00a0117<br \/>\n4.b.\u00a0\u00a0 \u00a0Giovanni Sartori: Partidos y sistema de partidos\u00a0\u00a0 \u00a0\u00a0\u00a0 \u00a0120<br \/>\n5.\u00a0\u00a0 \u00a0Alejandro Silva Bascu\u00f1\u00e1n: Estatuto jur\u00eddico para los grupos de presi\u00f3n\u00a0\u00a0 \u00a0\u00a0\u00a0 \u00a0122<br \/>\n6.\u00a0\u00a0 \u00a0Lester Brown: La Naci\u00f3n-Estado y la compa\u00f1\u00eda multinacional\u00a0\u00a0 \u00a0\u00a0\u00a0 \u00a0123<br \/>\n7.\u00a0\u00a0 \u00a0Juan Andr\u00e9s Gonz\u00e1lez Tugas-Jos\u00e9 Ignacio Mart\u00ednez Estay\u00a0\u00a0 \u00a0\u00a0\u00a0 \u00a0126<br \/>\nSecci\u00f3n Cuarta<br \/>\nLAS FORMAS DE GOBIERNO Y LOS REG\u00cdMENES POL\u00cdTICOS<br \/>\n14.\u00a0\u00a0 \u00a0Concepto de \u201cforma de gobierno\u201d y \u201cr\u00e9gimen pol\u00edtico\u201d\u00a0\u00a0 \u00a0\u00a0\u00a0 \u00a0129<br \/>\n15.\u00a0\u00a0 \u00a0Las clasificaciones cl\u00e1sicas de formas de gobierno\u00a0\u00a0 \u00a0\u00a0\u00a0 \u00a0131<br \/>\n16.\u00a0\u00a0 \u00a0Clasificaciones de los reg\u00edmenes pol\u00edticos contempor\u00e1neos\u00a0\u00a0 \u00a0\u00a0\u00a0 \u00a0134<br \/>\n16.1.\u00a0\u00a0 \u00a0Clasificaci\u00f3n de Loewenstein\u00a0\u00a0 \u00a0\u00a0\u00a0 \u00a0134<br \/>\n16.2.\u00a0\u00a0 \u00a0Tipolog\u00eda y clasificaci\u00f3n de Burdeau\u00a0\u00a0 \u00a0\u00a0\u00a0 \u00a0135<br \/>\n16.3.\u00a0\u00a0 \u00a0Clasificaci\u00f3n de Raymond Aron\u00a0\u00a0 \u00a0\u00a0\u00a0 \u00a0136<br \/>\n16.4.\u00a0\u00a0 \u00a0Clasificaci\u00f3n de Jim\u00e9nez de Parga\u00a0\u00a0 \u00a0\u00a0\u00a0 \u00a0137<br \/>\n17.\u00a0\u00a0 \u00a0Principios e instituciones de la democracia\u00a0\u00a0 \u00a0\u00a0\u00a0 \u00a0139<br \/>\n17.1.\u00a0\u00a0 \u00a0La palabra \u201cdemocracia\u201d como ejemplo expresivo del caos sem\u00e1ntico\u00a0\u00a0 \u00a0\u00a0\u00a0 \u00a0139<br \/>\n17.2.\u00a0\u00a0 \u00a0Proposiciones para lograr superar el confusionismo existente\u00a0\u00a0 \u00a0\u00a0\u00a0 \u00a0140<br \/>\n17.3.\u00a0\u00a0 \u00a0Los principios e instituciones de la Democracia en relaci\u00f3n con los grandes problemas de la pol\u00edtica\u00a0\u00a0 \u00a0\u00a0\u00a0 \u00a0143<br \/>\n17.4.\u00a0\u00a0 \u00a0La Democracia como forma o estilo de vida\u00a0\u00a0 \u00a0\u00a0\u00a0 \u00a0156<br \/>\n18.\u00a0\u00a0 \u00a0Las autocracias\u00a0\u00a0 \u00a0\u00a0\u00a0 \u00a0163<br \/>\n18.1.\u00a0\u00a0 \u00a0El r\u00e9gimen autoritario\u00a0\u00a0 \u00a0\u00a0\u00a0 \u00a0164<br \/>\n18.2.\u00a0\u00a0 \u00a0Modelos hist\u00f3ricos de autoritarismo\u00a0\u00a0 \u00a0\u00a0\u00a0 \u00a0164<br \/>\n18.3.\u00a0\u00a0 \u00a0El r\u00e9gimen totalitario\u00a0\u00a0 \u00a0\u00a0\u00a0 \u00a0165<br \/>\n19.\u00a0\u00a0 \u00a0El totalitarismo\u00a0\u00a0 \u00a0\u00a0\u00a0 \u00a0165<br \/>\n19.1.\u00a0\u00a0 \u00a0Antecedentes del totalitarismo\u00a0\u00a0 \u00a0\u00a0\u00a0 \u00a0165<br \/>\n19.2.\u00a0\u00a0 \u00a0Caracteres del totalitarismo\u00a0\u00a0 \u00a0\u00a0\u00a0 \u00a0167<br \/>\nTEXTOS COMPLEMENTARIOS<br \/>\n1.\u00a0\u00a0 \u00a0Norberto Bobbio: Democracia y Estado de Derecho\u00a0\u00a0 \u00a0\u00a0\u00a0 \u00a0168<br \/>\n2.\u00a0\u00a0 \u00a0Centesimus Annus. Carta enc\u00edclica del Papa Juan Pablo II: Sobre la democracia\u00a0\u00a0 \u00a0\u00a0\u00a0 \u00a0170<br \/>\n3.\u00a0\u00a0 \u00a0Bernardino Bravo Lira: La crisis en Iberoam\u00e9rica\u00a0\u00a0 \u00a0\u00a0\u00a0 \u00a0172<br \/>\nSecci\u00f3n Quinta<br \/>\nREPRESENTACI\u00d3N, PARTICIPACI\u00d3N Y ESTADO DE DERECHO<br \/>\n20.\u00a0\u00a0 \u00a0La representaci\u00f3n pol\u00edtica\u00a0\u00a0 \u00a0\u00a0\u00a0 \u00a0175<br \/>\n21.\u00a0\u00a0 \u00a0El sufragio\u00a0\u00a0 \u00a0\u00a0\u00a0 \u00a0177<br \/>\n21.1.\u00a0\u00a0 \u00a0Concepto de sufragio\u00a0\u00a0 \u00a0\u00a0\u00a0 \u00a0177<br \/>\n21.2.\u00a0\u00a0 \u00a0Evoluci\u00f3n del sufragio\u00a0\u00a0 \u00a0\u00a0\u00a0 \u00a0177<br \/>\n21.3.\u00a0\u00a0 \u00a0El sufragio admite diversas clasificaciones\u00a0\u00a0 \u00a0\u00a0\u00a0 \u00a0178<br \/>\n22.\u00a0\u00a0 \u00a0Los sistemas electorales\u00a0\u00a0 \u00a0\u00a0\u00a0 \u00a0179<br \/>\n22.1.\u00a0\u00a0 \u00a0Distribuci\u00f3n territorial\u00a0\u00a0 \u00a0\u00a0\u00a0 \u00a0180<br \/>\n22.2.\u00a0\u00a0 \u00a0Sistema mayoritario\u00a0\u00a0 \u00a0\u00a0\u00a0 \u00a0180<br \/>\n22.3.\u00a0\u00a0 \u00a0Sistemas proporcionales\u00a0\u00a0 \u00a0\u00a0\u00a0 \u00a0181<br \/>\n22.4.\u00a0\u00a0 \u00a0Sistemas de representaci\u00f3n de minor\u00edas\u00a0\u00a0 \u00a0\u00a0\u00a0 \u00a0183<br \/>\n22.5.\u00a0\u00a0 \u00a0Sistema electoral chileno bajo la Constituci\u00f3n Pol\u00edtica de 1980\u00a0\u00a0 \u00a0\u00a0\u00a0 \u00a0184<br \/>\n22.6.\u00a0\u00a0 \u00a0Efectos pol\u00edticos de los sistemas electorales\u00a0\u00a0 \u00a0\u00a0\u00a0 \u00a0185<br \/>\n23.\u00a0\u00a0 \u00a0Instituciones de democracia semidirecta\u00a0\u00a0 \u00a0\u00a0\u00a0 \u00a0186<br \/>\n24.\u00a0\u00a0 \u00a0Estado de Derecho\u00a0\u00a0 \u00a0\u00a0\u00a0 \u00a0188<br \/>\n24.1.\u00a0\u00a0 \u00a0Terminolog\u00eda y concepto\u00a0\u00a0 \u00a0\u00a0\u00a0 \u00a0188<br \/>\n24.2.\u00a0\u00a0 \u00a0Antecedentes hist\u00f3ricos\u00a0\u00a0 \u00a0\u00a0\u00a0 \u00a0189<br \/>\n24.3.\u00a0\u00a0 \u00a0Caracteres generales del Estado de Derecho\u00a0\u00a0 \u00a0\u00a0\u00a0 \u00a0190<br \/>\n24.4.\u00a0\u00a0 \u00a0El estado social de derecho\u00a0\u00a0 \u00a0\u00a0\u00a0 \u00a0194<br \/>\n24.5.\u00a0\u00a0 \u00a0Estado de Derecho en la Constituci\u00f3n de 1980\u00a0\u00a0 \u00a0\u00a0\u00a0 \u00a0194<br \/>\nTEXTOS COMPLEMENTARIOS<br \/>\n1.\u00a0\u00a0 \u00a0Isidoro Cheresky: Una nueva ciudadan\u00eda\u00a0\u00a0 \u00a0\u00a0\u00a0 \u00a0196<br \/>\n2.\u00a0\u00a0 \u00a0Antonio Carro Mart\u00ednez: Teor\u00eda del sufragio\u00a0\u00a0 \u00a0\u00a0\u00a0 \u00a0198<br \/>\n3.\u00a0\u00a0 \u00a0Olivier Ihl: Lo que quiere decir votar\u00a0\u00a0 \u00a0\u00a0\u00a0 \u00a0203<br \/>\n4.\u00a0\u00a0 \u00a0Mario Justo L\u00f3pez: Sistemas electorales\u00a0\u00a0 \u00a0\u00a0\u00a0 \u00a0204<br \/>\n5.\u00a0\u00a0 \u00a0Dieter Nohlen: Principios de representaci\u00f3n y reglas decisorias\u00a0\u00a0 \u00a0\u00a0\u00a0 \u00a0210<br \/>\n6.\u00a0\u00a0 \u00a0Germ\u00e1n Bidart Campos: Las formas llamadas de democracia \u201csemidirecta\u201d\u00a0\u00a0 \u00a0\u00a0\u00a0 \u00a0212<br \/>\n7.\u00a0\u00a0 \u00a0Declaraci\u00f3n de los derechos del hombre y del ciudadano\u00a0\u00a0 \u00a0\u00a0\u00a0 \u00a0216<br \/>\nSecci\u00f3n Sexta<br \/>\nPANORAMA DE LAS DOCTRINAS POL\u00cdTICAS CONTEMPOR\u00c1NEAS<br \/>\n25.\u00a0\u00a0 \u00a0Alcances metodol\u00f3gicos y clasificaci\u00f3n de las doctrinas pol\u00edticas\u00a0\u00a0 \u00a0\u00a0\u00a0 \u00a0219<br \/>\n25.1.\u00a0\u00a0 \u00a0Doctrinas personalistas\u00a0\u00a0 \u00a0\u00a0\u00a0 \u00a0220<br \/>\n25.2.\u00a0\u00a0 \u00a0Doctrinas transpersonalistas\u00a0\u00a0 \u00a0\u00a0\u00a0 \u00a0221<br \/>\n26.\u00a0\u00a0 \u00a0Liberalismo\u00a0\u00a0 \u00a0\u00a0\u00a0 \u00a0222<br \/>\n26.1.\u00a0\u00a0 \u00a0Antecedentes hist\u00f3ricos\u00a0\u00a0 \u00a0\u00a0\u00a0 \u00a0222<br \/>\n26.2.\u00a0\u00a0 \u00a0El concepto del hombre en la filosof\u00eda liberal\u00a0\u00a0 \u00a0\u00a0\u00a0 \u00a0224<br \/>\n26.3.\u00a0\u00a0 \u00a0El concepto y rol del Estado\u00a0\u00a0 \u00a0\u00a0\u00a0 \u00a0227<br \/>\n26.4.\u00a0\u00a0 \u00a0\u201cEl neoliberalismo\u201d\u00a0\u00a0 \u00a0\u00a0\u00a0 \u00a0229<br \/>\n27.\u00a0\u00a0 \u00a0Las corrientes socialistas\u00a0\u00a0 \u00a0\u00a0\u00a0 \u00a0230<br \/>\n27.1.\u00a0\u00a0 \u00a0Antecedentes hist\u00f3ricos\u00a0\u00a0 \u00a0\u00a0\u00a0 \u00a0230<br \/>\n27.2.\u00a0\u00a0 \u00a0Las primeras formulaciones doctrinarias\u00a0\u00a0 \u00a0\u00a0\u00a0 \u00a0233<br \/>\n27.3.\u00a0\u00a0 \u00a0El marxismo\u00a0\u00a0 \u00a0\u00a0\u00a0 \u00a0236<br \/>\n27.3.1.\u00a0\u00a0 \u00a0El materialismo dial\u00e9ctico\u00a0\u00a0 \u00a0\u00a0\u00a0 \u00a0236<br \/>\n27.3.2.\u00a0\u00a0 \u00a0El materialismo hist\u00f3rico\u00a0\u00a0 \u00a0\u00a0\u00a0 \u00a0237<br \/>\n27.3.3.\u00a0\u00a0 \u00a0El \u201cManifiesto Comunista\u201d\u00a0\u00a0 \u00a0\u00a0\u00a0 \u00a0239<br \/>\n27.3.4.\u00a0\u00a0 \u00a0La teor\u00eda marxista del Estado\u00a0\u00a0 \u00a0\u00a0\u00a0 \u00a0239<br \/>\n27.4.\u00a0\u00a0 \u00a0Socialdemocracia\u00a0\u00a0 \u00a0\u00a0\u00a0 \u00a0241<br \/>\n27.4.1.\u00a0\u00a0 \u00a0Eduardo Bernstein\u00a0\u00a0 \u00a0\u00a0\u00a0 \u00a0241<br \/>\n27.4.2.\u00a0\u00a0 \u00a0Jean Jaur\u00e9s (1859-1914)\u00a0\u00a0 \u00a0\u00a0\u00a0 \u00a0243<br \/>\n27.4.3.\u00a0\u00a0 \u00a0G.D.H. Cole (1899-1959)\u00a0\u00a0 \u00a0\u00a0\u00a0 \u00a0245<br \/>\n27.5.\u00a0\u00a0 \u00a0La doctrina social de la Iglesia\u00a0\u00a0 \u00a0\u00a0\u00a0 \u00a0248<br \/>\n27.5.1.\u00a0\u00a0 \u00a0Sociedad e individuo\u00a0\u00a0 \u00a0\u00a0\u00a0 \u00a0249<br \/>\n27.5.2.\u00a0\u00a0 \u00a0Funci\u00f3n propia del Estado\u00a0\u00a0 \u00a0\u00a0\u00a0 \u00a0249<br \/>\n27.5.3.\u00a0\u00a0 \u00a0Principio de subsidiariedad\u00a0\u00a0 \u00a0\u00a0\u00a0 \u00a0251<br \/>\n27.5.4.\u00a0\u00a0 \u00a0La lucha de clases\u00a0\u00a0 \u00a0\u00a0\u00a0 \u00a0252<br \/>\n27.5.5.\u00a0\u00a0 \u00a0De la Carta Apost\u00f3lica del Papa Paulo VI: Igualdad, Participaci\u00f3n (1971)\u00a0\u00a0 \u00a0\u00a0\u00a0 \u00a0255<br \/>\n27.5.6.\u00a0\u00a0 \u00a0De Centesimus Annus, Carta Enc\u00edclica del Papa Juan Pablo II (1991)\u00a0\u00a0 \u00a0\u00a0\u00a0 \u00a0257<br \/>\nEmpresa y bien com\u00fan\u00a0\u00a0 \u00a0\u00a0\u00a0 \u00a0257<br \/>\n28.\u00a0\u00a0 \u00a0Fascismo y nazismo\u00a0\u00a0 \u00a0\u00a0\u00a0 \u00a0259<br \/>\n28.1.\u00a0\u00a0 \u00a0Antecedentes hist\u00f3ricos\u00a0\u00a0 \u00a0\u00a0\u00a0 \u00a0259<br \/>\n28.2.\u00a0\u00a0 \u00a0El concepto de Estado para el fascismo\u00a0\u00a0 \u00a0\u00a0\u00a0 \u00a0261<br \/>\n28.3.\u00a0\u00a0 \u00a0El Estado corporativo\u00a0\u00a0 \u00a0\u00a0\u00a0 \u00a0262<br \/>\n28.4.\u00a0\u00a0 \u00a0El racismo en el nacionalsocialismo\u00a0\u00a0 \u00a0\u00a0\u00a0 \u00a0264<br \/>\n28.5.\u00a0\u00a0 \u00a0Concepto de Estado en el nacionalsocialismo\u00a0\u00a0 \u00a0\u00a0\u00a0 \u00a0265<br \/>\n28.6.\u00a0\u00a0 \u00a0La econom\u00eda en el nacionalsocialismo\u00a0\u00a0 \u00a0\u00a0\u00a0 \u00a0266<br \/>\n29.\u00a0\u00a0 \u00a0Acerca del fin de las ideolog\u00edas y del auge de la tecnocracia\u00a0\u00a0 \u00a0\u00a0\u00a0 \u00a0267<br \/>\nTEXTOS COMPLEMENTARIOS<br \/>\n1.\u00a0\u00a0 \u00a0Alan Wolfe: Un liberalismo\u00a0\u00a0 \u00a0\u00a0\u00a0 \u00a0270<br \/>\n2.\u00a0\u00a0 \u00a0Gregorio Yurre: Liberalismo y Capitalismo\u00a0\u00a0 \u00a0\u00a0\u00a0 \u00a0272<br \/>\n3.\u00a0\u00a0 \u00a0Alfredo Cepeda: Los utopistas del siglo xix\u00a0\u00a0 \u00a0\u00a0\u00a0 \u00a0273<br \/>\n4.\u00a0\u00a0 \u00a0Hans Kelsen: Contradicciones del marxismo\u00a0\u00a0 \u00a0\u00a0\u00a0 \u00a0275<br \/>\n5.\u00a0\u00a0 \u00a0Objetivos y tareas del socialismo democr\u00e1tico\u00a0\u00a0 \u00a0\u00a0\u00a0 \u00a0277<br \/>\n6.\u00a0\u00a0 \u00a0Arturo Sampay: Del nacionalsocialismo alem\u00e1n\u00a0\u00a0 \u00a0\u00a0\u00a0 \u00a0279<br \/>\n7.\u00a0\u00a0 \u00a0Jorge Xifra Heras: Progreso t\u00e9cnico y pol\u00edtica\u00a0\u00a0 \u00a0\u00a0\u00a0 \u00a0281<br \/>\n8.\u00a0\u00a0 \u00a0Francis Fukuyama: \u00bfEl fin de la historia?\u00a0\u00a0 \u00a0\u00a0\u00a0 \u00a0282<br \/>\nANEXOS<br \/>\nAnexo I. \u201cTras\u00edmaco y Calicles: dos formas de conocimiento pol\u00edtico\u201d. Profesor Mario Verdugo Marinkovic. Art\u00edculo atinente a la Secci\u00f3n Primera, p\u00e1rrafo 4\u00a0\u00a0 \u00a0\u00a0\u00a0 \u00a0285<br \/>\nAnexo II. \u201cPosibilidades de implementar una pol\u00edtica plenaria en Chile\u201d. Profesor Mario Verdugo Marinkovic. Art\u00edculo atinente a la Secci\u00f3n Tercera, p\u00e1rrafo 11\u00a0\u00a0 \u00a0\u00a0\u00a0 \u00a0295<br \/>\nAnexo III. \u201cEl derecho de acceso a la informaci\u00f3n p\u00fablica: Notas sobre un fallo del Tribunal Constitucional\u201d. Profesora Ana Mar\u00eda Garc\u00eda Barzelatto. Art\u00edculo atinente a la Secci\u00f3n Tercera, p\u00e1rrafo 13\u00a0\u00a0 \u00a0\u00a0\u00a0 \u00a0309<br \/>\nAnexo IV. \u201cDe la democracia representativa a la democracia participativa\u201d Profesora Ana Mar\u00eda Garc\u00eda Barzelatto. Art\u00edculo atinente a la Secci\u00f3n Cuarta, p\u00e1rrafo 20\u00a0\u00a0 \u00a0\u00a0\u00a0 \u00a0317<\/p>\n","protected":false},"excerpt":{"rendered":"<p>\u00cdndice Nota a la presente edici\u00f3n\u00a0\u00a0 \u00a0\u00a0\u00a0 \u00a013 Secci\u00f3n Primera DE LA POL\u00cdTICA 1.\u00a0\u00a0 \u00a0Concepto de pol\u00edtica\u00a0\u00a0 \u00a0\u00a0\u00a0 \u00a015 2.\u00a0\u00a0 \u00a0Las dos fases de la pol\u00edtica\u00a0\u00a0 \u00a0\u00a0\u00a0 \u00a020 3.\u00a0\u00a0 \u00a0Pol\u00edtica y Derecho\u00a0\u00a0 \u00a0\u00a0\u00a0 \u00a022 4.\u00a0\u00a0 \u00a0Formas de conocimiento pol\u00edtico\u00a0\u00a0 \u00a0\u00a0\u00a0 \u00a025 4.1.\u00a0\u00a0 \u00a0Teor\u00eda y doctrina\u00a0\u00a0 \u00a0\u00a0\u00a0 \u00a027 4.2.\u00a0\u00a0 \u00a0Filosof\u00eda pol\u00edtica\u00a0\u00a0 \u00a0\u00a0\u00a0 \u00a029 4.3.\u00a0\u00a0 \u00a0Ideas, pensamientos y saber pol\u00edtico\u00a0\u00a0 \u00a0\u00a0\u00a0 \u00a030 4.4.\u00a0\u00a0 \u00a0Ciencia pol\u00edtica\u00a0\u00a0 \u00a0\u00a0\u00a0 \u00a031 TEXTOS COMPLEMENTARIOS 1.\u00a0\u00a0 \u00a0David Easton: La idea de la vida pol\u00edtica seg\u00fan el sentido com\u00fan\u00a0\u00a0 \u00a0\u00a0\u00a0 \u00a034 2.\u00a0\u00a0 \u00a0Mario Justo L\u00f3pez: La intervinculaci\u00f3n de pol\u00edtica, moral y derecho\u00a0\u00a0 \u00a0\u00a0\u00a0 \u00a036 3.\u00a0\u00a0 \u00a0Valent\u00edn Letelier: La inconexi\u00f3n de los fen\u00f3menos sociales impide la formaci\u00f3n de la ciencia pol\u00edtica\u00a0\u00a0 \u00a0\u00a0\u00a0 \u00a037 4.\u00a0\u00a0 \u00a0Robert Dahl: Car\u00e1cter de la ciencia pol\u00edtica moderna\u00a0\u00a0 \u00a0\u00a0\u00a0 \u00a039 5.\u00a0\u00a0 \u00a0Gabriel A. Almond: Ciencia pol\u00edtica: La historia de la disciplina\u00a0\u00a0 \u00a0\u00a0\u00a0 \u00a041 6.\u00a0\u00a0 \u00a0Gianfranco Pasquino: Naturaleza y evoluci\u00f3n de la ciencia pol\u00edtica\u00a0\u00a0 \u00a0\u00a0\u00a0 \u00a042 Secci\u00f3n Segunda EL PODER COMO FEN\u00d3MENO SOCIAL 5.\u00a0\u00a0 \u00a0Poder, pol\u00edtica y Estado\u00a0\u00a0 \u00a0\u00a0\u00a0 \u00a045 6.\u00a0\u00a0 \u00a0Poder, fuerza, influencia y autoridad\u00a0\u00a0 \u00a0\u00a0\u00a0 \u00a048 7.\u00a0\u00a0 \u00a0Poder, legalidad y legitimidad\u00a0\u00a0 \u00a0\u00a0\u00a0 \u00a052 8.\u00a0\u00a0 \u00a0El titular leg\u00edtimo del ejercicio del poder\u00a0\u00a0 \u00a0\u00a0\u00a0 \u00a054 TEXTOS COMPLEMENTARIOS 1.\u00a0\u00a0 \u00a0Georges Burdeau: El poder y los poderes\u00a0\u00a0 \u00a0\u00a0\u00a0 \u00a057 2.\u00a0\u00a0 \u00a0Torcuato Fern\u00e1ndez Miranda: Factores de poder\u00a0\u00a0 \u00a0\u00a0\u00a0 \u00a058 3.\u00a0\u00a0 \u00a0Xifra Heras: Poder y autoridad\u00a0\u00a0 \u00a0\u00a0\u00a0 \u00a060 4.\u00a0\u00a0 \u00a0Jean-Marc Coigaud: Las normas o la sustancia de la legitimidad pol\u00edtica\u00a0\u00a0 \u00a0\u00a0\u00a0 \u00a061 5.\u00a0\u00a0 \u00a0Jos\u00e9 Nun: La legitimidad sustantiva\u00a0\u00a0 \u00a0\u00a0\u00a0 \u00a065 6.\u00a0\u00a0 \u00a0Maurice Duverger: Las ideolog\u00edas de la legitimidad\u00a0\u00a0 \u00a0\u00a0\u00a0 \u00a067 Secci\u00f3n Tercera LAS FUERZAS POL\u00cdTICAS 9.\u00a0\u00a0 \u00a0Concepto y clasificaci\u00f3n de las fuerzas pol\u00edticas\u00a0\u00a0 \u00a0\u00a0\u00a0 \u00a069 10.\u00a0\u00a0 \u00a0La opini\u00f3n p\u00fablica\u00a0\u00a0 \u00a0\u00a0\u00a0 \u00a073 11.\u00a0\u00a0 \u00a0Los partidos pol\u00edticos\u00a0\u00a0 \u00a0\u00a0\u00a0 \u00a079 12.\u00a0\u00a0 \u00a0Los grupos de presi\u00f3n\u00a0\u00a0 \u00a0\u00a0\u00a0 \u00a090 12.1.\u00a0\u00a0 \u00a0Concepto y caracter\u00edsticas\u00a0\u00a0 \u00a0\u00a0\u00a0 \u00a090 12.2.\u00a0\u00a0 \u00a0Medios de actuaci\u00f3n de los grupos de presi\u00f3n\u00a0\u00a0 \u00a0\u00a0\u00a0 \u00a092 12.3.\u00a0\u00a0 \u00a0Grupos de presi\u00f3n y partidos pol\u00edticos\u00a0\u00a0 \u00a0\u00a0\u00a0 \u00a093 12.4.\u00a0\u00a0 \u00a0El lobby y su regulaci\u00f3n\u00a0\u00a0 \u00a0\u00a0\u00a0 \u00a096 13.\u00a0\u00a0 \u00a0Burocracia y fuerzas armadas como fuerzas pol\u00edticas\u00a0\u00a0 \u00a0\u00a0\u00a0 \u00a097 13.1.\u00a0\u00a0 \u00a0La burocracia\u00a0\u00a0 \u00a0\u00a0\u00a0 \u00a097 13.2.\u00a0\u00a0 \u00a0Las fuerzas armadas\u00a0\u00a0 \u00a0\u00a0\u00a0 \u00a0104 13.3.\u00a0\u00a0 \u00a0Las Fuerzas Armadas en la Constituci\u00f3n Pol\u00edtica de 1980\u00a0\u00a0 \u00a0\u00a0\u00a0 \u00a0108 TEXTOS COMPLEMENTARIOS 1.\u00a0\u00a0 \u00a0Jean Mouchon: La informaci\u00f3n pol\u00edtica como arma de doble filo\u00a0\u00a0 \u00a0\u00a0\u00a0 \u00a0109 2.\u00a0\u00a0 \u00a0Maurice Duverger: La estructura de los partidos\u00a0\u00a0 \u00a0\u00a0\u00a0 \u00a0112 3.\u00a0\u00a0 \u00a0Jorge Guzm\u00e1n Dinator: Los partidos pol\u00edticos\u00a0\u00a0 \u00a0\u00a0\u00a0 \u00a0114 4.\u00a0\u00a0 \u00a0Ana Mar\u00eda Garc\u00eda Barzelatto: Concepto de partido pol\u00edtico en la Ley Org\u00e1nica Constitucional de Partidos Pol\u00edticos\u00a0\u00a0 \u00a0\u00a0\u00a0 \u00a0117 4.b.\u00a0\u00a0 \u00a0Giovanni Sartori: Partidos y sistema de partidos\u00a0\u00a0 \u00a0\u00a0\u00a0 \u00a0120 5.\u00a0\u00a0 \u00a0Alejandro Silva Bascu\u00f1\u00e1n: Estatuto jur\u00eddico para los grupos de presi\u00f3n\u00a0\u00a0 \u00a0\u00a0\u00a0 \u00a0122 6.\u00a0\u00a0 \u00a0Lester Brown: La Naci\u00f3n-Estado y la compa\u00f1\u00eda multinacional\u00a0\u00a0 \u00a0\u00a0\u00a0 \u00a0123 7.\u00a0\u00a0 \u00a0Juan Andr\u00e9s Gonz\u00e1lez Tugas-Jos\u00e9 Ignacio Mart\u00ednez Estay\u00a0\u00a0 \u00a0\u00a0\u00a0 \u00a0126 Secci\u00f3n Cuarta LAS FORMAS DE GOBIERNO Y LOS REG\u00cdMENES POL\u00cdTICOS 14.\u00a0\u00a0 \u00a0Concepto de \u201cforma de gobierno\u201d y \u201cr\u00e9gimen pol\u00edtico\u201d\u00a0\u00a0 \u00a0\u00a0\u00a0 \u00a0129 15.\u00a0\u00a0 \u00a0Las clasificaciones cl\u00e1sicas de formas de gobierno\u00a0\u00a0 \u00a0\u00a0\u00a0 \u00a0131 16.\u00a0\u00a0 \u00a0Clasificaciones de los reg\u00edmenes pol\u00edticos contempor\u00e1neos\u00a0\u00a0 \u00a0\u00a0\u00a0 \u00a0134 16.1.\u00a0\u00a0 \u00a0Clasificaci\u00f3n de Loewenstein\u00a0\u00a0 \u00a0\u00a0\u00a0 \u00a0134 16.2.\u00a0\u00a0 \u00a0Tipolog\u00eda y clasificaci\u00f3n de Burdeau\u00a0\u00a0 \u00a0\u00a0\u00a0 \u00a0135 16.3.\u00a0\u00a0 \u00a0Clasificaci\u00f3n de Raymond Aron\u00a0\u00a0 \u00a0\u00a0\u00a0 \u00a0136 16.4.\u00a0\u00a0 \u00a0Clasificaci\u00f3n de Jim\u00e9nez de Parga\u00a0\u00a0 \u00a0\u00a0\u00a0 \u00a0137 17.\u00a0\u00a0 \u00a0Principios e instituciones de la democracia\u00a0\u00a0 \u00a0\u00a0\u00a0 \u00a0139 17.1.\u00a0\u00a0 \u00a0La palabra \u201cdemocracia\u201d como ejemplo expresivo del caos sem\u00e1ntico\u00a0\u00a0 \u00a0\u00a0\u00a0 \u00a0139 17.2.\u00a0\u00a0 \u00a0Proposiciones para lograr superar el confusionismo existente\u00a0\u00a0 \u00a0\u00a0\u00a0 \u00a0140 17.3.\u00a0\u00a0 \u00a0Los principios e instituciones de la Democracia en relaci\u00f3n con los grandes problemas de la pol\u00edtica\u00a0\u00a0 \u00a0\u00a0\u00a0 \u00a0143 17.4.\u00a0\u00a0 \u00a0La Democracia como forma o estilo de vida\u00a0\u00a0 \u00a0\u00a0\u00a0 \u00a0156 18.\u00a0\u00a0 \u00a0Las autocracias\u00a0\u00a0 \u00a0\u00a0\u00a0 \u00a0163 18.1.\u00a0\u00a0 \u00a0El r\u00e9gimen autoritario\u00a0\u00a0 \u00a0\u00a0\u00a0 \u00a0164 18.2.\u00a0\u00a0 \u00a0Modelos hist\u00f3ricos de autoritarismo\u00a0\u00a0 \u00a0\u00a0\u00a0 \u00a0164 18.3.\u00a0\u00a0 \u00a0El r\u00e9gimen totalitario\u00a0\u00a0 \u00a0\u00a0\u00a0 \u00a0165 19.\u00a0\u00a0 \u00a0El totalitarismo\u00a0\u00a0 \u00a0\u00a0\u00a0 \u00a0165 19.1.\u00a0\u00a0 \u00a0Antecedentes del totalitarismo\u00a0\u00a0 \u00a0\u00a0\u00a0 \u00a0165 19.2.\u00a0\u00a0 \u00a0Caracteres del totalitarismo\u00a0\u00a0 \u00a0\u00a0\u00a0 \u00a0167 TEXTOS COMPLEMENTARIOS 1.\u00a0\u00a0 \u00a0Norberto Bobbio: Democracia y Estado de Derecho\u00a0\u00a0 \u00a0\u00a0\u00a0 \u00a0168 2.\u00a0\u00a0 \u00a0Centesimus Annus. Carta enc\u00edclica del Papa Juan Pablo II: Sobre la democracia\u00a0\u00a0 \u00a0\u00a0\u00a0 \u00a0170 3.\u00a0\u00a0 \u00a0Bernardino Bravo Lira: La crisis en Iberoam\u00e9rica\u00a0\u00a0 \u00a0\u00a0\u00a0 \u00a0172 Secci\u00f3n Quinta REPRESENTACI\u00d3N, PARTICIPACI\u00d3N Y ESTADO DE DERECHO 20.\u00a0\u00a0 \u00a0La representaci\u00f3n pol\u00edtica\u00a0\u00a0 \u00a0\u00a0\u00a0 \u00a0175 21.\u00a0\u00a0 \u00a0El sufragio\u00a0\u00a0 \u00a0\u00a0\u00a0 \u00a0177 21.1.\u00a0\u00a0 \u00a0Concepto de sufragio\u00a0\u00a0 \u00a0\u00a0\u00a0 \u00a0177 21.2.\u00a0\u00a0 \u00a0Evoluci\u00f3n del sufragio\u00a0\u00a0 \u00a0\u00a0\u00a0 \u00a0177 21.3.\u00a0\u00a0 \u00a0El sufragio admite diversas clasificaciones\u00a0\u00a0 \u00a0\u00a0\u00a0 \u00a0178 22.\u00a0\u00a0 \u00a0Los sistemas electorales\u00a0\u00a0 \u00a0\u00a0\u00a0 \u00a0179 22.1.\u00a0\u00a0 \u00a0Distribuci\u00f3n territorial\u00a0\u00a0 \u00a0\u00a0\u00a0 \u00a0180 22.2.\u00a0\u00a0 \u00a0Sistema mayoritario\u00a0\u00a0 \u00a0\u00a0\u00a0 \u00a0180 22.3.\u00a0\u00a0 \u00a0Sistemas proporcionales\u00a0\u00a0 \u00a0\u00a0\u00a0 \u00a0181 22.4.\u00a0\u00a0 \u00a0Sistemas de representaci\u00f3n de minor\u00edas\u00a0\u00a0 \u00a0\u00a0\u00a0 \u00a0183 22.5.\u00a0\u00a0 \u00a0Sistema electoral chileno bajo la Constituci\u00f3n Pol\u00edtica de 1980\u00a0\u00a0 \u00a0\u00a0\u00a0 \u00a0184 22.6.\u00a0\u00a0 \u00a0Efectos pol\u00edticos de los sistemas electorales\u00a0\u00a0 \u00a0\u00a0\u00a0 \u00a0185 23.\u00a0\u00a0 \u00a0Instituciones de democracia semidirecta\u00a0\u00a0 \u00a0\u00a0\u00a0 \u00a0186 24.\u00a0\u00a0 \u00a0Estado de Derecho\u00a0\u00a0 \u00a0\u00a0\u00a0 \u00a0188 24.1.\u00a0\u00a0 \u00a0Terminolog\u00eda y concepto\u00a0\u00a0 \u00a0\u00a0\u00a0 \u00a0188 24.2.\u00a0\u00a0 \u00a0Antecedentes hist\u00f3ricos\u00a0\u00a0 \u00a0\u00a0\u00a0 \u00a0189 24.3.\u00a0\u00a0 \u00a0Caracteres generales del Estado de Derecho\u00a0\u00a0 \u00a0\u00a0\u00a0 \u00a0190 24.4.\u00a0\u00a0 \u00a0El estado social de derecho\u00a0\u00a0 \u00a0\u00a0\u00a0 \u00a0194 24.5.\u00a0\u00a0 \u00a0Estado de Derecho en la Constituci\u00f3n de 1980\u00a0\u00a0 \u00a0\u00a0\u00a0 \u00a0194 TEXTOS COMPLEMENTARIOS 1.\u00a0\u00a0 \u00a0Isidoro Cheresky: Una nueva ciudadan\u00eda\u00a0\u00a0 \u00a0\u00a0\u00a0 \u00a0196 2.\u00a0\u00a0 \u00a0Antonio Carro Mart\u00ednez: Teor\u00eda del sufragio\u00a0\u00a0 \u00a0\u00a0\u00a0 \u00a0198 3.\u00a0\u00a0 \u00a0Olivier Ihl: Lo que quiere decir votar\u00a0\u00a0 \u00a0\u00a0\u00a0 \u00a0203 4.\u00a0\u00a0 \u00a0Mario Justo L\u00f3pez: Sistemas electorales\u00a0\u00a0 \u00a0\u00a0\u00a0 \u00a0204 5.\u00a0\u00a0 \u00a0Dieter Nohlen: Principios de representaci\u00f3n y reglas decisorias\u00a0\u00a0 \u00a0\u00a0\u00a0 \u00a0210 6.\u00a0\u00a0 \u00a0Germ\u00e1n Bidart Campos: Las formas llamadas de democracia \u201csemidirecta\u201d\u00a0\u00a0 \u00a0\u00a0\u00a0 \u00a0212 7.\u00a0\u00a0 \u00a0Declaraci\u00f3n de los derechos del hombre y del ciudadano\u00a0\u00a0 \u00a0\u00a0\u00a0 \u00a0216 Secci\u00f3n Sexta PANORAMA DE LAS DOCTRINAS POL\u00cdTICAS CONTEMPOR\u00c1NEAS 25.\u00a0\u00a0 \u00a0Alcances metodol\u00f3gicos y clasificaci\u00f3n de las doctrinas pol\u00edticas\u00a0\u00a0 \u00a0\u00a0\u00a0 \u00a0219 25.1.\u00a0\u00a0 \u00a0Doctrinas personalistas\u00a0\u00a0 \u00a0\u00a0\u00a0 \u00a0220 25.2.\u00a0\u00a0 \u00a0Doctrinas transpersonalistas\u00a0\u00a0 \u00a0\u00a0\u00a0 \u00a0221 26.\u00a0\u00a0 \u00a0Liberalismo\u00a0\u00a0 \u00a0\u00a0\u00a0 \u00a0222 26.1.\u00a0\u00a0 \u00a0Antecedentes hist\u00f3ricos\u00a0\u00a0 \u00a0\u00a0\u00a0 \u00a0222 26.2.\u00a0\u00a0 \u00a0El concepto del hombre en la filosof\u00eda liberal\u00a0\u00a0 \u00a0\u00a0\u00a0 \u00a0224 26.3.\u00a0\u00a0 \u00a0El concepto y rol del Estado\u00a0\u00a0 \u00a0\u00a0\u00a0 \u00a0227 26.4.\u00a0\u00a0 \u00a0\u201cEl neoliberalismo\u201d\u00a0\u00a0 \u00a0\u00a0\u00a0 \u00a0229 27.\u00a0\u00a0 \u00a0Las corrientes socialistas\u00a0\u00a0 \u00a0\u00a0\u00a0 \u00a0230 27.1.\u00a0\u00a0 \u00a0Antecedentes hist\u00f3ricos\u00a0\u00a0 \u00a0\u00a0\u00a0 \u00a0230 27.2.\u00a0\u00a0 \u00a0Las primeras formulaciones doctrinarias\u00a0\u00a0 \u00a0\u00a0\u00a0 \u00a0233 27.3.\u00a0\u00a0 \u00a0El marxismo\u00a0\u00a0 \u00a0\u00a0\u00a0 \u00a0236 27.3.1.\u00a0\u00a0 \u00a0El materialismo dial\u00e9ctico\u00a0\u00a0 \u00a0\u00a0\u00a0 \u00a0236 27.3.2.\u00a0\u00a0 \u00a0El materialismo hist\u00f3rico\u00a0\u00a0 \u00a0\u00a0\u00a0 \u00a0237 27.3.3.\u00a0\u00a0 \u00a0El \u201cManifiesto Comunista\u201d\u00a0\u00a0 \u00a0\u00a0\u00a0 \u00a0239 27.3.4.\u00a0\u00a0 \u00a0La teor\u00eda marxista del Estado\u00a0\u00a0 \u00a0\u00a0\u00a0 \u00a0239 27.4.\u00a0\u00a0 \u00a0Socialdemocracia\u00a0\u00a0 \u00a0\u00a0\u00a0 \u00a0241 27.4.1.\u00a0\u00a0 \u00a0Eduardo Bernstein\u00a0\u00a0 \u00a0\u00a0\u00a0 \u00a0241 27.4.2.\u00a0\u00a0 \u00a0Jean Jaur\u00e9s (1859-1914)\u00a0\u00a0 \u00a0\u00a0\u00a0 \u00a0243 27.4.3.\u00a0\u00a0 \u00a0G.D.H. Cole (1899-1959)\u00a0\u00a0<\/p>\n","protected":false},"featured_media":3838,"comment_status":"open","ping_status":"closed","template":"","meta":{"inline_featured_image":false,"_joinchat":[]},"product_brand":[],"product_cat":[44],"product_tag":[],"class_list":{"0":"post-3808","1":"product","2":"type-product","3":"status-publish","4":"has-post-thumbnail","6":"product_cat-filosofia-del-derecho-y-introduccion","7":"product_shipping_class-a-convenir","9":"first","10":"instock","11":"shipping-taxable","12":"purchasable","13":"product-type-simple"},"_links":{"self":[{"href":"https:\/\/bibliotecajuridicavirtual.cl\/index.php\/wp-json\/wp\/v2\/product\/3808","targetHints":{"allow":["GET"]}}],"collection":[{"href":"https:\/\/bibliotecajuridicavirtual.cl\/index.php\/wp-json\/wp\/v2\/product"}],"about":[{"href":"https:\/\/bibliotecajuridicavirtual.cl\/index.php\/wp-json\/wp\/v2\/types\/product"}],"replies":[{"embeddable":true,"href":"https:\/\/bibliotecajuridicavirtual.cl\/index.php\/wp-json\/wp\/v2\/comments?post=3808"}],"wp:featuredmedia":[{"embeddable":true,"href":"https:\/\/bibliotecajuridicavirtual.cl\/index.php\/wp-json\/wp\/v2\/media\/3838"}],"wp:attachment":[{"href":"https:\/\/bibliotecajuridicavirtual.cl\/index.php\/wp-json\/wp\/v2\/media?parent=3808"}],"wp:term":[{"taxonomy":"product_brand","embeddable":true,"href":"https:\/\/bibliotecajuridicavirtual.cl\/index.php\/wp-json\/wp\/v2\/product_brand?post=3808"},{"taxonomy":"product_cat","embeddable":true,"href":"https:\/\/bibliotecajuridicavirtual.cl\/index.php\/wp-json\/wp\/v2\/product_cat?post=3808"},{"taxonomy":"product_tag","embeddable":true,"href":"https:\/\/bibliotecajuridicavirtual.cl\/index.php\/wp-json\/wp\/v2\/product_tag?post=3808"}],"curies":[{"name":"wp","href":"https:\/\/api.w.org\/{rel}","templated":true}]}}