{"id":4179,"date":"2026-02-28T01:23:40","date_gmt":"2026-02-28T04:23:40","guid":{"rendered":"https:\/\/bibliotecajuridicavirtual.cl\/?post_type=product&#038;p=4179"},"modified":"2026-02-28T01:23:51","modified_gmt":"2026-02-28T04:23:51","slug":"pensar-la-libertad-ano-2019-748-pag-autor-tomas-salvador-vives-anton-y-maria-luisa-cuerda-arnau","status":"publish","type":"product","link":"https:\/\/bibliotecajuridicavirtual.cl\/index.php\/product\/pensar-la-libertad-ano-2019-748-pag-autor-tomas-salvador-vives-anton-y-maria-luisa-cuerda-arnau\/","title":{"rendered":"Pensar la Libertad. A\u00f1o 2019\/ 748 P\u00e1g. Autor Tom\u00e1s Salvador Vives Ant\u00f3n y Mar\u00eda Luisa Cuerda Arnau"},"content":{"rendered":"<p>Se ha dicho que la libertad no se deja pensar. Y m\u00e1s bien cabr\u00eda decir que no hay la libertad, sino un conjunto de libertades concretas caracterizadas por su contenido singular y por sus l\u00edmites. El estudio del sentido de esas libertades es el objeto fundamental de la presente obra porque sin ellas no hay ni seguridad jur\u00eddica, ni Constituci\u00f3n, ni democracia. Se erige as\u00ed una barrera intelectual a la lamentable deriva que aqueja al Derecho penal de nuestros d\u00edas.<\/p>\n<p>\u00cdndice<br \/>\nPrefacio del autor\u00a0\u00a0 \u00a0\u00a0\u00a0 \u00a07<br \/>\nLa concepci\u00f3n significativa de la acci\u00f3n v. las pretensiones sistem\u00e1ticas. Por M\u00aa Luisa Cuerda Arnau\u00a0\u00a0 \u00a0\u00a0\u00a0 \u00a011<br \/>\nConstituci\u00f3n, libertad religiosa y estado laico\u00a0\u00a0 \u00a0\u00a0\u00a0 \u00a047<br \/>\nSobre la STS 197\/2006 (el denominado \u201casunto Parot\u201d)\u00a0\u00a0 \u00a0\u00a0\u00a0 \u00a059<br \/>\nSobre la imparcialidad del juez y la direcci\u00f3n de la investigaci\u00f3n oficial del delito\u00a0\u00a0 \u00a0\u00a0\u00a0 \u00a063<br \/>\n\u00bfEstado democr\u00e1tico o estado autoritario? Reflexiones jur\u00eddico-pol\u00edticas a prop\u00f3sito de un Anteproyecto de C\u00f3digo Penal\u00a0\u00a0 \u00a0\u00a0\u00a0 \u00a0103<br \/>\nSobre la defensa medi\u00e1tica de un juez\u00a0\u00a0 \u00a0\u00a0\u00a0 \u00a0119<br \/>\nNotas sobre el derecho de defensa\u00a0\u00a0 \u00a0\u00a0\u00a0 \u00a0123<br \/>\nSobre la idea de la justicia de Amartya Sen\u00a0\u00a0 \u00a0\u00a0\u00a0 \u00a0139<br \/>\nSobre la dignidad del sistema jur\u00eddico\u00a0\u00a0 \u00a0\u00a0\u00a0 \u00a0147<br \/>\nHechos, valores y normas: cr\u00f3nica de un debate filos\u00f3fico-jur\u00eddico\u00a0\u00a0 \u00a0\u00a0\u00a0 \u00a0171<br \/>\nEn defensa de la jurisdicci\u00f3n constitucional: an\u00e1lisis del caso Bildu\u00a0\u00a0 \u00a0\u00a0\u00a0 \u00a0191<br \/>\nLey, lenguaje y libertad. Sobre determinismo, libertades constitucionales y Derecho penal\u00a0\u00a0 \u00a0\u00a0\u00a0 \u00a0211<br \/>\nNeurociencia y determinismo reduccionista: una aproximaci\u00f3n cr\u00edtica\u00a0\u00a0 \u00a0\u00a0\u00a0 \u00a0303<br \/>\nLa imprevisibilidad del sistema jurisdiccional espa\u00f1ol: el caso Parot como paradigma\u00a0\u00a0 \u00a0\u00a0\u00a0 \u00a0319<br \/>\nEl laberinto jur\u00eddico espa\u00f1ol\u00a0\u00a0 \u00a0\u00a0\u00a0 \u00a0355<br \/>\nFerrajoli y despu\u00e9s: una reflexi\u00f3n sobre los fundamentos de la teor\u00eda del derecho\u00a0\u00a0 \u00a0\u00a0\u00a0 \u00a0387<br \/>\nPresupuestos metodol\u00f3gicos de la dogm\u00e1tica de la omisi\u00f3n: una reflexi\u00f3n desde el pensamiento de von Wright\u00a0\u00a0 \u00a0\u00a0\u00a0 \u00a0471<br \/>\nSobre la apolog\u00eda del terrorismo como \u201cdiscurso\u201d del odio\u00a0\u00a0 \u00a0\u00a0\u00a0 \u00a0501<br \/>\nPol\u00edtica criminal democr\u00e1tica, prisi\u00f3n permanente revisable y dignidad de la persona\u00a0\u00a0 \u00a0\u00a0\u00a0 \u00a0519<br \/>\nLa concepci\u00f3n de la justicia de j. Rawls revisitada: defensa del liberalismo pol\u00edtico\u00a0\u00a0 \u00a0\u00a0\u00a0 \u00a0523<br \/>\nAddenda: Comentarios a la ponencia del prof. Vives a cargo del Prof. Manuel Jim\u00e9nez Redondo\u00a0\u00a0 \u00a0\u00a0\u00a0 \u00a0561<br \/>\nEstado autoritario y adelantamiento de la \u201cl\u00ednea de defensa penal\u201d\u00a0\u00a0 \u00a0\u00a0\u00a0 \u00a0595<br \/>\nReivindicaci\u00f3n del pensamiento de un fiscal prusiano\u00a0\u00a0 \u00a0\u00a0\u00a0 \u00a0625<br \/>\nDogm\u00e1tica penal y garantismo\u00a0\u00a0 \u00a0\u00a0\u00a0 \u00a0641<br \/>\nSobre la estructura del Poder Judicial\u00a0\u00a0 \u00a0\u00a0\u00a0 \u00a0647<br \/>\nGarant\u00edas constitucionales y terrorismo\u00a0\u00a0 \u00a0\u00a0\u00a0 \u00a0657<br \/>\nDe nuevo sobre la autor\u00eda: algunos problemas metodol\u00f3gicos\u00a0\u00a0 \u00a0\u00a0\u00a0 \u00a0665<br \/>\nComentario breve al art\u00edculo 25 de la Constituci\u00f3n (principio de legalidad)\u00a0\u00a0 \u00a0\u00a0\u00a0 \u00a0675<br \/>\nLa libertad y las libertades\u00a0\u00a0 \u00a0\u00a0\u00a0 \u00a0687<br \/>\nIntervenci\u00f3n penal y derechos fundamentales\u00a0\u00a0 \u00a0\u00a0\u00a0 \u00a0697<br \/>\nReivindicaci\u00f3n de la concepci\u00f3n kantiana del derecho y del delito: tras la libertad\u00a0\u00a0 \u00a0\u00a0\u00a0 \u00a0705<br \/>\nLenguaje com\u00fan, derechos fundamentales, filosof\u00eda y dogm\u00e1tica penal\u00a0\u00a0 \u00a0\u00a0\u00a0 \u00a0737<\/p>\n","protected":false},"excerpt":{"rendered":"<h5 style=\"text-align: center;\"><span style=\"color: #ff0000;\">( LIBRO ESPA\u00d1OL)\u00a0<\/span><\/h5>\n","protected":false},"featured_media":4209,"comment_status":"open","ping_status":"closed","template":"","meta":{"inline_featured_image":false,"_joinchat":[]},"product_brand":[],"product_cat":[44],"product_tag":[],"class_list":{"0":"post-4179","1":"product","2":"type-product","3":"status-publish","4":"has-post-thumbnail","6":"product_cat-filosofia-del-derecho-y-introduccion","7":"product_shipping_class-a-convenir","9":"first","10":"instock","11":"shipping-taxable","12":"purchasable","13":"product-type-simple"},"_links":{"self":[{"href":"https:\/\/bibliotecajuridicavirtual.cl\/index.php\/wp-json\/wp\/v2\/product\/4179","targetHints":{"allow":["GET"]}}],"collection":[{"href":"https:\/\/bibliotecajuridicavirtual.cl\/index.php\/wp-json\/wp\/v2\/product"}],"about":[{"href":"https:\/\/bibliotecajuridicavirtual.cl\/index.php\/wp-json\/wp\/v2\/types\/product"}],"replies":[{"embeddable":true,"href":"https:\/\/bibliotecajuridicavirtual.cl\/index.php\/wp-json\/wp\/v2\/comments?post=4179"}],"wp:featuredmedia":[{"embeddable":true,"href":"https:\/\/bibliotecajuridicavirtual.cl\/index.php\/wp-json\/wp\/v2\/media\/4209"}],"wp:attachment":[{"href":"https:\/\/bibliotecajuridicavirtual.cl\/index.php\/wp-json\/wp\/v2\/media?parent=4179"}],"wp:term":[{"taxonomy":"product_brand","embeddable":true,"href":"https:\/\/bibliotecajuridicavirtual.cl\/index.php\/wp-json\/wp\/v2\/product_brand?post=4179"},{"taxonomy":"product_cat","embeddable":true,"href":"https:\/\/bibliotecajuridicavirtual.cl\/index.php\/wp-json\/wp\/v2\/product_cat?post=4179"},{"taxonomy":"product_tag","embeddable":true,"href":"https:\/\/bibliotecajuridicavirtual.cl\/index.php\/wp-json\/wp\/v2\/product_tag?post=4179"}],"curies":[{"name":"wp","href":"https:\/\/api.w.org\/{rel}","templated":true}]}}