{"id":4375,"date":"2026-02-28T01:25:10","date_gmt":"2026-02-28T04:25:10","guid":{"rendered":"https:\/\/bibliotecajuridicavirtual.cl\/?post_type=product&#038;p=4375"},"modified":"2026-02-28T01:25:26","modified_gmt":"2026-02-28T04:25:26","slug":"estudios-de-derecho-de-familia-vi-actas-de-las-sextas-jornadas-de-derecho-de-familia-ano-2023-700-pag-autor-facultad-de-derecho-diego-portales","status":"publish","type":"product","link":"https:\/\/bibliotecajuridicavirtual.cl\/index.php\/product\/estudios-de-derecho-de-familia-vi-actas-de-las-sextas-jornadas-de-derecho-de-familia-ano-2023-700-pag-autor-facultad-de-derecho-diego-portales\/","title":{"rendered":"Estudios de Derecho de Familia VI &#8211; Actas de las Sextas Jornadas de Derecho de Familia. A\u00f1o 2023\/ 700 P\u00e1g. Autor Facultad de Derecho Diego Portales"},"content":{"rendered":"<p>Este libro recoge las cuarenta y tres ponencias presentadas en las VI Jornadas Nacionales de Derecho de Familia, organizadas por la Universidad Diego Portales los d\u00edas 22, 23 y 24 de junio de 2022 en representaci\u00f3n del Consorcio de Universidades Organizadoras integrado por la Universidad de Chile, la Universidad Cat\u00f3lica de Chile, la Universidad de Talca, la Pontificia Universidad Cat\u00f3lica de Valpara\u00edso, la Universidad Diego Portales, la Universidad Cat\u00f3lica del Norte y desde el a\u00f1o 2022 la Universidad de Valpara\u00edso, la Universidad Cat\u00f3lica de la Sant\u00edsima Concepci\u00f3n y la Universidad Adolfo Ib\u00e1\u00f1ez.<br \/>\nPor otro lado, reactiva la publicaci\u00f3n de las Actas de las Jornadas Nacionales de Derecho de Familia cuya \u00faltima versi\u00f3n se realiz\u00f3 el a\u00f1o 2019 en la Pontificia Universidad Cat\u00f3lica de Valpara\u00edso y que fue interrumpida como consecuencia de la pandemia del COVID-19 que determin\u00f3 la suspensi\u00f3n de dichas jornadas.<br \/>\nEn esta ocasi\u00f3n, los distintos expositores y expositoras abordaron los principios del derecho de la adolescencia e infancia, la especial tutela del ni\u00f1o, ni\u00f1a y adolescente y algunos problemas que se han suscitado a prop\u00f3sito de la filiaci\u00f3n, la capacidad y la discapacidad, los alimentos, la sociedad conyugal y los bienes familiares, la posesi\u00f3n notoria, el nombre y la gestaci\u00f3n subrogada, la compensaci\u00f3n econ\u00f3mica, el exequatur, el matrimonio y el matrimonio igualitario, y la violencia intrafamiliar.<\/p>\n<nav class=\"navbar\">\n<div class=\"hamb\">\n<div class=\"menu\">\n<div class=\"content\">\n<div class=\"backtotop\"><\/div>\n<div id=\"inicio\" class=\"palette\"><\/div>\n<\/div>\n<\/div>\n<\/div>\n<\/nav>\n<section id=\"indice\">\n<div id=\"container\">\n<p id=\"tomoI\" class=\"IG_IndiceGeneral\">\u00cdNDICE<\/p>\n<p class=\"IG_1\" lang=\"es-ES\">Pr\u00f3logo<\/p>\n<p class=\"IG_CapituloNumero\" lang=\"es-ES\"><span class=\"TextoV\" lang=\"\">CLASE INAUGURAL<\/span><\/p>\n<p class=\"IG_Capitulo ParaOverride-1\" lang=\"es-ES\"><span class=\"TextoV\" lang=\"\">VI JORNADAS NACIONALES DE DERECHO DE FAMILIA 2022<\/span><\/p>\n<p class=\"IG_1\" lang=\"es-ES\">El cambio del derecho de familia a trav\u00e9s de la legislaci\u00f3n y la jurisprudencia<\/p>\n<p class=\"IG_Autor\" lang=\"es-ES\"><span class=\"TextoI\" lang=\"\">Leonor Etcheberry Court<\/span><\/p>\n<p class=\"IG_CapituloNumero\" lang=\"es-ES\"><span class=\"TextoV\" lang=\"\">PRIMERA PARTE<\/span><\/p>\n<p class=\"IG_Capitulo ParaOverride-2\" lang=\"es-ES\"><span class=\"TextoV\" lang=\"\">PROTECCI\u00d3N DE LA INFANCIA, LA ADOLESCENCIA Y LA FAMILIA<\/span><\/p>\n<p class=\"IG_1\" lang=\"es-ES\">Hacia una nueva lectura y aplicaci\u00f3n del derecho del ni\u00f1o a ser o\u00eddo en Chile<\/p>\n<p class=\"IG_Autor\" lang=\"es-ES\"><span class=\"TextoI\" lang=\"\">Nicol\u00e1s Ib\u00e1\u00f1ez Meza<\/span><\/p>\n<p class=\"IG_1\" lang=\"es-ES\">La vigencia del resguardo del inter\u00e9s superior de los ni\u00f1os, ni\u00f1as y adolescentes como principio del derecho de consumo<\/p>\n<p class=\"IG_Autor\" lang=\"es-ES\"><span class=\"TextoI\" lang=\"\">Erika Isler Soto<\/span><\/p>\n<p class=\"IG_1\" lang=\"es-ES\">El inter\u00e9s superior del ni\u00f1o como consideraci\u00f3n primordial de la atribuci\u00f3n del cuidado personal a terceros en el contexto de la Ley N\u00ba 21.430 \u00bfDerogaci\u00f3n t\u00e1cita del art\u00edculo 226 del C\u00f3digo Civil?<\/p>\n<p class=\"IG_Autor\" lang=\"es-ES\"><span class=\"TextoI\" lang=\"\">Alejandra Illanes Vald\u00e9s<\/span><\/p>\n<p class=\"IG_1\" lang=\"es-ES\">El derecho del ni\u00f1o a ser o\u00eddo en Chile en tiempos de pandemia: lecciones hacia el futuro<\/p>\n<p class=\"IG_Autor\" lang=\"es-ES\"><span class=\"TextoI\" lang=\"\">Carmen Dom\u00ednguez Hidalgo<\/span><\/p>\n<p class=\"IG_1\" lang=\"es-ES\">Las modernas vulnerabilidades NNA y la determinaci\u00f3n de la tutela aplicable: un intento de sistematizaci\u00f3n desde el derecho chileno<\/p>\n<p class=\"IG_Autor\" lang=\"es-ES\"><span class=\"TextoI\" lang=\"\">Patricia Ver\u00f3nica L\u00f3pez D\u00edaz<\/span><\/p>\n<p class=\"IG_1\" lang=\"es-ES\">Los ni\u00f1os, ni\u00f1as y adolescentes como pacientes en la relaci\u00f3n cl\u00ednica. Nuevos derechos a partir de reformas recientes<\/p>\n<p class=\"IG_Autor\" lang=\"es-ES\"><span class=\"TextoI\" lang=\"\">Marcela Acu\u00f1a San Mart\u00edn<\/span><\/p>\n<p class=\"IG_1\" lang=\"es-ES\">Configuraci\u00f3n de la Protecci\u00f3n Especial de los Derechos de ni\u00f1os, ni\u00f1as y adolescentes en Chile a partir de las Leyes N\u00ba 21.302 y N\u00ba 21.430. Nudos cr\u00edticos y desaf\u00edos<\/p>\n<p class=\"IG_Autor\" lang=\"es-ES\"><span class=\"TextoI\" lang=\"\">Jorge Sep\u00falveda Varela<\/span><\/p>\n<p class=\"IG_1\" lang=\"es-ES\">Relevancia, para efectos de las \u00f3rdenes de expulsi\u00f3n, de los nexos de filiaci\u00f3n de los inmigrantes en la Nueva Ley de Migraci\u00f3n y Extranjer\u00eda<\/p>\n<p class=\"IG_Autor\" lang=\"es-ES\"><span class=\"TextoI\" lang=\"\">Alexis Mondaca Miranda<\/span><\/p>\n<p class=\"IG_1\" lang=\"es-ES\">Ingreso irregular al pa\u00eds de ni\u00f1os, ni\u00f1as y adolescentes por razones humanitarias v\/s restituci\u00f3n al pa\u00eds de origen. \u00bfC\u00f3mo se pondera en estos casos su inter\u00e9s superior?<\/p>\n<p class=\"IG_Autor\" lang=\"es-ES\"><span class=\"TextoI\" lang=\"\">Mar\u00eda Paz Zarzar Encina &#8211; Gabriel Mu\u00f1oz Bonacic<\/span><\/p>\n<p class=\"IG_1\" lang=\"es-ES\">Tras el umbral del hogar. Ni\u00f1ez, derechos humanos y familias<\/p>\n<p class=\"IG_Autor\" lang=\"es-ES\"><span class=\"TextoI\" lang=\"\">Mar\u00eda Jos\u00e9 Jara Leiva<\/span><\/p>\n<p class=\"IG_1\" lang=\"es-ES\">Estado de la cuesti\u00f3n de la constitucionalizaci\u00f3n de las relaciones de familia en Am\u00e9rica Latina<\/p>\n<p class=\"IG_Autor\" lang=\"es-ES\"><span class=\"TextoI\" lang=\"\">Francisco Javier Sanz Salguero<\/span><\/p>\n<p class=\"IG_CapituloNumero\" lang=\"es-ES\"><span class=\"TextoV\" lang=\"\">S<\/span><span class=\"TextoV\" lang=\"\">EGUNDA PARTE<\/span><\/p>\n<p class=\"IG_Capitulo\" lang=\"es-ES\"><span class=\"TextoV\" lang=\"\">CAPACIDAD, DISCAPACIDAD, PERSPECTIVA DE G\u00c9NERO Y PROTECCI\u00d3N DE DATOS PERSONALES<\/span><\/p>\n<p class=\"IG_1\" lang=\"es-ES\">Capacidad en el r\u00e9gimen de la responsabilidad civil extracontractual. Tensiones con la idea de discapacidad<\/p>\n<p class=\"IG_Autor\" lang=\"es-ES\"><span class=\"TextoI\" lang=\"\">Cristian Aedo Barrena<\/span><\/p>\n<p class=\"IG_1\" lang=\"es-ES\">Discapacidad y responsabilidad civil<\/p>\n<p class=\"IG_Autor\" lang=\"es-ES\"><span class=\"TextoI\" lang=\"\">\u00c1lvaro Vidal Olivares<\/span><\/p>\n<p class=\"IG_1\" lang=\"es-ES\">Algunos aspectos a considerar sobre el derecho a un nivel de vida adecuado de las personas con discapacidad mental e intelectual. Medios de protecci\u00f3n patrimonial<\/p>\n<p class=\"IG_Autor\" lang=\"es-ES\"><span class=\"TextoI\" lang=\"\">Mar\u00eda Isabel Rodr\u00edguez Alfaro<\/span><\/p>\n<p class=\"IG_1\" lang=\"es-ES\">Forzamiento de la interdicci\u00f3n por causa de demencia al ser alimentario demandado mayor de edad con discapacidad intelectual<\/p>\n<p class=\"IG_Autor\" lang=\"es-ES\"><span class=\"TextoI\" lang=\"\">Liliana Acu\u00f1a Fr\u00edas<\/span><\/p>\n<p class=\"IG_1\" lang=\"es-ES\">La internaci\u00f3n forzosa de las personas con discapacidad en relaci\u00f3n con la Ley N\u00ba 21.331<\/p>\n<p class=\"IG_Autor\" lang=\"es-ES\"><span class=\"TextoI\" lang=\"\">Andrea Montecinos Tota<\/span><\/p>\n<p class=\"IG_1\" lang=\"es-ES\">Monitoreo telem\u00e1tico de medidas cautelares en materia de violencia intrafamiliar. Un an\u00e1lisis desde la perspectiva de g\u00e9nero<\/p>\n<p class=\"IG_Autor\" lang=\"es-ES\"><span class=\"TextoI\" lang=\"\">Claudia Moraga Contreras<\/span><\/p>\n<p class=\"IG_1\" lang=\"es-ES\">Protecci\u00f3n de datos personales a prop\u00f3sito de las donaciones de material gen\u00e9tico<\/p>\n<p class=\"IG_Autor\" lang=\"es-ES\"><span class=\"TextoI\" lang=\"\">Carolina Riveros Ferrada<\/span><\/p>\n<p class=\"IG_1\" lang=\"es-ES\">Actual preponderancia del g\u00e9nero por sobre el sexo biol\u00f3gico en las relaciones de familia<\/p>\n<p class=\"IG_Autor\" lang=\"es-ES\"><span class=\"TextoI\" lang=\"\">Nathalie Walker Silva<\/span><\/p>\n<p class=\"IG_CapituloNumero\" lang=\"es-ES\"><span class=\"TextoV\" lang=\"\">TERCERA<\/span><span class=\"TextoV\" lang=\"\">\u00a0PARTE<\/span><\/p>\n<p class=\"IG_Capitulo ParaOverride-3\" lang=\"es-ES\"><span class=\"TextoV\" lang=\"\">POSESI\u00d3N NOTORIA, NOMBRE Y FILIACI\u00d3N<\/span><\/p>\n<p class=\"IG_1\" lang=\"es-ES\">La posesi\u00f3n notoria del estado civil de hijo\/a como acci\u00f3n aut\u00f3noma<\/p>\n<p class=\"IG_Autor\" lang=\"es-ES\"><span class=\"TextoI\" lang=\"\">Maricruz G\u00f3mez de la Torre Vargas<\/span><\/p>\n<p class=\"IG_1\" lang=\"es-ES\">\u00bf\u201cCara o sello\u201d? Sobre la nueva composici\u00f3n del nombre en la Legislaci\u00f3n Chilena<\/p>\n<p class=\"IG_Autor\" lang=\"es-ES\"><span class=\"TextoI\" lang=\"\">Lilian C. San Mart\u00edn Neira<\/span><\/p>\n<p class=\"IG_1\" lang=\"es-ES\">La gestaci\u00f3n por subrogaci\u00f3n en Chile y Am\u00e9rica Latina<\/p>\n<p class=\"IG_Autor\" lang=\"es-ES\"><span class=\"TextoI\" lang=\"\">Fabiola Lathrop G\u00f3mez<\/span><\/p>\n<p class=\"IG_1\" lang=\"es-ES\">Regulaci\u00f3n de la filiaci\u00f3n en Chile. Incidencia de la Ley N\u00ba 21.400, panorama actual y desaf\u00edos pendientes<\/p>\n<p class=\"IG_Autor\" lang=\"es-ES\"><span class=\"TextoI\" lang=\"\">Rommy Alvarez Escudero<\/span><\/p>\n<p class=\"IG_1\" lang=\"es-ES\">Formas de determinaci\u00f3n legal de la filiaci\u00f3n, identidad de g\u00e9nero y matrimonio homosexual. Algunas inconsistencias en el derecho chileno<\/p>\n<p class=\"IG_Autor\" lang=\"es-ES\"><span class=\"TextoI\" lang=\"\">Sebasti\u00e1n Nicol\u00e1s Campos Micin<\/span><\/p>\n<p class=\"IG_1\" lang=\"es-ES\">El derecho a la identidad y la filiaci\u00f3n m\u00faltiple del ni\u00f1o, ni\u00f1a y adolescente<\/p>\n<p class=\"IG_Autor\" lang=\"es-ES\"><span class=\"TextoI\" lang=\"\">Katherine Liliana Leiva Salinas &#8211; Ignacia Bel\u00e9n Vergara Caroca<\/span><\/p>\n<p class=\"IG_1\" lang=\"es-ES\">El rol de la voluntad en la determinaci\u00f3n de la filiaci\u00f3n en Chile<\/p>\n<p class=\"IG_Autor\" lang=\"es-ES\"><span class=\"TextoI\" lang=\"\">Susan Turner Saelzer<\/span><\/p>\n<p class=\"IG_CapituloNumero\" lang=\"es-ES\"><span class=\"TextoV\" lang=\"\">PARTE CUARTA<\/span><\/p>\n<p class=\"IG_Capitulo\" lang=\"es-ES\"><span class=\"TextoV\" lang=\"\">DERECHO MATRIMONIAL<\/span><\/p>\n<p class=\"IG_1\" lang=\"es-ES\">Matrimonio igualitario. Justificaci\u00f3n o inconsistencia de la subsistencia de dos estatutos diferenciados para la pareja en el derecho civil chileno, a la luz del predominio de la afectividad como fundamento com\u00fan<\/p>\n<p class=\"IG_Autor\" lang=\"es-ES\"><span class=\"TextoI\" lang=\"\">Jorge del Pic\u00f3 Rubio<\/span><\/p>\n<p class=\"IG_1\" lang=\"es-ES\">\u00bfCu\u00e1les deben ser los l\u00edmites a la hora de configurar jur\u00eddicamente la convivencia de hecho luego de la promulgaci\u00f3n de Ley de AUC y el matrimonio igualitario?<\/p>\n<p class=\"IG_Autor\" lang=\"es-ES\"><span class=\"TextoI\" lang=\"\">Laura Albornoz Pollmann<\/span><\/p>\n<p class=\"IG_1\" lang=\"es-ES\">\u00bfTendr\u00e1 la homosexualidad alguna incidencia en sede de ineficacia jur\u00eddica del matrimonio? Una tematizaci\u00f3n a partir de las reformas introducidas por las leyes N\u00bas. 21.367 y 21.400<\/p>\n<p class=\"IG_Autor\" lang=\"es-ES\"><span class=\"TextoI\" lang=\"\">Nicol\u00e1s Malla Castell\u00f3<\/span><\/p>\n<p class=\"IG_1\" lang=\"es-ES\">Identidad de g\u00e9nero, matrimonio igualitario y la terminaci\u00f3n del v\u00ednculo: algunas notas derivadas de la reforma que la Ley N\u00ba 21.400 introdujo al procedimiento de terminaci\u00f3n matrimonial<\/p>\n<p class=\"IG_Autor\" lang=\"es-ES\"><span class=\"TextoI\" lang=\"\">Emilio Jos\u00e9 B\u00e9car Labra\u00f1a<\/span><\/p>\n<p class=\"IG_1\" lang=\"es-ES\">La adquisici\u00f3n de inmuebles por la mujer casada en sociedad conyugal mediante subsidio habitacional<\/p>\n<p class=\"IG_Autor\" lang=\"es-ES\"><span class=\"TextoI\" lang=\"\">Yasna Ot\u00e1rola Espinoza<\/span><\/p>\n<p class=\"IG_1\" lang=\"es-ES\">La cesi\u00f3n de los derechos hereditarios de la mujer casada en sociedad conyugal. Problemas pasados y presentes<\/p>\n<p class=\"IG_Autor\" lang=\"es-ES\"><span class=\"TextoI\" lang=\"\">David Cuba Abarca<\/span><\/p>\n<p class=\"IG_1\" lang=\"es-ES\">Remedios frente al incumplimiento de las limitaciones convencionales a las facultades administrativas del marido casado en r\u00e9gimen de sociedad conyugal<\/p>\n<p class=\"IG_Autor\" lang=\"es-ES\"><span class=\"TextoI\" lang=\"\">Mario Opazo Gonz\u00e1lez<\/span><\/p>\n<p class=\"IG_1\" lang=\"es-ES\">Los problemas que surgen de la aplicaci\u00f3n pr\u00e1ctica del estatuto de los bienes familiares<\/p>\n<p class=\"IG_Autor\" lang=\"es-ES\"><span class=\"TextoI\" lang=\"\">Carlos C\u00e9spedes Mu\u00f1oz<\/span><\/p>\n<p class=\"IG_1\" lang=\"es-ES\">La autonom\u00eda privada en el acuerdo de compensaci\u00f3n econ\u00f3mica: entre la naturaleza contractual y de negocio de familia. Una reflexi\u00f3n desde el incumplimiento y la revisi\u00f3n por cambio de circunstancias<\/p>\n<p class=\"IG_Autor\" lang=\"es-ES\"><span class=\"TextoI\" lang=\"\">Pamela Prado L\u00f3pez<\/span><\/p>\n<p class=\"IG_CapituloNumero\" lang=\"es-ES\"><span class=\"TextoV\" lang=\"\">QUINTA PARTE<\/span><\/p>\n<p class=\"IG_Capitulo\" lang=\"es-ES\"><span class=\"TextoV\" lang=\"\">ALIMENTOS Y EXEQU\u00c1TUR Y VIOLENCIA INTRAFAMILIAR<\/span><\/p>\n<p class=\"IG_1\" lang=\"es-ES\">Alimentos que se deben al c\u00f3nyuge \u00bfuna trampa sin salida?<\/p>\n<p class=\"IG_Autor\" lang=\"es-ES\"><span class=\"TextoI\" lang=\"\">Veronika Wegner Astudillo<\/span><\/p>\n<p class=\"IG_1\" lang=\"es-ES\">La radical transformaci\u00f3n de la naturaleza de la acci\u00f3n revocatoria prevista en el art\u00edculo 5\u00ba de la Ley N\u00ba 14.908<\/p>\n<p class=\"IG_Autor\" lang=\"es-ES\"><span class=\"TextoI\" lang=\"\">Juan Luis Goldenberg Serrano<\/span><\/p>\n<p class=\"IG_1\" lang=\"es-ES\">Retenciones judiciales como apremio y garant\u00eda del pago de pensiones alimenticias de los hijos menores de edad<\/p>\n<p class=\"IG_Autor\" lang=\"es-ES\"><span class=\"TextoI\" lang=\"\">Jimena Valenzuela del Valle<\/span><\/p>\n<p class=\"IG_1\" lang=\"es-ES\">Algunos problemas que se presentan en la representaci\u00f3n legal en los juicios de alimentos de ni\u00f1os, ni\u00f1as y adolescentes cuando \u00e9stos llegan a la mayor\u00eda de edad, de acuerdo con el art\u00edculo 19 de la Ley N\u00ba 19.968<\/p>\n<p class=\"IG_Autor\" lang=\"es-ES\"><span class=\"TextoI\" lang=\"\">Ruperto Pinochet Olave<\/span><\/p>\n<p class=\"IG_1\" lang=\"es-ES\">Exequ\u00e1tur en derecho de familia: cuestiones pr\u00e1cticas sobre el divorcio<\/p>\n<p class=\"IG_Autor\" lang=\"es-ES\"><span class=\"TextoI\" lang=\"\">Pablo Cornejo Aguilera<\/span><\/p>\n<p class=\"IG_1\" lang=\"es-ES\">La inacci\u00f3n como violencia contra las personas mayores en tiempos de aislamiento social:\u00a0<span class=\"TextoI\" lang=\"\">perspectivas chileno-croata<\/span><\/p>\n<p class=\"IG_Autor\" lang=\"es-ES\"><span class=\"TextoI\" lang=\"\">Pedro Antonio Goic Martinic<\/span><\/p>\n<p lang=\"es-ES\">\n<\/div>\n<\/section>\n","protected":false},"excerpt":{"rendered":"<p>Este libro recoge las cuarenta y tres ponencias presentadas en las VI Jornadas Nacionales de Derecho de Familia, organizadas por la Universidad Diego Portales los d\u00edas 22, 23 y 24 de junio de 2022 en representaci\u00f3n del Consorcio de Universidades Organizadoras integrado por la Universidad de Chile, la Universidad Cat\u00f3lica de Chile, la Universidad de Talca, la Pontificia Universidad Cat\u00f3lica de Valpara\u00edso, la Universidad Diego Portales, la Universidad Cat\u00f3lica del Norte y desde el a\u00f1o 2022 la Universidad de Valpara\u00edso, la Universidad Cat\u00f3lica de la Sant\u00edsima Concepci\u00f3n y la Universidad Adolfo Ib\u00e1\u00f1ez. Por otro lado, reactiva la publicaci\u00f3n de las Actas de las Jornadas Nacionales de Derecho de Familia cuya \u00faltima versi\u00f3n se realiz\u00f3 el a\u00f1o 2019 en la Pontificia Universidad Cat\u00f3lica de Valpara\u00edso y que fue interrumpida como consecuencia de la pandemia del COVID-19 que determin\u00f3 la suspensi\u00f3n de dichas jornadas. En esta ocasi\u00f3n, los distintos expositores y expositoras abordaron los principios del derecho de la adolescencia e infancia, la especial tutela del ni\u00f1o, ni\u00f1a y adolescente y algunos problemas que se han suscitado a prop\u00f3sito de la filiaci\u00f3n, la capacidad y la discapacidad, los alimentos, la sociedad conyugal y los bienes familiares, la posesi\u00f3n notoria, el nombre y la gestaci\u00f3n subrogada, la compensaci\u00f3n econ\u00f3mica, el exequatur, el matrimonio y el matrimonio igualitario, y la violencia intrafamiliar. \u00cdNDICE Pr\u00f3logo CLASE INAUGURAL VI JORNADAS NACIONALES DE DERECHO DE FAMILIA 2022 El cambio del derecho de familia a trav\u00e9s de la legislaci\u00f3n y la jurisprudencia Leonor Etcheberry Court PRIMERA PARTE PROTECCI\u00d3N DE LA INFANCIA, LA ADOLESCENCIA Y LA FAMILIA Hacia una nueva lectura y aplicaci\u00f3n del derecho del ni\u00f1o a ser o\u00eddo en Chile Nicol\u00e1s Ib\u00e1\u00f1ez Meza La vigencia del resguardo del inter\u00e9s superior de los ni\u00f1os, ni\u00f1as y adolescentes como principio del derecho de consumo Erika Isler Soto El inter\u00e9s superior del ni\u00f1o como consideraci\u00f3n primordial de la atribuci\u00f3n del cuidado personal a terceros en el contexto de la Ley N\u00ba 21.430 \u00bfDerogaci\u00f3n t\u00e1cita del art\u00edculo 226 del C\u00f3digo Civil? Alejandra Illanes Vald\u00e9s El derecho del ni\u00f1o a ser o\u00eddo en Chile en tiempos de pandemia: lecciones hacia el futuro Carmen Dom\u00ednguez Hidalgo Las modernas vulnerabilidades NNA y la determinaci\u00f3n de la tutela aplicable: un intento de sistematizaci\u00f3n desde el derecho chileno Patricia Ver\u00f3nica L\u00f3pez D\u00edaz Los ni\u00f1os, ni\u00f1as y adolescentes como pacientes en la relaci\u00f3n cl\u00ednica. Nuevos derechos a partir de reformas recientes Marcela Acu\u00f1a San Mart\u00edn Configuraci\u00f3n de la Protecci\u00f3n Especial de los Derechos de ni\u00f1os, ni\u00f1as y adolescentes en Chile a partir de las Leyes N\u00ba 21.302 y N\u00ba 21.430. Nudos cr\u00edticos y desaf\u00edos Jorge Sep\u00falveda Varela Relevancia, para efectos de las \u00f3rdenes de expulsi\u00f3n, de los nexos de filiaci\u00f3n de los inmigrantes en la Nueva Ley de Migraci\u00f3n y Extranjer\u00eda Alexis Mondaca Miranda Ingreso irregular al pa\u00eds de ni\u00f1os, ni\u00f1as y adolescentes por razones humanitarias v\/s restituci\u00f3n al pa\u00eds de origen. \u00bfC\u00f3mo se pondera en estos casos su inter\u00e9s superior? Mar\u00eda Paz Zarzar Encina &#8211; Gabriel Mu\u00f1oz Bonacic Tras el umbral del hogar. Ni\u00f1ez, derechos humanos y familias Mar\u00eda Jos\u00e9 Jara Leiva Estado de la cuesti\u00f3n de la constitucionalizaci\u00f3n de las relaciones de familia en Am\u00e9rica Latina Francisco Javier Sanz Salguero SEGUNDA PARTE CAPACIDAD, DISCAPACIDAD, PERSPECTIVA DE G\u00c9NERO Y PROTECCI\u00d3N DE DATOS PERSONALES Capacidad en el r\u00e9gimen de la responsabilidad civil extracontractual. Tensiones con la idea de discapacidad Cristian Aedo Barrena Discapacidad y responsabilidad civil \u00c1lvaro Vidal Olivares Algunos aspectos a considerar sobre el derecho a un nivel de vida adecuado de las personas con discapacidad mental e intelectual. Medios de protecci\u00f3n patrimonial Mar\u00eda Isabel Rodr\u00edguez Alfaro Forzamiento de la interdicci\u00f3n por causa de demencia al ser alimentario demandado mayor de edad con discapacidad intelectual Liliana Acu\u00f1a Fr\u00edas La internaci\u00f3n forzosa de las personas con discapacidad en relaci\u00f3n con la Ley N\u00ba 21.331 Andrea Montecinos Tota Monitoreo telem\u00e1tico de medidas cautelares en materia de violencia intrafamiliar. Un an\u00e1lisis desde la perspectiva de g\u00e9nero Claudia Moraga Contreras Protecci\u00f3n de datos personales a prop\u00f3sito de las donaciones de material gen\u00e9tico Carolina Riveros Ferrada Actual preponderancia del g\u00e9nero por sobre el sexo biol\u00f3gico en las relaciones de familia Nathalie Walker Silva TERCERA\u00a0PARTE POSESI\u00d3N NOTORIA, NOMBRE Y FILIACI\u00d3N La posesi\u00f3n notoria del estado civil de hijo\/a como acci\u00f3n aut\u00f3noma Maricruz G\u00f3mez de la Torre Vargas \u00bf\u201cCara o sello\u201d? Sobre la nueva composici\u00f3n del nombre en la Legislaci\u00f3n Chilena Lilian C. San Mart\u00edn Neira La gestaci\u00f3n por subrogaci\u00f3n en Chile y Am\u00e9rica Latina Fabiola Lathrop G\u00f3mez Regulaci\u00f3n de la filiaci\u00f3n en Chile. Incidencia de la Ley N\u00ba 21.400, panorama actual y desaf\u00edos pendientes Rommy Alvarez Escudero Formas de determinaci\u00f3n legal de la filiaci\u00f3n, identidad de g\u00e9nero y matrimonio homosexual. Algunas inconsistencias en el derecho chileno Sebasti\u00e1n Nicol\u00e1s Campos Micin El derecho a la identidad y la filiaci\u00f3n m\u00faltiple del ni\u00f1o, ni\u00f1a y adolescente Katherine Liliana Leiva Salinas &#8211; Ignacia Bel\u00e9n Vergara Caroca El rol de la voluntad en la determinaci\u00f3n de la filiaci\u00f3n en Chile Susan Turner Saelzer PARTE CUARTA DERECHO MATRIMONIAL Matrimonio igualitario. Justificaci\u00f3n o inconsistencia de la subsistencia de dos estatutos diferenciados para la pareja en el derecho civil chileno, a la luz del predominio de la afectividad como fundamento com\u00fan Jorge del Pic\u00f3 Rubio \u00bfCu\u00e1les deben ser los l\u00edmites a la hora de configurar jur\u00eddicamente la convivencia de hecho luego de la promulgaci\u00f3n de Ley de AUC y el matrimonio igualitario? Laura Albornoz Pollmann \u00bfTendr\u00e1 la homosexualidad alguna incidencia en sede de ineficacia jur\u00eddica del matrimonio? Una tematizaci\u00f3n a partir de las reformas introducidas por las leyes N\u00bas. 21.367 y 21.400 Nicol\u00e1s Malla Castell\u00f3 Identidad de g\u00e9nero, matrimonio igualitario y la terminaci\u00f3n del v\u00ednculo: algunas notas derivadas de la reforma que la Ley N\u00ba 21.400 introdujo al procedimiento de terminaci\u00f3n matrimonial Emilio Jos\u00e9 B\u00e9car Labra\u00f1a La adquisici\u00f3n de inmuebles por la mujer casada en sociedad conyugal mediante subsidio habitacional Yasna Ot\u00e1rola Espinoza La cesi\u00f3n de los derechos hereditarios de la mujer casada en sociedad conyugal. Problemas pasados y presentes David Cuba Abarca Remedios frente al incumplimiento de las limitaciones convencionales a las facultades administrativas del marido casado<\/p>\n","protected":false},"featured_media":4405,"comment_status":"open","ping_status":"closed","template":"","meta":{"inline_featured_image":false,"_joinchat":[]},"product_brand":[],"product_cat":[29,42],"product_tag":[],"class_list":{"0":"post-4375","1":"product","2":"type-product","3":"status-publish","4":"has-post-thumbnail","6":"product_cat-familia-y-del-menor","7":"product_cat-thomson-reuters","8":"product_shipping_class-a-convenir","10":"first","11":"instock","12":"shipping-taxable","13":"purchasable","14":"product-type-simple"},"_links":{"self":[{"href":"https:\/\/bibliotecajuridicavirtual.cl\/index.php\/wp-json\/wp\/v2\/product\/4375","targetHints":{"allow":["GET"]}}],"collection":[{"href":"https:\/\/bibliotecajuridicavirtual.cl\/index.php\/wp-json\/wp\/v2\/product"}],"about":[{"href":"https:\/\/bibliotecajuridicavirtual.cl\/index.php\/wp-json\/wp\/v2\/types\/product"}],"replies":[{"embeddable":true,"href":"https:\/\/bibliotecajuridicavirtual.cl\/index.php\/wp-json\/wp\/v2\/comments?post=4375"}],"wp:featuredmedia":[{"embeddable":true,"href":"https:\/\/bibliotecajuridicavirtual.cl\/index.php\/wp-json\/wp\/v2\/media\/4405"}],"wp:attachment":[{"href":"https:\/\/bibliotecajuridicavirtual.cl\/index.php\/wp-json\/wp\/v2\/media?parent=4375"}],"wp:term":[{"taxonomy":"product_brand","embeddable":true,"href":"https:\/\/bibliotecajuridicavirtual.cl\/index.php\/wp-json\/wp\/v2\/product_brand?post=4375"},{"taxonomy":"product_cat","embeddable":true,"href":"https:\/\/bibliotecajuridicavirtual.cl\/index.php\/wp-json\/wp\/v2\/product_cat?post=4375"},{"taxonomy":"product_tag","embeddable":true,"href":"https:\/\/bibliotecajuridicavirtual.cl\/index.php\/wp-json\/wp\/v2\/product_tag?post=4375"}],"curies":[{"name":"wp","href":"https:\/\/api.w.org\/{rel}","templated":true}]}}