{"id":5233,"date":"2026-03-11T18:24:25","date_gmt":"2026-03-11T21:24:25","guid":{"rendered":"https:\/\/bibliotecajuridicavirtual.cl\/?post_type=product&#038;p=5233"},"modified":"2026-03-11T18:25:06","modified_gmt":"2026-03-11T21:25:06","slug":"estudios-sobre-responsabilidad-civil-ii-el-dano-juridicamente-relevante-pamela-prado-lopez-edicion-ano-2026-358-pag","status":"publish","type":"product","link":"https:\/\/bibliotecajuridicavirtual.cl\/index.php\/product\/estudios-sobre-responsabilidad-civil-ii-el-dano-juridicamente-relevante-pamela-prado-lopez-edicion-ano-2026-358-pag\/","title":{"rendered":"Estudios Sobre Responsabilidad Civil II, El Da\u00f1o Jur\u00eddicamente Relevante * Pamela Prado L\u00f3pez &#8211; edici\u00f3n a\u00f1o 2026 * 358 P\u00e1g."},"content":{"rendered":"<p>Esta obra contiene las ponencias presentadas por acad\u00e9micos y acad\u00e9micas, miembros del Instituto Chileno de Responsabilidad Civil, durante su seminario anual, correspondiente al a\u00f1o 2024, organizado por la Facultad de Derecho de la Universidad de Valpara\u00edso. El tema central es el da\u00f1o jur\u00eddicamente relevante, t\u00f3pico que es abordado desde distintas vertientes, como sus concepciones, requisitos, manifestaciones y nuevas expresiones. El da\u00f1o constituye uno de los elementos centrales de la responsabilidad civil, por lo que este estudio, sin duda, contribuir\u00e1 a la academia y a los operadores jur\u00eddicos.<\/p>\n<p>\u00cdndice<\/p>\n<p>Prefacio\u00a0\u00a0 \u00a09<br \/>\nPamela Prado L\u00f3pez<br \/>\nCAP\u00cdTULO I: ASPECTOS GENERALES DEL DA\u00d1O<br \/>\nEl da\u00f1o jur\u00eddicamente relevante\u00a0\u00a0 \u00a019<br \/>\nEdgar Cort\u00e9s Moncayo<br \/>\nLa legitimidad del inter\u00e9s como requisito del da\u00f1o \u00a0\u00a0 \u00a047<br \/>\nLilian San Mart\u00edn Neira<br \/>\nLo que no constituye un da\u00f1o indemnizable en la responsabilidad civil extracontractual \u00a0\u00a0 \u00a071<br \/>\nCarlos C\u00e9spedes Mu\u00f1oz<br \/>\n\u00bfEs necesario incluir consideraciones de justicia distributiva en el derecho<br \/>\nde da\u00f1os?\u00a0\u00a0 \u00a0103<br \/>\nJoaqu\u00edn Reyes Barros<br \/>\nLa incidencia del tiempo en el quantum indemnizatorio, un ejercicio<br \/>\nde sistematizaci\u00f3n\u00a0\u00a0 \u00a0121<br \/>\nRenzo Munita Marambio Luis L\u00f3pez Fuentes<br \/>\nEl lucro cesante derivado de lesiones corporales o muerte en la \u00a0jurisprudencia reciente de la Corte Suprema (2022-2023)\u00a0\u00a0 \u00a0143<br \/>\nMar\u00eda Paz Gatica Rodr\u00edguez<br \/>\nLos criterios de determinaci\u00f3n del lucro cesante por repercusi\u00f3n en las \u00faltimas sentencias de la Corte Suprema. Certezas y vacilaciones\u00a0\u00a0 \u00a0167<br \/>\nFabi\u00e1n Elorriaga De Bonis*<br \/>\n8\u00a0\u00a0 \u00a0\u00cdndice<br \/>\nEl da\u00f1o en las sentencias con reserva de condena. El requisito de su existencia en la reciente jurisprudencia de la Corte Suprema chilena\u00a0\u00a0 \u00a0175<br \/>\nRodrigo Fuentes Gu\u00ed\u00f1ez<br \/>\nLa regla de reducci\u00f3n de la indemnizaci\u00f3n por capacidad del demandado\u00a0\u00a0 \u00a0199<br \/>\nAlberto Pino Emhart<br \/>\nEl concepto de da\u00f1o en el Derecho civil alem\u00e1n\u00a0\u00a0 \u00a0217<br \/>\nCarolina Riveros Ferrada<br \/>\nCAP\u00cdTULO II:<br \/>\nEL DA\u00d1O EN SECTORES ESPECIALES DE LA RESPONSABILIDAD CIVIL<br \/>\nEl problema del concepto del da\u00f1o frente a personas que no tienen conciencia del da\u00f1o\u00a0\u00a0 \u00a0227<br \/>\nCristi\u00e1n Eduardo Aedo Barrena<br \/>\nEl da\u00f1o gen\u00e9tico: noci\u00f3n y utilidad en el derecho de da\u00f1os chileno\u00a0\u00a0 \u00a0257<br \/>\nPatricia L\u00f3pez D\u00edaz<br \/>\nLa situaci\u00f3n del dolor emocional en el da\u00f1o, a la luz del derecho chileno: algunas reflexiones\u00a0\u00a0 \u00a0283<br \/>\nPamela Prado L\u00f3pez<br \/>\nLesiones causadas a un animal: sobre el contorno del da\u00f1o resarcible\u00a0\u00a0 \u00a0305<br \/>\nGian Franco Rosso Elorriaga<br \/>\nAplicabilidad del da\u00f1o al proyecto de vida en casos de responsabilidad m\u00e9dica y sanitaria y su distinci\u00f3n de da\u00f1o moral\u00a0\u00a0 \u00a0333<br \/>\nEdison Calahorrano Latorre<br \/>\nLos da\u00f1os en la prestaci\u00f3n y la garant\u00eda legal\u00a0\u00a0 \u00a0349<\/p>\n<p>Erika Isler Soto<\/p>\n<p>&nbsp;<\/p>\n<p>&nbsp;<\/p>\n<p>&nbsp;<\/p>\n","protected":false},"excerpt":{"rendered":"<p>Buscas un libro Jur\u00eddico.? Lo puedes encontrar en nuestra tienda virtual.<br \/>\nContamos con prestigiosos autores y muchas alternativas en sus diferentes materias al igual que grandes descuentos.! Vis\u00edtanos en <a class=\"qmOviVSKHdfjPoPzjCEZADbmmGVgWsdloE \" tabindex=\"0\" href=\"https:\/\/lnkd.in\/eiAG7jdZ\" target=\"_blank\" rel=\"noopener\" data-test-app-aware-link=\"\">https:\/\/lnkd.in\/eiAG7jdZ<\/a><br \/>\nEscr\u00edbenos al +56930565235 \/ <a class=\"qmOviVSKHdfjPoPzjCEZADbmmGVgWsdloE \" tabindex=\"0\" href=\"mailto:ventaslegallexglobal@gmail.com\" target=\"_self\" data-test-app-aware-link=\"\">ventaslegallexglobal@gmail.com<\/a><br \/>\nHacemos env\u00edos a todo Chile \u2013 Starken o Correos Chile \/ Te esperamos.<\/p>\n<p>&nbsp;<\/p>\n<p>&nbsp;<\/p>\n<p>&nbsp;<\/p>\n","protected":false},"featured_media":5234,"comment_status":"open","ping_status":"closed","template":"","meta":{"inline_featured_image":false,"_joinchat":[]},"product_brand":[],"product_cat":[27,26],"product_tag":[],"class_list":{"0":"post-5233","1":"product","2":"type-product","3":"status-publish","4":"has-post-thumbnail","6":"product_cat-civil","7":"product_cat-derecho","9":"first","10":"instock","11":"shipping-taxable","12":"purchasable","13":"product-type-simple"},"_links":{"self":[{"href":"https:\/\/bibliotecajuridicavirtual.cl\/index.php\/wp-json\/wp\/v2\/product\/5233","targetHints":{"allow":["GET"]}}],"collection":[{"href":"https:\/\/bibliotecajuridicavirtual.cl\/index.php\/wp-json\/wp\/v2\/product"}],"about":[{"href":"https:\/\/bibliotecajuridicavirtual.cl\/index.php\/wp-json\/wp\/v2\/types\/product"}],"replies":[{"embeddable":true,"href":"https:\/\/bibliotecajuridicavirtual.cl\/index.php\/wp-json\/wp\/v2\/comments?post=5233"}],"wp:featuredmedia":[{"embeddable":true,"href":"https:\/\/bibliotecajuridicavirtual.cl\/index.php\/wp-json\/wp\/v2\/media\/5234"}],"wp:attachment":[{"href":"https:\/\/bibliotecajuridicavirtual.cl\/index.php\/wp-json\/wp\/v2\/media?parent=5233"}],"wp:term":[{"taxonomy":"product_brand","embeddable":true,"href":"https:\/\/bibliotecajuridicavirtual.cl\/index.php\/wp-json\/wp\/v2\/product_brand?post=5233"},{"taxonomy":"product_cat","embeddable":true,"href":"https:\/\/bibliotecajuridicavirtual.cl\/index.php\/wp-json\/wp\/v2\/product_cat?post=5233"},{"taxonomy":"product_tag","embeddable":true,"href":"https:\/\/bibliotecajuridicavirtual.cl\/index.php\/wp-json\/wp\/v2\/product_tag?post=5233"}],"curies":[{"name":"wp","href":"https:\/\/api.w.org\/{rel}","templated":true}]}}