{"id":5262,"date":"2026-03-15T17:56:26","date_gmt":"2026-03-15T20:56:26","guid":{"rendered":"https:\/\/bibliotecajuridicavirtual.cl\/?post_type=product&#038;p=5262"},"modified":"2026-03-18T00:27:35","modified_gmt":"2026-03-18T03:27:35","slug":"el-principio-de-reparacion-integral-del-dano-en-sus-contornos-actuales-carmen-dominguez-hidalgo-ano-2019","status":"publish","type":"product","link":"https:\/\/bibliotecajuridicavirtual.cl\/index.php\/product\/el-principio-de-reparacion-integral-del-dano-en-sus-contornos-actuales-carmen-dominguez-hidalgo-ano-2019\/","title":{"rendered":"El Principio de Reparaci\u00f3n Integral del Da\u00f1o en sus Contornos Actuales * Carmen Dom\u00ednguez Hidalgo &#8211; a\u00f1o 2019"},"content":{"rendered":"<p>El primer cap\u00edtulo del libro se re\u00bfere al marco general en el cual se inscribe el principio, que es el de la responsabilidad civil. A esos efectos, se analizan los principios de responsabilidad civil en el derecho chileno, la evoluci\u00f3n de la responsabilidad civil en el derecho franc\u00e9s, los or\u00edgenes y fundamentos del principio de reparaci\u00f3n integral del da\u00f1o en los derechos chileno y franc\u00e9s, entre otros.<\/p>\n<p>El segundo cap\u00edtulo se centra en el contenido del principio y su exacta dimensi\u00f3n. Se analiza la complejidad de la noci\u00f3n, las proyecciones concretas en materia de da\u00f1o moral, as\u00ed como tambi\u00e9n los requisitos generales necesarios para obtener una indemnizaci\u00f3n \u00edntegra, examinando las modalidades de reparaci\u00f3n y su evaluaci\u00f3n, las divergencias en cuanto al alcance y en cuanto al objeto. Se incorpora, para analizar este apartado, el an\u00e1lisis de dos perjuicios particulares: el da\u00f1o corporal -que es como denomina la doctrina europea al que incide en la integridad f\u00edsica y ps\u00edquica de la persona-, particularmente en su evoluci\u00f3n en Francia, y el lucro cesante, con las tensiones y problemas que genera su reparaci\u00f3n.<\/p>\n<p>En el tercer cap\u00edtulo se analizan los l\u00edmites que este principio admite en todos los sistemas que lo reconocen. Se plantean tambi\u00e9n posibles limitaciones derivadas de desarrollos dogm\u00e1ticos m\u00e1s recientes y, por lo mismo, debatidos o no reconocidos en todos los sistemas en estudio, tales como el deber de mitigar los da\u00f1os de la v\u00edctima o el principio de precauci\u00f3n. Se incluye tambi\u00e9n extensa reflexi\u00f3n sobre los topes o baremos que, como es sabido, presentan un debate importante en relaci\u00f3n con el principio en an\u00e1lisis, y el estudio de la reparaci\u00f3n convencional o cl\u00e1usula penal y su relaci\u00f3n con el principio en desarrollo.<\/p>\n<p>En el cuarto y \u00faltimo cap\u00edtulo se analiza y desarrolla el material obtenido del cuestionario elaborado en el marco del proyecto de investigaci\u00f3n, el cual fue enviado a especialistas, como ya se ha indicado. Luego se realiz\u00f3 una sistematizaci\u00f3n y actualizaci\u00f3n del cuestionario, y se invit\u00f3 a distintos profesores y expertos en responsabilidad civil de diversos pa\u00edses sudamericanos a contestarlo nuevamente, de forma que le introdujesen los ajustes que fuesen necesarios, dado el tiempo transcurrido. En este sentido, en primer lugar, se exponen las respuestas de los profesores latinoamericanos a todas las preguntas realizadas, para luego analizarlas desde una \u00f3ptica comparada, en que profesores franceses observan el derecho de su continente y lo contrastan con el latinoamericano, y profesores chilenos sintetizan las respuestas de ambas regiones y reflexionan sobre ellas.<\/p>\n<p><b><strong>CAP\u00cdTULO I<\/strong><\/b><br \/>\n<b><strong>RESPONSABILIDAD CIVIL Y PRINCIPIO DE REPARACI\u00d3N INTEGRAL<\/strong><\/b><\/p>\n<ol>\n<li><em>Los principios que informan la responsabilidad en el C\u00f3digo Civil: versi\u00f3n original y mirada del presente<\/em><br \/>\nCarmen Dom\u00ednguez Hidalgo<\/li>\n<li><em>Las evoluciones del derecho franc\u00e9s de la responsabilidad civil<\/em><br \/>\nGwena\u00eblle Durand-Pasquier<\/li>\n<li><em>El principio de reparaci\u00f3n integral confrontado con las funciones de la responsabilidad civil: origen, fundamento y valor constitucional<\/em><br \/>\nLaurence Clerc-Renaud<\/li>\n<li><em>Los derechos de la personalidad y el principio de reparaci\u00f3n integral del da\u00f1o<\/em><br \/>\nCarmen Dom\u00ednguez Hidalgo<\/li>\n<\/ol>\n<p><b><strong>CAP\u00cdTULO II<\/strong><\/b><br \/>\n<b><strong>CONTENIDO DEL PRINCIPIO<\/strong><\/b><\/p>\n<ol start=\"5\">\n<li><em>Contenido del principio de reparaci\u00f3n integral del da\u00f1o: algunas consecuencias, en especial para el da\u00f1o moral<\/em><br \/>\nCarmen Dom\u00ednguez Hidalgo<\/li>\n<li><em>El principio de reparaci\u00f3n integral del da\u00f1o y su proyecci\u00f3n en materia de da\u00f1o moral causado por afectaci\u00f3n al honor de la persona en Chile<\/em><br \/>\nCarmen Dom\u00ednguez Hidalgo<\/li>\n<li><em>La reparaci\u00f3n del da\u00f1o corporal<\/em><br \/>\nJulien Bourdoiseau<\/li>\n<li><em>El principio en relaci\u00f3n con el lucro cesante: tensiones<\/em><br \/>\nRam\u00f3n Dom\u00ednguez \u00c1guila<\/li>\n<\/ol>\n<p><b><strong>CAP\u00cdTULO III<\/strong><\/b><br \/>\n<b><strong>L\u00cdMITES DEL PRINCIPIO DE REPARACI\u00d3N INTEGRAL DEL DA\u00d1O<\/strong><\/b><\/p>\n<ol start=\"9\">\n<li><em>Los l\u00edmites al principio de reparaci\u00f3n integral<\/em><br \/>\nRam\u00f3n Dom\u00ednguez \u00c1guila<\/li>\n<li><em>El principio de reparaci\u00f3n integral del da\u00f1o, los baremos y los topes o l\u00edmites indemnizatorios<\/em><br \/>\nJavier Cer\u00f3n S\u00e1nchez<\/li>\n<li><em>El principio de reparaci\u00f3n integral y la valoraci\u00f3n del da\u00f1o moral: el baremo estad\u00edstico jurisprudencial chileno<\/em><br \/>\nFrancisco Rubio Varas<\/li>\n<li><em>Deber de minimizar los da\u00f1os de la v\u00edctima o del acreedor. An\u00e1lisis comparado<\/em><br \/>\nCarmen Dom\u00ednguez Hidalgo<\/li>\n<li><em>Aproximaciones al reconocimiento de la carga de mitigar el da\u00f1o en el derecho chileno<\/em><br \/>\nOrlando Palominos Aravena<\/li>\n<li><em>Principio de reparaci\u00f3n integral y principio de precauci\u00f3n<\/em><br \/>\nRam\u00f3n Dom\u00ednguez \u00c1guila<\/li>\n<li><em>La reparaci\u00f3n convencional o cl\u00e1usula penal y el principio de la reparaci\u00f3n integral del da\u00f1o<\/em><br \/>\nBruno Caprile Biermann<\/li>\n<\/ol>\n<p><b><strong>CAP\u00cdTULO IV<\/strong><\/b><br \/>\n<b><strong>CONTORNOS TE\u00d3RICOS Y PR\u00c1CTICOS: AN\u00c1LISIS GENERAL DE LOS PRINCIPIOS QUE RIGEN EN CHILE Y EN EL DERECHO LATINOAMERICANO Y EUROPEO<\/strong><\/b><\/p>\n<ol start=\"16\">\n<li><em>El principio de reparaci\u00f3n integral del da\u00f1o en su recepci\u00f3n pr\u00e1ctica. Exposici\u00f3n de las respuestas latinoamericanas a cuestionario sobre el principio de reparaci\u00f3n integral del da\u00f1o<\/em><\/li>\n<li><em>S\u00edntesis general del reconocimiento y aplicaci\u00f3n del principio en los derechos europeos: an\u00e1lisis de las respuestas al cuestionario sobre reparaci\u00f3n integral del da\u00f1o<\/em><br \/>\nPhilippe Brun y Philippe Pierre<\/li>\n<li><em>Presentaci\u00f3n general de los principios admitidos en Latinoam\u00e9rica y Europa: an\u00e1lisis de las respuestas europeas y latinoamericanas<\/em><br \/>\nCarmen Dom\u00ednguez Hidalgo<\/li>\n<li><em>Concepci\u00f3n general del principio de reparaci\u00f3n integral del da\u00f1o: an\u00e1lisis de las respuestas francesas y latinoamericanas<\/em><br \/>\nFabrice Leduc<\/li>\n<li><em>Aplicaci\u00f3n de la reparaci\u00f3n integral del da\u00f1o: an\u00e1lisis de las respuestas francesas y latinoamericanas<\/em><br \/>\nPhilippe Brun y Philippe Pierre<\/li>\n<li><em>Campo de aplicaci\u00f3n de la reparaci\u00f3n integral: situaci\u00f3n en el derecho chileno<\/em><br \/>\nCarmen Dom\u00ednguez Hidalgo<\/li>\n<li><em>Las modalidades y la evaluaci\u00f3n de la reparaci\u00f3n<\/em><br \/>\nRam\u00f3n Dom\u00ednguez \u00c1guila<\/li>\n<li><em>Conclusiones generales<\/em><br \/>\nDenis Mazeaud<\/li>\n<\/ol>\n","protected":false},"excerpt":{"rendered":"<p>N\u00b0 de P\u00e1ginas 528<\/p>\n<p>Buscas un libro Jur\u00eddico.? Lo puedes encontrar en nuestra tienda virtual.<br \/>\nContamos con prestigiosos autores y muchas alternativas en sus diferentes materias al igual que grandes descuentos.! Vis\u00edtanos en <a class=\"aAIDarVlJjjXEMUykBwFgJhXtzETCscLwRim \" tabindex=\"0\" href=\"https:\/\/lnkd.in\/eiAG7jdZ\" target=\"_blank\" rel=\"noopener\" data-test-app-aware-link=\"\">https:\/\/lnkd.in\/eiAG7jdZ<\/a><br \/>\nEscr\u00edbenos al +56930565235 \/ <a class=\"aAIDarVlJjjXEMUykBwFgJhXtzETCscLwRim \" tabindex=\"0\" href=\"mailto:ventaslegallexglobal@gmail.com\" target=\"_self\" data-test-app-aware-link=\"\">ventaslegallexglobal@gmail.com<\/a><br \/>\nHacemos env\u00edos a todo Chile \u2013 Starken o Correos Chile \/ Te esperamos.<\/p>\n","protected":false},"featured_media":5298,"comment_status":"open","ping_status":"closed","template":"","meta":{"inline_featured_image":false,"_joinchat":[]},"product_brand":[],"product_cat":[27,26],"product_tag":[],"class_list":{"0":"post-5262","1":"product","2":"type-product","3":"status-publish","4":"has-post-thumbnail","6":"product_cat-civil","7":"product_cat-derecho","9":"first","10":"instock","11":"shipping-taxable","12":"purchasable","13":"product-type-simple"},"_links":{"self":[{"href":"https:\/\/bibliotecajuridicavirtual.cl\/index.php\/wp-json\/wp\/v2\/product\/5262","targetHints":{"allow":["GET"]}}],"collection":[{"href":"https:\/\/bibliotecajuridicavirtual.cl\/index.php\/wp-json\/wp\/v2\/product"}],"about":[{"href":"https:\/\/bibliotecajuridicavirtual.cl\/index.php\/wp-json\/wp\/v2\/types\/product"}],"replies":[{"embeddable":true,"href":"https:\/\/bibliotecajuridicavirtual.cl\/index.php\/wp-json\/wp\/v2\/comments?post=5262"}],"wp:featuredmedia":[{"embeddable":true,"href":"https:\/\/bibliotecajuridicavirtual.cl\/index.php\/wp-json\/wp\/v2\/media\/5298"}],"wp:attachment":[{"href":"https:\/\/bibliotecajuridicavirtual.cl\/index.php\/wp-json\/wp\/v2\/media?parent=5262"}],"wp:term":[{"taxonomy":"product_brand","embeddable":true,"href":"https:\/\/bibliotecajuridicavirtual.cl\/index.php\/wp-json\/wp\/v2\/product_brand?post=5262"},{"taxonomy":"product_cat","embeddable":true,"href":"https:\/\/bibliotecajuridicavirtual.cl\/index.php\/wp-json\/wp\/v2\/product_cat?post=5262"},{"taxonomy":"product_tag","embeddable":true,"href":"https:\/\/bibliotecajuridicavirtual.cl\/index.php\/wp-json\/wp\/v2\/product_tag?post=5262"}],"curies":[{"name":"wp","href":"https:\/\/api.w.org\/{rel}","templated":true}]}}